{"id":9656,"date":"2021-05-20T14:01:50","date_gmt":"2021-05-20T14:01:50","guid":{"rendered":"https:\/\/nipe.eeg.uminho.pt\/proximos-eventos\/"},"modified":"2021-05-20T14:17:48","modified_gmt":"2021-05-20T14:17:48","slug":"forthcoming-events","status":"publish","type":"page","link":"https:\/\/nipe.eeg.uminho.pt\/en\/forthcoming-events\/","title":{"rendered":"Forthcoming events"},"content":{"rendered":"<div class=\"wpb-content-wrapper\"><p>[vc_row full_width=&#8221;stretch_row&#8221;][vc_column][vc_column_text]<div class=\"custom-header\" style=\"background-image: url(https:\/\/nipe.eeg.uminho.pt\/wp-content\/uploads\/2021\/05\/nipe-events.jpg)\"><div class=\"container\"><h1>Forthcoming events<\/h1><div><ul id=\"breadcrumbs\" class=\"breadcrumbs\"><li class=\"item-home\"><a class=\"bread-link bread-home\" href=\"https:\/\/nipe.eeg.uminho.pt\/en\/\" title=\"Homepage\">Homepage<\/a><\/li><\/ul><\/div><\/div><\/div>\n<p>[\/vc_column_text][\/vc_column][\/vc_row][vc_row el_class=&#8221;events-featured-next-container&#8221; css=&#8221;.vc_custom_1621520105281{margin-top: 70px !important;}&#8221;][vc_column el_class=&#8221;events-page-features-list&#8221;]<div id=\"ultimate-heading-464369f346a616a93\" class=\"uvc-heading ult-adjust-bottom-margin ultimate-heading-464369f346a616a93 uvc-6624 section-title\" data-hspacer=\"no_spacer\"  data-halign=\"left\" style=\"text-align:left\"><div class=\"uvc-heading-spacer no_spacer\" style=\"top\"><\/div><div class=\"uvc-main-heading ult-responsive\"  data-ultimate-target='.uvc-heading.ultimate-heading-464369f346a616a93 h2'  data-responsive-json-new='{\"font-size\":\"\",\"line-height\":\"\"}' ><h2 style=\"font-weight:normal;\">Forthcoming events<\/h2><\/div><\/div>[vc_column_text el_class=&#8221;events-list-box&#8221; css=&#8221;.vc_custom_1621520161012{margin-top: 40px !important;margin-bottom: 65px !important;}&#8221;]<div class=\"event-list-item\"><div class=\"event-list-item-image\"><img loading=\"lazy\" decoding=\"async\" width=\"150\" height=\"150\" src=\"https:\/\/nipe.eeg.uminho.pt\/wp-content\/uploads\/2025\/12\/joao-oliveira-150x150.jpg\" class=\"project-list-item-image wp-post-image\" alt=\"\" srcset=\"https:\/\/nipe.eeg.uminho.pt\/wp-content\/uploads\/2025\/12\/joao-oliveira-150x150.jpg 150w, https:\/\/nipe.eeg.uminho.pt\/wp-content\/uploads\/2025\/12\/joao-oliveira.jpg 200w\" sizes=\"auto, (max-width: 150px) 100vw, 150px\" \/><\/div><div class=\"event-list-item-content\"><a class=\"event-list-item-link\" href=\"https:\/\/nipe.eeg.uminho.pt\/en\/event\/nipe-seminar-to-be-announced-9\/\" title=\"NIPE Seminar | To be announced\"><div class=\"event-list-item-event\"><div class=\"event-list-item-agroup\"><div class=\"event-list-item-categories\"><span class=\"event-list-item-category seminars\">Seminars<\/span><\/div><span class=\"event-list-item-date\">06.05.2026 <bdi><\/bdi> 13:15<\/span><\/div><span class=\"event-plus seminars\"><\/span><\/div><div class=\"event-list-item-details\"><p class=\"event-list-item-speaker\">Jo\u00e3o Oliveira (Leibniz University Hannover)<\/p><h3 class=\"event-list-item-title\">NIPE Seminar | To be announced<\/h3><p class=\"event-list-item-location\">EEG | Room 1.02 &amp; online<\/p><\/div><\/a><\/div><\/div><div class=\"event-list-item\"><div class=\"event-list-item-image\"><img loading=\"lazy\" decoding=\"async\" width=\"150\" height=\"150\" src=\"https:\/\/nipe.eeg.uminho.pt\/wp-content\/uploads\/2025\/10\/robert-simmons-150x150.jpg\" class=\"project-list-item-image wp-post-image\" alt=\"\" \/><\/div><div class=\"event-list-item-content\"><a class=\"event-list-item-link\" href=\"https:\/\/nipe.eeg.uminho.pt\/en\/event\/nipe-seminar-to-be-announced-7\/\" title=\"NIPE Seminar | To be announced\"><div class=\"event-list-item-event\"><div class=\"event-list-item-agroup\"><div class=\"event-list-item-categories\"><span class=\"event-list-item-category seminars\">Seminars<\/span><\/div><span class=\"event-list-item-date\">13.05.2026 <bdi><\/bdi> 13:15<\/span><\/div><span class=\"event-plus seminars\"><\/span><\/div><div class=\"event-list-item-details\"><p class=\"event-list-item-speaker\">Robert Simmons (Lancaster University)<\/p><h3 class=\"event-list-item-title\">NIPE Seminar | To be announced<\/h3><p class=\"event-list-item-location\">EEG | Room 0.04 &amp; online<\/p><\/div><\/a><\/div><\/div><div class=\"event-list-item\"><div class=\"event-list-item-image\"><img loading=\"lazy\" decoding=\"async\" width=\"150\" height=\"150\" src=\"https:\/\/nipe.eeg.uminho.pt\/wp-content\/uploads\/2025\/12\/eduard-brull-150x150.jpg\" class=\"project-list-item-image wp-post-image\" alt=\"\" srcset=\"https:\/\/nipe.eeg.uminho.pt\/wp-content\/uploads\/2025\/12\/eduard-brull-150x150.jpg 150w, https:\/\/nipe.eeg.uminho.pt\/wp-content\/uploads\/2025\/12\/eduard-brull-300x300.jpg 300w, https:\/\/nipe.eeg.uminho.pt\/wp-content\/uploads\/2025\/12\/eduard-brull.jpg 525w\" sizes=\"auto, (max-width: 150px) 100vw, 150px\" \/><\/div><div class=\"event-list-item-content\"><a class=\"event-list-item-link\" href=\"https:\/\/nipe.eeg.uminho.pt\/en\/event\/nipe-seminar-to-be-announced-10\/\" title=\"NIPE Seminar | To be announced\"><div class=\"event-list-item-event\"><div class=\"event-list-item-agroup\"><div class=\"event-list-item-categories\"><span class=\"event-list-item-category seminars\">Seminars<\/span><\/div><span class=\"event-list-item-date\">20.05.2026 <bdi><\/bdi> 13:15<\/span><\/div><span class=\"event-plus seminars\"><\/span><\/div><div class=\"event-list-item-details\"><p class=\"event-list-item-speaker\">Eduard Br\u00fcll (ZEW \u2013 Leibniz Centre for European Economic Research)<\/p><h3 class=\"event-list-item-title\">NIPE Seminar | To be announced<\/h3><p class=\"event-list-item-location\">EEG | auditorium dst &amp; online<\/p><\/div><\/a><\/div><\/div><div class=\"event-list-item\"><div class=\"event-list-item-image\"><img loading=\"lazy\" decoding=\"async\" width=\"150\" height=\"150\" src=\"https:\/\/nipe.eeg.uminho.pt\/wp-content\/uploads\/2025\/12\/joao-jalles-150x150.jpg\" class=\"project-list-item-image wp-post-image\" alt=\"\" srcset=\"https:\/\/nipe.eeg.uminho.pt\/wp-content\/uploads\/2025\/12\/joao-jalles-150x150.jpg 150w, https:\/\/nipe.eeg.uminho.pt\/wp-content\/uploads\/2025\/12\/joao-jalles-300x300.jpg 300w, https:\/\/nipe.eeg.uminho.pt\/wp-content\/uploads\/2025\/12\/joao-jalles-1024x1024.jpg 1024w, https:\/\/nipe.eeg.uminho.pt\/wp-content\/uploads\/2025\/12\/joao-jalles.jpg 1080w\" sizes=\"auto, (max-width: 150px) 100vw, 150px\" \/><\/div><div class=\"event-list-item-content\"><a class=\"event-list-item-link\" href=\"https:\/\/nipe.eeg.uminho.pt\/en\/event\/nipe-seminar-to-be-announced-11\/\" title=\"NIPE Seminar | To be announced\"><div class=\"event-list-item-event\"><div class=\"event-list-item-agroup\"><div class=\"event-list-item-categories\"><span class=\"event-list-item-category seminars\">Seminars<\/span><\/div><span class=\"event-list-item-date\">03.06.2026 <bdi><\/bdi> 13:15<\/span><\/div><span class=\"event-plus seminars\"><\/span><\/div><div class=\"event-list-item-details\"><p class=\"event-list-item-speaker\">Jo\u00e3o Jalles (ISEG)<\/p><h3 class=\"event-list-item-title\">NIPE Seminar | To be announced<\/h3><p class=\"event-list-item-location\">EEG | Room 0.04 &amp; online<\/p><\/div><\/a><\/div><\/div><div class=\"event-list-item\"><div class=\"event-list-item-image\"><img loading=\"lazy\" decoding=\"async\" width=\"150\" height=\"150\" src=\"https:\/\/nipe.eeg.uminho.pt\/wp-content\/uploads\/2023\/01\/Banner-SS2026-150x150.jpg\" class=\"project-list-item-image wp-post-image\" alt=\"\" \/><\/div><div class=\"event-list-item-content\"><a class=\"event-list-item-link\" href=\"https:\/\/nipe.eeg.uminho.pt\/nipe-summer-school-2026\/\" title=\"21st Edition of NIPE Summer School &#8211; Ex Post And Ex Ante Methods For Program Evaluation\"><div class=\"event-list-item-event\"><div class=\"event-list-item-agroup\"><div class=\"event-list-item-categories\"><span class=\"event-list-item-category summer-school-en\">Summer School<\/span><\/div><span class=\"event-list-item-date\">29.06.2026 <bdi><\/bdi> 09:00<\/span><\/div><span class=\"event-plus summer-school-en\"><\/span><\/div><div class=\"event-list-item-details\"><p class=\"event-list-item-speaker\"><\/p><h3 class=\"event-list-item-title\">21st Edition of NIPE Summer School &#8211; Ex Post And Ex Ante Methods For Program Evaluation<\/h3><p class=\"event-list-item-location\">Campus de Gualtar | EEG<\/p><\/div><\/a><\/div><\/div>\n<p>[\/vc_column_text][\/vc_column][\/vc_row]<\/p>\n<\/div>","protected":false},"excerpt":{"rendered":"<p>[vc_row full_width=&#8221;stretch_row&#8221;][vc_column][vc_column_text] [\/vc_column_text][\/vc_column][\/vc_row][vc_row el_class=&#8221;events-featured-next-container&#8221; css=&#8221;.vc_custom_1621520105281{margin-top: 70px !important;}&#8221;][vc_column el_class=&#8221;events-page-features-list&#8221;][vc_column_text el_class=&#8221;events-list-box&#8221; css=&#8221;.vc_custom_1621520161012{margin-top: 40px !important;margin-bottom: 65px !important;}&#8221;] [\/vc_column_text][\/vc_column][\/vc_row]<\/p>\n","protected":false},"author":13,"featured_media":0,"parent":0,"menu_order":0,"comment_status":"closed","ping_status":"closed","template":"","meta":{"_acf_changed":false,"footnotes":""},"class_list":["post-9656","page","type-page","status-publish","hentry"],"acf":[],"yoast_head":"<!-- This site is optimized with the Yoast SEO plugin v25.8 - https:\/\/yoast.com\/wordpress\/plugins\/seo\/ -->\n<title>Forthcoming events - N\u00facleo de Investiga\u00e7\u00e3o em Pol\u00ed\u200bticas Econ\u00f3micas e Empresariais<\/title>\n<meta name=\"robots\" content=\"index, follow, max-snippet:-1, max-image-preview:large, max-video-preview:-1\" \/>\n<link rel=\"canonical\" href=\"https:\/\/nipe.eeg.uminho.pt\/en\/forthcoming-events\/\" \/>\n<meta property=\"og:locale\" content=\"en_US\" \/>\n<meta property=\"og:type\" content=\"article\" \/>\n<meta property=\"og:title\" content=\"Forthcoming events - N\u00facleo de Investiga\u00e7\u00e3o em Pol\u00ed\u200bticas Econ\u00f3micas e Empresariais\" \/>\n<meta property=\"og:description\" content=\"[vc_row full_width=&#8221;stretch_row&#8221;][vc_column][vc_column_text] [\/vc_column_text][\/vc_column][\/vc_row][vc_row el_class=&#8221;events-featured-next-container&#8221; css=&#8221;.vc_custom_1621520105281{margin-top: 70px !important;}&#8221;][vc_column el_class=&#8221;events-page-features-list&#8221;][vc_column_text el_class=&#8221;events-list-box&#8221; css=&#8221;.vc_custom_1621520161012{margin-top: 40px !important;margin-bottom: 65px !important;}&#8221;] [\/vc_column_text][\/vc_column][\/vc_row]\" \/>\n<meta property=\"og:url\" content=\"https:\/\/nipe.eeg.uminho.pt\/en\/forthcoming-events\/\" \/>\n<meta property=\"og:site_name\" content=\"N\u00facleo de Investiga\u00e7\u00e3o em Pol\u00ed\u200bticas Econ\u00f3micas e Empresariais\" \/>\n<meta property=\"article:modified_time\" content=\"2021-05-20T14:17:48+00:00\" \/>\n<meta name=\"twitter:card\" content=\"summary_large_image\" \/>\n<meta name=\"twitter:label1\" content=\"Est. reading time\" \/>\n\t<meta name=\"twitter:data1\" content=\"1 minute\" \/>\n<script type=\"application\/ld+json\" class=\"yoast-schema-graph\">{\"@context\":\"https:\/\/schema.org\",\"@graph\":[{\"@type\":\"WebPage\",\"@id\":\"https:\/\/nipe.eeg.uminho.pt\/en\/forthcoming-events\/\",\"url\":\"https:\/\/nipe.eeg.uminho.pt\/en\/forthcoming-events\/\",\"name\":\"Forthcoming events - N\u00facleo de Investiga\u00e7\u00e3o em Pol\u00ed\u200bticas Econ\u00f3micas e Empresariais\",\"isPartOf\":{\"@id\":\"https:\/\/nipe.eeg.uminho.pt\/en\/#website\"},\"datePublished\":\"2021-05-20T14:01:50+00:00\",\"dateModified\":\"2021-05-20T14:17:48+00:00\",\"breadcrumb\":{\"@id\":\"https:\/\/nipe.eeg.uminho.pt\/en\/forthcoming-events\/#breadcrumb\"},\"inLanguage\":\"en-US\",\"potentialAction\":[{\"@type\":\"ReadAction\",\"target\":[\"https:\/\/nipe.eeg.uminho.pt\/en\/forthcoming-events\/\"]}]},{\"@type\":\"BreadcrumbList\",\"@id\":\"https:\/\/nipe.eeg.uminho.pt\/en\/forthcoming-events\/#breadcrumb\",\"itemListElement\":[{\"@type\":\"ListItem\",\"position\":1,\"name\":\"In\u00edcio\",\"item\":\"https:\/\/nipe.eeg.uminho.pt\/en\/\"},{\"@type\":\"ListItem\",\"position\":2,\"name\":\"Forthcoming events\"}]},{\"@type\":\"WebSite\",\"@id\":\"https:\/\/nipe.eeg.uminho.pt\/en\/#website\",\"url\":\"https:\/\/nipe.eeg.uminho.pt\/en\/\",\"name\":\"N\u00facleo de Investiga\u00e7\u00e3o em Pol\u00ed\u200bticas Econ\u00f3micas e Empresariais\",\"description\":\"Escola de Economia e Gest\u00e3o da UMinho\",\"publisher\":{\"@id\":\"https:\/\/nipe.eeg.uminho.pt\/en\/#organization\"},\"potentialAction\":[{\"@type\":\"SearchAction\",\"target\":{\"@type\":\"EntryPoint\",\"urlTemplate\":\"https:\/\/nipe.eeg.uminho.pt\/en\/?s={search_term_string}\"},\"query-input\":{\"@type\":\"PropertyValueSpecification\",\"valueRequired\":true,\"valueName\":\"search_term_string\"}}],\"inLanguage\":\"en-US\"},{\"@type\":\"Organization\",\"@id\":\"https:\/\/nipe.eeg.uminho.pt\/en\/#organization\",\"name\":\"NIPE U.MINHO\",\"url\":\"https:\/\/nipe.eeg.uminho.pt\/en\/\",\"logo\":{\"@type\":\"ImageObject\",\"inLanguage\":\"en-US\",\"@id\":\"https:\/\/nipe.eeg.uminho.pt\/en\/#\/schema\/logo\/image\/\",\"url\":\"https:\/\/nipe.eeg.uminho.pt\/wp-content\/uploads\/2021\/02\/NIPE-logo-principal_hover_retina.jpg\",\"contentUrl\":\"https:\/\/nipe.eeg.uminho.pt\/wp-content\/uploads\/2021\/02\/NIPE-logo-principal_hover_retina.jpg\",\"width\":320,\"height\":320,\"caption\":\"NIPE U.MINHO\"},\"image\":{\"@id\":\"https:\/\/nipe.eeg.uminho.pt\/en\/#\/schema\/logo\/image\/\"}}]}<\/script>\n<!-- \/ Yoast SEO plugin. -->","yoast_head_json":{"title":"Forthcoming events - N\u00facleo de Investiga\u00e7\u00e3o em Pol\u00ed\u200bticas Econ\u00f3micas e Empresariais","robots":{"index":"index","follow":"follow","max-snippet":"max-snippet:-1","max-image-preview":"max-image-preview:large","max-video-preview":"max-video-preview:-1"},"canonical":"https:\/\/nipe.eeg.uminho.pt\/en\/forthcoming-events\/","og_locale":"en_US","og_type":"article","og_title":"Forthcoming events - N\u00facleo de Investiga\u00e7\u00e3o em Pol\u00ed\u200bticas Econ\u00f3micas e Empresariais","og_description":"[vc_row full_width=&#8221;stretch_row&#8221;][vc_column][vc_column_text] [\/vc_column_text][\/vc_column][\/vc_row][vc_row el_class=&#8221;events-featured-next-container&#8221; css=&#8221;.vc_custom_1621520105281{margin-top: 70px !important;}&#8221;][vc_column el_class=&#8221;events-page-features-list&#8221;][vc_column_text el_class=&#8221;events-list-box&#8221; css=&#8221;.vc_custom_1621520161012{margin-top: 40px !important;margin-bottom: 65px !important;}&#8221;] [\/vc_column_text][\/vc_column][\/vc_row]","og_url":"https:\/\/nipe.eeg.uminho.pt\/en\/forthcoming-events\/","og_site_name":"N\u00facleo de Investiga\u00e7\u00e3o em Pol\u00ed\u200bticas Econ\u00f3micas e Empresariais","article_modified_time":"2021-05-20T14:17:48+00:00","twitter_card":"summary_large_image","twitter_misc":{"Est. reading time":"1 minute"},"schema":{"@context":"https:\/\/schema.org","@graph":[{"@type":"WebPage","@id":"https:\/\/nipe.eeg.uminho.pt\/en\/forthcoming-events\/","url":"https:\/\/nipe.eeg.uminho.pt\/en\/forthcoming-events\/","name":"Forthcoming events - N\u00facleo de Investiga\u00e7\u00e3o em Pol\u00ed\u200bticas Econ\u00f3micas e Empresariais","isPartOf":{"@id":"https:\/\/nipe.eeg.uminho.pt\/en\/#website"},"datePublished":"2021-05-20T14:01:50+00:00","dateModified":"2021-05-20T14:17:48+00:00","breadcrumb":{"@id":"https:\/\/nipe.eeg.uminho.pt\/en\/forthcoming-events\/#breadcrumb"},"inLanguage":"en-US","potentialAction":[{"@type":"ReadAction","target":["https:\/\/nipe.eeg.uminho.pt\/en\/forthcoming-events\/"]}]},{"@type":"BreadcrumbList","@id":"https:\/\/nipe.eeg.uminho.pt\/en\/forthcoming-events\/#breadcrumb","itemListElement":[{"@type":"ListItem","position":1,"name":"In\u00edcio","item":"https:\/\/nipe.eeg.uminho.pt\/en\/"},{"@type":"ListItem","position":2,"name":"Forthcoming events"}]},{"@type":"WebSite","@id":"https:\/\/nipe.eeg.uminho.pt\/en\/#website","url":"https:\/\/nipe.eeg.uminho.pt\/en\/","name":"N\u00facleo de Investiga\u00e7\u00e3o em Pol\u00ed\u200bticas Econ\u00f3micas e Empresariais","description":"Escola de Economia e Gest\u00e3o da UMinho","publisher":{"@id":"https:\/\/nipe.eeg.uminho.pt\/en\/#organization"},"potentialAction":[{"@type":"SearchAction","target":{"@type":"EntryPoint","urlTemplate":"https:\/\/nipe.eeg.uminho.pt\/en\/?s={search_term_string}"},"query-input":{"@type":"PropertyValueSpecification","valueRequired":true,"valueName":"search_term_string"}}],"inLanguage":"en-US"},{"@type":"Organization","@id":"https:\/\/nipe.eeg.uminho.pt\/en\/#organization","name":"NIPE U.MINHO","url":"https:\/\/nipe.eeg.uminho.pt\/en\/","logo":{"@type":"ImageObject","inLanguage":"en-US","@id":"https:\/\/nipe.eeg.uminho.pt\/en\/#\/schema\/logo\/image\/","url":"https:\/\/nipe.eeg.uminho.pt\/wp-content\/uploads\/2021\/02\/NIPE-logo-principal_hover_retina.jpg","contentUrl":"https:\/\/nipe.eeg.uminho.pt\/wp-content\/uploads\/2021\/02\/NIPE-logo-principal_hover_retina.jpg","width":320,"height":320,"caption":"NIPE U.MINHO"},"image":{"@id":"https:\/\/nipe.eeg.uminho.pt\/en\/#\/schema\/logo\/image\/"}}]}},"_links":{"self":[{"href":"https:\/\/nipe.eeg.uminho.pt\/en\/wp-json\/wp\/v2\/pages\/9656","targetHints":{"allow":["GET"]}}],"collection":[{"href":"https:\/\/nipe.eeg.uminho.pt\/en\/wp-json\/wp\/v2\/pages"}],"about":[{"href":"https:\/\/nipe.eeg.uminho.pt\/en\/wp-json\/wp\/v2\/types\/page"}],"author":[{"embeddable":true,"href":"https:\/\/nipe.eeg.uminho.pt\/en\/wp-json\/wp\/v2\/users\/13"}],"replies":[{"embeddable":true,"href":"https:\/\/nipe.eeg.uminho.pt\/en\/wp-json\/wp\/v2\/comments?post=9656"}],"version-history":[{"count":2,"href":"https:\/\/nipe.eeg.uminho.pt\/en\/wp-json\/wp\/v2\/pages\/9656\/revisions"}],"predecessor-version":[{"id":9659,"href":"https:\/\/nipe.eeg.uminho.pt\/en\/wp-json\/wp\/v2\/pages\/9656\/revisions\/9659"}],"wp:attachment":[{"href":"https:\/\/nipe.eeg.uminho.pt\/en\/wp-json\/wp\/v2\/media?parent=9656"}],"curies":[{"name":"wp","href":"https:\/\/api.w.org\/{rel}","templated":true}]}}