{"id":7298,"date":"2020-11-16T12:13:09","date_gmt":"2020-11-16T12:13:09","guid":{"rendered":"http:\/\/nipe.eeg.uminho.pt\/?page_id=7298"},"modified":"2021-05-24T16:02:25","modified_gmt":"2021-05-24T16:02:25","slug":"events-en","status":"publish","type":"page","link":"https:\/\/nipe.eeg.uminho.pt\/en\/events-en\/","title":{"rendered":"Events"},"content":{"rendered":"<div class=\"wpb-content-wrapper\"><p>[vc_row full_width=&#8221;stretch_row&#8221; gap=&#8221;0&#8243;][vc_column][vc_column_text]<div class=\"custom-header\" style=\"background-image: url(https:\/\/nipe.eeg.uminho.pt\/wp-content\/uploads\/2021\/05\/nipe-events.jpg)\"><div class=\"container\"><h1>Events<\/h1><div><ul id=\"breadcrumbs\" class=\"breadcrumbs\"><li class=\"item-home\"><a class=\"bread-link bread-home\" href=\"https:\/\/nipe.eeg.uminho.pt\/en\/\" title=\"Homepage\">Homepage<\/a><\/li><\/ul><\/div><\/div><\/div>\n<p>[\/vc_column_text][\/vc_column][\/vc_row][vc_row el_class=&#8221;events-featured-next-container&#8221; css=&#8221;.vc_custom_1620746273684{margin-top: 70px !important;}&#8221;][vc_column enable_overlay=&#8221;yes&#8221; bg_position=&#8221;center center&#8221; el_class=&#8221;events-page-features-list&#8221;]<div id=\"ultimate-heading-203869f0d67bf2cfc\" class=\"uvc-heading ult-adjust-bottom-margin ultimate-heading-203869f0d67bf2cfc uvc-8148 section-title\" data-hspacer=\"no_spacer\"  data-halign=\"left\" style=\"text-align:left\"><div class=\"uvc-heading-spacer no_spacer\" style=\"top\"><\/div><div class=\"uvc-main-heading ult-responsive\"  data-ultimate-target='.uvc-heading.ultimate-heading-203869f0d67bf2cfc h2'  data-responsive-json-new='{\"font-size\":\"\",\"line-height\":\"\"}' ><h2 style=\"font-weight:normal;\">Forthcoming Events<\/h2><\/div><\/div>[vc_column_text el_class=&#8221;events-list-box&#8221; css=&#8221;.vc_custom_1621010660808{margin-top: 40px !important;margin-bottom: 65px !important;}&#8221;]<div class=\"event-list-item\"><div class=\"event-list-item-image\"><img loading=\"lazy\" decoding=\"async\" width=\"150\" height=\"150\" src=\"https:\/\/nipe.eeg.uminho.pt\/wp-content\/uploads\/2025\/10\/tony-berrada-150x150.png\" class=\"project-list-item-image wp-post-image\" alt=\"\" srcset=\"https:\/\/nipe.eeg.uminho.pt\/wp-content\/uploads\/2025\/10\/tony-berrada-150x150.png 150w, https:\/\/nipe.eeg.uminho.pt\/wp-content\/uploads\/2025\/10\/tony-berrada-300x300.png 300w, https:\/\/nipe.eeg.uminho.pt\/wp-content\/uploads\/2025\/10\/tony-berrada.png 600w\" sizes=\"auto, (max-width: 150px) 100vw, 150px\" \/><\/div><div class=\"event-list-item-content\"><a class=\"event-list-item-link\" href=\"https:\/\/nipe.eeg.uminho.pt\/en\/event\/nipe-seminar-to-be-announced-6\/\" title=\"NIPE Seminar | Investments and Asset Pricing in a World of Satisficing Agents\"><div class=\"event-list-item-event\"><div class=\"event-list-item-agroup\"><div class=\"event-list-item-categories\"><span class=\"event-list-item-category seminars\">Seminars<\/span><\/div><span class=\"event-list-item-date\">29.04.2026 <bdi><\/bdi> 13:15<\/span><\/div><span class=\"event-plus seminars\"><\/span><\/div><div class=\"event-list-item-details\"><p class=\"event-list-item-speaker\">Tony Berrada (Geneva Finance Research Institute)<\/p><h3 class=\"event-list-item-title\">NIPE Seminar | Investments and Asset Pricing in a World of Satisficing Agents<\/h3><p class=\"event-list-item-location\">EEG | Room 1.02 &amp; online<\/p><\/div><\/a><\/div><\/div><div class=\"event-list-item\"><div class=\"event-list-item-image\"><img loading=\"lazy\" decoding=\"async\" width=\"150\" height=\"150\" src=\"https:\/\/nipe.eeg.uminho.pt\/wp-content\/uploads\/2025\/12\/joao-oliveira-150x150.jpg\" class=\"project-list-item-image wp-post-image\" alt=\"\" srcset=\"https:\/\/nipe.eeg.uminho.pt\/wp-content\/uploads\/2025\/12\/joao-oliveira-150x150.jpg 150w, https:\/\/nipe.eeg.uminho.pt\/wp-content\/uploads\/2025\/12\/joao-oliveira.jpg 200w\" sizes=\"auto, (max-width: 150px) 100vw, 150px\" \/><\/div><div class=\"event-list-item-content\"><a class=\"event-list-item-link\" href=\"https:\/\/nipe.eeg.uminho.pt\/en\/event\/nipe-seminar-to-be-announced-9\/\" title=\"NIPE Seminar | To be announced\"><div class=\"event-list-item-event\"><div class=\"event-list-item-agroup\"><div class=\"event-list-item-categories\"><span class=\"event-list-item-category seminars\">Seminars<\/span><\/div><span class=\"event-list-item-date\">06.05.2026 <bdi><\/bdi> 13:15<\/span><\/div><span class=\"event-plus seminars\"><\/span><\/div><div class=\"event-list-item-details\"><p class=\"event-list-item-speaker\">Jo\u00e3o Oliveira (Leibniz University Hannover)<\/p><h3 class=\"event-list-item-title\">NIPE Seminar | To be announced<\/h3><p class=\"event-list-item-location\">EEG | Room 1.02 &amp; online<\/p><\/div><\/a><\/div><\/div><div class=\"event-list-item\"><div class=\"event-list-item-image\"><img loading=\"lazy\" decoding=\"async\" width=\"150\" height=\"150\" src=\"https:\/\/nipe.eeg.uminho.pt\/wp-content\/uploads\/2025\/10\/robert-simmons-150x150.jpg\" class=\"project-list-item-image wp-post-image\" alt=\"\" \/><\/div><div class=\"event-list-item-content\"><a class=\"event-list-item-link\" href=\"https:\/\/nipe.eeg.uminho.pt\/en\/event\/nipe-seminar-to-be-announced-7\/\" title=\"NIPE Seminar | To be announced\"><div class=\"event-list-item-event\"><div class=\"event-list-item-agroup\"><div class=\"event-list-item-categories\"><span class=\"event-list-item-category seminars\">Seminars<\/span><\/div><span class=\"event-list-item-date\">13.05.2026 <bdi><\/bdi> 13:15<\/span><\/div><span class=\"event-plus seminars\"><\/span><\/div><div class=\"event-list-item-details\"><p class=\"event-list-item-speaker\">Robert Simmons (Lancaster University)<\/p><h3 class=\"event-list-item-title\">NIPE Seminar | To be announced<\/h3><p class=\"event-list-item-location\">EEG | Room 0.04 &amp; online<\/p><\/div><\/a><\/div><\/div><div class=\"event-list-item\"><div class=\"event-list-item-image\"><img loading=\"lazy\" decoding=\"async\" width=\"150\" height=\"150\" src=\"https:\/\/nipe.eeg.uminho.pt\/wp-content\/uploads\/2025\/12\/eduard-brull-150x150.jpg\" class=\"project-list-item-image wp-post-image\" alt=\"\" srcset=\"https:\/\/nipe.eeg.uminho.pt\/wp-content\/uploads\/2025\/12\/eduard-brull-150x150.jpg 150w, https:\/\/nipe.eeg.uminho.pt\/wp-content\/uploads\/2025\/12\/eduard-brull-300x300.jpg 300w, https:\/\/nipe.eeg.uminho.pt\/wp-content\/uploads\/2025\/12\/eduard-brull.jpg 525w\" sizes=\"auto, (max-width: 150px) 100vw, 150px\" \/><\/div><div class=\"event-list-item-content\"><a class=\"event-list-item-link\" href=\"https:\/\/nipe.eeg.uminho.pt\/en\/event\/nipe-seminar-to-be-announced-10\/\" title=\"NIPE Seminar | To be announced\"><div class=\"event-list-item-event\"><div class=\"event-list-item-agroup\"><div class=\"event-list-item-categories\"><span class=\"event-list-item-category seminars\">Seminars<\/span><\/div><span class=\"event-list-item-date\">20.05.2026 <bdi><\/bdi> 13:15<\/span><\/div><span class=\"event-plus seminars\"><\/span><\/div><div class=\"event-list-item-details\"><p class=\"event-list-item-speaker\">Eduard Br\u00fcll (ZEW \u2013 Leibniz Centre for European Economic Research)<\/p><h3 class=\"event-list-item-title\">NIPE Seminar | To be announced<\/h3><p class=\"event-list-item-location\">EEG | auditorium dst &amp; online<\/p><\/div><\/a><\/div><\/div><div class=\"event-list-item\"><div class=\"event-list-item-image\"><img loading=\"lazy\" decoding=\"async\" width=\"150\" height=\"150\" src=\"https:\/\/nipe.eeg.uminho.pt\/wp-content\/uploads\/2025\/12\/joao-jalles-150x150.jpg\" class=\"project-list-item-image wp-post-image\" alt=\"\" srcset=\"https:\/\/nipe.eeg.uminho.pt\/wp-content\/uploads\/2025\/12\/joao-jalles-150x150.jpg 150w, https:\/\/nipe.eeg.uminho.pt\/wp-content\/uploads\/2025\/12\/joao-jalles-300x300.jpg 300w, https:\/\/nipe.eeg.uminho.pt\/wp-content\/uploads\/2025\/12\/joao-jalles-1024x1024.jpg 1024w, https:\/\/nipe.eeg.uminho.pt\/wp-content\/uploads\/2025\/12\/joao-jalles.jpg 1080w\" sizes=\"auto, (max-width: 150px) 100vw, 150px\" \/><\/div><div class=\"event-list-item-content\"><a class=\"event-list-item-link\" href=\"https:\/\/nipe.eeg.uminho.pt\/en\/event\/nipe-seminar-to-be-announced-11\/\" title=\"NIPE Seminar | To be announced\"><div class=\"event-list-item-event\"><div class=\"event-list-item-agroup\"><div class=\"event-list-item-categories\"><span class=\"event-list-item-category seminars\">Seminars<\/span><\/div><span class=\"event-list-item-date\">03.06.2026 <bdi><\/bdi> 13:15<\/span><\/div><span class=\"event-plus seminars\"><\/span><\/div><div class=\"event-list-item-details\"><p class=\"event-list-item-speaker\">Jo\u00e3o Jalles (ISEG)<\/p><h3 class=\"event-list-item-title\">NIPE Seminar | To be announced<\/h3><p class=\"event-list-item-location\">EEG | Room 0.04 &amp; online<\/p><\/div><\/a><\/div><\/div><div class=\"event-list-item\"><div class=\"event-list-item-image\"><img loading=\"lazy\" decoding=\"async\" width=\"150\" height=\"150\" src=\"https:\/\/nipe.eeg.uminho.pt\/wp-content\/uploads\/2023\/01\/Banner-SS2026-150x150.jpg\" class=\"project-list-item-image wp-post-image\" alt=\"\" \/><\/div><div class=\"event-list-item-content\"><a class=\"event-list-item-link\" href=\"https:\/\/nipe.eeg.uminho.pt\/nipe-summer-school-2026\/\" title=\"21st Edition of NIPE Summer School &#8211; Ex Post And Ex Ante Methods For Program Evaluation\"><div class=\"event-list-item-event\"><div class=\"event-list-item-agroup\"><div class=\"event-list-item-categories\"><span class=\"event-list-item-category summer-school-en\">Summer School<\/span><\/div><span class=\"event-list-item-date\">29.06.2026 <bdi><\/bdi> 09:00<\/span><\/div><span class=\"event-plus summer-school-en\"><\/span><\/div><div class=\"event-list-item-details\"><p class=\"event-list-item-speaker\"><\/p><h3 class=\"event-list-item-title\">21st Edition of NIPE Summer School &#8211; Ex Post And Ex Ante Methods For Program Evaluation<\/h3><p class=\"event-list-item-location\">Campus de Gualtar | EEG<\/p><\/div><\/a><\/div><\/div><div class=\"see-more-featured-events button-see-more\"><a class=\"btn-submit\" href=\"https:\/\/nipe.eeg.uminho.pt\/proximos-eventos\/\">See more<\/a><\/div>\n<p>[\/vc_column_text][\/vc_column][\/vc_row][vc_row full_width=&#8221;stretch_row&#8221;][vc_column][vc_column_text]<div class=\"search-container\"><div class=\"container search-inner-container\"><h2 class=\"search-box-title\">Events<\/h2><form role=\"search\" method=\"get\" class=\"search-form\" action=\"https:\/\/nipe.eeg.uminho.pt\"><label class=\"search-form-label\"><input type=\"search\" class=\"search-field\" value=\"\" name=\"s\"><\/label><input type=\"submit\" class=\"search-submit\" value=\"Search\"><\/form><\/form><div class=\"clean-search\"><button class=\"btn-clean-search btn-submit\">Clean<\/button><\/div><\/div><\/div>\n<p>[\/vc_column_text][\/vc_column][\/vc_row][vc_row responsive_css=&#8221;padding_bottom_large:20px|padding_bottom_medium:20px|padding_bottom_small:20px&#8221; css=&#8221;.vc_custom_1621259714043{margin-top: 80px !important;margin-bottom: 20px !important;}&#8221; el_class=&#8221;events-featured-previous-container&#8221;][vc_column]<div id=\"ultimate-heading-450469f0d67c1ee5e\" class=\"uvc-heading ult-adjust-bottom-margin ultimate-heading-450469f0d67c1ee5e uvc-2281 section-title\" data-hspacer=\"no_spacer\"  data-halign=\"left\" style=\"text-align:left\"><div class=\"uvc-heading-spacer no_spacer\" style=\"top\"><\/div><div class=\"uvc-main-heading ult-responsive\"  data-ultimate-target='.uvc-heading.ultimate-heading-450469f0d67c1ee5e h2'  data-responsive-json-new='{\"font-size\":\"\",\"line-height\":\"\"}' ><h2 style=\"font-weight:normal;\">Previous Events<\/h2><\/div><\/div>[vc_column_text]<div class=\"tabs tabs tabs-nav-filled ods-tabs tabs-nav-justified tabs-nav-items-bordered tabs-nav-active-filled tabs-content-filled pubtabs publications-tabs\"><ul class=\"nav tabs-nav\" role=\"tablist\"><li class=\"active\"><a href=\"seminars\" aria-expanded=\"true\" aria-controls=\"seminars\" role=\"tab\" data-toggle=\"tab\">Seminars<\/a><\/li><li><a href=\"brown-bag-seminars-en\" aria-expanded=\"false\" aria-controls=\"brown-bag-seminars-en\" role=\"tab\" data-toggle=\"tab\">Brown Bag Seminars<\/a><\/li><li><a href=\"summer-school-en\" aria-expanded=\"false\" aria-controls=\"summer-school-en\" role=\"tab\" data-toggle=\"tab\">Summer School<\/a><\/li><li><a href=\"research-training-en\" aria-expanded=\"false\" aria-controls=\"research-training-en\" role=\"tab\" data-toggle=\"tab\">Research Training<\/a><\/li><li><a href=\"conferences-and-workshops\" aria-expanded=\"false\" aria-controls=\"conferences-and-workshops\" role=\"tab\" data-toggle=\"tab\">Conferences and Workshops<\/a><\/li><\/ul><div class=\"tabs-content\"><div id=\"seminars\" role=\"tabpanel\" class=\"tabs-pane fade active in\"><div class=\"tabs tabs tabs-nav-side tabs-nav-shadowed tabs-nav-publication\"><ul class=\"nav tabs-nav\" role=\"tablist\"><li role=\"presentation\" class=\"active\"><a href=\"#events-seminars-2026\" aria-expanded=\"true\" aria-controls=\"events-seminars-2026\" role=\"tab\" data-toggle=\"tab\">2026<\/a><\/li><li role=\"presentation\"><a href=\"#events-seminars-2025\" aria-expanded=\"false\" aria-controls=\"events-seminars-2025\" role=\"tab\" data-toggle=\"tab\">2025<\/a><\/li><li role=\"presentation\"><a href=\"#events-seminars-2024\" aria-expanded=\"false\" aria-controls=\"events-seminars-2024\" role=\"tab\" data-toggle=\"tab\">2024<\/a><\/li><li role=\"presentation\"><a href=\"#events-seminars-2023\" aria-expanded=\"false\" aria-controls=\"events-seminars-2023\" role=\"tab\" data-toggle=\"tab\">2023<\/a><\/li><li role=\"presentation\"><a href=\"#events-seminars-2022\" aria-expanded=\"false\" aria-controls=\"events-seminars-2022\" role=\"tab\" data-toggle=\"tab\">2022<\/a><\/li><li role=\"presentation\"><a href=\"#events-seminars-2021\" aria-expanded=\"false\" aria-controls=\"events-seminars-2021\" role=\"tab\" data-toggle=\"tab\">2021<\/a><\/li><li role=\"presentation\"><a href=\"#events-seminars-2020\" aria-expanded=\"false\" aria-controls=\"events-seminars-2020\" role=\"tab\" data-toggle=\"tab\">2020<\/a><\/li><li role=\"presentation\"><a href=\"#events-seminars-2019\" aria-expanded=\"false\" aria-controls=\"events-seminars-2019\" role=\"tab\" data-toggle=\"tab\">2019<\/a><\/li><li role=\"presentation\"><a href=\"#events-seminars-2018\" aria-expanded=\"false\" aria-controls=\"events-seminars-2018\" role=\"tab\" data-toggle=\"tab\">2018<\/a><\/li><li role=\"presentation\"><a href=\"#events-seminars-2017\" aria-expanded=\"false\" aria-controls=\"events-seminars-2017\" role=\"tab\" data-toggle=\"tab\">2017<\/a><\/li><li role=\"presentation\"><a href=\"#events-seminars-2016\" aria-expanded=\"false\" aria-controls=\"events-seminars-2016\" role=\"tab\" data-toggle=\"tab\">2016<\/a><\/li><li role=\"presentation\"><a href=\"#events-seminars-2015\" aria-expanded=\"false\" aria-controls=\"events-seminars-2015\" role=\"tab\" data-toggle=\"tab\">2015<\/a><\/li><li role=\"presentation\"><a href=\"#events-seminars-2014\" aria-expanded=\"false\" aria-controls=\"events-seminars-2014\" role=\"tab\" data-toggle=\"tab\">2014<\/a><\/li><li role=\"presentation\"><a href=\"#events-seminars-2013\" aria-expanded=\"false\" aria-controls=\"events-seminars-2013\" role=\"tab\" data-toggle=\"tab\">2013<\/a><\/li><li role=\"presentation\"><a href=\"#events-seminars-2012\" aria-expanded=\"false\" aria-controls=\"events-seminars-2012\" role=\"tab\" data-toggle=\"tab\">2012<\/a><\/li><\/ul><div class=\"tabs-content inner-tab\"><div id=\"events-seminars-2026\" role=\"tabpanel\" class=\"tabs-pane fade active in\"><div class=\"publication-block event-block\"><div class=\"event-list-item\"><div class=\"event-list-item-image\"><img loading=\"lazy\" decoding=\"async\" width=\"150\" height=\"150\" src=\"https:\/\/nipe.eeg.uminho.pt\/wp-content\/uploads\/2025\/12\/pedro-luis_silva-150x150.png\" class=\"project-list-item-image wp-post-image\" alt=\"\" srcset=\"https:\/\/nipe.eeg.uminho.pt\/wp-content\/uploads\/2025\/12\/pedro-luis_silva-150x150.png 150w, https:\/\/nipe.eeg.uminho.pt\/wp-content\/uploads\/2025\/12\/pedro-luis_silva-300x300.png 300w, https:\/\/nipe.eeg.uminho.pt\/wp-content\/uploads\/2025\/12\/pedro-luis_silva.png 500w\" sizes=\"auto, (max-width: 150px) 100vw, 150px\" \/><\/div><div class=\"event-list-item-content\"><a class=\"event-list-item-link\" href=\"https:\/\/nipe.eeg.uminho.pt\/en\/event\/nipe-seminar-to-be-announced-8\/\" title=\"NIPE Seminar | Income-Based Affirmative Action, Take-up Rate, and University Enrollment\"><div class=\"event-list-item-event\"><div class=\"event-list-item-agroup\"><div class=\"event-list-item-categories\"><span class=\"event-list-item-category seminars\">Seminars<\/span><\/div><span class=\"event-list-item-date\">15.04.2026 <bdi><\/bdi> 13:15<\/span><\/div><span class=\"event-plus seminars\"><\/span><\/div><div class=\"event-list-item-details\"><p class=\"event-list-item-speaker\">Pedro Lu\u00eds Silva (Universitat Autonoma Barcelona)<\/p><h3 class=\"event-list-item-title\">NIPE Seminar | Income-Based Affirmative Action, Take-up Rate, and University Enrollment<\/h3><p class=\"event-list-item-location\">EEG | Room 0.04 &amp; online<\/p><\/div><\/a><\/div><\/div><\/div><div class=\"publication-block event-block\"><div class=\"event-list-item\"><div class=\"event-list-item-image\"><img loading=\"lazy\" decoding=\"async\" width=\"150\" height=\"150\" src=\"https:\/\/nipe.eeg.uminho.pt\/wp-content\/uploads\/2025\/10\/pedro-freitas-150x150.jpg\" class=\"project-list-item-image wp-post-image\" alt=\"\" \/><\/div><div class=\"event-list-item-content\"><a class=\"event-list-item-link\" href=\"https:\/\/nipe.eeg.uminho.pt\/en\/event\/nipe-seminar-to-be-announced-5\/\" title=\"NIPE Seminar | Best Friends Forever? Experimental Evidence on Peer Influence in Educational Choices\"><div class=\"event-list-item-event\"><div class=\"event-list-item-agroup\"><div class=\"event-list-item-categories\"><span class=\"event-list-item-category seminars\">Seminars<\/span><\/div><span class=\"event-list-item-date\">18.03.2026 <bdi><\/bdi> 13:15<\/span><\/div><span class=\"event-plus seminars\"><\/span><\/div><div class=\"event-list-item-details\"><p class=\"event-list-item-speaker\">Pedro Freitas (U Oxford &amp; NovaSBE)<\/p><h3 class=\"event-list-item-title\">NIPE Seminar | Best Friends Forever? Experimental Evidence on Peer Influence in Educational Choices<\/h3><p class=\"event-list-item-location\">EEG | Room 0.04 &amp; online<\/p><\/div><\/a><\/div><\/div><\/div><div class=\"publication-block event-block\"><div class=\"event-list-item\"><div class=\"event-list-item-image\"><img loading=\"lazy\" decoding=\"async\" width=\"150\" height=\"150\" src=\"https:\/\/nipe.eeg.uminho.pt\/wp-content\/uploads\/2025\/10\/jillian-rickley-150x150.jpg\" class=\"project-list-item-image wp-post-image\" alt=\"\" \/><\/div><div class=\"event-list-item-content\"><a class=\"event-list-item-link\" href=\"https:\/\/nipe.eeg.uminho.pt\/en\/event\/nipe-seminar-to-be-announced-4\/\" title=\"NIPE Seminar | More-than-human accessible tourism\"><div class=\"event-list-item-event\"><div class=\"event-list-item-agroup\"><div class=\"event-list-item-categories\"><span class=\"event-list-item-category seminars\">Seminars<\/span><\/div><span class=\"event-list-item-date\">25.02.2026 <bdi><\/bdi> 13:15<\/span><\/div><span class=\"event-plus seminars\"><\/span><\/div><div class=\"event-list-item-details\"><p class=\"event-list-item-speaker\">Jillian Rickley (Universitity of Nottingham)<\/p><h3 class=\"event-list-item-title\">NIPE Seminar | More-than-human accessible tourism<\/h3><p class=\"event-list-item-location\">EEG | Room 0.04 &amp; online<\/p><\/div><\/a><\/div><\/div><\/div><div class=\"publication-block event-block\"><div class=\"event-list-item\"><div class=\"event-list-item-image\"><img loading=\"lazy\" decoding=\"async\" width=\"150\" height=\"150\" src=\"https:\/\/nipe.eeg.uminho.pt\/wp-content\/uploads\/2025\/10\/antonio-martins-new-150x150.jpg\" class=\"project-list-item-image wp-post-image\" alt=\"\" srcset=\"https:\/\/nipe.eeg.uminho.pt\/wp-content\/uploads\/2025\/10\/antonio-martins-new-150x150.jpg 150w, https:\/\/nipe.eeg.uminho.pt\/wp-content\/uploads\/2025\/10\/antonio-martins-new.jpg 300w\" sizes=\"auto, (max-width: 150px) 100vw, 150px\" \/><\/div><div class=\"event-list-item-content\"><a class=\"event-list-item-link\" href=\"https:\/\/nipe.eeg.uminho.pt\/en\/event\/nipe-seminar-to-be-announced-3\/\" title=\"NIPE Seminar | Lending to Internet Strangers: Screening and Monitoring under Borrower Anonymity\"><div class=\"event-list-item-event\"><div class=\"event-list-item-agroup\"><div class=\"event-list-item-categories\"><span class=\"event-list-item-category seminars\">Seminars<\/span><\/div><span class=\"event-list-item-date\">21.01.2026 <bdi><\/bdi> 13:15<\/span><\/div><span class=\"event-plus seminars\"><\/span><\/div><div class=\"event-list-item-details\"><p class=\"event-list-item-speaker\">Ant\u00f3nio Martins (Cat\u00f3lica-Lisbon SBE)<\/p><h3 class=\"event-list-item-title\">NIPE Seminar | Lending to Internet Strangers: Screening and Monitoring under Borrower Anonymity<\/h3><p class=\"event-list-item-location\">EEG | Room 0.04 &amp; online<\/p><\/div><\/a><\/div><\/div><\/div><\/div><div id=\"events-seminars-2025\" role=\"tabpanel\" class=\"tabs-pane fade\"><div class=\"publication-block event-block\"><div class=\"event-list-item\"><div class=\"event-list-item-image\"><img loading=\"lazy\" decoding=\"async\" width=\"150\" height=\"150\" src=\"https:\/\/nipe.eeg.uminho.pt\/wp-content\/uploads\/2025\/12\/natalia_millan_acevedo-150x150.jpg\" class=\"project-list-item-image wp-post-image\" alt=\"\" srcset=\"https:\/\/nipe.eeg.uminho.pt\/wp-content\/uploads\/2025\/12\/natalia_millan_acevedo-150x150.jpg 150w, https:\/\/nipe.eeg.uminho.pt\/wp-content\/uploads\/2025\/12\/natalia_millan_acevedo-300x300.jpg 300w, https:\/\/nipe.eeg.uminho.pt\/wp-content\/uploads\/2025\/12\/natalia_millan_acevedo.jpg 500w\" sizes=\"auto, (max-width: 150px) 100vw, 150px\" \/><\/div><div class=\"event-list-item-content\"><a class=\"event-list-item-link\" href=\"https:\/\/nipe.eeg.uminho.pt\/en\/event\/nipe-cicp-seminar-universities-as-spaces-for-transformation-integrative-paradigms-neuroscience-and-ecosocial-transitions\/\" title=\"NIPE &amp; CICP Seminar | Universities as Spaces for Transformation: Integrative Paradigms, Neuroscience, and Ecosocial Transitions\"><div class=\"event-list-item-event\"><div class=\"event-list-item-agroup\"><div class=\"event-list-item-categories\"><span class=\"event-list-item-category seminars\">Seminars<\/span><\/div><span class=\"event-list-item-date\">18.12.2025 <bdi><\/bdi> 14:30<\/span><\/div><span class=\"event-plus seminars\"><\/span><\/div><div class=\"event-list-item-details\"><p class=\"event-list-item-speaker\">Natalia Mill\u00e1n Acevedo (Universidade Complutense de Madrid)<\/p><h3 class=\"event-list-item-title\">NIPE &amp; CICP Seminar | Universities as Spaces for Transformation: Integrative Paradigms, Neuroscience, and Ecosocial Transitions<\/h3><p class=\"event-list-item-location\">EEG | Room 1.33<\/p><\/div><\/a><\/div><\/div><\/div><div class=\"publication-block event-block\"><div class=\"event-list-item\"><div class=\"event-list-item-image\"><img loading=\"lazy\" decoding=\"async\" width=\"150\" height=\"150\" src=\"https:\/\/nipe.eeg.uminho.pt\/wp-content\/uploads\/2025\/12\/pedro-matos-150x150.jpg\" class=\"project-list-item-image wp-post-image\" alt=\"\" \/><\/div><div class=\"event-list-item-content\"><a class=\"event-list-item-link\" href=\"https:\/\/nipe.eeg.uminho.pt\/en\/event\/nipe-seminar-to-be-announced\/\" title=\"NIPE Seminar | The Green Transition: Evidence from Corporate Green Revenues\"><div class=\"event-list-item-event\"><div class=\"event-list-item-agroup\"><div class=\"event-list-item-categories\"><span class=\"event-list-item-category seminars\">Seminars<\/span><\/div><span class=\"event-list-item-date\">17.12.2025 <bdi><\/bdi> 13:15<\/span><\/div><span class=\"event-plus seminars\"><\/span><\/div><div class=\"event-list-item-details\"><p class=\"event-list-item-speaker\">Pedro Matos (University of Virginia)<\/p><h3 class=\"event-list-item-title\">NIPE Seminar | The Green Transition: Evidence from Corporate Green Revenues<\/h3><p class=\"event-list-item-location\">EEG | Room 0.04 &amp; online<\/p><\/div><\/a><\/div><\/div><\/div><div class=\"publication-block event-block\"><div class=\"event-list-item\"><div class=\"event-list-item-image\"><img loading=\"lazy\" decoding=\"async\" width=\"150\" height=\"150\" src=\"https:\/\/nipe.eeg.uminho.pt\/wp-content\/uploads\/2025\/10\/ana-rute-cardoso-150x150.png\" class=\"project-list-item-image wp-post-image\" alt=\"\" srcset=\"https:\/\/nipe.eeg.uminho.pt\/wp-content\/uploads\/2025\/10\/ana-rute-cardoso-150x150.png 150w, https:\/\/nipe.eeg.uminho.pt\/wp-content\/uploads\/2025\/10\/ana-rute-cardoso-300x300.png 300w, https:\/\/nipe.eeg.uminho.pt\/wp-content\/uploads\/2025\/10\/ana-rute-cardoso.png 420w\" sizes=\"auto, (max-width: 150px) 100vw, 150px\" \/><\/div><div class=\"event-list-item-content\"><a class=\"event-list-item-link\" href=\"https:\/\/nipe.eeg.uminho.pt\/en\/event\/nipe-seminar-to-be-announced-2\/\" title=\"NIPE Seminar | Impacts of Pharmacy Sector Reforms on the Labor Market for Pharmacists in Portugal\"><div class=\"event-list-item-event\"><div class=\"event-list-item-agroup\"><div class=\"event-list-item-categories\"><span class=\"event-list-item-category seminars\">Seminars<\/span><\/div><span class=\"event-list-item-date\">12.11.2025 <bdi><\/bdi> 13:15<\/span><\/div><span class=\"event-plus seminars\"><\/span><\/div><div class=\"event-list-item-details\"><p class=\"event-list-item-speaker\">Ana Rute Cardoso (Institute for Economic Analysis, Barcelona)<\/p><h3 class=\"event-list-item-title\">NIPE Seminar | Impacts of Pharmacy Sector Reforms on the Labor Market for Pharmacists in Portugal<\/h3><p class=\"event-list-item-location\">EEG | Room 0.04 &amp; online<\/p><\/div><\/a><\/div><\/div><\/div><div class=\"publication-block event-block\"><div class=\"event-list-item\"><div class=\"event-list-item-image\"><img loading=\"lazy\" decoding=\"async\" width=\"150\" height=\"150\" src=\"https:\/\/nipe.eeg.uminho.pt\/wp-content\/uploads\/2025\/09\/manuel_gonzalez_lopez-150x150.jpg\" class=\"project-list-item-image wp-post-image\" alt=\"\" srcset=\"https:\/\/nipe.eeg.uminho.pt\/wp-content\/uploads\/2025\/09\/manuel_gonzalez_lopez-150x150.jpg 150w, https:\/\/nipe.eeg.uminho.pt\/wp-content\/uploads\/2025\/09\/manuel_gonzalez_lopez.jpg 225w\" sizes=\"auto, (max-width: 150px) 100vw, 150px\" \/><\/div><div class=\"event-list-item-content\"><a class=\"event-list-item-link\" href=\"https:\/\/nipe.eeg.uminho.pt\/en\/event\/the-evolution-of-galician-innovation-policy-and-a-preliminary-assessment-of-ris3\/\" title=\"The Evolution of Galician Innovation Policy and a Preliminary Assessment of RIS3\"><div class=\"event-list-item-event\"><div class=\"event-list-item-agroup\"><div class=\"event-list-item-categories\"><span class=\"event-list-item-category seminars\">Seminars<\/span><\/div><span class=\"event-list-item-date\">01.10.2025 <bdi><\/bdi> 13:15<\/span><\/div><span class=\"event-plus seminars\"><\/span><\/div><div class=\"event-list-item-details\"><p class=\"event-list-item-speaker\">Manuel Gonz\u00e1lez L\u00f3pez (University of Santiago de Compostela)<\/p><h3 class=\"event-list-item-title\">The Evolution of Galician Innovation Policy and a Preliminary Assessment of RIS3<\/h3><p class=\"event-list-item-location\">EEG | Room 0.35 &amp; Online<\/p><\/div><\/a><\/div><\/div><\/div><div class=\"publication-block event-block\"><div class=\"event-list-item\"><div class=\"event-list-item-image\"><img loading=\"lazy\" decoding=\"async\" width=\"150\" height=\"150\" src=\"https:\/\/nipe.eeg.uminho.pt\/wp-content\/uploads\/2025\/09\/irene-mosca_site-150x150.png\" class=\"project-list-item-image wp-post-image\" alt=\"\" srcset=\"https:\/\/nipe.eeg.uminho.pt\/wp-content\/uploads\/2025\/09\/irene-mosca_site-150x150.png 150w, https:\/\/nipe.eeg.uminho.pt\/wp-content\/uploads\/2025\/09\/irene-mosca_site.png 225w\" sizes=\"auto, (max-width: 150px) 100vw, 150px\" \/><\/div><div class=\"event-list-item-content\"><a class=\"event-list-item-link\" href=\"https:\/\/nipe.eeg.uminho.pt\/en\/event\/impact-of-working-and-volunteering-on-the-mental-health-of-older-people\/\" title=\"Impact of Working and Volunteering on the Mental Health of Older People\"><div class=\"event-list-item-event\"><div class=\"event-list-item-agroup\"><div class=\"event-list-item-categories\"><span class=\"event-list-item-category seminars\">Seminars<\/span><\/div><span class=\"event-list-item-date\">17.09.2025 <bdi><\/bdi> 13:15<\/span><\/div><span class=\"event-plus seminars\"><\/span><\/div><div class=\"event-list-item-details\"><p class=\"event-list-item-speaker\">Irene Mosca (Maynooth University)<\/p><h3 class=\"event-list-item-title\">Impact of Working and Volunteering on the Mental Health of Older People<\/h3><p class=\"event-list-item-location\">Room 0.04 EEG &amp; Online<\/p><\/div><\/a><\/div><\/div><\/div><div class=\"publication-block event-block\"><div class=\"event-list-item\"><div class=\"event-list-item-image\"><img loading=\"lazy\" decoding=\"async\" width=\"150\" height=\"150\" src=\"https:\/\/nipe.eeg.uminho.pt\/wp-content\/uploads\/2024\/04\/Sem-titulo-150x150.jpg\" class=\"project-list-item-image wp-post-image\" alt=\"\" srcset=\"https:\/\/nipe.eeg.uminho.pt\/wp-content\/uploads\/2024\/04\/Sem-titulo-150x150.jpg 150w, https:\/\/nipe.eeg.uminho.pt\/wp-content\/uploads\/2024\/04\/Sem-titulo.jpg 225w\" sizes=\"auto, (max-width: 150px) 100vw, 150px\" \/><\/div><div class=\"event-list-item-content\"><a class=\"event-list-item-link\" href=\"https:\/\/nipe.eeg.uminho.pt\/en\/event\/nonparametric-rich-covariates-without-saturation\/\" title=\"Nonparametric \u201crich covariates\u201d without saturation\"><div class=\"event-list-item-event\"><div class=\"event-list-item-agroup\"><div class=\"event-list-item-categories\"><span class=\"event-list-item-category seminars\">Seminars<\/span><\/div><span class=\"event-list-item-date\">11.06.2025 <bdi><\/bdi> 13:15<\/span><\/div><span class=\"event-plus seminars\"><\/span><\/div><div class=\"event-list-item-details\"><p class=\"event-list-item-speaker\">Jo\u00e3o Santos (University of Surrey)<\/p><h3 class=\"event-list-item-title\">Nonparametric \u201crich covariates\u201d without saturation<\/h3><p class=\"event-list-item-location\">Room 0.04 EEG & Online<\/p><\/div><\/a><\/div><\/div><\/div><div class=\"publication-block event-block\"><div class=\"event-list-item\"><div class=\"event-list-item-image\"><img loading=\"lazy\" decoding=\"async\" width=\"150\" height=\"150\" src=\"https:\/\/nipe.eeg.uminho.pt\/wp-content\/uploads\/2024\/04\/28.05.2025-150x150.jpg\" class=\"project-list-item-image wp-post-image\" alt=\"\" \/><\/div><div class=\"event-list-item-content\"><a class=\"event-list-item-link\" href=\"https:\/\/nipe.eeg.uminho.pt\/en\/event\/learning-nothing-from-aggregated-news\/\" title=\"Learning nothing from aggregated news\"><div class=\"event-list-item-event\"><div class=\"event-list-item-agroup\"><div class=\"event-list-item-categories\"><span class=\"event-list-item-category seminars\">Seminars<\/span><\/div><span class=\"event-list-item-date\">28.05.2025 <bdi><\/bdi> 13:15<\/span><\/div><span class=\"event-plus seminars\"><\/span><\/div><div class=\"event-list-item-details\"><p class=\"event-list-item-speaker\">Paul Schweinzer (University of Klagenfurt)<\/p><h3 class=\"event-list-item-title\">Learning nothing from aggregated news<\/h3><p class=\"event-list-item-location\">Room 0.04 EEG & Online<\/p><\/div><\/a><\/div><\/div><\/div><div class=\"publication-block event-block\"><div class=\"event-list-item\"><div class=\"event-list-item-image\"><\/div><div class=\"event-list-item-content\"><a class=\"event-list-item-link\" href=\"https:\/\/nipe.eeg.uminho.pt\/en\/event\/to-be-announced-15\/\" title=\"To be announced\"><div class=\"event-list-item-event\"><div class=\"event-list-item-agroup\"><div class=\"event-list-item-categories\"><span class=\"event-list-item-category seminars\">Seminars<\/span><\/div><span class=\"event-list-item-date\">30.04.2025 <bdi><\/bdi> 13:15<\/span><\/div><span class=\"event-plus seminars\"><\/span><\/div><div class=\"event-list-item-details\"><p class=\"event-list-item-speaker\">Jo\u00e3o Santos (Federal Reserve Bank of New York)<\/p><h3 class=\"event-list-item-title\">To be announced<\/h3><p class=\"event-list-item-location\">Room 0.04 EEG & Online<\/p><\/div><\/a><\/div><\/div><\/div><div class=\"publication-block event-block\"><div class=\"event-list-item\"><div class=\"event-list-item-image\"><img loading=\"lazy\" decoding=\"async\" width=\"150\" height=\"150\" src=\"https:\/\/nipe.eeg.uminho.pt\/wp-content\/uploads\/2023\/08\/joao.santos-150x150.jpg\" class=\"project-list-item-image wp-post-image\" alt=\"\" srcset=\"https:\/\/nipe.eeg.uminho.pt\/wp-content\/uploads\/2023\/08\/joao.santos-150x150.jpg 150w, https:\/\/nipe.eeg.uminho.pt\/wp-content\/uploads\/2023\/08\/joao.santos-300x300.jpg 300w, https:\/\/nipe.eeg.uminho.pt\/wp-content\/uploads\/2023\/08\/joao.santos-1024x1024.jpg 1024w, https:\/\/nipe.eeg.uminho.pt\/wp-content\/uploads\/2023\/08\/joao.santos.jpg 1080w\" sizes=\"auto, (max-width: 150px) 100vw, 150px\" \/><\/div><div class=\"event-list-item-content\"><a class=\"event-list-item-link\" href=\"https:\/\/nipe.eeg.uminho.pt\/en\/event\/sailing-through-troubled-waters-evidence-from-the-apoiar-program\/\" title=\"Sailing through Troubled Waters: Evidence from the APOIAR Program\"><div class=\"event-list-item-event\"><div class=\"event-list-item-agroup\"><div class=\"event-list-item-categories\"><span class=\"event-list-item-category seminars\">Seminars<\/span><\/div><span class=\"event-list-item-date\">02.04.2025 <bdi><\/bdi> 13:15<\/span><\/div><span class=\"event-plus seminars\"><\/span><\/div><div class=\"event-list-item-details\"><p class=\"event-list-item-speaker\">Jo\u00e3o Pereira dos Santos (ISEG \u2013 University of Lisbon)<\/p><h3 class=\"event-list-item-title\">Sailing through Troubled Waters: Evidence from the APOIAR Program<\/h3><p class=\"event-list-item-location\">Room 1.33 EEG & Online<\/p><\/div><\/a><\/div><\/div><\/div><div class=\"publication-block event-block\"><div class=\"event-list-item\"><div class=\"event-list-item-image\"><img loading=\"lazy\" decoding=\"async\" width=\"150\" height=\"150\" src=\"https:\/\/nipe.eeg.uminho.pt\/wp-content\/uploads\/2023\/08\/Imagem1-150x150.jpg\" class=\"project-list-item-image wp-post-image\" alt=\"\" \/><\/div><div class=\"event-list-item-content\"><a class=\"event-list-item-link\" href=\"https:\/\/nipe.eeg.uminho.pt\/en\/event\/exploring-the-role-of-digital-innovation-and-economic-development-in-reducing-ecological-footprint-evidence-from-opec-countries\/\" title=\"Exploring the Role of Digital Innovation and Economic Development in Reducing Ecological Footprint: Evidence from OPEC Countries\"><div class=\"event-list-item-event\"><div class=\"event-list-item-agroup\"><div class=\"event-list-item-categories\"><span class=\"event-list-item-category seminars\">Seminars<\/span><\/div><span class=\"event-list-item-date\">26.03.2025 <bdi><\/bdi> 10:00<\/span><\/div><span class=\"event-plus seminars\"><\/span><\/div><div class=\"event-list-item-details\"><p class=\"event-list-item-speaker\">Saqib Muneer (University of Hail, KSA)<\/p><h3 class=\"event-list-item-title\">Exploring the Role of Digital Innovation and Economic Development in Reducing Ecological Footprint: Evidence from OPEC Countries<\/h3><p class=\"event-list-item-location\">Room 1.33 EEG & Online<\/p><\/div><\/a><\/div><\/div><\/div><div class=\"publication-block event-block\"><div class=\"event-list-item\"><div class=\"event-list-item-image\"><img loading=\"lazy\" decoding=\"async\" width=\"149\" height=\"150\" src=\"https:\/\/nipe.eeg.uminho.pt\/wp-content\/uploads\/2024\/04\/morrisliu-149x150.jpg\" class=\"project-list-item-image wp-post-image\" alt=\"\" \/><\/div><div class=\"event-list-item-content\"><a class=\"event-list-item-link\" href=\"https:\/\/nipe.eeg.uminho.pt\/en\/event\/accounting-and-big-data\/\" title=\"Accounting and Big Data\"><div class=\"event-list-item-event\"><div class=\"event-list-item-agroup\"><div class=\"event-list-item-categories\"><span class=\"event-list-item-category seminars\">Seminars<\/span><\/div><span class=\"event-list-item-date\">07.03.2025 <bdi><\/bdi> 15:30<\/span><\/div><span class=\"event-plus seminars\"><\/span><\/div><div class=\"event-list-item-details\"><p class=\"event-list-item-speaker\">Morris Liu (University of Macau)<\/p><h3 class=\"event-list-item-title\">Accounting and Big Data<\/h3><p class=\"event-list-item-location\">Room 1.13, CP2<\/p><\/div><\/a><\/div><\/div><\/div><div class=\"publication-block event-block\"><div class=\"event-list-item\"><div class=\"event-list-item-image\"><\/div><div class=\"event-list-item-content\"><a class=\"event-list-item-link\" href=\"https:\/\/nipe.eeg.uminho.pt\/en\/event\/inputs-and-productivity-in-portuguese-firms-a-comparative-analysis\/\" title=\"Inputs and Productivity in Portuguese Firms: A Comparative Analysis\"><div class=\"event-list-item-event\"><div class=\"event-list-item-agroup\"><div class=\"event-list-item-categories\"><span class=\"event-list-item-category seminars\">Seminars<\/span><\/div><span class=\"event-list-item-date\">28.02.2025 <bdi><\/bdi> 15:00<\/span><\/div><span class=\"event-plus seminars\"><\/span><\/div><div class=\"event-list-item-details\"><p class=\"event-list-item-speaker\">Jo\u00e3o Amador (BdP & Nova SBE)<\/p><h3 class=\"event-list-item-title\">Inputs and Productivity in Portuguese Firms: A Comparative Analysis<\/h3><p class=\"event-list-item-location\">Online<\/p><\/div><\/a><\/div><\/div><\/div><div class=\"publication-block event-block\"><div class=\"event-list-item\"><div class=\"event-list-item-image\"><\/div><div class=\"event-list-item-content\"><a class=\"event-list-item-link\" href=\"https:\/\/nipe.eeg.uminho.pt\/en\/event\/what-could-have-been-a-synthetic-control-evaluation-of-the-effect-of-the-economic-and-monetary-union-on-the-net-external-wealth-of-periphery-member-states\/\" title=\"What could have been? A synthetic control evaluation of the effect of the Economic and Monetary Union on the net external wealth of periphery member states\"><div class=\"event-list-item-event\"><div class=\"event-list-item-agroup\"><div class=\"event-list-item-categories\"><span class=\"event-list-item-category seminars\">Seminars<\/span><\/div><span class=\"event-list-item-date\">05.02.2025 <bdi><\/bdi> 13:15<\/span><\/div><span class=\"event-plus seminars\"><\/span><\/div><div class=\"event-list-item-details\"><p class=\"event-list-item-speaker\">Jo\u00e3o Alcobia (ISEG)<\/p><h3 class=\"event-list-item-title\">What could have been? A synthetic control evaluation of the effect of the Economic and Monetary Union on the net external wealth of periphery member states<\/h3><p class=\"event-list-item-location\">Room 1.33 EEG & Online<\/p><\/div><\/a><\/div><\/div><\/div><\/div><div id=\"events-seminars-2024\" role=\"tabpanel\" class=\"tabs-pane fade\"><div class=\"publication-block event-block\"><div class=\"event-list-item\"><div class=\"event-list-item-image\"><img loading=\"lazy\" decoding=\"async\" width=\"150\" height=\"150\" src=\"https:\/\/nipe.eeg.uminho.pt\/wp-content\/uploads\/2023\/06\/jjalles-1-150x150.jpg\" class=\"project-list-item-image wp-post-image\" alt=\"\" srcset=\"https:\/\/nipe.eeg.uminho.pt\/wp-content\/uploads\/2023\/06\/jjalles-1-150x150.jpg 150w, https:\/\/nipe.eeg.uminho.pt\/wp-content\/uploads\/2023\/06\/jjalles-1-300x300.jpg 300w, https:\/\/nipe.eeg.uminho.pt\/wp-content\/uploads\/2023\/06\/jjalles-1-1024x1024.jpg 1024w, https:\/\/nipe.eeg.uminho.pt\/wp-content\/uploads\/2023\/06\/jjalles-1.jpg 1080w\" sizes=\"auto, (max-width: 150px) 100vw, 150px\" \/><\/div><div class=\"event-list-item-content\"><a class=\"event-list-item-link\" href=\"https:\/\/nipe.eeg.uminho.pt\/en\/event\/revisiting-public-investment-multipliers-nonlinear-effects-of-the-business-cycle-fiscal-space-capital-stock-and-efficiency\/\" title=\"Revisiting Public Investment Multipliers: Nonlinear Effects of the Business Cycle, Fiscal Space, Capital Stock and Efficiency\"><div class=\"event-list-item-event\"><div class=\"event-list-item-agroup\"><div class=\"event-list-item-categories\"><span class=\"event-list-item-category seminars\">Seminars<\/span><\/div><span class=\"event-list-item-date\">04.12.2024 <bdi><\/bdi> 13:15<\/span><\/div><span class=\"event-plus seminars\"><\/span><\/div><div class=\"event-list-item-details\"><p class=\"event-list-item-speaker\">Jo\u00e3o Jalles (ISEG)<\/p><h3 class=\"event-list-item-title\">Revisiting Public Investment Multipliers: Nonlinear Effects of the Business Cycle, Fiscal Space, Capital Stock and Efficiency<\/h3><p class=\"event-list-item-location\">Online<\/p><\/div><\/a><\/div><\/div><\/div><div class=\"publication-block event-block\"><div class=\"event-list-item\"><div class=\"event-list-item-image\"><img loading=\"lazy\" decoding=\"async\" width=\"150\" height=\"150\" src=\"https:\/\/nipe.eeg.uminho.pt\/wp-content\/uploads\/2021\/05\/susana-martins-150x150.png\" class=\"project-list-item-image wp-post-image\" alt=\"\" \/><\/div><div class=\"event-list-item-content\"><a class=\"event-list-item-link\" href=\"https:\/\/nipe.eeg.uminho.pt\/en\/event\/novel-global-and-regional-risk-factors\/\" title=\"Novel global and regional risk factors\"><div class=\"event-list-item-event\"><div class=\"event-list-item-agroup\"><div class=\"event-list-item-categories\"><span class=\"event-list-item-category seminars\">Seminars<\/span><\/div><span class=\"event-list-item-date\">27.11.2024 <bdi><\/bdi> 13:15<\/span><\/div><span class=\"event-plus seminars\"><\/span><\/div><div class=\"event-list-item-details\"><p class=\"event-list-item-speaker\">Susana Campos Martins (University of Oxford)<\/p><h3 class=\"event-list-item-title\">Novel global and regional risk factors<\/h3><p class=\"event-list-item-location\">Room -1.26 EEG UMinho & Online<\/p><\/div><\/a><\/div><\/div><\/div><div class=\"publication-block event-block\"><div class=\"event-list-item\"><div class=\"event-list-item-image\"><img loading=\"lazy\" decoding=\"async\" width=\"150\" height=\"150\" src=\"https:\/\/nipe.eeg.uminho.pt\/wp-content\/uploads\/2024\/02\/Bruno-Blanco-Varela-150x150.jpg\" class=\"project-list-item-image wp-post-image\" alt=\"\" srcset=\"https:\/\/nipe.eeg.uminho.pt\/wp-content\/uploads\/2024\/02\/Bruno-Blanco-Varela-150x150.jpg 150w, https:\/\/nipe.eeg.uminho.pt\/wp-content\/uploads\/2024\/02\/Bruno-Blanco-Varela-300x300.jpg 300w, https:\/\/nipe.eeg.uminho.pt\/wp-content\/uploads\/2024\/02\/Bruno-Blanco-Varela.jpg 512w\" sizes=\"auto, (max-width: 150px) 100vw, 150px\" \/><\/div><div class=\"event-list-item-content\"><a class=\"event-list-item-link\" href=\"https:\/\/nipe.eeg.uminho.pt\/en\/event\/evaluation-of-public-policies-in-the-field-of-education\/\" title=\"Evaluation of public policies in the field of education\"><div class=\"event-list-item-event\"><div class=\"event-list-item-agroup\"><div class=\"event-list-item-categories\"><span class=\"event-list-item-category seminars\">Seminars<\/span><\/div><span class=\"event-list-item-date\">30.10.2024 <bdi><\/bdi> 13:15<\/span><\/div><span class=\"event-plus seminars\"><\/span><\/div><div class=\"event-list-item-details\"><p class=\"event-list-item-speaker\">Bruno Varela (Universidade de Santiago de Compostela)<\/p><h3 class=\"event-list-item-title\">Evaluation of public policies in the field of education<\/h3><p class=\"event-list-item-location\">Room -1.26 EEG UMinho &amp; Online<\/p><\/div><\/a><\/div><\/div><\/div><div class=\"publication-block event-block\"><div class=\"event-list-item\"><div class=\"event-list-item-image\"><img loading=\"lazy\" decoding=\"async\" width=\"150\" height=\"150\" src=\"https:\/\/nipe.eeg.uminho.pt\/wp-content\/uploads\/2023\/06\/Tom_Kirchmaier-150x150.jpg\" class=\"project-list-item-image wp-post-image\" alt=\"\" \/><\/div><div class=\"event-list-item-content\"><a class=\"event-list-item-link\" href=\"https:\/\/nipe.eeg.uminho.pt\/en\/event\/peer-pressure-and-manager-pressure-in-organisations\/\" title=\"Peer pressure and manager pressure in organisations\"><div class=\"event-list-item-event\"><div class=\"event-list-item-agroup\"><div class=\"event-list-item-categories\"><span class=\"event-list-item-category seminars\">Seminars<\/span><\/div><span class=\"event-list-item-date\">09.10.2024 <bdi><\/bdi> 13:15<\/span><\/div><span class=\"event-plus seminars\"><\/span><\/div><div class=\"event-list-item-details\"><p class=\"event-list-item-speaker\">Tom Kirchmaier (LSE)<\/p><h3 class=\"event-list-item-title\">Peer pressure and manager pressure in organisations<\/h3><p class=\"event-list-item-location\">Room -1.26 EEG UMinho & Online<\/p><\/div><\/a><\/div><\/div><\/div><div class=\"publication-block event-block\"><div class=\"event-list-item\"><div class=\"event-list-item-image\"><img loading=\"lazy\" decoding=\"async\" width=\"150\" height=\"150\" src=\"https:\/\/nipe.eeg.uminho.pt\/wp-content\/uploads\/2023\/12\/JW-150x150.png\" class=\"project-list-item-image wp-post-image\" alt=\"\" srcset=\"https:\/\/nipe.eeg.uminho.pt\/wp-content\/uploads\/2023\/12\/JW-150x150.png 150w, https:\/\/nipe.eeg.uminho.pt\/wp-content\/uploads\/2023\/12\/JW.png 225w\" sizes=\"auto, (max-width: 150px) 100vw, 150px\" \/><\/div><div class=\"event-list-item-content\"><a class=\"event-list-item-link\" href=\"https:\/\/nipe.eeg.uminho.pt\/en\/event\/estimating-distributional-treatment-effects-with-staggered-interventions-for-panel-data\/\" title=\"Estimating Distributional Treatment Effects with Staggered Interventions for Panel Data\"><div class=\"event-list-item-event\"><div class=\"event-list-item-agroup\"><div class=\"event-list-item-categories\"><span class=\"event-list-item-category seminars\">Seminars<\/span><\/div><span class=\"event-list-item-date\">18.07.2024 <bdi><\/bdi> 11:00<\/span><\/div><span class=\"event-plus seminars\"><\/span><\/div><div class=\"event-list-item-details\"><p class=\"event-list-item-speaker\">Jeff Wooldridge (Michigan State University)<\/p><h3 class=\"event-list-item-title\">Estimating Distributional Treatment Effects with Staggered Interventions for Panel Data<\/h3><p class=\"event-list-item-location\">Room 0.03 (auditorium DST)  EEG UMinho & Online<\/p><\/div><\/a><\/div><\/div><\/div><div class=\"publication-block event-block\"><div class=\"event-list-item\"><div class=\"event-list-item-image\"><img loading=\"lazy\" decoding=\"async\" width=\"150\" height=\"150\" src=\"https:\/\/nipe.eeg.uminho.pt\/wp-content\/uploads\/2024\/02\/poza1-e1412459635963-150x150.jpg\" class=\"project-list-item-image wp-post-image\" alt=\"\" \/><\/div><div class=\"event-list-item-content\"><a class=\"event-list-item-link\" href=\"https:\/\/nipe.eeg.uminho.pt\/en\/event\/job-hazard-premia-with-worker-risk-preferences\/\" title=\"Job hazard premia with worker risk preferences\"><div class=\"event-list-item-event\"><div class=\"event-list-item-agroup\"><div class=\"event-list-item-categories\"><span class=\"event-list-item-category seminars\">Seminars<\/span><\/div><span class=\"event-list-item-date\">12.07.2024 <bdi><\/bdi> 13:15<\/span><\/div><span class=\"event-plus seminars\"><\/span><\/div><div class=\"event-list-item-details\"><p class=\"event-list-item-speaker\">Sebastian Buhai (Stockholm University)<\/p><h3 class=\"event-list-item-title\">Job hazard premia with worker risk preferences<\/h3><p class=\"event-list-item-location\">Room -1.26 EEG UMinho & Online<\/p><\/div><\/a><\/div><\/div><\/div><div class=\"publication-block event-block\"><div class=\"event-list-item\"><div class=\"event-list-item-image\"><img loading=\"lazy\" decoding=\"async\" width=\"150\" height=\"150\" src=\"https:\/\/nipe.eeg.uminho.pt\/wp-content\/uploads\/2023\/06\/image008-150x150.jpg\" class=\"project-list-item-image wp-post-image\" alt=\"\" \/><\/div><div class=\"event-list-item-content\"><a class=\"event-list-item-link\" href=\"https:\/\/nipe.eeg.uminho.pt\/en\/event\/interactions-do-teacher-behaviors-predict-achievement-executive-function-and-non-cognitive-outcomes-in-elementary-school\/\" title=\"Interactions: Do Teacher Behaviors Predict Achievement, Executive Function, and Non Cognitive Outcomes in Elementary School?\"><div class=\"event-list-item-event\"><div class=\"event-list-item-agroup\"><div class=\"event-list-item-categories\"><span class=\"event-list-item-category seminars\">Seminars<\/span><\/div><span class=\"event-list-item-date\">10.07.2024 <bdi><\/bdi> 13:15<\/span><\/div><span class=\"event-plus seminars\"><\/span><\/div><div class=\"event-list-item-details\"><p class=\"event-list-item-speaker\">Pedro Carneiro (University College London)<\/p><h3 class=\"event-list-item-title\">Interactions: Do Teacher Behaviors Predict Achievement, Executive Function, and Non Cognitive Outcomes in Elementary School?<\/h3><p class=\"event-list-item-location\">Room -1.26 EEG UMinho & Online<\/p><\/div><\/a><\/div><\/div><\/div><div class=\"publication-block event-block\"><div class=\"event-list-item\"><div class=\"event-list-item-image\"><img loading=\"lazy\" decoding=\"async\" width=\"150\" height=\"150\" src=\"https:\/\/nipe.eeg.uminho.pt\/wp-content\/uploads\/2023\/06\/1516354513834-150x150.jpg\" class=\"project-list-item-image wp-post-image\" alt=\"\" srcset=\"https:\/\/nipe.eeg.uminho.pt\/wp-content\/uploads\/2023\/06\/1516354513834-150x150.jpg 150w, https:\/\/nipe.eeg.uminho.pt\/wp-content\/uploads\/2023\/06\/1516354513834.jpg 200w\" sizes=\"auto, (max-width: 150px) 100vw, 150px\" \/><\/div><div class=\"event-list-item-content\"><a class=\"event-list-item-link\" href=\"https:\/\/nipe.eeg.uminho.pt\/en\/event\/titulo-so-far-away-hiring-discrimination-among-female-commuters\/\" title=\"T\u00edtulo: So Far Away? Hiring Discrimination Among Female Commuters\"><div class=\"event-list-item-event\"><div class=\"event-list-item-agroup\"><div class=\"event-list-item-categories\"><span class=\"event-list-item-category seminars\">Seminars<\/span><\/div><span class=\"event-list-item-date\">19.06.2024 <bdi><\/bdi> 13:15<\/span><\/div><span class=\"event-plus seminars\"><\/span><\/div><div class=\"event-list-item-details\"><p class=\"event-list-item-speaker\">Ana Fernandes (Bern University of Applied Sciences)<\/p><h3 class=\"event-list-item-title\">T\u00edtulo: So Far Away? Hiring Discrimination Among Female Commuters<\/h3><p class=\"event-list-item-location\">Room -1.26 EEG UMinho & Online<\/p><\/div><\/a><\/div><\/div><\/div><div class=\"publication-block event-block\"><div class=\"event-list-item\"><div class=\"event-list-item-image\"><img loading=\"lazy\" decoding=\"async\" width=\"150\" height=\"150\" src=\"https:\/\/nipe.eeg.uminho.pt\/wp-content\/uploads\/2023\/06\/RS-150x150.jpg\" class=\"project-list-item-image wp-post-image\" alt=\"\" \/><\/div><div class=\"event-list-item-content\"><a class=\"event-list-item-link\" href=\"https:\/\/nipe.eeg.uminho.pt\/en\/event\/race-and-coaching-hierarchy-in-the-national-football-league\/\" title=\"Race and Coaching Hierarchy in the National Football League\"><div class=\"event-list-item-event\"><div class=\"event-list-item-agroup\"><div class=\"event-list-item-categories\"><span class=\"event-list-item-category seminars\">Seminars<\/span><\/div><span class=\"event-list-item-date\">22.05.2024 <bdi><\/bdi> 13:15<\/span><\/div><span class=\"event-plus seminars\"><\/span><\/div><div class=\"event-list-item-details\"><p class=\"event-list-item-speaker\">Robert Simmons (Lancaster University)<\/p><h3 class=\"event-list-item-title\">Race and Coaching Hierarchy in the National Football League<\/h3><p class=\"event-list-item-location\">Room -1.26 EEG UMinho & Online<\/p><\/div><\/a><\/div><\/div><\/div><div class=\"publication-block event-block\"><div class=\"event-list-item\"><div class=\"event-list-item-image\"><img loading=\"lazy\" decoding=\"async\" width=\"150\" height=\"150\" src=\"https:\/\/nipe.eeg.uminho.pt\/wp-content\/uploads\/2023\/06\/Belen-150x150.jpg\" class=\"project-list-item-image wp-post-image\" alt=\"\" srcset=\"https:\/\/nipe.eeg.uminho.pt\/wp-content\/uploads\/2023\/06\/Belen-150x150.jpg 150w, https:\/\/nipe.eeg.uminho.pt\/wp-content\/uploads\/2023\/06\/Belen-300x300.jpg 300w, https:\/\/nipe.eeg.uminho.pt\/wp-content\/uploads\/2023\/06\/Belen.jpg 400w\" sizes=\"auto, (max-width: 150px) 100vw, 150px\" \/><\/div><div class=\"event-list-item-content\"><a class=\"event-list-item-link\" href=\"https:\/\/nipe.eeg.uminho.pt\/en\/event\/adopting-sustainable-water-management-practices-in-agriculture-based-on-stakeholder-preferences-the-case-of-south-east-spain\/\" title=\"Adopting sustainable water management practices in agriculture based on stakeholder preferences: the case of South-east Spain\"><div class=\"event-list-item-event\"><div class=\"event-list-item-agroup\"><div class=\"event-list-item-categories\"><span class=\"event-list-item-category seminars\">Seminars<\/span><\/div><span class=\"event-list-item-date\">15.05.2024 <bdi><\/bdi> 13:15<\/span><\/div><span class=\"event-plus seminars\"><\/span><\/div><div class=\"event-list-item-details\"><p class=\"event-list-item-speaker\">Bel\u00e9n Lopez Felices (Universidad Almeria)<\/p><h3 class=\"event-list-item-title\">Adopting sustainable water management practices in agriculture based on stakeholder preferences: the case of South-east Spain<\/h3><p class=\"event-list-item-location\">Room -1.26 EEG UMinho & Online<\/p><\/div><\/a><\/div><\/div><\/div><div class=\"publication-block event-block\"><div class=\"event-list-item\"><div class=\"event-list-item-image\"><img loading=\"lazy\" decoding=\"async\" width=\"150\" height=\"150\" src=\"https:\/\/nipe.eeg.uminho.pt\/wp-content\/uploads\/2023\/05\/8.05.2024-150x150.jpg\" class=\"project-list-item-image wp-post-image\" alt=\"\" srcset=\"https:\/\/nipe.eeg.uminho.pt\/wp-content\/uploads\/2023\/05\/8.05.2024-150x150.jpg 150w, https:\/\/nipe.eeg.uminho.pt\/wp-content\/uploads\/2023\/05\/8.05.2024-300x300.jpg 300w, https:\/\/nipe.eeg.uminho.pt\/wp-content\/uploads\/2023\/05\/8.05.2024.jpg 400w\" sizes=\"auto, (max-width: 150px) 100vw, 150px\" \/><\/div><div class=\"event-list-item-content\"><a class=\"event-list-item-link\" href=\"https:\/\/nipe.eeg.uminho.pt\/en\/event\/operation-allied-force-unintended-consequences-of-the-nato-bombing-on-childrens-outcomes\/\" title=\"Operation Allied Force: Unintended Consequences of the NATO Bombing on Children\u2019s Outcomes\"><div class=\"event-list-item-event\"><div class=\"event-list-item-agroup\"><div class=\"event-list-item-categories\"><span class=\"event-list-item-category seminars\">Seminars<\/span><\/div><span class=\"event-list-item-date\">08.05.2024 <bdi><\/bdi> 13:15<\/span><\/div><span class=\"event-plus seminars\"><\/span><\/div><div class=\"event-list-item-details\"><p class=\"event-list-item-speaker\">Sun\u010dica Vuji\u0107 (University of Antwerp)<\/p><h3 class=\"event-list-item-title\">Operation Allied Force: Unintended Consequences of the NATO Bombing on Children\u2019s Outcomes<\/h3><p class=\"event-list-item-location\">Room -1.26 EEG UMinho & Online<\/p><\/div><\/a><\/div><\/div><\/div><div class=\"publication-block event-block\"><div class=\"event-list-item\"><div class=\"event-list-item-image\"><\/div><div class=\"event-list-item-content\"><a class=\"event-list-item-link\" href=\"https:\/\/nipe.eeg.uminho.pt\/en\/event\/an-introduction-to-critical-marketing-studies\/\" title=\"An Introduction to Critical Marketing Studies\"><div class=\"event-list-item-event\"><div class=\"event-list-item-agroup\"><div class=\"event-list-item-categories\"><span class=\"event-list-item-category seminars\">Seminars<\/span><\/div><span class=\"event-list-item-date\">24.04.2024 <bdi><\/bdi> 13:15<\/span><\/div><span class=\"event-plus seminars\"><\/span><\/div><div class=\"event-list-item-details\"><p class=\"event-list-item-speaker\">Mark Tadajewski (University of York)<\/p><h3 class=\"event-list-item-title\">An Introduction to Critical Marketing Studies<\/h3><p class=\"event-list-item-location\">Room -1.26 EEG UMinho & Online<\/p><\/div><\/a><\/div><\/div><\/div><div class=\"publication-block event-block\"><div class=\"event-list-item\"><div class=\"event-list-item-image\"><img loading=\"lazy\" decoding=\"async\" width=\"150\" height=\"150\" src=\"https:\/\/nipe.eeg.uminho.pt\/wp-content\/uploads\/2023\/06\/Hugo-Vilares-150x150.jpg\" class=\"project-list-item-image wp-post-image\" alt=\"\" \/><\/div><div class=\"event-list-item-content\"><a class=\"event-list-item-link\" href=\"https:\/\/nipe.eeg.uminho.pt\/en\/event\/whos-got-the-power-wage-determination-and-its-resilience-in-the-great-recession\/\" title=\"Who&#8217;s Got the Power? Wage Determination and its Resilience in the Great Recession\"><div class=\"event-list-item-event\"><div class=\"event-list-item-agroup\"><div class=\"event-list-item-categories\"><span class=\"event-list-item-category seminars\">Seminars<\/span><\/div><span class=\"event-list-item-date\">17.04.2024 <bdi><\/bdi> 13:15<\/span><\/div><span class=\"event-plus seminars\"><\/span><\/div><div class=\"event-list-item-details\"><p class=\"event-list-item-speaker\">Hugo Vilares (FEP - UPorto)<\/p><h3 class=\"event-list-item-title\">Who&#8217;s Got the Power? Wage Determination and its Resilience in the Great Recession<\/h3><p class=\"event-list-item-location\">Room -1.26 EEG UMinho & Online<\/p><\/div><\/a><\/div><\/div><\/div><div class=\"publication-block event-block\"><div class=\"event-list-item\"><div class=\"event-list-item-image\"><img loading=\"lazy\" decoding=\"async\" width=\"150\" height=\"150\" src=\"https:\/\/nipe.eeg.uminho.pt\/wp-content\/uploads\/2023\/05\/dukes_anthony_1440x810_hcrv7r31bi-150x150.jpg\" class=\"project-list-item-image wp-post-image\" alt=\"\" \/><\/div><div class=\"event-list-item-content\"><a class=\"event-list-item-link\" href=\"https:\/\/nipe.eeg.uminho.pt\/en\/event\/implicit-product-claims-the-role-of-motivated-beliefs\/\" title=\"Implicit Product Claims: The Role of Motivated Beliefs\"><div class=\"event-list-item-event\"><div class=\"event-list-item-agroup\"><div class=\"event-list-item-categories\"><span class=\"event-list-item-category seminars\">Seminars<\/span><\/div><span class=\"event-list-item-date\">10.04.2024 <bdi><\/bdi> 13:15<\/span><\/div><span class=\"event-plus seminars\"><\/span><\/div><div class=\"event-list-item-details\"><p class=\"event-list-item-speaker\">Anthony Dukes (University of Southern California)<\/p><h3 class=\"event-list-item-title\">Implicit Product Claims: The Role of Motivated Beliefs<\/h3><p class=\"event-list-item-location\">Room -1.26 EEG UMinho & Online<\/p><\/div><\/a><\/div><\/div><\/div><div class=\"publication-block event-block\"><div class=\"event-list-item\"><div class=\"event-list-item-image\"><img loading=\"lazy\" decoding=\"async\" width=\"150\" height=\"150\" src=\"https:\/\/nipe.eeg.uminho.pt\/wp-content\/uploads\/2023\/06\/RDG-150x150.jpg\" class=\"project-list-item-image wp-post-image\" alt=\"\" srcset=\"https:\/\/nipe.eeg.uminho.pt\/wp-content\/uploads\/2023\/06\/RDG-150x150.jpg 150w, https:\/\/nipe.eeg.uminho.pt\/wp-content\/uploads\/2023\/06\/RDG.jpg 270w\" sizes=\"auto, (max-width: 150px) 100vw, 150px\" \/><\/div><div class=\"event-list-item-content\"><a class=\"event-list-item-link\" href=\"https:\/\/nipe.eeg.uminho.pt\/en\/event\/a-temporary-vat-cut-in-three-acts-announcement-implementation-and-reversal\/\" title=\"A Temporary VAT Cut in Three Acts:  Announcement, Implementation, and Reversal\"><div class=\"event-list-item-event\"><div class=\"event-list-item-agroup\"><div class=\"event-list-item-categories\"><span class=\"event-list-item-category seminars\">Seminars<\/span><\/div><span class=\"event-list-item-date\">20.03.2024 <bdi><\/bdi> 13:15<\/span><\/div><span class=\"event-plus seminars\"><\/span><\/div><div class=\"event-list-item-details\"><p class=\"event-list-item-speaker\">Ricardo Duque Gabriel (Reserva Federal)<\/p><h3 class=\"event-list-item-title\">A Temporary VAT Cut in Three Acts:  Announcement, Implementation, and Reversal<\/h3><p class=\"event-list-item-location\">Room -1.26 EEG UMinho & Online<\/p><\/div><\/a><\/div><\/div><\/div><div class=\"publication-block event-block\"><div class=\"event-list-item\"><div class=\"event-list-item-image\"><img loading=\"lazy\" decoding=\"async\" width=\"100\" height=\"129\" src=\"https:\/\/nipe.eeg.uminho.pt\/wp-content\/uploads\/2023\/06\/Hugo-Castor-Sila.png\" class=\"project-list-item-image wp-post-image\" alt=\"\" \/><\/div><div class=\"event-list-item-content\"><a class=\"event-list-item-link\" href=\"https:\/\/nipe.eeg.uminho.pt\/en\/event\/regional-impacts-of-destructive-and-transformative-digitalization-on-employment\/\" title=\"Regional Impacts of Destructive and Transformative Digitalization on Employment\"><div class=\"event-list-item-event\"><div class=\"event-list-item-agroup\"><div class=\"event-list-item-categories\"><span class=\"event-list-item-category seminars\">Seminars<\/span><\/div><span class=\"event-list-item-date\">06.03.2024 <bdi><\/bdi> 13:15<\/span><\/div><span class=\"event-plus seminars\"><\/span><\/div><div class=\"event-list-item-details\"><p class=\"event-list-item-speaker\">Hugo Casto Silva (Instituto Superior T\u00e9cnico)<\/p><h3 class=\"event-list-item-title\">Regional Impacts of Destructive and Transformative Digitalization on Employment<\/h3><p class=\"event-list-item-location\">Room -1.26 EEG UMinho & Online<\/p><\/div><\/a><\/div><\/div><\/div><div class=\"publication-block event-block\"><div class=\"event-list-item\"><div class=\"event-list-item-image\"><img loading=\"lazy\" decoding=\"async\" width=\"150\" height=\"150\" src=\"https:\/\/nipe.eeg.uminho.pt\/wp-content\/uploads\/2023\/06\/Diogo-Geraldes-150x150.jpg\" class=\"project-list-item-image wp-post-image\" alt=\"\" \/><\/div><div class=\"event-list-item-content\"><a class=\"event-list-item-link\" href=\"https:\/\/nipe.eeg.uminho.pt\/en\/event\/closing-the-gender-gap-in-multilateral-negotiations-through-institutional-design\/\" title=\"Closing the Gender Gap in Multilateral Negotiations Through Institutional Design\"><div class=\"event-list-item-event\"><div class=\"event-list-item-agroup\"><div class=\"event-list-item-categories\"><span class=\"event-list-item-category seminars\">Seminars<\/span><\/div><span class=\"event-list-item-date\">21.02.2024 <bdi><\/bdi> 13:15<\/span><\/div><span class=\"event-plus seminars\"><\/span><\/div><div class=\"event-list-item-details\"><p class=\"event-list-item-speaker\">Diogo Geraldes (University College Dublin)<\/p><h3 class=\"event-list-item-title\">Closing the Gender Gap in Multilateral Negotiations Through Institutional Design<\/h3><p class=\"event-list-item-location\">Room -1.26 EEG UMinho & Online<\/p><\/div><\/a><\/div><\/div><\/div><div class=\"publication-block event-block\"><div class=\"event-list-item\"><div class=\"event-list-item-image\"><img loading=\"lazy\" decoding=\"async\" width=\"150\" height=\"150\" src=\"https:\/\/nipe.eeg.uminho.pt\/wp-content\/uploads\/2023\/06\/Sandra-Sequeira-150x150.jpg\" class=\"project-list-item-image wp-post-image\" alt=\"\" \/><\/div><div class=\"event-list-item-content\"><a class=\"event-list-item-link\" href=\"https:\/\/nipe.eeg.uminho.pt\/en\/event\/zero-sum-thinking-and-the-roots-of-us-political-divides\/\" title=\"Zero-sum Thinking and the Roots of US Political Divides\"><div class=\"event-list-item-event\"><div class=\"event-list-item-agroup\"><div class=\"event-list-item-categories\"><span class=\"event-list-item-category seminars\">Seminars<\/span><\/div><span class=\"event-list-item-date\">17.01.2024 <bdi><\/bdi> 13:15<\/span><\/div><span class=\"event-plus seminars\"><\/span><\/div><div class=\"event-list-item-details\"><p class=\"event-list-item-speaker\">Sandra Sequeira (LSE)<\/p><h3 class=\"event-list-item-title\">Zero-sum Thinking and the Roots of US Political Divides<\/h3><p class=\"event-list-item-location\">Online<\/p><\/div><\/a><\/div><\/div><\/div><\/div><div id=\"events-seminars-2023\" role=\"tabpanel\" class=\"tabs-pane fade\"><div class=\"publication-block event-block\"><div class=\"event-list-item\"><div class=\"event-list-item-image\"><img loading=\"lazy\" decoding=\"async\" width=\"120\" height=\"120\" src=\"https:\/\/nipe.eeg.uminho.pt\/wp-content\/uploads\/2023\/06\/PedroLuisSilva-120x120-1.jpg\" class=\"project-list-item-image wp-post-image\" alt=\"\" \/><\/div><div class=\"event-list-item-content\"><a class=\"event-list-item-link\" href=\"https:\/\/nipe.eeg.uminho.pt\/en\/event\/keeping-it-in-the-family-student-to-degree-match\/\" title=\"Keeping it in the Family: Student to Degree Match\"><div class=\"event-list-item-event\"><div class=\"event-list-item-agroup\"><div class=\"event-list-item-categories\"><span class=\"event-list-item-category seminars\">Seminars<\/span><\/div><span class=\"event-list-item-date\">06.12.2023 <bdi><\/bdi> 13:15<\/span><\/div><span class=\"event-plus seminars\"><\/span><\/div><div class=\"event-list-item-details\"><p class=\"event-list-item-speaker\">Pedro Silva (CIPES)<\/p><h3 class=\"event-list-item-title\">Keeping it in the Family: Student to Degree Match<\/h3><p class=\"event-list-item-location\">Room -1.26 EEG UMinho & Online<\/p><\/div><\/a><\/div><\/div><\/div><div class=\"publication-block event-block\"><div class=\"event-list-item\"><div class=\"event-list-item-image\"><img loading=\"lazy\" decoding=\"async\" width=\"150\" height=\"150\" src=\"https:\/\/nipe.eeg.uminho.pt\/wp-content\/uploads\/2023\/06\/Pedro-Gil-150x150.jpg\" class=\"project-list-item-image wp-post-image\" alt=\"\" \/><\/div><div class=\"event-list-item-content\"><a class=\"event-list-item-link\" href=\"https:\/\/nipe.eeg.uminho.pt\/en\/event\/automation-education-and-population-dynamic-effects-in-an-olg-growth-and-fertility-model\/\" title=\"Automation, Education, and Population: Dynamic Effects in an OLG Growth and Fertility Model\"><div class=\"event-list-item-event\"><div class=\"event-list-item-agroup\"><div class=\"event-list-item-categories\"><span class=\"event-list-item-category seminars\">Seminars<\/span><\/div><span class=\"event-list-item-date\">15.11.2023 <bdi><\/bdi> 13:15<\/span><\/div><span class=\"event-plus seminars\"><\/span><\/div><div class=\"event-list-item-details\"><p class=\"event-list-item-speaker\">Pedro Gil (FEP)<\/p><h3 class=\"event-list-item-title\">Automation, Education, and Population: Dynamic Effects in an OLG Growth and Fertility Model<\/h3><p class=\"event-list-item-location\">Room -1.26 EEG UMinho & Online<\/p><\/div><\/a><\/div><\/div><\/div><div class=\"publication-block event-block\"><div class=\"event-list-item\"><div class=\"event-list-item-image\"><img loading=\"lazy\" decoding=\"async\" width=\"150\" height=\"150\" src=\"https:\/\/nipe.eeg.uminho.pt\/wp-content\/uploads\/2023\/06\/carlos.santos-150x150.jpg\" class=\"project-list-item-image wp-post-image\" alt=\"\" srcset=\"https:\/\/nipe.eeg.uminho.pt\/wp-content\/uploads\/2023\/06\/carlos.santos-150x150.jpg 150w, https:\/\/nipe.eeg.uminho.pt\/wp-content\/uploads\/2023\/06\/carlos.santos-300x300.jpg 300w, https:\/\/nipe.eeg.uminho.pt\/wp-content\/uploads\/2023\/06\/carlos.santos-1024x1024.jpg 1024w, https:\/\/nipe.eeg.uminho.pt\/wp-content\/uploads\/2023\/06\/carlos.santos.jpg 1080w\" sizes=\"auto, (max-width: 150px) 100vw, 150px\" \/><\/div><div class=\"event-list-item-content\"><a class=\"event-list-item-link\" href=\"https:\/\/nipe.eeg.uminho.pt\/en\/event\/the-distribution-of-firm-growth-granularity-and-business-cycles\/\" title=\"The distribution of firm growth, granularity, and business cycles\"><div class=\"event-list-item-event\"><div class=\"event-list-item-agroup\"><div class=\"event-list-item-categories\"><span class=\"event-list-item-category seminars\">Seminars<\/span><\/div><span class=\"event-list-item-date\">20.10.2023 <bdi><\/bdi> 13:15<\/span><\/div><span class=\"event-plus seminars\"><\/span><\/div><div class=\"event-list-item-details\"><p class=\"event-list-item-speaker\">Carlos Daniel Santos (ISEG)<\/p><h3 class=\"event-list-item-title\">The distribution of firm growth, granularity, and business cycles<\/h3><p class=\"event-list-item-location\">Room 0.04 EEG UMinho & Online<\/p><\/div><\/a><\/div><\/div><\/div><div class=\"publication-block event-block\"><div class=\"event-list-item\"><div class=\"event-list-item-image\"><img loading=\"lazy\" decoding=\"async\" width=\"150\" height=\"150\" src=\"https:\/\/nipe.eeg.uminho.pt\/wp-content\/uploads\/2023\/06\/Oliver-Linton-150x150.jpg\" class=\"project-list-item-image wp-post-image\" alt=\"\" \/><\/div><div class=\"event-list-item-content\"><a class=\"event-list-item-link\" href=\"https:\/\/nipe.eeg.uminho.pt\/en\/event\/dynamic-autoregressive-liquidity-darliq\/\" title=\"Dynamic Autoregressive Liquidity (DArLiQ)\"><div class=\"event-list-item-event\"><div class=\"event-list-item-agroup\"><div class=\"event-list-item-categories\"><span class=\"event-list-item-category seminars\">Seminars<\/span><\/div><span class=\"event-list-item-date\">13.07.2023 <bdi><\/bdi> 11:00<\/span><\/div><span class=\"event-plus seminars\"><\/span><\/div><div class=\"event-list-item-details\"><p class=\"event-list-item-speaker\">Oliver Linton (U. Cambridge)<\/p><h3 class=\"event-list-item-title\">Dynamic Autoregressive Liquidity (DArLiQ)<\/h3><p class=\"event-list-item-location\">Room 0.03\/DST<\/p><\/div><\/a><\/div><\/div><\/div><div class=\"publication-block event-block\"><div class=\"event-list-item\"><div class=\"event-list-item-image\"><img loading=\"lazy\" decoding=\"async\" width=\"150\" height=\"150\" src=\"https:\/\/nipe.eeg.uminho.pt\/wp-content\/uploads\/2022\/11\/selma_2_0-150x150.jpg\" class=\"project-list-item-image wp-post-image\" alt=\"\" srcset=\"https:\/\/nipe.eeg.uminho.pt\/wp-content\/uploads\/2022\/11\/selma_2_0-150x150.jpg 150w, https:\/\/nipe.eeg.uminho.pt\/wp-content\/uploads\/2022\/11\/selma_2_0.jpg 220w\" sizes=\"auto, (max-width: 150px) 100vw, 150px\" \/><\/div><div class=\"event-list-item-content\"><a class=\"event-list-item-link\" href=\"https:\/\/nipe.eeg.uminho.pt\/en\/event\/to-be-announced-8\/\" title=\"Dual perspective on the role of xenophobia in service sabotage\"><div class=\"event-list-item-event\"><div class=\"event-list-item-agroup\"><div class=\"event-list-item-categories\"><span class=\"event-list-item-category seminars\">Seminars<\/span><\/div><span class=\"event-list-item-date\">05.07.2023 <bdi><\/bdi> 13:30<\/span><\/div><span class=\"event-plus seminars\"><\/span><\/div><div class=\"event-list-item-details\"><p class=\"event-list-item-speaker\">Selma Kadic-Maglajlic (Copenhagen Business School)<\/p><h3 class=\"event-list-item-title\">Dual perspective on the role of xenophobia in service sabotage<\/h3><p class=\"event-list-item-location\">Room -1.26 & Online <\/p><\/div><\/a><\/div><\/div><\/div><div class=\"publication-block event-block\"><div class=\"event-list-item\"><div class=\"event-list-item-image\"><img loading=\"lazy\" decoding=\"async\" width=\"94\" height=\"128\" src=\"https:\/\/nipe.eeg.uminho.pt\/wp-content\/uploads\/2023\/03\/citations.jpg\" class=\"project-list-item-image wp-post-image\" alt=\"\" \/><\/div><div class=\"event-list-item-content\"><a class=\"event-list-item-link\" href=\"https:\/\/nipe.eeg.uminho.pt\/en\/event\/fifteen-years-of-customer-engagement-research-a-bibliometric-and-network-analysis\/\" title=\"Fifteen years of customer engagement research: A bibliometric and network analysis\"><div class=\"event-list-item-event\"><div class=\"event-list-item-agroup\"><div class=\"event-list-item-categories\"><span class=\"event-list-item-category seminars\">Seminars<\/span><\/div><span class=\"event-list-item-date\">26.06.2023 <bdi><\/bdi> 13:30<\/span><\/div><span class=\"event-plus seminars\"><\/span><\/div><div class=\"event-list-item-details\"><p class=\"event-list-item-speaker\">Linda D. Hollebeek (Vilnius University)<\/p><h3 class=\"event-list-item-title\">Fifteen years of customer engagement research: A bibliometric and network analysis<\/h3><p class=\"event-list-item-location\">Room -1.26 EEG & Online<\/p><\/div><\/a><\/div><\/div><\/div><div class=\"publication-block event-block\"><div class=\"event-list-item\"><div class=\"event-list-item-image\"><img loading=\"lazy\" decoding=\"async\" width=\"150\" height=\"150\" src=\"https:\/\/nipe.eeg.uminho.pt\/wp-content\/uploads\/2023\/03\/ad_ny_0-150x150.jpg\" class=\"project-list-item-image wp-post-image\" alt=\"\" \/><\/div><div class=\"event-list-item-content\"><a class=\"event-list-item-link\" href=\"https:\/\/nipe.eeg.uminho.pt\/en\/event\/how-to-publish-in-top-journals\/\" title=\"How to Publish in Top Journals\"><div class=\"event-list-item-event\"><div class=\"event-list-item-agroup\"><div class=\"event-list-item-categories\"><span class=\"event-list-item-category seminars\">Seminars<\/span><\/div><span class=\"event-list-item-date\">21.06.2023 <bdi><\/bdi> 13:15<\/span><\/div><span class=\"event-plus seminars\"><\/span><\/div><div class=\"event-list-item-details\"><p class=\"event-list-item-speaker\">Ad De Jong (Copenhagen Business School)<\/p><h3 class=\"event-list-item-title\">How to Publish in Top Journals<\/h3><p class=\"event-list-item-location\">Room -1.26 EEG & Online<\/p><\/div><\/a><\/div><\/div><\/div><div class=\"publication-block event-block\"><div class=\"event-list-item\"><div class=\"event-list-item-image\"><img loading=\"lazy\" decoding=\"async\" width=\"150\" height=\"150\" src=\"https:\/\/nipe.eeg.uminho.pt\/wp-content\/uploads\/2022\/12\/transferir-150x150.jpg\" class=\"project-list-item-image wp-post-image\" alt=\"\" \/><\/div><div class=\"event-list-item-content\"><a class=\"event-list-item-link\" href=\"https:\/\/nipe.eeg.uminho.pt\/en\/event\/can-markets-be-caring\/\" title=\"Can Markets Be Caring?\u00a0\"><div class=\"event-list-item-event\"><div class=\"event-list-item-agroup\"><div class=\"event-list-item-categories\"><span class=\"event-list-item-category seminars\">Seminars<\/span><\/div><span class=\"event-list-item-date\">14.06.2023 <bdi><\/bdi> 13:15<\/span><\/div><span class=\"event-plus seminars\"><\/span><\/div><div class=\"event-list-item-details\"><p class=\"event-list-item-speaker\">Andreas Chatzidakis (Royal Holloway, University of London)<\/p><h3 class=\"event-list-item-title\">Can Markets Be Caring?\u00a0<\/h3><p class=\"event-list-item-location\">Room -1.26 EEG UMinho & Online <\/p><\/div><\/a><\/div><\/div><\/div><div class=\"publication-block event-block\"><div class=\"event-list-item\"><div class=\"event-list-item-image\"><img loading=\"lazy\" decoding=\"async\" width=\"150\" height=\"150\" src=\"https:\/\/nipe.eeg.uminho.pt\/wp-content\/uploads\/2023\/05\/jacobs-520-150x150.png\" class=\"project-list-item-image wp-post-image\" alt=\"\" \/><\/div><div class=\"event-list-item-content\"><a class=\"event-list-item-link\" href=\"https:\/\/nipe.eeg.uminho.pt\/en\/event\/volkswagen-the-diesel-charade\/\" title=\"Volkswagen: The Diesel Charade\"><div class=\"event-list-item-event\"><div class=\"event-list-item-agroup\"><div class=\"event-list-item-categories\"><span class=\"event-list-item-category seminars\">Seminars<\/span><\/div><span class=\"event-list-item-date\">31.05.2023 <bdi><\/bdi> 13:15<\/span><\/div><span class=\"event-plus seminars\"><\/span><\/div><div class=\"event-list-item-details\"><p class=\"event-list-item-speaker\">Daniel Jacobs (University of Calif\u00f3rnia)<\/p><h3 class=\"event-list-item-title\">Volkswagen: The Diesel Charade<\/h3><p class=\"event-list-item-location\">EEG UMinho & Online<\/p><\/div><\/a><\/div><\/div><\/div><div class=\"publication-block event-block\"><div class=\"event-list-item\"><div class=\"event-list-item-image\"><img loading=\"lazy\" decoding=\"async\" width=\"150\" height=\"150\" src=\"https:\/\/nipe.eeg.uminho.pt\/wp-content\/uploads\/2022\/12\/Paul-Belleflamme-150x150.jpg\" class=\"project-list-item-image wp-post-image\" alt=\"\" srcset=\"https:\/\/nipe.eeg.uminho.pt\/wp-content\/uploads\/2022\/12\/Paul-Belleflamme-150x150.jpg 150w, https:\/\/nipe.eeg.uminho.pt\/wp-content\/uploads\/2022\/12\/Paul-Belleflamme-300x300.jpg 300w, https:\/\/nipe.eeg.uminho.pt\/wp-content\/uploads\/2022\/12\/Paul-Belleflamme.jpg 512w\" sizes=\"auto, (max-width: 150px) 100vw, 150px\" \/><\/div><div class=\"event-list-item-content\"><a class=\"event-list-item-link\" href=\"https:\/\/nipe.eeg.uminho.pt\/en\/event\/network-goods-price-discrimination-and-two-sided-platforms\/\" title=\"Network goods, price discrimination, and two-sided platforms\"><div class=\"event-list-item-event\"><div class=\"event-list-item-agroup\"><div class=\"event-list-item-categories\"><span class=\"event-list-item-category seminars\">Seminars<\/span><\/div><span class=\"event-list-item-date\">17.05.2023 <bdi><\/bdi> 13:15<\/span><\/div><span class=\"event-plus seminars\"><\/span><\/div><div class=\"event-list-item-details\"><p class=\"event-list-item-speaker\">Paul Belleflamme (UCLouvain)<\/p><h3 class=\"event-list-item-title\">Network goods, price discrimination, and two-sided platforms<\/h3><p class=\"event-list-item-location\">Online <\/p><\/div><\/a><\/div><\/div><\/div><div class=\"publication-block event-block\"><div class=\"event-list-item\"><div class=\"event-list-item-image\"><img loading=\"lazy\" decoding=\"async\" width=\"150\" height=\"150\" src=\"https:\/\/nipe.eeg.uminho.pt\/wp-content\/uploads\/2022\/10\/5605-150x150.jpg\" class=\"project-list-item-image wp-post-image\" alt=\"\" \/><\/div><div class=\"event-list-item-content\"><a class=\"event-list-item-link\" href=\"https:\/\/nipe.eeg.uminho.pt\/en\/event\/the-detect-study-an-economic-evaluation-of-direct-costs-and-productivity-losses\/\" title=\"The DETECT study \u2013 an economic evaluation of direct costs and productivity losses\"><div class=\"event-list-item-event\"><div class=\"event-list-item-agroup\"><div class=\"event-list-item-categories\"><span class=\"event-list-item-category seminars\">Seminars<\/span><\/div><span class=\"event-list-item-date\">19.04.2023 <bdi><\/bdi> 13:15<\/span><\/div><span class=\"event-plus seminars\"><\/span><\/div><div class=\"event-list-item-details\"><p class=\"event-list-item-speaker\">C\u00e9u Mateus (Lancaster Universitity)<\/p><h3 class=\"event-list-item-title\">The DETECT study \u2013 an economic evaluation of direct costs and productivity losses<\/h3><p class=\"event-list-item-location\">Room -1.26 & Online <\/p><\/div><\/a><\/div><\/div><\/div><div class=\"publication-block event-block\"><div class=\"event-list-item\"><div class=\"event-list-item-image\"><img loading=\"lazy\" decoding=\"async\" width=\"150\" height=\"150\" src=\"https:\/\/nipe.eeg.uminho.pt\/wp-content\/uploads\/2023\/03\/12.04.2023-150x150.jpg\" class=\"project-list-item-image wp-post-image\" alt=\"\" \/><\/div><div class=\"event-list-item-content\"><a class=\"event-list-item-link\" href=\"https:\/\/nipe.eeg.uminho.pt\/en\/event\/the-role-of-self-condence-in-teamwork-experimental-evidence\/\" title=\"The Role of Self-Condence in Teamwork: Experimental Evidence\"><div class=\"event-list-item-event\"><div class=\"event-list-item-agroup\"><div class=\"event-list-item-categories\"><span class=\"event-list-item-category seminars\">Seminars<\/span><\/div><span class=\"event-list-item-date\">12.04.2023 <bdi><\/bdi> 13:15<\/span><\/div><span class=\"event-plus seminars\"><\/span><\/div><div class=\"event-list-item-details\"><p class=\"event-list-item-speaker\">Lu\u00eds Santos-Pinto (University of Lausanne)<\/p><h3 class=\"event-list-item-title\">The Role of Self-Condence in Teamwork: Experimental Evidence<\/h3><p class=\"event-list-item-location\">Room -1.26 EEG & Online<\/p><\/div><\/a><\/div><\/div><\/div><div class=\"publication-block event-block\"><div class=\"event-list-item\"><div class=\"event-list-item-image\"><img loading=\"lazy\" decoding=\"async\" width=\"150\" height=\"150\" src=\"https:\/\/nipe.eeg.uminho.pt\/wp-content\/uploads\/2022\/10\/Joao-Correia-da-Silva-13-150x150.png\" class=\"project-list-item-image wp-post-image\" alt=\"\" \/><\/div><div class=\"event-list-item-content\"><a class=\"event-list-item-link\" href=\"https:\/\/nipe.eeg.uminho.pt\/en\/event\/to-be-announced-5\/\" title=\"Information Design in a Repeated Environment\"><div class=\"event-list-item-event\"><div class=\"event-list-item-agroup\"><div class=\"event-list-item-categories\"><span class=\"event-list-item-category seminars\">Seminars<\/span><\/div><span class=\"event-list-item-date\">08.02.2023 <bdi><\/bdi> 13:15<\/span><\/div><span class=\"event-plus seminars\"><\/span><\/div><div class=\"event-list-item-details\"><p class=\"event-list-item-speaker\">Jo\u00e3o Correia da Silva (Universidade do Porto (FEP))<\/p><h3 class=\"event-list-item-title\">Information Design in a Repeated Environment<\/h3><p class=\"event-list-item-location\">EEG Uminho &amp; Online <\/p><\/div><\/a><\/div><\/div><\/div><div class=\"publication-block event-block\"><div class=\"event-list-item\"><div class=\"event-list-item-image\"><img loading=\"lazy\" decoding=\"async\" width=\"150\" height=\"150\" src=\"https:\/\/nipe.eeg.uminho.pt\/wp-content\/uploads\/2022\/10\/photo-150x150.jpg\" class=\"project-list-item-image wp-post-image\" alt=\"\" srcset=\"https:\/\/nipe.eeg.uminho.pt\/wp-content\/uploads\/2022\/10\/photo-150x150.jpg 150w, https:\/\/nipe.eeg.uminho.pt\/wp-content\/uploads\/2022\/10\/photo.jpg 240w\" sizes=\"auto, (max-width: 150px) 100vw, 150px\" \/><\/div><div class=\"event-list-item-content\"><a class=\"event-list-item-link\" href=\"https:\/\/nipe.eeg.uminho.pt\/en\/event\/to-be-defined-4\/\" title=\"Job Mobility Within and Across Occupations\"><div class=\"event-list-item-event\"><div class=\"event-list-item-agroup\"><div class=\"event-list-item-categories\"><span class=\"event-list-item-category seminars\">Seminars<\/span><\/div><span class=\"event-list-item-date\">11.01.2023 <bdi><\/bdi> 13:15<\/span><\/div><span class=\"event-plus seminars\"><\/span><\/div><div class=\"event-list-item-details\"><p class=\"event-list-item-speaker\">Attila Gyetvai (Bank of Portugal)<\/p><h3 class=\"event-list-item-title\">Job Mobility Within and Across Occupations<\/h3><p class=\"event-list-item-location\">Room -1.26 EEG &amp; Online <\/p><\/div><\/a><\/div><\/div><\/div><\/div><div id=\"events-seminars-2022\" role=\"tabpanel\" class=\"tabs-pane fade\"><div class=\"publication-block event-block\"><div class=\"event-list-item\"><div class=\"event-list-item-image\"><img loading=\"lazy\" decoding=\"async\" width=\"150\" height=\"150\" src=\"https:\/\/nipe.eeg.uminho.pt\/wp-content\/uploads\/2022\/11\/lars-vilhuber-web-150x150.jpg\" class=\"project-list-item-image wp-post-image\" alt=\"\" \/><\/div><div class=\"event-list-item-content\"><a class=\"event-list-item-link\" href=\"https:\/\/nipe.eeg.uminho.pt\/en\/event\/to-be-announced-14\/\" title=\"Reproducibility of 1,000 articles; Lessons Learned\"><div class=\"event-list-item-event\"><div class=\"event-list-item-agroup\"><div class=\"event-list-item-categories\"><span class=\"event-list-item-category seminars\">Seminars<\/span><\/div><span class=\"event-list-item-date\">16.12.2022 <bdi><\/bdi> 13:15<\/span><\/div><span class=\"event-plus seminars\"><\/span><\/div><div class=\"event-list-item-details\"><p class=\"event-list-item-speaker\">Lars Vilhuber (Cornell University)<\/p><h3 class=\"event-list-item-title\">Reproducibility of 1,000 articles; Lessons Learned<\/h3><p class=\"event-list-item-location\">Sal\u00e3o Nobre EEG &amp; Online <\/p><\/div><\/a><\/div><\/div><\/div><div class=\"publication-block event-block\"><div class=\"event-list-item\"><div class=\"event-list-item-image\"><img loading=\"lazy\" decoding=\"async\" width=\"150\" height=\"150\" src=\"https:\/\/nipe.eeg.uminho.pt\/wp-content\/uploads\/2022\/09\/portrait-150x150.jpg\" class=\"project-list-item-image wp-post-image\" alt=\"\" \/><\/div><div class=\"event-list-item-content\"><a class=\"event-list-item-link\" href=\"https:\/\/nipe.eeg.uminho.pt\/en\/event\/to-be-defined\/\" title=\"The Press Related Opportunistic Political Monetary Cycle &#8211; Does media coverage of the European Monetary Policy Impacts German Political Parties&#8217; Popularity?\"><div class=\"event-list-item-event\"><div class=\"event-list-item-agroup\"><div class=\"event-list-item-categories\"><span class=\"event-list-item-category seminars\">Seminars<\/span><\/div><span class=\"event-list-item-date\">07.12.2022 <bdi><\/bdi> 13:15<\/span><\/div><span class=\"event-plus seminars\"><\/span><\/div><div class=\"event-list-item-details\"><p class=\"event-list-item-speaker\">Matthieu Picault (University of Orl\u00e9ans)<\/p><h3 class=\"event-list-item-title\">The Press Related Opportunistic Political Monetary Cycle &#8211; Does media coverage of the European Monetary Policy Impacts German Political Parties&#8217; Popularity?<\/h3><p class=\"event-list-item-location\">Rom -1.26 EEG &amp; Online <\/p><\/div><\/a><\/div><\/div><\/div><div class=\"publication-block event-block\"><div class=\"event-list-item\"><div class=\"event-list-item-image\"><img loading=\"lazy\" decoding=\"async\" width=\"150\" height=\"150\" src=\"https:\/\/nipe.eeg.uminho.pt\/wp-content\/uploads\/2022\/09\/photo_economix-150x150.png\" class=\"project-list-item-image wp-post-image\" alt=\"\" \/><\/div><div class=\"event-list-item-content\"><a class=\"event-list-item-link\" href=\"https:\/\/nipe.eeg.uminho.pt\/en\/event\/to-be-defined-2\/\" title=\"Too Complex? Tax Bills and Information Processing in US Financial Markets\"><div class=\"event-list-item-event\"><div class=\"event-list-item-agroup\"><div class=\"event-list-item-categories\"><span class=\"event-list-item-category seminars\">Seminars<\/span><\/div><span class=\"event-list-item-date\">26.10.2022 <bdi><\/bdi> 13:15<\/span><\/div><span class=\"event-plus seminars\"><\/span><\/div><div class=\"event-list-item-details\"><p class=\"event-list-item-speaker\">Hamza Bennani (Nantes University)<\/p><h3 class=\"event-list-item-title\">Too Complex? Tax Bills and Information Processing in US Financial Markets<\/h3><p class=\"event-list-item-location\">Room -1.26 EEG &amp; Online <\/p><\/div><\/a><\/div><\/div><\/div><div class=\"publication-block event-block\"><div class=\"event-list-item\"><div class=\"event-list-item-image\"><img loading=\"lazy\" decoding=\"async\" width=\"150\" height=\"150\" src=\"https:\/\/nipe.eeg.uminho.pt\/wp-content\/uploads\/2021\/05\/image-2-150x150.jpg\" class=\"project-list-item-image wp-post-image\" alt=\"\" srcset=\"https:\/\/nipe.eeg.uminho.pt\/wp-content\/uploads\/2021\/05\/image-2-150x150.jpg 150w, https:\/\/nipe.eeg.uminho.pt\/wp-content\/uploads\/2021\/05\/image-2-300x300.jpg 300w, https:\/\/nipe.eeg.uminho.pt\/wp-content\/uploads\/2021\/05\/image-2.jpg 400w\" sizes=\"auto, (max-width: 150px) 100vw, 150px\" \/><\/div><div class=\"event-list-item-content\"><a class=\"event-list-item-link\" href=\"https:\/\/nipe.eeg.uminho.pt\/en\/event\/to-be-announced-13\/\" title=\"Which Entrepreneurs Are Financially Constrained?\"><div class=\"event-list-item-event\"><div class=\"event-list-item-agroup\"><div class=\"event-list-item-categories\"><span class=\"event-list-item-category seminars\">Seminars<\/span><\/div><span class=\"event-list-item-date\">19.10.2022 <bdi><\/bdi> 13:00<\/span><\/div><span class=\"event-plus seminars\"><\/span><\/div><div class=\"event-list-item-details\"><p class=\"event-list-item-speaker\">Francisco Queir\u00f3 (NovaSBE) <\/p><h3 class=\"event-list-item-title\">Which Entrepreneurs Are Financially Constrained?<\/h3><p class=\"event-list-item-location\">Room -1.26 EEG &amp; Online <\/p><\/div><\/a><\/div><\/div><\/div><div class=\"publication-block event-block\"><div class=\"event-list-item\"><div class=\"event-list-item-image\"><img loading=\"lazy\" decoding=\"async\" width=\"150\" height=\"150\" src=\"https:\/\/nipe.eeg.uminho.pt\/wp-content\/uploads\/2021\/03\/Sujiao-Zhao-150x150.jpg\" class=\"project-list-item-image wp-post-image\" alt=\"\" \/><\/div><div class=\"event-list-item-content\"><a class=\"event-list-item-link\" href=\"https:\/\/nipe.eeg.uminho.pt\/en\/event\/business-as-usual-bank-lending-under-credit-relief-programs\/\" title=\"Business as Usual? Bank Lending under Credit Relief Programs?\"><div class=\"event-list-item-event\"><div class=\"event-list-item-agroup\"><div class=\"event-list-item-categories\"><span class=\"event-list-item-category seminars\">Seminars<\/span><\/div><span class=\"event-list-item-date\">12.10.2022 <bdi><\/bdi> 13:00<\/span><\/div><span class=\"event-plus seminars\"><\/span><\/div><div class=\"event-list-item-details\"><p class=\"event-list-item-speaker\">Sujiao Zhao (Banco de Portugal)<\/p><h3 class=\"event-list-item-title\">Business as Usual? Bank Lending under Credit Relief Programs?<\/h3><p class=\"event-list-item-location\">Room -1.26 EEG &amp; Online <\/p><\/div><\/a><\/div><\/div><\/div><div class=\"publication-block event-block\"><div class=\"event-list-item\"><div class=\"event-list-item-image\"><img loading=\"lazy\" decoding=\"async\" width=\"150\" height=\"150\" src=\"https:\/\/nipe.eeg.uminho.pt\/wp-content\/uploads\/2022\/03\/alan_sangster-150x150.jpg\" class=\"project-list-item-image wp-post-image\" alt=\"\" \/><\/div><div class=\"event-list-item-content\"><a class=\"event-list-item-link\" href=\"https:\/\/nipe.eeg.uminho.pt\/en\/event\/to-be-announced-3\/\" title=\"Confirmation bias and ignorance of context: accounting history\u2019s curse\"><div class=\"event-list-item-event\"><div class=\"event-list-item-agroup\"><div class=\"event-list-item-categories\"><span class=\"event-list-item-category seminars\">Seminars<\/span><\/div><span class=\"event-list-item-date\">21.09.2022 <bdi><\/bdi> 13:00<\/span><\/div><span class=\"event-plus seminars\"><\/span><\/div><div class=\"event-list-item-details\"><p class=\"event-list-item-speaker\">Alan Sangster (University of Aberdeen)<\/p><h3 class=\"event-list-item-title\">Confirmation bias and ignorance of context: accounting history\u2019s curse<\/h3><p class=\"event-list-item-location\">Room 0.04 EEG- University of Minho: Campus de Gualtar<\/p><\/div><\/a><\/div><\/div><\/div><div class=\"publication-block event-block\"><div class=\"event-list-item\"><div class=\"event-list-item-image\"><img loading=\"lazy\" decoding=\"async\" width=\"150\" height=\"150\" src=\"https:\/\/nipe.eeg.uminho.pt\/wp-content\/uploads\/2021\/05\/01.06.2022-150x150.jpg\" class=\"project-list-item-image wp-post-image\" alt=\"\" \/><\/div><div class=\"event-list-item-content\"><a class=\"event-list-item-link\" href=\"https:\/\/nipe.eeg.uminho.pt\/en\/event\/to-be-announced-4\/\" title=\"More Meat for Boys: Evidence and Perceptions of Discrimination in Restaurants (with Graeme Pearce)\"><div class=\"event-list-item-event\"><div class=\"event-list-item-agroup\"><div class=\"event-list-item-categories\"><span class=\"event-list-item-category seminars\">Seminars<\/span><\/div><span class=\"event-list-item-date\">01.06.2022 <bdi><\/bdi> 11:00<\/span><\/div><span class=\"event-plus seminars\"><\/span><\/div><div class=\"event-list-item-details\"><p class=\"event-list-item-speaker\">Brit Grosskopf (University of Exeter) <\/p><h3 class=\"event-list-item-title\">More Meat for Boys: Evidence and Perceptions of Discrimination in Restaurants (with Graeme Pearce)<\/h3><p class=\"event-list-item-location\">Room 0.04 EEG &amp; Online<\/p><\/div><\/a><\/div><\/div><\/div><div class=\"publication-block event-block\"><div class=\"event-list-item\"><div class=\"event-list-item-image\"><img loading=\"lazy\" decoding=\"async\" width=\"150\" height=\"150\" src=\"https:\/\/nipe.eeg.uminho.pt\/wp-content\/uploads\/2021\/05\/26.01.2022-150x150.png\" class=\"project-list-item-image wp-post-image\" alt=\"\" srcset=\"https:\/\/nipe.eeg.uminho.pt\/wp-content\/uploads\/2021\/05\/26.01.2022-150x150.png 150w, https:\/\/nipe.eeg.uminho.pt\/wp-content\/uploads\/2021\/05\/26.01.2022.png 268w\" sizes=\"auto, (max-width: 150px) 100vw, 150px\" \/><\/div><div class=\"event-list-item-content\"><a class=\"event-list-item-link\" href=\"https:\/\/nipe.eeg.uminho.pt\/en\/event\/sovereign-bank-diabolic-loop-the-government-procurement-channel\/\" title=\"Sovereign-Bank Diabolic Loop: The Government Procurement Channel\"><div class=\"event-list-item-event\"><div class=\"event-list-item-agroup\"><div class=\"event-list-item-categories\"><span class=\"event-list-item-category seminars\">Seminars<\/span><\/div><span class=\"event-list-item-date\">25.05.2022 <bdi><\/bdi> 11:00<\/span><\/div><span class=\"event-plus seminars\"><\/span><\/div><div class=\"event-list-item-details\"><p class=\"event-list-item-speaker\">Diana Bonfim (Banco de Portugal &amp; UCP)<\/p><h3 class=\"event-list-item-title\">Sovereign-Bank Diabolic Loop: The Government Procurement Channel<\/h3><p class=\"event-list-item-location\">Room 0.04 EEG &amp; Online<\/p><\/div><\/a><\/div><\/div><\/div><div class=\"publication-block event-block\"><div class=\"event-list-item\"><div class=\"event-list-item-image\"><img loading=\"lazy\" decoding=\"async\" width=\"150\" height=\"150\" src=\"https:\/\/nipe.eeg.uminho.pt\/wp-content\/uploads\/2016\/05\/Capturar-150x150.png\" class=\"project-list-item-image wp-post-image\" alt=\"\" \/><\/div><div class=\"event-list-item-content\"><a class=\"event-list-item-link\" href=\"https:\/\/nipe.eeg.uminho.pt\/en\/event\/to-be-announced-7\/\" title=\"Firm-level Technological Change and Skill Demand\"><div class=\"event-list-item-event\"><div class=\"event-list-item-agroup\"><div class=\"event-list-item-categories\"><span class=\"event-list-item-category seminars\">Seminars<\/span><\/div><span class=\"event-list-item-date\">04.05.2022 <bdi><\/bdi> 11:00<\/span><\/div><span class=\"event-plus seminars\"><\/span><\/div><div class=\"event-list-item-details\"><p class=\"event-list-item-speaker\">Bal\u00e1zs Murak\u00f6zy (University of Liverpool)<\/p><h3 class=\"event-list-item-title\">Firm-level Technological Change and Skill Demand<\/h3><p class=\"event-list-item-location\">Room -1.26 EEG &amp; Online<\/p><\/div><\/a><\/div><\/div><\/div><div class=\"publication-block event-block\"><div class=\"event-list-item\"><div class=\"event-list-item-image\"><img loading=\"lazy\" decoding=\"async\" width=\"150\" height=\"150\" src=\"https:\/\/nipe.eeg.uminho.pt\/wp-content\/uploads\/2022\/03\/fco-silva-150x150.png\" class=\"project-list-item-image wp-post-image\" alt=\"\" \/><\/div><div class=\"event-list-item-content\"><a class=\"event-list-item-link\" href=\"https:\/\/nipe.eeg.uminho.pt\/en\/event\/assignment-mechanisms-with-public-preferences-and-independent-types\/\" title=\"Assignment mechanisms with public preferences and independent types\"><div class=\"event-list-item-event\"><div class=\"event-list-item-agroup\"><div class=\"event-list-item-categories\"><span class=\"event-list-item-category seminars\">Seminars<\/span><\/div><span class=\"event-list-item-date\">27.04.2022 <bdi><\/bdi> 11:00<\/span><\/div><span class=\"event-plus seminars\"><\/span><\/div><div class=\"event-list-item-details\"><p class=\"event-list-item-speaker\">Francisco Silva (Pontificia Universidad Catolica de Chile)<\/p><h3 class=\"event-list-item-title\">Assignment mechanisms with public preferences and independent types<\/h3><p class=\"event-list-item-location\">Online<\/p><\/div><\/a><\/div><\/div><\/div><div class=\"publication-block event-block\"><div class=\"event-list-item\"><div class=\"event-list-item-image\"><img loading=\"lazy\" decoding=\"async\" width=\"150\" height=\"150\" src=\"https:\/\/nipe.eeg.uminho.pt\/wp-content\/uploads\/2021\/12\/ClaudiaCustodio-150x150.jpg\" class=\"project-list-item-image wp-post-image\" alt=\"\" \/><\/div><div class=\"event-list-item-content\"><a class=\"event-list-item-link\" href=\"https:\/\/nipe.eeg.uminho.pt\/en\/event\/to-be-announced\/\" title=\"Information Frictions and Firm Take up of Government Support: A Randomised Controlled Experiment\"><div class=\"event-list-item-event\"><div class=\"event-list-item-agroup\"><div class=\"event-list-item-categories\"><span class=\"event-list-item-category seminars\">Seminars<\/span><\/div><span class=\"event-list-item-date\">20.04.2022 <bdi><\/bdi> 11:00<\/span><\/div><span class=\"event-plus seminars\"><\/span><\/div><div class=\"event-list-item-details\"><p class=\"event-list-item-speaker\">Cl\u00e1udia Cust\u00f3dio (Imperial College London)<\/p><h3 class=\"event-list-item-title\">Information Frictions and Firm Take up of Government Support: A Randomised Controlled Experiment<\/h3><p class=\"event-list-item-location\">Online<\/p><\/div><\/a><\/div><\/div><\/div><div class=\"publication-block event-block\"><div class=\"event-list-item\"><div class=\"event-list-item-image\"><img loading=\"lazy\" decoding=\"async\" width=\"150\" height=\"150\" src=\"https:\/\/nipe.eeg.uminho.pt\/wp-content\/uploads\/2022\/02\/cvfoto-poutvaara-150x150.jpg\" class=\"project-list-item-image wp-post-image\" alt=\"\" srcset=\"https:\/\/nipe.eeg.uminho.pt\/wp-content\/uploads\/2022\/02\/cvfoto-poutvaara-150x150.jpg 150w, https:\/\/nipe.eeg.uminho.pt\/wp-content\/uploads\/2022\/02\/cvfoto-poutvaara-300x300.jpg 300w, https:\/\/nipe.eeg.uminho.pt\/wp-content\/uploads\/2022\/02\/cvfoto-poutvaara.jpg 600w\" sizes=\"auto, (max-width: 150px) 100vw, 150px\" \/><\/div><div class=\"event-list-item-content\"><a class=\"event-list-item-link\" href=\"https:\/\/nipe.eeg.uminho.pt\/en\/event\/self-selection-of-emigrants-from-finland\/\" title=\"Decomposing Migrant Self-selection: Education, Occupation, and Unobserved Abilities (with Ilpo Kauppinen)\"><div class=\"event-list-item-event\"><div class=\"event-list-item-agroup\"><div class=\"event-list-item-categories\"><span class=\"event-list-item-category seminars\">Seminars<\/span><\/div><span class=\"event-list-item-date\">06.04.2022 <bdi><\/bdi> 11:00<\/span><\/div><span class=\"event-plus seminars\"><\/span><\/div><div class=\"event-list-item-details\"><p class=\"event-list-item-speaker\">Panu Poutvaara (IFO institute)<\/p><h3 class=\"event-list-item-title\">Decomposing Migrant Self-selection: Education, Occupation, and Unobserved Abilities (with Ilpo Kauppinen)<\/h3><p class=\"event-list-item-location\">Sala 0.04 EEG - UMinho &amp; Online<\/p><\/div><\/a><\/div><\/div><\/div><div class=\"publication-block event-block\"><div class=\"event-list-item\"><div class=\"event-list-item-image\"><img loading=\"lazy\" decoding=\"async\" width=\"150\" height=\"150\" src=\"https:\/\/nipe.eeg.uminho.pt\/wp-content\/uploads\/2022\/02\/MarianaTavares-150x150.png\" class=\"project-list-item-image wp-post-image\" alt=\"\" \/><\/div><div class=\"event-list-item-content\"><a class=\"event-list-item-link\" href=\"https:\/\/nipe.eeg.uminho.pt\/en\/event\/to-be-announced-2\/\" title=\"When is &#8220;enough&#8221; enough? The role of student effort in explaining achievement gaps\"><div class=\"event-list-item-event\"><div class=\"event-list-item-agroup\"><div class=\"event-list-item-categories\"><span class=\"event-list-item-category seminars\">Seminars<\/span><\/div><span class=\"event-list-item-date\">30.03.2022 <bdi><\/bdi> 11:00<\/span><\/div><span class=\"event-plus seminars\"><\/span><\/div><div class=\"event-list-item-details\"><p class=\"event-list-item-speaker\">Mariana Pimentel Tavares (Maastricht University)<\/p><h3 class=\"event-list-item-title\">When is &#8220;enough&#8221; enough? The role of student effort in explaining achievement gaps<\/h3><p class=\"event-list-item-location\">Room -1.26 EEG &amp; Online<\/p><\/div><\/a><\/div><\/div><\/div><div class=\"publication-block event-block\"><div class=\"event-list-item\"><div class=\"event-list-item-image\"><img loading=\"lazy\" decoding=\"async\" width=\"150\" height=\"150\" src=\"https:\/\/nipe.eeg.uminho.pt\/wp-content\/uploads\/2021\/05\/image-1-150x150.jpg\" class=\"project-list-item-image wp-post-image\" alt=\"\" \/><\/div><div class=\"event-list-item-content\"><a class=\"event-list-item-link\" href=\"https:\/\/nipe.eeg.uminho.pt\/en\/event\/to-be-announced-12\/\" title=\"How to estimate causal impacts in case of all-treated areas? The machine learning control method for time-series cross-sectional data\"><div class=\"event-list-item-event\"><div class=\"event-list-item-agroup\"><div class=\"event-list-item-categories\"><span class=\"event-list-item-category seminars\">Seminars<\/span><\/div><span class=\"event-list-item-date\">23.03.2022 <bdi><\/bdi> 11:00<\/span><\/div><span class=\"event-plus seminars\"><\/span><\/div><div class=\"event-list-item-details\"><p class=\"event-list-item-speaker\">August Cerqua (Sapienza University of Rome) <\/p><h3 class=\"event-list-item-title\">How to estimate causal impacts in case of all-treated areas? The machine learning control method for time-series cross-sectional data<\/h3><p class=\"event-list-item-location\">Room 0.04 EEG &amp; Online<\/p><\/div><\/a><\/div><\/div><\/div><div class=\"publication-block event-block\"><div class=\"event-list-item\"><div class=\"event-list-item-image\"><img loading=\"lazy\" decoding=\"async\" width=\"150\" height=\"150\" src=\"https:\/\/nipe.eeg.uminho.pt\/wp-content\/uploads\/2021\/11\/Rebelo-Sergio-150x150.jpg\" class=\"project-list-item-image wp-post-image\" alt=\"\" \/><\/div><div class=\"event-list-item-content\"><a class=\"event-list-item-link\" href=\"https:\/\/nipe.eeg.uminho.pt\/en\/event\/how-do-people-respond-to-small-probability-events-with-large-negative-consequences-with-martin-eichenbaum-miguel-godinho-de-matos-francisco-lima-and-mathias-trabandt\/\" title=\"How do People Respond to Small Probability Events with Large, Negative Consequences?\"><div class=\"event-list-item-event\"><div class=\"event-list-item-agroup\"><div class=\"event-list-item-categories\"><span class=\"event-list-item-category seminars\">Seminars<\/span><\/div><span class=\"event-list-item-date\">16.03.2022 <bdi><\/bdi> 16:00<\/span><\/div><span class=\"event-plus seminars\"><\/span><\/div><div class=\"event-list-item-details\"><p class=\"event-list-item-speaker\">S\u00e9rgio Rebelo (Kellogg School of Management - Northwestern University)<\/p><h3 class=\"event-list-item-title\">How do People Respond to Small Probability Events with Large, Negative Consequences?<\/h3><p class=\"event-list-item-location\">Online<\/p><\/div><\/a><\/div><\/div><\/div><div class=\"publication-block event-block\"><div class=\"event-list-item\"><div class=\"event-list-item-image\"><img loading=\"lazy\" decoding=\"async\" width=\"150\" height=\"150\" src=\"https:\/\/nipe.eeg.uminho.pt\/wp-content\/uploads\/2021\/05\/image-150x150.jpg\" class=\"project-list-item-image wp-post-image\" alt=\"\" srcset=\"https:\/\/nipe.eeg.uminho.pt\/wp-content\/uploads\/2021\/05\/image-150x150.jpg 150w, https:\/\/nipe.eeg.uminho.pt\/wp-content\/uploads\/2021\/05\/image-300x300.jpg 300w, https:\/\/nipe.eeg.uminho.pt\/wp-content\/uploads\/2021\/05\/image-1024x1024.jpg 1024w\" sizes=\"auto, (max-width: 150px) 100vw, 150px\" \/><\/div><div class=\"event-list-item-content\"><a class=\"event-list-item-link\" href=\"https:\/\/nipe.eeg.uminho.pt\/en\/event\/the-dynamics-of-inventors-employers-and-innovation\/\" title=\"The Dynamics of Inventors, Employers, and Innovation\"><div class=\"event-list-item-event\"><div class=\"event-list-item-agroup\"><div class=\"event-list-item-categories\"><span class=\"event-list-item-category seminars\">Seminars<\/span><\/div><span class=\"event-list-item-date\">09.03.2022 <bdi><\/bdi> 11:00<\/span><\/div><span class=\"event-plus seminars\"><\/span><\/div><div class=\"event-list-item-details\"><p class=\"event-list-item-speaker\">Luis Cabral (NYU) <\/p><h3 class=\"event-list-item-title\">The Dynamics of Inventors, Employers, and Innovation<\/h3><p class=\"event-list-item-location\">Auditorium 0.03 EEG &amp; Online<\/p><\/div><\/a><\/div><\/div><\/div><div class=\"publication-block event-block\"><div class=\"event-list-item\"><div class=\"event-list-item-image\"><img loading=\"lazy\" decoding=\"async\" width=\"150\" height=\"150\" src=\"https:\/\/nipe.eeg.uminho.pt\/wp-content\/uploads\/2021\/05\/image-150x150.jpg\" class=\"project-list-item-image wp-post-image\" alt=\"\" srcset=\"https:\/\/nipe.eeg.uminho.pt\/wp-content\/uploads\/2021\/05\/image-150x150.jpg 150w, https:\/\/nipe.eeg.uminho.pt\/wp-content\/uploads\/2021\/05\/image-300x300.jpg 300w, https:\/\/nipe.eeg.uminho.pt\/wp-content\/uploads\/2021\/05\/image-1024x1024.jpg 1024w\" sizes=\"auto, (max-width: 150px) 100vw, 150px\" \/><\/div><div class=\"event-list-item-content\"><a class=\"event-list-item-link\" href=\"https:\/\/nipe.eeg.uminho.pt\/en\/event\/teaching-economics-in-the-21st-century\/\" title=\"Teaching economics in the 21st century\"><div class=\"event-list-item-event\"><div class=\"event-list-item-agroup\"><div class=\"event-list-item-categories\"><span class=\"event-list-item-category seminars\">Seminars<\/span><\/div><span class=\"event-list-item-date\">09.03.2022 <bdi><\/bdi> 09:30<\/span><\/div><span class=\"event-plus seminars\"><\/span><\/div><div class=\"event-list-item-details\"><p class=\"event-list-item-speaker\">Luis Cabral (NYU)<\/p><h3 class=\"event-list-item-title\">Teaching economics in the 21st century<\/h3><p class=\"event-list-item-location\">Auditorium 0.03 EEG<\/p><\/div><\/a><\/div><\/div><\/div><div class=\"publication-block event-block\"><div class=\"event-list-item\"><div class=\"event-list-item-image\"><img loading=\"lazy\" decoding=\"async\" width=\"150\" height=\"150\" src=\"https:\/\/nipe.eeg.uminho.pt\/wp-content\/uploads\/2021\/05\/Capturar-3-150x150.png\" class=\"project-list-item-image wp-post-image\" alt=\"\" srcset=\"https:\/\/nipe.eeg.uminho.pt\/wp-content\/uploads\/2021\/05\/Capturar-3-150x150.png 150w, https:\/\/nipe.eeg.uminho.pt\/wp-content\/uploads\/2021\/05\/Capturar-3.png 199w\" sizes=\"auto, (max-width: 150px) 100vw, 150px\" \/><\/div><div class=\"event-list-item-content\"><a class=\"event-list-item-link\" href=\"https:\/\/nipe.eeg.uminho.pt\/en\/event\/employment-effects-of-restricting-fixed-term-contracts-theory-and-evidence\/\" title=\"Employment Effects of Restricting Fixed-Term Contracts: Theory and Evidence\"><div class=\"event-list-item-event\"><div class=\"event-list-item-agroup\"><div class=\"event-list-item-categories\"><span class=\"event-list-item-category seminars\">Seminars<\/span><\/div><span class=\"event-list-item-date\">16.02.2022 <bdi><\/bdi> 11:00<\/span><\/div><span class=\"event-plus seminars\"><\/span><\/div><div class=\"event-list-item-details\"><p class=\"event-list-item-speaker\">Pedro Martins (Nova SBE)<\/p><h3 class=\"event-list-item-title\">Employment Effects of Restricting Fixed-Term Contracts: Theory and Evidence<\/h3><p class=\"event-list-item-location\">Online<\/p><\/div><\/a><\/div><\/div><\/div><div class=\"publication-block event-block\"><div class=\"event-list-item\"><div class=\"event-list-item-image\"><img loading=\"lazy\" decoding=\"async\" width=\"150\" height=\"150\" src=\"https:\/\/nipe.eeg.uminho.pt\/wp-content\/uploads\/2021\/05\/Lia-Flores-150x150.png\" class=\"project-list-item-image wp-post-image\" alt=\"\" \/><\/div><div class=\"event-list-item-content\"><a class=\"event-list-item-link\" href=\"https:\/\/nipe.eeg.uminho.pt\/en\/event\/do-in-group-biases-lead-to-overconfidence-in-performance-experimental-evidence\/\" title=\"Do in-group biases lead to overconfidence in performance? Experimental evidence\"><div class=\"event-list-item-event\"><div class=\"event-list-item-agroup\"><div class=\"event-list-item-categories\"><span class=\"event-list-item-category seminars\">Seminars<\/span><\/div><span class=\"event-list-item-date\">12.01.2022 <bdi><\/bdi> 11:00<\/span><\/div><span class=\"event-plus seminars\"><\/span><\/div><div class=\"event-list-item-details\"><p class=\"event-list-item-speaker\">Lia Flores (University of Porto)<\/p><h3 class=\"event-list-item-title\">Do in-group biases lead to overconfidence in performance? Experimental evidence<\/h3><p class=\"event-list-item-location\">Online<\/p><\/div><\/a><\/div><\/div><\/div><\/div><div id=\"events-seminars-2021\" role=\"tabpanel\" class=\"tabs-pane fade\"><div class=\"publication-block event-block\"><div class=\"event-list-item\"><div class=\"event-list-item-image\"><img loading=\"lazy\" decoding=\"async\" width=\"150\" height=\"150\" src=\"https:\/\/nipe.eeg.uminho.pt\/wp-content\/uploads\/2021\/05\/foto-150x150.png\" class=\"project-list-item-image wp-post-image\" alt=\"\" srcset=\"https:\/\/nipe.eeg.uminho.pt\/wp-content\/uploads\/2021\/05\/foto-150x150.png 150w, https:\/\/nipe.eeg.uminho.pt\/wp-content\/uploads\/2021\/05\/foto.png 240w\" sizes=\"auto, (max-width: 150px) 100vw, 150px\" \/><\/div><div class=\"event-list-item-content\"><a class=\"event-list-item-link\" href=\"https:\/\/nipe.eeg.uminho.pt\/en\/event\/what-to-target-insights-from-a-lab-experiment\/\" title=\"What To Target? Insights from a lab experiment\"><div class=\"event-list-item-event\"><div class=\"event-list-item-agroup\"><div class=\"event-list-item-categories\"><span class=\"event-list-item-category seminars\">Seminars<\/span><\/div><span class=\"event-list-item-date\">22.12.2021 <bdi><\/bdi> 11:00<\/span><\/div><span class=\"event-plus seminars\"><\/span><\/div><div class=\"event-list-item-details\"><p class=\"event-list-item-speaker\">Isabelle L. Salle (Bank of Canada, University of Amsterdam and Tinbergen Institute)<\/p><h3 class=\"event-list-item-title\">What To Target? Insights from a lab experiment<\/h3><p class=\"event-list-item-location\">Online<\/p><\/div><\/a><\/div><\/div><\/div><div class=\"publication-block event-block\"><div class=\"event-list-item\"><div class=\"event-list-item-image\"><img loading=\"lazy\" decoding=\"async\" width=\"150\" height=\"150\" src=\"https:\/\/nipe.eeg.uminho.pt\/wp-content\/uploads\/2021\/05\/24.11.2021-150x150.jpg\" class=\"project-list-item-image wp-post-image\" alt=\"\" \/><\/div><div class=\"event-list-item-content\"><a class=\"event-list-item-link\" href=\"https:\/\/nipe.eeg.uminho.pt\/en\/event\/up-and-down-the-value-added-tax\/\" title=\"Up and Down the Value-Added Tax\"><div class=\"event-list-item-event\"><div class=\"event-list-item-agroup\"><div class=\"event-list-item-categories\"><span class=\"event-list-item-category seminars\">Seminars<\/span><\/div><span class=\"event-list-item-date\">24.11.2021 <bdi><\/bdi> 11:00<\/span><\/div><span class=\"event-plus seminars\"><\/span><\/div><div class=\"event-list-item-details\"><p class=\"event-list-item-speaker\">Jo\u00e3o Pereira dos Santos (NovaSBE) <\/p><h3 class=\"event-list-item-title\">Up and Down the Value-Added Tax<\/h3><p class=\"event-list-item-location\">Room -1.26 EEG & Online<\/p><\/div><\/a><\/div><\/div><\/div><div class=\"publication-block event-block\"><div class=\"event-list-item\"><div class=\"event-list-item-image\"><img loading=\"lazy\" decoding=\"async\" width=\"150\" height=\"150\" src=\"https:\/\/nipe.eeg.uminho.pt\/wp-content\/uploads\/2021\/05\/csm_Ben_Greiner_2019_7587ef2927-150x150.jpg\" class=\"project-list-item-image wp-post-image\" alt=\"\" srcset=\"https:\/\/nipe.eeg.uminho.pt\/wp-content\/uploads\/2021\/05\/csm_Ben_Greiner_2019_7587ef2927-150x150.jpg 150w, https:\/\/nipe.eeg.uminho.pt\/wp-content\/uploads\/2021\/05\/csm_Ben_Greiner_2019_7587ef2927.jpg 290w\" sizes=\"auto, (max-width: 150px) 100vw, 150px\" \/><\/div><div class=\"event-list-item-content\"><a class=\"event-list-item-link\" href=\"https:\/\/nipe.eeg.uminho.pt\/en\/event\/the-effect-of-a-none-of-the-above-ballot-paper-option-on-voting-behavior-and-election-outcomes\/\" title=\"The effect of a &#8220;None of the above&#8221; ballot paper option on voting behavior and election outcomes\u00a0\"><div class=\"event-list-item-event\"><div class=\"event-list-item-agroup\"><div class=\"event-list-item-categories\"><span class=\"event-list-item-category seminars\">Seminars<\/span><\/div><span class=\"event-list-item-date\">10.11.2021 <bdi><\/bdi> 11:00<\/span><\/div><span class=\"event-plus seminars\"><\/span><\/div><div class=\"event-list-item-details\"><p class=\"event-list-item-speaker\">Ben Greiner (WU Vienna) <\/p><h3 class=\"event-list-item-title\">The effect of a &#8220;None of the above&#8221; ballot paper option on voting behavior and election outcomes\u00a0<\/h3><p class=\"event-list-item-location\">Online<\/p><\/div><\/a><\/div><\/div><\/div><div class=\"publication-block event-block\"><div class=\"event-list-item\"><div class=\"event-list-item-image\"><img loading=\"lazy\" decoding=\"async\" width=\"150\" height=\"150\" src=\"https:\/\/nipe.eeg.uminho.pt\/wp-content\/uploads\/2021\/11\/NIPE-logo_rper-150x150.png\" class=\"project-list-item-image wp-post-image\" alt=\"\" srcset=\"https:\/\/nipe.eeg.uminho.pt\/wp-content\/uploads\/2021\/11\/NIPE-logo_rper-150x150.png 150w, https:\/\/nipe.eeg.uminho.pt\/wp-content\/uploads\/2021\/11\/NIPE-logo_rper-300x300.png 300w, https:\/\/nipe.eeg.uminho.pt\/wp-content\/uploads\/2021\/11\/NIPE-logo_rper.png 400w\" sizes=\"auto, (max-width: 150px) 100vw, 150px\" \/><\/div><div class=\"event-list-item-content\"><a class=\"event-list-item-link\" href=\"https:\/\/nipe.eeg.uminho.pt\/en\/event\/european-football-in-the-eyes-of-consumers\/\" title=\"European football in the eyes of consumers\"><div class=\"event-list-item-event\"><div class=\"event-list-item-agroup\"><div class=\"event-list-item-categories\"><span class=\"event-list-item-category seminars\">Seminars<\/span><\/div><span class=\"event-list-item-date\">27.10.2021 <bdi><\/bdi> 11:00<\/span><\/div><span class=\"event-plus seminars\"><\/span><\/div><div class=\"event-list-item-details\"><p class=\"event-list-item-speaker\">Anthony Macedo (University of Aveiro)<\/p><h3 class=\"event-list-item-title\">European football in the eyes of consumers<\/h3><p class=\"event-list-item-location\">Room -1.26 EEG &amp; Online<\/p><\/div><\/a><\/div><\/div><\/div><div class=\"publication-block event-block\"><div class=\"event-list-item\"><div class=\"event-list-item-image\"><img loading=\"lazy\" decoding=\"async\" width=\"150\" height=\"150\" src=\"https:\/\/nipe.eeg.uminho.pt\/wp-content\/uploads\/2021\/06\/Miraldo-Marisa-150x150.jpg\" class=\"project-list-item-image wp-post-image\" alt=\"\" srcset=\"https:\/\/nipe.eeg.uminho.pt\/wp-content\/uploads\/2021\/06\/Miraldo-Marisa-150x150.jpg 150w, https:\/\/nipe.eeg.uminho.pt\/wp-content\/uploads\/2021\/06\/Miraldo-Marisa.jpg 300w\" sizes=\"auto, (max-width: 150px) 100vw, 150px\" \/><\/div><div class=\"event-list-item-content\"><a class=\"event-list-item-link\" href=\"https:\/\/nipe.eeg.uminho.pt\/en\/event\/innovation-diffusion-and-physician-networks-keyhole-surgery-for-cancer-in-the-english-nhs\/\" title=\"Innovation Diffusion and Physician Networks: Keyhole Surgery for Cancer in the English NHS\"><div class=\"event-list-item-event\"><div class=\"event-list-item-agroup\"><div class=\"event-list-item-categories\"><span class=\"event-list-item-category seminars\">Seminars<\/span><\/div><span class=\"event-list-item-date\">13.10.2021 <bdi><\/bdi> 11:00<\/span><\/div><span class=\"event-plus seminars\"><\/span><\/div><div class=\"event-list-item-details\"><p class=\"event-list-item-speaker\">Marisa Miraldo (Imperial College of London) <\/p><h3 class=\"event-list-item-title\">Innovation Diffusion and Physician Networks: Keyhole Surgery for Cancer in the English NHS<\/h3><p class=\"event-list-item-location\">Online<\/p><\/div><\/a><\/div><\/div><\/div><div class=\"publication-block event-block\"><div class=\"event-list-item\"><div class=\"event-list-item-image\"><img loading=\"lazy\" decoding=\"async\" width=\"150\" height=\"150\" src=\"https:\/\/nipe.eeg.uminho.pt\/wp-content\/uploads\/2021\/05\/29.09.2021-150x150.jpg\" class=\"project-list-item-image wp-post-image\" alt=\"\" \/><\/div><div class=\"event-list-item-content\"><a class=\"event-list-item-link\" href=\"https:\/\/nipe.eeg.uminho.pt\/en\/event\/unravelling-deep-integration-local-labour-market-effects-of-the-brexit-vote\/\" title=\"Unravelling Deep Integration: Local Labour Market Effects of the Brexit Vote\"><div class=\"event-list-item-event\"><div class=\"event-list-item-agroup\"><div class=\"event-list-item-categories\"><span class=\"event-list-item-category seminars\">Seminars<\/span><\/div><span class=\"event-list-item-date\">29.09.2021 <bdi><\/bdi> 11:00<\/span><\/div><span class=\"event-plus seminars\"><\/span><\/div><div class=\"event-list-item-details\"><p class=\"event-list-item-speaker\">Beata Javorcik (University of Oxford)<\/p><h3 class=\"event-list-item-title\">Unravelling Deep Integration: Local Labour Market Effects of the Brexit Vote<\/h3><p class=\"event-list-item-location\">Online<\/p><\/div><\/a><\/div><\/div><\/div><div class=\"publication-block event-block\"><div class=\"event-list-item\"><div class=\"event-list-item-image\"><img loading=\"lazy\" decoding=\"async\" width=\"150\" height=\"150\" src=\"https:\/\/nipe.eeg.uminho.pt\/wp-content\/uploads\/2021\/05\/photo_391-150x150.jpeg\" class=\"project-list-item-image wp-post-image\" alt=\"\" srcset=\"https:\/\/nipe.eeg.uminho.pt\/wp-content\/uploads\/2021\/05\/photo_391-150x150.jpeg 150w, https:\/\/nipe.eeg.uminho.pt\/wp-content\/uploads\/2021\/05\/photo_391.jpeg 170w\" sizes=\"auto, (max-width: 150px) 100vw, 150px\" \/><\/div><div class=\"event-list-item-content\"><a class=\"event-list-item-link\" href=\"https:\/\/nipe.eeg.uminho.pt\/en\/event\/shareholders-and-the-environment-a-review-of-four-decades-of-academic-research\/\" title=\"Shareholders and the Environment: A Review of Four Decades of Academic Research\"><div class=\"event-list-item-event\"><div class=\"event-list-item-agroup\"><div class=\"event-list-item-categories\"><span class=\"event-list-item-category seminars\">Seminars<\/span><\/div><span class=\"event-list-item-date\">15.09.2021 <bdi><\/bdi> 11:00<\/span><\/div><span class=\"event-plus seminars\"><\/span><\/div><div class=\"event-list-item-details\"><p class=\"event-list-item-speaker\">Gunther Cappelle-Blancard (Universit\u00e9 Paris 1 Panth\u00e9on-Sorbonne) <\/p><h3 class=\"event-list-item-title\">Shareholders and the Environment: A Review of Four Decades of Academic Research<\/h3><p class=\"event-list-item-location\">Braga<\/p><\/div><\/a><\/div><\/div><\/div><div class=\"publication-block event-block\"><div class=\"event-list-item\"><div class=\"event-list-item-image\"><img loading=\"lazy\" decoding=\"async\" width=\"150\" height=\"150\" src=\"https:\/\/nipe.eeg.uminho.pt\/wp-content\/uploads\/2021\/04\/Felicidades-meu-amo-1-150x150.png\" class=\"project-list-item-image wp-post-image\" alt=\"\" srcset=\"https:\/\/nipe.eeg.uminho.pt\/wp-content\/uploads\/2021\/04\/Felicidades-meu-amo-1-150x150.png 150w, https:\/\/nipe.eeg.uminho.pt\/wp-content\/uploads\/2021\/04\/Felicidades-meu-amo-1-300x300.png 300w, https:\/\/nipe.eeg.uminho.pt\/wp-content\/uploads\/2021\/04\/Felicidades-meu-amo-1-1024x1024.png 1024w, https:\/\/nipe.eeg.uminho.pt\/wp-content\/uploads\/2021\/04\/Felicidades-meu-amo-1.png 1080w\" sizes=\"auto, (max-width: 150px) 100vw, 150px\" \/><\/div><div class=\"event-list-item-content\"><a class=\"event-list-item-link\" href=\"https:\/\/nipe.eeg.uminho.pt\/en\/event\/ethnic-mixing-in-early-childhood-evidence-from-a-randomized-field-experiment-and-a-structural-model\/\" title=\"Ethnic Mixing in Early Childhood: Evidence from a Randomized Field Experiment and a Structural Model\"><div class=\"event-list-item-event\"><div class=\"event-list-item-agroup\"><div class=\"event-list-item-categories\"><span class=\"event-list-item-category seminars\">Seminars<\/span><\/div><span class=\"event-list-item-date\">23.06.2021 <bdi><\/bdi> 11:00<\/span><\/div><span class=\"event-plus seminars\"><\/span><\/div><div class=\"event-list-item-details\"><p class=\"event-list-item-speaker\">Michael Vlassopoulos (University of Southampton)<\/p><h3 class=\"event-list-item-title\">Ethnic Mixing in Early Childhood: Evidence from a Randomized Field Experiment and a Structural Model<\/h3><p class=\"event-list-item-location\">Online<\/p><\/div><\/a><\/div><\/div><\/div><div class=\"publication-block event-block\"><div class=\"event-list-item\"><div class=\"event-list-item-image\"><img loading=\"lazy\" decoding=\"async\" width=\"150\" height=\"150\" src=\"https:\/\/nipe.eeg.uminho.pt\/wp-content\/uploads\/2021\/05\/arellano-150x150.png\" class=\"project-list-item-image wp-post-image\" alt=\"\" \/><\/div><div class=\"event-list-item-content\"><a class=\"event-list-item-link\" href=\"https:\/\/nipe.eeg.uminho.pt\/en\/event\/modelling-subjective-probability-distributions-for-future-income\/\" title=\"Modelling subjective probability distributions for future income\"><div class=\"event-list-item-event\"><div class=\"event-list-item-agroup\"><div class=\"event-list-item-categories\"><span class=\"event-list-item-category seminars\">Seminars<\/span><\/div><span class=\"event-list-item-date\">19.06.2021 <bdi><\/bdi> 10:00<\/span><\/div><span class=\"event-plus seminars\"><\/span><\/div><div class=\"event-list-item-details\"><p class=\"event-list-item-speaker\">Manuel Arellano (CEMFI)<\/p><h3 class=\"event-list-item-title\">Modelling subjective probability distributions for future income<\/h3><p class=\"event-list-item-location\">Online<\/p><\/div><\/a><\/div><\/div><\/div><div class=\"publication-block event-block\"><div class=\"event-list-item\"><div class=\"event-list-item-image\"><img loading=\"lazy\" decoding=\"async\" width=\"150\" height=\"150\" src=\"https:\/\/nipe.eeg.uminho.pt\/wp-content\/uploads\/2021\/06\/Felicidades-meu-amo-5-150x150.png\" class=\"project-list-item-image wp-post-image\" alt=\"\" srcset=\"https:\/\/nipe.eeg.uminho.pt\/wp-content\/uploads\/2021\/06\/Felicidades-meu-amo-5-150x150.png 150w, https:\/\/nipe.eeg.uminho.pt\/wp-content\/uploads\/2021\/06\/Felicidades-meu-amo-5-300x300.png 300w, https:\/\/nipe.eeg.uminho.pt\/wp-content\/uploads\/2021\/06\/Felicidades-meu-amo-5-1024x1024.png 1024w, https:\/\/nipe.eeg.uminho.pt\/wp-content\/uploads\/2021\/06\/Felicidades-meu-amo-5.png 1080w\" sizes=\"auto, (max-width: 150px) 100vw, 150px\" \/><\/div><div class=\"event-list-item-content\"><a class=\"event-list-item-link\" href=\"https:\/\/nipe.eeg.uminho.pt\/en\/event\/competition-and-gender-inequality-a-comprehensive-analysis-of-effects-and-mechanisms\/\" title=\"Competition and Gender Inequality: a comprehensive analysis of effects and mechanisms\"><div class=\"event-list-item-event\"><div class=\"event-list-item-agroup\"><div class=\"event-list-item-categories\"><span class=\"event-list-item-category seminars\">Seminars<\/span><\/div><span class=\"event-list-item-date\">09.06.2021 <bdi><\/bdi> 11:00<\/span><\/div><span class=\"event-plus seminars\"><\/span><\/div><div class=\"event-list-item-details\"><p class=\"event-list-item-speaker\">Jordi Brandts (IAE-CSIC and Barcelona GSE)<\/p><h3 class=\"event-list-item-title\">Competition and Gender Inequality: a comprehensive analysis of effects and mechanisms<\/h3><p class=\"event-list-item-location\">Online<\/p><\/div><\/a><\/div><\/div><\/div><div class=\"publication-block event-block\"><div class=\"event-list-item\"><div class=\"event-list-item-image\"><img loading=\"lazy\" decoding=\"async\" width=\"150\" height=\"150\" src=\"https:\/\/nipe.eeg.uminho.pt\/wp-content\/uploads\/2021\/03\/ImagemEvento-_4_-1-150x150.jpg\" class=\"project-list-item-image wp-post-image\" alt=\"\" \/><\/div><div class=\"event-list-item-content\"><a class=\"event-list-item-link\" href=\"https:\/\/nipe.eeg.uminho.pt\/en\/event\/policy-matters-a-cross-country-study-on-the-impact-of-drug-policy-on-prevalence-rates\/\" title=\"Policy Matters! A Cross-Country Study on the Impact of Drug Policy on Prevalence Rates\"><div class=\"event-list-item-event\"><div class=\"event-list-item-agroup\"><div class=\"event-list-item-categories\"><span class=\"event-list-item-category seminars\">Seminars<\/span><\/div><span class=\"event-list-item-date\">12.05.2021 <bdi><\/bdi> 11:00<\/span><\/div><span class=\"event-plus seminars\"><\/span><\/div><div class=\"event-list-item-details\"><p class=\"event-list-item-speaker\">Ricardo Gon\u00e7alves (Cat\u00f3lica Porto Business School)<\/p><h3 class=\"event-list-item-title\">Policy Matters! A Cross-Country Study on the Impact of Drug Policy on Prevalence Rates<\/h3><p class=\"event-list-item-location\">Online <\/p><\/div><\/a><\/div><\/div><\/div><div class=\"publication-block event-block\"><div class=\"event-list-item\"><div class=\"event-list-item-image\"><img loading=\"lazy\" decoding=\"async\" width=\"150\" height=\"150\" src=\"https:\/\/nipe.eeg.uminho.pt\/wp-content\/uploads\/2021\/04\/Nuno-Palma-150x150.png\" class=\"project-list-item-image wp-post-image\" alt=\"\" \/><\/div><div class=\"event-list-item-content\"><a class=\"event-list-item-link\" href=\"https:\/\/nipe.eeg.uminho.pt\/en\/event\/historical-gender-discrimination-does-not-explain-comparative-western-european-development\/\" title=\"Historical gender discrimination does not explain comparative Western European development: Evidence from Portugal, 1300 &#8211; 1900 (Nuno Palma, Jaime Reis e Lisbeth Rodrigues)\"><div class=\"event-list-item-event\"><div class=\"event-list-item-agroup\"><div class=\"event-list-item-categories\"><span class=\"event-list-item-category seminars\">Seminars<\/span><\/div><span class=\"event-list-item-date\">28.04.2021 <bdi><\/bdi> 11:00<\/span><\/div><span class=\"event-plus seminars\"><\/span><\/div><div class=\"event-list-item-details\"><p class=\"event-list-item-speaker\">Nuno Palma (U. Manchester) e Lisbeth Rodrigues (ISEG)<\/p><h3 class=\"event-list-item-title\">Historical gender discrimination does not explain comparative Western European development: Evidence from Portugal, 1300 &#8211; 1900 (Nuno Palma, Jaime Reis e Lisbeth Rodrigues)<\/h3><p class=\"event-list-item-location\">Online<\/p><\/div><\/a><\/div><\/div><\/div><div class=\"publication-block event-block\"><div class=\"event-list-item\"><div class=\"event-list-item-image\"><img loading=\"lazy\" decoding=\"async\" width=\"100\" height=\"100\" src=\"https:\/\/nipe.eeg.uminho.pt\/wp-content\/uploads\/2021\/04\/Laura.jpg\" class=\"project-list-item-image wp-post-image\" alt=\"\" \/><\/div><div class=\"event-list-item-content\"><a class=\"event-list-item-link\" href=\"https:\/\/nipe.eeg.uminho.pt\/en\/event\/are-sustainability-and-conventional-indices-different-an-analysis-of-inclusion-and-exclusion-processes\/\" title=\"Are sustainability and conventional indices different? An analysis of inclusion and exclusion processes\"><div class=\"event-list-item-event\"><div class=\"event-list-item-agroup\"><div class=\"event-list-item-categories\"><span class=\"event-list-item-category seminars\">Seminars<\/span><\/div><span class=\"event-list-item-date\">22.04.2021 <bdi><\/bdi> 14:00<\/span><\/div><span class=\"event-plus seminars\"><\/span><\/div><div class=\"event-list-item-details\"><p class=\"event-list-item-speaker\">Laura Andreu S\u00e1nchez (U. Zaragoza)<\/p><h3 class=\"event-list-item-title\">Are sustainability and conventional indices different? An analysis of inclusion and exclusion processes<\/h3><p class=\"event-list-item-location\">Gualtar<\/p><\/div><\/a><\/div><\/div><\/div><div class=\"publication-block event-block\"><div class=\"event-list-item\"><div class=\"event-list-item-image\"><img loading=\"lazy\" decoding=\"async\" width=\"150\" height=\"150\" src=\"https:\/\/nipe.eeg.uminho.pt\/wp-content\/uploads\/2021\/04\/Felicidades-meu-amo-27-150x150.png\" class=\"project-list-item-image wp-post-image\" alt=\"\" srcset=\"https:\/\/nipe.eeg.uminho.pt\/wp-content\/uploads\/2021\/04\/Felicidades-meu-amo-27-150x150.png 150w, https:\/\/nipe.eeg.uminho.pt\/wp-content\/uploads\/2021\/04\/Felicidades-meu-amo-27-300x300.png 300w, https:\/\/nipe.eeg.uminho.pt\/wp-content\/uploads\/2021\/04\/Felicidades-meu-amo-27-1024x1024.png 1024w, https:\/\/nipe.eeg.uminho.pt\/wp-content\/uploads\/2021\/04\/Felicidades-meu-amo-27.png 1080w\" sizes=\"auto, (max-width: 150px) 100vw, 150px\" \/><\/div><div class=\"event-list-item-content\"><a class=\"event-list-item-link\" href=\"https:\/\/nipe.eeg.uminho.pt\/en\/event\/are-sustainability-and-conventional-indices-different-an-analysis-of-inclusion-and-exclusion-processes-2\/\" title=\"Are sustainability and conventional indices different? An analysis of inclusion and exclusion processes\"><div class=\"event-list-item-event\"><div class=\"event-list-item-agroup\"><div class=\"event-list-item-categories\"><span class=\"event-list-item-category seminars\">Seminars<\/span><\/div><span class=\"event-list-item-date\">22.04.2021 <bdi><\/bdi> 11:00<\/span><\/div><span class=\"event-plus seminars\"><\/span><\/div><div class=\"event-list-item-details\"><p class=\"event-list-item-speaker\">Laura Andreu S\u00e1nchez (U. Zaragoza)<\/p><h3 class=\"event-list-item-title\">Are sustainability and conventional indices different? An analysis of inclusion and exclusion processes<\/h3><p class=\"event-list-item-location\">Online<\/p><\/div><\/a><\/div><\/div><\/div><div class=\"publication-block event-block\"><div class=\"event-list-item\"><div class=\"event-list-item-image\"><img loading=\"lazy\" decoding=\"async\" width=\"150\" height=\"150\" src=\"https:\/\/nipe.eeg.uminho.pt\/wp-content\/uploads\/2021\/02\/ImagemEvento-1-150x150.png\" class=\"project-list-item-image wp-post-image\" alt=\"\" \/><\/div><div class=\"event-list-item-content\"><a class=\"event-list-item-link\" href=\"https:\/\/nipe.eeg.uminho.pt\/en\/event\/winners-and-losers-of-immigration\/\" title=\"Winners and losers of immigration\"><div class=\"event-list-item-event\"><div class=\"event-list-item-agroup\"><div class=\"event-list-item-categories\"><span class=\"event-list-item-category seminars\">Seminars<\/span><\/div><span class=\"event-list-item-date\">14.04.2021 <bdi><\/bdi> 11:00<\/span><\/div><span class=\"event-plus seminars\"><\/span><\/div><div class=\"event-list-item-details\"><p class=\"event-list-item-speaker\">Cristina Tealdi (HERIOT-WATT UNIVERSITY)<\/p><h3 class=\"event-list-item-title\">Winners and losers of immigration<\/h3><p class=\"event-list-item-location\">Online<\/p><\/div><\/a><\/div><\/div><\/div><div class=\"publication-block event-block\"><div class=\"event-list-item\"><div class=\"event-list-item-image\"><img loading=\"lazy\" decoding=\"async\" width=\"150\" height=\"150\" src=\"https:\/\/nipe.eeg.uminho.pt\/wp-content\/uploads\/2021\/03\/ImagemEvento-_9_-150x150.jpg\" class=\"project-list-item-image wp-post-image\" alt=\"\" srcset=\"https:\/\/nipe.eeg.uminho.pt\/wp-content\/uploads\/2021\/03\/ImagemEvento-_9_-150x150.jpg 150w, https:\/\/nipe.eeg.uminho.pt\/wp-content\/uploads\/2021\/03\/ImagemEvento-_9_-300x298.jpg 300w, https:\/\/nipe.eeg.uminho.pt\/wp-content\/uploads\/2021\/03\/ImagemEvento-_9_.jpg 398w\" sizes=\"auto, (max-width: 150px) 100vw, 150px\" \/><\/div><div class=\"event-list-item-content\"><a class=\"event-list-item-link\" href=\"https:\/\/nipe.eeg.uminho.pt\/en\/event\/__trashed\/\" title=\"International Fiscal Spillovers: an Empirical Reassessment\"><div class=\"event-list-item-event\"><div class=\"event-list-item-agroup\"><div class=\"event-list-item-categories\"><span class=\"event-list-item-category seminars\">Seminars<\/span><\/div><span class=\"event-list-item-date\">24.03.2021 <bdi><\/bdi> 11:00<\/span><\/div><span class=\"event-plus seminars\"><\/span><\/div><div class=\"event-list-item-details\"><p class=\"event-list-item-speaker\">Vasco Gabriel (U. Surrey)<\/p><h3 class=\"event-list-item-title\">International Fiscal Spillovers: an Empirical Reassessment<\/h3><p class=\"event-list-item-location\">Online<\/p><\/div><\/a><\/div><\/div><\/div><div class=\"publication-block event-block\"><div class=\"event-list-item\"><div class=\"event-list-item-image\"><img loading=\"lazy\" decoding=\"async\" width=\"150\" height=\"150\" src=\"https:\/\/nipe.eeg.uminho.pt\/wp-content\/uploads\/2021\/03\/ImagemEvento-_3_-150x150.jpg\" class=\"project-list-item-image wp-post-image\" alt=\"\" srcset=\"https:\/\/nipe.eeg.uminho.pt\/wp-content\/uploads\/2021\/03\/ImagemEvento-_3_-150x150.jpg 150w, https:\/\/nipe.eeg.uminho.pt\/wp-content\/uploads\/2021\/03\/ImagemEvento-_3_-300x298.jpg 300w, https:\/\/nipe.eeg.uminho.pt\/wp-content\/uploads\/2021\/03\/ImagemEvento-_3_.jpg 399w\" sizes=\"auto, (max-width: 150px) 100vw, 150px\" \/><\/div><div class=\"event-list-item-content\"><a class=\"event-list-item-link\" href=\"https:\/\/nipe.eeg.uminho.pt\/en\/event\/sexual-violence-as-a-weapon-of-war\/\" title=\"Sexual violence as a weapon of war\"><div class=\"event-list-item-event\"><div class=\"event-list-item-agroup\"><div class=\"event-list-item-categories\"><span class=\"event-list-item-category seminars\">Seminars<\/span><\/div><span class=\"event-list-item-date\">24.02.2021 <bdi><\/bdi> 11:00<\/span><\/div><span class=\"event-plus seminars\"><\/span><\/div><div class=\"event-list-item-details\"><p class=\"event-list-item-speaker\">Victoire Girard (U. Nova)<\/p><h3 class=\"event-list-item-title\">Sexual violence as a weapon of war<\/h3><p class=\"event-list-item-location\">Online<\/p><\/div><\/a><\/div><\/div><\/div><div class=\"publication-block event-block\"><div class=\"event-list-item\"><div class=\"event-list-item-image\"><img loading=\"lazy\" decoding=\"async\" width=\"150\" height=\"150\" src=\"https:\/\/nipe.eeg.uminho.pt\/wp-content\/uploads\/2021\/01\/heliacosta-ocde-150x150.png\" class=\"project-list-item-image wp-post-image\" alt=\"\" srcset=\"https:\/\/nipe.eeg.uminho.pt\/wp-content\/uploads\/2021\/01\/heliacosta-ocde-150x150.png 150w, https:\/\/nipe.eeg.uminho.pt\/wp-content\/uploads\/2021\/01\/heliacosta-ocde.png 200w\" sizes=\"auto, (max-width: 150px) 100vw, 150px\" \/><\/div><div class=\"event-list-item-content\"><a class=\"event-list-item-link\" href=\"https:\/\/nipe.eeg.uminho.pt\/en\/event\/are-online-platforms-killing-the-offline-star-platform-diffusion-and-the-productivity-of-traditional-firms\/\" title=\"Are online platforms killing the offline star? Platform diffusion and the productivity of traditional firms\"><div class=\"event-list-item-event\"><div class=\"event-list-item-agroup\"><div class=\"event-list-item-categories\"><span class=\"event-list-item-category seminars\">Seminars<\/span><\/div><span class=\"event-list-item-date\">10.02.2021 <bdi><\/bdi> 12:00<\/span><\/div><span class=\"event-plus seminars\"><\/span><\/div><div class=\"event-list-item-details\"><p class=\"event-list-item-speaker\">H\u00e9lia Costa (OECD)<\/p><h3 class=\"event-list-item-title\">Are online platforms killing the offline star? Platform diffusion and the productivity of traditional firms<\/h3><p class=\"event-list-item-location\">Online<\/p><\/div><\/a><\/div><\/div><\/div><div class=\"publication-block event-block\"><div class=\"event-list-item\"><div class=\"event-list-item-image\"><img loading=\"lazy\" decoding=\"async\" width=\"150\" height=\"150\" src=\"https:\/\/nipe.eeg.uminho.pt\/wp-content\/uploads\/2021\/01\/Erkal-Ersoy-150x150.png\" class=\"project-list-item-image wp-post-image\" alt=\"\" srcset=\"https:\/\/nipe.eeg.uminho.pt\/wp-content\/uploads\/2021\/01\/Erkal-Ersoy-150x150.png 150w, https:\/\/nipe.eeg.uminho.pt\/wp-content\/uploads\/2021\/01\/Erkal-Ersoy.png 200w\" sizes=\"auto, (max-width: 150px) 100vw, 150px\" \/><\/div><div class=\"event-list-item-content\"><a class=\"event-list-item-link\" href=\"https:\/\/nipe.eeg.uminho.pt\/en\/event\/the-crude-oil-market-and-us-economic-activity-revisiting-the-empirical-evidence\/\" title=\"The Crude Oil Market and US Economic Activity: Revisiting the Empirical Evidence\"><div class=\"event-list-item-event\"><div class=\"event-list-item-agroup\"><div class=\"event-list-item-categories\"><span class=\"event-list-item-category seminars\">Seminars<\/span><\/div><span class=\"event-list-item-date\">27.01.2021 <bdi><\/bdi> 11:00<\/span><\/div><span class=\"event-plus seminars\"><\/span><\/div><div class=\"event-list-item-details\"><p class=\"event-list-item-speaker\">Erkal Ersoy (Herriot-Watt University)<\/p><h3 class=\"event-list-item-title\">The Crude Oil Market and US Economic Activity: Revisiting the Empirical Evidence<\/h3><p class=\"event-list-item-location\">Online<\/p><\/div><\/a><\/div><\/div><\/div><div class=\"publication-block event-block\"><div class=\"event-list-item\"><div class=\"event-list-item-image\"><img loading=\"lazy\" decoding=\"async\" width=\"150\" height=\"150\" src=\"https:\/\/nipe.eeg.uminho.pt\/wp-content\/uploads\/2021\/01\/Prof-Wiesen-150x150.png\" class=\"project-list-item-image wp-post-image\" alt=\"\" srcset=\"https:\/\/nipe.eeg.uminho.pt\/wp-content\/uploads\/2021\/01\/Prof-Wiesen-150x150.png 150w, https:\/\/nipe.eeg.uminho.pt\/wp-content\/uploads\/2021\/01\/Prof-Wiesen.png 200w\" sizes=\"auto, (max-width: 150px) 100vw, 150px\" \/><\/div><div class=\"event-list-item-content\"><a class=\"event-list-item-link\" href=\"https:\/\/nipe.eeg.uminho.pt\/en\/event\/physician-altruism-the-effect-of-medical-education\/\" title=\"Physician altruism: The effect of medical education\"><div class=\"event-list-item-event\"><div class=\"event-list-item-agroup\"><div class=\"event-list-item-categories\"><span class=\"event-list-item-category seminars\">Seminars<\/span><\/div><span class=\"event-list-item-date\">20.01.2021 <bdi><\/bdi> 11:00<\/span><\/div><span class=\"event-plus seminars\"><\/span><\/div><div class=\"event-list-item-details\"><p class=\"event-list-item-speaker\">Daniel Wiesen (U. Cologne)<\/p><h3 class=\"event-list-item-title\">Physician altruism: The effect of medical education<\/h3><p class=\"event-list-item-location\">Online<\/p><\/div><\/a><\/div><\/div><\/div><\/div><div id=\"events-seminars-2020\" role=\"tabpanel\" class=\"tabs-pane fade\"><div class=\"publication-block event-block\"><div class=\"event-list-item\"><div class=\"event-list-item-image\"><img loading=\"lazy\" decoding=\"async\" width=\"150\" height=\"150\" src=\"https:\/\/nipe.eeg.uminho.pt\/wp-content\/uploads\/2020\/12\/Joao-rodrigues-150x150.jpg\" class=\"project-list-item-image wp-post-image\" alt=\"\" \/><\/div><div class=\"event-list-item-content\"><a class=\"event-list-item-link\" href=\"https:\/\/nipe.eeg.uminho.pt\/en\/event\/did-wage-inequality-increase-in-portugal-yes-and-for-good-reasons\/\" title=\"Did wage inequality increase in Portugal? Yes, and for good reasons\"><div class=\"event-list-item-event\"><div class=\"event-list-item-agroup\"><div class=\"event-list-item-categories\"><span class=\"event-list-item-category seminars\">Seminars<\/span><\/div><span class=\"event-list-item-date\">09.12.2020 <bdi><\/bdi> 16:30<\/span><\/div><span class=\"event-plus seminars\"><\/span><\/div><div class=\"event-list-item-details\"><p class=\"event-list-item-speaker\">Jo\u00e3o Manuel Pereira (U. \u00c9vora)<\/p><h3 class=\"event-list-item-title\">Did wage inequality increase in Portugal? Yes, and for good reasons<\/h3><p class=\"event-list-item-location\">Online<\/p><\/div><\/a><\/div><\/div><\/div><div class=\"publication-block event-block\"><div class=\"event-list-item\"><div class=\"event-list-item-image\"><img loading=\"lazy\" decoding=\"async\" width=\"150\" height=\"150\" src=\"https:\/\/nipe.eeg.uminho.pt\/wp-content\/uploads\/2020\/11\/ImagemEvento4-150x150.jpg\" class=\"project-list-item-image wp-post-image\" alt=\"\" \/><\/div><div class=\"event-list-item-content\"><a class=\"event-list-item-link\" href=\"https:\/\/nipe.eeg.uminho.pt\/en\/event\/webinar-with-joao-manuel-pereira-u-evora\/\" title=\"WEBINAR WITH JO\u00c3O MANUEL PEREIRA (U. \u00c9VORA)\"><div class=\"event-list-item-event\"><div class=\"event-list-item-agroup\"><div class=\"event-list-item-categories\"><span class=\"event-list-item-category seminars\">Seminars<\/span><\/div><span class=\"event-list-item-date\">09.12.2020 <bdi><\/bdi> 13:15<\/span><\/div><span class=\"event-plus seminars\"><\/span><\/div><div class=\"event-list-item-details\"><p class=\"event-list-item-speaker\"><\/p><h3 class=\"event-list-item-title\">WEBINAR WITH JO\u00c3O MANUEL PEREIRA (U. \u00c9VORA)<\/h3><p class=\"event-list-item-location\">Online<\/p><\/div><\/a><\/div><\/div><\/div><div class=\"publication-block event-block\"><div class=\"event-list-item\"><div class=\"event-list-item-image\"><img loading=\"lazy\" decoding=\"async\" width=\"150\" height=\"150\" src=\"https:\/\/nipe.eeg.uminho.pt\/wp-content\/uploads\/2020\/11\/ImagemEvento2-150x150.jpg\" class=\"project-list-item-image wp-post-image\" alt=\"\" \/><\/div><div class=\"event-list-item-content\"><a class=\"event-list-item-link\" href=\"https:\/\/nipe.eeg.uminho.pt\/en\/event\/webinar-with-joao-jalles-iseg\/\" title=\"Webinar with Jo\u00e3o Jalles (ISEG)\"><div class=\"event-list-item-event\"><div class=\"event-list-item-agroup\"><div class=\"event-list-item-categories\"><span class=\"event-list-item-category seminars\">Seminars<\/span><\/div><span class=\"event-list-item-date\">24.11.2020 <bdi><\/bdi> 16:00<\/span><\/div><span class=\"event-plus seminars\"><\/span><\/div><div class=\"event-list-item-details\"><p class=\"event-list-item-speaker\"><\/p><h3 class=\"event-list-item-title\">Webinar with Jo\u00e3o Jalles (ISEG)<\/h3><p class=\"event-list-item-location\">Online<\/p><\/div><\/a><\/div><\/div><\/div><div class=\"publication-block event-block\"><div class=\"event-list-item\"><div class=\"event-list-item-image\"><img loading=\"lazy\" decoding=\"async\" width=\"150\" height=\"150\" src=\"https:\/\/nipe.eeg.uminho.pt\/wp-content\/uploads\/2021\/03\/CS-Sarrico-201811-150x150.jpg\" class=\"project-list-item-image wp-post-image\" alt=\"\" \/><\/div><div class=\"event-list-item-content\"><a class=\"event-list-item-link\" href=\"https:\/\/nipe.eeg.uminho.pt\/en\/event\/reducing-the-precarity-of-research-careers-challenges-and-solutions\/\" title=\"Reducing the precarity of research careers: challenges and solutions\"><div class=\"event-list-item-event\"><div class=\"event-list-item-agroup\"><div class=\"event-list-item-categories\"><span class=\"event-list-item-category seminars\">Seminars<\/span><\/div><span class=\"event-list-item-date\">28.10.2020 <bdi><\/bdi> 13:15<\/span><\/div><span class=\"event-plus seminars\"><\/span><\/div><div class=\"event-list-item-details\"><p class=\"event-list-item-speaker\">Cl\u00e1udia Sarrico (ISEG)<\/p><h3 class=\"event-list-item-title\">Reducing the precarity of research careers: challenges and solutions<\/h3><p class=\"event-list-item-location\">Online<\/p><\/div><\/a><\/div><\/div><\/div><div class=\"publication-block event-block\"><div class=\"event-list-item\"><div class=\"event-list-item-image\"><img loading=\"lazy\" decoding=\"async\" width=\"150\" height=\"150\" src=\"https:\/\/nipe.eeg.uminho.pt\/wp-content\/uploads\/2020\/10\/Thomas-Siedler-150x150.jpg\" class=\"project-list-item-image wp-post-image\" alt=\"\" \/><\/div><div class=\"event-list-item-content\"><a class=\"event-list-item-link\" href=\"https:\/\/nipe.eeg.uminho.pt\/en\/event\/the-long-run-effects-of-sports-club-vouchers-for-primary-school-children\/\" title=\"The Long-Run Effects of Sports Club Vouchers for Primary School Children\"><div class=\"event-list-item-event\"><div class=\"event-list-item-agroup\"><div class=\"event-list-item-categories\"><span class=\"event-list-item-category seminars\">Seminars<\/span><\/div><span class=\"event-list-item-date\">14.10.2020 <bdi><\/bdi> 13:15<\/span><\/div><span class=\"event-plus seminars\"><\/span><\/div><div class=\"event-list-item-details\"><p class=\"event-list-item-speaker\">Thomas Siedler (U. Hamburg)<\/p><h3 class=\"event-list-item-title\">The Long-Run Effects of Sports Club Vouchers for Primary School Children<\/h3><p class=\"event-list-item-location\">Online<\/p><\/div><\/a><\/div><\/div><\/div><div class=\"publication-block event-block\"><div class=\"event-list-item\"><div class=\"event-list-item-image\"><img loading=\"lazy\" decoding=\"async\" width=\"150\" height=\"150\" src=\"https:\/\/nipe.eeg.uminho.pt\/wp-content\/uploads\/2020\/09\/Peter-150x150.jpg\" class=\"project-list-item-image wp-post-image\" alt=\"\" \/><\/div><div class=\"event-list-item-content\"><a class=\"event-list-item-link\" href=\"https:\/\/nipe.eeg.uminho.pt\/en\/event\/what-happens-when-employers-can-no-longer-discriminate-in-job-ads\/\" title=\"What Happens When Employers Can No Longer Discriminate in Job Ads? Evidence from a Chinese Job Board\"><div class=\"event-list-item-event\"><div class=\"event-list-item-agroup\"><div class=\"event-list-item-categories\"><span class=\"event-list-item-category seminars\">Seminars<\/span><\/div><span class=\"event-list-item-date\">23.09.2020 <bdi><\/bdi> 16:00<\/span><\/div><span class=\"event-plus seminars\"><\/span><\/div><div class=\"event-list-item-details\"><p class=\"event-list-item-speaker\">Peter Kuhn (U. California)<\/p><h3 class=\"event-list-item-title\">What Happens When Employers Can No Longer Discriminate in Job Ads? Evidence from a Chinese Job Board<\/h3><p class=\"event-list-item-location\">Online<\/p><\/div><\/a><\/div><\/div><\/div><div class=\"publication-block event-block\"><div class=\"event-list-item\"><div class=\"event-list-item-image\"><img loading=\"lazy\" decoding=\"async\" width=\"150\" height=\"150\" src=\"https:\/\/nipe.eeg.uminho.pt\/wp-content\/uploads\/2020\/01\/Christopher-Baum-150x150.jpg\" class=\"project-list-item-image wp-post-image\" alt=\"\" \/><\/div><div class=\"event-list-item-content\"><a class=\"event-list-item-link\" href=\"https:\/\/nipe.eeg.uminho.pt\/en\/event\/occupational-sorting-and-wage-gaps-of-refugees\/\" title=\"Occupational Sorting and Wage Gaps of Refugees\"><div class=\"event-list-item-event\"><div class=\"event-list-item-agroup\"><div class=\"event-list-item-categories\"><span class=\"event-list-item-category seminars\">Seminars<\/span><\/div><span class=\"event-list-item-date\">29.01.2020 <bdi><\/bdi> 13:15<\/span><\/div><span class=\"event-plus seminars\"><\/span><\/div><div class=\"event-list-item-details\"><p class=\"event-list-item-speaker\">Christopher F. Baum (Boston College) <\/p><h3 class=\"event-list-item-title\">Occupational Sorting and Wage Gaps of Refugees<\/h3><p class=\"event-list-item-location\">Campus de Gualtar | EEG - Sala 0.04<\/p><\/div><\/a><\/div><\/div><\/div><\/div><div id=\"events-seminars-2019\" role=\"tabpanel\" class=\"tabs-pane fade\"><div class=\"publication-block event-block\"><div class=\"event-list-item\"><div class=\"event-list-item-image\"><img loading=\"lazy\" decoding=\"async\" width=\"150\" height=\"150\" src=\"https:\/\/nipe.eeg.uminho.pt\/wp-content\/uploads\/2019\/11\/jvc-150x150.jpg\" class=\"project-list-item-image wp-post-image\" alt=\"\" \/><\/div><div class=\"event-list-item-content\"><a class=\"event-list-item-link\" href=\"https:\/\/nipe.eeg.uminho.pt\/en\/event\/what-do-people-do-at-work-when-they-are-not-working\/\" title=\"What do people do at work when they are not working?\"><div class=\"event-list-item-event\"><div class=\"event-list-item-agroup\"><div class=\"event-list-item-categories\"><span class=\"event-list-item-category seminars\">Seminars<\/span><\/div><span class=\"event-list-item-date\">27.11.2019 <bdi><\/bdi> 13:15<\/span><\/div><span class=\"event-plus seminars\"><\/span><\/div><div class=\"event-list-item-details\"><p class=\"event-list-item-speaker\">Jo\u00e3o Vieira da Cunha (IESEG)<\/p><h3 class=\"event-list-item-title\">What do people do at work when they are not working?<\/h3><p class=\"event-list-item-location\">Campus de Gualtar | EEG - Room 0.04<\/p><\/div><\/a><\/div><\/div><\/div><div class=\"publication-block event-block\"><div class=\"event-list-item\"><div class=\"event-list-item-image\"><img loading=\"lazy\" decoding=\"async\" width=\"150\" height=\"150\" src=\"https:\/\/nipe.eeg.uminho.pt\/wp-content\/uploads\/2019\/11\/kamile-150x150.jpg\" class=\"project-list-item-image wp-post-image\" alt=\"\" \/><\/div><div class=\"event-list-item-content\"><a class=\"event-list-item-link\" href=\"https:\/\/nipe.eeg.uminho.pt\/en\/event\/control-of-non-performing-loans-in-retail-banking-by-raising-financial-and-consumer-awareness-of-clients\/\" title=\"Control of Non-Performing Loans in Retail Banking by Raising Financial and Consumer Awareness of Clients\"><div class=\"event-list-item-event\"><div class=\"event-list-item-agroup\"><div class=\"event-list-item-categories\"><span class=\"event-list-item-category seminars\">Seminars<\/span><\/div><span class=\"event-list-item-date\">20.11.2019 <bdi><\/bdi> 13:15<\/span><\/div><span class=\"event-plus seminars\"><\/span><\/div><div class=\"event-list-item-details\"><p class=\"event-list-item-speaker\">Kamile Taujanskaite (Vilnius Gediminas Technical University)<\/p><h3 class=\"event-list-item-title\">Control of Non-Performing Loans in Retail Banking by Raising Financial and Consumer Awareness of Clients<\/h3><p class=\"event-list-item-location\">Campus de Gualtar | EEG - Room 0.04<\/p><\/div><\/a><\/div><\/div><\/div><div class=\"publication-block event-block\"><div class=\"event-list-item\"><div class=\"event-list-item-image\"><img loading=\"lazy\" decoding=\"async\" width=\"130\" height=\"150\" src=\"https:\/\/nipe.eeg.uminho.pt\/wp-content\/uploads\/2019\/11\/lh-130x150.jpg\" class=\"project-list-item-image wp-post-image\" alt=\"\" \/><\/div><div class=\"event-list-item-content\"><a class=\"event-list-item-link\" href=\"https:\/\/nipe.eeg.uminho.pt\/en\/event\/urban-air-pollution-and-sick-leaves-evidence-from-social-security-data\/\" title=\"Urban air pollution and sick leaves: Evidence from social security data\"><div class=\"event-list-item-event\"><div class=\"event-list-item-agroup\"><div class=\"event-list-item-categories\"><span class=\"event-list-item-category seminars\">Seminars<\/span><\/div><span class=\"event-list-item-date\">06.11.2019 <bdi><\/bdi> 13:15<\/span><\/div><span class=\"event-plus seminars\"><\/span><\/div><div class=\"event-list-item-details\"><p class=\"event-list-item-speaker\">Laura Hospido (Banco de Espanha)<\/p><h3 class=\"event-list-item-title\">Urban air pollution and sick leaves: Evidence from social security data<\/h3><p class=\"event-list-item-location\">Campus de Gualtar | EEG - Sala 0.04<\/p><\/div><\/a><\/div><\/div><\/div><div class=\"publication-block event-block\"><div class=\"event-list-item\"><div class=\"event-list-item-image\"><img loading=\"lazy\" decoding=\"async\" width=\"150\" height=\"150\" src=\"https:\/\/nipe.eeg.uminho.pt\/wp-content\/uploads\/2021\/06\/Felicidades-meu-amo-14-150x150.png\" class=\"project-list-item-image wp-post-image\" alt=\"\" srcset=\"https:\/\/nipe.eeg.uminho.pt\/wp-content\/uploads\/2021\/06\/Felicidades-meu-amo-14-150x150.png 150w, https:\/\/nipe.eeg.uminho.pt\/wp-content\/uploads\/2021\/06\/Felicidades-meu-amo-14-300x300.png 300w, https:\/\/nipe.eeg.uminho.pt\/wp-content\/uploads\/2021\/06\/Felicidades-meu-amo-14-1024x1024.png 1024w, https:\/\/nipe.eeg.uminho.pt\/wp-content\/uploads\/2021\/06\/Felicidades-meu-amo-14.png 1080w\" sizes=\"auto, (max-width: 150px) 100vw, 150px\" \/><\/div><div class=\"event-list-item-content\"><a class=\"event-list-item-link\" href=\"https:\/\/nipe.eeg.uminho.pt\/en\/event\/credit-rating-changes-and-stock-price-reaction-the-impact-of-investor-sentiment\/\" title=\"Credit Rating Changes and Stock Price Reaction: The Impact of Investor Sentiment\"><div class=\"event-list-item-event\"><div class=\"event-list-item-agroup\"><div class=\"event-list-item-categories\"><span class=\"event-list-item-category seminars\">Seminars<\/span><\/div><span class=\"event-list-item-date\">19.06.2019 <bdi><\/bdi> 13:15<\/span><\/div><span class=\"event-plus seminars\"><\/span><\/div><div class=\"event-list-item-details\"><p class=\"event-list-item-speaker\">Andrew Mason (U. Surrey)<\/p><h3 class=\"event-list-item-title\">Credit Rating Changes and Stock Price Reaction: The Impact of Investor Sentiment<\/h3><p class=\"event-list-item-location\">Campus de Gualtar | EEG - Sala 0.04<\/p><\/div><\/a><\/div><\/div><\/div><div class=\"publication-block event-block\"><div class=\"event-list-item\"><div class=\"event-list-item-image\"><img loading=\"lazy\" decoding=\"async\" width=\"150\" height=\"150\" src=\"https:\/\/nipe.eeg.uminho.pt\/wp-content\/uploads\/2021\/06\/Felicidades-meu-amo-16-150x150.png\" class=\"project-list-item-image wp-post-image\" alt=\"\" srcset=\"https:\/\/nipe.eeg.uminho.pt\/wp-content\/uploads\/2021\/06\/Felicidades-meu-amo-16-150x150.png 150w, https:\/\/nipe.eeg.uminho.pt\/wp-content\/uploads\/2021\/06\/Felicidades-meu-amo-16-300x300.png 300w, https:\/\/nipe.eeg.uminho.pt\/wp-content\/uploads\/2021\/06\/Felicidades-meu-amo-16-1024x1024.png 1024w, https:\/\/nipe.eeg.uminho.pt\/wp-content\/uploads\/2021\/06\/Felicidades-meu-amo-16.png 1080w\" sizes=\"auto, (max-width: 150px) 100vw, 150px\" \/><\/div><div class=\"event-list-item-content\"><a class=\"event-list-item-link\" href=\"https:\/\/nipe.eeg.uminho.pt\/en\/event\/__trashed-35\/\" title=\"How to Fight Climate Change\"><div class=\"event-list-item-event\"><div class=\"event-list-item-agroup\"><div class=\"event-list-item-categories\"><span class=\"event-list-item-category seminars\">Seminars<\/span><\/div><span class=\"event-list-item-date\">12.06.2019 <bdi><\/bdi> 13:15<\/span><\/div><span class=\"event-plus seminars\"><\/span><\/div><div class=\"event-list-item-details\"><p class=\"event-list-item-speaker\">Hans-Werner Sinn (U. Munich)<\/p><h3 class=\"event-list-item-title\">How to Fight Climate Change<\/h3><p class=\"event-list-item-location\">Campus de Gualtar | EEG - Sala 0.04<\/p><\/div><\/a><\/div><\/div><\/div><div class=\"publication-block event-block\"><div class=\"event-list-item\"><div class=\"event-list-item-image\"><img loading=\"lazy\" decoding=\"async\" width=\"150\" height=\"150\" src=\"https:\/\/nipe.eeg.uminho.pt\/wp-content\/uploads\/2021\/11\/NIPE-logo_rper-150x150.png\" class=\"project-list-item-image wp-post-image\" alt=\"\" srcset=\"https:\/\/nipe.eeg.uminho.pt\/wp-content\/uploads\/2021\/11\/NIPE-logo_rper-150x150.png 150w, https:\/\/nipe.eeg.uminho.pt\/wp-content\/uploads\/2021\/11\/NIPE-logo_rper-300x300.png 300w, https:\/\/nipe.eeg.uminho.pt\/wp-content\/uploads\/2021\/11\/NIPE-logo_rper.png 400w\" sizes=\"auto, (max-width: 150px) 100vw, 150px\" \/><\/div><div class=\"event-list-item-content\"><a class=\"event-list-item-link\" href=\"https:\/\/nipe.eeg.uminho.pt\/en\/event\/reexamining-financial-and-economic-predictability-with-new-estimators-of-realized-variance-and-variance-risk-premium\/\" title=\"Reexamining financial and economic predictability with new estimators of realized variance and variance risk premium\"><div class=\"event-list-item-event\"><div class=\"event-list-item-agroup\"><div class=\"event-list-item-categories\"><span class=\"event-list-item-category seminars\">Seminars<\/span><\/div><span class=\"event-list-item-date\">23.05.2019 <bdi><\/bdi> 13:15<\/span><\/div><span class=\"event-plus seminars\"><\/span><\/div><div class=\"event-list-item-details\"><p class=\"event-list-item-speaker\">Helena Veiga (U. Carlos III de Madrid)<\/p><h3 class=\"event-list-item-title\">Reexamining financial and economic predictability with new estimators of realized variance and variance risk premium<\/h3><p class=\"event-list-item-location\">Campus de Gualtar | EEG - Sala 0.04<\/p><\/div><\/a><\/div><\/div><\/div><div class=\"publication-block event-block\"><div class=\"event-list-item\"><div class=\"event-list-item-image\"><img loading=\"lazy\" decoding=\"async\" width=\"150\" height=\"150\" src=\"https:\/\/nipe.eeg.uminho.pt\/wp-content\/uploads\/2021\/04\/JTJ-150x150.jpg\" class=\"project-list-item-image wp-post-image\" alt=\"\" \/><\/div><div class=\"event-list-item-content\"><a class=\"event-list-item-link\" href=\"https:\/\/nipe.eeg.uminho.pt\/en\/event\/the-macroeconomic-effects-of-structural-reforms-in-developing-countries\/\" title=\"The Macroeconomic Effects of Structural Reforms in Developing Countries\"><div class=\"event-list-item-event\"><div class=\"event-list-item-agroup\"><div class=\"event-list-item-categories\"><span class=\"event-list-item-category seminars\">Seminars<\/span><\/div><span class=\"event-list-item-date\">15.05.2019 <bdi><\/bdi> 13:15<\/span><\/div><span class=\"event-plus seminars\"><\/span><\/div><div class=\"event-list-item-details\"><p class=\"event-list-item-speaker\">Jo\u00e3o Tovar Jalles (Conselho de Finan\u00e7as P\u00fablicas)<\/p><h3 class=\"event-list-item-title\">The Macroeconomic Effects of Structural Reforms in Developing Countries<\/h3><p class=\"event-list-item-location\">Campus de Gualtar | EEG - Sala 0.04<\/p><\/div><\/a><\/div><\/div><\/div><div class=\"publication-block event-block\"><div class=\"event-list-item\"><div class=\"event-list-item-image\"><img loading=\"lazy\" decoding=\"async\" width=\"150\" height=\"150\" src=\"https:\/\/nipe.eeg.uminho.pt\/wp-content\/uploads\/2021\/04\/sTEFANO-150x150.jpg\" class=\"project-list-item-image wp-post-image\" alt=\"\" srcset=\"https:\/\/nipe.eeg.uminho.pt\/wp-content\/uploads\/2021\/04\/sTEFANO-150x150.jpg 150w, https:\/\/nipe.eeg.uminho.pt\/wp-content\/uploads\/2021\/04\/sTEFANO.jpg 225w\" sizes=\"auto, (max-width: 150px) 100vw, 150px\" \/><\/div><div class=\"event-list-item-content\"><a class=\"event-list-item-link\" href=\"https:\/\/nipe.eeg.uminho.pt\/en\/event\/the-value-of-information-for-optimal-portfolio-management\/\" title=\"The value of information for optimal portfolio Management\"><div class=\"event-list-item-event\"><div class=\"event-list-item-agroup\"><div class=\"event-list-item-categories\"><span class=\"event-list-item-category seminars\">Seminars<\/span><\/div><span class=\"event-list-item-date\">08.05.2019 <bdi><\/bdi> 13:15<\/span><\/div><span class=\"event-plus seminars\"><\/span><\/div><div class=\"event-list-item-details\"><p class=\"event-list-item-speaker\">Stefano Herzel(U. Degli Studi Di Roma\u201cTor Vergata\u201d)<\/p><h3 class=\"event-list-item-title\">The value of information for optimal portfolio Management<\/h3><p class=\"event-list-item-location\">Campus de Gualtar | EEG - Sala 0.04<\/p><\/div><\/a><\/div><\/div><\/div><div class=\"publication-block event-block\"><div class=\"event-list-item\"><div class=\"event-list-item-image\"><img loading=\"lazy\" decoding=\"async\" width=\"150\" height=\"150\" src=\"https:\/\/nipe.eeg.uminho.pt\/wp-content\/uploads\/2021\/04\/RB-150x150.jpg\" class=\"project-list-item-image wp-post-image\" alt=\"\" srcset=\"https:\/\/nipe.eeg.uminho.pt\/wp-content\/uploads\/2021\/04\/RB-150x150.jpg 150w, https:\/\/nipe.eeg.uminho.pt\/wp-content\/uploads\/2021\/04\/RB.jpg 225w\" sizes=\"auto, (max-width: 150px) 100vw, 150px\" \/><\/div><div class=\"event-list-item-content\"><a class=\"event-list-item-link\" href=\"https:\/\/nipe.eeg.uminho.pt\/en\/event\/unconventional-monetary-policy-and-secondary-market-auction-cycles-of-eurozone-sovereign-debt\/\" title=\"Unconventional Monetary Policy and Secondary-Market Auction Cycles of Eurozone Sovereign Debt\"><div class=\"event-list-item-event\"><div class=\"event-list-item-agroup\"><div class=\"event-list-item-categories\"><span class=\"event-list-item-category seminars\">Seminars<\/span><\/div><span class=\"event-list-item-date\">06.05.2019 <bdi><\/bdi> 13:15<\/span><\/div><span class=\"event-plus seminars\"><\/span><\/div><div class=\"event-list-item-details\"><p class=\"event-list-item-speaker\">Roel Beetsma (U. Amsterdam)<\/p><h3 class=\"event-list-item-title\">Unconventional Monetary Policy and Secondary-Market Auction Cycles of Eurozone Sovereign Debt<\/h3><p class=\"event-list-item-location\">Campus de Gualtar | EEG - Sala 0.04<\/p><\/div><\/a><\/div><\/div><\/div><div class=\"publication-block event-block\"><div class=\"event-list-item\"><div class=\"event-list-item-image\"><img loading=\"lazy\" decoding=\"async\" width=\"150\" height=\"150\" src=\"https:\/\/nipe.eeg.uminho.pt\/wp-content\/uploads\/2021\/11\/NIPE-logo_rper-150x150.png\" class=\"project-list-item-image wp-post-image\" alt=\"\" srcset=\"https:\/\/nipe.eeg.uminho.pt\/wp-content\/uploads\/2021\/11\/NIPE-logo_rper-150x150.png 150w, https:\/\/nipe.eeg.uminho.pt\/wp-content\/uploads\/2021\/11\/NIPE-logo_rper-300x300.png 300w, https:\/\/nipe.eeg.uminho.pt\/wp-content\/uploads\/2021\/11\/NIPE-logo_rper.png 400w\" sizes=\"auto, (max-width: 150px) 100vw, 150px\" \/><\/div><div class=\"event-list-item-content\"><a class=\"event-list-item-link\" href=\"https:\/\/nipe.eeg.uminho.pt\/en\/event\/optimal-fiscal-policy-in-a-model-of-firm-entry-and-financial-frictions\/\" title=\"Optimal Fiscal Policy in a Model of Firm Entry and Financial Frictions\"><div class=\"event-list-item-event\"><div class=\"event-list-item-agroup\"><div class=\"event-list-item-categories\"><span class=\"event-list-item-category seminars\">Seminars<\/span><\/div><span class=\"event-list-item-date\">17.04.2019 <bdi><\/bdi> 13:15<\/span><\/div><span class=\"event-plus seminars\"><\/span><\/div><div class=\"event-list-item-details\"><p class=\"event-list-item-speaker\">Dudley Cooke (U. Exeter)<\/p><h3 class=\"event-list-item-title\">Optimal Fiscal Policy in a Model of Firm Entry and Financial Frictions<\/h3><p class=\"event-list-item-location\">Campus de Gualtar | EEG - Sala 0.04<\/p><\/div><\/a><\/div><\/div><\/div><div class=\"publication-block event-block\"><div class=\"event-list-item\"><div class=\"event-list-item-image\"><img loading=\"lazy\" decoding=\"async\" width=\"150\" height=\"150\" src=\"https:\/\/nipe.eeg.uminho.pt\/wp-content\/uploads\/2021\/03\/helia-photo-150x150.jpg\" class=\"project-list-item-image wp-post-image\" alt=\"\" \/><\/div><div class=\"event-list-item-content\"><a class=\"event-list-item-link\" href=\"https:\/\/nipe.eeg.uminho.pt\/en\/event\/identity-distributional-rules-and-productivity-in-heterogeneous-teams-an-experiment\/\" title=\"Identity, Distributional Rules and Productivity in Heterogeneous Teams: An Experiment\"><div class=\"event-list-item-event\"><div class=\"event-list-item-agroup\"><div class=\"event-list-item-categories\"><span class=\"event-list-item-category seminars\">Seminars<\/span><\/div><span class=\"event-list-item-date\">03.04.2019 <bdi><\/bdi> 13:00<\/span><\/div><span class=\"event-plus seminars\"><\/span><\/div><div class=\"event-list-item-details\"><p class=\"event-list-item-speaker\">H\u00e9lia Marreiros (U. Cat\u00f3lica do Porto)<\/p><h3 class=\"event-list-item-title\">Identity, Distributional Rules and Productivity in Heterogeneous Teams: An Experiment<\/h3><p class=\"event-list-item-location\">Campus de Gualtar | EEG - Sala 0.04<\/p><\/div><\/a><\/div><\/div><\/div><div class=\"publication-block event-block\"><div class=\"event-list-item\"><div class=\"event-list-item-image\"><img loading=\"lazy\" decoding=\"async\" width=\"150\" height=\"150\" src=\"https:\/\/nipe.eeg.uminho.pt\/wp-content\/uploads\/2021\/03\/DF-150x150.jpg\" class=\"project-list-item-image wp-post-image\" alt=\"\" \/><\/div><div class=\"event-list-item-content\"><a class=\"event-list-item-link\" href=\"https:\/\/nipe.eeg.uminho.pt\/en\/event\/ceo-pay-structure-under-different-compensation-disclosure-policies-a-board-capture-approach-2\/\" title=\"CEO Pay Structure under Different Compensation Disclosure Policies: A Board Capture Approach\"><div class=\"event-list-item-event\"><div class=\"event-list-item-agroup\"><div class=\"event-list-item-categories\"><span class=\"event-list-item-category seminars\">Seminars<\/span><\/div><span class=\"event-list-item-date\">27.03.2019 <bdi><\/bdi> 13:15<\/span><\/div><span class=\"event-plus seminars\"><\/span><\/div><div class=\"event-list-item-details\"><p class=\"event-list-item-speaker\">David Gonzalez (U. Mississippi)<\/p><h3 class=\"event-list-item-title\">CEO Pay Structure under Different Compensation Disclosure Policies: A Board Capture Approach<\/h3><p class=\"event-list-item-location\">Campus de Gualtar | EEG - Sala 0.04<\/p><\/div><\/a><\/div><\/div><\/div><div class=\"publication-block event-block\"><div class=\"event-list-item\"><div class=\"event-list-item-image\"><img loading=\"lazy\" decoding=\"async\" width=\"150\" height=\"150\" src=\"https:\/\/nipe.eeg.uminho.pt\/wp-content\/uploads\/2021\/04\/CA-150x150.jpg\" class=\"project-list-item-image wp-post-image\" alt=\"\" srcset=\"https:\/\/nipe.eeg.uminho.pt\/wp-content\/uploads\/2021\/04\/CA-150x150.jpg 150w, https:\/\/nipe.eeg.uminho.pt\/wp-content\/uploads\/2021\/04\/CA.jpg 225w\" sizes=\"auto, (max-width: 150px) 100vw, 150px\" \/><\/div><div class=\"event-list-item-content\"><a class=\"event-list-item-link\" href=\"https:\/\/nipe.eeg.uminho.pt\/en\/event\/intensity-of-workload-per-exam-and-academic-outcomes\/\" title=\"Intensity of Workload per Exam and Academic Outcomes\"><div class=\"event-list-item-event\"><div class=\"event-list-item-agroup\"><div class=\"event-list-item-categories\"><span class=\"event-list-item-category seminars\">Seminars<\/span><\/div><span class=\"event-list-item-date\">20.03.2019 <bdi><\/bdi> 13:15<\/span><\/div><span class=\"event-plus seminars\"><\/span><\/div><div class=\"event-list-item-details\"><p class=\"event-list-item-speaker\">Carmen Aina (U. degli Studi del Piemonte Orientale)<\/p><h3 class=\"event-list-item-title\">Intensity of Workload per Exam and Academic Outcomes<\/h3><p class=\"event-list-item-location\">Sala 0.04, EEG<\/p><\/div><\/a><\/div><\/div><\/div><div class=\"publication-block event-block\"><div class=\"event-list-item\"><div class=\"event-list-item-image\"><img loading=\"lazy\" decoding=\"async\" width=\"150\" height=\"150\" src=\"https:\/\/nipe.eeg.uminho.pt\/wp-content\/uploads\/2021\/04\/NA-150x150.jpg\" class=\"project-list-item-image wp-post-image\" alt=\"\" srcset=\"https:\/\/nipe.eeg.uminho.pt\/wp-content\/uploads\/2021\/04\/NA-150x150.jpg 150w, https:\/\/nipe.eeg.uminho.pt\/wp-content\/uploads\/2021\/04\/NA.jpg 200w\" sizes=\"auto, (max-width: 150px) 100vw, 150px\" \/><\/div><div class=\"event-list-item-content\"><a class=\"event-list-item-link\" href=\"https:\/\/nipe.eeg.uminho.pt\/en\/event\/bank-credit-allocation-and-productivity-stylised-facts-for-portugal\/\" title=\"Bank credit allocation and productivity: stylised facts for Portugal\"><div class=\"event-list-item-event\"><div class=\"event-list-item-agroup\"><div class=\"event-list-item-categories\"><span class=\"event-list-item-category seminars\">Seminars<\/span><\/div><span class=\"event-list-item-date\">06.03.2019 <bdi><\/bdi> 13:15<\/span><\/div><span class=\"event-plus seminars\"><\/span><\/div><div class=\"event-list-item-details\"><p class=\"event-list-item-speaker\">Nuno Azevedo (NIPE)<\/p><h3 class=\"event-list-item-title\">Bank credit allocation and productivity: stylised facts for Portugal<\/h3><p class=\"event-list-item-location\">Campus de Gualtar | EEG - Sala 0.04<\/p><\/div><\/a><\/div><\/div><\/div><div class=\"publication-block event-block\"><div class=\"event-list-item\"><div class=\"event-list-item-image\"><img loading=\"lazy\" decoding=\"async\" width=\"140\" height=\"150\" src=\"https:\/\/nipe.eeg.uminho.pt\/wp-content\/uploads\/2021\/04\/JH-140x150.jpg\" class=\"project-list-item-image wp-post-image\" alt=\"\" \/><\/div><div class=\"event-list-item-content\"><a class=\"event-list-item-link\" href=\"https:\/\/nipe.eeg.uminho.pt\/en\/event\/mortgage-arrears-regulation-and-institutions-cross-country-evidence\/\" title=\"Mortgage arrears, regulation and institutions: Cross-country evidence\"><div class=\"event-list-item-event\"><div class=\"event-list-item-agroup\"><div class=\"event-list-item-categories\"><span class=\"event-list-item-category seminars\">Seminars<\/span><\/div><span class=\"event-list-item-date\">19.02.2019 <bdi><\/bdi> 13:15<\/span><\/div><span class=\"event-plus seminars\"><\/span><\/div><div class=\"event-list-item-details\"><p class=\"event-list-item-speaker\">Jakob De Haan (De Nederlandsche Bank)<\/p><h3 class=\"event-list-item-title\">Mortgage arrears, regulation and institutions: Cross-country evidence<\/h3><p class=\"event-list-item-location\">Campus de Gualtar | EEG - Sala 0.04<\/p><\/div><\/a><\/div><\/div><\/div><\/div><div id=\"events-seminars-2018\" role=\"tabpanel\" class=\"tabs-pane fade\"><div class=\"publication-block event-block\"><div class=\"event-list-item\"><div class=\"event-list-item-image\"><img loading=\"lazy\" decoding=\"async\" width=\"150\" height=\"150\" src=\"https:\/\/nipe.eeg.uminho.pt\/wp-content\/uploads\/2021\/05\/ImagemEvento-1-150x150.jpg\" class=\"project-list-item-image wp-post-image\" alt=\"\" \/><\/div><div class=\"event-list-item-content\"><a class=\"event-list-item-link\" href=\"https:\/\/nipe.eeg.uminho.pt\/en\/event\/technological-change-taxation-and-inequality-in-the-u-s\/\" title=\"Technological Change, Taxation and Inequality in the U.S.\"><div class=\"event-list-item-event\"><div class=\"event-list-item-agroup\"><div class=\"event-list-item-categories\"><span class=\"event-list-item-category seminars\">Seminars<\/span><\/div><span class=\"event-list-item-date\">12.12.2018 <bdi><\/bdi> 13:15<\/span><\/div><span class=\"event-plus seminars\"><\/span><\/div><div class=\"event-list-item-details\"><p class=\"event-list-item-speaker\">Pedro Brinca (NOVA SBE)<\/p><h3 class=\"event-list-item-title\">Technological Change, Taxation and Inequality in the U.S.<\/h3><p class=\"event-list-item-location\">Campus de Gualtar | EEG - Room 0.04, 13h15<\/p><\/div><\/a><\/div><\/div><\/div><div class=\"publication-block event-block\"><div class=\"event-list-item\"><div class=\"event-list-item-image\"><img loading=\"lazy\" decoding=\"async\" width=\"150\" height=\"150\" src=\"https:\/\/nipe.eeg.uminho.pt\/wp-content\/uploads\/2018\/12\/ImagemEvento-3-150x150.jpg\" class=\"project-list-item-image wp-post-image\" alt=\"\" \/><\/div><div class=\"event-list-item-content\"><a class=\"event-list-item-link\" href=\"https:\/\/nipe.eeg.uminho.pt\/en\/event\/when-innovation-best-improves-performance-of-sme-manufacturing-firms\/\" title=\"When innovation best improves performance of SME manufacturing firms\"><div class=\"event-list-item-event\"><div class=\"event-list-item-agroup\"><div class=\"event-list-item-categories\"><span class=\"event-list-item-category seminars\">Seminars<\/span><\/div><span class=\"event-list-item-date\">05.12.2018 <bdi><\/bdi> 13:15<\/span><\/div><span class=\"event-plus seminars\"><\/span><\/div><div class=\"event-list-item-details\"><p class=\"event-list-item-speaker\">George Saridakis (U. Kent, Reino Unido)<\/p><h3 class=\"event-list-item-title\">When innovation best improves performance of SME manufacturing firms<\/h3><p class=\"event-list-item-location\">Campus de Gualtar | EEG - Room 0.04<\/p><\/div><\/a><\/div><\/div><\/div><div class=\"publication-block event-block\"><div class=\"event-list-item\"><div class=\"event-list-item-image\"><img loading=\"lazy\" decoding=\"async\" width=\"150\" height=\"150\" src=\"https:\/\/nipe.eeg.uminho.pt\/wp-content\/uploads\/2021\/04\/ImagemEvento-4-150x150.jpg\" class=\"project-list-item-image wp-post-image\" alt=\"\" \/><\/div><div class=\"event-list-item-content\"><a class=\"event-list-item-link\" href=\"https:\/\/nipe.eeg.uminho.pt\/en\/event\/the-cost-of-the-status-quo-exploration-or-innovation-in-the-face-of-scarcity\/\" title=\"The cost of the status quo: Exploration or innovation in the face of scarcity\"><div class=\"event-list-item-event\"><div class=\"event-list-item-agroup\"><div class=\"event-list-item-categories\"><span class=\"event-list-item-category seminars\">Seminars<\/span><\/div><span class=\"event-list-item-date\">09.11.2018 <bdi><\/bdi> 13:15<\/span><\/div><span class=\"event-plus seminars\"><\/span><\/div><div class=\"event-list-item-details\"><p class=\"event-list-item-speaker\"> Mauricio Rodriguez Acosta (U. del Rosario, Colombia)<\/p><h3 class=\"event-list-item-title\">The cost of the status quo: Exploration or innovation in the face of scarcity<\/h3><p class=\"event-list-item-location\">Campus de Gualtar | EEG - Room 0.04<\/p><\/div><\/a><\/div><\/div><\/div><div class=\"publication-block event-block\"><div class=\"event-list-item\"><div class=\"event-list-item-image\"><img loading=\"lazy\" decoding=\"async\" width=\"150\" height=\"150\" src=\"https:\/\/nipe.eeg.uminho.pt\/wp-content\/uploads\/2020\/11\/Jose_Ignacio-150x150.png\" class=\"project-list-item-image wp-post-image\" alt=\"\" srcset=\"https:\/\/nipe.eeg.uminho.pt\/wp-content\/uploads\/2020\/11\/Jose_Ignacio-150x150.png 150w, https:\/\/nipe.eeg.uminho.pt\/wp-content\/uploads\/2020\/11\/Jose_Ignacio.png 200w\" sizes=\"auto, (max-width: 150px) 100vw, 150px\" \/><\/div><div class=\"event-list-item-content\"><a class=\"event-list-item-link\" href=\"https:\/\/nipe.eeg.uminho.pt\/en\/event\/the-effects-of-international-migration-on-native-workers-unionisation-in-austria\/\" title=\"The Effects of International Migration on Native Workers&#8217; Unionisation in Austria\"><div class=\"event-list-item-event\"><div class=\"event-list-item-agroup\"><div class=\"event-list-item-categories\"><span class=\"event-list-item-category seminars\">Seminars<\/span><\/div><span class=\"event-list-item-date\">24.10.2018 <bdi><\/bdi> 13:15<\/span><\/div><span class=\"event-plus seminars\"><\/span><\/div><div class=\"event-list-item-details\"><p class=\"event-list-item-speaker\">Jos\u00e9-Ignacio Ant\u00f3n (U. Salamanca)<\/p><h3 class=\"event-list-item-title\">The Effects of International Migration on Native Workers&#8217; Unionisation in Austria<\/h3><p class=\"event-list-item-location\">Campus de Gualtar | EEG - Room 0.04<\/p><\/div><\/a><\/div><\/div><\/div><div class=\"publication-block event-block\"><div class=\"event-list-item\"><div class=\"event-list-item-image\"><img loading=\"lazy\" decoding=\"async\" width=\"150\" height=\"150\" src=\"https:\/\/nipe.eeg.uminho.pt\/wp-content\/uploads\/2018\/10\/Felicidades-meu-amo-20-150x150.png\" class=\"project-list-item-image wp-post-image\" alt=\"\" srcset=\"https:\/\/nipe.eeg.uminho.pt\/wp-content\/uploads\/2018\/10\/Felicidades-meu-amo-20-150x150.png 150w, https:\/\/nipe.eeg.uminho.pt\/wp-content\/uploads\/2018\/10\/Felicidades-meu-amo-20-300x300.png 300w, https:\/\/nipe.eeg.uminho.pt\/wp-content\/uploads\/2018\/10\/Felicidades-meu-amo-20-1024x1024.png 1024w, https:\/\/nipe.eeg.uminho.pt\/wp-content\/uploads\/2018\/10\/Felicidades-meu-amo-20.png 1080w\" sizes=\"auto, (max-width: 150px) 100vw, 150px\" \/><\/div><div class=\"event-list-item-content\"><a class=\"event-list-item-link\" href=\"https:\/\/nipe.eeg.uminho.pt\/en\/event\/political-forecast-cycles\/\" title=\"Political Forecast Cycles\"><div class=\"event-list-item-event\"><div class=\"event-list-item-agroup\"><div class=\"event-list-item-categories\"><span class=\"event-list-item-category seminars\">Seminars<\/span><\/div><span class=\"event-list-item-date\">03.10.2018 <bdi><\/bdi> 13:15<\/span><\/div><span class=\"event-plus seminars\"><\/span><\/div><div class=\"event-list-item-details\"><p class=\"event-list-item-speaker\">Frank Bohn (Radboud U., Netherlands)<\/p><h3 class=\"event-list-item-title\">Political Forecast Cycles<\/h3><p class=\"event-list-item-location\">Campus de Gualtar | EEG - Room 0.04<\/p><\/div><\/a><\/div><\/div><\/div><div class=\"publication-block event-block\"><div class=\"event-list-item\"><div class=\"event-list-item-image\"><img loading=\"lazy\" decoding=\"async\" width=\"150\" height=\"150\" src=\"https:\/\/nipe.eeg.uminho.pt\/wp-content\/uploads\/2021\/11\/NIPE-logo_rper-150x150.png\" class=\"project-list-item-image wp-post-image\" alt=\"\" srcset=\"https:\/\/nipe.eeg.uminho.pt\/wp-content\/uploads\/2021\/11\/NIPE-logo_rper-150x150.png 150w, https:\/\/nipe.eeg.uminho.pt\/wp-content\/uploads\/2021\/11\/NIPE-logo_rper-300x300.png 300w, https:\/\/nipe.eeg.uminho.pt\/wp-content\/uploads\/2021\/11\/NIPE-logo_rper.png 400w\" sizes=\"auto, (max-width: 150px) 100vw, 150px\" \/><\/div><div class=\"event-list-item-content\"><a class=\"event-list-item-link\" href=\"https:\/\/nipe.eeg.uminho.pt\/en\/event\/determinants-of-local-budget-transparency-the-case-of-croatia\/\" title=\"Determinants of local budget transparency: the case of Croatia\"><div class=\"event-list-item-event\"><div class=\"event-list-item-agroup\"><div class=\"event-list-item-categories\"><span class=\"event-list-item-category seminars\">Seminars<\/span><\/div><span class=\"event-list-item-date\">26.09.2018 <bdi><\/bdi> 13:15<\/span><\/div><span class=\"event-plus seminars\"><\/span><\/div><div class=\"event-list-item-details\"><p class=\"event-list-item-speaker\">Branko Stanic (Institute of Public Finance)<\/p><h3 class=\"event-list-item-title\">Determinants of local budget transparency: the case of Croatia<\/h3><p class=\"event-list-item-location\">Campus de Gualtar | EEG - Room 0.04<\/p><\/div><\/a><\/div><\/div><\/div><div class=\"publication-block event-block\"><div class=\"event-list-item\"><div class=\"event-list-item-image\"><img loading=\"lazy\" decoding=\"async\" width=\"150\" height=\"150\" src=\"https:\/\/nipe.eeg.uminho.pt\/wp-content\/uploads\/2021\/05\/ImagemEvento-6-150x150.jpg\" class=\"project-list-item-image wp-post-image\" alt=\"\" \/><\/div><div class=\"event-list-item-content\"><a class=\"event-list-item-link\" href=\"https:\/\/nipe.eeg.uminho.pt\/en\/event\/asset-prices-and-no-dividend-stocks\/\" title=\"Asset Prices and No-Dividend Stocks\"><div class=\"event-list-item-event\"><div class=\"event-list-item-agroup\"><div class=\"event-list-item-categories\"><span class=\"event-list-item-category seminars\">Seminars<\/span><\/div><span class=\"event-list-item-date\">12.09.2018 <bdi><\/bdi> 13:15<\/span><\/div><span class=\"event-plus seminars\"><\/span><\/div><div class=\"event-list-item-details\"><p class=\"event-list-item-speaker\">Suleyman Basak (London Business School)<\/p><h3 class=\"event-list-item-title\">Asset Prices and No-Dividend Stocks<\/h3><p class=\"event-list-item-location\">Campus de Gualtar | EEG - Room 0.04<\/p><\/div><\/a><\/div><\/div><\/div><div class=\"publication-block event-block\"><div class=\"event-list-item\"><div class=\"event-list-item-image\"><img loading=\"lazy\" decoding=\"async\" width=\"150\" height=\"150\" src=\"https:\/\/nipe.eeg.uminho.pt\/wp-content\/uploads\/2021\/11\/NIPE-logo_rper-150x150.png\" class=\"project-list-item-image wp-post-image\" alt=\"\" srcset=\"https:\/\/nipe.eeg.uminho.pt\/wp-content\/uploads\/2021\/11\/NIPE-logo_rper-150x150.png 150w, https:\/\/nipe.eeg.uminho.pt\/wp-content\/uploads\/2021\/11\/NIPE-logo_rper-300x300.png 300w, https:\/\/nipe.eeg.uminho.pt\/wp-content\/uploads\/2021\/11\/NIPE-logo_rper.png 400w\" sizes=\"auto, (max-width: 150px) 100vw, 150px\" \/><\/div><div class=\"event-list-item-content\"><a class=\"event-list-item-link\" href=\"https:\/\/nipe.eeg.uminho.pt\/en\/event\/use-of-active-peer-benchmarks-in-assessing-uk-mutual-fund-performance-and-persistence\/\" title=\"Use of Active Peer Benchmarks in assessing UK mutual fund performance and persistence\"><div class=\"event-list-item-event\"><div class=\"event-list-item-agroup\"><div class=\"event-list-item-categories\"><span class=\"event-list-item-category seminars\">Seminars<\/span><\/div><span class=\"event-list-item-date\">18.07.2018 <bdi><\/bdi> 13:00<\/span><\/div><span class=\"event-plus seminars\"><\/span><\/div><div class=\"event-list-item-details\"><p class=\"event-list-item-speaker\">Ces\u00e1rio Mateus (U. Greenwich)<\/p><h3 class=\"event-list-item-title\">Use of Active Peer Benchmarks in assessing UK mutual fund performance and persistence<\/h3><p class=\"event-list-item-location\">Campus de Gualtar | EEG - Room 0.04<\/p><\/div><\/a><\/div><\/div><\/div><div class=\"publication-block event-block\"><div class=\"event-list-item\"><div class=\"event-list-item-image\"><img loading=\"lazy\" decoding=\"async\" width=\"150\" height=\"150\" src=\"https:\/\/nipe.eeg.uminho.pt\/wp-content\/uploads\/2021\/05\/ImagemEvento-7-150x150.jpg\" class=\"project-list-item-image wp-post-image\" alt=\"\" \/><\/div><div class=\"event-list-item-content\"><a class=\"event-list-item-link\" href=\"https:\/\/nipe.eeg.uminho.pt\/en\/event\/a-protocol-for-factor-identification\/\" title=\"A Protocol for Factor Identification\"><div class=\"event-list-item-event\"><div class=\"event-list-item-agroup\"><div class=\"event-list-item-categories\"><span class=\"event-list-item-category seminars\">Seminars<\/span><\/div><span class=\"event-list-item-date\">20.06.2018 <bdi><\/bdi> 13:15<\/span><\/div><span class=\"event-plus seminars\"><\/span><\/div><div class=\"event-list-item-details\"><p class=\"event-list-item-speaker\">Avanidhar Subrahmanyam (UCLA Anderson School of Management)<\/p><h3 class=\"event-list-item-title\">A Protocol for Factor Identification<\/h3><p class=\"event-list-item-location\">Campus de Gualtar | EEG - Room 0.04<\/p><\/div><\/a><\/div><\/div><\/div><div class=\"publication-block event-block\"><div class=\"event-list-item\"><div class=\"event-list-item-image\"><img loading=\"lazy\" decoding=\"async\" width=\"150\" height=\"150\" src=\"https:\/\/nipe.eeg.uminho.pt\/wp-content\/uploads\/2018\/06\/BB-150x150.jpg\" class=\"project-list-item-image wp-post-image\" alt=\"\" \/><\/div><div class=\"event-list-item-content\"><a class=\"event-list-item-link\" href=\"https:\/\/nipe.eeg.uminho.pt\/en\/event\/40-years-of-panel-data-forecasting\/\" title=\"40 years of Panel Data Forecasting\"><div class=\"event-list-item-event\"><div class=\"event-list-item-agroup\"><div class=\"event-list-item-categories\"><span class=\"event-list-item-category seminars\">Seminars<\/span><\/div><span class=\"event-list-item-date\">14.06.2018 <bdi><\/bdi> 13:15<\/span><\/div><span class=\"event-plus seminars\"><\/span><\/div><div class=\"event-list-item-details\"><p class=\"event-list-item-speaker\">Badi Hani Baltagi (U. Syracuse)<\/p><h3 class=\"event-list-item-title\">40 years of Panel Data Forecasting<\/h3><p class=\"event-list-item-location\">Campus de Gualtar | EEG - Room 0.04<\/p><\/div><\/a><\/div><\/div><\/div><div class=\"publication-block event-block\"><div class=\"event-list-item\"><div class=\"event-list-item-image\"><img loading=\"lazy\" decoding=\"async\" width=\"150\" height=\"150\" src=\"https:\/\/nipe.eeg.uminho.pt\/wp-content\/uploads\/2021\/05\/ImagemEvento-8-150x150.jpg\" class=\"project-list-item-image wp-post-image\" alt=\"\" \/><\/div><div class=\"event-list-item-content\"><a class=\"event-list-item-link\" href=\"https:\/\/nipe.eeg.uminho.pt\/en\/event\/pacioli-venice-education-and-bookkeeping-in-the-15th-century\/\" title=\"Pacioli, Venice, Education, and Bookkeeping in the 15th century\"><div class=\"event-list-item-event\"><div class=\"event-list-item-agroup\"><div class=\"event-list-item-categories\"><span class=\"event-list-item-category seminars\">Seminars<\/span><\/div><span class=\"event-list-item-date\">07.06.2018 <bdi><\/bdi> 13:15<\/span><\/div><span class=\"event-plus seminars\"><\/span><\/div><div class=\"event-list-item-details\"><p class=\"event-list-item-speaker\">Alan Sangster (U. Sussex)<\/p><h3 class=\"event-list-item-title\">Pacioli, Venice, Education, and Bookkeeping in the 15th century<\/h3><p class=\"event-list-item-location\">Campus de Gualtar | EEG - Room 0.04<\/p><\/div><\/a><\/div><\/div><\/div><div class=\"publication-block event-block\"><div class=\"event-list-item\"><div class=\"event-list-item-image\"><img loading=\"lazy\" decoding=\"async\" width=\"150\" height=\"150\" src=\"https:\/\/nipe.eeg.uminho.pt\/wp-content\/uploads\/2021\/05\/ImagemEvento-9-150x150.jpg\" class=\"project-list-item-image wp-post-image\" alt=\"\" \/><\/div><div class=\"event-list-item-content\"><a class=\"event-list-item-link\" href=\"https:\/\/nipe.eeg.uminho.pt\/en\/event\/going-the-extra-mile-credit-cycles-and-distant-lending\/\" title=\"Going the Extra Mile: Credit Cycles and Distant Lending\"><div class=\"event-list-item-event\"><div class=\"event-list-item-agroup\"><div class=\"event-list-item-categories\"><span class=\"event-list-item-category seminars\">Seminars<\/span><\/div><span class=\"event-list-item-date\">30.05.2018 <bdi><\/bdi> 13:15<\/span><\/div><span class=\"event-plus seminars\"><\/span><\/div><div class=\"event-list-item-details\"><p class=\"event-list-item-speaker\">Jo\u00e3o Granja (U. Chicago Booth School of Business)<\/p><h3 class=\"event-list-item-title\">Going the Extra Mile: Credit Cycles and Distant Lending<\/h3><p class=\"event-list-item-location\">Campus de Gualtar | EEG - Room 0.04<\/p><\/div><\/a><\/div><\/div><\/div><div class=\"publication-block event-block\"><div class=\"event-list-item\"><div class=\"event-list-item-image\"><img loading=\"lazy\" decoding=\"async\" width=\"150\" height=\"150\" src=\"https:\/\/nipe.eeg.uminho.pt\/wp-content\/uploads\/2021\/05\/ImagemEvento-10-150x150.jpg\" class=\"project-list-item-image wp-post-image\" alt=\"\" \/><\/div><div class=\"event-list-item-content\"><a class=\"event-list-item-link\" href=\"https:\/\/nipe.eeg.uminho.pt\/en\/event\/central-government-performance-and-local-election-outcomes-a-randomised-experiment\/\" title=\"Central Government Performance and Local Election outcomes: A randomised experiment\"><div class=\"event-list-item-event\"><div class=\"event-list-item-agroup\"><div class=\"event-list-item-categories\"><span class=\"event-list-item-category seminars\">Seminars<\/span><\/div><span class=\"event-list-item-date\">23.05.2018 <bdi><\/bdi> 13:15<\/span><\/div><span class=\"event-plus seminars\"><\/span><\/div><div class=\"event-list-item-details\"><p class=\"event-list-item-speaker\">Susana Peralta (Nova SBE)<\/p><h3 class=\"event-list-item-title\">Central Government Performance and Local Election outcomes: A randomised experiment<\/h3><p class=\"event-list-item-location\">Campus de Gualtar | EEG - Room 0.04<\/p><\/div><\/a><\/div><\/div><\/div><div class=\"publication-block event-block\"><div class=\"event-list-item\"><div class=\"event-list-item-image\"><img loading=\"lazy\" decoding=\"async\" width=\"150\" height=\"150\" src=\"https:\/\/nipe.eeg.uminho.pt\/wp-content\/uploads\/2018\/05\/Rikard-Eriksson-150x150.jpg\" class=\"project-list-item-image wp-post-image\" alt=\"\" \/><\/div><div class=\"event-list-item-content\"><a class=\"event-list-item-link\" href=\"https:\/\/nipe.eeg.uminho.pt\/en\/event\/co-worker-networks-and-agglomeration-externalities\/\" title=\"Co-worker networks and agglomeration externalities\"><div class=\"event-list-item-event\"><div class=\"event-list-item-agroup\"><div class=\"event-list-item-categories\"><span class=\"event-list-item-category seminars\">Seminars<\/span><\/div><span class=\"event-list-item-date\">09.05.2018 <bdi><\/bdi> 13:15<\/span><\/div><span class=\"event-plus seminars\"><\/span><\/div><div class=\"event-list-item-details\"><p class=\"event-list-item-speaker\">Rikard Eriksson (U. Ume\u00e5)<\/p><h3 class=\"event-list-item-title\">Co-worker networks and agglomeration externalities<\/h3><p class=\"event-list-item-location\">Campus de Gualtar | EEG - Room 0.04<\/p><\/div><\/a><\/div><\/div><\/div><div class=\"publication-block event-block\"><div class=\"event-list-item\"><div class=\"event-list-item-image\"><img loading=\"lazy\" decoding=\"async\" width=\"150\" height=\"150\" src=\"https:\/\/nipe.eeg.uminho.pt\/wp-content\/uploads\/2021\/05\/ImagemEvento-11-150x150.jpg\" class=\"project-list-item-image wp-post-image\" alt=\"\" \/><\/div><div class=\"event-list-item-content\"><a class=\"event-list-item-link\" href=\"https:\/\/nipe.eeg.uminho.pt\/en\/event\/the-effects-of-export-credit-guarantees-on-firm-performance\/\" title=\"The Effects of Export Credit Guarantees on Firm Performance\"><div class=\"event-list-item-event\"><div class=\"event-list-item-agroup\"><div class=\"event-list-item-categories\"><span class=\"event-list-item-category seminars\">Seminars<\/span><\/div><span class=\"event-list-item-date\">18.04.2018 <bdi><\/bdi> 13:15<\/span><\/div><span class=\"event-plus seminars\"><\/span><\/div><div class=\"event-list-item-details\"><p class=\"event-list-item-speaker\">Magnus Lodefalk (\u00d6rebro U. School of Business)<\/p><h3 class=\"event-list-item-title\">The Effects of Export Credit Guarantees on Firm Performance<\/h3><p class=\"event-list-item-location\">Campus de Gualtar | EEG - Room 0.04<\/p><\/div><\/a><\/div><\/div><\/div><div class=\"publication-block event-block\"><div class=\"event-list-item\"><div class=\"event-list-item-image\"><img loading=\"lazy\" decoding=\"async\" width=\"150\" height=\"150\" src=\"https:\/\/nipe.eeg.uminho.pt\/wp-content\/uploads\/2021\/05\/ImagemEvento-12-150x150.jpg\" class=\"project-list-item-image wp-post-image\" alt=\"\" \/><\/div><div class=\"event-list-item-content\"><a class=\"event-list-item-link\" href=\"https:\/\/nipe.eeg.uminho.pt\/en\/event\/sequencing-bilateral-negotiations-with-externalities\/\" title=\"Sequencing Bilateral Negotiations with Externalities\"><div class=\"event-list-item-event\"><div class=\"event-list-item-agroup\"><div class=\"event-list-item-categories\"><span class=\"event-list-item-category seminars\">Seminars<\/span><\/div><span class=\"event-list-item-date\">04.04.2018 <bdi><\/bdi> 13:15<\/span><\/div><span class=\"event-plus seminars\"><\/span><\/div><div class=\"event-list-item-details\"><p class=\"event-list-item-speaker\">Markus Reisinger (Frankfurt School of Finance & Management)<\/p><h3 class=\"event-list-item-title\">Sequencing Bilateral Negotiations with Externalities<\/h3><p class=\"event-list-item-location\">Campus de Gualtar | EEG - Room 0.04<\/p><\/div><\/a><\/div><\/div><\/div><div class=\"publication-block event-block\"><div class=\"event-list-item\"><div class=\"event-list-item-image\"><img loading=\"lazy\" decoding=\"async\" width=\"150\" height=\"150\" src=\"https:\/\/nipe.eeg.uminho.pt\/wp-content\/uploads\/2021\/05\/ImagemEvento-14-150x150.jpg\" class=\"project-list-item-image wp-post-image\" alt=\"\" \/><\/div><div class=\"event-list-item-content\"><a class=\"event-list-item-link\" href=\"https:\/\/nipe.eeg.uminho.pt\/en\/event\/the-agency-credit-spread\/\" title=\"The Agency Credit Spread\"><div class=\"event-list-item-event\"><div class=\"event-list-item-agroup\"><div class=\"event-list-item-categories\"><span class=\"event-list-item-category seminars\">Seminars<\/span><\/div><span class=\"event-list-item-date\">21.03.2018 <bdi><\/bdi> 13:15<\/span><\/div><span class=\"event-plus seminars\"><\/span><\/div><div class=\"event-list-item-details\"><p class=\"event-list-item-speaker\">Andrea Gamba (Warwick Business School)<\/p><h3 class=\"event-list-item-title\">The Agency Credit Spread<\/h3><p class=\"event-list-item-location\">Campus de Gualtar | EEG - Room 0.04<\/p><\/div><\/a><\/div><\/div><\/div><div class=\"publication-block event-block\"><div class=\"event-list-item\"><div class=\"event-list-item-image\"><img loading=\"lazy\" decoding=\"async\" width=\"150\" height=\"150\" src=\"https:\/\/nipe.eeg.uminho.pt\/wp-content\/uploads\/2021\/05\/ImagemEvento-16-150x150.jpg\" class=\"project-list-item-image wp-post-image\" alt=\"\" \/><\/div><div class=\"event-list-item-content\"><a class=\"event-list-item-link\" href=\"https:\/\/nipe.eeg.uminho.pt\/en\/event\/governed-by-the-herd-institutional-investors-and-the-threat-of-exit\/\" title=\"Governed by the Herd: Institutional Investors and the Threat of Exit\"><div class=\"event-list-item-event\"><div class=\"event-list-item-agroup\"><div class=\"event-list-item-categories\"><span class=\"event-list-item-category seminars\">Seminars<\/span><\/div><span class=\"event-list-item-date\">07.03.2018 <bdi><\/bdi> 13:15<\/span><\/div><span class=\"event-plus seminars\"><\/span><\/div><div class=\"event-list-item-details\"><p class=\"event-list-item-speaker\">Amil Dasgupta (London School of Economics)<\/p><h3 class=\"event-list-item-title\">Governed by the Herd: Institutional Investors and the Threat of Exit<\/h3><p class=\"event-list-item-location\">Campus de Gualtar | EEG - Room 0.04<\/p><\/div><\/a><\/div><\/div><\/div><div class=\"publication-block event-block\"><div class=\"event-list-item\"><div class=\"event-list-item-image\"><img loading=\"lazy\" decoding=\"async\" width=\"150\" height=\"150\" src=\"https:\/\/nipe.eeg.uminho.pt\/wp-content\/uploads\/2021\/05\/ImagemEvento-17-150x150.jpg\" class=\"project-list-item-image wp-post-image\" alt=\"\" \/><\/div><div class=\"event-list-item-content\"><a class=\"event-list-item-link\" href=\"https:\/\/nipe.eeg.uminho.pt\/en\/event\/fear-the-walking-dead-zombie-firms-spillovers-and-exit\/\" title=\"Fear the walking dead: zombie firms, spillovers and exit\"><div class=\"event-list-item-event\"><div class=\"event-list-item-agroup\"><div class=\"event-list-item-categories\"><span class=\"event-list-item-category seminars\">Seminars<\/span><\/div><span class=\"event-list-item-date\">28.02.2018 <bdi><\/bdi> 13:15<\/span><\/div><span class=\"event-plus seminars\"><\/span><\/div><div class=\"event-list-item-details\"><p class=\"event-list-item-speaker\">Ana Fontoura Gouveia (Banco de Portugal)<\/p><h3 class=\"event-list-item-title\">Fear the walking dead: zombie firms, spillovers and exit<\/h3><p class=\"event-list-item-location\">Campus de Gualtar | EEG - Room 0.04<\/p><\/div><\/a><\/div><\/div><\/div><div class=\"publication-block event-block\"><div class=\"event-list-item\"><div class=\"event-list-item-image\"><img loading=\"lazy\" decoding=\"async\" width=\"150\" height=\"150\" src=\"https:\/\/nipe.eeg.uminho.pt\/wp-content\/uploads\/2021\/05\/ImagemEvento-18-150x150.jpg\" class=\"project-list-item-image wp-post-image\" alt=\"\" \/><\/div><div class=\"event-list-item-content\"><a class=\"event-list-item-link\" href=\"https:\/\/nipe.eeg.uminho.pt\/en\/event\/understanding-institutional-voids-and-entrepreneurship\/\" title=\"Understanding Institutional Voids and Entrepreneurship\"><div class=\"event-list-item-event\"><div class=\"event-list-item-agroup\"><div class=\"event-list-item-categories\"><span class=\"event-list-item-category seminars\">Seminars<\/span><\/div><span class=\"event-list-item-date\">21.02.2018 <bdi><\/bdi> 13:15<\/span><\/div><span class=\"event-plus seminars\"><\/span><\/div><div class=\"event-list-item-details\"><p class=\"event-list-item-speaker\">Theodore Khoury (Portland State U.)<\/p><h3 class=\"event-list-item-title\">Understanding Institutional Voids and Entrepreneurship<\/h3><p class=\"event-list-item-location\">Campus de Gualtar | EEG - Room 0.04<\/p><\/div><\/a><\/div><\/div><\/div><div class=\"publication-block event-block\"><div class=\"event-list-item\"><div class=\"event-list-item-image\"><img loading=\"lazy\" decoding=\"async\" width=\"150\" height=\"150\" src=\"https:\/\/nipe.eeg.uminho.pt\/wp-content\/uploads\/2021\/05\/ImagemEvento-19-150x150.jpg\" class=\"project-list-item-image wp-post-image\" alt=\"\" \/><\/div><div class=\"event-list-item-content\"><a class=\"event-list-item-link\" href=\"https:\/\/nipe.eeg.uminho.pt\/en\/event\/informational-asymmetry-index\/\" title=\"Informational Asymmetry Index\"><div class=\"event-list-item-event\"><div class=\"event-list-item-agroup\"><div class=\"event-list-item-categories\"><span class=\"event-list-item-category seminars\">Seminars<\/span><\/div><span class=\"event-list-item-date\">14.02.2018 <bdi><\/bdi> 13:15<\/span><\/div><span class=\"event-plus seminars\"><\/span><\/div><div class=\"event-list-item-details\"><p class=\"event-list-item-speaker\">Roberto Decourt (UNISINOS \u2013 U. Vale do Rio dos Sinos)<\/p><h3 class=\"event-list-item-title\">Informational Asymmetry Index<\/h3><p class=\"event-list-item-location\">Campus de Gualtar | EEG - Room 0.04<\/p><\/div><\/a><\/div><\/div><\/div><div class=\"publication-block event-block\"><div class=\"event-list-item\"><div class=\"event-list-item-image\"><img loading=\"lazy\" decoding=\"async\" width=\"150\" height=\"150\" src=\"https:\/\/nipe.eeg.uminho.pt\/wp-content\/uploads\/2021\/05\/ImagemEvento-20-150x150.jpg\" class=\"project-list-item-image wp-post-image\" alt=\"\" \/><\/div><div class=\"event-list-item-content\"><a class=\"event-list-item-link\" href=\"https:\/\/nipe.eeg.uminho.pt\/en\/event\/price-competition-in-pharmaceuticals-evidence-from-1303-swedish-markets\/\" title=\"Price competition in pharmaceuticals \u2013 evidence from 1303 Swedish markets\"><div class=\"event-list-item-event\"><div class=\"event-list-item-agroup\"><div class=\"event-list-item-categories\"><span class=\"event-list-item-category seminars\">Seminars<\/span><\/div><span class=\"event-list-item-date\">07.02.2018 <bdi><\/bdi> 13:15<\/span><\/div><span class=\"event-plus seminars\"><\/span><\/div><div class=\"event-list-item-details\"><p class=\"event-list-item-speaker\">David Granlund (Ume\u00e5 U.)<\/p><h3 class=\"event-list-item-title\">Price competition in pharmaceuticals \u2013 evidence from 1303 Swedish markets<\/h3><p class=\"event-list-item-location\">Campus de Gualtar | EEG - Room 0.04<\/p><\/div><\/a><\/div><\/div><\/div><div class=\"publication-block event-block\"><div class=\"event-list-item\"><div class=\"event-list-item-image\"><img loading=\"lazy\" decoding=\"async\" width=\"150\" height=\"150\" src=\"https:\/\/nipe.eeg.uminho.pt\/wp-content\/uploads\/2021\/05\/ImagemEvento-21-150x150.jpg\" class=\"project-list-item-image wp-post-image\" alt=\"\" \/><\/div><div class=\"event-list-item-content\"><a class=\"event-list-item-link\" href=\"https:\/\/nipe.eeg.uminho.pt\/en\/event\/endogenous-growth-and-entropy\/\" title=\"Endogenous Growth and Entropy\"><div class=\"event-list-item-event\"><div class=\"event-list-item-agroup\"><div class=\"event-list-item-categories\"><span class=\"event-list-item-category seminars\">Seminars<\/span><\/div><span class=\"event-list-item-date\">24.01.2018 <bdi><\/bdi> 13:15<\/span><\/div><span class=\"event-plus seminars\"><\/span><\/div><div class=\"event-list-item-details\"><p class=\"event-list-item-speaker\">Tiago Sequeira (U. Beira Interior)<\/p><h3 class=\"event-list-item-title\">Endogenous Growth and Entropy<\/h3><p class=\"event-list-item-location\">Campus de Gualtar | EEG - Room 0.04<\/p><\/div><\/a><\/div><\/div><\/div><div class=\"publication-block event-block\"><div class=\"event-list-item\"><div class=\"event-list-item-image\"><img loading=\"lazy\" decoding=\"async\" width=\"150\" height=\"150\" src=\"https:\/\/nipe.eeg.uminho.pt\/wp-content\/uploads\/2021\/05\/ImagemEvento-22-150x150.jpg\" class=\"project-list-item-image wp-post-image\" alt=\"\" \/><\/div><div class=\"event-list-item-content\"><a class=\"event-list-item-link\" href=\"https:\/\/nipe.eeg.uminho.pt\/en\/event\/population-sex-ratios-and-violence-against-womenthe-long-run-consequences-of-sex-selection-in-india\/\" title=\"Population Sex Ratios and Violence against Women:The Long Run Consequences of Sex Selection in India\"><div class=\"event-list-item-event\"><div class=\"event-list-item-agroup\"><div class=\"event-list-item-categories\"><span class=\"event-list-item-category seminars\">Seminars<\/span><\/div><span class=\"event-list-item-date\">10.01.2018 <bdi><\/bdi> 13:15<\/span><\/div><span class=\"event-plus seminars\"><\/span><\/div><div class=\"event-list-item-details\"><p class=\"event-list-item-speaker\">Sofia Amaral (U. Essex)<\/p><h3 class=\"event-list-item-title\">Population Sex Ratios and Violence against Women:The Long Run Consequences of Sex Selection in India<\/h3><p class=\"event-list-item-location\">Campus de Gualtar | EEG - Room 0.04<\/p><\/div><\/a><\/div><\/div><\/div><\/div><div id=\"events-seminars-2017\" role=\"tabpanel\" class=\"tabs-pane fade\"><div class=\"publication-block event-block\"><div class=\"event-list-item\"><div class=\"event-list-item-image\"><img loading=\"lazy\" decoding=\"async\" width=\"150\" height=\"150\" src=\"https:\/\/nipe.eeg.uminho.pt\/wp-content\/uploads\/2021\/05\/ImagemEvento-1-150x150.jpg\" class=\"project-list-item-image wp-post-image\" alt=\"\" \/><\/div><div class=\"event-list-item-content\"><a class=\"event-list-item-link\" href=\"https:\/\/nipe.eeg.uminho.pt\/en\/event\/the-nonlinear-effects-of-fiscal-policy\/\" title=\"The Nonlinear Effects of Fiscal Policy\"><div class=\"event-list-item-event\"><div class=\"event-list-item-agroup\"><div class=\"event-list-item-categories\"><span class=\"event-list-item-category seminars\">Seminars<\/span><\/div><span class=\"event-list-item-date\">13.12.2017 <bdi><\/bdi> 13:15<\/span><\/div><span class=\"event-plus seminars\"><\/span><\/div><div class=\"event-list-item-details\"><p class=\"event-list-item-speaker\">Pedro Brinca (NOVA SBE)<\/p><h3 class=\"event-list-item-title\">The Nonlinear Effects of Fiscal Policy<\/h3><p class=\"event-list-item-location\">Campus de Gualtar | EEG - Sala 0.04<\/p><\/div><\/a><\/div><\/div><\/div><div class=\"publication-block event-block\"><div class=\"event-list-item\"><div class=\"event-list-item-image\"><img loading=\"lazy\" decoding=\"async\" width=\"150\" height=\"150\" src=\"https:\/\/nipe.eeg.uminho.pt\/wp-content\/uploads\/2021\/04\/am-150x150.jpg\" class=\"project-list-item-image wp-post-image\" alt=\"\" \/><\/div><div class=\"event-list-item-content\"><a class=\"event-list-item-link\" href=\"https:\/\/nipe.eeg.uminho.pt\/en\/event\/electoral-systems-and-fiscal-policy-volatility-in-established-democracies-com-francisco-veiga-e-linda-veiga\/\" title=\"Electoral systems and fiscal policy volatility in established democracies (com Francisco Veiga e Linda Veiga)\"><div class=\"event-list-item-event\"><div class=\"event-list-item-agroup\"><div class=\"event-list-item-categories\"><span class=\"event-list-item-category seminars\">Seminars<\/span><\/div><span class=\"event-list-item-date\">06.12.2017 <bdi><\/bdi> 13:15<\/span><\/div><span class=\"event-plus seminars\"><\/span><\/div><div class=\"event-list-item-details\"><p class=\"event-list-item-speaker\">Atsuyoshi Morozumi (U. Nottingham)<\/p><h3 class=\"event-list-item-title\">Electoral systems and fiscal policy volatility in established democracies (com Francisco Veiga e Linda Veiga)<\/h3><p class=\"event-list-item-location\">Campus de Gualtar | EEG - Sala 0.04<\/p><\/div><\/a><\/div><\/div><\/div><div class=\"publication-block event-block\"><div class=\"event-list-item\"><div class=\"event-list-item-image\"><img loading=\"lazy\" decoding=\"async\" width=\"150\" height=\"150\" src=\"https:\/\/nipe.eeg.uminho.pt\/wp-content\/uploads\/2021\/04\/PN-150x150.jpg\" class=\"project-list-item-image wp-post-image\" alt=\"\" srcset=\"https:\/\/nipe.eeg.uminho.pt\/wp-content\/uploads\/2021\/04\/PN-150x150.jpg 150w, https:\/\/nipe.eeg.uminho.pt\/wp-content\/uploads\/2021\/04\/PN.jpg 200w\" sizes=\"auto, (max-width: 150px) 100vw, 150px\" \/><\/div><div class=\"event-list-item-content\"><a class=\"event-list-item-link\" href=\"https:\/\/nipe.eeg.uminho.pt\/en\/event\/the-production-of-knowledge-a-meta-regression-analysis\/\" title=\"The Production of Knowledge: A Meta-Regression Analysis\"><div class=\"event-list-item-event\"><div class=\"event-list-item-agroup\"><div class=\"event-list-item-categories\"><span class=\"event-list-item-category seminars\">Seminars<\/span><\/div><span class=\"event-list-item-date\">22.11.2017 <bdi><\/bdi> 13:15<\/span><\/div><span class=\"event-plus seminars\"><\/span><\/div><div class=\"event-list-item-details\"><p class=\"event-list-item-speaker\">Pedro Neves (U. Beira Interior)<\/p><h3 class=\"event-list-item-title\">The Production of Knowledge: A Meta-Regression Analysis<\/h3><p class=\"event-list-item-location\">Campus de Gualtar | EEG - Sala 0.04<\/p><\/div><\/a><\/div><\/div><\/div><div class=\"publication-block event-block\"><div class=\"event-list-item\"><div class=\"event-list-item-image\"><img loading=\"lazy\" decoding=\"async\" width=\"150\" height=\"150\" src=\"https:\/\/nipe.eeg.uminho.pt\/wp-content\/uploads\/2021\/04\/Marta-Silva-150x150.jpg\" class=\"project-list-item-image wp-post-image\" alt=\"\" \/><\/div><div class=\"event-list-item-content\"><a class=\"event-list-item-link\" href=\"https:\/\/nipe.eeg.uminho.pt\/en\/event\/wage-inequality-between-permanent-and-fixed-term-contracts-a-firm-level-analysis-com-luis-f-martins-2\/\" title=\"Wage inequality between permanent and fixed-term contracts: a firm-level analysis&#8221; (com Lu\u00eds F. Martins)\"><div class=\"event-list-item-event\"><div class=\"event-list-item-agroup\"><div class=\"event-list-item-categories\"><span class=\"event-list-item-category seminars\">Seminars<\/span><\/div><span class=\"event-list-item-date\">18.10.2017 <bdi><\/bdi> 13:15<\/span><\/div><span class=\"event-plus seminars\"><\/span><\/div><div class=\"event-list-item-details\"><p class=\"event-list-item-speaker\">Marta Silva (Banco de Portugal)<\/p><h3 class=\"event-list-item-title\">Wage inequality between permanent and fixed-term contracts: a firm-level analysis&#8221; (com Lu\u00eds F. Martins)<\/h3><p class=\"event-list-item-location\">Campus de Gualtar | EEG - Sala 0.04<\/p><\/div><\/a><\/div><\/div><\/div><div class=\"publication-block event-block\"><div class=\"event-list-item\"><div class=\"event-list-item-image\"><img loading=\"lazy\" decoding=\"async\" width=\"150\" height=\"150\" src=\"https:\/\/nipe.eeg.uminho.pt\/wp-content\/uploads\/2021\/04\/Marta-Silva-150x150.jpg\" class=\"project-list-item-image wp-post-image\" alt=\"\" \/><\/div><div class=\"event-list-item-content\"><a class=\"event-list-item-link\" href=\"https:\/\/nipe.eeg.uminho.pt\/en\/event\/wage-inequality-between-permanent-and-fixed-term-contracts-a-firm-level-analysis-com-luis-f-martins\/\" title=\"Wage inequality between permanent and fixed-term contracts: a firm-level analysis&#8221; (com Lu\u00eds F. Martins)\"><div class=\"event-list-item-event\"><div class=\"event-list-item-agroup\"><div class=\"event-list-item-categories\"><span class=\"event-list-item-category seminars\">Seminars<\/span><\/div><span class=\"event-list-item-date\">18.10.2017 <bdi><\/bdi> 13:15<\/span><\/div><span class=\"event-plus seminars\"><\/span><\/div><div class=\"event-list-item-details\"><p class=\"event-list-item-speaker\">Marta Silva (Banco de Portugal)<\/p><h3 class=\"event-list-item-title\">Wage inequality between permanent and fixed-term contracts: a firm-level analysis&#8221; (com Lu\u00eds F. Martins)<\/h3><p class=\"event-list-item-location\">Campus de Gualtar | EEG - Sala 0.04<\/p><\/div><\/a><\/div><\/div><\/div><div class=\"publication-block event-block\"><div class=\"event-list-item\"><div class=\"event-list-item-image\"><img loading=\"lazy\" decoding=\"async\" width=\"150\" height=\"150\" src=\"https:\/\/nipe.eeg.uminho.pt\/wp-content\/uploads\/2021\/04\/Thomas-Greeve-150x150.jpg\" class=\"project-list-item-image wp-post-image\" alt=\"\" \/><\/div><div class=\"event-list-item-content\"><a class=\"event-list-item-link\" href=\"https:\/\/nipe.eeg.uminho.pt\/en\/event\/an-optimal-and-efficient-prior-free-mechanism-a-case-from-the-energy-sector\/\" title=\"An optimal and efficient prior-free mechanism &#8211; a case from the energy sector\"><div class=\"event-list-item-event\"><div class=\"event-list-item-agroup\"><div class=\"event-list-item-categories\"><span class=\"event-list-item-category seminars\">Seminars<\/span><\/div><span class=\"event-list-item-date\">11.10.2017 <bdi><\/bdi> 13:15<\/span><\/div><span class=\"event-plus seminars\"><\/span><\/div><div class=\"event-list-item-details\"><p class=\"event-list-item-speaker\">Thomas Greeve (U. Cambridge)<\/p><h3 class=\"event-list-item-title\">An optimal and efficient prior-free mechanism &#8211; a case from the energy sector<\/h3><p class=\"event-list-item-location\">Campus de Gualtar | EEG - Sala 0.04<\/p><\/div><\/a><\/div><\/div><\/div><div class=\"publication-block event-block\"><div class=\"event-list-item\"><div class=\"event-list-item-image\"><img loading=\"lazy\" decoding=\"async\" width=\"115\" height=\"150\" src=\"https:\/\/nipe.eeg.uminho.pt\/wp-content\/uploads\/2018\/10\/329586-115x150.jpg\" class=\"project-list-item-image wp-post-image\" alt=\"\" \/><\/div><div class=\"event-list-item-content\"><a class=\"event-list-item-link\" href=\"https:\/\/nipe.eeg.uminho.pt\/en\/event\/wwhat-do-recession-expectations-do-to-political-budget-cycles-countercyclical-policy-responses-and-procyclical-changes-in-deficits-com-jan-egbert-sturm\/\" title=\"What Do Recession Expectations Do to Political Budget Cycles? Countercyclical Policy Responses and Procyclical Changes in Deficits (com Jan-Egbert Sturm)\"><div class=\"event-list-item-event\"><div class=\"event-list-item-agroup\"><div class=\"event-list-item-categories\"><span class=\"event-list-item-category seminars\">Seminars<\/span><\/div><span class=\"event-list-item-date\">04.10.2017 <bdi><\/bdi> 13:15<\/span><\/div><span class=\"event-plus seminars\"><\/span><\/div><div class=\"event-list-item-details\"><p class=\"event-list-item-speaker\">Frank Bohn (Radboud University, Netherlands)<\/p><h3 class=\"event-list-item-title\">What Do Recession Expectations Do to Political Budget Cycles? Countercyclical Policy Responses and Procyclical Changes in Deficits (com Jan-Egbert Sturm)<\/h3><p class=\"event-list-item-location\">Campus de Gualtar | EEG - Room 0.04<\/p><\/div><\/a><\/div><\/div><\/div><div class=\"publication-block event-block\"><div class=\"event-list-item\"><div class=\"event-list-item-image\"><img loading=\"lazy\" decoding=\"async\" width=\"150\" height=\"150\" src=\"https:\/\/nipe.eeg.uminho.pt\/wp-content\/uploads\/2021\/03\/Sujiao-Zhao-150x150.jpg\" class=\"project-list-item-image wp-post-image\" alt=\"\" \/><\/div><div class=\"event-list-item-content\"><a class=\"event-list-item-link\" href=\"https:\/\/nipe.eeg.uminho.pt\/en\/event\/cutting-out-the-middleman-trade-credit-as-bridge-financing-in-low-valuation-markets\/\" title=\"Cutting out the middleman: trade credit as bridge financing in low valuation markets\"><div class=\"event-list-item-event\"><div class=\"event-list-item-agroup\"><div class=\"event-list-item-categories\"><span class=\"event-list-item-category seminars\">Seminars<\/span><\/div><span class=\"event-list-item-date\">20.09.2017 <bdi><\/bdi> 13:15<\/span><\/div><span class=\"event-plus seminars\"><\/span><\/div><div class=\"event-list-item-details\"><p class=\"event-list-item-speaker\">Sujiao (Emma) Zhao (Banco de Portugal)<\/p><h3 class=\"event-list-item-title\">Cutting out the middleman: trade credit as bridge financing in low valuation markets<\/h3><p class=\"event-list-item-location\">Campus de Gualtar | EEG - Room 0.04<\/p><\/div><\/a><\/div><\/div><\/div><div class=\"publication-block event-block\"><div class=\"event-list-item\"><div class=\"event-list-item-image\"><img loading=\"lazy\" decoding=\"async\" width=\"150\" height=\"150\" src=\"https:\/\/nipe.eeg.uminho.pt\/wp-content\/uploads\/2021\/03\/Luca-David-Opromolla-150x150.jpg\" class=\"project-list-item-image wp-post-image\" alt=\"\" srcset=\"https:\/\/nipe.eeg.uminho.pt\/wp-content\/uploads\/2021\/03\/Luca-David-Opromolla-150x150.jpg 150w, https:\/\/nipe.eeg.uminho.pt\/wp-content\/uploads\/2021\/03\/Luca-David-Opromolla.jpg 225w\" sizes=\"auto, (max-width: 150px) 100vw, 150px\" \/><\/div><div class=\"event-list-item-content\"><a class=\"event-list-item-link\" href=\"https:\/\/nipe.eeg.uminho.pt\/en\/event\/goods-and-factor-market-integration-a-quantitative-assessment-of-the-eu-enlargement-com-lorenzo-caliendo-fernando-parro-e-alessandro-sforza\/\" title=\"Goods and Factor Market Integration: A Quantitative Assessment of the EU Enlargement (com Lorenzo Caliendo, Fernando Parro e Alessandro Sforza)\"><div class=\"event-list-item-event\"><div class=\"event-list-item-agroup\"><div class=\"event-list-item-categories\"><span class=\"event-list-item-category seminars\">Seminars<\/span><\/div><span class=\"event-list-item-date\">06.09.2017 <bdi><\/bdi> 13:15<\/span><\/div><span class=\"event-plus seminars\"><\/span><\/div><div class=\"event-list-item-details\"><p class=\"event-list-item-speaker\">Luca David Opromolla (Banco de Portugal)<\/p><h3 class=\"event-list-item-title\">Goods and Factor Market Integration: A Quantitative Assessment of the EU Enlargement (com Lorenzo Caliendo, Fernando Parro e Alessandro Sforza)<\/h3><p class=\"event-list-item-location\">Campus de Gualtar | EEG - Room 0.04<\/p><\/div><\/a><\/div><\/div><\/div><div class=\"publication-block event-block\"><div class=\"event-list-item\"><div class=\"event-list-item-image\"><img loading=\"lazy\" decoding=\"async\" width=\"150\" height=\"150\" src=\"https:\/\/nipe.eeg.uminho.pt\/wp-content\/uploads\/2021\/04\/Ian-Walker-150x150.jpg\" class=\"project-list-item-image wp-post-image\" alt=\"\" \/><\/div><div class=\"event-list-item-content\"><a class=\"event-list-item-link\" href=\"https:\/\/nipe.eeg.uminho.pt\/en\/event\/how-much-of-a-problem-is-problem-gambling\/\" title=\"How much of a problem is problem gambling?\"><div class=\"event-list-item-event\"><div class=\"event-list-item-agroup\"><div class=\"event-list-item-categories\"><span class=\"event-list-item-category seminars\">Seminars<\/span><\/div><span class=\"event-list-item-date\">28.06.2017 <bdi><\/bdi> 13:15<\/span><\/div><span class=\"event-plus seminars\"><\/span><\/div><div class=\"event-list-item-details\"><p class=\"event-list-item-speaker\">Ian Walker (Lancaster University Management School)<\/p><h3 class=\"event-list-item-title\">How much of a problem is problem gambling?<\/h3><p class=\"event-list-item-location\">Campus de Gualtar | EEG - Sala 0.04<\/p><\/div><\/a><\/div><\/div><\/div><div class=\"publication-block event-block\"><div class=\"event-list-item\"><div class=\"event-list-item-image\"><img loading=\"lazy\" decoding=\"async\" width=\"150\" height=\"150\" src=\"https:\/\/nipe.eeg.uminho.pt\/wp-content\/uploads\/2021\/03\/Mauricio-Prado-150x150.jpg\" class=\"project-list-item-image wp-post-image\" alt=\"\" \/><\/div><div class=\"event-list-item-content\"><a class=\"event-list-item-link\" href=\"https:\/\/nipe.eeg.uminho.pt\/en\/event\/household-choices-under-risk-income-and-risk-pooling-in-experiments\/\" title=\"Household Choices Under Risk: Income and Risk Pooling In Experiments\"><div class=\"event-list-item-event\"><div class=\"event-list-item-agroup\"><div class=\"event-list-item-categories\"><span class=\"event-list-item-category seminars\">Seminars<\/span><\/div><span class=\"event-list-item-date\">21.06.2017 <bdi><\/bdi> 13:15<\/span><\/div><span class=\"event-plus seminars\"><\/span><\/div><div class=\"event-list-item-details\"><p class=\"event-list-item-speaker\">Mauricio Prado (Copenhagen Business School)<\/p><h3 class=\"event-list-item-title\">Household Choices Under Risk: Income and Risk Pooling In Experiments<\/h3><p class=\"event-list-item-location\">Campus de Gualtar | EEG - Room 0.04<\/p><\/div><\/a><\/div><\/div><\/div><div class=\"publication-block event-block\"><div class=\"event-list-item\"><div class=\"event-list-item-image\"><img loading=\"lazy\" decoding=\"async\" width=\"150\" height=\"150\" src=\"https:\/\/nipe.eeg.uminho.pt\/wp-content\/uploads\/2021\/04\/Roger-Koenker-150x150.jpg\" class=\"project-list-item-image wp-post-image\" alt=\"\" \/><\/div><div class=\"event-list-item-content\"><a class=\"event-list-item-link\" href=\"https:\/\/nipe.eeg.uminho.pt\/en\/event\/unobserved-heterogeneity-in-income-dynamics-an-empirical-bayes-perspective\/\" title=\"Unobserved Heterogeneity in Income Dynamics: An Empirical Bayes Perspective\"><div class=\"event-list-item-event\"><div class=\"event-list-item-agroup\"><div class=\"event-list-item-categories\"><span class=\"event-list-item-category seminars\">Seminars<\/span><\/div><span class=\"event-list-item-date\">14.06.2017 <bdi><\/bdi> 13:15<\/span><\/div><span class=\"event-plus seminars\"><\/span><\/div><div class=\"event-list-item-details\"><p class=\"event-list-item-speaker\">Roger Koenker (U. Illinois, EUA)<\/p><h3 class=\"event-list-item-title\">Unobserved Heterogeneity in Income Dynamics: An Empirical Bayes Perspective<\/h3><p class=\"event-list-item-location\">Campus de Gualtar | EEG - Sala 0.04<\/p><\/div><\/a><\/div><\/div><\/div><div class=\"publication-block event-block\"><div class=\"event-list-item\"><div class=\"event-list-item-image\"><img loading=\"lazy\" decoding=\"async\" width=\"150\" height=\"150\" src=\"https:\/\/nipe.eeg.uminho.pt\/wp-content\/uploads\/2021\/04\/Nicolai-V.-Kuminoff-150x150.jpg\" class=\"project-list-item-image wp-post-image\" alt=\"\" \/><\/div><div class=\"event-list-item-content\"><a class=\"event-list-item-link\" href=\"https:\/\/nipe.eeg.uminho.pt\/en\/event\/hazed-and-confused-air-pollution-dementia-and-financial-decisions\/\" title=\"Hazed and Confused: Air Pollution, Dementia, and Financial Decisions\"><div class=\"event-list-item-event\"><div class=\"event-list-item-agroup\"><div class=\"event-list-item-categories\"><span class=\"event-list-item-category seminars\">Seminars<\/span><\/div><span class=\"event-list-item-date\">09.06.2017 <bdi><\/bdi> 13:15<\/span><\/div><span class=\"event-plus seminars\"><\/span><\/div><div class=\"event-list-item-details\"><p class=\"event-list-item-speaker\">Nicolai V. Kuminoff (Arizona State U.)<\/p><h3 class=\"event-list-item-title\">Hazed and Confused: Air Pollution, Dementia, and Financial Decisions<\/h3><p class=\"event-list-item-location\">Campus de Gualtar | EEG - Room 0.04<\/p><\/div><\/a><\/div><\/div><\/div><div class=\"publication-block event-block\"><div class=\"event-list-item\"><div class=\"event-list-item-image\"><img loading=\"lazy\" decoding=\"async\" width=\"150\" height=\"150\" src=\"https:\/\/nipe.eeg.uminho.pt\/wp-content\/uploads\/2021\/11\/NIPE-logo_rper-150x150.png\" class=\"project-list-item-image wp-post-image\" alt=\"\" srcset=\"https:\/\/nipe.eeg.uminho.pt\/wp-content\/uploads\/2021\/11\/NIPE-logo_rper-150x150.png 150w, https:\/\/nipe.eeg.uminho.pt\/wp-content\/uploads\/2021\/11\/NIPE-logo_rper-300x300.png 300w, https:\/\/nipe.eeg.uminho.pt\/wp-content\/uploads\/2021\/11\/NIPE-logo_rper.png 400w\" sizes=\"auto, (max-width: 150px) 100vw, 150px\" \/><\/div><div class=\"event-list-item-content\"><a class=\"event-list-item-link\" href=\"https:\/\/nipe.eeg.uminho.pt\/en\/event\/the-exit-effect-on-the-european-political-participation-an-interpretation-of-albert-o-hirschmans-work\/\" title=\"The exit effect on the European Political Participation. An interpretation of Albert O. Hirschman&#8217;s work\"><div class=\"event-list-item-event\"><div class=\"event-list-item-agroup\"><div class=\"event-list-item-categories\"><span class=\"event-list-item-category seminars\">Seminars<\/span><\/div><span class=\"event-list-item-date\">07.06.2017 <bdi><\/bdi> 13:15<\/span><\/div><span class=\"event-plus seminars\"><\/span><\/div><div class=\"event-list-item-details\"><p class=\"event-list-item-speaker\">Francesca Rotondo (L'Universit\u00e0 degli Studi di Napoli L'Orientale)<\/p><h3 class=\"event-list-item-title\">The exit effect on the European Political Participation. An interpretation of Albert O. Hirschman&#8217;s work<\/h3><p class=\"event-list-item-location\">Campus de Gualtar | EEG - Room 0.04<\/p><\/div><\/a><\/div><\/div><\/div><div class=\"publication-block event-block\"><div class=\"event-list-item\"><div class=\"event-list-item-image\"><img loading=\"lazy\" decoding=\"async\" width=\"150\" height=\"150\" src=\"https:\/\/nipe.eeg.uminho.pt\/wp-content\/uploads\/2021\/11\/NIPE-logo_rper-150x150.png\" class=\"project-list-item-image wp-post-image\" alt=\"\" srcset=\"https:\/\/nipe.eeg.uminho.pt\/wp-content\/uploads\/2021\/11\/NIPE-logo_rper-150x150.png 150w, https:\/\/nipe.eeg.uminho.pt\/wp-content\/uploads\/2021\/11\/NIPE-logo_rper-300x300.png 300w, https:\/\/nipe.eeg.uminho.pt\/wp-content\/uploads\/2021\/11\/NIPE-logo_rper.png 400w\" sizes=\"auto, (max-width: 150px) 100vw, 150px\" \/><\/div><div class=\"event-list-item-content\"><a class=\"event-list-item-link\" href=\"https:\/\/nipe.eeg.uminho.pt\/en\/event\/the-long-term-effect-of-wealth-on-subjective-wellbeing\/\" title=\"The Long-Term Effect of Wealth on Subjective Wellbeing\"><div class=\"event-list-item-event\"><div class=\"event-list-item-agroup\"><div class=\"event-list-item-categories\"><span class=\"event-list-item-category seminars\">Seminars<\/span><\/div><span class=\"event-list-item-date\">31.05.2017 <bdi><\/bdi> 13:15<\/span><\/div><span class=\"event-plus seminars\"><\/span><\/div><div class=\"event-list-item-details\"><p class=\"event-list-item-speaker\">Erik Lindqvist (Stockholm School of Economics) <\/p><h3 class=\"event-list-item-title\">The Long-Term Effect of Wealth on Subjective Wellbeing<\/h3><p class=\"event-list-item-location\">Campus de Gualtar | EEG - Room 0.04<\/p><\/div><\/a><\/div><\/div><\/div><div class=\"publication-block event-block\"><div class=\"event-list-item\"><div class=\"event-list-item-image\"><img loading=\"lazy\" decoding=\"async\" width=\"150\" height=\"150\" src=\"https:\/\/nipe.eeg.uminho.pt\/wp-content\/uploads\/2021\/11\/NIPE-logo_rper-150x150.png\" class=\"project-list-item-image wp-post-image\" alt=\"\" srcset=\"https:\/\/nipe.eeg.uminho.pt\/wp-content\/uploads\/2021\/11\/NIPE-logo_rper-150x150.png 150w, https:\/\/nipe.eeg.uminho.pt\/wp-content\/uploads\/2021\/11\/NIPE-logo_rper-300x300.png 300w, https:\/\/nipe.eeg.uminho.pt\/wp-content\/uploads\/2021\/11\/NIPE-logo_rper.png 400w\" sizes=\"auto, (max-width: 150px) 100vw, 150px\" \/><\/div><div class=\"event-list-item-content\"><a class=\"event-list-item-link\" href=\"https:\/\/nipe.eeg.uminho.pt\/en\/event\/helping-others-where-it-is-needed-volunteerism-as-redistribution\/\" title=\"Helping Others Where it is Needed: Volunteerism as Redistribution?\"><div class=\"event-list-item-event\"><div class=\"event-list-item-agroup\"><div class=\"event-list-item-categories\"><span class=\"event-list-item-category seminars\">Seminars<\/span><\/div><span class=\"event-list-item-date\">03.05.2017 <bdi><\/bdi> 13:15<\/span><\/div><span class=\"event-plus seminars\"><\/span><\/div><div class=\"event-list-item-details\"><p class=\"event-list-item-speaker\">Lexandros Zangelidis (U. ABERDEEN)<\/p><h3 class=\"event-list-item-title\">Helping Others Where it is Needed: Volunteerism as Redistribution?<\/h3><p class=\"event-list-item-location\">Campus de Gualtar | EEG - Room 0.04<\/p><\/div><\/a><\/div><\/div><\/div><div class=\"publication-block event-block\"><div class=\"event-list-item\"><div class=\"event-list-item-image\"><img loading=\"lazy\" decoding=\"async\" width=\"150\" height=\"150\" src=\"https:\/\/nipe.eeg.uminho.pt\/wp-content\/uploads\/2021\/11\/NIPE-logo_rper-150x150.png\" class=\"project-list-item-image wp-post-image\" alt=\"\" srcset=\"https:\/\/nipe.eeg.uminho.pt\/wp-content\/uploads\/2021\/11\/NIPE-logo_rper-150x150.png 150w, https:\/\/nipe.eeg.uminho.pt\/wp-content\/uploads\/2021\/11\/NIPE-logo_rper-300x300.png 300w, https:\/\/nipe.eeg.uminho.pt\/wp-content\/uploads\/2021\/11\/NIPE-logo_rper.png 400w\" sizes=\"auto, (max-width: 150px) 100vw, 150px\" \/><\/div><div class=\"event-list-item-content\"><a class=\"event-list-item-link\" href=\"https:\/\/nipe.eeg.uminho.pt\/en\/event\/portfolio-optimization-with-industry-return-prediction-models\/\" title=\"Portfolio Optimization with Industry Return Prediction Models\"><div class=\"event-list-item-event\"><div class=\"event-list-item-agroup\"><div class=\"event-list-item-categories\"><span class=\"event-list-item-category seminars\">Seminars<\/span><\/div><span class=\"event-list-item-date\">19.04.2017 <bdi><\/bdi> 13:15<\/span><\/div><span class=\"event-plus seminars\"><\/span><\/div><div class=\"event-list-item-details\"><p class=\"event-list-item-speaker\">Wolfgang Bessler (U. Giessen)<\/p><h3 class=\"event-list-item-title\">Portfolio Optimization with Industry Return Prediction Models<\/h3><p class=\"event-list-item-location\">Campus de Gualtar | EEG - Room 0.04<\/p><\/div><\/a><\/div><\/div><\/div><div class=\"publication-block event-block\"><div class=\"event-list-item\"><div class=\"event-list-item-image\"><img loading=\"lazy\" decoding=\"async\" width=\"150\" height=\"150\" src=\"https:\/\/nipe.eeg.uminho.pt\/wp-content\/uploads\/2021\/11\/NIPE-logo_rper-150x150.png\" class=\"project-list-item-image wp-post-image\" alt=\"\" srcset=\"https:\/\/nipe.eeg.uminho.pt\/wp-content\/uploads\/2021\/11\/NIPE-logo_rper-150x150.png 150w, https:\/\/nipe.eeg.uminho.pt\/wp-content\/uploads\/2021\/11\/NIPE-logo_rper-300x300.png 300w, https:\/\/nipe.eeg.uminho.pt\/wp-content\/uploads\/2021\/11\/NIPE-logo_rper.png 400w\" sizes=\"auto, (max-width: 150px) 100vw, 150px\" \/><\/div><div class=\"event-list-item-content\"><a class=\"event-list-item-link\" href=\"https:\/\/nipe.eeg.uminho.pt\/en\/event\/the-interaction-between-financial-performance-and-governance-environmental-and-social-performance-of-financial-institutions\/\" title=\"The interaction between financial performance and governance, environmental and social performance of financial institutions\"><div class=\"event-list-item-event\"><div class=\"event-list-item-agroup\"><div class=\"event-list-item-categories\"><span class=\"event-list-item-category seminars\">Seminars<\/span><\/div><span class=\"event-list-item-date\">05.04.2017 <bdi><\/bdi> 13:15<\/span><\/div><span class=\"event-plus seminars\"><\/span><\/div><div class=\"event-list-item-details\"><p class=\"event-list-item-speaker\">Bert Scholtens (U. ST ANDREWS)<\/p><h3 class=\"event-list-item-title\">The interaction between financial performance and governance, environmental and social performance of financial institutions<\/h3><p class=\"event-list-item-location\">Campus de Gualtar | EEG - Room 0.04<\/p><\/div><\/a><\/div><\/div><\/div><div class=\"publication-block event-block\"><div class=\"event-list-item\"><div class=\"event-list-item-image\"><img loading=\"lazy\" decoding=\"async\" width=\"150\" height=\"150\" src=\"https:\/\/nipe.eeg.uminho.pt\/wp-content\/uploads\/2021\/11\/NIPE-logo_rper-150x150.png\" class=\"project-list-item-image wp-post-image\" alt=\"\" srcset=\"https:\/\/nipe.eeg.uminho.pt\/wp-content\/uploads\/2021\/11\/NIPE-logo_rper-150x150.png 150w, https:\/\/nipe.eeg.uminho.pt\/wp-content\/uploads\/2021\/11\/NIPE-logo_rper-300x300.png 300w, https:\/\/nipe.eeg.uminho.pt\/wp-content\/uploads\/2021\/11\/NIPE-logo_rper.png 400w\" sizes=\"auto, (max-width: 150px) 100vw, 150px\" \/><\/div><div class=\"event-list-item-content\"><a class=\"event-list-item-link\" href=\"https:\/\/nipe.eeg.uminho.pt\/en\/event\/special-ones-the-effect-of-head-coaches-on-football-team-performance\/\" title=\"Special Ones? The Effect of Head Coaches on Football Team Performance\"><div class=\"event-list-item-event\"><div class=\"event-list-item-agroup\"><div class=\"event-list-item-categories\"><span class=\"event-list-item-category seminars\">Seminars<\/span><\/div><span class=\"event-list-item-date\">22.03.2017 <bdi><\/bdi> 13:15<\/span><\/div><span class=\"event-plus seminars\"><\/span><\/div><div class=\"event-list-item-details\"><p class=\"event-list-item-speaker\">Robert Simmons (LANCASTER U.)<\/p><h3 class=\"event-list-item-title\">Special Ones? The Effect of Head Coaches on Football Team Performance<\/h3><p class=\"event-list-item-location\">Campus de Gualtar | EEG - Room 0.04<\/p><\/div><\/a><\/div><\/div><\/div><div class=\"publication-block event-block\"><div class=\"event-list-item\"><div class=\"event-list-item-image\"><img loading=\"lazy\" decoding=\"async\" width=\"150\" height=\"150\" src=\"https:\/\/nipe.eeg.uminho.pt\/wp-content\/uploads\/2021\/11\/NIPE-logo_rper-150x150.png\" class=\"project-list-item-image wp-post-image\" alt=\"\" srcset=\"https:\/\/nipe.eeg.uminho.pt\/wp-content\/uploads\/2021\/11\/NIPE-logo_rper-150x150.png 150w, https:\/\/nipe.eeg.uminho.pt\/wp-content\/uploads\/2021\/11\/NIPE-logo_rper-300x300.png 300w, https:\/\/nipe.eeg.uminho.pt\/wp-content\/uploads\/2021\/11\/NIPE-logo_rper.png 400w\" sizes=\"auto, (max-width: 150px) 100vw, 150px\" \/><\/div><div class=\"event-list-item-content\"><a class=\"event-list-item-link\" href=\"https:\/\/nipe.eeg.uminho.pt\/en\/event\/a-buyback-propoensity-and-the-anti-dilution-of-dilutive-stock-options-with-mark-b-shackleton\/\" title=\"A Buyback Propoensity and the Anti-Dilution of Dilutive Stock Options (with Mark B. Shackleton)\"><div class=\"event-list-item-event\"><div class=\"event-list-item-agroup\"><div class=\"event-list-item-categories\"><span class=\"event-list-item-category seminars\">Seminars<\/span><\/div><span class=\"event-list-item-date\">22.02.2017 <bdi><\/bdi> 13:15<\/span><\/div><span class=\"event-plus seminars\"><\/span><\/div><div class=\"event-list-item-details\"><p class=\"event-list-item-speaker\">Rohit Sonika (U. EXETER)<\/p><h3 class=\"event-list-item-title\">A Buyback Propoensity and the Anti-Dilution of Dilutive Stock Options (with Mark B. Shackleton)<\/h3><p class=\"event-list-item-location\">Campus de Gualtar | EEG - Room 0.04<\/p><\/div><\/a><\/div><\/div><\/div><div class=\"publication-block event-block\"><div class=\"event-list-item\"><div class=\"event-list-item-image\"><img loading=\"lazy\" decoding=\"async\" width=\"150\" height=\"150\" src=\"https:\/\/nipe.eeg.uminho.pt\/wp-content\/uploads\/2021\/11\/NIPE-logo_rper-150x150.png\" class=\"project-list-item-image wp-post-image\" alt=\"\" srcset=\"https:\/\/nipe.eeg.uminho.pt\/wp-content\/uploads\/2021\/11\/NIPE-logo_rper-150x150.png 150w, https:\/\/nipe.eeg.uminho.pt\/wp-content\/uploads\/2021\/11\/NIPE-logo_rper-300x300.png 300w, https:\/\/nipe.eeg.uminho.pt\/wp-content\/uploads\/2021\/11\/NIPE-logo_rper.png 400w\" sizes=\"auto, (max-width: 150px) 100vw, 150px\" \/><\/div><div class=\"event-list-item-content\"><a class=\"event-list-item-link\" href=\"https:\/\/nipe.eeg.uminho.pt\/en\/event\/possibilities-of-sri-retail-investors-to-obtain-extra-performance\/\" title=\"Possibilities of SRI retail investors to obtain extra performance\"><div class=\"event-list-item-event\"><div class=\"event-list-item-agroup\"><div class=\"event-list-item-categories\"><span class=\"event-list-item-category seminars\">Seminars<\/span><\/div><span class=\"event-list-item-date\">15.02.2017 <bdi><\/bdi> 13:30<\/span><\/div><span class=\"event-plus seminars\"><\/span><\/div><div class=\"event-list-item-details\"><p class=\"event-list-item-speaker\">Guillermo Bad\u00eda Fraile (U. Zaragoza)<\/p><h3 class=\"event-list-item-title\">Possibilities of SRI retail investors to obtain extra performance<\/h3><p class=\"event-list-item-location\">Campus de Gualtar | EEG - Room 0.04<\/p><\/div><\/a><\/div><\/div><\/div><div class=\"publication-block event-block\"><div class=\"event-list-item\"><div class=\"event-list-item-image\"><img loading=\"lazy\" decoding=\"async\" width=\"150\" height=\"150\" src=\"https:\/\/nipe.eeg.uminho.pt\/wp-content\/uploads\/2021\/11\/NIPE-logo_rper-150x150.png\" class=\"project-list-item-image wp-post-image\" alt=\"\" srcset=\"https:\/\/nipe.eeg.uminho.pt\/wp-content\/uploads\/2021\/11\/NIPE-logo_rper-150x150.png 150w, https:\/\/nipe.eeg.uminho.pt\/wp-content\/uploads\/2021\/11\/NIPE-logo_rper-300x300.png 300w, https:\/\/nipe.eeg.uminho.pt\/wp-content\/uploads\/2021\/11\/NIPE-logo_rper.png 400w\" sizes=\"auto, (max-width: 150px) 100vw, 150px\" \/><\/div><div class=\"event-list-item-content\"><a class=\"event-list-item-link\" href=\"https:\/\/nipe.eeg.uminho.pt\/en\/event\/internationalization-incentives-rationale-and-evaluation\/\" title=\"Internationalization incentives: rationale and evaluation\"><div class=\"event-list-item-event\"><div class=\"event-list-item-agroup\"><div class=\"event-list-item-categories\"><span class=\"event-list-item-category seminars\">Seminars<\/span><\/div><span class=\"event-list-item-date\">08.02.2017 <bdi><\/bdi> 13:15<\/span><\/div><span class=\"event-plus seminars\"><\/span><\/div><div class=\"event-list-item-details\"><p class=\"event-list-item-speaker\">Celeste Amorim Varum (U. AVEIRO)<\/p><h3 class=\"event-list-item-title\">Internationalization incentives: rationale and evaluation<\/h3><p class=\"event-list-item-location\">Campus de Gualtar | EEG - Room 0.04<\/p><\/div><\/a><\/div><\/div><\/div><div class=\"publication-block event-block\"><div class=\"event-list-item\"><div class=\"event-list-item-image\"><img loading=\"lazy\" decoding=\"async\" width=\"150\" height=\"150\" src=\"https:\/\/nipe.eeg.uminho.pt\/wp-content\/uploads\/2021\/11\/NIPE-logo_rper-150x150.png\" class=\"project-list-item-image wp-post-image\" alt=\"\" srcset=\"https:\/\/nipe.eeg.uminho.pt\/wp-content\/uploads\/2021\/11\/NIPE-logo_rper-150x150.png 150w, https:\/\/nipe.eeg.uminho.pt\/wp-content\/uploads\/2021\/11\/NIPE-logo_rper-300x300.png 300w, https:\/\/nipe.eeg.uminho.pt\/wp-content\/uploads\/2021\/11\/NIPE-logo_rper.png 400w\" sizes=\"auto, (max-width: 150px) 100vw, 150px\" \/><\/div><div class=\"event-list-item-content\"><a class=\"event-list-item-link\" href=\"https:\/\/nipe.eeg.uminho.pt\/en\/event\/exponential-regression-of-panel-data-fractional-response-models-with-an-application-to-firm-capital-structure\/\" title=\"Exponential regression of panel data fractional response models with an application to firm capital structure\"><div class=\"event-list-item-event\"><div class=\"event-list-item-agroup\"><div class=\"event-list-item-categories\"><span class=\"event-list-item-category seminars\">Seminars<\/span><\/div><span class=\"event-list-item-date\">25.01.2017 <bdi><\/bdi> 13:15<\/span><\/div><span class=\"event-plus seminars\"><\/span><\/div><div class=\"event-list-item-details\"><p class=\"event-list-item-speaker\">Esmeralda Ramalho (U. \u00c9VORA)<\/p><h3 class=\"event-list-item-title\">Exponential regression of panel data fractional response models with an application to firm capital structure<\/h3><p class=\"event-list-item-location\">Campus de Gualtar | EEG - Room 0.04<\/p><\/div><\/a><\/div><\/div><\/div><div class=\"publication-block event-block\"><div class=\"event-list-item\"><div class=\"event-list-item-image\"><img loading=\"lazy\" decoding=\"async\" width=\"150\" height=\"150\" src=\"https:\/\/nipe.eeg.uminho.pt\/wp-content\/uploads\/2021\/11\/NIPE-logo_rper-150x150.png\" class=\"project-list-item-image wp-post-image\" alt=\"\" srcset=\"https:\/\/nipe.eeg.uminho.pt\/wp-content\/uploads\/2021\/11\/NIPE-logo_rper-150x150.png 150w, https:\/\/nipe.eeg.uminho.pt\/wp-content\/uploads\/2021\/11\/NIPE-logo_rper-300x300.png 300w, https:\/\/nipe.eeg.uminho.pt\/wp-content\/uploads\/2021\/11\/NIPE-logo_rper.png 400w\" sizes=\"auto, (max-width: 150px) 100vw, 150px\" \/><\/div><div class=\"event-list-item-content\"><a class=\"event-list-item-link\" href=\"https:\/\/nipe.eeg.uminho.pt\/en\/event\/a-tale-of-two-regimes-educational-achievement-and-institutions-in-portugal-1910-1950\/\" title=\"A tale of two regimes: Educational achievement and institutions in Portugal, 1910-1950\"><div class=\"event-list-item-event\"><div class=\"event-list-item-agroup\"><div class=\"event-list-item-categories\"><span class=\"event-list-item-category seminars\">Seminars<\/span><\/div><span class=\"event-list-item-date\">18.01.2017 <bdi><\/bdi> 13:15<\/span><\/div><span class=\"event-plus seminars\"><\/span><\/div><div class=\"event-list-item-details\"><p class=\"event-list-item-speaker\">Nuno Palma (NOVA SBE - NOVA U. LISBON)<\/p><h3 class=\"event-list-item-title\">A tale of two regimes: Educational achievement and institutions in Portugal, 1910-1950<\/h3><p class=\"event-list-item-location\">Campus de Gualtar | EEG - Room 0.04<\/p><\/div><\/a><\/div><\/div><\/div><div class=\"publication-block event-block\"><div class=\"event-list-item\"><div class=\"event-list-item-image\"><img loading=\"lazy\" decoding=\"async\" width=\"150\" height=\"150\" src=\"https:\/\/nipe.eeg.uminho.pt\/wp-content\/uploads\/2021\/11\/NIPE-logo_rper-150x150.png\" class=\"project-list-item-image wp-post-image\" alt=\"\" srcset=\"https:\/\/nipe.eeg.uminho.pt\/wp-content\/uploads\/2021\/11\/NIPE-logo_rper-150x150.png 150w, https:\/\/nipe.eeg.uminho.pt\/wp-content\/uploads\/2021\/11\/NIPE-logo_rper-300x300.png 300w, https:\/\/nipe.eeg.uminho.pt\/wp-content\/uploads\/2021\/11\/NIPE-logo_rper.png 400w\" sizes=\"auto, (max-width: 150px) 100vw, 150px\" \/><\/div><div class=\"event-list-item-content\"><a class=\"event-list-item-link\" href=\"https:\/\/nipe.eeg.uminho.pt\/en\/event\/corporate-growth-dynamics-under-hidden-competition\/\" title=\"Corporate Growth Dynamics under Hidden Competition\"><div class=\"event-list-item-event\"><div class=\"event-list-item-agroup\"><div class=\"event-list-item-categories\"><span class=\"event-list-item-category seminars\">Seminars<\/span><\/div><span class=\"event-list-item-date\">11.01.2017 <bdi><\/bdi> 13:15<\/span><\/div><span class=\"event-plus seminars\"><\/span><\/div><div class=\"event-list-item-details\"><p class=\"event-list-item-speaker\">Paulo Pereira (U. PORTO, FEP)<\/p><h3 class=\"event-list-item-title\">Corporate Growth Dynamics under Hidden Competition<\/h3><p class=\"event-list-item-location\">Campus de Gualtar | EEG - Room 0.04<\/p><\/div><\/a><\/div><\/div><\/div><\/div><div id=\"events-seminars-2016\" role=\"tabpanel\" class=\"tabs-pane fade\"><div class=\"publication-block event-block\"><div class=\"event-list-item\"><div class=\"event-list-item-image\"><img loading=\"lazy\" decoding=\"async\" width=\"150\" height=\"150\" src=\"https:\/\/nipe.eeg.uminho.pt\/wp-content\/uploads\/2021\/05\/ImagemEvento-1-150x150.jpg\" class=\"project-list-item-image wp-post-image\" alt=\"\" \/><\/div><div class=\"event-list-item-content\"><a class=\"event-list-item-link\" href=\"https:\/\/nipe.eeg.uminho.pt\/en\/event\/fiscal-consolidation-and-inequality\/\" title=\"Fiscal Consolidation and Inequality\"><div class=\"event-list-item-event\"><div class=\"event-list-item-agroup\"><div class=\"event-list-item-categories\"><span class=\"event-list-item-category seminars\">Seminars<\/span><\/div><span class=\"event-list-item-date\">21.12.2016 <bdi><\/bdi> 13:00<\/span><\/div><span class=\"event-plus seminars\"><\/span><\/div><div class=\"event-list-item-details\"><p class=\"event-list-item-speaker\">Pedro Brinca (NOVA SBE)<\/p><h3 class=\"event-list-item-title\">Fiscal Consolidation and Inequality<\/h3><p class=\"event-list-item-location\">Campus de Gualtar | EEG - Room 0.04<\/p><\/div><\/a><\/div><\/div><\/div><div class=\"publication-block event-block\"><div class=\"event-list-item\"><div class=\"event-list-item-image\"><img loading=\"lazy\" decoding=\"async\" width=\"150\" height=\"150\" src=\"https:\/\/nipe.eeg.uminho.pt\/wp-content\/uploads\/2021\/11\/NIPE-logo_rper-150x150.png\" class=\"project-list-item-image wp-post-image\" alt=\"\" srcset=\"https:\/\/nipe.eeg.uminho.pt\/wp-content\/uploads\/2021\/11\/NIPE-logo_rper-150x150.png 150w, https:\/\/nipe.eeg.uminho.pt\/wp-content\/uploads\/2021\/11\/NIPE-logo_rper-300x300.png 300w, https:\/\/nipe.eeg.uminho.pt\/wp-content\/uploads\/2021\/11\/NIPE-logo_rper.png 400w\" sizes=\"auto, (max-width: 150px) 100vw, 150px\" \/><\/div><div class=\"event-list-item-content\"><a class=\"event-list-item-link\" href=\"https:\/\/nipe.eeg.uminho.pt\/en\/event\/when-connections-become-hires-firm-level-responses-to-supply-shocks-within-their-workers-social-networks\/\" title=\"When Connections Become Hires Firm-level Responses to Supply Shocks within their Workers\u2019 Social Networks\"><div class=\"event-list-item-event\"><div class=\"event-list-item-agroup\"><div class=\"event-list-item-categories\"><span class=\"event-list-item-category seminars\">Seminars<\/span><\/div><span class=\"event-list-item-date\">16.11.2016 <bdi><\/bdi> 13:15<\/span><\/div><span class=\"event-plus seminars\"><\/span><\/div><div class=\"event-list-item-details\"><p class=\"event-list-item-speaker\">Oskar Nordstr\u00f6m Skans (Uppsala U.) com Marcus Eliason, Lena Hensvik, Francis Kramarz e Oskar Skans.<\/p><h3 class=\"event-list-item-title\">When Connections Become Hires Firm-level Responses to Supply Shocks within their Workers\u2019 Social Networks<\/h3><p class=\"event-list-item-location\">Campus de Gualtar | EEG - Room 0.04<\/p><\/div><\/a><\/div><\/div><\/div><div class=\"publication-block event-block\"><div class=\"event-list-item\"><div class=\"event-list-item-image\"><img loading=\"lazy\" decoding=\"async\" width=\"150\" height=\"150\" src=\"https:\/\/nipe.eeg.uminho.pt\/wp-content\/uploads\/2021\/11\/NIPE-logo_rper-150x150.png\" class=\"project-list-item-image wp-post-image\" alt=\"\" srcset=\"https:\/\/nipe.eeg.uminho.pt\/wp-content\/uploads\/2021\/11\/NIPE-logo_rper-150x150.png 150w, https:\/\/nipe.eeg.uminho.pt\/wp-content\/uploads\/2021\/11\/NIPE-logo_rper-300x300.png 300w, https:\/\/nipe.eeg.uminho.pt\/wp-content\/uploads\/2021\/11\/NIPE-logo_rper.png 400w\" sizes=\"auto, (max-width: 150px) 100vw, 150px\" \/><\/div><div class=\"event-list-item-content\"><a class=\"event-list-item-link\" href=\"https:\/\/nipe.eeg.uminho.pt\/en\/event\/__trashed-23\/\" title=\"Tech-multipliers and living and standards in Britain\"><div class=\"event-list-item-event\"><div class=\"event-list-item-agroup\"><div class=\"event-list-item-categories\"><span class=\"event-list-item-category seminars\">Seminars<\/span><\/div><span class=\"event-list-item-date\">02.11.2016 <bdi><\/bdi> 13:15<\/span><\/div><span class=\"event-plus seminars\"><\/span><\/div><div class=\"event-list-item-details\"><p class=\"event-list-item-speaker\">Neil Lee (London School of Economics)<\/p><h3 class=\"event-list-item-title\">Tech-multipliers and living and standards in Britain<\/h3><p class=\"event-list-item-location\">Campus de Gualtar | EEG - Room 0.04<\/p><\/div><\/a><\/div><\/div><\/div><div class=\"publication-block event-block\"><div class=\"event-list-item\"><div class=\"event-list-item-image\"><img loading=\"lazy\" decoding=\"async\" width=\"150\" height=\"150\" src=\"https:\/\/nipe.eeg.uminho.pt\/wp-content\/uploads\/2021\/11\/NIPE-logo_rper-150x150.png\" class=\"project-list-item-image wp-post-image\" alt=\"\" srcset=\"https:\/\/nipe.eeg.uminho.pt\/wp-content\/uploads\/2021\/11\/NIPE-logo_rper-150x150.png 150w, https:\/\/nipe.eeg.uminho.pt\/wp-content\/uploads\/2021\/11\/NIPE-logo_rper-300x300.png 300w, https:\/\/nipe.eeg.uminho.pt\/wp-content\/uploads\/2021\/11\/NIPE-logo_rper.png 400w\" sizes=\"auto, (max-width: 150px) 100vw, 150px\" \/><\/div><div class=\"event-list-item-content\"><a class=\"event-list-item-link\" href=\"https:\/\/nipe.eeg.uminho.pt\/en\/event\/trap-for-some-a-stepping-stone-for-others-low-pay-duration-and-transitions-for-young-men\/\" title=\"Trap for Some, a Stepping Stone for Others: Low-Pay Duration and Transitions for Young Men\"><div class=\"event-list-item-event\"><div class=\"event-list-item-agroup\"><div class=\"event-list-item-categories\"><span class=\"event-list-item-category seminars\">Seminars<\/span><\/div><span class=\"event-list-item-date\">12.10.2016 <bdi><\/bdi> 13:15<\/span><\/div><span class=\"event-plus seminars\"><\/span><\/div><div class=\"event-list-item-details\"><p class=\"event-list-item-speaker\">Francisco Lima (Instituto Superior T\u00e9cnico Lisboa)<\/p><h3 class=\"event-list-item-title\">Trap for Some, a Stepping Stone for Others: Low-Pay Duration and Transitions for Young Men<\/h3><p class=\"event-list-item-location\">Campus de Gualtar | EEG - Room 0.04<\/p><\/div><\/a><\/div><\/div><\/div><div class=\"publication-block event-block\"><div class=\"event-list-item\"><div class=\"event-list-item-image\"><img loading=\"lazy\" decoding=\"async\" width=\"150\" height=\"150\" src=\"https:\/\/nipe.eeg.uminho.pt\/wp-content\/uploads\/2021\/11\/NIPE-logo_rper-150x150.png\" class=\"project-list-item-image wp-post-image\" alt=\"\" srcset=\"https:\/\/nipe.eeg.uminho.pt\/wp-content\/uploads\/2021\/11\/NIPE-logo_rper-150x150.png 150w, https:\/\/nipe.eeg.uminho.pt\/wp-content\/uploads\/2021\/11\/NIPE-logo_rper-300x300.png 300w, https:\/\/nipe.eeg.uminho.pt\/wp-content\/uploads\/2021\/11\/NIPE-logo_rper.png 400w\" sizes=\"auto, (max-width: 150px) 100vw, 150px\" \/><\/div><div class=\"event-list-item-content\"><a class=\"event-list-item-link\" href=\"https:\/\/nipe.eeg.uminho.pt\/en\/event\/emissions-trading-systems-with-cap-adjustments\/\" title=\"Emissions Trading Systems with Cap Adjustments\"><div class=\"event-list-item-event\"><div class=\"event-list-item-agroup\"><div class=\"event-list-item-categories\"><span class=\"event-list-item-category seminars\">Seminars<\/span><\/div><span class=\"event-list-item-date\">21.09.2016 <bdi><\/bdi> 13:15<\/span><\/div><span class=\"event-plus seminars\"><\/span><\/div><div class=\"event-list-item-details\"><p class=\"event-list-item-speaker\">Luca Taschini (London School of Economics)<\/p><h3 class=\"event-list-item-title\">Emissions Trading Systems with Cap Adjustments<\/h3><p class=\"event-list-item-location\">Campus de Gualtar | EEG - Room 0.04<\/p><\/div><\/a><\/div><\/div><\/div><div class=\"publication-block event-block\"><div class=\"event-list-item\"><div class=\"event-list-item-image\"><img loading=\"lazy\" decoding=\"async\" width=\"150\" height=\"150\" src=\"https:\/\/nipe.eeg.uminho.pt\/wp-content\/uploads\/2021\/11\/NIPE-logo_rper-150x150.png\" class=\"project-list-item-image wp-post-image\" alt=\"\" srcset=\"https:\/\/nipe.eeg.uminho.pt\/wp-content\/uploads\/2021\/11\/NIPE-logo_rper-150x150.png 150w, https:\/\/nipe.eeg.uminho.pt\/wp-content\/uploads\/2021\/11\/NIPE-logo_rper-300x300.png 300w, https:\/\/nipe.eeg.uminho.pt\/wp-content\/uploads\/2021\/11\/NIPE-logo_rper.png 400w\" sizes=\"auto, (max-width: 150px) 100vw, 150px\" \/><\/div><div class=\"event-list-item-content\"><a class=\"event-list-item-link\" href=\"https:\/\/nipe.eeg.uminho.pt\/en\/event\/leaving-employment-to-entrepreneurship-the-value-of-coworker-mobility-in-pushed-and-pulled-driven-startups\/\" title=\"Leaving employment to entrepreneurship: The value of coworker mobility in pushed and pulled-driven startups\"><div class=\"event-list-item-event\"><div class=\"event-list-item-agroup\"><div class=\"event-list-item-categories\"><span class=\"event-list-item-category seminars\">Seminars<\/span><\/div><span class=\"event-list-item-date\">07.09.2016 <bdi><\/bdi> 13:15<\/span><\/div><span class=\"event-plus seminars\"><\/span><\/div><div class=\"event-list-item-details\"><p class=\"event-list-item-speaker\">Anabela Carneiro (U. Porto - FEP)<\/p><h3 class=\"event-list-item-title\">Leaving employment to entrepreneurship: The value of coworker mobility in pushed and pulled-driven startups<\/h3><p class=\"event-list-item-location\">Campus de Gualtar | EEG - Room 0.04<\/p><\/div><\/a><\/div><\/div><\/div><div class=\"publication-block event-block\"><div class=\"event-list-item\"><div class=\"event-list-item-image\"><img loading=\"lazy\" decoding=\"async\" width=\"150\" height=\"150\" src=\"https:\/\/nipe.eeg.uminho.pt\/wp-content\/uploads\/2021\/11\/NIPE-logo_rper-150x150.png\" class=\"project-list-item-image wp-post-image\" alt=\"\" srcset=\"https:\/\/nipe.eeg.uminho.pt\/wp-content\/uploads\/2021\/11\/NIPE-logo_rper-150x150.png 150w, https:\/\/nipe.eeg.uminho.pt\/wp-content\/uploads\/2021\/11\/NIPE-logo_rper-300x300.png 300w, https:\/\/nipe.eeg.uminho.pt\/wp-content\/uploads\/2021\/11\/NIPE-logo_rper.png 400w\" sizes=\"auto, (max-width: 150px) 100vw, 150px\" \/><\/div><div class=\"event-list-item-content\"><a class=\"event-list-item-link\" href=\"https:\/\/nipe.eeg.uminho.pt\/en\/event\/high-frequency-market-making\/\" title=\"High Frequency Market Making\"><div class=\"event-list-item-event\"><div class=\"event-list-item-agroup\"><div class=\"event-list-item-categories\"><span class=\"event-list-item-category seminars\">Seminars<\/span><\/div><span class=\"event-list-item-date\">16.06.2016 <bdi><\/bdi> 13:15<\/span><\/div><span class=\"event-plus seminars\"><\/span><\/div><div class=\"event-list-item-details\"><p class=\"event-list-item-speaker\">Yacine Ait-Sahalia (U. Princeton, EUA) com Mehmet Saglam<\/p><h3 class=\"event-list-item-title\">High Frequency Market Making<\/h3><p class=\"event-list-item-location\">Campus de Gualtar | EEG - Room 0.04<\/p><\/div><\/a><\/div><\/div><\/div><div class=\"publication-block event-block\"><div class=\"event-list-item\"><div class=\"event-list-item-image\"><img loading=\"lazy\" decoding=\"async\" width=\"150\" height=\"150\" src=\"https:\/\/nipe.eeg.uminho.pt\/wp-content\/uploads\/2021\/11\/NIPE-logo_rper-150x150.png\" class=\"project-list-item-image wp-post-image\" alt=\"\" srcset=\"https:\/\/nipe.eeg.uminho.pt\/wp-content\/uploads\/2021\/11\/NIPE-logo_rper-150x150.png 150w, https:\/\/nipe.eeg.uminho.pt\/wp-content\/uploads\/2021\/11\/NIPE-logo_rper-300x300.png 300w, https:\/\/nipe.eeg.uminho.pt\/wp-content\/uploads\/2021\/11\/NIPE-logo_rper.png 400w\" sizes=\"auto, (max-width: 150px) 100vw, 150px\" \/><\/div><div class=\"event-list-item-content\"><a class=\"event-list-item-link\" href=\"https:\/\/nipe.eeg.uminho.pt\/en\/event\/worker-firm-dynamics-with-seniority-bargaining\/\" title=\"Worker-Firm Dynamics with Seniority Bargaining\"><div class=\"event-list-item-event\"><div class=\"event-list-item-agroup\"><div class=\"event-list-item-categories\"><span class=\"event-list-item-category seminars\">Seminars<\/span><\/div><span class=\"event-list-item-date\">08.06.2016 <bdi><\/bdi> 13:15<\/span><\/div><span class=\"event-plus seminars\"><\/span><\/div><div class=\"event-list-item-details\"><p class=\"event-list-item-speaker\">Sebastian Buhai (U. Estocolmo) com Miguel A. Portela e Coen N. Teulings<\/p><h3 class=\"event-list-item-title\">Worker-Firm Dynamics with Seniority Bargaining<\/h3><p class=\"event-list-item-location\">Campus de Gualtar | EEG - Room 0.04<\/p><\/div><\/a><\/div><\/div><\/div><div class=\"publication-block event-block\"><div class=\"event-list-item\"><div class=\"event-list-item-image\"><img loading=\"lazy\" decoding=\"async\" width=\"150\" height=\"150\" src=\"https:\/\/nipe.eeg.uminho.pt\/wp-content\/uploads\/2021\/11\/NIPE-logo_rper-150x150.png\" class=\"project-list-item-image wp-post-image\" alt=\"\" srcset=\"https:\/\/nipe.eeg.uminho.pt\/wp-content\/uploads\/2021\/11\/NIPE-logo_rper-150x150.png 150w, https:\/\/nipe.eeg.uminho.pt\/wp-content\/uploads\/2021\/11\/NIPE-logo_rper-300x300.png 300w, https:\/\/nipe.eeg.uminho.pt\/wp-content\/uploads\/2021\/11\/NIPE-logo_rper.png 400w\" sizes=\"auto, (max-width: 150px) 100vw, 150px\" \/><\/div><div class=\"event-list-item-content\"><a class=\"event-list-item-link\" href=\"https:\/\/nipe.eeg.uminho.pt\/en\/event\/legislative-bargaining-with-heterogeneous-disagreement-values-theory-and-experiments-com-luis-miller-and-maria-montero\/\" title=\"Legislative Bargaining with Heterogeneous Disagreement Values: Theory and Experiments (com Luis Miller and Maria Montero)\"><div class=\"event-list-item-event\"><div class=\"event-list-item-agroup\"><div class=\"event-list-item-categories\"><span class=\"event-list-item-category seminars\">Seminars<\/span><\/div><span class=\"event-list-item-date\">25.05.2016 <bdi><\/bdi> 13:30<\/span><\/div><span class=\"event-plus seminars\"><\/span><\/div><div class=\"event-list-item-details\"><p class=\"event-list-item-speaker\">Christoph Vanberg (HEIDELBERG U.)<\/p><h3 class=\"event-list-item-title\">Legislative Bargaining with Heterogeneous Disagreement Values: Theory and Experiments (com Luis Miller and Maria Montero)<\/h3><p class=\"event-list-item-location\">Campus de Gualtar | EEG - Room 0.04<\/p><\/div><\/a><\/div><\/div><\/div><div class=\"publication-block event-block\"><div class=\"event-list-item\"><div class=\"event-list-item-image\"><img loading=\"lazy\" decoding=\"async\" width=\"150\" height=\"150\" src=\"https:\/\/nipe.eeg.uminho.pt\/wp-content\/uploads\/2021\/11\/NIPE-logo_rper-150x150.png\" class=\"project-list-item-image wp-post-image\" alt=\"\" srcset=\"https:\/\/nipe.eeg.uminho.pt\/wp-content\/uploads\/2021\/11\/NIPE-logo_rper-150x150.png 150w, https:\/\/nipe.eeg.uminho.pt\/wp-content\/uploads\/2021\/11\/NIPE-logo_rper-300x300.png 300w, https:\/\/nipe.eeg.uminho.pt\/wp-content\/uploads\/2021\/11\/NIPE-logo_rper.png 400w\" sizes=\"auto, (max-width: 150px) 100vw, 150px\" \/><\/div><div class=\"event-list-item-content\"><a class=\"event-list-item-link\" href=\"https:\/\/nipe.eeg.uminho.pt\/en\/event\/market-competition-and-firms-specialization-choices-an-application-of-the-spokes-model-to-the-dutch-car-repair-market\/\" title=\"Market competition and firms\u2019 specialization choices: an application of the spokes model to the Dutch car repair market\"><div class=\"event-list-item-event\"><div class=\"event-list-item-agroup\"><div class=\"event-list-item-categories\"><span class=\"event-list-item-category seminars\">Seminars<\/span><\/div><span class=\"event-list-item-date\">18.05.2016 <bdi><\/bdi> 13:15<\/span><\/div><span class=\"event-plus seminars\"><\/span><\/div><div class=\"event-list-item-details\"><p class=\"event-list-item-speaker\">Carlo Reggiani (U. Manchester) com Mark Lijesen, VU Amsterdam<\/p><h3 class=\"event-list-item-title\">Market competition and firms\u2019 specialization choices: an application of the spokes model to the Dutch car repair market<\/h3><p class=\"event-list-item-location\">Campus de Gualtar | EEG - Room 0.04<\/p><\/div><\/a><\/div><\/div><\/div><div class=\"publication-block event-block\"><div class=\"event-list-item\"><div class=\"event-list-item-image\"><img loading=\"lazy\" decoding=\"async\" width=\"150\" height=\"150\" src=\"https:\/\/nipe.eeg.uminho.pt\/wp-content\/uploads\/2021\/11\/NIPE-logo_rper-150x150.png\" class=\"project-list-item-image wp-post-image\" alt=\"\" srcset=\"https:\/\/nipe.eeg.uminho.pt\/wp-content\/uploads\/2021\/11\/NIPE-logo_rper-150x150.png 150w, https:\/\/nipe.eeg.uminho.pt\/wp-content\/uploads\/2021\/11\/NIPE-logo_rper-300x300.png 300w, https:\/\/nipe.eeg.uminho.pt\/wp-content\/uploads\/2021\/11\/NIPE-logo_rper.png 400w\" sizes=\"auto, (max-width: 150px) 100vw, 150px\" \/><\/div><div class=\"event-list-item-content\"><a class=\"event-list-item-link\" href=\"https:\/\/nipe.eeg.uminho.pt\/en\/event\/yardstick-imitation-of-policy-experimentation-theory-and-evidence\/\" title=\"Yardstick Imitation of Policy Experimentation: Theory and Evidence\"><div class=\"event-list-item-event\"><div class=\"event-list-item-agroup\"><div class=\"event-list-item-categories\"><span class=\"event-list-item-category seminars\">Seminars<\/span><\/div><span class=\"event-list-item-date\">04.05.2016 <bdi><\/bdi> 13:15<\/span><\/div><span class=\"event-plus seminars\"><\/span><\/div><div class=\"event-list-item-details\"><p class=\"event-list-item-speaker\">Etienne Farvaque (U. Lille 1) com Aur\u00e9lie Cassette, U. Lille<\/p><h3 class=\"event-list-item-title\">Yardstick Imitation of Policy Experimentation: Theory and Evidence<\/h3><p class=\"event-list-item-location\">Campus de Gualtar | EEG - Room 0.04<\/p><\/div><\/a><\/div><\/div><\/div><div class=\"publication-block event-block\"><div class=\"event-list-item\"><div class=\"event-list-item-image\"><img loading=\"lazy\" decoding=\"async\" width=\"150\" height=\"150\" src=\"https:\/\/nipe.eeg.uminho.pt\/wp-content\/uploads\/2021\/11\/NIPE-logo_rper-150x150.png\" class=\"project-list-item-image wp-post-image\" alt=\"\" srcset=\"https:\/\/nipe.eeg.uminho.pt\/wp-content\/uploads\/2021\/11\/NIPE-logo_rper-150x150.png 150w, https:\/\/nipe.eeg.uminho.pt\/wp-content\/uploads\/2021\/11\/NIPE-logo_rper-300x300.png 300w, https:\/\/nipe.eeg.uminho.pt\/wp-content\/uploads\/2021\/11\/NIPE-logo_rper.png 400w\" sizes=\"auto, (max-width: 150px) 100vw, 150px\" \/><\/div><div class=\"event-list-item-content\"><a class=\"event-list-item-link\" href=\"https:\/\/nipe.eeg.uminho.pt\/en\/event\/exponential-regression-of-panel-data-fractional-response-models-with-an-application-to-firm-capital-structure-2\/\" title=\"Exponential regression of panel data fractional response models with an application to firm capital structure\"><div class=\"event-list-item-event\"><div class=\"event-list-item-agroup\"><div class=\"event-list-item-categories\"><span class=\"event-list-item-category seminars\">Seminars<\/span><\/div><span class=\"event-list-item-date\">06.04.2016 <bdi><\/bdi> 13:30<\/span><\/div><span class=\"event-plus seminars\"><\/span><\/div><div class=\"event-list-item-details\"><p class=\"event-list-item-speaker\">Esmeralda Ramalho (U. \u00c9vora)<\/p><h3 class=\"event-list-item-title\">Exponential regression of panel data fractional response models with an application to firm capital structure<\/h3><p class=\"event-list-item-location\">Campus de Gualtar | EEG - Room 0.04<\/p><\/div><\/a><\/div><\/div><\/div><div class=\"publication-block event-block\"><div class=\"event-list-item\"><div class=\"event-list-item-image\"><img loading=\"lazy\" decoding=\"async\" width=\"150\" height=\"150\" src=\"https:\/\/nipe.eeg.uminho.pt\/wp-content\/uploads\/2021\/11\/NIPE-logo_rper-150x150.png\" class=\"project-list-item-image wp-post-image\" alt=\"\" srcset=\"https:\/\/nipe.eeg.uminho.pt\/wp-content\/uploads\/2021\/11\/NIPE-logo_rper-150x150.png 150w, https:\/\/nipe.eeg.uminho.pt\/wp-content\/uploads\/2021\/11\/NIPE-logo_rper-300x300.png 300w, https:\/\/nipe.eeg.uminho.pt\/wp-content\/uploads\/2021\/11\/NIPE-logo_rper.png 400w\" sizes=\"auto, (max-width: 150px) 100vw, 150px\" \/><\/div><div class=\"event-list-item-content\"><a class=\"event-list-item-link\" href=\"https:\/\/nipe.eeg.uminho.pt\/en\/event\/the-econometrics-of-interval-valued-data\/\" title=\"The Econometrics of Interval-valued Data\"><div class=\"event-list-item-event\"><div class=\"event-list-item-agroup\"><div class=\"event-list-item-categories\"><span class=\"event-list-item-category seminars\">Seminars<\/span><\/div><span class=\"event-list-item-date\">24.02.2016 <bdi><\/bdi> 13:00<\/span><\/div><span class=\"event-plus seminars\"><\/span><\/div><div class=\"event-list-item-details\"><p class=\"event-list-item-speaker\">Gl\u00f3ria Gonzalez-Rivera (U. California Riverside) com Wei Lin<\/p><h3 class=\"event-list-item-title\">The Econometrics of Interval-valued Data<\/h3><p class=\"event-list-item-location\">Campus de Gualtar | EEG - Room 0.04<\/p><\/div><\/a><\/div><\/div><\/div><div class=\"publication-block event-block\"><div class=\"event-list-item\"><div class=\"event-list-item-image\"><img loading=\"lazy\" decoding=\"async\" width=\"150\" height=\"150\" src=\"https:\/\/nipe.eeg.uminho.pt\/wp-content\/uploads\/2021\/11\/NIPE-logo_rper-150x150.png\" class=\"project-list-item-image wp-post-image\" alt=\"\" srcset=\"https:\/\/nipe.eeg.uminho.pt\/wp-content\/uploads\/2021\/11\/NIPE-logo_rper-150x150.png 150w, https:\/\/nipe.eeg.uminho.pt\/wp-content\/uploads\/2021\/11\/NIPE-logo_rper-300x300.png 300w, https:\/\/nipe.eeg.uminho.pt\/wp-content\/uploads\/2021\/11\/NIPE-logo_rper.png 400w\" sizes=\"auto, (max-width: 150px) 100vw, 150px\" \/><\/div><div class=\"event-list-item-content\"><a class=\"event-list-item-link\" href=\"https:\/\/nipe.eeg.uminho.pt\/en\/event\/balanced-growth-despite-uzawa\/\" title=\"Balanced Growth Despite Uzawa\"><div class=\"event-list-item-event\"><div class=\"event-list-item-agroup\"><div class=\"event-list-item-categories\"><span class=\"event-list-item-category seminars\">Seminars<\/span><\/div><span class=\"event-list-item-date\">16.02.2016 <bdi><\/bdi> 13:00<\/span><\/div><span class=\"event-plus seminars\"><\/span><\/div><div class=\"event-list-item-details\"><p class=\"event-list-item-speaker\">Gene Grossman (U. Princeton )<\/p><h3 class=\"event-list-item-title\">Balanced Growth Despite Uzawa<\/h3><p class=\"event-list-item-location\">Campus de Gualtar | EEG - Room 0.04<\/p><\/div><\/a><\/div><\/div><\/div><div class=\"publication-block event-block\"><div class=\"event-list-item\"><div class=\"event-list-item-image\"><img loading=\"lazy\" decoding=\"async\" width=\"150\" height=\"150\" src=\"https:\/\/nipe.eeg.uminho.pt\/wp-content\/uploads\/2021\/11\/NIPE-logo_rper-150x150.png\" class=\"project-list-item-image wp-post-image\" alt=\"\" srcset=\"https:\/\/nipe.eeg.uminho.pt\/wp-content\/uploads\/2021\/11\/NIPE-logo_rper-150x150.png 150w, https:\/\/nipe.eeg.uminho.pt\/wp-content\/uploads\/2021\/11\/NIPE-logo_rper-300x300.png 300w, https:\/\/nipe.eeg.uminho.pt\/wp-content\/uploads\/2021\/11\/NIPE-logo_rper.png 400w\" sizes=\"auto, (max-width: 150px) 100vw, 150px\" \/><\/div><div class=\"event-list-item-content\"><a class=\"event-list-item-link\" href=\"https:\/\/nipe.eeg.uminho.pt\/en\/event\/volatility-interactions-in-multivariate-garch-models-with-multiplicative-decomposition-3\/\" title=\"Volatility Interactions in Multivariate GARCH Models with Multiplicative Decomposition\"><div class=\"event-list-item-event\"><div class=\"event-list-item-agroup\"><div class=\"event-list-item-categories\"><span class=\"event-list-item-category seminars\">Seminars<\/span><\/div><span class=\"event-list-item-date\">27.01.2016 <bdi><\/bdi> 13:30<\/span><\/div><span class=\"event-plus seminars\"><\/span><\/div><div class=\"event-list-item-details\"><p class=\"event-list-item-speaker\">Susana Campos Martins (NIPE - U.MINHO)<\/p><h3 class=\"event-list-item-title\">Volatility Interactions in Multivariate GARCH Models with Multiplicative Decomposition<\/h3><p class=\"event-list-item-location\">Campus de Gualtar | EEG - Room 0.04<\/p><\/div><\/a><\/div><\/div><\/div><div class=\"publication-block event-block\"><div class=\"event-list-item\"><div class=\"event-list-item-image\"><img loading=\"lazy\" decoding=\"async\" width=\"150\" height=\"150\" src=\"https:\/\/nipe.eeg.uminho.pt\/wp-content\/uploads\/2021\/11\/NIPE-logo_rper-150x150.png\" class=\"project-list-item-image wp-post-image\" alt=\"\" srcset=\"https:\/\/nipe.eeg.uminho.pt\/wp-content\/uploads\/2021\/11\/NIPE-logo_rper-150x150.png 150w, https:\/\/nipe.eeg.uminho.pt\/wp-content\/uploads\/2021\/11\/NIPE-logo_rper-300x300.png 300w, https:\/\/nipe.eeg.uminho.pt\/wp-content\/uploads\/2021\/11\/NIPE-logo_rper.png 400w\" sizes=\"auto, (max-width: 150px) 100vw, 150px\" \/><\/div><div class=\"event-list-item-content\"><a class=\"event-list-item-link\" href=\"https:\/\/nipe.eeg.uminho.pt\/en\/event\/identifying-noise-shocks-a-var-with-data-revision\/\" title=\"Identifying Noise Shocks: a VAR with Data Revision\"><div class=\"event-list-item-event\"><div class=\"event-list-item-agroup\"><div class=\"event-list-item-categories\"><span class=\"event-list-item-category seminars\">Seminars<\/span><\/div><span class=\"event-list-item-date\">13.01.2016 <bdi><\/bdi> 13:00<\/span><\/div><span class=\"event-plus seminars\"><\/span><\/div><div class=\"event-list-item-details\"><p class=\"event-list-item-speaker\">Alessia Paccagnini (U. College Dublin) com Riccardo M. Masolo<\/p><h3 class=\"event-list-item-title\">Identifying Noise Shocks: a VAR with Data Revision<\/h3><p class=\"event-list-item-location\">Campus de Gualtar | EEG - Room 0.04<\/p><\/div><\/a><\/div><\/div><\/div><\/div><div id=\"events-seminars-2015\" role=\"tabpanel\" class=\"tabs-pane fade\"><div class=\"publication-block event-block\"><div class=\"event-list-item\"><div class=\"event-list-item-image\"><img loading=\"lazy\" decoding=\"async\" width=\"150\" height=\"150\" src=\"https:\/\/nipe.eeg.uminho.pt\/wp-content\/uploads\/2021\/11\/NIPE-logo_rper-150x150.png\" class=\"project-list-item-image wp-post-image\" alt=\"\" srcset=\"https:\/\/nipe.eeg.uminho.pt\/wp-content\/uploads\/2021\/11\/NIPE-logo_rper-150x150.png 150w, https:\/\/nipe.eeg.uminho.pt\/wp-content\/uploads\/2021\/11\/NIPE-logo_rper-300x300.png 300w, https:\/\/nipe.eeg.uminho.pt\/wp-content\/uploads\/2021\/11\/NIPE-logo_rper.png 400w\" sizes=\"auto, (max-width: 150px) 100vw, 150px\" \/><\/div><div class=\"event-list-item-content\"><a class=\"event-list-item-link\" href=\"https:\/\/nipe.eeg.uminho.pt\/en\/event\/accounting-for-business-cycles-with-wedges-com-v-v-chari-patrick-kehoe-e-ellen-mcgrattan\/\" title=\"Accounting for Business Cycles with Wedges (com V.V. Chari, Patrick Kehoe e Ellen McGrattan)\"><div class=\"event-list-item-event\"><div class=\"event-list-item-agroup\"><div class=\"event-list-item-categories\"><span class=\"event-list-item-category seminars\">Seminars<\/span><\/div><span class=\"event-list-item-date\">16.12.2015 <bdi><\/bdi> 13:15<\/span><\/div><span class=\"event-plus seminars\"><\/span><\/div><div class=\"event-list-item-details\"><p class=\"event-list-item-speaker\">Pedro Brinca (Nova School of Business and Economics)<\/p><h3 class=\"event-list-item-title\">Accounting for Business Cycles with Wedges (com V.V. Chari, Patrick Kehoe e Ellen McGrattan)<\/h3><p class=\"event-list-item-location\">Campus de Gualtar | EEG - Room 0.04<\/p><\/div><\/a><\/div><\/div><\/div><div class=\"publication-block event-block\"><div class=\"event-list-item\"><div class=\"event-list-item-image\"><img loading=\"lazy\" decoding=\"async\" width=\"150\" height=\"150\" src=\"https:\/\/nipe.eeg.uminho.pt\/wp-content\/uploads\/2021\/11\/NIPE-logo_rper-150x150.png\" class=\"project-list-item-image wp-post-image\" alt=\"\" srcset=\"https:\/\/nipe.eeg.uminho.pt\/wp-content\/uploads\/2021\/11\/NIPE-logo_rper-150x150.png 150w, https:\/\/nipe.eeg.uminho.pt\/wp-content\/uploads\/2021\/11\/NIPE-logo_rper-300x300.png 300w, https:\/\/nipe.eeg.uminho.pt\/wp-content\/uploads\/2021\/11\/NIPE-logo_rper.png 400w\" sizes=\"auto, (max-width: 150px) 100vw, 150px\" \/><\/div><div class=\"event-list-item-content\"><a class=\"event-list-item-link\" href=\"https:\/\/nipe.eeg.uminho.pt\/en\/event\/cheap-talk-among-trustors-as-a-reputation-building-mechanism-in-the-trust-game-com-kim-peters\/\" title=\"Cheap Talk Among Trustors as a Reputation-Building Mechanism in the Trust Game (com Kim Peters)\"><div class=\"event-list-item-event\"><div class=\"event-list-item-agroup\"><div class=\"event-list-item-categories\"><span class=\"event-list-item-category seminars\">Seminars<\/span><\/div><span class=\"event-list-item-date\">25.11.2015 <bdi><\/bdi> 13:15<\/span><\/div><span class=\"event-plus seminars\"><\/span><\/div><div class=\"event-list-item-details\"><p class=\"event-list-item-speaker\">Miguel A. Fonseca (U. Exeter Business School)<\/p><h3 class=\"event-list-item-title\">Cheap Talk Among Trustors as a Reputation-Building Mechanism in the Trust Game (com Kim Peters)<\/h3><p class=\"event-list-item-location\">Campus de Gualtar | EEG - Room 0.04<\/p><\/div><\/a><\/div><\/div><\/div><div class=\"publication-block event-block\"><div class=\"event-list-item\"><div class=\"event-list-item-image\"><img loading=\"lazy\" decoding=\"async\" width=\"150\" height=\"150\" src=\"https:\/\/nipe.eeg.uminho.pt\/wp-content\/uploads\/2021\/11\/NIPE-logo_rper-150x150.png\" class=\"project-list-item-image wp-post-image\" alt=\"\" srcset=\"https:\/\/nipe.eeg.uminho.pt\/wp-content\/uploads\/2021\/11\/NIPE-logo_rper-150x150.png 150w, https:\/\/nipe.eeg.uminho.pt\/wp-content\/uploads\/2021\/11\/NIPE-logo_rper-300x300.png 300w, https:\/\/nipe.eeg.uminho.pt\/wp-content\/uploads\/2021\/11\/NIPE-logo_rper.png 400w\" sizes=\"auto, (max-width: 150px) 100vw, 150px\" \/><\/div><div class=\"event-list-item-content\"><a class=\"event-list-item-link\" href=\"https:\/\/nipe.eeg.uminho.pt\/en\/event\/revisiting-the-porter-hypothesis-an-empirical-analysis-of-green-innovation-for-the-netherlands-com-george-van-leeuwen\/\" title=\"Revisiting the Porter Hypothesis: An Empirical Analysis of Green Innovation for the Netherlands (com George van Leeuwen)\"><div class=\"event-list-item-event\"><div class=\"event-list-item-agroup\"><div class=\"event-list-item-categories\"><span class=\"event-list-item-category seminars\">Seminars<\/span><\/div><span class=\"event-list-item-date\">04.11.2015 <bdi><\/bdi> 13:15<\/span><\/div><span class=\"event-plus seminars\"><\/span><\/div><div class=\"event-list-item-details\"><p class=\"event-list-item-speaker\">Pierre Monhen (UNU-MERIT)<\/p><h3 class=\"event-list-item-title\">Revisiting the Porter Hypothesis: An Empirical Analysis of Green Innovation for the Netherlands (com George van Leeuwen)<\/h3><p class=\"event-list-item-location\">Campus de Gualtar | EEG - Room 0.04<\/p><\/div><\/a><\/div><\/div><\/div><div class=\"publication-block event-block\"><div class=\"event-list-item\"><div class=\"event-list-item-image\"><img loading=\"lazy\" decoding=\"async\" width=\"150\" height=\"150\" src=\"https:\/\/nipe.eeg.uminho.pt\/wp-content\/uploads\/2021\/11\/NIPE-logo_rper-150x150.png\" class=\"project-list-item-image wp-post-image\" alt=\"\" srcset=\"https:\/\/nipe.eeg.uminho.pt\/wp-content\/uploads\/2021\/11\/NIPE-logo_rper-150x150.png 150w, https:\/\/nipe.eeg.uminho.pt\/wp-content\/uploads\/2021\/11\/NIPE-logo_rper-300x300.png 300w, https:\/\/nipe.eeg.uminho.pt\/wp-content\/uploads\/2021\/11\/NIPE-logo_rper.png 400w\" sizes=\"auto, (max-width: 150px) 100vw, 150px\" \/><\/div><div class=\"event-list-item-content\"><a class=\"event-list-item-link\" href=\"https:\/\/nipe.eeg.uminho.pt\/en\/event\/industry-localization-distance-decay-and-knowledge-spillovers-following-the-patent-paper-trail-com-octavio-figueiredo-e-douglas-woodward\/\" title=\"Industry Localization, Distance Decay, and Knowledge Spillovers: Following the Patent Paper Trail (com Oct\u00e1vio Figueiredo e Douglas Woodward)\"><div class=\"event-list-item-event\"><div class=\"event-list-item-agroup\"><div class=\"event-list-item-categories\"><span class=\"event-list-item-category seminars\">Seminars<\/span><\/div><span class=\"event-list-item-date\">21.10.2015 <bdi><\/bdi> 13:15<\/span><\/div><span class=\"event-plus seminars\"><\/span><\/div><div class=\"event-list-item-details\"><p class=\"event-list-item-speaker\">Paulo Guimar\u00e3es (Banco de Portugal)<\/p><h3 class=\"event-list-item-title\">Industry Localization, Distance Decay, and Knowledge Spillovers: Following the Patent Paper Trail (com Oct\u00e1vio Figueiredo e Douglas Woodward)<\/h3><p class=\"event-list-item-location\">Campus de Gualtar | EEG - Room 0.04<\/p><\/div><\/a><\/div><\/div><\/div><div class=\"publication-block event-block\"><div class=\"event-list-item\"><div class=\"event-list-item-image\"><img loading=\"lazy\" decoding=\"async\" width=\"150\" height=\"150\" src=\"https:\/\/nipe.eeg.uminho.pt\/wp-content\/uploads\/2021\/11\/NIPE-logo_rper-150x150.png\" class=\"project-list-item-image wp-post-image\" alt=\"\" srcset=\"https:\/\/nipe.eeg.uminho.pt\/wp-content\/uploads\/2021\/11\/NIPE-logo_rper-150x150.png 150w, https:\/\/nipe.eeg.uminho.pt\/wp-content\/uploads\/2021\/11\/NIPE-logo_rper-300x300.png 300w, https:\/\/nipe.eeg.uminho.pt\/wp-content\/uploads\/2021\/11\/NIPE-logo_rper.png 400w\" sizes=\"auto, (max-width: 150px) 100vw, 150px\" \/><\/div><div class=\"event-list-item-content\"><a class=\"event-list-item-link\" href=\"https:\/\/nipe.eeg.uminho.pt\/en\/event\/asymmetric-stochastic-volatility-models-properties-and-estimation-com-xiuping-mao-helena-veiga-e-veronika-czellar\/\" title=\"Asymmetric Stochastic volatility models: properties and estimation (com Xiuping Mao, Helena Veiga e Veronika Czellar)\"><div class=\"event-list-item-event\"><div class=\"event-list-item-agroup\"><div class=\"event-list-item-categories\"><span class=\"event-list-item-category seminars\">Seminars<\/span><\/div><span class=\"event-list-item-date\">07.10.2015 <bdi><\/bdi> 13:15<\/span><\/div><span class=\"event-plus seminars\"><\/span><\/div><div class=\"event-list-item-details\"><p class=\"event-list-item-speaker\">Esther Ruiz (U. Carlos III)<\/p><h3 class=\"event-list-item-title\">Asymmetric Stochastic volatility models: properties and estimation (com Xiuping Mao, Helena Veiga e Veronika Czellar)<\/h3><p class=\"event-list-item-location\">Campus de Gualtar | EEG - Room 0.04<\/p><\/div><\/a><\/div><\/div><\/div><div class=\"publication-block event-block\"><div class=\"event-list-item\"><div class=\"event-list-item-image\"><img loading=\"lazy\" decoding=\"async\" width=\"150\" height=\"150\" src=\"https:\/\/nipe.eeg.uminho.pt\/wp-content\/uploads\/2021\/11\/NIPE-logo_rper-150x150.png\" class=\"project-list-item-image wp-post-image\" alt=\"\" srcset=\"https:\/\/nipe.eeg.uminho.pt\/wp-content\/uploads\/2021\/11\/NIPE-logo_rper-150x150.png 150w, https:\/\/nipe.eeg.uminho.pt\/wp-content\/uploads\/2021\/11\/NIPE-logo_rper-300x300.png 300w, https:\/\/nipe.eeg.uminho.pt\/wp-content\/uploads\/2021\/11\/NIPE-logo_rper.png 400w\" sizes=\"auto, (max-width: 150px) 100vw, 150px\" \/><\/div><div class=\"event-list-item-content\"><a class=\"event-list-item-link\" href=\"https:\/\/nipe.eeg.uminho.pt\/en\/event\/optimal-allocation-of-investments-for-companys-sustainable-development\/\" title=\"Optimal Allocation Of Investments For Company`s Sustainable Development\"><div class=\"event-list-item-event\"><div class=\"event-list-item-agroup\"><div class=\"event-list-item-categories\"><span class=\"event-list-item-category seminars\">Seminars<\/span><\/div><span class=\"event-list-item-date\">23.09.2015 <bdi><\/bdi> 13:15<\/span><\/div><span class=\"event-plus seminars\"><\/span><\/div><div class=\"event-list-item-details\"><p class=\"event-list-item-speaker\">Indr\u00e8 Lapinskait\u00e8 (Vilnius Gediminas Technical U.)<\/p><h3 class=\"event-list-item-title\">Optimal Allocation Of Investments For Company`s Sustainable Development<\/h3><p class=\"event-list-item-location\">Campus de Gualtar | EEG - Room 0.04<\/p><\/div><\/a><\/div><\/div><\/div><div class=\"publication-block event-block\"><div class=\"event-list-item\"><div class=\"event-list-item-image\"><img loading=\"lazy\" decoding=\"async\" width=\"150\" height=\"150\" src=\"https:\/\/nipe.eeg.uminho.pt\/wp-content\/uploads\/2021\/11\/NIPE-logo_rper-150x150.png\" class=\"project-list-item-image wp-post-image\" alt=\"\" srcset=\"https:\/\/nipe.eeg.uminho.pt\/wp-content\/uploads\/2021\/11\/NIPE-logo_rper-150x150.png 150w, https:\/\/nipe.eeg.uminho.pt\/wp-content\/uploads\/2021\/11\/NIPE-logo_rper-300x300.png 300w, https:\/\/nipe.eeg.uminho.pt\/wp-content\/uploads\/2021\/11\/NIPE-logo_rper.png 400w\" sizes=\"auto, (max-width: 150px) 100vw, 150px\" \/><\/div><div class=\"event-list-item-content\"><a class=\"event-list-item-link\" href=\"https:\/\/nipe.eeg.uminho.pt\/en\/event\/resale-price-maintenance-with-secret-contracts-and-retail-service-externalities-com-bjorn-olav-johansen\/\" title=\"Resale price maintenance with secret contracts and retail service externalities (com Bj\u00f8rn Olav Johansen)\"><div class=\"event-list-item-event\"><div class=\"event-list-item-agroup\"><div class=\"event-list-item-categories\"><span class=\"event-list-item-category seminars\">Seminars<\/span><\/div><span class=\"event-list-item-date\">16.09.2015 <bdi><\/bdi> 13:15<\/span><\/div><span class=\"event-plus seminars\"><\/span><\/div><div class=\"event-list-item-details\"><p class=\"event-list-item-speaker\">Tommy Gabrielsen (U Bergen)<\/p><h3 class=\"event-list-item-title\">Resale price maintenance with secret contracts and retail service externalities (com Bj\u00f8rn Olav Johansen)<\/h3><p class=\"event-list-item-location\">Campus de Gualtar | EEG - Room 0.04<\/p><\/div><\/a><\/div><\/div><\/div><div class=\"publication-block event-block\"><div class=\"event-list-item\"><div class=\"event-list-item-image\"><img loading=\"lazy\" decoding=\"async\" width=\"150\" height=\"150\" src=\"https:\/\/nipe.eeg.uminho.pt\/wp-content\/uploads\/2021\/11\/NIPE-logo_rper-150x150.png\" class=\"project-list-item-image wp-post-image\" alt=\"\" srcset=\"https:\/\/nipe.eeg.uminho.pt\/wp-content\/uploads\/2021\/11\/NIPE-logo_rper-150x150.png 150w, https:\/\/nipe.eeg.uminho.pt\/wp-content\/uploads\/2021\/11\/NIPE-logo_rper-300x300.png 300w, https:\/\/nipe.eeg.uminho.pt\/wp-content\/uploads\/2021\/11\/NIPE-logo_rper.png 400w\" sizes=\"auto, (max-width: 150px) 100vw, 150px\" \/><\/div><div class=\"event-list-item-content\"><a class=\"event-list-item-link\" href=\"https:\/\/nipe.eeg.uminho.pt\/en\/event\/opportunistic-policies-and-election-outcomes-evidence-from-french-municipalities\/\" title=\"Opportunistic Policies and Election Outcomes: Evidence from French Municipalities\"><div class=\"event-list-item-event\"><div class=\"event-list-item-agroup\"><div class=\"event-list-item-categories\"><span class=\"event-list-item-category seminars\">Seminars<\/span><\/div><span class=\"event-list-item-date\">09.09.2015 <bdi><\/bdi> 13:15<\/span><\/div><span class=\"event-plus seminars\"><\/span><\/div><div class=\"event-list-item-details\"><p class=\"event-list-item-speaker\">Mamadou Boukari (LEM-U. Lille)<\/p><h3 class=\"event-list-item-title\">Opportunistic Policies and Election Outcomes: Evidence from French Municipalities<\/h3><p class=\"event-list-item-location\">Campus de Gualtar | EEG - Room 0.04<\/p><\/div><\/a><\/div><\/div><\/div><div class=\"publication-block event-block\"><div class=\"event-list-item\"><div class=\"event-list-item-image\"><img loading=\"lazy\" decoding=\"async\" width=\"150\" height=\"150\" src=\"https:\/\/nipe.eeg.uminho.pt\/wp-content\/uploads\/2021\/11\/NIPE-logo_rper-150x150.png\" class=\"project-list-item-image wp-post-image\" alt=\"\" srcset=\"https:\/\/nipe.eeg.uminho.pt\/wp-content\/uploads\/2021\/11\/NIPE-logo_rper-150x150.png 150w, https:\/\/nipe.eeg.uminho.pt\/wp-content\/uploads\/2021\/11\/NIPE-logo_rper-300x300.png 300w, https:\/\/nipe.eeg.uminho.pt\/wp-content\/uploads\/2021\/11\/NIPE-logo_rper.png 400w\" sizes=\"auto, (max-width: 150px) 100vw, 150px\" \/><\/div><div class=\"event-list-item-content\"><a class=\"event-list-item-link\" href=\"https:\/\/nipe.eeg.uminho.pt\/en\/event\/financial-schocks-and-optimal-monetary-policy-rules-com-fabio-verona-e-ines-drumond\/\" title=\"Financial schocks and optimal monetary policy rules (com Fabio Verona e In\u00eas Drumond)\"><div class=\"event-list-item-event\"><div class=\"event-list-item-agroup\"><div class=\"event-list-item-categories\"><span class=\"event-list-item-category seminars\">Seminars<\/span><\/div><span class=\"event-list-item-date\">02.09.2015 <bdi><\/bdi> 13:15<\/span><\/div><span class=\"event-plus seminars\"><\/span><\/div><div class=\"event-list-item-details\"><p class=\"event-list-item-speaker\">Manuel Ant\u00f3nio Mota Freitas Martins (U. Porto)<\/p><h3 class=\"event-list-item-title\">Financial schocks and optimal monetary policy rules (com Fabio Verona e In\u00eas Drumond)<\/h3><p class=\"event-list-item-location\">Campus de Gualtar | EEG - Room 0.04<\/p><\/div><\/a><\/div><\/div><\/div><div class=\"publication-block event-block\"><div class=\"event-list-item\"><div class=\"event-list-item-image\"><img loading=\"lazy\" decoding=\"async\" width=\"150\" height=\"150\" src=\"https:\/\/nipe.eeg.uminho.pt\/wp-content\/uploads\/2021\/11\/NIPE-logo_rper-150x150.png\" class=\"project-list-item-image wp-post-image\" alt=\"\" srcset=\"https:\/\/nipe.eeg.uminho.pt\/wp-content\/uploads\/2021\/11\/NIPE-logo_rper-150x150.png 150w, https:\/\/nipe.eeg.uminho.pt\/wp-content\/uploads\/2021\/11\/NIPE-logo_rper-300x300.png 300w, https:\/\/nipe.eeg.uminho.pt\/wp-content\/uploads\/2021\/11\/NIPE-logo_rper.png 400w\" sizes=\"auto, (max-width: 150px) 100vw, 150px\" \/><\/div><div class=\"event-list-item-content\"><a class=\"event-list-item-link\" href=\"https:\/\/nipe.eeg.uminho.pt\/en\/event\/policy-uncertainty-and-investment-in-low-carbon-technology-com-silvia-albrizio\/\" title=\"Policy Uncertainty and Investment in Low Carbon Technology (com Silvia Albrizio)\"><div class=\"event-list-item-event\"><div class=\"event-list-item-agroup\"><div class=\"event-list-item-categories\"><span class=\"event-list-item-category seminars\">Seminars<\/span><\/div><span class=\"event-list-item-date\">15.07.2015 <bdi><\/bdi> 13:15<\/span><\/div><span class=\"event-plus seminars\"><\/span><\/div><div class=\"event-list-item-details\"><p class=\"event-list-item-speaker\">H\u00e9lia Costa (London School of Economics)<\/p><h3 class=\"event-list-item-title\">Policy Uncertainty and Investment in Low Carbon Technology (com Silvia Albrizio)<\/h3><p class=\"event-list-item-location\">Campus de Gualtar | EEG - Room 0.04<\/p><\/div><\/a><\/div><\/div><\/div><div class=\"publication-block event-block\"><div class=\"event-list-item\"><div class=\"event-list-item-image\"><img loading=\"lazy\" decoding=\"async\" width=\"150\" height=\"150\" src=\"https:\/\/nipe.eeg.uminho.pt\/wp-content\/uploads\/2021\/11\/NIPE-logo_rper-150x150.png\" class=\"project-list-item-image wp-post-image\" alt=\"\" srcset=\"https:\/\/nipe.eeg.uminho.pt\/wp-content\/uploads\/2021\/11\/NIPE-logo_rper-150x150.png 150w, https:\/\/nipe.eeg.uminho.pt\/wp-content\/uploads\/2021\/11\/NIPE-logo_rper-300x300.png 300w, https:\/\/nipe.eeg.uminho.pt\/wp-content\/uploads\/2021\/11\/NIPE-logo_rper.png 400w\" sizes=\"auto, (max-width: 150px) 100vw, 150px\" \/><\/div><div class=\"event-list-item-content\"><a class=\"event-list-item-link\" href=\"https:\/\/nipe.eeg.uminho.pt\/en\/event\/cheat-or-perish-the-effect-of-performance-related-pay-on-social-customs-and-scientific-misbehavior\/\" title=\"Cheat or Perish? The Effect of Performance-Related Pay on Social Customs and Scientific Misbehavior\"><div class=\"event-list-item-event\"><div class=\"event-list-item-agroup\"><div class=\"event-list-item-categories\"><span class=\"event-list-item-category seminars\">Seminars<\/span><\/div><span class=\"event-list-item-date\">01.07.2015 <bdi><\/bdi> 13:15<\/span><\/div><span class=\"event-plus seminars\"><\/span><\/div><div class=\"event-list-item-details\"><p class=\"event-list-item-speaker\">Beno\u00eet Le Maux (U. Rennes)<\/p><h3 class=\"event-list-item-title\">Cheat or Perish? The Effect of Performance-Related Pay on Social Customs and Scientific Misbehavior<\/h3><p class=\"event-list-item-location\">Campus de Gualtar | EEG - Room 0.04<\/p><\/div><\/a><\/div><\/div><\/div><div class=\"publication-block event-block\"><div class=\"event-list-item\"><div class=\"event-list-item-image\"><img loading=\"lazy\" decoding=\"async\" width=\"150\" height=\"150\" src=\"https:\/\/nipe.eeg.uminho.pt\/wp-content\/uploads\/2021\/11\/NIPE-logo_rper-150x150.png\" class=\"project-list-item-image wp-post-image\" alt=\"\" srcset=\"https:\/\/nipe.eeg.uminho.pt\/wp-content\/uploads\/2021\/11\/NIPE-logo_rper-150x150.png 150w, https:\/\/nipe.eeg.uminho.pt\/wp-content\/uploads\/2021\/11\/NIPE-logo_rper-300x300.png 300w, https:\/\/nipe.eeg.uminho.pt\/wp-content\/uploads\/2021\/11\/NIPE-logo_rper.png 400w\" sizes=\"auto, (max-width: 150px) 100vw, 150px\" \/><\/div><div class=\"event-list-item-content\"><a class=\"event-list-item-link\" href=\"https:\/\/nipe.eeg.uminho.pt\/en\/event\/egalitarian-lasso-for-shrinkage-and-selection-in-forecast-combination\/\" title=\"Egalitarian Lasso for Shrinkage and Selection in Forecast Combination\"><div class=\"event-list-item-event\"><div class=\"event-list-item-agroup\"><div class=\"event-list-item-categories\"><span class=\"event-list-item-category seminars\">Seminars<\/span><\/div><span class=\"event-list-item-date\">17.06.2015 <bdi><\/bdi> 13:15<\/span><\/div><span class=\"event-plus seminars\"><\/span><\/div><div class=\"event-list-item-details\"><p class=\"event-list-item-speaker\">Francis X. Diebold (U. Pensilv\u00e2nia, EUA)<\/p><h3 class=\"event-list-item-title\">Egalitarian Lasso for Shrinkage and Selection in Forecast Combination<\/h3><p class=\"event-list-item-location\">Campus de Gualtar | EEG - Room 0.04<\/p><\/div><\/a><\/div><\/div><\/div><div class=\"publication-block event-block\"><div class=\"event-list-item\"><div class=\"event-list-item-image\"><img loading=\"lazy\" decoding=\"async\" width=\"150\" height=\"150\" src=\"https:\/\/nipe.eeg.uminho.pt\/wp-content\/uploads\/2021\/11\/NIPE-logo_rper-150x150.png\" class=\"project-list-item-image wp-post-image\" alt=\"\" srcset=\"https:\/\/nipe.eeg.uminho.pt\/wp-content\/uploads\/2021\/11\/NIPE-logo_rper-150x150.png 150w, https:\/\/nipe.eeg.uminho.pt\/wp-content\/uploads\/2021\/11\/NIPE-logo_rper-300x300.png 300w, https:\/\/nipe.eeg.uminho.pt\/wp-content\/uploads\/2021\/11\/NIPE-logo_rper.png 400w\" sizes=\"auto, (max-width: 150px) 100vw, 150px\" \/><\/div><div class=\"event-list-item-content\"><a class=\"event-list-item-link\" href=\"https:\/\/nipe.eeg.uminho.pt\/en\/event\/competitive-effects-of-partial-control-in-an-input-supplier-with-luis-cabral-and-helder-vasconcelos\/\" title=\"Competitive Effects of Partial Control in an Input Supplier (with Lu\u00eds Cabral and H\u00e9lder Vasconcelos)\"><div class=\"event-list-item-event\"><div class=\"event-list-item-agroup\"><div class=\"event-list-item-categories\"><span class=\"event-list-item-category seminars\">Seminars<\/span><\/div><span class=\"event-list-item-date\">11.06.2015 <bdi><\/bdi> 13:30<\/span><\/div><span class=\"event-plus seminars\"><\/span><\/div><div class=\"event-list-item-details\"><p class=\"event-list-item-speaker\">Duarte Brito (U. Nova Lisboa)<\/p><h3 class=\"event-list-item-title\">Competitive Effects of Partial Control in an Input Supplier (with Lu\u00eds Cabral and H\u00e9lder Vasconcelos)<\/h3><p class=\"event-list-item-location\">Campus de Gualtar | EEG - Room 0.04<\/p><\/div><\/a><\/div><\/div><\/div><div class=\"publication-block event-block\"><div class=\"event-list-item\"><div class=\"event-list-item-image\"><img loading=\"lazy\" decoding=\"async\" width=\"150\" height=\"150\" src=\"https:\/\/nipe.eeg.uminho.pt\/wp-content\/uploads\/2021\/11\/NIPE-logo_rper-150x150.png\" class=\"project-list-item-image wp-post-image\" alt=\"\" srcset=\"https:\/\/nipe.eeg.uminho.pt\/wp-content\/uploads\/2021\/11\/NIPE-logo_rper-150x150.png 150w, https:\/\/nipe.eeg.uminho.pt\/wp-content\/uploads\/2021\/11\/NIPE-logo_rper-300x300.png 300w, https:\/\/nipe.eeg.uminho.pt\/wp-content\/uploads\/2021\/11\/NIPE-logo_rper.png 400w\" sizes=\"auto, (max-width: 150px) 100vw, 150px\" \/><\/div><div class=\"event-list-item-content\"><a class=\"event-list-item-link\" href=\"https:\/\/nipe.eeg.uminho.pt\/en\/event\/the-relationship-between-self-employment-and-unemployment-in-the-long-run-a-panel-cointegration-approach-allowing-for-breaks\/\" title=\"The Relationship between Self-employment and Unemployment in the Long-Run: A Panel Cointegration Approach Allowing For Breaks\"><div class=\"event-list-item-event\"><div class=\"event-list-item-agroup\"><div class=\"event-list-item-categories\"><span class=\"event-list-item-category seminars\">Seminars<\/span><\/div><span class=\"event-list-item-date\">20.05.2015 <bdi><\/bdi> 13:30<\/span><\/div><span class=\"event-plus seminars\"><\/span><\/div><div class=\"event-list-item-details\"><p class=\"event-list-item-speaker\">George Saridakis (Kingston Business School)<\/p><h3 class=\"event-list-item-title\">The Relationship between Self-employment and Unemployment in the Long-Run: A Panel Cointegration Approach Allowing For Breaks<\/h3><p class=\"event-list-item-location\">Campus de Gualtar | EEG - Room 0.04<\/p><\/div><\/a><\/div><\/div><\/div><div class=\"publication-block event-block\"><div class=\"event-list-item\"><div class=\"event-list-item-image\"><img loading=\"lazy\" decoding=\"async\" width=\"150\" height=\"150\" src=\"https:\/\/nipe.eeg.uminho.pt\/wp-content\/uploads\/2021\/11\/NIPE-logo_rper-150x150.png\" class=\"project-list-item-image wp-post-image\" alt=\"\" srcset=\"https:\/\/nipe.eeg.uminho.pt\/wp-content\/uploads\/2021\/11\/NIPE-logo_rper-150x150.png 150w, https:\/\/nipe.eeg.uminho.pt\/wp-content\/uploads\/2021\/11\/NIPE-logo_rper-300x300.png 300w, https:\/\/nipe.eeg.uminho.pt\/wp-content\/uploads\/2021\/11\/NIPE-logo_rper.png 400w\" sizes=\"auto, (max-width: 150px) 100vw, 150px\" \/><\/div><div class=\"event-list-item-content\"><a class=\"event-list-item-link\" href=\"https:\/\/nipe.eeg.uminho.pt\/en\/event\/a-tug-of-war-overnight-versus-intraday-expected-returns-with-dong-lou-and-spyros-skouras\/\" title=\"A Tug of War: Overnight Versus Intraday Expected Returns (with Dong Lou and Spyros Skouras)\"><div class=\"event-list-item-event\"><div class=\"event-list-item-agroup\"><div class=\"event-list-item-categories\"><span class=\"event-list-item-category seminars\">Seminars<\/span><\/div><span class=\"event-list-item-date\">22.04.2015 <bdi><\/bdi> 13:30<\/span><\/div><span class=\"event-plus seminars\"><\/span><\/div><div class=\"event-list-item-details\"><p class=\"event-list-item-speaker\">Christopher Polk (London School School of Economics)<\/p><h3 class=\"event-list-item-title\">A Tug of War: Overnight Versus Intraday Expected Returns (with Dong Lou and Spyros Skouras)<\/h3><p class=\"event-list-item-location\">Campus de Gualtar | EEG - Room 0.04<\/p><\/div><\/a><\/div><\/div><\/div><div class=\"publication-block event-block\"><div class=\"event-list-item\"><div class=\"event-list-item-image\"><img loading=\"lazy\" decoding=\"async\" width=\"150\" height=\"150\" src=\"https:\/\/nipe.eeg.uminho.pt\/wp-content\/uploads\/2021\/11\/NIPE-logo_rper-150x150.png\" class=\"project-list-item-image wp-post-image\" alt=\"\" srcset=\"https:\/\/nipe.eeg.uminho.pt\/wp-content\/uploads\/2021\/11\/NIPE-logo_rper-150x150.png 150w, https:\/\/nipe.eeg.uminho.pt\/wp-content\/uploads\/2021\/11\/NIPE-logo_rper-300x300.png 300w, https:\/\/nipe.eeg.uminho.pt\/wp-content\/uploads\/2021\/11\/NIPE-logo_rper.png 400w\" sizes=\"auto, (max-width: 150px) 100vw, 150px\" \/><\/div><div class=\"event-list-item-content\"><a class=\"event-list-item-link\" href=\"https:\/\/nipe.eeg.uminho.pt\/en\/event\/the-confidence-effects-of-fiscal-consolidations-with-roel-beetsma-jacopo-cimadomo-and-oana-furtuna\/\" title=\"The Confidence Effects of Fiscal Consolidations (with Roel Beetsma, Jacopo Cimadomo and Oana Furtuna)\"><div class=\"event-list-item-event\"><div class=\"event-list-item-agroup\"><div class=\"event-list-item-categories\"><span class=\"event-list-item-category seminars\">Seminars<\/span><\/div><span class=\"event-list-item-date\">15.04.2015 <bdi><\/bdi> 13:30<\/span><\/div><span class=\"event-plus seminars\"><\/span><\/div><div class=\"event-list-item-details\"><p class=\"event-list-item-speaker\">Massimo Giuliodori (UVA)<\/p><h3 class=\"event-list-item-title\">The Confidence Effects of Fiscal Consolidations (with Roel Beetsma, Jacopo Cimadomo and Oana Furtuna)<\/h3><p class=\"event-list-item-location\">Campus de Gualtar | EEG - Room 0.04<\/p><\/div><\/a><\/div><\/div><\/div><div class=\"publication-block event-block\"><div class=\"event-list-item\"><div class=\"event-list-item-image\"><img loading=\"lazy\" decoding=\"async\" width=\"150\" height=\"150\" src=\"https:\/\/nipe.eeg.uminho.pt\/wp-content\/uploads\/2021\/11\/NIPE-logo_rper-150x150.png\" class=\"project-list-item-image wp-post-image\" alt=\"\" srcset=\"https:\/\/nipe.eeg.uminho.pt\/wp-content\/uploads\/2021\/11\/NIPE-logo_rper-150x150.png 150w, https:\/\/nipe.eeg.uminho.pt\/wp-content\/uploads\/2021\/11\/NIPE-logo_rper-300x300.png 300w, https:\/\/nipe.eeg.uminho.pt\/wp-content\/uploads\/2021\/11\/NIPE-logo_rper.png 400w\" sizes=\"auto, (max-width: 150px) 100vw, 150px\" \/><\/div><div class=\"event-list-item-content\"><a class=\"event-list-item-link\" href=\"https:\/\/nipe.eeg.uminho.pt\/en\/event\/the-value-added-by-trading-strongly-influenced-by-fund-manager-motivation\/\" title=\"The value added by trading strongly influenced by fund manager motivation\"><div class=\"event-list-item-event\"><div class=\"event-list-item-agroup\"><div class=\"event-list-item-categories\"><span class=\"event-list-item-category seminars\">Seminars<\/span><\/div><span class=\"event-list-item-date\">26.03.2015 <bdi><\/bdi> 13:30<\/span><\/div><span class=\"event-plus seminars\"><\/span><\/div><div class=\"event-list-item-details\"><p class=\"event-list-item-speaker\">Laura Andreu (Universidad de Zaragoza)<\/p><h3 class=\"event-list-item-title\">The value added by trading strongly influenced by fund manager motivation<\/h3><p class=\"event-list-item-location\">Campus de Gualtar | EEG - Room 0.04<\/p><\/div><\/a><\/div><\/div><\/div><div class=\"publication-block event-block\"><div class=\"event-list-item\"><div class=\"event-list-item-image\"><img loading=\"lazy\" decoding=\"async\" width=\"150\" height=\"150\" src=\"https:\/\/nipe.eeg.uminho.pt\/wp-content\/uploads\/2021\/11\/NIPE-logo_rper-150x150.png\" class=\"project-list-item-image wp-post-image\" alt=\"\" srcset=\"https:\/\/nipe.eeg.uminho.pt\/wp-content\/uploads\/2021\/11\/NIPE-logo_rper-150x150.png 150w, https:\/\/nipe.eeg.uminho.pt\/wp-content\/uploads\/2021\/11\/NIPE-logo_rper-300x300.png 300w, https:\/\/nipe.eeg.uminho.pt\/wp-content\/uploads\/2021\/11\/NIPE-logo_rper.png 400w\" sizes=\"auto, (max-width: 150px) 100vw, 150px\" \/><\/div><div class=\"event-list-item-content\"><a class=\"event-list-item-link\" href=\"https:\/\/nipe.eeg.uminho.pt\/en\/event\/a-general-theory-of-rank-testing\/\" title=\"A General Theory of Rank Testing\"><div class=\"event-list-item-event\"><div class=\"event-list-item-agroup\"><div class=\"event-list-item-categories\"><span class=\"event-list-item-category seminars\">Seminars<\/span><\/div><span class=\"event-list-item-date\">05.03.2015 <bdi><\/bdi> 13:30<\/span><\/div><span class=\"event-plus seminars\"><\/span><\/div><div class=\"event-list-item-details\"><p class=\"event-list-item-speaker\">Majid Al Sadoon Trujillo (U. Pompeu Fabra)<\/p><h3 class=\"event-list-item-title\">A General Theory of Rank Testing<\/h3><p class=\"event-list-item-location\">Campus de Gualtar | EEG - Room 0.04<\/p><\/div><\/a><\/div><\/div><\/div><div class=\"publication-block event-block\"><div class=\"event-list-item\"><div class=\"event-list-item-image\"><img loading=\"lazy\" decoding=\"async\" width=\"150\" height=\"150\" src=\"https:\/\/nipe.eeg.uminho.pt\/wp-content\/uploads\/2021\/11\/NIPE-logo_rper-150x150.png\" class=\"project-list-item-image wp-post-image\" alt=\"\" srcset=\"https:\/\/nipe.eeg.uminho.pt\/wp-content\/uploads\/2021\/11\/NIPE-logo_rper-150x150.png 150w, https:\/\/nipe.eeg.uminho.pt\/wp-content\/uploads\/2021\/11\/NIPE-logo_rper-300x300.png 300w, https:\/\/nipe.eeg.uminho.pt\/wp-content\/uploads\/2021\/11\/NIPE-logo_rper.png 400w\" sizes=\"auto, (max-width: 150px) 100vw, 150px\" \/><\/div><div class=\"event-list-item-content\"><a class=\"event-list-item-link\" href=\"https:\/\/nipe.eeg.uminho.pt\/en\/event\/interbank-adjustments-for-fras\/\" title=\"Interbank adjustments for FRAs\"><div class=\"event-list-item-event\"><div class=\"event-list-item-agroup\"><div class=\"event-list-item-categories\"><span class=\"event-list-item-category seminars\">Seminars<\/span><\/div><span class=\"event-list-item-date\">18.02.2015 <bdi><\/bdi> 13:30<\/span><\/div><span class=\"event-plus seminars\"><\/span><\/div><div class=\"event-list-item-details\"><p class=\"event-list-item-speaker\">Raquel M. Gaspar (ISEG, U. LISBOA)<\/p><h3 class=\"event-list-item-title\">Interbank adjustments for FRAs<\/h3><p class=\"event-list-item-location\">Campus de Gualtar | EEG - Room 0.04<\/p><\/div><\/a><\/div><\/div><\/div><div class=\"publication-block event-block\"><div class=\"event-list-item\"><div class=\"event-list-item-image\"><img loading=\"lazy\" decoding=\"async\" width=\"150\" height=\"150\" src=\"https:\/\/nipe.eeg.uminho.pt\/wp-content\/uploads\/2021\/11\/NIPE-logo_rper-150x150.png\" class=\"project-list-item-image wp-post-image\" alt=\"\" srcset=\"https:\/\/nipe.eeg.uminho.pt\/wp-content\/uploads\/2021\/11\/NIPE-logo_rper-150x150.png 150w, https:\/\/nipe.eeg.uminho.pt\/wp-content\/uploads\/2021\/11\/NIPE-logo_rper-300x300.png 300w, https:\/\/nipe.eeg.uminho.pt\/wp-content\/uploads\/2021\/11\/NIPE-logo_rper.png 400w\" sizes=\"auto, (max-width: 150px) 100vw, 150px\" \/><\/div><div class=\"event-list-item-content\"><a class=\"event-list-item-link\" href=\"https:\/\/nipe.eeg.uminho.pt\/en\/event\/generation-investments-under-uncertainty-com-roger-adkins\/\" title=\"Generation Investments under Uncertainty (with Roger Adkins)\"><div class=\"event-list-item-event\"><div class=\"event-list-item-agroup\"><div class=\"event-list-item-categories\"><span class=\"event-list-item-category seminars\">Seminars<\/span><\/div><span class=\"event-list-item-date\">12.02.2015 <bdi><\/bdi> 13:30<\/span><\/div><span class=\"event-plus seminars\"><\/span><\/div><div class=\"event-list-item-details\"><p class=\"event-list-item-speaker\">Dean Paxson (Manchester Business School)<\/p><h3 class=\"event-list-item-title\">Generation Investments under Uncertainty (with Roger Adkins)<\/h3><p class=\"event-list-item-location\">Campus de Gualtar | EEG - Room 0.04<\/p><\/div><\/a><\/div><\/div><\/div><\/div><div id=\"events-seminars-2014\" role=\"tabpanel\" class=\"tabs-pane fade\"><div class=\"publication-block event-block\"><div class=\"event-list-item\"><div class=\"event-list-item-image\"><img loading=\"lazy\" decoding=\"async\" width=\"150\" height=\"150\" src=\"https:\/\/nipe.eeg.uminho.pt\/wp-content\/uploads\/2021\/11\/NIPE-logo_rper-150x150.png\" class=\"project-list-item-image wp-post-image\" alt=\"\" srcset=\"https:\/\/nipe.eeg.uminho.pt\/wp-content\/uploads\/2021\/11\/NIPE-logo_rper-150x150.png 150w, https:\/\/nipe.eeg.uminho.pt\/wp-content\/uploads\/2021\/11\/NIPE-logo_rper-300x300.png 300w, https:\/\/nipe.eeg.uminho.pt\/wp-content\/uploads\/2021\/11\/NIPE-logo_rper.png 400w\" sizes=\"auto, (max-width: 150px) 100vw, 150px\" \/><\/div><div class=\"event-list-item-content\"><a class=\"event-list-item-link\" href=\"https:\/\/nipe.eeg.uminho.pt\/en\/event\/time-varying-risk-premium-in-large-cross-sectional-equity-datasets\/\" title=\"Time-Varying risk premium in large cross-sectional equity datasets\"><div class=\"event-list-item-event\"><div class=\"event-list-item-agroup\"><div class=\"event-list-item-categories\"><span class=\"event-list-item-category seminars\">Seminars<\/span><\/div><span class=\"event-list-item-date\">17.12.2014 <bdi><\/bdi> 13:30<\/span><\/div><span class=\"event-plus seminars\"><\/span><\/div><div class=\"event-list-item-details\"><p class=\"event-list-item-speaker\">Olivier Scaillet (U. Genebra) with Patrick Gagliardini e Elisa Ossola<\/p><h3 class=\"event-list-item-title\">Time-Varying risk premium in large cross-sectional equity datasets<\/h3><p class=\"event-list-item-location\">Campus de Gualtar | EEG - Room 0.04<\/p><\/div><\/a><\/div><\/div><\/div><div class=\"publication-block event-block\"><div class=\"event-list-item\"><div class=\"event-list-item-image\"><img loading=\"lazy\" decoding=\"async\" width=\"150\" height=\"150\" src=\"https:\/\/nipe.eeg.uminho.pt\/wp-content\/uploads\/2021\/11\/NIPE-logo_rper-150x150.png\" class=\"project-list-item-image wp-post-image\" alt=\"\" srcset=\"https:\/\/nipe.eeg.uminho.pt\/wp-content\/uploads\/2021\/11\/NIPE-logo_rper-150x150.png 150w, https:\/\/nipe.eeg.uminho.pt\/wp-content\/uploads\/2021\/11\/NIPE-logo_rper-300x300.png 300w, https:\/\/nipe.eeg.uminho.pt\/wp-content\/uploads\/2021\/11\/NIPE-logo_rper.png 400w\" sizes=\"auto, (max-width: 150px) 100vw, 150px\" \/><\/div><div class=\"event-list-item-content\"><a class=\"event-list-item-link\" href=\"https:\/\/nipe.eeg.uminho.pt\/en\/event\/strategic-gains-from-labor-market-discrimination\/\" title=\"Strategic Gains from Labor Market Discrimination\"><div class=\"event-list-item-event\"><div class=\"event-list-item-agroup\"><div class=\"event-list-item-categories\"><span class=\"event-list-item-category seminars\">Seminars<\/span><\/div><span class=\"event-list-item-date\">10.12.2014 <bdi><\/bdi> 13:30<\/span><\/div><span class=\"event-plus seminars\"><\/span><\/div><div class=\"event-list-item-details\"><p class=\"event-list-item-speaker\">Johan Lagerlof (U. Copenhaga)<\/p><h3 class=\"event-list-item-title\">Strategic Gains from Labor Market Discrimination<\/h3><p class=\"event-list-item-location\">Campus de Gualtar | EEG - Room 0.04<\/p><\/div><\/a><\/div><\/div><\/div><div class=\"publication-block event-block\"><div class=\"event-list-item\"><div class=\"event-list-item-image\"><img loading=\"lazy\" decoding=\"async\" width=\"150\" height=\"150\" src=\"https:\/\/nipe.eeg.uminho.pt\/wp-content\/uploads\/2021\/11\/NIPE-logo_rper-150x150.png\" class=\"project-list-item-image wp-post-image\" alt=\"\" srcset=\"https:\/\/nipe.eeg.uminho.pt\/wp-content\/uploads\/2021\/11\/NIPE-logo_rper-150x150.png 150w, https:\/\/nipe.eeg.uminho.pt\/wp-content\/uploads\/2021\/11\/NIPE-logo_rper-300x300.png 300w, https:\/\/nipe.eeg.uminho.pt\/wp-content\/uploads\/2021\/11\/NIPE-logo_rper.png 400w\" sizes=\"auto, (max-width: 150px) 100vw, 150px\" \/><\/div><div class=\"event-list-item-content\"><a class=\"event-list-item-link\" href=\"https:\/\/nipe.eeg.uminho.pt\/en\/event\/employee-referral-social-proximity-and-worker-discipline-theory-experiment-and-empirical-evidence\/\" title=\"Employee referral, social proximity and worker discipline: Theory, Experiment and Empirical Evidence\"><div class=\"event-list-item-event\"><div class=\"event-list-item-agroup\"><div class=\"event-list-item-categories\"><span class=\"event-list-item-category seminars\">Seminars<\/span><\/div><span class=\"event-list-item-date\">03.12.2014 <bdi><\/bdi> 13:30<\/span><\/div><span class=\"event-plus seminars\"><\/span><\/div><div class=\"event-list-item-details\"><p class=\"event-list-item-speaker\">Amrita Dhillon (King`s College of London)<\/p><h3 class=\"event-list-item-title\">Employee referral, social proximity and worker discipline: Theory, Experiment and Empirical Evidence<\/h3><p class=\"event-list-item-location\">Campus de Gualtar | EEG - Room 0.04<\/p><\/div><\/a><\/div><\/div><\/div><div class=\"publication-block event-block\"><div class=\"event-list-item\"><div class=\"event-list-item-image\"><img loading=\"lazy\" decoding=\"async\" width=\"150\" height=\"150\" src=\"https:\/\/nipe.eeg.uminho.pt\/wp-content\/uploads\/2021\/05\/ImagemEvento-1-150x150.jpg\" class=\"project-list-item-image wp-post-image\" alt=\"\" \/><\/div><div class=\"event-list-item-content\"><a class=\"event-list-item-link\" href=\"https:\/\/nipe.eeg.uminho.pt\/en\/event\/fiscal-multipliers-in-the-21st-century\/\" title=\"Fiscal Multipliers in the 21st Century\"><div class=\"event-list-item-event\"><div class=\"event-list-item-agroup\"><div class=\"event-list-item-categories\"><span class=\"event-list-item-category seminars\">Seminars<\/span><\/div><span class=\"event-list-item-date\">26.11.2014 <bdi><\/bdi> 13:30<\/span><\/div><span class=\"event-plus seminars\"><\/span><\/div><div class=\"event-list-item-details\"><p class=\"event-list-item-speaker\">Pedro Brinca (NOVA SBE)<\/p><h3 class=\"event-list-item-title\">Fiscal Multipliers in the 21st Century<\/h3><p class=\"event-list-item-location\">Campus de Gualtar | EEG - Room 0.04<\/p><\/div><\/a><\/div><\/div><\/div><div class=\"publication-block event-block\"><div class=\"event-list-item\"><div class=\"event-list-item-image\"><img loading=\"lazy\" decoding=\"async\" width=\"150\" height=\"150\" src=\"https:\/\/nipe.eeg.uminho.pt\/wp-content\/uploads\/2021\/11\/NIPE-logo_rper-150x150.png\" class=\"project-list-item-image wp-post-image\" alt=\"\" srcset=\"https:\/\/nipe.eeg.uminho.pt\/wp-content\/uploads\/2021\/11\/NIPE-logo_rper-150x150.png 150w, https:\/\/nipe.eeg.uminho.pt\/wp-content\/uploads\/2021\/11\/NIPE-logo_rper-300x300.png 300w, https:\/\/nipe.eeg.uminho.pt\/wp-content\/uploads\/2021\/11\/NIPE-logo_rper.png 400w\" sizes=\"auto, (max-width: 150px) 100vw, 150px\" \/><\/div><div class=\"event-list-item-content\"><a class=\"event-list-item-link\" href=\"https:\/\/nipe.eeg.uminho.pt\/en\/event\/the-spatial-dimension-of-internal-labour-markets\/\" title=\"The Spatial Dimension of Internal Labour Markets\"><div class=\"event-list-item-event\"><div class=\"event-list-item-agroup\"><div class=\"event-list-item-categories\"><span class=\"event-list-item-category seminars\">Seminars<\/span><\/div><span class=\"event-list-item-date\">05.11.2014 <bdi><\/bdi> 13:30<\/span><\/div><span class=\"event-plus seminars\"><\/span><\/div><div class=\"event-list-item-details\"><p class=\"event-list-item-speaker\">Jos\u00e9 Varej\u00e3o (U. Porto) with Anabela Carneiro and Marisa Tavares<\/p><h3 class=\"event-list-item-title\">The Spatial Dimension of Internal Labour Markets<\/h3><p class=\"event-list-item-location\">Campus de Gualtar | EEG - Room 0.04<\/p><\/div><\/a><\/div><\/div><\/div><div class=\"publication-block event-block\"><div class=\"event-list-item\"><div class=\"event-list-item-image\"><img loading=\"lazy\" decoding=\"async\" width=\"150\" height=\"150\" src=\"https:\/\/nipe.eeg.uminho.pt\/wp-content\/uploads\/2021\/11\/NIPE-logo_rper-150x150.png\" class=\"project-list-item-image wp-post-image\" alt=\"\" srcset=\"https:\/\/nipe.eeg.uminho.pt\/wp-content\/uploads\/2021\/11\/NIPE-logo_rper-150x150.png 150w, https:\/\/nipe.eeg.uminho.pt\/wp-content\/uploads\/2021\/11\/NIPE-logo_rper-300x300.png 300w, https:\/\/nipe.eeg.uminho.pt\/wp-content\/uploads\/2021\/11\/NIPE-logo_rper.png 400w\" sizes=\"auto, (max-width: 150px) 100vw, 150px\" \/><\/div><div class=\"event-list-item-content\"><a class=\"event-list-item-link\" href=\"https:\/\/nipe.eeg.uminho.pt\/en\/event\/membership-and-performance-in-finnish-financial-cooperatives-a-new-view-of-cooperatives\/\" title=\"Membership and Performance in Finnish Financial Cooperatives: A New View of Cooperatives?\"><div class=\"event-list-item-event\"><div class=\"event-list-item-agroup\"><div class=\"event-list-item-categories\"><span class=\"event-list-item-category seminars\">Seminars<\/span><\/div><span class=\"event-list-item-date\">22.10.2014 <bdi><\/bdi> 13:30<\/span><\/div><span class=\"event-plus seminars\"><\/span><\/div><div class=\"event-list-item-details\"><p class=\"event-list-item-speaker\">Panu Kalmi (U. Vaasa)<\/p><h3 class=\"event-list-item-title\">Membership and Performance in Finnish Financial Cooperatives: A New View of Cooperatives?<\/h3><p class=\"event-list-item-location\">Campus de Gualtar | EEG - Room 0.04<\/p><\/div><\/a><\/div><\/div><\/div><div class=\"publication-block event-block\"><div class=\"event-list-item\"><div class=\"event-list-item-image\"><img loading=\"lazy\" decoding=\"async\" width=\"150\" height=\"150\" src=\"https:\/\/nipe.eeg.uminho.pt\/wp-content\/uploads\/2021\/11\/NIPE-logo_rper-150x150.png\" class=\"project-list-item-image wp-post-image\" alt=\"\" srcset=\"https:\/\/nipe.eeg.uminho.pt\/wp-content\/uploads\/2021\/11\/NIPE-logo_rper-150x150.png 150w, https:\/\/nipe.eeg.uminho.pt\/wp-content\/uploads\/2021\/11\/NIPE-logo_rper-300x300.png 300w, https:\/\/nipe.eeg.uminho.pt\/wp-content\/uploads\/2021\/11\/NIPE-logo_rper.png 400w\" sizes=\"auto, (max-width: 150px) 100vw, 150px\" \/><\/div><div class=\"event-list-item-content\"><a class=\"event-list-item-link\" href=\"https:\/\/nipe.eeg.uminho.pt\/en\/event\/public-spending-and-growth-the-role-of-government-accountability\/\" title=\"Public spending and growth: the role of government accountability\"><div class=\"event-list-item-event\"><div class=\"event-list-item-agroup\"><div class=\"event-list-item-categories\"><span class=\"event-list-item-category seminars\">Seminars<\/span><\/div><span class=\"event-list-item-date\">15.10.2014 <bdi><\/bdi> 13:30<\/span><\/div><span class=\"event-plus seminars\"><\/span><\/div><div class=\"event-list-item-details\"><p class=\"event-list-item-speaker\">Atsuyoshi Morozumi (U. Nottingham) with Francisco Veiga (NIPE)<\/p><h3 class=\"event-list-item-title\">Public spending and growth: the role of government accountability<\/h3><p class=\"event-list-item-location\">Campus de Gualtar | EEG - Room 0.04<\/p><\/div><\/a><\/div><\/div><\/div><div class=\"publication-block event-block\"><div class=\"event-list-item\"><div class=\"event-list-item-image\"><img loading=\"lazy\" decoding=\"async\" width=\"150\" height=\"150\" src=\"https:\/\/nipe.eeg.uminho.pt\/wp-content\/uploads\/2021\/11\/NIPE-logo_rper-150x150.png\" class=\"project-list-item-image wp-post-image\" alt=\"\" srcset=\"https:\/\/nipe.eeg.uminho.pt\/wp-content\/uploads\/2021\/11\/NIPE-logo_rper-150x150.png 150w, https:\/\/nipe.eeg.uminho.pt\/wp-content\/uploads\/2021\/11\/NIPE-logo_rper-300x300.png 300w, https:\/\/nipe.eeg.uminho.pt\/wp-content\/uploads\/2021\/11\/NIPE-logo_rper.png 400w\" sizes=\"auto, (max-width: 150px) 100vw, 150px\" \/><\/div><div class=\"event-list-item-content\"><a class=\"event-list-item-link\" href=\"https:\/\/nipe.eeg.uminho.pt\/en\/event\/economic-growth-and-the-high-skilled-the-role-of-scale-effects-and-of-barriers-to-entry-into-the-high-tech\/\" title=\"Economic Growth and the High-Skilled: the Role of Scale Effects and of Barriers to Entry into the High-Tech\"><div class=\"event-list-item-event\"><div class=\"event-list-item-agroup\"><div class=\"event-list-item-categories\"><span class=\"event-list-item-category seminars\">Seminars<\/span><\/div><span class=\"event-list-item-date\">04.09.2014 <bdi><\/bdi> 13:30<\/span><\/div><span class=\"event-plus seminars\"><\/span><\/div><div class=\"event-list-item-details\"><p class=\"event-list-item-speaker\">Pedro Gil (FEP, U. Porto)<\/p><h3 class=\"event-list-item-title\">Economic Growth and the High-Skilled: the Role of Scale Effects and of Barriers to Entry into the High-Tech<\/h3><p class=\"event-list-item-location\">Campus de Gualtar | EEG - Room 0.04<\/p><\/div><\/a><\/div><\/div><\/div><div class=\"publication-block event-block\"><div class=\"event-list-item\"><div class=\"event-list-item-image\"><img loading=\"lazy\" decoding=\"async\" width=\"150\" height=\"150\" src=\"https:\/\/nipe.eeg.uminho.pt\/wp-content\/uploads\/2021\/11\/NIPE-logo_rper-150x150.png\" class=\"project-list-item-image wp-post-image\" alt=\"\" srcset=\"https:\/\/nipe.eeg.uminho.pt\/wp-content\/uploads\/2021\/11\/NIPE-logo_rper-150x150.png 150w, https:\/\/nipe.eeg.uminho.pt\/wp-content\/uploads\/2021\/11\/NIPE-logo_rper-300x300.png 300w, https:\/\/nipe.eeg.uminho.pt\/wp-content\/uploads\/2021\/11\/NIPE-logo_rper.png 400w\" sizes=\"auto, (max-width: 150px) 100vw, 150px\" \/><\/div><div class=\"event-list-item-content\"><a class=\"event-list-item-link\" href=\"https:\/\/nipe.eeg.uminho.pt\/en\/event\/false-advertising-and-consumer-protection-policy\/\" title=\"False Advertising and Consumer Protection Policy\"><div class=\"event-list-item-event\"><div class=\"event-list-item-agroup\"><div class=\"event-list-item-categories\"><span class=\"event-list-item-category seminars\">Seminars<\/span><\/div><span class=\"event-list-item-date\">09.07.2014 <bdi><\/bdi> 13:30<\/span><\/div><span class=\"event-plus seminars\"><\/span><\/div><div class=\"event-list-item-details\"><p class=\"event-list-item-speaker\">Andrew Rhodes (Toulouse School of Economics)<\/p><h3 class=\"event-list-item-title\">False Advertising and Consumer Protection Policy<\/h3><p class=\"event-list-item-location\">Campus de Gualtar | EEG - Room 0.04<\/p><\/div><\/a><\/div><\/div><\/div><div class=\"publication-block event-block\"><div class=\"event-list-item\"><div class=\"event-list-item-image\"><img loading=\"lazy\" decoding=\"async\" width=\"150\" height=\"150\" src=\"https:\/\/nipe.eeg.uminho.pt\/wp-content\/uploads\/2021\/11\/NIPE-logo_rper-150x150.png\" class=\"project-list-item-image wp-post-image\" alt=\"\" srcset=\"https:\/\/nipe.eeg.uminho.pt\/wp-content\/uploads\/2021\/11\/NIPE-logo_rper-150x150.png 150w, https:\/\/nipe.eeg.uminho.pt\/wp-content\/uploads\/2021\/11\/NIPE-logo_rper-300x300.png 300w, https:\/\/nipe.eeg.uminho.pt\/wp-content\/uploads\/2021\/11\/NIPE-logo_rper.png 400w\" sizes=\"auto, (max-width: 150px) 100vw, 150px\" \/><\/div><div class=\"event-list-item-content\"><a class=\"event-list-item-link\" href=\"https:\/\/nipe.eeg.uminho.pt\/en\/event\/betting-against-beta-or-demand-for-lottery\/\" title=\"Betting Against Beta or Demand for Lottery\"><div class=\"event-list-item-event\"><div class=\"event-list-item-agroup\"><div class=\"event-list-item-categories\"><span class=\"event-list-item-category seminars\">Seminars<\/span><\/div><span class=\"event-list-item-date\">02.07.2014 <bdi><\/bdi> 13:30<\/span><\/div><span class=\"event-plus seminars\"><\/span><\/div><div class=\"event-list-item-details\"><p class=\"event-list-item-speaker\">Stephen Brown (U. Nova Iorque) with Turan G. Bali, Scott Murray and Yi Tang<\/p><h3 class=\"event-list-item-title\">Betting Against Beta or Demand for Lottery<\/h3><p class=\"event-list-item-location\">Campus de Gualtar | EEG - Room 0.04<\/p><\/div><\/a><\/div><\/div><\/div><div class=\"publication-block event-block\"><div class=\"event-list-item\"><div class=\"event-list-item-image\"><img loading=\"lazy\" decoding=\"async\" width=\"150\" height=\"150\" src=\"https:\/\/nipe.eeg.uminho.pt\/wp-content\/uploads\/2021\/11\/NIPE-logo_rper-150x150.png\" class=\"project-list-item-image wp-post-image\" alt=\"\" srcset=\"https:\/\/nipe.eeg.uminho.pt\/wp-content\/uploads\/2021\/11\/NIPE-logo_rper-150x150.png 150w, https:\/\/nipe.eeg.uminho.pt\/wp-content\/uploads\/2021\/11\/NIPE-logo_rper-300x300.png 300w, https:\/\/nipe.eeg.uminho.pt\/wp-content\/uploads\/2021\/11\/NIPE-logo_rper.png 400w\" sizes=\"auto, (max-width: 150px) 100vw, 150px\" \/><\/div><div class=\"event-list-item-content\"><a class=\"event-list-item-link\" href=\"https:\/\/nipe.eeg.uminho.pt\/en\/event\/firm-downsizing-public-policy-and-the-age-structure-of-employment-adjustments\/\" title=\"Firm downsizing, public policy, and the age structure of employment adjustments\"><div class=\"event-list-item-event\"><div class=\"event-list-item-agroup\"><div class=\"event-list-item-categories\"><span class=\"event-list-item-category seminars\">Seminars<\/span><\/div><span class=\"event-list-item-date\">12.06.2014 <bdi><\/bdi> 13:30<\/span><\/div><span class=\"event-plus seminars\"><\/span><\/div><div class=\"event-list-item-details\"><p class=\"event-list-item-speaker\">Sebastian Buhai (U. Estocolmo) with Hans-Martin von Gaudecker<\/p><h3 class=\"event-list-item-title\">Firm downsizing, public policy, and the age structure of employment adjustments<\/h3><p class=\"event-list-item-location\">Campus de Gualtar | EEG - Room 0.04<\/p><\/div><\/a><\/div><\/div><\/div><div class=\"publication-block event-block\"><div class=\"event-list-item\"><div class=\"event-list-item-image\"><img loading=\"lazy\" decoding=\"async\" width=\"150\" height=\"150\" src=\"https:\/\/nipe.eeg.uminho.pt\/wp-content\/uploads\/2021\/11\/NIPE-logo_rper-150x150.png\" class=\"project-list-item-image wp-post-image\" alt=\"\" srcset=\"https:\/\/nipe.eeg.uminho.pt\/wp-content\/uploads\/2021\/11\/NIPE-logo_rper-150x150.png 150w, https:\/\/nipe.eeg.uminho.pt\/wp-content\/uploads\/2021\/11\/NIPE-logo_rper-300x300.png 300w, https:\/\/nipe.eeg.uminho.pt\/wp-content\/uploads\/2021\/11\/NIPE-logo_rper.png 400w\" sizes=\"auto, (max-width: 150px) 100vw, 150px\" \/><\/div><div class=\"event-list-item-content\"><a class=\"event-list-item-link\" href=\"https:\/\/nipe.eeg.uminho.pt\/en\/event\/entry-by-research-based-spin-offs-the-determinants-of-regional-variation\/\" title=\"Entry by research-based spin-offs: the determinants of regional variation\"><div class=\"event-list-item-event\"><div class=\"event-list-item-agroup\"><div class=\"event-list-item-categories\"><span class=\"event-list-item-category seminars\">Seminars<\/span><\/div><span class=\"event-list-item-date\">04.06.2014 <bdi><\/bdi> 13:30<\/span><\/div><span class=\"event-plus seminars\"><\/span><\/div><div class=\"event-list-item-details\"><p class=\"event-list-item-speaker\">Oscarina Concei\u00e7\u00e3o (DINAMIA-ISCTE, IPCA) with Ana Paula Faria<\/p><h3 class=\"event-list-item-title\">Entry by research-based spin-offs: the determinants of regional variation<\/h3><p class=\"event-list-item-location\">Campus de Gualtar | EEG - Room 0.04<\/p><\/div><\/a><\/div><\/div><\/div><div class=\"publication-block event-block\"><div class=\"event-list-item\"><div class=\"event-list-item-image\"><img loading=\"lazy\" decoding=\"async\" width=\"150\" height=\"150\" src=\"https:\/\/nipe.eeg.uminho.pt\/wp-content\/uploads\/2021\/11\/NIPE-logo_rper-150x150.png\" class=\"project-list-item-image wp-post-image\" alt=\"\" srcset=\"https:\/\/nipe.eeg.uminho.pt\/wp-content\/uploads\/2021\/11\/NIPE-logo_rper-150x150.png 150w, https:\/\/nipe.eeg.uminho.pt\/wp-content\/uploads\/2021\/11\/NIPE-logo_rper-300x300.png 300w, https:\/\/nipe.eeg.uminho.pt\/wp-content\/uploads\/2021\/11\/NIPE-logo_rper.png 400w\" sizes=\"auto, (max-width: 150px) 100vw, 150px\" \/><\/div><div class=\"event-list-item-content\"><a class=\"event-list-item-link\" href=\"https:\/\/nipe.eeg.uminho.pt\/en\/event\/institutions-and-export-dynamics\/\" title=\"Institutions and export dynamics\"><div class=\"event-list-item-event\"><div class=\"event-list-item-agroup\"><div class=\"event-list-item-categories\"><span class=\"event-list-item-category seminars\">Seminars<\/span><\/div><span class=\"event-list-item-date\">09.05.2014 <bdi><\/bdi> 13:30<\/span><\/div><span class=\"event-plus seminars\"><\/span><\/div><div class=\"event-list-item-details\"><p class=\"event-list-item-speaker\">Emanuel Ornelas (London School of Economics) with Luis Ara\u00fajo and Giordano Mion<\/p><h3 class=\"event-list-item-title\">Institutions and export dynamics<\/h3><p class=\"event-list-item-location\">Campus de Gualtar | EEG - Room 0.04<\/p><\/div><\/a><\/div><\/div><\/div><div class=\"publication-block event-block\"><div class=\"event-list-item\"><div class=\"event-list-item-image\"><img loading=\"lazy\" decoding=\"async\" width=\"150\" height=\"150\" src=\"https:\/\/nipe.eeg.uminho.pt\/wp-content\/uploads\/2021\/11\/NIPE-logo_rper-150x150.png\" class=\"project-list-item-image wp-post-image\" alt=\"\" srcset=\"https:\/\/nipe.eeg.uminho.pt\/wp-content\/uploads\/2021\/11\/NIPE-logo_rper-150x150.png 150w, https:\/\/nipe.eeg.uminho.pt\/wp-content\/uploads\/2021\/11\/NIPE-logo_rper-300x300.png 300w, https:\/\/nipe.eeg.uminho.pt\/wp-content\/uploads\/2021\/11\/NIPE-logo_rper.png 400w\" sizes=\"auto, (max-width: 150px) 100vw, 150px\" \/><\/div><div class=\"event-list-item-content\"><a class=\"event-list-item-link\" href=\"https:\/\/nipe.eeg.uminho.pt\/en\/event\/lying-friendship\/\" title=\"Lying &amp; Friendship\"><div class=\"event-list-item-event\"><div class=\"event-list-item-agroup\"><div class=\"event-list-item-categories\"><span class=\"event-list-item-category seminars\">Seminars<\/span><\/div><span class=\"event-list-item-date\">08.05.2014 <bdi><\/bdi> 13:30<\/span><\/div><span class=\"event-plus seminars\"><\/span><\/div><div class=\"event-list-item-details\"><p class=\"event-list-item-speaker\">Sandra Maximiano (U. Purdue)<\/p><h3 class=\"event-list-item-title\">Lying &amp; Friendship<\/h3><p class=\"event-list-item-location\">Campus de Gualtar | EEG - Room 0.04<\/p><\/div><\/a><\/div><\/div><\/div><div class=\"publication-block event-block\"><div class=\"event-list-item\"><div class=\"event-list-item-image\"><img loading=\"lazy\" decoding=\"async\" width=\"150\" height=\"150\" src=\"https:\/\/nipe.eeg.uminho.pt\/wp-content\/uploads\/2021\/11\/NIPE-logo_rper-150x150.png\" class=\"project-list-item-image wp-post-image\" alt=\"\" srcset=\"https:\/\/nipe.eeg.uminho.pt\/wp-content\/uploads\/2021\/11\/NIPE-logo_rper-150x150.png 150w, https:\/\/nipe.eeg.uminho.pt\/wp-content\/uploads\/2021\/11\/NIPE-logo_rper-300x300.png 300w, https:\/\/nipe.eeg.uminho.pt\/wp-content\/uploads\/2021\/11\/NIPE-logo_rper.png 400w\" sizes=\"auto, (max-width: 150px) 100vw, 150px\" \/><\/div><div class=\"event-list-item-content\"><a class=\"event-list-item-link\" href=\"https:\/\/nipe.eeg.uminho.pt\/en\/event\/an-equilibrium-model-of-the-african-hiv-aids-epidemic\/\" title=\"An equilibrium model of the African HIV\/AIDS epidemic\"><div class=\"event-list-item-event\"><div class=\"event-list-item-agroup\"><div class=\"event-list-item-categories\"><span class=\"event-list-item-category seminars\">Seminars<\/span><\/div><span class=\"event-list-item-date\">30.04.2014 <bdi><\/bdi> 13:30<\/span><\/div><span class=\"event-plus seminars\"><\/span><\/div><div class=\"event-list-item-details\"><p class=\"event-list-item-speaker\">C\u00e9zar Santos (U. Mannheim) with Jeremy Greenwood, Philipp Kircher and Mich\u00e8le Tertilt<\/p><h3 class=\"event-list-item-title\">An equilibrium model of the African HIV\/AIDS epidemic<\/h3><p class=\"event-list-item-location\">Campus de Gualtar | EEG - Room 0.04<\/p><\/div><\/a><\/div><\/div><\/div><div class=\"publication-block event-block\"><div class=\"event-list-item\"><div class=\"event-list-item-image\"><img loading=\"lazy\" decoding=\"async\" width=\"150\" height=\"150\" src=\"https:\/\/nipe.eeg.uminho.pt\/wp-content\/uploads\/2021\/11\/NIPE-logo_rper-150x150.png\" class=\"project-list-item-image wp-post-image\" alt=\"\" srcset=\"https:\/\/nipe.eeg.uminho.pt\/wp-content\/uploads\/2021\/11\/NIPE-logo_rper-150x150.png 150w, https:\/\/nipe.eeg.uminho.pt\/wp-content\/uploads\/2021\/11\/NIPE-logo_rper-300x300.png 300w, https:\/\/nipe.eeg.uminho.pt\/wp-content\/uploads\/2021\/11\/NIPE-logo_rper.png 400w\" sizes=\"auto, (max-width: 150px) 100vw, 150px\" \/><\/div><div class=\"event-list-item-content\"><a class=\"event-list-item-link\" href=\"https:\/\/nipe.eeg.uminho.pt\/en\/event\/fertility-effects-on-labor-supply-iv-evidence-from-ivf-treatments\/\" title=\"Fertility Effects on Labor Supply: IV Evidence from IVF Treatments\"><div class=\"event-list-item-event\"><div class=\"event-list-item-agroup\"><div class=\"event-list-item-categories\"><span class=\"event-list-item-category seminars\">Seminars<\/span><\/div><span class=\"event-list-item-date\">09.04.2014 <bdi><\/bdi> 13:30<\/span><\/div><span class=\"event-plus seminars\"><\/span><\/div><div class=\"event-list-item-details\"><p class=\"event-list-item-speaker\">Erik Plug (U. Amesterd\u00e3o) with Petter Lundborg and Astrid Wurz Rasmussen<\/p><h3 class=\"event-list-item-title\">Fertility Effects on Labor Supply: IV Evidence from IVF Treatments<\/h3><p class=\"event-list-item-location\">Campus de Gualtar | EEG - Room 0.04<\/p><\/div><\/a><\/div><\/div><\/div><div class=\"publication-block event-block\"><div class=\"event-list-item\"><div class=\"event-list-item-image\"><img loading=\"lazy\" decoding=\"async\" width=\"150\" height=\"150\" src=\"https:\/\/nipe.eeg.uminho.pt\/wp-content\/uploads\/2021\/11\/NIPE-logo_rper-150x150.png\" class=\"project-list-item-image wp-post-image\" alt=\"\" srcset=\"https:\/\/nipe.eeg.uminho.pt\/wp-content\/uploads\/2021\/11\/NIPE-logo_rper-150x150.png 150w, https:\/\/nipe.eeg.uminho.pt\/wp-content\/uploads\/2021\/11\/NIPE-logo_rper-300x300.png 300w, https:\/\/nipe.eeg.uminho.pt\/wp-content\/uploads\/2021\/11\/NIPE-logo_rper.png 400w\" sizes=\"auto, (max-width: 150px) 100vw, 150px\" \/><\/div><div class=\"event-list-item-content\"><a class=\"event-list-item-link\" href=\"https:\/\/nipe.eeg.uminho.pt\/en\/event\/is-family-contagious-transmission-of-weight-status-mis-perceptions\/\" title=\"Is Family Contagious? Transmission of Weight Status (Mis-)Perceptions\"><div class=\"event-list-item-event\"><div class=\"event-list-item-agroup\"><div class=\"event-list-item-categories\"><span class=\"event-list-item-category seminars\">Seminars<\/span><\/div><span class=\"event-list-item-date\">26.03.2014 <bdi><\/bdi> 13:30<\/span><\/div><span class=\"event-plus seminars\"><\/span><\/div><div class=\"event-list-item-details\"><p class=\"event-list-item-speaker\">Robert Nuscheler (U. Augsburgo, Alemanha) with Andreas Kucher and Kerstin Roeder<\/p><h3 class=\"event-list-item-title\">Is Family Contagious? Transmission of Weight Status (Mis-)Perceptions<\/h3><p class=\"event-list-item-location\">Campus de Gualtar | EEG - Room 0.04<\/p><\/div><\/a><\/div><\/div><\/div><div class=\"publication-block event-block\"><div class=\"event-list-item\"><div class=\"event-list-item-image\"><img loading=\"lazy\" decoding=\"async\" width=\"150\" height=\"150\" src=\"https:\/\/nipe.eeg.uminho.pt\/wp-content\/uploads\/2021\/11\/NIPE-logo_rper-150x150.png\" class=\"project-list-item-image wp-post-image\" alt=\"\" srcset=\"https:\/\/nipe.eeg.uminho.pt\/wp-content\/uploads\/2021\/11\/NIPE-logo_rper-150x150.png 150w, https:\/\/nipe.eeg.uminho.pt\/wp-content\/uploads\/2021\/11\/NIPE-logo_rper-300x300.png 300w, https:\/\/nipe.eeg.uminho.pt\/wp-content\/uploads\/2021\/11\/NIPE-logo_rper.png 400w\" sizes=\"auto, (max-width: 150px) 100vw, 150px\" \/><\/div><div class=\"event-list-item-content\"><a class=\"event-list-item-link\" href=\"https:\/\/nipe.eeg.uminho.pt\/en\/event\/dynamic-programming-for-a-markov-switching-jump-diffusion\/\" title=\"Dynamic programming for a Markov-switching jump-diffusion\"><div class=\"event-list-item-event\"><div class=\"event-list-item-agroup\"><div class=\"event-list-item-categories\"><span class=\"event-list-item-category seminars\">Seminars<\/span><\/div><span class=\"event-list-item-date\">19.02.2014 <bdi><\/bdi> 13:30<\/span><\/div><span class=\"event-plus seminars\"><\/span><\/div><div class=\"event-list-item-details\"><p class=\"event-list-item-speaker\">Nuno Azevedo (CEMAPRE\/ISEG-UL and UMinho) with D. Pinheiro and G.-W. Weber<\/p><h3 class=\"event-list-item-title\">Dynamic programming for a Markov-switching jump-diffusion<\/h3><p class=\"event-list-item-location\">Campus de Gualtar | EEG - Room 0.04<\/p><\/div><\/a><\/div><\/div><\/div><\/div><div id=\"events-seminars-2013\" role=\"tabpanel\" class=\"tabs-pane fade\"><div class=\"publication-block event-block\"><div class=\"event-list-item\"><div class=\"event-list-item-image\"><img loading=\"lazy\" decoding=\"async\" width=\"150\" height=\"150\" src=\"https:\/\/nipe.eeg.uminho.pt\/wp-content\/uploads\/2021\/11\/NIPE-logo_rper-150x150.png\" class=\"project-list-item-image wp-post-image\" alt=\"\" srcset=\"https:\/\/nipe.eeg.uminho.pt\/wp-content\/uploads\/2021\/11\/NIPE-logo_rper-150x150.png 150w, https:\/\/nipe.eeg.uminho.pt\/wp-content\/uploads\/2021\/11\/NIPE-logo_rper-300x300.png 300w, https:\/\/nipe.eeg.uminho.pt\/wp-content\/uploads\/2021\/11\/NIPE-logo_rper.png 400w\" sizes=\"auto, (max-width: 150px) 100vw, 150px\" \/><\/div><div class=\"event-list-item-content\"><a class=\"event-list-item-link\" href=\"https:\/\/nipe.eeg.uminho.pt\/en\/event\/female-labour-supply-human-capital-and-welfare-reform\/\" title=\"Female labour supply, human capital and welfare reform\"><div class=\"event-list-item-event\"><div class=\"event-list-item-agroup\"><div class=\"event-list-item-categories\"><span class=\"event-list-item-category seminars\">Seminars<\/span><\/div><span class=\"event-list-item-date\">08.11.2013 <bdi><\/bdi> 13:15<\/span><\/div><span class=\"event-plus seminars\"><\/span><\/div><div class=\"event-list-item-details\"><p class=\"event-list-item-speaker\">Richard Blundell (University College London)<\/p><h3 class=\"event-list-item-title\">Female labour supply, human capital and welfare reform<\/h3><p class=\"event-list-item-location\">Campus de Gualtar | EEG - Room 0.04<\/p><\/div><\/a><\/div><\/div><\/div><div class=\"publication-block event-block\"><div class=\"event-list-item\"><div class=\"event-list-item-image\"><img loading=\"lazy\" decoding=\"async\" width=\"150\" height=\"150\" src=\"https:\/\/nipe.eeg.uminho.pt\/wp-content\/uploads\/2021\/05\/priscila-ferreira-150x150.png\" class=\"project-list-item-image wp-post-image\" alt=\"\" \/><\/div><div class=\"event-list-item-content\"><a class=\"event-list-item-link\" href=\"https:\/\/nipe.eeg.uminho.pt\/en\/event\/firm-entry-deregulation-competition-and-returns-to-education-skill\/\" title=\"Firm entry deregulation, competition and returns to education skill\"><div class=\"event-list-item-event\"><div class=\"event-list-item-agroup\"><div class=\"event-list-item-categories\"><span class=\"event-list-item-category seminars\">Seminars<\/span><\/div><span class=\"event-list-item-date\">02.10.2013 <bdi><\/bdi> 13:15<\/span><\/div><span class=\"event-plus seminars\"><\/span><\/div><div class=\"event-list-item-details\"><p class=\"event-list-item-speaker\">Priscila Ferreira (UMINHO)<\/p><h3 class=\"event-list-item-title\">Firm entry deregulation, competition and returns to education skill<\/h3><p class=\"event-list-item-location\">Campus de Gualtar | EEG - Room 0.04<\/p><\/div><\/a><\/div><\/div><\/div><div class=\"publication-block event-block\"><div class=\"event-list-item\"><div class=\"event-list-item-image\"><img loading=\"lazy\" decoding=\"async\" width=\"150\" height=\"150\" src=\"https:\/\/nipe.eeg.uminho.pt\/wp-content\/uploads\/2021\/11\/NIPE-logo_rper-150x150.png\" class=\"project-list-item-image wp-post-image\" alt=\"\" srcset=\"https:\/\/nipe.eeg.uminho.pt\/wp-content\/uploads\/2021\/11\/NIPE-logo_rper-150x150.png 150w, https:\/\/nipe.eeg.uminho.pt\/wp-content\/uploads\/2021\/11\/NIPE-logo_rper-300x300.png 300w, https:\/\/nipe.eeg.uminho.pt\/wp-content\/uploads\/2021\/11\/NIPE-logo_rper.png 400w\" sizes=\"auto, (max-width: 150px) 100vw, 150px\" \/><\/div><div class=\"event-list-item-content\"><a class=\"event-list-item-link\" href=\"https:\/\/nipe.eeg.uminho.pt\/en\/event\/shadow-economy-tax-evasion-and-corruption-in-portugal-and-in-other-oecd-countries-what-can-be-done\/\" title=\"Shadow economy, Tax Evasion and Corruption in Portugal and in other OECD countries: What can be done?\"><div class=\"event-list-item-event\"><div class=\"event-list-item-agroup\"><div class=\"event-list-item-categories\"><span class=\"event-list-item-category seminars\">Seminars<\/span><\/div><span class=\"event-list-item-date\">18.09.2013 <bdi><\/bdi> 13:15<\/span><\/div><span class=\"event-plus seminars\"><\/span><\/div><div class=\"event-list-item-details\"><p class=\"event-list-item-speaker\">Friedrich Schneider (Johannes Kepler University of Linz, \u00c1ustria)<\/p><h3 class=\"event-list-item-title\">Shadow economy, Tax Evasion and Corruption in Portugal and in other OECD countries: What can be done?<\/h3><p class=\"event-list-item-location\">Campus de Gualtar | EEG - Room 0.04<\/p><\/div><\/a><\/div><\/div><\/div><div class=\"publication-block event-block\"><div class=\"event-list-item\"><div class=\"event-list-item-image\"><img loading=\"lazy\" decoding=\"async\" width=\"150\" height=\"150\" src=\"https:\/\/nipe.eeg.uminho.pt\/wp-content\/uploads\/2021\/11\/NIPE-logo_rper-150x150.png\" class=\"project-list-item-image wp-post-image\" alt=\"\" srcset=\"https:\/\/nipe.eeg.uminho.pt\/wp-content\/uploads\/2021\/11\/NIPE-logo_rper-150x150.png 150w, https:\/\/nipe.eeg.uminho.pt\/wp-content\/uploads\/2021\/11\/NIPE-logo_rper-300x300.png 300w, https:\/\/nipe.eeg.uminho.pt\/wp-content\/uploads\/2021\/11\/NIPE-logo_rper.png 400w\" sizes=\"auto, (max-width: 150px) 100vw, 150px\" \/><\/div><div class=\"event-list-item-content\"><a class=\"event-list-item-link\" href=\"https:\/\/nipe.eeg.uminho.pt\/en\/event\/re-examining-the-effects-of-switching-costs\/\" title=\"Re-examining the Effects of Switching Costs\"><div class=\"event-list-item-event\"><div class=\"event-list-item-agroup\"><div class=\"event-list-item-categories\"><span class=\"event-list-item-category seminars\">Seminars<\/span><\/div><span class=\"event-list-item-date\">03.07.2013 <bdi><\/bdi> 13:15<\/span><\/div><span class=\"event-plus seminars\"><\/span><\/div><div class=\"event-list-item-details\"><p class=\"event-list-item-speaker\">Andrew Rodhes (Oxford U.)<\/p><h3 class=\"event-list-item-title\">Re-examining the Effects of Switching Costs<\/h3><p class=\"event-list-item-location\">Campus de Gualtar | EEG - Room 0.04<\/p><\/div><\/a><\/div><\/div><\/div><div class=\"publication-block event-block\"><div class=\"event-list-item\"><div class=\"event-list-item-image\"><img loading=\"lazy\" decoding=\"async\" width=\"150\" height=\"150\" src=\"https:\/\/nipe.eeg.uminho.pt\/wp-content\/uploads\/2021\/11\/NIPE-logo_rper-150x150.png\" class=\"project-list-item-image wp-post-image\" alt=\"\" srcset=\"https:\/\/nipe.eeg.uminho.pt\/wp-content\/uploads\/2021\/11\/NIPE-logo_rper-150x150.png 150w, https:\/\/nipe.eeg.uminho.pt\/wp-content\/uploads\/2021\/11\/NIPE-logo_rper-300x300.png 300w, https:\/\/nipe.eeg.uminho.pt\/wp-content\/uploads\/2021\/11\/NIPE-logo_rper.png 400w\" sizes=\"auto, (max-width: 150px) 100vw, 150px\" \/><\/div><div class=\"event-list-item-content\"><a class=\"event-list-item-link\" href=\"https:\/\/nipe.eeg.uminho.pt\/en\/event\/ceo-dividend-protection\/\" title=\"CEO Dividend Protection\"><div class=\"event-list-item-event\"><div class=\"event-list-item-agroup\"><div class=\"event-list-item-categories\"><span class=\"event-list-item-category seminars\">Seminars<\/span><\/div><span class=\"event-list-item-date\">05.06.2013 <bdi><\/bdi> 14:15<\/span><\/div><span class=\"event-plus seminars\"><\/span><\/div><div class=\"event-list-item-details\"><p class=\"event-list-item-speaker\">Dan Zhang (BI Norwegian Business School)<\/p><h3 class=\"event-list-item-title\">CEO Dividend Protection<\/h3><p class=\"event-list-item-location\">Campus de Gualtar | EEG - Room 0.04<\/p><\/div><\/a><\/div><\/div><\/div><div class=\"publication-block event-block\"><div class=\"event-list-item\"><div class=\"event-list-item-image\"><img loading=\"lazy\" decoding=\"async\" width=\"150\" height=\"150\" src=\"https:\/\/nipe.eeg.uminho.pt\/wp-content\/uploads\/2021\/11\/NIPE-logo_rper-150x150.png\" class=\"project-list-item-image wp-post-image\" alt=\"\" srcset=\"https:\/\/nipe.eeg.uminho.pt\/wp-content\/uploads\/2021\/11\/NIPE-logo_rper-150x150.png 150w, https:\/\/nipe.eeg.uminho.pt\/wp-content\/uploads\/2021\/11\/NIPE-logo_rper-300x300.png 300w, https:\/\/nipe.eeg.uminho.pt\/wp-content\/uploads\/2021\/11\/NIPE-logo_rper.png 400w\" sizes=\"auto, (max-width: 150px) 100vw, 150px\" \/><\/div><div class=\"event-list-item-content\"><a class=\"event-list-item-link\" href=\"https:\/\/nipe.eeg.uminho.pt\/en\/event\/information-and-the-disposition-of-medical-malpractice-claims-a-competing-risks-analysis-com-neil-rickman\/\" title=\"Information and the disposition of medical malpractice claims: A competing risks analysis (com Neil Rickman)\"><div class=\"event-list-item-event\"><div class=\"event-list-item-agroup\"><div class=\"event-list-item-categories\"><span class=\"event-list-item-category seminars\">Seminars<\/span><\/div><span class=\"event-list-item-date\">22.05.2013 <bdi><\/bdi> 13:15<\/span><\/div><span class=\"event-plus seminars\"><\/span><\/div><div class=\"event-list-item-details\"><p class=\"event-list-item-speaker\">Paul Fenn (U. Nottingham)<\/p><h3 class=\"event-list-item-title\">Information and the disposition of medical malpractice claims: A competing risks analysis (com Neil Rickman)<\/h3><p class=\"event-list-item-location\">Campus de Gualtar | EEG - Room 0.04<\/p><\/div><\/a><\/div><\/div><\/div><div class=\"publication-block event-block\"><div class=\"event-list-item\"><div class=\"event-list-item-image\"><img loading=\"lazy\" decoding=\"async\" width=\"150\" height=\"150\" src=\"https:\/\/nipe.eeg.uminho.pt\/wp-content\/uploads\/2021\/11\/NIPE-logo_rper-150x150.png\" class=\"project-list-item-image wp-post-image\" alt=\"\" srcset=\"https:\/\/nipe.eeg.uminho.pt\/wp-content\/uploads\/2021\/11\/NIPE-logo_rper-150x150.png 150w, https:\/\/nipe.eeg.uminho.pt\/wp-content\/uploads\/2021\/11\/NIPE-logo_rper-300x300.png 300w, https:\/\/nipe.eeg.uminho.pt\/wp-content\/uploads\/2021\/11\/NIPE-logo_rper.png 400w\" sizes=\"auto, (max-width: 150px) 100vw, 150px\" \/><\/div><div class=\"event-list-item-content\"><a class=\"event-list-item-link\" href=\"https:\/\/nipe.eeg.uminho.pt\/en\/event\/technology-entry-in-the-presence-of-patent-thickets-com-christian-helmers-georg-von-graevenitz-chiara-rosazza-bondibene\/\" title=\"Technology Entry in the Presence of Patent Thickets (with Christian Helmers, Georg von Graevenitz, Chiara Rosazza Bondibene)\"><div class=\"event-list-item-event\"><div class=\"event-list-item-agroup\"><div class=\"event-list-item-categories\"><span class=\"event-list-item-category seminars\">Seminars<\/span><\/div><span class=\"event-list-item-date\">08.05.2013 <bdi><\/bdi> 13:15<\/span><\/div><span class=\"event-plus seminars\"><\/span><\/div><div class=\"event-list-item-details\"><p class=\"event-list-item-speaker\">Bronwyn Hall (U. California, Berkeley)<\/p><h3 class=\"event-list-item-title\">Technology Entry in the Presence of Patent Thickets (with Christian Helmers, Georg von Graevenitz, Chiara Rosazza Bondibene)<\/h3><p class=\"event-list-item-location\">Campus de Gualtar | EEG - Room 0.04<\/p><\/div><\/a><\/div><\/div><\/div><div class=\"publication-block event-block\"><div class=\"event-list-item\"><div class=\"event-list-item-image\"><img loading=\"lazy\" decoding=\"async\" width=\"150\" height=\"150\" src=\"https:\/\/nipe.eeg.uminho.pt\/wp-content\/uploads\/2021\/11\/NIPE-logo_rper-150x150.png\" class=\"project-list-item-image wp-post-image\" alt=\"\" srcset=\"https:\/\/nipe.eeg.uminho.pt\/wp-content\/uploads\/2021\/11\/NIPE-logo_rper-150x150.png 150w, https:\/\/nipe.eeg.uminho.pt\/wp-content\/uploads\/2021\/11\/NIPE-logo_rper-300x300.png 300w, https:\/\/nipe.eeg.uminho.pt\/wp-content\/uploads\/2021\/11\/NIPE-logo_rper.png 400w\" sizes=\"auto, (max-width: 150px) 100vw, 150px\" \/><\/div><div class=\"event-list-item-content\"><a class=\"event-list-item-link\" href=\"https:\/\/nipe.eeg.uminho.pt\/en\/event\/investment-decisions-in-finite-lived-monopolies-com-paulo-pereira\/\" title=\"Investment decisions in finite-lived monopolies (with Paulo Pereira)\"><div class=\"event-list-item-event\"><div class=\"event-list-item-agroup\"><div class=\"event-list-item-categories\"><span class=\"event-list-item-category seminars\">Seminars<\/span><\/div><span class=\"event-list-item-date\">24.04.2013 <bdi><\/bdi> 13:15<\/span><\/div><span class=\"event-plus seminars\"><\/span><\/div><div class=\"event-list-item-details\"><p class=\"event-list-item-speaker\">Artur Rodrigues (UMinho)<\/p><h3 class=\"event-list-item-title\">Investment decisions in finite-lived monopolies (with Paulo Pereira)<\/h3><p class=\"event-list-item-location\">Campus de Gualtar | EEG - Room 0.04<\/p><\/div><\/a><\/div><\/div><\/div><div class=\"publication-block event-block\"><div class=\"event-list-item\"><div class=\"event-list-item-image\"><img loading=\"lazy\" decoding=\"async\" width=\"150\" height=\"150\" src=\"https:\/\/nipe.eeg.uminho.pt\/wp-content\/uploads\/2021\/11\/NIPE-logo_rper-150x150.png\" class=\"project-list-item-image wp-post-image\" alt=\"\" srcset=\"https:\/\/nipe.eeg.uminho.pt\/wp-content\/uploads\/2021\/11\/NIPE-logo_rper-150x150.png 150w, https:\/\/nipe.eeg.uminho.pt\/wp-content\/uploads\/2021\/11\/NIPE-logo_rper-300x300.png 300w, https:\/\/nipe.eeg.uminho.pt\/wp-content\/uploads\/2021\/11\/NIPE-logo_rper.png 400w\" sizes=\"auto, (max-width: 150px) 100vw, 150px\" \/><\/div><div class=\"event-list-item-content\"><a class=\"event-list-item-link\" href=\"https:\/\/nipe.eeg.uminho.pt\/en\/event\/credit-constraints-and-growth-in-a-global-economy-com-stephane-guibaud-e-keyu-jin\/\" title=\"Credit Constraints and Growth in a Global Economy (with St\u00e9phane Guibaud and Keyu Jin)\"><div class=\"event-list-item-event\"><div class=\"event-list-item-agroup\"><div class=\"event-list-item-categories\"><span class=\"event-list-item-category seminars\">Seminars<\/span><\/div><span class=\"event-list-item-date\">06.03.2013 <bdi><\/bdi> 13:15<\/span><\/div><span class=\"event-plus seminars\"><\/span><\/div><div class=\"event-list-item-details\"><p class=\"event-list-item-speaker\">Nicolas Coeurdacier (Sciences Po)<\/p><h3 class=\"event-list-item-title\">Credit Constraints and Growth in a Global Economy (with St\u00e9phane Guibaud and Keyu Jin)<\/h3><p class=\"event-list-item-location\">Campus de Gualtar | EEG - Room 0.04<\/p><\/div><\/a><\/div><\/div><\/div><div class=\"publication-block event-block\"><div class=\"event-list-item\"><div class=\"event-list-item-image\"><img loading=\"lazy\" decoding=\"async\" width=\"150\" height=\"150\" src=\"https:\/\/nipe.eeg.uminho.pt\/wp-content\/uploads\/2021\/11\/NIPE-logo_rper-150x150.png\" class=\"project-list-item-image wp-post-image\" alt=\"\" srcset=\"https:\/\/nipe.eeg.uminho.pt\/wp-content\/uploads\/2021\/11\/NIPE-logo_rper-150x150.png 150w, https:\/\/nipe.eeg.uminho.pt\/wp-content\/uploads\/2021\/11\/NIPE-logo_rper-300x300.png 300w, https:\/\/nipe.eeg.uminho.pt\/wp-content\/uploads\/2021\/11\/NIPE-logo_rper.png 400w\" sizes=\"auto, (max-width: 150px) 100vw, 150px\" \/><\/div><div class=\"event-list-item-content\"><a class=\"event-list-item-link\" href=\"https:\/\/nipe.eeg.uminho.pt\/en\/event\/econometric-analysis-of-simultaneous-duration-models-com-bo-honore\/\" title=\"Econometric Analysis of Simultaneous Duration Models (with Bo Honor\u00e9)\"><div class=\"event-list-item-event\"><div class=\"event-list-item-agroup\"><div class=\"event-list-item-categories\"><span class=\"event-list-item-category seminars\">Seminars<\/span><\/div><span class=\"event-list-item-date\">27.02.2013 <bdi><\/bdi> 13:15<\/span><\/div><span class=\"event-plus seminars\"><\/span><\/div><div class=\"event-list-item-details\"><p class=\"event-list-item-speaker\">\u00c1ureo de Paula (U. College London)<\/p><h3 class=\"event-list-item-title\">Econometric Analysis of Simultaneous Duration Models (with Bo Honor\u00e9)<\/h3><p class=\"event-list-item-location\">Campus de Gualtar | EEG - Room 0.04<\/p><\/div><\/a><\/div><\/div><\/div><div class=\"publication-block event-block\"><div class=\"event-list-item\"><div class=\"event-list-item-image\"><img loading=\"lazy\" decoding=\"async\" width=\"150\" height=\"150\" src=\"https:\/\/nipe.eeg.uminho.pt\/wp-content\/uploads\/2021\/11\/NIPE-logo_rper-150x150.png\" class=\"project-list-item-image wp-post-image\" alt=\"\" srcset=\"https:\/\/nipe.eeg.uminho.pt\/wp-content\/uploads\/2021\/11\/NIPE-logo_rper-150x150.png 150w, https:\/\/nipe.eeg.uminho.pt\/wp-content\/uploads\/2021\/11\/NIPE-logo_rper-300x300.png 300w, https:\/\/nipe.eeg.uminho.pt\/wp-content\/uploads\/2021\/11\/NIPE-logo_rper.png 400w\" sizes=\"auto, (max-width: 150px) 100vw, 150px\" \/><\/div><div class=\"event-list-item-content\"><a class=\"event-list-item-link\" href=\"https:\/\/nipe.eeg.uminho.pt\/en\/event\/technological-change-and-the-composition-of-taxes-and-public-expenditures-com-davide-debortoli\/\" title=\"Technological change and the composition of taxes and public expenditures (with Davide Debortoli)\"><div class=\"event-list-item-event\"><div class=\"event-list-item-agroup\"><div class=\"event-list-item-categories\"><span class=\"event-list-item-category seminars\">Seminars<\/span><\/div><span class=\"event-list-item-date\">20.02.2013 <bdi><\/bdi> 13:15<\/span><\/div><span class=\"event-plus seminars\"><\/span><\/div><div class=\"event-list-item-details\"><p class=\"event-list-item-speaker\">Pedro Gomes (U. Carlos III de Madrid)<\/p><h3 class=\"event-list-item-title\">Technological change and the composition of taxes and public expenditures (with Davide Debortoli)<\/h3><p class=\"event-list-item-location\">Campus de Gualtar | EEG - Room 0.04<\/p><\/div><\/a><\/div><\/div><\/div><div class=\"publication-block event-block\"><div class=\"event-list-item\"><div class=\"event-list-item-image\"><img loading=\"lazy\" decoding=\"async\" width=\"150\" height=\"150\" src=\"https:\/\/nipe.eeg.uminho.pt\/wp-content\/uploads\/2021\/11\/NIPE-logo_rper-150x150.png\" class=\"project-list-item-image wp-post-image\" alt=\"\" srcset=\"https:\/\/nipe.eeg.uminho.pt\/wp-content\/uploads\/2021\/11\/NIPE-logo_rper-150x150.png 150w, https:\/\/nipe.eeg.uminho.pt\/wp-content\/uploads\/2021\/11\/NIPE-logo_rper-300x300.png 300w, https:\/\/nipe.eeg.uminho.pt\/wp-content\/uploads\/2021\/11\/NIPE-logo_rper.png 400w\" sizes=\"auto, (max-width: 150px) 100vw, 150px\" \/><\/div><div class=\"event-list-item-content\"><a class=\"event-list-item-link\" href=\"https:\/\/nipe.eeg.uminho.pt\/en\/event\/quorum-rules-and-voting-outcomes-evidence-from-a-lab-experiment-com-pedro-c-magalhaes-e-christoph-a-vanberg\/\" title=\"Quorum rules and voting outcomes: evidence from a lab experiment (com Pedro C. Magalh\u00e3es e Christoph A. Vanberg)\"><div class=\"event-list-item-event\"><div class=\"event-list-item-agroup\"><div class=\"event-list-item-categories\"><span class=\"event-list-item-category seminars\">Seminars<\/span><\/div><span class=\"event-list-item-date\">13.02.2013 <bdi><\/bdi> 13:15<\/span><\/div><span class=\"event-plus seminars\"><\/span><\/div><div class=\"event-list-item-details\"><p class=\"event-list-item-speaker\">Lu\u00eds Aguiar-Conraria (NIPE and EEG-UMinho)<\/p><h3 class=\"event-list-item-title\">Quorum rules and voting outcomes: evidence from a lab experiment (com Pedro C. Magalh\u00e3es e Christoph A. Vanberg)<\/h3><p class=\"event-list-item-location\">Campus de Gualtar | EEG - Room 0.04<\/p><\/div><\/a><\/div><\/div><\/div><div class=\"publication-block event-block\"><div class=\"event-list-item\"><div class=\"event-list-item-image\"><img loading=\"lazy\" decoding=\"async\" width=\"150\" height=\"150\" src=\"https:\/\/nipe.eeg.uminho.pt\/wp-content\/uploads\/2021\/11\/NIPE-logo_rper-150x150.png\" class=\"project-list-item-image wp-post-image\" alt=\"\" srcset=\"https:\/\/nipe.eeg.uminho.pt\/wp-content\/uploads\/2021\/11\/NIPE-logo_rper-150x150.png 150w, https:\/\/nipe.eeg.uminho.pt\/wp-content\/uploads\/2021\/11\/NIPE-logo_rper-300x300.png 300w, https:\/\/nipe.eeg.uminho.pt\/wp-content\/uploads\/2021\/11\/NIPE-logo_rper.png 400w\" sizes=\"auto, (max-width: 150px) 100vw, 150px\" \/><\/div><div class=\"event-list-item-content\"><a class=\"event-list-item-link\" href=\"https:\/\/nipe.eeg.uminho.pt\/en\/event\/sovereign-credit-ratings-market-volatility-and-financial-gains-com-pedro-gomes-e-abderrahim\/\" title=\"Sovereign credit ratings, market volatility, and financial gains (with Pedro Gomes and Abderrahim)\"><div class=\"event-list-item-event\"><div class=\"event-list-item-agroup\"><div class=\"event-list-item-categories\"><span class=\"event-list-item-category seminars\">Seminars<\/span><\/div><span class=\"event-list-item-date\">23.01.2013 <bdi><\/bdi> 13:15<\/span><\/div><span class=\"event-plus seminars\"><\/span><\/div><div class=\"event-list-item-details\"><p class=\"event-list-item-speaker\">Ant\u00f3nio Afonso (ISEG - U. T\u00e9cnica de Lisboa e Banco Central Europeu)<\/p><h3 class=\"event-list-item-title\">Sovereign credit ratings, market volatility, and financial gains (with Pedro Gomes and Abderrahim)<\/h3><p class=\"event-list-item-location\">Campus de Gualtar | EEG - Room 0.04<\/p><\/div><\/a><\/div><\/div><\/div><div class=\"publication-block event-block\"><div class=\"event-list-item\"><div class=\"event-list-item-image\"><img loading=\"lazy\" decoding=\"async\" width=\"150\" height=\"150\" src=\"https:\/\/nipe.eeg.uminho.pt\/wp-content\/uploads\/2021\/11\/NIPE-logo_rper-150x150.png\" class=\"project-list-item-image wp-post-image\" alt=\"\" srcset=\"https:\/\/nipe.eeg.uminho.pt\/wp-content\/uploads\/2021\/11\/NIPE-logo_rper-150x150.png 150w, https:\/\/nipe.eeg.uminho.pt\/wp-content\/uploads\/2021\/11\/NIPE-logo_rper-300x300.png 300w, https:\/\/nipe.eeg.uminho.pt\/wp-content\/uploads\/2021\/11\/NIPE-logo_rper.png 400w\" sizes=\"auto, (max-width: 150px) 100vw, 150px\" \/><\/div><div class=\"event-list-item-content\"><a class=\"event-list-item-link\" href=\"https:\/\/nipe.eeg.uminho.pt\/en\/event\/debt-financing-with-bernardino-adao\/\" title=\"Debt Financing (with Bernardino Ad\u00e3o)\"><div class=\"event-list-item-event\"><div class=\"event-list-item-agroup\"><div class=\"event-list-item-categories\"><span class=\"event-list-item-category seminars\">Seminars<\/span><\/div><span class=\"event-list-item-date\">09.01.2013 <bdi><\/bdi> 13:30<\/span><\/div><span class=\"event-plus seminars\"><\/span><\/div><div class=\"event-list-item-details\"><p class=\"event-list-item-speaker\">Andr\u00e9 Silva (U. NOVA DE LISBOA)<\/p><h3 class=\"event-list-item-title\">Debt Financing (with Bernardino Ad\u00e3o)<\/h3><p class=\"event-list-item-location\">Campus de Gualtar | EEG - Room 0.04<\/p><\/div><\/a><\/div><\/div><\/div><\/div><div id=\"events-seminars-2012\" role=\"tabpanel\" class=\"tabs-pane fade\"><div class=\"publication-block event-block\"><div class=\"event-list-item\"><div class=\"event-list-item-image\"><img loading=\"lazy\" decoding=\"async\" width=\"150\" height=\"150\" src=\"https:\/\/nipe.eeg.uminho.pt\/wp-content\/uploads\/2021\/11\/NIPE-logo_rper-150x150.png\" class=\"project-list-item-image wp-post-image\" alt=\"\" srcset=\"https:\/\/nipe.eeg.uminho.pt\/wp-content\/uploads\/2021\/11\/NIPE-logo_rper-150x150.png 150w, https:\/\/nipe.eeg.uminho.pt\/wp-content\/uploads\/2021\/11\/NIPE-logo_rper-300x300.png 300w, https:\/\/nipe.eeg.uminho.pt\/wp-content\/uploads\/2021\/11\/NIPE-logo_rper.png 400w\" sizes=\"auto, (max-width: 150px) 100vw, 150px\" \/><\/div><div class=\"event-list-item-content\"><a class=\"event-list-item-link\" href=\"https:\/\/nipe.eeg.uminho.pt\/en\/event\/conditional-election-and-partisan-cycles-in-government-support-to-the-agricultural-sector-an-empirical-analysis\/\" title=\"Conditional election and partisan cycles in government support to the agricultural sector: An empirical analysis\"><div class=\"event-list-item-event\"><div class=\"event-list-item-agroup\"><div class=\"event-list-item-categories\"><span class=\"event-list-item-category seminars\">Seminars<\/span><\/div><span class=\"event-list-item-date\">12.12.2012 <bdi><\/bdi> 13:15<\/span><\/div><span class=\"event-plus seminars\"><\/span><\/div><div class=\"event-list-item-details\"><p class=\"event-list-item-speaker\">Jakob de Haan (Banco da Holanda e U. Groningen)<\/p><h3 class=\"event-list-item-title\">Conditional election and partisan cycles in government support to the agricultural sector: An empirical analysis<\/h3><p class=\"event-list-item-location\">Campus de Gualtar | EEG - Room 0.04<\/p><\/div><\/a><\/div><\/div><\/div><div class=\"publication-block event-block\"><div class=\"event-list-item\"><div class=\"event-list-item-image\"><img loading=\"lazy\" decoding=\"async\" width=\"150\" height=\"150\" src=\"https:\/\/nipe.eeg.uminho.pt\/wp-content\/uploads\/2021\/11\/NIPE-logo_rper-150x150.png\" class=\"project-list-item-image wp-post-image\" alt=\"\" srcset=\"https:\/\/nipe.eeg.uminho.pt\/wp-content\/uploads\/2021\/11\/NIPE-logo_rper-150x150.png 150w, https:\/\/nipe.eeg.uminho.pt\/wp-content\/uploads\/2021\/11\/NIPE-logo_rper-300x300.png 300w, https:\/\/nipe.eeg.uminho.pt\/wp-content\/uploads\/2021\/11\/NIPE-logo_rper.png 400w\" sizes=\"auto, (max-width: 150px) 100vw, 150px\" \/><\/div><div class=\"event-list-item-content\"><a class=\"event-list-item-link\" href=\"https:\/\/nipe.eeg.uminho.pt\/en\/event\/bubbly-collateral-and-economic-activity-com-jaume-ventura\/\" title=\"Bubbly collateral and economic activity (with Jaume Ventura)\"><div class=\"event-list-item-event\"><div class=\"event-list-item-agroup\"><div class=\"event-list-item-categories\"><span class=\"event-list-item-category seminars\">Seminars<\/span><\/div><span class=\"event-list-item-date\">05.12.2012 <bdi><\/bdi> 13:15<\/span><\/div><span class=\"event-plus seminars\"><\/span><\/div><div class=\"event-list-item-details\"><p class=\"event-list-item-speaker\">Alberto Martin (CREI e U. Pompeu Fabra)<\/p><h3 class=\"event-list-item-title\">Bubbly collateral and economic activity (with Jaume Ventura)<\/h3><p class=\"event-list-item-location\">Campus de Gualtar | EEG - Room 0.04<\/p><\/div><\/a><\/div><\/div><\/div><div class=\"publication-block event-block\"><div class=\"event-list-item\"><div class=\"event-list-item-image\"><img loading=\"lazy\" decoding=\"async\" width=\"150\" height=\"150\" src=\"https:\/\/nipe.eeg.uminho.pt\/wp-content\/uploads\/2021\/11\/NIPE-logo_rper-150x150.png\" class=\"project-list-item-image wp-post-image\" alt=\"\" srcset=\"https:\/\/nipe.eeg.uminho.pt\/wp-content\/uploads\/2021\/11\/NIPE-logo_rper-150x150.png 150w, https:\/\/nipe.eeg.uminho.pt\/wp-content\/uploads\/2021\/11\/NIPE-logo_rper-300x300.png 300w, https:\/\/nipe.eeg.uminho.pt\/wp-content\/uploads\/2021\/11\/NIPE-logo_rper.png 400w\" sizes=\"auto, (max-width: 150px) 100vw, 150px\" \/><\/div><div class=\"event-list-item-content\"><a class=\"event-list-item-link\" href=\"https:\/\/nipe.eeg.uminho.pt\/en\/event\/the-tenuous-relationship-between-effort-and-performance-pay-com-trond-olsen\/\" title=\"The tenuous relationship between effort and performance pay (with Trond Olsen)\"><div class=\"event-list-item-event\"><div class=\"event-list-item-agroup\"><div class=\"event-list-item-categories\"><span class=\"event-list-item-category seminars\">Seminars<\/span><\/div><span class=\"event-list-item-date\">28.11.2012 <bdi><\/bdi> 13:15<\/span><\/div><span class=\"event-plus seminars\"><\/span><\/div><div class=\"event-list-item-details\"><p class=\"event-list-item-speaker\">Ola Kval\u00f8y (U. Stavanger)<\/p><h3 class=\"event-list-item-title\">The tenuous relationship between effort and performance pay (with Trond Olsen)<\/h3><p class=\"event-list-item-location\">Campus de Gualtar | EEG - Room 0.04<\/p><\/div><\/a><\/div><\/div><\/div><div class=\"publication-block event-block\"><div class=\"event-list-item\"><div class=\"event-list-item-image\"><img loading=\"lazy\" decoding=\"async\" width=\"150\" height=\"150\" src=\"https:\/\/nipe.eeg.uminho.pt\/wp-content\/uploads\/2021\/11\/NIPE-logo_rper-150x150.png\" class=\"project-list-item-image wp-post-image\" alt=\"\" srcset=\"https:\/\/nipe.eeg.uminho.pt\/wp-content\/uploads\/2021\/11\/NIPE-logo_rper-150x150.png 150w, https:\/\/nipe.eeg.uminho.pt\/wp-content\/uploads\/2021\/11\/NIPE-logo_rper-300x300.png 300w, https:\/\/nipe.eeg.uminho.pt\/wp-content\/uploads\/2021\/11\/NIPE-logo_rper.png 400w\" sizes=\"auto, (max-width: 150px) 100vw, 150px\" \/><\/div><div class=\"event-list-item-content\"><a class=\"event-list-item-link\" href=\"https:\/\/nipe.eeg.uminho.pt\/en\/event\/apresentacao-da-base-de-dados-amadeus\/\" title=\"Apresenta\u00e7\u00e3o da Base de Dados Amadeus\"><div class=\"event-list-item-event\"><div class=\"event-list-item-agroup\"><div class=\"event-list-item-categories\"><span class=\"event-list-item-category seminars\">Seminars<\/span><\/div><span class=\"event-list-item-date\">16.11.2012 <bdi><\/bdi> 13:15<\/span><\/div><span class=\"event-plus seminars\"><\/span><\/div><div class=\"event-list-item-details\"><p class=\"event-list-item-speaker\">Miguel Portela (UMinho, NIPE e IZA Bonn)<\/p><h3 class=\"event-list-item-title\">Apresenta\u00e7\u00e3o da Base de Dados Amadeus<\/h3><p class=\"event-list-item-location\">Campus de Gualtar | EEG - Room 0.04<\/p><\/div><\/a><\/div><\/div><\/div><div class=\"publication-block event-block\"><div class=\"event-list-item\"><div class=\"event-list-item-image\"><img loading=\"lazy\" decoding=\"async\" width=\"150\" height=\"150\" src=\"https:\/\/nipe.eeg.uminho.pt\/wp-content\/uploads\/2021\/11\/NIPE-logo_rper-150x150.png\" class=\"project-list-item-image wp-post-image\" alt=\"\" srcset=\"https:\/\/nipe.eeg.uminho.pt\/wp-content\/uploads\/2021\/11\/NIPE-logo_rper-150x150.png 150w, https:\/\/nipe.eeg.uminho.pt\/wp-content\/uploads\/2021\/11\/NIPE-logo_rper-300x300.png 300w, https:\/\/nipe.eeg.uminho.pt\/wp-content\/uploads\/2021\/11\/NIPE-logo_rper.png 400w\" sizes=\"auto, (max-width: 150px) 100vw, 150px\" \/><\/div><div class=\"event-list-item-content\"><a class=\"event-list-item-link\" href=\"https:\/\/nipe.eeg.uminho.pt\/en\/event\/short-and-long-interest-rate-targets-com-bernardino-adao-e-isabel-correia\/\" title=\"Short and long interest rate targets (with Bernardino Ad\u00e3o and Isabel Correia)\"><div class=\"event-list-item-event\"><div class=\"event-list-item-agroup\"><div class=\"event-list-item-categories\"><span class=\"event-list-item-category seminars\">Seminars<\/span><\/div><span class=\"event-list-item-date\">31.10.2012 <bdi><\/bdi> 13:15<\/span><\/div><span class=\"event-plus seminars\"><\/span><\/div><div class=\"event-list-item-details\"><p class=\"event-list-item-speaker\">Pedro Teles (Banco de Portugal e U. Cat\u00f3lica Portuguesa)<\/p><h3 class=\"event-list-item-title\">Short and long interest rate targets (with Bernardino Ad\u00e3o and Isabel Correia)<\/h3><p class=\"event-list-item-location\">Campus de Gualtar | EEG - Room 0.04<\/p><\/div><\/a><\/div><\/div><\/div><div class=\"publication-block event-block\"><div class=\"event-list-item\"><div class=\"event-list-item-image\"><img loading=\"lazy\" decoding=\"async\" width=\"150\" height=\"150\" src=\"https:\/\/nipe.eeg.uminho.pt\/wp-content\/uploads\/2021\/11\/NIPE-logo_rper-150x150.png\" class=\"project-list-item-image wp-post-image\" alt=\"\" srcset=\"https:\/\/nipe.eeg.uminho.pt\/wp-content\/uploads\/2021\/11\/NIPE-logo_rper-150x150.png 150w, https:\/\/nipe.eeg.uminho.pt\/wp-content\/uploads\/2021\/11\/NIPE-logo_rper-300x300.png 300w, https:\/\/nipe.eeg.uminho.pt\/wp-content\/uploads\/2021\/11\/NIPE-logo_rper.png 400w\" sizes=\"auto, (max-width: 150px) 100vw, 150px\" \/><\/div><div class=\"event-list-item-content\"><a class=\"event-list-item-link\" href=\"https:\/\/nipe.eeg.uminho.pt\/en\/event\/where-are-the-productivity-gains-from-foreign-investment-evidence-on-spillovers-and-reallocation-from-firms-industries-and-countries-com-christian-fons-rosen-sebnem-kalemli-ozcan-bent-sorensen-an\/\" title=\"Where are the productivity gains from foreign investment? Evidence on spillovers and reallocation from firms, industries and countries (com Christian Fons-Rosen, Sebnem Kalemli-Ozcan, Bent Sorensen and Vadym\"><div class=\"event-list-item-event\"><div class=\"event-list-item-agroup\"><div class=\"event-list-item-categories\"><span class=\"event-list-item-category seminars\">Seminars<\/span><\/div><span class=\"event-list-item-date\">24.10.2012 <bdi><\/bdi> 13:15<\/span><\/div><span class=\"event-plus seminars\"><\/span><\/div><div class=\"event-list-item-details\"><p class=\"event-list-item-speaker\">Carolina Villegas (ESADE, Spain)<\/p><h3 class=\"event-list-item-title\">Where are the productivity gains from foreign investment? Evidence on spillovers and reallocation from firms, industries and countries (com Christian Fons-Rosen, Sebnem Kalemli-Ozcan, Bent Sorensen and Vadym<\/h3><p class=\"event-list-item-location\">Campus de Gualtar | EEG - Room 0.04<\/p><\/div><\/a><\/div><\/div><\/div><\/div><\/div><\/div><\/div><div id=\"brown-bag-seminars-en\" role=\"tabpanel\" class=\"tabs-pane fade\"><div class=\"tabs tabs tabs-nav-side tabs-nav-shadowed tabs-nav-publication\"><ul class=\"nav tabs-nav\" role=\"tablist\"><li role=\"presentation\" class=\"active\"><a href=\"#events-brown-bag-seminars-en-2026\" aria-expanded=\"true\" aria-controls=\"events-brown-bag-seminars-en-2026\" role=\"tab\" data-toggle=\"tab\">2026<\/a><\/li><li role=\"presentation\"><a href=\"#events-brown-bag-seminars-en-2025\" aria-expanded=\"false\" aria-controls=\"events-brown-bag-seminars-en-2025\" role=\"tab\" data-toggle=\"tab\">2025<\/a><\/li><li role=\"presentation\"><a href=\"#events-brown-bag-seminars-en-2024\" aria-expanded=\"false\" aria-controls=\"events-brown-bag-seminars-en-2024\" role=\"tab\" data-toggle=\"tab\">2024<\/a><\/li><li role=\"presentation\"><a href=\"#events-brown-bag-seminars-en-2023\" aria-expanded=\"false\" aria-controls=\"events-brown-bag-seminars-en-2023\" role=\"tab\" data-toggle=\"tab\">2023<\/a><\/li><li role=\"presentation\"><a href=\"#events-brown-bag-seminars-en-2022\" aria-expanded=\"false\" aria-controls=\"events-brown-bag-seminars-en-2022\" role=\"tab\" data-toggle=\"tab\">2022<\/a><\/li><li role=\"presentation\"><a href=\"#events-brown-bag-seminars-en-2021\" aria-expanded=\"false\" aria-controls=\"events-brown-bag-seminars-en-2021\" role=\"tab\" data-toggle=\"tab\">2021<\/a><\/li><li role=\"presentation\"><a href=\"#events-brown-bag-seminars-en-2020\" aria-expanded=\"false\" aria-controls=\"events-brown-bag-seminars-en-2020\" role=\"tab\" data-toggle=\"tab\">2020<\/a><\/li><li role=\"presentation\"><a href=\"#events-brown-bag-seminars-en-2019\" aria-expanded=\"false\" aria-controls=\"events-brown-bag-seminars-en-2019\" role=\"tab\" data-toggle=\"tab\">2019<\/a><\/li><li role=\"presentation\"><a href=\"#events-brown-bag-seminars-en-2018\" aria-expanded=\"false\" aria-controls=\"events-brown-bag-seminars-en-2018\" role=\"tab\" data-toggle=\"tab\">2018<\/a><\/li><li role=\"presentation\"><a href=\"#events-brown-bag-seminars-en-2017\" aria-expanded=\"false\" aria-controls=\"events-brown-bag-seminars-en-2017\" role=\"tab\" data-toggle=\"tab\">2017<\/a><\/li><li role=\"presentation\"><a href=\"#events-brown-bag-seminars-en-2016\" aria-expanded=\"false\" aria-controls=\"events-brown-bag-seminars-en-2016\" role=\"tab\" data-toggle=\"tab\">2016<\/a><\/li><li role=\"presentation\"><a href=\"#events-brown-bag-seminars-en-2015\" aria-expanded=\"false\" aria-controls=\"events-brown-bag-seminars-en-2015\" role=\"tab\" data-toggle=\"tab\">2015<\/a><\/li><li role=\"presentation\"><a href=\"#events-brown-bag-seminars-en-2014\" aria-expanded=\"false\" aria-controls=\"events-brown-bag-seminars-en-2014\" role=\"tab\" data-toggle=\"tab\">2014<\/a><\/li><\/ul><div class=\"tabs-content inner-tab\"><div id=\"events-brown-bag-seminars-en-2026\" role=\"tabpanel\" class=\"tabs-pane fade active in\"><div class=\"publication-block event-block\"><div class=\"event-list-item\"><div class=\"event-list-item-image\"><img loading=\"lazy\" decoding=\"async\" width=\"150\" height=\"150\" src=\"https:\/\/nipe.eeg.uminho.pt\/wp-content\/uploads\/2025\/10\/sofia_monteiro-150x150.png\" class=\"project-list-item-image wp-post-image\" alt=\"\" \/><\/div><div class=\"event-list-item-content\"><a class=\"event-list-item-link\" href=\"https:\/\/nipe.eeg.uminho.pt\/en\/event\/brown-bag-seminar-to-be-announced-2\/\" title=\"Brown Bag Seminar | Stock and sovereign returns linkages: Time-varying causality and extreme-quantile determinants\"><div class=\"event-list-item-event\"><div class=\"event-list-item-agroup\"><div class=\"event-list-item-categories\"><span class=\"event-list-item-category brown-bag-seminars-en\">Brown Bag Seminars<\/span><\/div><span class=\"event-list-item-date\">07.01.2026 <bdi><\/bdi> 13:15<\/span><\/div><span class=\"event-plus brown-bag-seminars-en\"><\/span><\/div><div class=\"event-list-item-details\"><p class=\"event-list-item-speaker\">Sofia Monteiro (NIPE | University of Minho)<\/p><h3 class=\"event-list-item-title\">Brown Bag Seminar | Stock and sovereign returns linkages: Time-varying causality and extreme-quantile determinants<\/h3><p class=\"event-list-item-location\">EEG | Room 0.04 &amp; online<\/p><\/div><\/a><\/div><\/div><\/div><\/div><div id=\"events-brown-bag-seminars-en-2025\" role=\"tabpanel\" class=\"tabs-pane fade\"><div class=\"publication-block event-block\"><div class=\"event-list-item\"><div class=\"event-list-item-image\"><img loading=\"lazy\" decoding=\"async\" width=\"150\" height=\"150\" src=\"https:\/\/nipe.eeg.uminho.pt\/wp-content\/uploads\/2025\/10\/odd-150x150.jpg\" class=\"project-list-item-image wp-post-image\" alt=\"\" \/><\/div><div class=\"event-list-item-content\"><a class=\"event-list-item-link\" href=\"https:\/\/nipe.eeg.uminho.pt\/en\/event\/brown-bag-seminar-to-be-announced\/\" title=\"Brown Bag Seminar | Winning the prescription: competitive tenders vs. decentralised competition\"><div class=\"event-list-item-event\"><div class=\"event-list-item-agroup\"><div class=\"event-list-item-categories\"><span class=\"event-list-item-category brown-bag-seminars-en\">Brown Bag Seminars<\/span><\/div><span class=\"event-list-item-date\">03.12.2025 <bdi><\/bdi> 13:15<\/span><\/div><span class=\"event-plus brown-bag-seminars-en\"><\/span><\/div><div class=\"event-list-item-details\"><p class=\"event-list-item-speaker\">Odd Rune Straume (NIPE | University of Minho)<\/p><h3 class=\"event-list-item-title\">Brown Bag Seminar | Winning the prescription: competitive tenders vs. decentralised competition<\/h3><p class=\"event-list-item-location\">EEG | Room 0.04 &amp; online<\/p><\/div><\/a><\/div><\/div><\/div><div class=\"publication-block event-block\"><div class=\"event-list-item\"><div class=\"event-list-item-image\"><img loading=\"lazy\" decoding=\"async\" width=\"150\" height=\"150\" src=\"https:\/\/nipe.eeg.uminho.pt\/wp-content\/uploads\/2023\/09\/Beatriz-Azevedo-150x150.jpg\" class=\"project-list-item-image wp-post-image\" alt=\"\" \/><\/div><div class=\"event-list-item-content\"><a class=\"event-list-item-link\" href=\"https:\/\/nipe.eeg.uminho.pt\/en\/event\/the-timing-and-composition-of-municipal-public-procurement\/\" title=\"The timing and composition of municipal public procurement\"><div class=\"event-list-item-event\"><div class=\"event-list-item-agroup\"><div class=\"event-list-item-categories\"><span class=\"event-list-item-category brown-bag-seminars-en\">Brown Bag Seminars<\/span><\/div><span class=\"event-list-item-date\">29.10.2025 <bdi><\/bdi> 13:15<\/span><\/div><span class=\"event-plus brown-bag-seminars-en\"><\/span><\/div><div class=\"event-list-item-details\"><p class=\"event-list-item-speaker\">Beatriz Azevedo (NIPE)<\/p><h3 class=\"event-list-item-title\">The timing and composition of municipal public procurement<\/h3><p class=\"event-list-item-location\">EEG | Room 0.04 & online<\/p><\/div><\/a><\/div><\/div><\/div><div class=\"publication-block event-block\"><div class=\"event-list-item\"><div class=\"event-list-item-image\"><img loading=\"lazy\" decoding=\"async\" width=\"150\" height=\"150\" src=\"https:\/\/nipe.eeg.uminho.pt\/wp-content\/uploads\/2021\/05\/D5427-Sonia-Silva-150x150.png\" class=\"project-list-item-image wp-post-image\" alt=\"\" srcset=\"https:\/\/nipe.eeg.uminho.pt\/wp-content\/uploads\/2021\/05\/D5427-Sonia-Silva-150x150.png 150w, https:\/\/nipe.eeg.uminho.pt\/wp-content\/uploads\/2021\/05\/D5427-Sonia-Silva.png 200w\" sizes=\"auto, (max-width: 150px) 100vw, 150px\" \/><\/div><div class=\"event-list-item-content\"><a class=\"event-list-item-link\" href=\"https:\/\/nipe.eeg.uminho.pt\/en\/event\/corporate-value-response-to-mandatory-esg-reporting-in-europe\/\" title=\"Corporate value response to mandatory ESG reporting in Europe\"><div class=\"event-list-item-event\"><div class=\"event-list-item-agroup\"><div class=\"event-list-item-categories\"><span class=\"event-list-item-category brown-bag-seminars-en\">Brown Bag Seminars<\/span><\/div><span class=\"event-list-item-date\">04.06.2025 <bdi><\/bdi> 13:15<\/span><\/div><span class=\"event-plus brown-bag-seminars-en\"><\/span><\/div><div class=\"event-list-item-details\"><p class=\"event-list-item-speaker\">S\u00f3nia Silva (NIPE)<\/p><h3 class=\"event-list-item-title\">Corporate value response to mandatory ESG reporting in Europe<\/h3><p class=\"event-list-item-location\">Room 1.33 EEG & Online<\/p><\/div><\/a><\/div><\/div><\/div><\/div><div id=\"events-brown-bag-seminars-en-2024\" role=\"tabpanel\" class=\"tabs-pane fade\"><div class=\"publication-block event-block\"><div class=\"event-list-item\"><div class=\"event-list-item-image\"><img loading=\"lazy\" decoding=\"async\" width=\"150\" height=\"150\" src=\"https:\/\/nipe.eeg.uminho.pt\/wp-content\/uploads\/2023\/06\/D1053-150x150.png\" class=\"project-list-item-image wp-post-image\" alt=\"\" srcset=\"https:\/\/nipe.eeg.uminho.pt\/wp-content\/uploads\/2023\/06\/D1053-150x150.png 150w, https:\/\/nipe.eeg.uminho.pt\/wp-content\/uploads\/2023\/06\/D1053.png 200w\" sizes=\"auto, (max-width: 150px) 100vw, 150px\" \/><\/div><div class=\"event-list-item-content\"><a class=\"event-list-item-link\" href=\"https:\/\/nipe.eeg.uminho.pt\/en\/event\/ai-unboxed-and-jobs-a-novel-measure-and-firm-level-evidence-from-three-countries\/\" title=\"AI Unboxed and Jobs: A Novel Measure and Firm-Level Evidence from Three Countries\"><div class=\"event-list-item-event\"><div class=\"event-list-item-agroup\"><div class=\"event-list-item-categories\"><span class=\"event-list-item-category brown-bag-seminars-en\">Brown Bag Seminars<\/span><\/div><span class=\"event-list-item-date\">03.07.2024 <bdi><\/bdi> 13:15<\/span><\/div><span class=\"event-plus brown-bag-seminars-en\"><\/span><\/div><div class=\"event-list-item-details\"><p class=\"event-list-item-speaker\">Nat\u00e1lia Monteiro (NIPE)<\/p><h3 class=\"event-list-item-title\">AI Unboxed and Jobs: A Novel Measure and Firm-Level Evidence from Three Countries<\/h3><p class=\"event-list-item-location\">Room -1.26 EEG UMinho & Online<\/p><\/div><\/a><\/div><\/div><\/div><div class=\"publication-block event-block\"><div class=\"event-list-item\"><div class=\"event-list-item-image\"><img loading=\"lazy\" decoding=\"async\" width=\"150\" height=\"150\" src=\"https:\/\/nipe.eeg.uminho.pt\/wp-content\/uploads\/2021\/05\/jg-150x150.png\" class=\"project-list-item-image wp-post-image\" alt=\"\" srcset=\"https:\/\/nipe.eeg.uminho.pt\/wp-content\/uploads\/2021\/05\/jg-150x150.png 150w, https:\/\/nipe.eeg.uminho.pt\/wp-content\/uploads\/2021\/05\/jg.png 240w\" sizes=\"auto, (max-width: 150px) 100vw, 150px\" \/><\/div><div class=\"event-list-item-content\"><a class=\"event-list-item-link\" href=\"https:\/\/nipe.eeg.uminho.pt\/en\/event\/wages-and-exports-the-effects-of-a-minimum-wage-unfreeze\/\" title=\"Wages and exports: the effects of a minimum wage unfreeze\"><div class=\"event-list-item-event\"><div class=\"event-list-item-agroup\"><div class=\"event-list-item-categories\"><span class=\"event-list-item-category brown-bag-seminars-en\">Brown Bag Seminars<\/span><\/div><span class=\"event-list-item-date\">12.06.2024 <bdi><\/bdi> 13:15<\/span><\/div><span class=\"event-plus brown-bag-seminars-en\"><\/span><\/div><div class=\"event-list-item-details\"><p class=\"event-list-item-speaker\">Joana Garcia (Banco de Portugal)<\/p><h3 class=\"event-list-item-title\">Wages and exports: the effects of a minimum wage unfreeze<\/h3><p class=\"event-list-item-location\">Room -1.26 EEG UMinho & Online<\/p><\/div><\/a><\/div><\/div><\/div><div class=\"publication-block event-block\"><div class=\"event-list-item\"><div class=\"event-list-item-image\"><img loading=\"lazy\" decoding=\"async\" width=\"150\" height=\"150\" src=\"https:\/\/nipe.eeg.uminho.pt\/wp-content\/uploads\/2021\/05\/ana-carvalho-150x150.png\" class=\"project-list-item-image wp-post-image\" alt=\"\" \/><\/div><div class=\"event-list-item-content\"><a class=\"event-list-item-link\" href=\"https:\/\/nipe.eeg.uminho.pt\/en\/event\/a-consortium-model-for-managing-integrated-digital-service-platforms-an-application-to-the-connected-urban-cycling-ecosystem\/\" title=\"A consortium model for managing integrated digital service platforms: An application to the connected urban cycling ecosystem\"><div class=\"event-list-item-event\"><div class=\"event-list-item-agroup\"><div class=\"event-list-item-categories\"><span class=\"event-list-item-category brown-bag-seminars-en\">Brown Bag Seminars<\/span><\/div><span class=\"event-list-item-date\">13.03.2024 <bdi><\/bdi> 13:15<\/span><\/div><span class=\"event-plus brown-bag-seminars-en\"><\/span><\/div><div class=\"event-list-item-details\"><p class=\"event-list-item-speaker\">Ana Carvalho (NIPE)<\/p><h3 class=\"event-list-item-title\">A consortium model for managing integrated digital service platforms: An application to the connected urban cycling ecosystem<\/h3><p class=\"event-list-item-location\">Room -1.26 EEG UMinho & Online<\/p><\/div><\/a><\/div><\/div><\/div><div class=\"publication-block event-block\"><div class=\"event-list-item\"><div class=\"event-list-item-image\"><img loading=\"lazy\" decoding=\"async\" width=\"150\" height=\"150\" src=\"https:\/\/nipe.eeg.uminho.pt\/wp-content\/uploads\/2023\/06\/Beatriz-Rocha-150x150.jpg\" class=\"project-list-item-image wp-post-image\" alt=\"\" \/><\/div><div class=\"event-list-item-content\"><a class=\"event-list-item-link\" href=\"https:\/\/nipe.eeg.uminho.pt\/en\/event\/educational-mismatch-and-firm-labour-productivity-evidence-from-portugal\/\" title=\"Educational mismatch and firm labour productivity: evidence from Portugal\"><div class=\"event-list-item-event\"><div class=\"event-list-item-agroup\"><div class=\"event-list-item-categories\"><span class=\"event-list-item-category brown-bag-seminars-en\">Brown Bag Seminars<\/span><\/div><span class=\"event-list-item-date\">10.01.2024 <bdi><\/bdi> 13:15<\/span><\/div><span class=\"event-plus brown-bag-seminars-en\"><\/span><\/div><div class=\"event-list-item-details\"><p class=\"event-list-item-speaker\">Ana Beatriz Rocha (DEGEIT \u2013 Universidade de Aveiro)<\/p><h3 class=\"event-list-item-title\">Educational mismatch and firm labour productivity: evidence from Portugal<\/h3><p class=\"event-list-item-location\">Room -1.26 EEG UMinho & Online<\/p><\/div><\/a><\/div><\/div><\/div><\/div><div id=\"events-brown-bag-seminars-en-2023\" role=\"tabpanel\" class=\"tabs-pane fade\"><div class=\"publication-block event-block\"><div class=\"event-list-item\"><div class=\"event-list-item-image\"><img loading=\"lazy\" decoding=\"async\" width=\"150\" height=\"150\" src=\"https:\/\/nipe.eeg.uminho.pt\/wp-content\/uploads\/2021\/05\/odd-150x150.png\" class=\"project-list-item-image wp-post-image\" alt=\"\" \/><\/div><div class=\"event-list-item-content\"><a class=\"event-list-item-link\" href=\"https:\/\/nipe.eeg.uminho.pt\/en\/event\/taking-the-competitors-pill-when-combination-therapies-enter-pharmaceutical-markets\/\" title=\"Taking the competitor\u00b4s pill: when combination therapies enter pharmaceutical markets\"><div class=\"event-list-item-event\"><div class=\"event-list-item-agroup\"><div class=\"event-list-item-categories\"><span class=\"event-list-item-category brown-bag-seminars-en\">Brown Bag Seminars<\/span><\/div><span class=\"event-list-item-date\">13.12.2023 <bdi><\/bdi> 13:15<\/span><\/div><span class=\"event-plus brown-bag-seminars-en\"><\/span><\/div><div class=\"event-list-item-details\"><p class=\"event-list-item-speaker\">Odd Rune Straume (NIPE)<\/p><h3 class=\"event-list-item-title\">Taking the competitor\u00b4s pill: when combination therapies enter pharmaceutical markets<\/h3><p class=\"event-list-item-location\">Room 0.04 EEG UMinho & Online<\/p><\/div><\/a><\/div><\/div><\/div><div class=\"publication-block event-block\"><div class=\"event-list-item\"><div class=\"event-list-item-image\"><img loading=\"lazy\" decoding=\"async\" width=\"150\" height=\"150\" src=\"https:\/\/nipe.eeg.uminho.pt\/wp-content\/uploads\/2023\/09\/Beatriz-Azevedo-150x150.jpg\" class=\"project-list-item-image wp-post-image\" alt=\"\" \/><\/div><div class=\"event-list-item-content\"><a class=\"event-list-item-link\" href=\"https:\/\/nipe.eeg.uminho.pt\/en\/event\/the-effects-of-decentralisation-on-educational-outcomes-the-portuguese-municipalities-case-beatriz\/\" title=\"The effects of decentralisation on educational outcomes: The Portuguese municipalities\u2019 case Beatriz\"><div class=\"event-list-item-event\"><div class=\"event-list-item-agroup\"><div class=\"event-list-item-categories\"><span class=\"event-list-item-category brown-bag-seminars-en\">Brown Bag Seminars<\/span><\/div><span class=\"event-list-item-date\">22.11.2023 <bdi><\/bdi> 13:15<\/span><\/div><span class=\"event-plus brown-bag-seminars-en\"><\/span><\/div><div class=\"event-list-item-details\"><p class=\"event-list-item-speaker\">Beatriz Azevedo (NIPE)<\/p><h3 class=\"event-list-item-title\">The effects of decentralisation on educational outcomes: The Portuguese municipalities\u2019 case Beatriz<\/h3><p class=\"event-list-item-location\">Room -1.26 EEG UMinho & Online<\/p><\/div><\/a><\/div><\/div><\/div><div class=\"publication-block event-block\"><div class=\"event-list-item\"><div class=\"event-list-item-image\"><img loading=\"lazy\" decoding=\"async\" width=\"150\" height=\"150\" src=\"https:\/\/nipe.eeg.uminho.pt\/wp-content\/uploads\/2021\/05\/jose-soares-brancao-150x150.png\" class=\"project-list-item-image wp-post-image\" alt=\"\" \/><\/div><div class=\"event-list-item-content\"><a class=\"event-list-item-link\" href=\"https:\/\/nipe.eeg.uminho.pt\/en\/event\/a-memory-based-iterated-local-search-algorithm-for-the-multi-depot-open-vehicle-routing-problem\/\" title=\"A memory-based iterated local search algorithm for the multi-depot open vehicle routing problem\"><div class=\"event-list-item-event\"><div class=\"event-list-item-agroup\"><div class=\"event-list-item-categories\"><span class=\"event-list-item-category brown-bag-seminars-en\">Brown Bag Seminars<\/span><\/div><span class=\"event-list-item-date\">08.11.2023 <bdi><\/bdi> 13:15<\/span><\/div><span class=\"event-plus brown-bag-seminars-en\"><\/span><\/div><div class=\"event-list-item-details\"><p class=\"event-list-item-speaker\">Jos\u00e9 Carlos Brand\u00e3o (NIPE)<\/p><h3 class=\"event-list-item-title\">A memory-based iterated local search algorithm for the multi-depot open vehicle routing problem<\/h3><p class=\"event-list-item-location\">Room -1.26 EEG UMinho & Online<\/p><\/div><\/a><\/div><\/div><\/div><div class=\"publication-block event-block\"><div class=\"event-list-item\"><div class=\"event-list-item-image\"><img loading=\"lazy\" decoding=\"async\" width=\"150\" height=\"150\" src=\"https:\/\/nipe.eeg.uminho.pt\/wp-content\/uploads\/2023\/01\/7.-Foto-Tiago-Farinha-150x150.jpg\" class=\"project-list-item-image wp-post-image\" alt=\"\" \/><\/div><div class=\"event-list-item-content\"><a class=\"event-list-item-link\" href=\"https:\/\/nipe.eeg.uminho.pt\/en\/event\/the-impact-of-telework-on-creativity-and-innovation\/\" title=\"The impact of Telework on Creativity and Innovation\"><div class=\"event-list-item-event\"><div class=\"event-list-item-agroup\"><div class=\"event-list-item-categories\"><span class=\"event-list-item-category brown-bag-seminars-en\">Brown Bag Seminars<\/span><\/div><span class=\"event-list-item-date\">11.10.2023 <bdi><\/bdi> 13:15<\/span><\/div><span class=\"event-plus brown-bag-seminars-en\"><\/span><\/div><div class=\"event-list-item-details\"><p class=\"event-list-item-speaker\">Tiago Farinha (EEG)<\/p><h3 class=\"event-list-item-title\">The impact of Telework on Creativity and Innovation<\/h3><p class=\"event-list-item-location\">Room -1.26 EEG UMinho & Online<\/p><\/div><\/a><\/div><\/div><\/div><div class=\"publication-block event-block\"><div class=\"event-list-item\"><div class=\"event-list-item-image\"><img loading=\"lazy\" decoding=\"async\" width=\"150\" height=\"150\" src=\"https:\/\/nipe.eeg.uminho.pt\/wp-content\/uploads\/2021\/05\/CatiaCerqueira-150x150.png\" class=\"project-list-item-image wp-post-image\" alt=\"\" \/><\/div><div class=\"event-list-item-content\"><a class=\"event-list-item-link\" href=\"https:\/\/nipe.eeg.uminho.pt\/en\/event\/digitalization-the-edge-of-first-movers\/\" title=\"Digitalization: the edge of first movers\"><div class=\"event-list-item-event\"><div class=\"event-list-item-agroup\"><div class=\"event-list-item-categories\"><span class=\"event-list-item-category brown-bag-seminars-en\">Brown Bag Seminars<\/span><\/div><span class=\"event-list-item-date\">04.10.2023 <bdi><\/bdi> 13:15<\/span><\/div><span class=\"event-plus brown-bag-seminars-en\"><\/span><\/div><div class=\"event-list-item-details\"><p class=\"event-list-item-speaker\">C\u00e1tia Cerqueira (NIPE)<\/p><h3 class=\"event-list-item-title\">Digitalization: the edge of first movers<\/h3><p class=\"event-list-item-location\">Room -1.26 EEG UMinho & Online<\/p><\/div><\/a><\/div><\/div><\/div><div class=\"publication-block event-block\"><div class=\"event-list-item\"><div class=\"event-list-item-image\"><img loading=\"lazy\" decoding=\"async\" width=\"150\" height=\"150\" src=\"https:\/\/nipe.eeg.uminho.pt\/wp-content\/uploads\/2021\/05\/jg-150x150.png\" class=\"project-list-item-image wp-post-image\" alt=\"\" srcset=\"https:\/\/nipe.eeg.uminho.pt\/wp-content\/uploads\/2021\/05\/jg-150x150.png 150w, https:\/\/nipe.eeg.uminho.pt\/wp-content\/uploads\/2021\/05\/jg.png 240w\" sizes=\"auto, (max-width: 150px) 100vw, 150px\" \/><\/div><div class=\"event-list-item-content\"><a class=\"event-list-item-link\" href=\"https:\/\/nipe.eeg.uminho.pt\/en\/event\/to-be-announced-18\/\" title=\"Currency choices in international trade: are services different from goods?\"><div class=\"event-list-item-event\"><div class=\"event-list-item-agroup\"><div class=\"event-list-item-categories\"><span class=\"event-list-item-category brown-bag-seminars-en\">Brown Bag Seminars<\/span><\/div><span class=\"event-list-item-date\">15.03.2023 <bdi><\/bdi> 13:15<\/span><\/div><span class=\"event-plus brown-bag-seminars-en\"><\/span><\/div><div class=\"event-list-item-details\"><p class=\"event-list-item-speaker\">Joana Garcia (Bank of Portugal) <\/p><h3 class=\"event-list-item-title\">Currency choices in international trade: are services different from goods?<\/h3><p class=\"event-list-item-location\">EEG UMinho & Online <\/p><\/div><\/a><\/div><\/div><\/div><div class=\"publication-block event-block\"><div class=\"event-list-item\"><div class=\"event-list-item-image\"><img loading=\"lazy\" decoding=\"async\" width=\"150\" height=\"150\" src=\"https:\/\/nipe.eeg.uminho.pt\/wp-content\/uploads\/2021\/05\/Capturar-2-150x150.png\" class=\"project-list-item-image wp-post-image\" alt=\"\" \/><\/div><div class=\"event-list-item-content\"><a class=\"event-list-item-link\" href=\"https:\/\/nipe.eeg.uminho.pt\/en\/event\/price-regulation-when-consumers-evaluate-quality-idiosyncratically\/\" title=\"Price Regulation When Consumers Evaluate Quality Idiosyncratically\"><div class=\"event-list-item-event\"><div class=\"event-list-item-agroup\"><div class=\"event-list-item-categories\"><span class=\"event-list-item-category brown-bag-seminars-en\">Brown Bag Seminars<\/span><\/div><span class=\"event-list-item-date\">15.02.2023 <bdi><\/bdi> 13:15<\/span><\/div><span class=\"event-plus brown-bag-seminars-en\"><\/span><\/div><div class=\"event-list-item-details\"><p class=\"event-list-item-speaker\">Lu\u00eds S\u00e1 (NIPE)<\/p><h3 class=\"event-list-item-title\">Price Regulation When Consumers Evaluate Quality Idiosyncratically<\/h3><p class=\"event-list-item-location\">EEG UMinho & Online<\/p><\/div><\/a><\/div><\/div><\/div><\/div><div id=\"events-brown-bag-seminars-en-2022\" role=\"tabpanel\" class=\"tabs-pane fade\"><div class=\"publication-block event-block\"><div class=\"event-list-item\"><div class=\"event-list-item-image\"><img loading=\"lazy\" decoding=\"async\" width=\"150\" height=\"150\" src=\"https:\/\/nipe.eeg.uminho.pt\/wp-content\/uploads\/2021\/05\/CristinaAmado_2022-150x150.jpg\" class=\"project-list-item-image wp-post-image\" alt=\"\" \/><\/div><div class=\"event-list-item-content\"><a class=\"event-list-item-link\" href=\"https:\/\/nipe.eeg.uminho.pt\/en\/event\/to-be-announced-10\/\" title=\"Outlier Robust Specification of Multiplicative Time-Varying Volatility Models\"><div class=\"event-list-item-event\"><div class=\"event-list-item-agroup\"><div class=\"event-list-item-categories\"><span class=\"event-list-item-category brown-bag-seminars-en\">Brown Bag Seminars<\/span><\/div><span class=\"event-list-item-date\">30.11.2022 <bdi><\/bdi> 13:15<\/span><\/div><span class=\"event-plus brown-bag-seminars-en\"><\/span><\/div><div class=\"event-list-item-details\"><p class=\"event-list-item-speaker\">Cristina Amado (NIPE)<\/p><h3 class=\"event-list-item-title\">Outlier Robust Specification of Multiplicative Time-Varying Volatility Models<\/h3><p class=\"event-list-item-location\">Room -1.26 EEG &amp; Online <\/p><\/div><\/a><\/div><\/div><\/div><div class=\"publication-block event-block\"><div class=\"event-list-item\"><div class=\"event-list-item-image\"><img loading=\"lazy\" decoding=\"async\" width=\"150\" height=\"150\" src=\"https:\/\/nipe.eeg.uminho.pt\/wp-content\/uploads\/2022\/03\/Photo_WajdyOmran-150x150.jpg\" class=\"project-list-item-image wp-post-image\" alt=\"\" \/><\/div><div class=\"event-list-item-content\"><a class=\"event-list-item-link\" href=\"https:\/\/nipe.eeg.uminho.pt\/en\/event\/virtual-reality-and-augmented-reality-applications-and-their-effect-on-the-tourist-engagement-hybrid-review\/\" title=\"Virtual Reality and Augmented Reality Applications and their Effect on the Tourist Engagement: Hybrid Review\"><div class=\"event-list-item-event\"><div class=\"event-list-item-agroup\"><div class=\"event-list-item-categories\"><span class=\"event-list-item-category brown-bag-seminars-en\">Brown Bag Seminars<\/span><\/div><span class=\"event-list-item-date\">23.11.2022 <bdi><\/bdi> 13:15<\/span><\/div><span class=\"event-plus brown-bag-seminars-en\"><\/span><\/div><div class=\"event-list-item-details\"><p class=\"event-list-item-speaker\">Wajdy Omran (University of Minho) <\/p><h3 class=\"event-list-item-title\">Virtual Reality and Augmented Reality Applications and their Effect on the Tourist Engagement: Hybrid Review<\/h3><p class=\"event-list-item-location\">Room -1.26 EEG &amp; Online<\/p><\/div><\/a><\/div><\/div><\/div><div class=\"publication-block event-block\"><div class=\"event-list-item\"><div class=\"event-list-item-image\"><img loading=\"lazy\" decoding=\"async\" width=\"150\" height=\"150\" src=\"https:\/\/nipe.eeg.uminho.pt\/wp-content\/uploads\/2022\/09\/julien-pinter-150x150.jpg\" class=\"project-list-item-image wp-post-image\" alt=\"\" \/><\/div><div class=\"event-list-item-content\"><a class=\"event-list-item-link\" href=\"https:\/\/nipe.eeg.uminho.pt\/en\/event\/to-be-defined-3\/\" title=\"Monetary financing and the general public: what do people think, what can(\u2018t) we do about it? Evidence from a large-scale multi-country survey experiment\"><div class=\"event-list-item-event\"><div class=\"event-list-item-agroup\"><div class=\"event-list-item-categories\"><span class=\"event-list-item-category brown-bag-seminars-en\">Brown Bag Seminars<\/span><\/div><span class=\"event-list-item-date\">28.09.2022 <bdi><\/bdi> 13:00<\/span><\/div><span class=\"event-plus brown-bag-seminars-en\"><\/span><\/div><div class=\"event-list-item-details\"><p class=\"event-list-item-speaker\">Julien Pinter <\/p><h3 class=\"event-list-item-title\">Monetary financing and the general public: what do people think, what can(\u2018t) we do about it? Evidence from a large-scale multi-country survey experiment<\/h3><p class=\"event-list-item-location\">Sala -1.26 EEG &amp; Online <\/p><\/div><\/a><\/div><\/div><\/div><div class=\"publication-block event-block\"><div class=\"event-list-item\"><div class=\"event-list-item-image\"><img loading=\"lazy\" decoding=\"async\" width=\"150\" height=\"150\" src=\"https:\/\/nipe.eeg.uminho.pt\/wp-content\/uploads\/2022\/09\/image-20210705-21-vnk8oj-150x150.jpg\" class=\"project-list-item-image wp-post-image\" alt=\"\" srcset=\"https:\/\/nipe.eeg.uminho.pt\/wp-content\/uploads\/2022\/09\/image-20210705-21-vnk8oj-150x150.jpg 150w, https:\/\/nipe.eeg.uminho.pt\/wp-content\/uploads\/2022\/09\/image-20210705-21-vnk8oj.jpg 238w\" sizes=\"auto, (max-width: 150px) 100vw, 150px\" \/><\/div><div class=\"event-list-item-content\"><a class=\"event-list-item-link\" href=\"https:\/\/nipe.eeg.uminho.pt\/en\/event\/the-impact-of-climate-change-on-poverty-and-gender-gaps-application-to-bolivia\/\" title=\"The impact of climate change on poverty and gender gaps. Application to Bolivia\"><div class=\"event-list-item-event\"><div class=\"event-list-item-agroup\"><div class=\"event-list-item-categories\"><span class=\"event-list-item-category brown-bag-seminars-en\">Brown Bag Seminars<\/span><\/div><span class=\"event-list-item-date\">14.09.2022 <bdi><\/bdi> 13:00<\/span><\/div><span class=\"event-plus brown-bag-seminars-en\"><\/span><\/div><div class=\"event-list-item-details\"><p class=\"event-list-item-speaker\">Luis Enrique Escalante<\/p><h3 class=\"event-list-item-title\">The impact of climate change on poverty and gender gaps. Application to Bolivia<\/h3><p class=\"event-list-item-location\">Room -1.26 EEG &amp; Online<\/p><\/div><\/a><\/div><\/div><\/div><div class=\"publication-block event-block\"><div class=\"event-list-item\"><div class=\"event-list-item-image\"><img loading=\"lazy\" decoding=\"async\" width=\"150\" height=\"150\" src=\"https:\/\/nipe.eeg.uminho.pt\/wp-content\/uploads\/2021\/05\/jg-150x150.png\" class=\"project-list-item-image wp-post-image\" alt=\"\" srcset=\"https:\/\/nipe.eeg.uminho.pt\/wp-content\/uploads\/2021\/05\/jg-150x150.png 150w, https:\/\/nipe.eeg.uminho.pt\/wp-content\/uploads\/2021\/05\/jg.png 240w\" sizes=\"auto, (max-width: 150px) 100vw, 150px\" \/><\/div><div class=\"event-list-item-content\"><a class=\"event-list-item-link\" href=\"https:\/\/nipe.eeg.uminho.pt\/en\/event\/turning-down-havens-treasures-multinational-groups-profit-shifting-and-services-trade\/\" title=\"Turning down havens\u2019 treasures? Multinational groups, profit shifting and services trade\"><div class=\"event-list-item-event\"><div class=\"event-list-item-agroup\"><div class=\"event-list-item-categories\"><span class=\"event-list-item-category brown-bag-seminars-en\">Brown Bag Seminars<\/span><\/div><span class=\"event-list-item-date\">19.01.2022 <bdi><\/bdi> 11:00<\/span><\/div><span class=\"event-plus brown-bag-seminars-en\"><\/span><\/div><div class=\"event-list-item-details\"><p class=\"event-list-item-speaker\">Joana Garcia (Banco de Portugal)<\/p><h3 class=\"event-list-item-title\">Turning down havens\u2019 treasures? Multinational groups, profit shifting and services trade<\/h3><p class=\"event-list-item-location\">Sala -1.26 EEG &amp; Online<\/p><\/div><\/a><\/div><\/div><\/div><div class=\"publication-block event-block\"><div class=\"event-list-item\"><div class=\"event-list-item-image\"><img loading=\"lazy\" decoding=\"async\" width=\"150\" height=\"150\" src=\"https:\/\/nipe.eeg.uminho.pt\/wp-content\/uploads\/2020\/11\/Susana_Campos-Martins-150x150.png\" class=\"project-list-item-image wp-post-image\" alt=\"\" srcset=\"https:\/\/nipe.eeg.uminho.pt\/wp-content\/uploads\/2020\/11\/Susana_Campos-Martins-150x150.png 150w, https:\/\/nipe.eeg.uminho.pt\/wp-content\/uploads\/2020\/11\/Susana_Campos-Martins.png 200w\" sizes=\"auto, (max-width: 150px) 100vw, 150px\" \/><\/div><div class=\"event-list-item-content\"><a class=\"event-list-item-link\" href=\"https:\/\/nipe.eeg.uminho.pt\/en\/event\/geoclimate-geopolitics-and-the-geovolatility-of-carbon-intensive-equity-returns\/\" title=\"Geoclimate, Geopolitics, and the Geovolatility of Carbon-Intensive Equity Returns\"><div class=\"event-list-item-event\"><div class=\"event-list-item-agroup\"><div class=\"event-list-item-categories\"><span class=\"event-list-item-category brown-bag-seminars-en\">Brown Bag Seminars<\/span><\/div><span class=\"event-list-item-date\">05.01.2022 <bdi><\/bdi> 11:00<\/span><\/div><span class=\"event-plus brown-bag-seminars-en\"><\/span><\/div><div class=\"event-list-item-details\"><p class=\"event-list-item-speaker\">Susana Campos-Martins (NIPE)<\/p><h3 class=\"event-list-item-title\">Geoclimate, Geopolitics, and the Geovolatility of Carbon-Intensive Equity Returns<\/h3><p class=\"event-list-item-location\">Online<\/p><\/div><\/a><\/div><\/div><\/div><\/div><div id=\"events-brown-bag-seminars-en-2021\" role=\"tabpanel\" class=\"tabs-pane fade\"><div class=\"publication-block event-block\"><div class=\"event-list-item\"><div class=\"event-list-item-image\"><img loading=\"lazy\" decoding=\"async\" width=\"150\" height=\"150\" src=\"https:\/\/nipe.eeg.uminho.pt\/wp-content\/uploads\/2021\/05\/a-r-150x150.png\" class=\"project-list-item-image wp-post-image\" alt=\"\" \/><\/div><div class=\"event-list-item-content\"><a class=\"event-list-item-link\" href=\"https:\/\/nipe.eeg.uminho.pt\/en\/event\/to-be-announced-9\/\" title=\"Investment and leverage with floors and caps\"><div class=\"event-list-item-event\"><div class=\"event-list-item-agroup\"><div class=\"event-list-item-categories\"><span class=\"event-list-item-category brown-bag-seminars-en\">Brown Bag Seminars<\/span><\/div><span class=\"event-list-item-date\">15.12.2021 <bdi><\/bdi> 11:00<\/span><\/div><span class=\"event-plus brown-bag-seminars-en\"><\/span><\/div><div class=\"event-list-item-details\"><p class=\"event-list-item-speaker\">Artur Rodrigues (NIPE)<\/p><h3 class=\"event-list-item-title\">Investment and leverage with floors and caps<\/h3><p class=\"event-list-item-location\">Room -1.26 EEG &amp; Online<\/p><\/div><\/a><\/div><\/div><\/div><div class=\"publication-block event-block\"><div class=\"event-list-item\"><div class=\"event-list-item-image\"><img loading=\"lazy\" decoding=\"async\" width=\"150\" height=\"150\" src=\"https:\/\/nipe.eeg.uminho.pt\/wp-content\/uploads\/2021\/05\/Sem-Titulo-1-150x150.png\" class=\"project-list-item-image wp-post-image\" alt=\"\" \/><\/div><div class=\"event-list-item-content\"><a class=\"event-list-item-link\" href=\"https:\/\/nipe.eeg.uminho.pt\/en\/event\/do-registered-funds-undermine-shareholder-activism-evidence-from-hedge-fund-proposals\/\" title=\"Do Registered Funds undermine shareholder activism? Evidence from Hedge Fund proposals\"><div class=\"event-list-item-event\"><div class=\"event-list-item-agroup\"><div class=\"event-list-item-categories\"><span class=\"event-list-item-category brown-bag-seminars-en\">Brown Bag Seminars<\/span><\/div><span class=\"event-list-item-date\">17.11.2021 <bdi><\/bdi> 11:00<\/span><\/div><span class=\"event-plus brown-bag-seminars-en\"><\/span><\/div><div class=\"event-list-item-details\"><p class=\"event-list-item-speaker\">C\u00e9sar Mendon\u00e7a (U. Minho - NIPE)<\/p><h3 class=\"event-list-item-title\">Do Registered Funds undermine shareholder activism? Evidence from Hedge Fund proposals<\/h3><p class=\"event-list-item-location\">Campus de Gualtar | EEG - Room -1.26<\/p><\/div><\/a><\/div><\/div><\/div><div class=\"publication-block event-block\"><div class=\"event-list-item\"><div class=\"event-list-item-image\"><img loading=\"lazy\" decoding=\"async\" width=\"150\" height=\"150\" src=\"https:\/\/nipe.eeg.uminho.pt\/wp-content\/uploads\/2020\/11\/D732-150x150.png\" class=\"project-list-item-image wp-post-image\" alt=\"\" srcset=\"https:\/\/nipe.eeg.uminho.pt\/wp-content\/uploads\/2020\/11\/D732-150x150.png 150w, https:\/\/nipe.eeg.uminho.pt\/wp-content\/uploads\/2020\/11\/D732.png 200w\" sizes=\"auto, (max-width: 150px) 100vw, 150px\" \/><\/div><div class=\"event-list-item-content\"><a class=\"event-list-item-link\" href=\"https:\/\/nipe.eeg.uminho.pt\/en\/event\/validating-business-models-for-a-digital-service-platform-for-the-connected-2-wheelers-ecosystem\/\" title=\"Validating business models for a digital service platform for the connected 2-wheelers ecosystem\"><div class=\"event-list-item-event\"><div class=\"event-list-item-agroup\"><div class=\"event-list-item-categories\"><span class=\"event-list-item-category brown-bag-seminars-en\">Brown Bag Seminars<\/span><\/div><span class=\"event-list-item-date\">03.11.2021 <bdi><\/bdi> 11:00<\/span><\/div><span class=\"event-plus brown-bag-seminars-en\"><\/span><\/div><div class=\"event-list-item-details\"><p class=\"event-list-item-speaker\">Ana Carvalho (U. Minho - NIPE)<\/p><h3 class=\"event-list-item-title\">Validating business models for a digital service platform for the connected 2-wheelers ecosystem<\/h3><p class=\"event-list-item-location\">Campus de Gualtar | EEG - Room -1.26<\/p><\/div><\/a><\/div><\/div><\/div><div class=\"publication-block event-block\"><div class=\"event-list-item\"><div class=\"event-list-item-image\"><img loading=\"lazy\" decoding=\"async\" width=\"150\" height=\"150\" src=\"https:\/\/nipe.eeg.uminho.pt\/wp-content\/uploads\/2021\/05\/IMG_1796-ret-150x150.jpg\" class=\"project-list-item-image wp-post-image\" alt=\"\" \/><\/div><div class=\"event-list-item-content\"><a class=\"event-list-item-link\" href=\"https:\/\/nipe.eeg.uminho.pt\/en\/event\/industrial-policy-design-how-effective-are-booster-shots-of-investment-subsidies-to-firms\/\" title=\"Industrial policy design: how effective are booster shots of investment subsidies to firms?\"><div class=\"event-list-item-event\"><div class=\"event-list-item-agroup\"><div class=\"event-list-item-categories\"><span class=\"event-list-item-category brown-bag-seminars-en\">Brown Bag Seminars<\/span><\/div><span class=\"event-list-item-date\">20.10.2021 <bdi><\/bdi> 11:00<\/span><\/div><span class=\"event-plus brown-bag-seminars-en\"><\/span><\/div><div class=\"event-list-item-details\"><p class=\"event-list-item-speaker\">Miguel Chaves (NIPE) <\/p><h3 class=\"event-list-item-title\">Industrial policy design: how effective are booster shots of investment subsidies to firms?<\/h3><p class=\"event-list-item-location\">Room -1.26 EEG & Online<\/p><\/div><\/a><\/div><\/div><\/div><div class=\"publication-block event-block\"><div class=\"event-list-item\"><div class=\"event-list-item-image\"><img loading=\"lazy\" decoding=\"async\" width=\"150\" height=\"150\" src=\"https:\/\/nipe.eeg.uminho.pt\/wp-content\/uploads\/2021\/05\/odd-150x150.png\" class=\"project-list-item-image wp-post-image\" alt=\"\" \/><\/div><div class=\"event-list-item-content\"><a class=\"event-list-item-link\" href=\"https:\/\/nipe.eeg.uminho.pt\/en\/event\/paying-for-pharmaceuticals-uniform-pricing-versus-two-part-tariffs\/\" title=\"Paying for pharmaceuticals: uniform pricing versus two-part tariffs\"><div class=\"event-list-item-event\"><div class=\"event-list-item-agroup\"><div class=\"event-list-item-categories\"><span class=\"event-list-item-category brown-bag-seminars-en\">Brown Bag Seminars<\/span><\/div><span class=\"event-list-item-date\">06.10.2021 <bdi><\/bdi> 11:00<\/span><\/div><span class=\"event-plus brown-bag-seminars-en\"><\/span><\/div><div class=\"event-list-item-details\"><p class=\"event-list-item-speaker\">Odd Rune Straume (NIPE)<\/p><h3 class=\"event-list-item-title\">Paying for pharmaceuticals: uniform pricing versus two-part tariffs<\/h3><p class=\"event-list-item-location\">Room -1.26 EEG<\/p><\/div><\/a><\/div><\/div><\/div><div class=\"publication-block event-block\"><div class=\"event-list-item\"><div class=\"event-list-item-image\"><img loading=\"lazy\" decoding=\"async\" width=\"150\" height=\"150\" src=\"https:\/\/nipe.eeg.uminho.pt\/wp-content\/uploads\/2020\/11\/B8058-150x150.png\" class=\"project-list-item-image wp-post-image\" alt=\"\" srcset=\"https:\/\/nipe.eeg.uminho.pt\/wp-content\/uploads\/2020\/11\/B8058-150x150.png 150w, https:\/\/nipe.eeg.uminho.pt\/wp-content\/uploads\/2020\/11\/B8058.png 200w\" sizes=\"auto, (max-width: 150px) 100vw, 150px\" \/><\/div><div class=\"event-list-item-content\"><a class=\"event-list-item-link\" href=\"https:\/\/nipe.eeg.uminho.pt\/en\/event\/quality-competition-in-mixed-oligopoly\/\" title=\"Quality competition in mixed oligopoly\"><div class=\"event-list-item-event\"><div class=\"event-list-item-agroup\"><div class=\"event-list-item-categories\"><span class=\"event-list-item-category brown-bag-seminars-en\">Brown Bag Seminars<\/span><\/div><span class=\"event-list-item-date\">22.09.2021 <bdi><\/bdi> 11:00<\/span><\/div><span class=\"event-plus brown-bag-seminars-en\"><\/span><\/div><div class=\"event-list-item-details\"><p class=\"event-list-item-speaker\">Ziad Ghandour (NIPE)<\/p><h3 class=\"event-list-item-title\">Quality competition in mixed oligopoly<\/h3><p class=\"event-list-item-location\">Online<\/p><\/div><\/a><\/div><\/div><\/div><div class=\"publication-block event-block\"><div class=\"event-list-item\"><div class=\"event-list-item-image\"><img loading=\"lazy\" decoding=\"async\" width=\"150\" height=\"150\" src=\"https:\/\/nipe.eeg.uminho.pt\/wp-content\/uploads\/2021\/05\/fernando-alexandre-150x150.png\" class=\"project-list-item-image wp-post-image\" alt=\"\" \/><\/div><div class=\"event-list-item-content\"><a class=\"event-list-item-link\" href=\"https:\/\/nipe.eeg.uminho.pt\/en\/event\/productivity-growth-entrepreneurs-and-business-context\/\" title=\"Productivity growth: entrepreneurs and business context\"><div class=\"event-list-item-event\"><div class=\"event-list-item-agroup\"><div class=\"event-list-item-categories\"><span class=\"event-list-item-category brown-bag-seminars-en\">Brown Bag Seminars<\/span><\/div><span class=\"event-list-item-date\">08.09.2021 <bdi><\/bdi> 11:00<\/span><\/div><span class=\"event-plus brown-bag-seminars-en\"><\/span><\/div><div class=\"event-list-item-details\"><p class=\"event-list-item-speaker\">Fernando Alexandre (NIPE) <\/p><h3 class=\"event-list-item-title\">Productivity growth: entrepreneurs and business context<\/h3><p class=\"event-list-item-location\">Gualtar<\/p><\/div><\/a><\/div><\/div><\/div><div class=\"publication-block event-block\"><div class=\"event-list-item\"><div class=\"event-list-item-image\"><img loading=\"lazy\" decoding=\"async\" width=\"150\" height=\"150\" src=\"https:\/\/nipe.eeg.uminho.pt\/wp-content\/uploads\/2021\/11\/NIPE-logo_rper-150x150.png\" class=\"project-list-item-image wp-post-image\" alt=\"\" srcset=\"https:\/\/nipe.eeg.uminho.pt\/wp-content\/uploads\/2021\/11\/NIPE-logo_rper-150x150.png 150w, https:\/\/nipe.eeg.uminho.pt\/wp-content\/uploads\/2021\/11\/NIPE-logo_rper-300x300.png 300w, https:\/\/nipe.eeg.uminho.pt\/wp-content\/uploads\/2021\/11\/NIPE-logo_rper.png 400w\" sizes=\"auto, (max-width: 150px) 100vw, 150px\" \/><\/div><div class=\"event-list-item-content\"><a class=\"event-list-item-link\" href=\"https:\/\/nipe.eeg.uminho.pt\/en\/event\/nipe-for-sdg-2\/\" title=\"NIPE for SDG\"><div class=\"event-list-item-event\"><div class=\"event-list-item-agroup\"><div class=\"event-list-item-categories\"><span class=\"event-list-item-category brown-bag-seminars-en\">Brown Bag Seminars<\/span><\/div><span class=\"event-list-item-date\">07.07.2021 <bdi><\/bdi> 11:00<\/span><\/div><span class=\"event-plus brown-bag-seminars-en\"><\/span><\/div><div class=\"event-list-item-details\"><p class=\"event-list-item-speaker\">Diogo Ferreira, Cristiana Gi\u00e3o, N\u00e1dia Oliveira, Tiago Ribeiro &amp; Sara Vieira (Bolseiros de Inicia\u00e7\u00e3o \u00e0 Investiga\u00e7\u00e3o)<\/p><h3 class=\"event-list-item-title\">NIPE for SDG<\/h3><p class=\"event-list-item-location\">Online<\/p><\/div><\/a><\/div><\/div><\/div><div class=\"publication-block event-block\"><div class=\"event-list-item\"><div class=\"event-list-item-image\"><img loading=\"lazy\" decoding=\"async\" width=\"150\" height=\"150\" src=\"https:\/\/nipe.eeg.uminho.pt\/wp-content\/uploads\/2020\/11\/B8058-150x150.png\" class=\"project-list-item-image wp-post-image\" alt=\"\" srcset=\"https:\/\/nipe.eeg.uminho.pt\/wp-content\/uploads\/2020\/11\/B8058-150x150.png 150w, https:\/\/nipe.eeg.uminho.pt\/wp-content\/uploads\/2020\/11\/B8058.png 200w\" sizes=\"auto, (max-width: 150px) 100vw, 150px\" \/><\/div><div class=\"event-list-item-content\"><a class=\"event-list-item-link\" href=\"https:\/\/nipe.eeg.uminho.pt\/en\/event\/investment-and-quality-competition-in-healthcare-markets\/\" title=\"Investment and Quality Competition in Healthcare Markets\"><div class=\"event-list-item-event\"><div class=\"event-list-item-agroup\"><div class=\"event-list-item-categories\"><span class=\"event-list-item-category brown-bag-seminars-en\">Brown Bag Seminars<\/span><\/div><span class=\"event-list-item-date\">30.06.2021 <bdi><\/bdi> 11:00<\/span><\/div><span class=\"event-plus brown-bag-seminars-en\"><\/span><\/div><div class=\"event-list-item-details\"><p class=\"event-list-item-speaker\">Ziad Ghandour (NIPE)<\/p><h3 class=\"event-list-item-title\">Investment and Quality Competition in Healthcare Markets<\/h3><p class=\"event-list-item-location\">Online<\/p><\/div><\/a><\/div><\/div><\/div><div class=\"publication-block event-block\"><div class=\"event-list-item\"><div class=\"event-list-item-image\"><img loading=\"lazy\" decoding=\"async\" width=\"150\" height=\"150\" src=\"https:\/\/nipe.eeg.uminho.pt\/wp-content\/uploads\/2021\/05\/JC-150x150.jpg\" class=\"project-list-item-image wp-post-image\" alt=\"\" srcset=\"https:\/\/nipe.eeg.uminho.pt\/wp-content\/uploads\/2021\/05\/JC-150x150.jpg 150w, https:\/\/nipe.eeg.uminho.pt\/wp-content\/uploads\/2021\/05\/JC.jpg 200w\" sizes=\"auto, (max-width: 150px) 100vw, 150px\" \/><\/div><div class=\"event-list-item-content\"><a class=\"event-list-item-link\" href=\"https:\/\/nipe.eeg.uminho.pt\/en\/event\/structural-change-in-human-capital-and-sectoral-specialization\/\" title=\"Structural change in human capital and sectoral specialization\"><div class=\"event-list-item-event\"><div class=\"event-list-item-agroup\"><div class=\"event-list-item-categories\"><span class=\"event-list-item-category brown-bag-seminars-en\">Brown Bag Seminars<\/span><\/div><span class=\"event-list-item-date\">02.06.2021 <bdi><\/bdi> 11:00<\/span><\/div><span class=\"event-plus brown-bag-seminars-en\"><\/span><\/div><div class=\"event-list-item-details\"><p class=\"event-list-item-speaker\">Joana Cima (NIPE)<\/p><h3 class=\"event-list-item-title\">Structural change in human capital and sectoral specialization<\/h3><p class=\"event-list-item-location\">Online<\/p><\/div><\/a><\/div><\/div><\/div><div class=\"publication-block event-block\"><div class=\"event-list-item\"><div class=\"event-list-item-image\"><img loading=\"lazy\" decoding=\"async\" width=\"150\" height=\"150\" src=\"https:\/\/nipe.eeg.uminho.pt\/wp-content\/uploads\/2021\/06\/Felicidades-meu-amo-18-150x150.png\" class=\"project-list-item-image wp-post-image\" alt=\"\" srcset=\"https:\/\/nipe.eeg.uminho.pt\/wp-content\/uploads\/2021\/06\/Felicidades-meu-amo-18-150x150.png 150w, https:\/\/nipe.eeg.uminho.pt\/wp-content\/uploads\/2021\/06\/Felicidades-meu-amo-18-300x300.png 300w, https:\/\/nipe.eeg.uminho.pt\/wp-content\/uploads\/2021\/06\/Felicidades-meu-amo-18-1024x1024.png 1024w, https:\/\/nipe.eeg.uminho.pt\/wp-content\/uploads\/2021\/06\/Felicidades-meu-amo-18.png 1080w\" sizes=\"auto, (max-width: 150px) 100vw, 150px\" \/><\/div><div class=\"event-list-item-content\"><a class=\"event-list-item-link\" href=\"https:\/\/nipe.eeg.uminho.pt\/en\/event\/monetary-policy-announcements-and-firms-and-consumers-expectations-the-key-role-of-media-treatment-2\/\" title=\"Monetary policy announcements and firms and consumers&#8217; expectations: the key role of media treatment\"><div class=\"event-list-item-event\"><div class=\"event-list-item-agroup\"><div class=\"event-list-item-categories\"><span class=\"event-list-item-category brown-bag-seminars-en\">Brown Bag Seminars<\/span><\/div><span class=\"event-list-item-date\">26.05.2021 <bdi><\/bdi> 11:00<\/span><\/div><span class=\"event-plus brown-bag-seminars-en\"><\/span><\/div><div class=\"event-list-item-details\"><p class=\"event-list-item-speaker\">Julien Pinter (NIPE)<\/p><h3 class=\"event-list-item-title\">Monetary policy announcements and firms and consumers&#8217; expectations: the key role of media treatment<\/h3><p class=\"event-list-item-location\">Online<\/p><\/div><\/a><\/div><\/div><\/div><div class=\"publication-block event-block\"><div class=\"event-list-item\"><div class=\"event-list-item-image\"><img loading=\"lazy\" decoding=\"async\" width=\"150\" height=\"150\" src=\"https:\/\/nipe.eeg.uminho.pt\/wp-content\/uploads\/2021\/03\/helia-photo-150x150.jpg\" class=\"project-list-item-image wp-post-image\" alt=\"\" \/><\/div><div class=\"event-list-item-content\"><a class=\"event-list-item-link\" href=\"https:\/\/nipe.eeg.uminho.pt\/en\/event\/on-the-heresthetics-of-salience-competing-over-voters-attention\/\" title=\"On the heresthetics of salience: competing over voters\u2019 attention\"><div class=\"event-list-item-event\"><div class=\"event-list-item-agroup\"><div class=\"event-list-item-categories\"><span class=\"event-list-item-category brown-bag-seminars-en\">Brown Bag Seminars<\/span><\/div><span class=\"event-list-item-date\">17.03.2021 <bdi><\/bdi> 11:00<\/span><\/div><span class=\"event-plus brown-bag-seminars-en\"><\/span><\/div><div class=\"event-list-item-details\"><p class=\"event-list-item-speaker\">H\u00e9lia Marreiros (NIPE)<\/p><h3 class=\"event-list-item-title\">On the heresthetics of salience: competing over voters\u2019 attention<\/h3><p class=\"event-list-item-location\">Online<\/p><\/div><\/a><\/div><\/div><\/div><div class=\"publication-block event-block\"><div class=\"event-list-item\"><div class=\"event-list-item-image\"><img loading=\"lazy\" decoding=\"async\" width=\"150\" height=\"150\" src=\"https:\/\/nipe.eeg.uminho.pt\/wp-content\/uploads\/2020\/11\/D2353-150x150.png\" class=\"project-list-item-image wp-post-image\" alt=\"\" srcset=\"https:\/\/nipe.eeg.uminho.pt\/wp-content\/uploads\/2020\/11\/D2353-150x150.png 150w, https:\/\/nipe.eeg.uminho.pt\/wp-content\/uploads\/2020\/11\/D2353.png 200w\" sizes=\"auto, (max-width: 150px) 100vw, 150px\" \/><\/div><div class=\"event-list-item-content\"><a class=\"event-list-item-link\" href=\"https:\/\/nipe.eeg.uminho.pt\/en\/event\/the-phillips-curve-at-60-time-for-time-and-frequency\/\" title=\"The Phillips Curve at 60: time for time and frequency\"><div class=\"event-list-item-event\"><div class=\"event-list-item-agroup\"><div class=\"event-list-item-categories\"><span class=\"event-list-item-category brown-bag-seminars-en\">Brown Bag Seminars<\/span><\/div><span class=\"event-list-item-date\">03.03.2021 <bdi><\/bdi> 11:00<\/span><\/div><span class=\"event-plus brown-bag-seminars-en\"><\/span><\/div><div class=\"event-list-item-details\"><p class=\"event-list-item-speaker\">Lu\u00eds Aguiar-Conraria (NIPE)<\/p><h3 class=\"event-list-item-title\">The Phillips Curve at 60: time for time and frequency<\/h3><p class=\"event-list-item-location\">Online<\/p><\/div><\/a><\/div><\/div><\/div><div class=\"publication-block event-block\"><div class=\"event-list-item\"><div class=\"event-list-item-image\"><img loading=\"lazy\" decoding=\"async\" width=\"150\" height=\"150\" src=\"https:\/\/nipe.eeg.uminho.pt\/wp-content\/uploads\/2021\/02\/Tanveer-150x150.jpg\" class=\"project-list-item-image wp-post-image\" alt=\"\" \/><\/div><div class=\"event-list-item-content\"><a class=\"event-list-item-link\" href=\"https:\/\/nipe.eeg.uminho.pt\/en\/event\/portability-of-firm-corporate-governance-in-mergers-and-acquisitions\/\" title=\"Portability of firm corporate governance in Mergers and Acquisitions\"><div class=\"event-list-item-event\"><div class=\"event-list-item-agroup\"><div class=\"event-list-item-categories\"><span class=\"event-list-item-category brown-bag-seminars-en\">Brown Bag Seminars<\/span><\/div><span class=\"event-list-item-date\">17.02.2021 <bdi><\/bdi> 11:00<\/span><\/div><span class=\"event-plus brown-bag-seminars-en\"><\/span><\/div><div class=\"event-list-item-details\"><p class=\"event-list-item-speaker\">Hussein Tanveer (NIPE)<\/p><h3 class=\"event-list-item-title\">Portability of firm corporate governance in Mergers and Acquisitions<\/h3><p class=\"event-list-item-location\">Online<\/p><\/div><\/a><\/div><\/div><\/div><\/div><div id=\"events-brown-bag-seminars-en-2020\" role=\"tabpanel\" class=\"tabs-pane fade\"><div class=\"publication-block event-block\"><div class=\"event-list-item\"><div class=\"event-list-item-image\"><img loading=\"lazy\" decoding=\"async\" width=\"150\" height=\"150\" src=\"https:\/\/nipe.eeg.uminho.pt\/wp-content\/uploads\/2020\/11\/Susana_Campos-Martins-150x150.png\" class=\"project-list-item-image wp-post-image\" alt=\"\" srcset=\"https:\/\/nipe.eeg.uminho.pt\/wp-content\/uploads\/2020\/11\/Susana_Campos-Martins-150x150.png 150w, https:\/\/nipe.eeg.uminho.pt\/wp-content\/uploads\/2020\/11\/Susana_Campos-Martins.png 200w\" sizes=\"auto, (max-width: 150px) 100vw, 150px\" \/><\/div><div class=\"event-list-item-content\"><a class=\"event-list-item-link\" href=\"https:\/\/nipe.eeg.uminho.pt\/en\/event\/measuring-and-hedging-geopolitical-risk\/\" title=\"Measuring and Hedging Geopolitical Risk\"><div class=\"event-list-item-event\"><div class=\"event-list-item-agroup\"><div class=\"event-list-item-categories\"><span class=\"event-list-item-category brown-bag-seminars-en\">Brown Bag Seminars<\/span><\/div><span class=\"event-list-item-date\">16.12.2020 <bdi><\/bdi> 11:00<\/span><\/div><span class=\"event-plus brown-bag-seminars-en\"><\/span><\/div><div class=\"event-list-item-details\"><p class=\"event-list-item-speaker\">Susana Martins (NIPE)<\/p><h3 class=\"event-list-item-title\">Measuring and Hedging Geopolitical Risk<\/h3><p class=\"event-list-item-location\">EEG - Room -1.27<\/p><\/div><\/a><\/div><\/div><\/div><div class=\"publication-block event-block\"><div class=\"event-list-item\"><div class=\"event-list-item-image\"><img loading=\"lazy\" decoding=\"async\" width=\"150\" height=\"150\" src=\"https:\/\/nipe.eeg.uminho.pt\/wp-content\/uploads\/2020\/11\/ImagemEvento3-150x150.png\" class=\"project-list-item-image wp-post-image\" alt=\"\" \/><\/div><div class=\"event-list-item-content\"><a class=\"event-list-item-link\" href=\"https:\/\/nipe.eeg.uminho.pt\/en\/event\/brown-bag-webinar-with-sonia-silva-nipe\/\" title=\"BROWN BAG WEBINAR WITH S\u00d3NIA SILVA (NIPE)\"><div class=\"event-list-item-event\"><div class=\"event-list-item-agroup\"><div class=\"event-list-item-categories\"><span class=\"event-list-item-category brown-bag-seminars-en\">Brown Bag Seminars<\/span><\/div><span class=\"event-list-item-date\">02.12.2020 <bdi><\/bdi> 13:15<\/span><\/div><span class=\"event-plus brown-bag-seminars-en\"><\/span><\/div><div class=\"event-list-item-details\"><p class=\"event-list-item-speaker\"><\/p><h3 class=\"event-list-item-title\">BROWN BAG WEBINAR WITH S\u00d3NIA SILVA (NIPE)<\/h3><p class=\"event-list-item-location\">Online<\/p><\/div><\/a><\/div><\/div><\/div><div class=\"publication-block event-block\"><div class=\"event-list-item\"><div class=\"event-list-item-image\"><img loading=\"lazy\" decoding=\"async\" width=\"150\" height=\"150\" src=\"https:\/\/nipe.eeg.uminho.pt\/wp-content\/uploads\/2020\/12\/SS-150x150.jpg\" class=\"project-list-item-image wp-post-image\" alt=\"\" srcset=\"https:\/\/nipe.eeg.uminho.pt\/wp-content\/uploads\/2020\/12\/SS-150x150.jpg 150w, https:\/\/nipe.eeg.uminho.pt\/wp-content\/uploads\/2020\/12\/SS.jpg 200w\" sizes=\"auto, (max-width: 150px) 100vw, 150px\" \/><\/div><div class=\"event-list-item-content\"><a class=\"event-list-item-link\" href=\"https:\/\/nipe.eeg.uminho.pt\/en\/event\/the-wealth-effects-of-takeover-bids-regulation-in-the-european-union\/\" title=\"The Wealth Effects of Takeover Bids Regulation in the European Union\"><div class=\"event-list-item-event\"><div class=\"event-list-item-agroup\"><div class=\"event-list-item-categories\"><span class=\"event-list-item-category brown-bag-seminars-en\">Brown Bag Seminars<\/span><\/div><span class=\"event-list-item-date\">02.12.2020 <bdi><\/bdi> 13:15<\/span><\/div><span class=\"event-plus brown-bag-seminars-en\"><\/span><\/div><div class=\"event-list-item-details\"><p class=\"event-list-item-speaker\">S\u00f3nia Silva (NIPE)<\/p><h3 class=\"event-list-item-title\">The Wealth Effects of Takeover Bids Regulation in the European Union<\/h3><p class=\"event-list-item-location\">Online<\/p><\/div><\/a><\/div><\/div><\/div><div class=\"publication-block event-block\"><div class=\"event-list-item\"><div class=\"event-list-item-image\"><img loading=\"lazy\" decoding=\"async\" width=\"150\" height=\"150\" src=\"https:\/\/nipe.eeg.uminho.pt\/wp-content\/uploads\/2020\/11\/SC-150x150.jpg\" class=\"project-list-item-image wp-post-image\" alt=\"\" srcset=\"https:\/\/nipe.eeg.uminho.pt\/wp-content\/uploads\/2020\/11\/SC-150x150.jpg 150w, https:\/\/nipe.eeg.uminho.pt\/wp-content\/uploads\/2020\/11\/SC.jpg 200w\" sizes=\"auto, (max-width: 150px) 100vw, 150px\" \/><\/div><div class=\"event-list-item-content\"><a class=\"event-list-item-link\" href=\"https:\/\/nipe.eeg.uminho.pt\/en\/event\/financial-distress-and-the-role-of-management-in-micro-and-small-sized-firms\/\" title=\"Financial Distress and the Role of Management in Micro and Small-Sized Firms\"><div class=\"event-list-item-event\"><div class=\"event-list-item-agroup\"><div class=\"event-list-item-categories\"><span class=\"event-list-item-category brown-bag-seminars-en\">Brown Bag Seminars<\/span><\/div><span class=\"event-list-item-date\">18.11.2020 <bdi><\/bdi> 13:15<\/span><\/div><span class=\"event-plus brown-bag-seminars-en\"><\/span><\/div><div class=\"event-list-item-details\"><p class=\"event-list-item-speaker\">Sara Cruz (NIPE)<\/p><h3 class=\"event-list-item-title\">Financial Distress and the Role of Management in Micro and Small-Sized Firms<\/h3><p class=\"event-list-item-location\">Online<\/p><\/div><\/a><\/div><\/div><\/div><div class=\"publication-block event-block\"><div class=\"event-list-item\"><div class=\"event-list-item-image\"><img loading=\"lazy\" decoding=\"async\" width=\"150\" height=\"150\" src=\"https:\/\/nipe.eeg.uminho.pt\/wp-content\/uploads\/2020\/10\/ls-150x150.jpg\" class=\"project-list-item-image wp-post-image\" alt=\"\" srcset=\"https:\/\/nipe.eeg.uminho.pt\/wp-content\/uploads\/2020\/10\/ls-150x150.jpg 150w, https:\/\/nipe.eeg.uminho.pt\/wp-content\/uploads\/2020\/10\/ls.jpg 200w\" sizes=\"auto, (max-width: 150px) 100vw, 150px\" \/><\/div><div class=\"event-list-item-content\"><a class=\"event-list-item-link\" href=\"https:\/\/nipe.eeg.uminho.pt\/en\/event\/quality-provision-in-hospital-markets-with-demand-inertia-the-role-of-patient-expectations\/\" title=\"Quality provision in hospital markets with demand inertia: The role of patient expectations\"><div class=\"event-list-item-event\"><div class=\"event-list-item-agroup\"><div class=\"event-list-item-categories\"><span class=\"event-list-item-category brown-bag-seminars-en\">Brown Bag Seminars<\/span><\/div><span class=\"event-list-item-date\">21.10.2020 <bdi><\/bdi> 13:15<\/span><\/div><span class=\"event-plus brown-bag-seminars-en\"><\/span><\/div><div class=\"event-list-item-details\"><p class=\"event-list-item-speaker\">Lu\u00eds S\u00e1 (NIPE)<\/p><h3 class=\"event-list-item-title\">Quality provision in hospital markets with demand inertia: The role of patient expectations<\/h3><p class=\"event-list-item-location\">Online<\/p><\/div><\/a><\/div><\/div><\/div><div class=\"publication-block event-block\"><div class=\"event-list-item\"><div class=\"event-list-item-image\"><img loading=\"lazy\" decoding=\"async\" width=\"150\" height=\"150\" src=\"https:\/\/nipe.eeg.uminho.pt\/wp-content\/uploads\/2021\/02\/D2231-150x150.png\" class=\"project-list-item-image wp-post-image\" alt=\"\" srcset=\"https:\/\/nipe.eeg.uminho.pt\/wp-content\/uploads\/2021\/02\/D2231-150x150.png 150w, https:\/\/nipe.eeg.uminho.pt\/wp-content\/uploads\/2021\/02\/D2231.png 200w\" sizes=\"auto, (max-width: 150px) 100vw, 150px\" \/><\/div><div class=\"event-list-item-content\"><a class=\"event-list-item-link\" href=\"https:\/\/nipe.eeg.uminho.pt\/en\/event\/multiplicative-nonstationary-volatility-models-with-exogenous-information\/\" title=\"Multiplicative Nonstationary Volatility Models with Exogenous Information\"><div class=\"event-list-item-event\"><div class=\"event-list-item-agroup\"><div class=\"event-list-item-categories\"><span class=\"event-list-item-category brown-bag-seminars-en\">Brown Bag Seminars<\/span><\/div><span class=\"event-list-item-date\">15.07.2020 <bdi><\/bdi> 14:30<\/span><\/div><span class=\"event-plus brown-bag-seminars-en\"><\/span><\/div><div class=\"event-list-item-details\"><p class=\"event-list-item-speaker\">Cristina Amado (NIPE)<\/p><h3 class=\"event-list-item-title\">Multiplicative Nonstationary Volatility Models with Exogenous Information<\/h3><p class=\"event-list-item-location\">EEG - Room 0.31 and Online<\/p><\/div><\/a><\/div><\/div><\/div><div class=\"publication-block event-block\"><div class=\"event-list-item\"><div class=\"event-list-item-image\"><img loading=\"lazy\" decoding=\"async\" width=\"150\" height=\"150\" src=\"https:\/\/nipe.eeg.uminho.pt\/wp-content\/uploads\/2020\/11\/D732-150x150.png\" class=\"project-list-item-image wp-post-image\" alt=\"\" srcset=\"https:\/\/nipe.eeg.uminho.pt\/wp-content\/uploads\/2020\/11\/D732-150x150.png 150w, https:\/\/nipe.eeg.uminho.pt\/wp-content\/uploads\/2020\/11\/D732.png 200w\" sizes=\"auto, (max-width: 150px) 100vw, 150px\" \/><\/div><div class=\"event-list-item-content\"><a class=\"event-list-item-link\" href=\"https:\/\/nipe.eeg.uminho.pt\/en\/event\/the-work-values-of-portuguese-generation-z-in-the-school-to-work-transition-phase\/\" title=\"The Work Values of Portuguese Generation Z in the school- to-work transition phase\"><div class=\"event-list-item-event\"><div class=\"event-list-item-agroup\"><div class=\"event-list-item-categories\"><span class=\"event-list-item-category brown-bag-seminars-en\">Brown Bag Seminars<\/span><\/div><span class=\"event-list-item-date\">26.02.2020 <bdi><\/bdi> 13:15<\/span><\/div><span class=\"event-plus brown-bag-seminars-en\"><\/span><\/div><div class=\"event-list-item-details\"><p class=\"event-list-item-speaker\">Ana Carvalho (NIPE)<\/p><h3 class=\"event-list-item-title\">The Work Values of Portuguese Generation Z in the school- to-work transition phase<\/h3><p class=\"event-list-item-location\">EEG - Room 0.04<\/p><\/div><\/a><\/div><\/div><\/div><div class=\"publication-block event-block\"><div class=\"event-list-item\"><div class=\"event-list-item-image\"><img loading=\"lazy\" decoding=\"async\" width=\"150\" height=\"150\" src=\"https:\/\/nipe.eeg.uminho.pt\/wp-content\/uploads\/2020\/02\/R-150x150.jpg\" class=\"project-list-item-image wp-post-image\" alt=\"\" \/><\/div><div class=\"event-list-item-content\"><a class=\"event-list-item-link\" href=\"https:\/\/nipe.eeg.uminho.pt\/en\/event\/reputational-effects-in-sovereign-rating-phases\/\" title=\"Reputational effects in sovereign rating phases\"><div class=\"event-list-item-event\"><div class=\"event-list-item-agroup\"><div class=\"event-list-item-categories\"><span class=\"event-list-item-category brown-bag-seminars-en\">Brown Bag Seminars<\/span><\/div><span class=\"event-list-item-date\">19.02.2020 <bdi><\/bdi> 13:15<\/span><\/div><span class=\"event-plus brown-bag-seminars-en\"><\/span><\/div><div class=\"event-list-item-details\"><p class=\"event-list-item-speaker\">Ricardo Sousa (NIPE)<\/p><h3 class=\"event-list-item-title\">Reputational effects in sovereign rating phases<\/h3><p class=\"event-list-item-location\">EEG - Room 0.04<\/p><\/div><\/a><\/div><\/div><\/div><div class=\"publication-block event-block\"><div class=\"event-list-item\"><div class=\"event-list-item-image\"><img loading=\"lazy\" decoding=\"async\" width=\"150\" height=\"150\" src=\"https:\/\/nipe.eeg.uminho.pt\/wp-content\/uploads\/2020\/02\/HC-150x150.jpg\" class=\"project-list-item-image wp-post-image\" alt=\"\" srcset=\"https:\/\/nipe.eeg.uminho.pt\/wp-content\/uploads\/2020\/02\/HC-150x150.jpg 150w, https:\/\/nipe.eeg.uminho.pt\/wp-content\/uploads\/2020\/02\/HC.jpg 200w\" sizes=\"auto, (max-width: 150px) 100vw, 150px\" \/><\/div><div class=\"event-list-item-content\"><a class=\"event-list-item-link\" href=\"https:\/\/nipe.eeg.uminho.pt\/en\/event\/minimum-wage-and-financially-distressed-firms-another-one-bites-the-dust\/\" title=\"Minimum wage and financially distressed firms: another one bites the dust\"><div class=\"event-list-item-event\"><div class=\"event-list-item-agroup\"><div class=\"event-list-item-categories\"><span class=\"event-list-item-category brown-bag-seminars-en\">Brown Bag Seminars<\/span><\/div><span class=\"event-list-item-date\">12.02.2020 <bdi><\/bdi> 00:45<\/span><\/div><span class=\"event-plus brown-bag-seminars-en\"><\/span><\/div><div class=\"event-list-item-details\"><p class=\"event-list-item-speaker\">H\u00e9lder Costa<\/p><h3 class=\"event-list-item-title\">Minimum wage and financially distressed firms: another one bites the dust<\/h3><p class=\"event-list-item-location\">EEG - Room 0.04<\/p><\/div><\/a><\/div><\/div><\/div><\/div><div id=\"events-brown-bag-seminars-en-2019\" role=\"tabpanel\" class=\"tabs-pane fade\"><div class=\"publication-block event-block\"><div class=\"event-list-item\"><div class=\"event-list-item-image\"><img loading=\"lazy\" decoding=\"async\" width=\"150\" height=\"150\" src=\"https:\/\/nipe.eeg.uminho.pt\/wp-content\/uploads\/2020\/11\/D1053-1-150x150.png\" class=\"project-list-item-image wp-post-image\" alt=\"\" srcset=\"https:\/\/nipe.eeg.uminho.pt\/wp-content\/uploads\/2020\/11\/D1053-1-150x150.png 150w, https:\/\/nipe.eeg.uminho.pt\/wp-content\/uploads\/2020\/11\/D1053-1.png 200w\" sizes=\"auto, (max-width: 150px) 100vw, 150px\" \/><\/div><div class=\"event-list-item-content\"><a class=\"event-list-item-link\" href=\"https:\/\/nipe.eeg.uminho.pt\/en\/event\/does-remote-work-improve-or-impair-firm-productivity-longitudinal-evidence-from-portugal\/\" title=\"Does Remote Work Improve Or Impair Firm Productivity? Longitudinal Evidence From Portugal\"><div class=\"event-list-item-event\"><div class=\"event-list-item-agroup\"><div class=\"event-list-item-categories\"><span class=\"event-list-item-category brown-bag-seminars-en\">Brown Bag Seminars<\/span><\/div><span class=\"event-list-item-date\">11.09.2019 <bdi><\/bdi> 13:15<\/span><\/div><span class=\"event-plus brown-bag-seminars-en\"><\/span><\/div><div class=\"event-list-item-details\"><p class=\"event-list-item-speaker\">Nat\u00e1lia Monteiro (NIPE)<\/p><h3 class=\"event-list-item-title\">Does Remote Work Improve Or Impair Firm Productivity? Longitudinal Evidence From Portugal<\/h3><p class=\"event-list-item-location\">Campus de Gualtar | EEG - Room 0.04<\/p><\/div><\/a><\/div><\/div><\/div><div class=\"publication-block event-block\"><div class=\"event-list-item\"><div class=\"event-list-item-image\"><img loading=\"lazy\" decoding=\"async\" width=\"150\" height=\"150\" src=\"https:\/\/nipe.eeg.uminho.pt\/wp-content\/uploads\/2019\/09\/CO-150x150.jpg\" class=\"project-list-item-image wp-post-image\" alt=\"\" srcset=\"https:\/\/nipe.eeg.uminho.pt\/wp-content\/uploads\/2019\/09\/CO-150x150.jpg 150w, https:\/\/nipe.eeg.uminho.pt\/wp-content\/uploads\/2019\/09\/CO.jpg 200w\" sizes=\"auto, (max-width: 150px) 100vw, 150px\" \/><\/div><div class=\"event-list-item-content\"><a class=\"event-list-item-link\" href=\"https:\/\/nipe.eeg.uminho.pt\/en\/event\/management-control-the-importance-towards-smes-success\/\" title=\"Management Control The Importance Towards SME\u2019s Success\"><div class=\"event-list-item-event\"><div class=\"event-list-item-agroup\"><div class=\"event-list-item-categories\"><span class=\"event-list-item-category brown-bag-seminars-en\">Brown Bag Seminars<\/span><\/div><span class=\"event-list-item-date\">04.09.2019 <bdi><\/bdi> 13:15<\/span><\/div><span class=\"event-plus brown-bag-seminars-en\"><\/span><\/div><div class=\"event-list-item-details\"><p class=\"event-list-item-speaker\">Cid\u00e1lia Oliveira (NIPE)<\/p><h3 class=\"event-list-item-title\">Management Control The Importance Towards SME\u2019s Success<\/h3><p class=\"event-list-item-location\">Campus de Gualtar | EEG - Room 0.04<\/p><\/div><\/a><\/div><\/div><\/div><div class=\"publication-block event-block\"><div class=\"event-list-item\"><div class=\"event-list-item-image\"><img loading=\"lazy\" decoding=\"async\" width=\"150\" height=\"150\" src=\"https:\/\/nipe.eeg.uminho.pt\/wp-content\/uploads\/2020\/11\/Kayode__Taiwo-150x150.png\" class=\"project-list-item-image wp-post-image\" alt=\"\" srcset=\"https:\/\/nipe.eeg.uminho.pt\/wp-content\/uploads\/2020\/11\/Kayode__Taiwo-150x150.png 150w, https:\/\/nipe.eeg.uminho.pt\/wp-content\/uploads\/2020\/11\/Kayode__Taiwo.png 200w\" sizes=\"auto, (max-width: 150px) 100vw, 150px\" \/><\/div><div class=\"event-list-item-content\"><a class=\"event-list-item-link\" href=\"https:\/\/nipe.eeg.uminho.pt\/en\/event\/is-there-an-invisible-hand-in-the-formula-based-intergovernmental-transfers-in-nigeria\/\" title=\"Is there an \u201cinvisible hand\u201d in the formula-based intergovernmental transfers in Nigeria?\"><div class=\"event-list-item-event\"><div class=\"event-list-item-agroup\"><div class=\"event-list-item-categories\"><span class=\"event-list-item-category brown-bag-seminars-en\">Brown Bag Seminars<\/span><\/div><span class=\"event-list-item-date\">29.05.2019 <bdi><\/bdi> 13:15<\/span><\/div><span class=\"event-plus brown-bag-seminars-en\"><\/span><\/div><div class=\"event-list-item-details\"><p class=\"event-list-item-speaker\">Kayode Taiwo (NIPE)<\/p><h3 class=\"event-list-item-title\">Is there an \u201cinvisible hand\u201d in the formula-based intergovernmental transfers in Nigeria?<\/h3><p class=\"event-list-item-location\">Campus de Gualtar | EEG - Room 0.04<\/p><\/div><\/a><\/div><\/div><\/div><div class=\"publication-block event-block\"><div class=\"event-list-item\"><div class=\"event-list-item-image\"><img loading=\"lazy\" decoding=\"async\" width=\"150\" height=\"150\" src=\"https:\/\/nipe.eeg.uminho.pt\/wp-content\/uploads\/2020\/11\/Susana_Campos-Martins-150x150.png\" class=\"project-list-item-image wp-post-image\" alt=\"\" srcset=\"https:\/\/nipe.eeg.uminho.pt\/wp-content\/uploads\/2020\/11\/Susana_Campos-Martins-150x150.png 150w, https:\/\/nipe.eeg.uminho.pt\/wp-content\/uploads\/2020\/11\/Susana_Campos-Martins.png 200w\" sizes=\"auto, (max-width: 150px) 100vw, 150px\" \/><\/div><div class=\"event-list-item-content\"><a class=\"event-list-item-link\" href=\"https:\/\/nipe.eeg.uminho.pt\/en\/event\/volatility-interactions-in-multivariate-garch-models-with-multiplicative-decomposition\/\" title=\"Volatility Interactions in Multivariate GARCH Models with Multiplicative Decomposition\"><div class=\"event-list-item-event\"><div class=\"event-list-item-agroup\"><div class=\"event-list-item-categories\"><span class=\"event-list-item-category brown-bag-seminars-en\">Brown Bag Seminars<\/span><\/div><span class=\"event-list-item-date\">17.04.2019 <bdi><\/bdi> 13:15<\/span><\/div><span class=\"event-plus brown-bag-seminars-en\"><\/span><\/div><div class=\"event-list-item-details\"><p class=\"event-list-item-speaker\">Susana Martins (NIPE)<\/p><h3 class=\"event-list-item-title\">Volatility Interactions in Multivariate GARCH Models with Multiplicative Decomposition<\/h3><p class=\"event-list-item-location\">Sala 0.04, EEG<\/p><\/div><\/a><\/div><\/div><\/div><div class=\"publication-block event-block\"><div class=\"event-list-item\"><div class=\"event-list-item-image\"><img loading=\"lazy\" decoding=\"async\" width=\"150\" height=\"150\" src=\"https:\/\/nipe.eeg.uminho.pt\/wp-content\/uploads\/2020\/11\/B8058-150x150.png\" class=\"project-list-item-image wp-post-image\" alt=\"\" srcset=\"https:\/\/nipe.eeg.uminho.pt\/wp-content\/uploads\/2020\/11\/B8058-150x150.png 150w, https:\/\/nipe.eeg.uminho.pt\/wp-content\/uploads\/2020\/11\/B8058.png 200w\" sizes=\"auto, (max-width: 150px) 100vw, 150px\" \/><\/div><div class=\"event-list-item-content\"><a class=\"event-list-item-link\" href=\"https:\/\/nipe.eeg.uminho.pt\/en\/event\/public-private-competition-in-regulated-markets\/\" title=\"Public-Private Competition in Regulated Markets\"><div class=\"event-list-item-event\"><div class=\"event-list-item-agroup\"><div class=\"event-list-item-categories\"><span class=\"event-list-item-category brown-bag-seminars-en\">Brown Bag Seminars<\/span><\/div><span class=\"event-list-item-date\">30.01.2019 <bdi><\/bdi> 13:15<\/span><\/div><span class=\"event-plus brown-bag-seminars-en\"><\/span><\/div><div class=\"event-list-item-details\"><p class=\"event-list-item-speaker\">Ziad Ghandour (NIPE)<\/p><h3 class=\"event-list-item-title\">Public-Private Competition in Regulated Markets<\/h3><p class=\"event-list-item-location\">EEG - Room 0.04<\/p><\/div><\/a><\/div><\/div><\/div><\/div><div id=\"events-brown-bag-seminars-en-2018\" role=\"tabpanel\" class=\"tabs-pane fade\"><div class=\"publication-block event-block\"><div class=\"event-list-item\"><div class=\"event-list-item-image\"><img loading=\"lazy\" decoding=\"async\" width=\"150\" height=\"150\" src=\"https:\/\/nipe.eeg.uminho.pt\/wp-content\/uploads\/2021\/05\/ImagemEvento-_8_-1-150x150.jpg\" class=\"project-list-item-image wp-post-image\" alt=\"\" \/><\/div><div class=\"event-list-item-content\"><a class=\"event-list-item-link\" href=\"https:\/\/nipe.eeg.uminho.pt\/en\/event\/__trashed-63\/\" title=\"Dynamic Hospital Competition under Rationing by Waiting Times\"><div class=\"event-list-item-event\"><div class=\"event-list-item-agroup\"><div class=\"event-list-item-categories\"><span class=\"event-list-item-category brown-bag-seminars-en\">Brown Bag Seminars<\/span><\/div><span class=\"event-list-item-date\">28.11.2018 <bdi><\/bdi> 13:30<\/span><\/div><span class=\"event-plus brown-bag-seminars-en\"><\/span><\/div><div class=\"event-list-item-details\"><p class=\"event-list-item-speaker\">Lu\u00eds S\u00e1 (NIPE)<\/p><h3 class=\"event-list-item-title\">Dynamic Hospital Competition under Rationing by Waiting Times<\/h3><p class=\"event-list-item-location\">Campus de Gualtar | EEG - Room 0.04<\/p><\/div><\/a><\/div><\/div><\/div><div class=\"publication-block event-block\"><div class=\"event-list-item\"><div class=\"event-list-item-image\"><img loading=\"lazy\" decoding=\"async\" width=\"150\" height=\"150\" src=\"https:\/\/nipe.eeg.uminho.pt\/wp-content\/uploads\/2021\/05\/nipe-odd-straume-1-150x150.jpg\" class=\"project-list-item-image wp-post-image\" alt=\"\" \/><\/div><div class=\"event-list-item-content\"><a class=\"event-list-item-link\" href=\"https:\/\/nipe.eeg.uminho.pt\/en\/event\/how-does-the-type-of-remuneration-affect-physician-behaviour-fixed-salary-versus-fee-for-service\/\" title=\"How does the type of remuneration affect physician behaviour? Fixed salary versus fee-for-service.\"><div class=\"event-list-item-event\"><div class=\"event-list-item-agroup\"><div class=\"event-list-item-categories\"><span class=\"event-list-item-category brown-bag-seminars-en\">Brown Bag Seminars<\/span><\/div><span class=\"event-list-item-date\">19.09.2018 <bdi><\/bdi> 13:15<\/span><\/div><span class=\"event-plus brown-bag-seminars-en\"><\/span><\/div><div class=\"event-list-item-details\"><p class=\"event-list-item-speaker\">Odd Rune Straume (U. Minho - NIPE)<\/p><h3 class=\"event-list-item-title\">How does the type of remuneration affect physician behaviour? Fixed salary versus fee-for-service.<\/h3><p class=\"event-list-item-location\">Campus de Gualtar | EEG - Room 0.04<\/p><\/div><\/a><\/div><\/div><\/div><div class=\"publication-block event-block\"><div class=\"event-list-item\"><div class=\"event-list-item-image\"><img loading=\"lazy\" decoding=\"async\" width=\"150\" height=\"150\" src=\"https:\/\/nipe.eeg.uminho.pt\/wp-content\/uploads\/2019\/09\/CO-150x150.jpg\" class=\"project-list-item-image wp-post-image\" alt=\"\" srcset=\"https:\/\/nipe.eeg.uminho.pt\/wp-content\/uploads\/2019\/09\/CO-150x150.jpg 150w, https:\/\/nipe.eeg.uminho.pt\/wp-content\/uploads\/2019\/09\/CO.jpg 200w\" sizes=\"auto, (max-width: 150px) 100vw, 150px\" \/><\/div><div class=\"event-list-item-content\"><a class=\"event-list-item-link\" href=\"https:\/\/nipe.eeg.uminho.pt\/en\/event\/different-leadership-styles-in-organizations-that-adopt-and-do-not-adopt-the-bsc\/\" title=\"Different Leadership Styles in organizations that adopt and do not adopt the BSC.\"><div class=\"event-list-item-event\"><div class=\"event-list-item-agroup\"><div class=\"event-list-item-categories\"><span class=\"event-list-item-category brown-bag-seminars-en\">Brown Bag Seminars<\/span><\/div><span class=\"event-list-item-date\">05.09.2018 <bdi><\/bdi> 13:15<\/span><\/div><span class=\"event-plus brown-bag-seminars-en\"><\/span><\/div><div class=\"event-list-item-details\"><p class=\"event-list-item-speaker\">Cid\u00e1lia Oliveira (NIPE - U . Minho)<\/p><h3 class=\"event-list-item-title\">Different Leadership Styles in organizations that adopt and do not adopt the BSC.<\/h3><p class=\"event-list-item-location\">Campus de Gualtar | EEG - Room 0.04<\/p><\/div><\/a><\/div><\/div><\/div><div class=\"publication-block event-block\"><div class=\"event-list-item\"><div class=\"event-list-item-image\"><img loading=\"lazy\" decoding=\"async\" width=\"150\" height=\"150\" src=\"https:\/\/nipe.eeg.uminho.pt\/wp-content\/uploads\/2021\/11\/NIPE-logo_rper-150x150.png\" class=\"project-list-item-image wp-post-image\" alt=\"\" srcset=\"https:\/\/nipe.eeg.uminho.pt\/wp-content\/uploads\/2021\/11\/NIPE-logo_rper-150x150.png 150w, https:\/\/nipe.eeg.uminho.pt\/wp-content\/uploads\/2021\/11\/NIPE-logo_rper-300x300.png 300w, https:\/\/nipe.eeg.uminho.pt\/wp-content\/uploads\/2021\/11\/NIPE-logo_rper.png 400w\" sizes=\"auto, (max-width: 150px) 100vw, 150px\" \/><\/div><div class=\"event-list-item-content\"><a class=\"event-list-item-link\" href=\"https:\/\/nipe.eeg.uminho.pt\/en\/event\/asymmetric-regional-dynamics-from-bust-to-recovery\/\" title=\"Asymmetric regional dynamics: from bust to recovery\"><div class=\"event-list-item-event\"><div class=\"event-list-item-agroup\"><div class=\"event-list-item-categories\"><span class=\"event-list-item-category brown-bag-seminars-en\">Brown Bag Seminars<\/span><\/div><span class=\"event-list-item-date\">25.07.2018 <bdi><\/bdi> 13:15<\/span><\/div><span class=\"event-plus brown-bag-seminars-en\"><\/span><\/div><div class=\"event-list-item-details\"><p class=\"event-list-item-speaker\">Fernando Alexandre, Miguel Portela e Miguel Rodrigues (U. Minho)<\/p><h3 class=\"event-list-item-title\">Asymmetric regional dynamics: from bust to recovery<\/h3><p class=\"event-list-item-location\">Campus de Gualtar | EEG - Room 0.04<\/p><\/div><\/a><\/div><\/div><\/div><div class=\"publication-block event-block\"><div class=\"event-list-item\"><div class=\"event-list-item-image\"><img loading=\"lazy\" decoding=\"async\" width=\"150\" height=\"150\" src=\"https:\/\/nipe.eeg.uminho.pt\/wp-content\/uploads\/2021\/05\/RICARDO-150x150.jpg\" class=\"project-list-item-image wp-post-image\" alt=\"\" \/><\/div><div class=\"event-list-item-content\"><a class=\"event-list-item-link\" href=\"https:\/\/nipe.eeg.uminho.pt\/en\/event\/external-debt-composition-and-domestic-credit-cycles\/\" title=\"External debt composition and domestic credit cycles\"><div class=\"event-list-item-event\"><div class=\"event-list-item-agroup\"><div class=\"event-list-item-categories\"><span class=\"event-list-item-category brown-bag-seminars-en\">Brown Bag Seminars<\/span><\/div><span class=\"event-list-item-date\">20.07.2018 <bdi><\/bdi> 13:15<\/span><\/div><span class=\"event-plus brown-bag-seminars-en\"><\/span><\/div><div class=\"event-list-item-details\"><p class=\"event-list-item-speaker\">Ricardo Sousa (NIPE)<\/p><h3 class=\"event-list-item-title\">External debt composition and domestic credit cycles<\/h3><p class=\"event-list-item-location\">Campus de Gualtar | EEG - Room 0.04<\/p><\/div><\/a><\/div><\/div><\/div><div class=\"publication-block event-block\"><div class=\"event-list-item\"><div class=\"event-list-item-image\"><img loading=\"lazy\" decoding=\"async\" width=\"150\" height=\"150\" src=\"https:\/\/nipe.eeg.uminho.pt\/wp-content\/uploads\/2021\/11\/NIPE-logo_rper-150x150.png\" class=\"project-list-item-image wp-post-image\" alt=\"\" srcset=\"https:\/\/nipe.eeg.uminho.pt\/wp-content\/uploads\/2021\/11\/NIPE-logo_rper-150x150.png 150w, https:\/\/nipe.eeg.uminho.pt\/wp-content\/uploads\/2021\/11\/NIPE-logo_rper-300x300.png 300w, https:\/\/nipe.eeg.uminho.pt\/wp-content\/uploads\/2021\/11\/NIPE-logo_rper.png 400w\" sizes=\"auto, (max-width: 150px) 100vw, 150px\" \/><\/div><div class=\"event-list-item-content\"><a class=\"event-list-item-link\" href=\"https:\/\/nipe.eeg.uminho.pt\/en\/event\/where-or-whom-to-contract-an-empirical-study-of-partisan-connections-in-public-procurement-at-municipal-level\/\" title=\"Where or whom to contract? An Empirical Study of Partisan Connections in Public Procurement at Municipal Level\"><div class=\"event-list-item-event\"><div class=\"event-list-item-agroup\"><div class=\"event-list-item-categories\"><span class=\"event-list-item-category brown-bag-seminars-en\">Brown Bag Seminars<\/span><\/div><span class=\"event-list-item-date\">04.07.2018 <bdi><\/bdi> 13:00<\/span><\/div><span class=\"event-plus brown-bag-seminars-en\"><\/span><\/div><div class=\"event-list-item-details\"><p class=\"event-list-item-speaker\">Jo\u00e3o Cerejeira e Pedro Cam\u00f5es (U. Minho)<\/p><h3 class=\"event-list-item-title\">Where or whom to contract? An Empirical Study of Partisan Connections in Public Procurement at Municipal Level<\/h3><p class=\"event-list-item-location\">Campus de Gualtar | EEG - Room 0.04<\/p><\/div><\/a><\/div><\/div><\/div><div class=\"publication-block event-block\"><div class=\"event-list-item\"><div class=\"event-list-item-image\"><img loading=\"lazy\" decoding=\"async\" width=\"150\" height=\"150\" src=\"https:\/\/nipe.eeg.uminho.pt\/wp-content\/uploads\/2020\/11\/D731-150x150.png\" class=\"project-list-item-image wp-post-image\" alt=\"\" srcset=\"https:\/\/nipe.eeg.uminho.pt\/wp-content\/uploads\/2020\/11\/D731-150x150.png 150w, https:\/\/nipe.eeg.uminho.pt\/wp-content\/uploads\/2020\/11\/D731.png 200w\" sizes=\"auto, (max-width: 150px) 100vw, 150px\" \/><\/div><div class=\"event-list-item-content\"><a class=\"event-list-item-link\" href=\"https:\/\/nipe.eeg.uminho.pt\/en\/event\/ma-dynamic-games-threat-values-and-the-market-for-corporate-control\/\" title=\"M&#038;A Dynamic Games, Threat Values and the Market for Corporate Control\"><div class=\"event-list-item-event\"><div class=\"event-list-item-agroup\"><div class=\"event-list-item-categories\"><span class=\"event-list-item-category brown-bag-seminars-en\">Brown Bag Seminars<\/span><\/div><span class=\"event-list-item-date\">27.06.2018 <bdi><\/bdi> 13:30<\/span><\/div><span class=\"event-plus brown-bag-seminars-en\"><\/span><\/div><div class=\"event-list-item-details\"><p class=\"event-list-item-speaker\">Artur Rodrigues (U. Minho - NIPE)<\/p><h3 class=\"event-list-item-title\">M&#038;A Dynamic Games, Threat Values and the Market for Corporate Control<\/h3><p class=\"event-list-item-location\">Campus de Gualtar | EEG - Room 0.04<\/p><\/div><\/a><\/div><\/div><\/div><div class=\"publication-block event-block\"><div class=\"event-list-item\"><div class=\"event-list-item-image\"><img loading=\"lazy\" decoding=\"async\" width=\"150\" height=\"150\" src=\"https:\/\/nipe.eeg.uminho.pt\/wp-content\/uploads\/2021\/05\/ImagemEvento-13-150x150.jpg\" class=\"project-list-item-image wp-post-image\" alt=\"\" \/><\/div><div class=\"event-list-item-content\"><a class=\"event-list-item-link\" href=\"https:\/\/nipe.eeg.uminho.pt\/en\/event\/key-determinants-of-elite-rivalry-theoretical-insights-and-empirical-evidence\/\" title=\"Key determinants of elite rivalry: theoretical insights and empirical evidence\"><div class=\"event-list-item-event\"><div class=\"event-list-item-agroup\"><div class=\"event-list-item-categories\"><span class=\"event-list-item-category brown-bag-seminars-en\">Brown Bag Seminars<\/span><\/div><span class=\"event-list-item-date\">28.03.2018 <bdi><\/bdi> 13:15<\/span><\/div><span class=\"event-plus brown-bag-seminars-en\"><\/span><\/div><div class=\"event-list-item-details\"><p class=\"event-list-item-speaker\">Elena Sochirca (U. Minho - NIPE)<\/p><h3 class=\"event-list-item-title\">Key determinants of elite rivalry: theoretical insights and empirical evidence<\/h3><p class=\"event-list-item-location\">Campus de Gualtar | EEG - Room 0.04<\/p><\/div><\/a><\/div><\/div><\/div><div class=\"publication-block event-block\"><div class=\"event-list-item\"><div class=\"event-list-item-image\"><img loading=\"lazy\" decoding=\"async\" width=\"150\" height=\"150\" src=\"https:\/\/nipe.eeg.uminho.pt\/wp-content\/uploads\/2021\/05\/ImagemEvento-15-150x150.jpg\" class=\"project-list-item-image wp-post-image\" alt=\"\" \/><\/div><div class=\"event-list-item-content\"><a class=\"event-list-item-link\" href=\"https:\/\/nipe.eeg.uminho.pt\/en\/event\/the-performance-of-cap-weighted-portfolios-versus-fundamental-weighted-portfolios-in-the-mena-equity-markets\/\" title=\"The Performance Of Cap-Weighted Portfolios Versus Fundamental-Weighted Portfolios In the MENA Equity Markets\"><div class=\"event-list-item-event\"><div class=\"event-list-item-agroup\"><div class=\"event-list-item-categories\"><span class=\"event-list-item-category brown-bag-seminars-en\">Brown Bag Seminars<\/span><\/div><span class=\"event-list-item-date\">14.03.2018 <bdi><\/bdi> 13:30<\/span><\/div><span class=\"event-plus brown-bag-seminars-en\"><\/span><\/div><div class=\"event-list-item-details\"><p class=\"event-list-item-speaker\">Rasha Abadi (U. Minho - NIPE)<\/p><h3 class=\"event-list-item-title\">The Performance Of Cap-Weighted Portfolios Versus Fundamental-Weighted Portfolios In the MENA Equity Markets<\/h3><p class=\"event-list-item-location\">Campus de Gualtar | EEG - Room 0.04<\/p><\/div><\/a><\/div><\/div><\/div><\/div><div id=\"events-brown-bag-seminars-en-2017\" role=\"tabpanel\" class=\"tabs-pane fade\"><div class=\"publication-block event-block\"><div class=\"event-list-item\"><div class=\"event-list-item-image\"><img loading=\"lazy\" decoding=\"async\" width=\"150\" height=\"150\" src=\"https:\/\/nipe.eeg.uminho.pt\/wp-content\/uploads\/2020\/11\/Susana_Campos-Martins-150x150.png\" class=\"project-list-item-image wp-post-image\" alt=\"\" srcset=\"https:\/\/nipe.eeg.uminho.pt\/wp-content\/uploads\/2020\/11\/Susana_Campos-Martins-150x150.png 150w, https:\/\/nipe.eeg.uminho.pt\/wp-content\/uploads\/2020\/11\/Susana_Campos-Martins.png 200w\" sizes=\"auto, (max-width: 150px) 100vw, 150px\" \/><\/div><div class=\"event-list-item-content\"><a class=\"event-list-item-link\" href=\"https:\/\/nipe.eeg.uminho.pt\/en\/event\/modelling-time-varying-volatility-interactions-with-an-application-to-volatility-contagion\/\" title=\"Modelling time-varying volatility interactions with an application to volatility contagion\"><div class=\"event-list-item-event\"><div class=\"event-list-item-agroup\"><div class=\"event-list-item-categories\"><span class=\"event-list-item-category brown-bag-seminars-en\">Brown Bag Seminars<\/span><\/div><span class=\"event-list-item-date\">15.11.2017 <bdi><\/bdi> 13:15<\/span><\/div><span class=\"event-plus brown-bag-seminars-en\"><\/span><\/div><div class=\"event-list-item-details\"><p class=\"event-list-item-speaker\">Susana Martins (NIPE)<\/p><h3 class=\"event-list-item-title\">Modelling time-varying volatility interactions with an application to volatility contagion<\/h3><p class=\"event-list-item-location\">Campus de Gualtar | EEG - Room 0.04<\/p><\/div><\/a><\/div><\/div><\/div><div class=\"publication-block event-block\"><div class=\"event-list-item\"><div class=\"event-list-item-image\"><img loading=\"lazy\" decoding=\"async\" width=\"150\" height=\"150\" src=\"https:\/\/nipe.eeg.uminho.pt\/wp-content\/uploads\/2020\/11\/Izzat_Ramadan-150x150.png\" class=\"project-list-item-image wp-post-image\" alt=\"\" srcset=\"https:\/\/nipe.eeg.uminho.pt\/wp-content\/uploads\/2020\/11\/Izzat_Ramadan-150x150.png 150w, https:\/\/nipe.eeg.uminho.pt\/wp-content\/uploads\/2020\/11\/Izzat_Ramadan.png 200w\" sizes=\"auto, (max-width: 150px) 100vw, 150px\" \/><\/div><div class=\"event-list-item-content\"><a class=\"event-list-item-link\" href=\"https:\/\/nipe.eeg.uminho.pt\/en\/event\/financial-literacy-and-family-ties-are-they-determinants-of-financial-behavior\/\" title=\"Financial literacy and family ties: Are they determinants of financial behavior?\"><div class=\"event-list-item-event\"><div class=\"event-list-item-agroup\"><div class=\"event-list-item-categories\"><span class=\"event-list-item-category brown-bag-seminars-en\">Brown Bag Seminars<\/span><\/div><span class=\"event-list-item-date\">27.09.2017 <bdi><\/bdi> 13:15<\/span><\/div><span class=\"event-plus brown-bag-seminars-en\"><\/span><\/div><div class=\"event-list-item-details\"><p class=\"event-list-item-speaker\">Izzat Ramadan (NIPE)<\/p><h3 class=\"event-list-item-title\">Financial literacy and family ties: Are they determinants of financial behavior?<\/h3><p class=\"event-list-item-location\">Campus de Gualtar | EEG - Sala 0.04<\/p><\/div><\/a><\/div><\/div><\/div><div class=\"publication-block event-block\"><div class=\"event-list-item\"><div class=\"event-list-item-image\"><img loading=\"lazy\" decoding=\"async\" width=\"150\" height=\"150\" src=\"https:\/\/nipe.eeg.uminho.pt\/wp-content\/uploads\/2021\/04\/Arash-Rezazadeh-150x150.jpg\" class=\"project-list-item-image wp-post-image\" alt=\"\" srcset=\"https:\/\/nipe.eeg.uminho.pt\/wp-content\/uploads\/2021\/04\/Arash-Rezazadeh-150x150.jpg 150w, https:\/\/nipe.eeg.uminho.pt\/wp-content\/uploads\/2021\/04\/Arash-Rezazadeh.jpg 225w\" sizes=\"auto, (max-width: 150px) 100vw, 150px\" \/><\/div><div class=\"event-list-item-content\"><a class=\"event-list-item-link\" href=\"https:\/\/nipe.eeg.uminho.pt\/en\/event\/advancing-a-typology-of-business-model-innovation-a-value-based-perspective\/\" title=\"Advancing a typology of business model innovation: A value-based perspective\"><div class=\"event-list-item-event\"><div class=\"event-list-item-agroup\"><div class=\"event-list-item-categories\"><span class=\"event-list-item-category brown-bag-seminars-en\">Brown Bag Seminars<\/span><\/div><span class=\"event-list-item-date\">13.09.2017 <bdi><\/bdi> 13:15<\/span><\/div><span class=\"event-plus brown-bag-seminars-en\"><\/span><\/div><div class=\"event-list-item-details\"><p class=\"event-list-item-speaker\">Arash Rezazadeh (UNIPE)<\/p><h3 class=\"event-list-item-title\">Advancing a typology of business model innovation: A value-based perspective<\/h3><p class=\"event-list-item-location\">Campus de Gualtar | EEG - Sala 0.04<\/p><\/div><\/a><\/div><\/div><\/div><div class=\"publication-block event-block\"><div class=\"event-list-item\"><div class=\"event-list-item-image\"><img loading=\"lazy\" decoding=\"async\" width=\"150\" height=\"150\" src=\"https:\/\/nipe.eeg.uminho.pt\/wp-content\/uploads\/2020\/11\/Elena_Sochirca-150x150.png\" class=\"project-list-item-image wp-post-image\" alt=\"\" srcset=\"https:\/\/nipe.eeg.uminho.pt\/wp-content\/uploads\/2020\/11\/Elena_Sochirca-150x150.png 150w, https:\/\/nipe.eeg.uminho.pt\/wp-content\/uploads\/2020\/11\/Elena_Sochirca.png 200w\" sizes=\"auto, (max-width: 150px) 100vw, 150px\" \/><\/div><div class=\"event-list-item-content\"><a class=\"event-list-item-link\" href=\"https:\/\/nipe.eeg.uminho.pt\/en\/event\/measuring-political-rivalry-and-estimating-its-effect-on-economic-growth\/\" title=\"Measuring political rivalry and estimating its effect on economic growth\"><div class=\"event-list-item-event\"><div class=\"event-list-item-agroup\"><div class=\"event-list-item-categories\"><span class=\"event-list-item-category brown-bag-seminars-en\">Brown Bag Seminars<\/span><\/div><span class=\"event-list-item-date\">24.05.2017 <bdi><\/bdi> 13:30<\/span><\/div><span class=\"event-plus brown-bag-seminars-en\"><\/span><\/div><div class=\"event-list-item-details\"><p class=\"event-list-item-speaker\">Elena Sochirca (NIPE)<\/p><h3 class=\"event-list-item-title\">Measuring political rivalry and estimating its effect on economic growth<\/h3><p class=\"event-list-item-location\">Campus de Gualtar | EEG - Room 0.04<\/p><\/div><\/a><\/div><\/div><\/div><div class=\"publication-block event-block\"><div class=\"event-list-item\"><div class=\"event-list-item-image\"><img loading=\"lazy\" decoding=\"async\" width=\"150\" height=\"150\" src=\"https:\/\/nipe.eeg.uminho.pt\/wp-content\/uploads\/2020\/11\/Rasha_Tawfiq_Yousef_Abadi-150x150.png\" class=\"project-list-item-image wp-post-image\" alt=\"\" srcset=\"https:\/\/nipe.eeg.uminho.pt\/wp-content\/uploads\/2020\/11\/Rasha_Tawfiq_Yousef_Abadi-150x150.png 150w, https:\/\/nipe.eeg.uminho.pt\/wp-content\/uploads\/2020\/11\/Rasha_Tawfiq_Yousef_Abadi.png 200w\" sizes=\"auto, (max-width: 150px) 100vw, 150px\" \/><\/div><div class=\"event-list-item-content\"><a class=\"event-list-item-link\" href=\"https:\/\/nipe.eeg.uminho.pt\/en\/event\/common-risk-factors-in-stock-returns-in-the-mena-region\/\" title=\"Common Risk Factors in Stock Returns in The MENA Region\"><div class=\"event-list-item-event\"><div class=\"event-list-item-agroup\"><div class=\"event-list-item-categories\"><span class=\"event-list-item-category brown-bag-seminars-en\">Brown Bag Seminars<\/span><\/div><span class=\"event-list-item-date\">10.05.2017 <bdi><\/bdi> 13:30<\/span><\/div><span class=\"event-plus brown-bag-seminars-en\"><\/span><\/div><div class=\"event-list-item-details\"><p class=\"event-list-item-speaker\">Rasha Abadi (NIPE)<\/p><h3 class=\"event-list-item-title\">Common Risk Factors in Stock Returns in The MENA Region<\/h3><p class=\"event-list-item-location\">Campus de Gualtar | EEG - Room 0.04<\/p><\/div><\/a><\/div><\/div><\/div><div class=\"publication-block event-block\"><div class=\"event-list-item\"><div class=\"event-list-item-image\"><img loading=\"lazy\" decoding=\"async\" width=\"150\" height=\"150\" src=\"https:\/\/nipe.eeg.uminho.pt\/wp-content\/uploads\/2021\/05\/francisco-veiga-150x150.png\" class=\"project-list-item-image wp-post-image\" alt=\"\" \/><\/div><div class=\"event-list-item-content\"><a class=\"event-list-item-link\" href=\"https:\/\/nipe.eeg.uminho.pt\/en\/event\/term-limits-and-voter-turnout\/\" title=\"Term limits and voter turnout\"><div class=\"event-list-item-event\"><div class=\"event-list-item-agroup\"><div class=\"event-list-item-categories\"><span class=\"event-list-item-category brown-bag-seminars-en\">Brown Bag Seminars<\/span><\/div><span class=\"event-list-item-date\">12.04.2017 <bdi><\/bdi> 13:30<\/span><\/div><span class=\"event-plus brown-bag-seminars-en\"><\/span><\/div><div class=\"event-list-item-details\"><p class=\"event-list-item-speaker\">Francisco Veiga (U.Minho - NIPE)<\/p><h3 class=\"event-list-item-title\">Term limits and voter turnout<\/h3><p class=\"event-list-item-location\">Campus de Gualtar | EEG - Room 0.04<\/p><\/div><\/a><\/div><\/div><\/div><div class=\"publication-block event-block\"><div class=\"event-list-item\"><div class=\"event-list-item-image\"><img loading=\"lazy\" decoding=\"async\" width=\"150\" height=\"150\" src=\"https:\/\/nipe.eeg.uminho.pt\/wp-content\/uploads\/2020\/11\/Rihab_Sawaya-150x150.png\" class=\"project-list-item-image wp-post-image\" alt=\"\" srcset=\"https:\/\/nipe.eeg.uminho.pt\/wp-content\/uploads\/2020\/11\/Rihab_Sawaya-150x150.png 150w, https:\/\/nipe.eeg.uminho.pt\/wp-content\/uploads\/2020\/11\/Rihab_Sawaya.png 200w\" sizes=\"auto, (max-width: 150px) 100vw, 150px\" \/><\/div><div class=\"event-list-item-content\"><a class=\"event-list-item-link\" href=\"https:\/\/nipe.eeg.uminho.pt\/en\/event\/economic-voting-in-post-war-lebanese-parliamentary-elections\/\" title=\"Economic Voting in Post War Lebanese Parliamentary Elections\"><div class=\"event-list-item-event\"><div class=\"event-list-item-agroup\"><div class=\"event-list-item-categories\"><span class=\"event-list-item-category brown-bag-seminars-en\">Brown Bag Seminars<\/span><\/div><span class=\"event-list-item-date\">15.03.2017 <bdi><\/bdi> 13:30<\/span><\/div><span class=\"event-plus brown-bag-seminars-en\"><\/span><\/div><div class=\"event-list-item-details\"><p class=\"event-list-item-speaker\">Rihab Sawaya (U. MINHO)<\/p><h3 class=\"event-list-item-title\">Economic Voting in Post War Lebanese Parliamentary Elections<\/h3><p class=\"event-list-item-location\">Campus de Gualtar | EEG - Room 0.04<\/p><\/div><\/a><\/div><\/div><\/div><div class=\"publication-block event-block\"><div class=\"event-list-item\"><div class=\"event-list-item-image\"><img loading=\"lazy\" decoding=\"async\" width=\"150\" height=\"150\" src=\"https:\/\/nipe.eeg.uminho.pt\/wp-content\/uploads\/2021\/05\/Capturar-150x150.png\" class=\"project-list-item-image wp-post-image\" alt=\"\" srcset=\"https:\/\/nipe.eeg.uminho.pt\/wp-content\/uploads\/2021\/05\/Capturar-150x150.png 150w, https:\/\/nipe.eeg.uminho.pt\/wp-content\/uploads\/2021\/05\/Capturar-300x297.png 300w\" sizes=\"auto, (max-width: 150px) 100vw, 150px\" \/><\/div><div class=\"event-list-item-content\"><a class=\"event-list-item-link\" href=\"https:\/\/nipe.eeg.uminho.pt\/en\/event\/retention-strategies-in-a-switching-cost-model\/\" title=\"Retention Strategies in a Switching Cost Model\"><div class=\"event-list-item-event\"><div class=\"event-list-item-agroup\"><div class=\"event-list-item-categories\"><span class=\"event-list-item-category brown-bag-seminars-en\">Brown Bag Seminars<\/span><\/div><span class=\"event-list-item-date\">01.03.2017 <bdi><\/bdi> 13:30<\/span><\/div><span class=\"event-plus brown-bag-seminars-en\"><\/span><\/div><div class=\"event-list-item-details\"><p class=\"event-list-item-speaker\">Andreia Amorim (NIPE)<\/p><h3 class=\"event-list-item-title\">Retention Strategies in a Switching Cost Model<\/h3><p class=\"event-list-item-location\">Campus de Gualtar | EEG - Room 0.04<\/p><\/div><\/a><\/div><\/div><\/div><div class=\"publication-block event-block\"><div class=\"event-list-item\"><div class=\"event-list-item-image\"><img loading=\"lazy\" decoding=\"async\" width=\"150\" height=\"150\" src=\"https:\/\/nipe.eeg.uminho.pt\/wp-content\/uploads\/2021\/11\/NIPE-logo_rper-150x150.png\" class=\"project-list-item-image wp-post-image\" alt=\"\" srcset=\"https:\/\/nipe.eeg.uminho.pt\/wp-content\/uploads\/2021\/11\/NIPE-logo_rper-150x150.png 150w, https:\/\/nipe.eeg.uminho.pt\/wp-content\/uploads\/2021\/11\/NIPE-logo_rper-300x300.png 300w, https:\/\/nipe.eeg.uminho.pt\/wp-content\/uploads\/2021\/11\/NIPE-logo_rper.png 400w\" sizes=\"auto, (max-width: 150px) 100vw, 150px\" \/><\/div><div class=\"event-list-item-content\"><a class=\"event-list-item-link\" href=\"https:\/\/nipe.eeg.uminho.pt\/en\/event\/social-screening-and-mutual-fund-performance-international-evidence\/\" title=\"Social screening and mutual fund performance: international evidence\"><div class=\"event-list-item-event\"><div class=\"event-list-item-agroup\"><div class=\"event-list-item-categories\"><span class=\"event-list-item-category brown-bag-seminars-en\">Brown Bag Seminars<\/span><\/div><span class=\"event-list-item-date\">01.02.2017 <bdi><\/bdi> 13:30<\/span><\/div><span class=\"event-plus brown-bag-seminars-en\"><\/span><\/div><div class=\"event-list-item-details\"><p class=\"event-list-item-speaker\">Joana Pena (U.MINHO)<\/p><h3 class=\"event-list-item-title\">Social screening and mutual fund performance: international evidence<\/h3><p class=\"event-list-item-location\">Campus de Gualtar | EEG - Room 0.04<\/p><\/div><\/a><\/div><\/div><\/div><\/div><div id=\"events-brown-bag-seminars-en-2016\" role=\"tabpanel\" class=\"tabs-pane fade\"><div class=\"publication-block event-block\"><div class=\"event-list-item\"><div class=\"event-list-item-image\"><img loading=\"lazy\" decoding=\"async\" width=\"150\" height=\"150\" src=\"https:\/\/nipe.eeg.uminho.pt\/wp-content\/uploads\/2018\/07\/2021-05-24-150x150.png\" class=\"project-list-item-image wp-post-image\" alt=\"\" \/><\/div><div class=\"event-list-item-content\"><a class=\"event-list-item-link\" href=\"https:\/\/nipe.eeg.uminho.pt\/en\/event\/financialization-corporate-governance-and-employee-pay-a-firm-level-analysis-with-joao-cerejeira\/\" title=\"Financialization, corporate governance and employee pay: a firm level analysis (with Jo\u00e3o Cerejeira)\"><div class=\"event-list-item-event\"><div class=\"event-list-item-agroup\"><div class=\"event-list-item-categories\"><span class=\"event-list-item-category brown-bag-seminars-en\">Brown Bag Seminars<\/span><\/div><span class=\"event-list-item-date\">14.12.2016 <bdi><\/bdi> 13:30<\/span><\/div><span class=\"event-plus brown-bag-seminars-en\"><\/span><\/div><div class=\"event-list-item-details\"><p class=\"event-list-item-speaker\">Margarita Carvalho (U. Minho - NIPE)<\/p><h3 class=\"event-list-item-title\">Financialization, corporate governance and employee pay: a firm level analysis (with Jo\u00e3o Cerejeira)<\/h3><p class=\"event-list-item-location\">Campus de Gualtar | EEG - Room 0.04<\/p><\/div><\/a><\/div><\/div><\/div><div class=\"publication-block event-block\"><div class=\"event-list-item\"><div class=\"event-list-item-image\"><img loading=\"lazy\" decoding=\"async\" width=\"150\" height=\"150\" src=\"https:\/\/nipe.eeg.uminho.pt\/wp-content\/uploads\/2020\/11\/D2434-150x150.png\" class=\"project-list-item-image wp-post-image\" alt=\"\" srcset=\"https:\/\/nipe.eeg.uminho.pt\/wp-content\/uploads\/2020\/11\/D2434-150x150.png 150w, https:\/\/nipe.eeg.uminho.pt\/wp-content\/uploads\/2020\/11\/D2434.png 200w\" sizes=\"auto, (max-width: 150px) 100vw, 150px\" \/><\/div><div class=\"event-list-item-content\"><a class=\"event-list-item-link\" href=\"https:\/\/nipe.eeg.uminho.pt\/en\/event\/the-decreasing-returns-of-serial-acquirers-around-the-world\/\" title=\"The Decreasing Returns of Serial Acquirers around the World\"><div class=\"event-list-item-event\"><div class=\"event-list-item-agroup\"><div class=\"event-list-item-categories\"><span class=\"event-list-item-category brown-bag-seminars-en\">Brown Bag Seminars<\/span><\/div><span class=\"event-list-item-date\">30.11.2016 <bdi><\/bdi> 13:30<\/span><\/div><span class=\"event-plus brown-bag-seminars-en\"><\/span><\/div><div class=\"event-list-item-details\"><p class=\"event-list-item-speaker\">Gilberto Loureiro (U. Minho - NIPE)<\/p><h3 class=\"event-list-item-title\">The Decreasing Returns of Serial Acquirers around the World<\/h3><p class=\"event-list-item-location\">Campus de Gualtar | EEG - Room 0.04<\/p><\/div><\/a><\/div><\/div><\/div><div class=\"publication-block event-block\"><div class=\"event-list-item\"><div class=\"event-list-item-image\"><img loading=\"lazy\" decoding=\"async\" width=\"150\" height=\"150\" src=\"https:\/\/nipe.eeg.uminho.pt\/wp-content\/uploads\/2021\/05\/nipe-odd-straume-1-150x150.jpg\" class=\"project-list-item-image wp-post-image\" alt=\"\" \/><\/div><div class=\"event-list-item-content\"><a class=\"event-list-item-link\" href=\"https:\/\/nipe.eeg.uminho.pt\/en\/event\/competition-and-physician-behaviour-does-the-competitive-environment-affect-the-propensity-to-issue-sick-notes\/\" title=\"Competition and physician behaviour: Does the competitive environment affect the propensity to issue sick notes?\"><div class=\"event-list-item-event\"><div class=\"event-list-item-agroup\"><div class=\"event-list-item-categories\"><span class=\"event-list-item-category brown-bag-seminars-en\">Brown Bag Seminars<\/span><\/div><span class=\"event-list-item-date\">23.11.2016 <bdi><\/bdi> 13:30<\/span><\/div><span class=\"event-plus brown-bag-seminars-en\"><\/span><\/div><div class=\"event-list-item-details\"><p class=\"event-list-item-speaker\">Odd Rune Straume (U. Minho - NIPE)<\/p><h3 class=\"event-list-item-title\">Competition and physician behaviour: Does the competitive environment affect the propensity to issue sick notes?<\/h3><p class=\"event-list-item-location\">Campus de Gualtar | EEG - Room 0.04<\/p><\/div><\/a><\/div><\/div><\/div><div class=\"publication-block event-block\"><div class=\"event-list-item\"><div class=\"event-list-item-image\"><img loading=\"lazy\" decoding=\"async\" width=\"150\" height=\"150\" src=\"https:\/\/nipe.eeg.uminho.pt\/wp-content\/uploads\/2020\/11\/D993-150x150.png\" class=\"project-list-item-image wp-post-image\" alt=\"\" srcset=\"https:\/\/nipe.eeg.uminho.pt\/wp-content\/uploads\/2020\/11\/D993-150x150.png 150w, https:\/\/nipe.eeg.uminho.pt\/wp-content\/uploads\/2020\/11\/D993.png 200w\" sizes=\"auto, (max-width: 150px) 100vw, 150px\" \/><\/div><div class=\"event-list-item-content\"><a class=\"event-list-item-link\" href=\"https:\/\/nipe.eeg.uminho.pt\/en\/event\/social-capital-innovation-and-economic-growth\/\" title=\"Social Capital, Innovation and Economic Growth\"><div class=\"event-list-item-event\"><div class=\"event-list-item-agroup\"><div class=\"event-list-item-categories\"><span class=\"event-list-item-category brown-bag-seminars-en\">Brown Bag Seminars<\/span><\/div><span class=\"event-list-item-date\">26.10.2016 <bdi><\/bdi> 13:15<\/span><\/div><span class=\"event-plus brown-bag-seminars-en\"><\/span><\/div><div class=\"event-list-item-details\"><p class=\"event-list-item-speaker\">Maria Jo\u00e3o Thompson (U. Minho - NIPE)<\/p><h3 class=\"event-list-item-title\">Social Capital, Innovation and Economic Growth<\/h3><p class=\"event-list-item-location\">Campus de Gualtar | EEG - Room 0.04<\/p><\/div><\/a><\/div><\/div><\/div><div class=\"publication-block event-block\"><div class=\"event-list-item\"><div class=\"event-list-item-image\"><img loading=\"lazy\" decoding=\"async\" width=\"150\" height=\"150\" src=\"https:\/\/nipe.eeg.uminho.pt\/wp-content\/uploads\/2021\/06\/miguel-portela-150x150.png\" class=\"project-list-item-image wp-post-image\" alt=\"\" \/><\/div><div class=\"event-list-item-content\"><a class=\"event-list-item-link\" href=\"https:\/\/nipe.eeg.uminho.pt\/en\/event\/education-spillovers-in-portugal\/\" title=\"Education spillovers in Portugal\"><div class=\"event-list-item-event\"><div class=\"event-list-item-agroup\"><div class=\"event-list-item-categories\"><span class=\"event-list-item-category brown-bag-seminars-en\">Brown Bag Seminars<\/span><\/div><span class=\"event-list-item-date\">19.10.2016 <bdi><\/bdi> 13:30<\/span><\/div><span class=\"event-plus brown-bag-seminars-en\"><\/span><\/div><div class=\"event-list-item-details\"><p class=\"event-list-item-speaker\">Miguel Portela (NIPE - U.MINHO)<\/p><h3 class=\"event-list-item-title\">Education spillovers in Portugal<\/h3><p class=\"event-list-item-location\">Campus de Gualtar | EEG - Room 0.04<\/p><\/div><\/a><\/div><\/div><\/div><div class=\"publication-block event-block\"><div class=\"event-list-item\"><div class=\"event-list-item-image\"><img loading=\"lazy\" decoding=\"async\" width=\"150\" height=\"150\" src=\"https:\/\/nipe.eeg.uminho.pt\/wp-content\/uploads\/2021\/05\/r-s-150x150.png\" class=\"project-list-item-image wp-post-image\" alt=\"\" \/><\/div><div class=\"event-list-item-content\"><a class=\"event-list-item-link\" href=\"https:\/\/nipe.eeg.uminho.pt\/en\/event\/energy-outlook-for-ndc-implementation-in-small-island-developing-states-the-case-of-sao-tome-and-principe\/\" title=\"Energy Outlook for NDC Implementation In Small Island Developing States \u2013 The Case of S\u00e3o Tom\u00e9 and Pr\u00edncipe\"><div class=\"event-list-item-event\"><div class=\"event-list-item-agroup\"><div class=\"event-list-item-categories\"><span class=\"event-list-item-category brown-bag-seminars-en\">Brown Bag Seminars<\/span><\/div><span class=\"event-list-item-date\">14.09.2016 <bdi><\/bdi> 13:30<\/span><\/div><span class=\"event-plus brown-bag-seminars-en\"><\/span><\/div><div class=\"event-list-item-details\"><p class=\"event-list-item-speaker\">Rita Sousa (NIPE - U.MINHO)<\/p><h3 class=\"event-list-item-title\">Energy Outlook for NDC Implementation In Small Island Developing States \u2013 The Case of S\u00e3o Tom\u00e9 and Pr\u00edncipe<\/h3><p class=\"event-list-item-location\">Campus de Gualtar | EEG - Room 0.04<\/p><\/div><\/a><\/div><\/div><\/div><div class=\"publication-block event-block\"><div class=\"event-list-item\"><div class=\"event-list-item-image\"><img loading=\"lazy\" decoding=\"async\" width=\"150\" height=\"150\" src=\"https:\/\/nipe.eeg.uminho.pt\/wp-content\/uploads\/2021\/05\/n-p-m-150x150.png\" class=\"project-list-item-image wp-post-image\" alt=\"\" \/><\/div><div class=\"event-list-item-content\"><a class=\"event-list-item-link\" href=\"https:\/\/nipe.eeg.uminho.pt\/en\/event\/foreign-acquisition-and-internal-organization\/\" title=\"Foreign acquisition and internal organization\"><div class=\"event-list-item-event\"><div class=\"event-list-item-agroup\"><div class=\"event-list-item-categories\"><span class=\"event-list-item-category brown-bag-seminars-en\">Brown Bag Seminars<\/span><\/div><span class=\"event-list-item-date\">29.06.2016 <bdi><\/bdi> 13:30<\/span><\/div><span class=\"event-plus brown-bag-seminars-en\"><\/span><\/div><div class=\"event-list-item-details\"><p class=\"event-list-item-speaker\">Nat\u00e1lia Pimenta Monteiro (NIPE - U.MINHO)<\/p><h3 class=\"event-list-item-title\">Foreign acquisition and internal organization<\/h3><p class=\"event-list-item-location\">Campus de Gualtar | EEG - Room 0.04<\/p><\/div><\/a><\/div><\/div><\/div><div class=\"publication-block event-block\"><div class=\"event-list-item\"><div class=\"event-list-item-image\"><img loading=\"lazy\" decoding=\"async\" width=\"150\" height=\"150\" src=\"https:\/\/nipe.eeg.uminho.pt\/wp-content\/uploads\/2021\/05\/nipe-odd-straume-1-150x150.jpg\" class=\"project-list-item-image wp-post-image\" alt=\"\" \/><\/div><div class=\"event-list-item-content\"><a class=\"event-list-item-link\" href=\"https:\/\/nipe.eeg.uminho.pt\/en\/event\/how-do-treatment-decisions-depend-on-physicians-financial-incentives\/\" title=\"How do treatment decisions depend on physicians&#8217; financial incentives?\"><div class=\"event-list-item-event\"><div class=\"event-list-item-agroup\"><div class=\"event-list-item-categories\"><span class=\"event-list-item-category brown-bag-seminars-en\">Brown Bag Seminars<\/span><\/div><span class=\"event-list-item-date\">27.04.2016 <bdi><\/bdi> 13:15<\/span><\/div><span class=\"event-plus brown-bag-seminars-en\"><\/span><\/div><div class=\"event-list-item-details\"><p class=\"event-list-item-speaker\">Odd Rune Straume (U. Minho - NIPE)<\/p><h3 class=\"event-list-item-title\">How do treatment decisions depend on physicians&#8217; financial incentives?<\/h3><p class=\"event-list-item-location\">Campus de Gualtar | EEG - Room 0.04<\/p><\/div><\/a><\/div><\/div><\/div><div class=\"publication-block event-block\"><div class=\"event-list-item\"><div class=\"event-list-item-image\"><img loading=\"lazy\" decoding=\"async\" width=\"150\" height=\"150\" src=\"https:\/\/nipe.eeg.uminho.pt\/wp-content\/uploads\/2020\/11\/linda-veiga-150x150.png\" class=\"project-list-item-image wp-post-image\" alt=\"\" srcset=\"https:\/\/nipe.eeg.uminho.pt\/wp-content\/uploads\/2020\/11\/linda-veiga-150x150.png 150w, https:\/\/nipe.eeg.uminho.pt\/wp-content\/uploads\/2020\/11\/linda-veiga.png 200w\" sizes=\"auto, (max-width: 150px) 100vw, 150px\" \/><\/div><div class=\"event-list-item-content\"><a class=\"event-list-item-link\" href=\"https:\/\/nipe.eeg.uminho.pt\/en\/event\/term-limits-on-portuguese-mayors-do-they-matter\/\" title=\"Term limits on Portuguese mayors: do they matter?\"><div class=\"event-list-item-event\"><div class=\"event-list-item-agroup\"><div class=\"event-list-item-categories\"><span class=\"event-list-item-category brown-bag-seminars-en\">Brown Bag Seminars<\/span><\/div><span class=\"event-list-item-date\">13.04.2016 <bdi><\/bdi> 13:00<\/span><\/div><span class=\"event-plus brown-bag-seminars-en\"><\/span><\/div><div class=\"event-list-item-details\"><p class=\"event-list-item-speaker\">Linda Veiga (U. Minho - NIPE) com Francisco Veiga<\/p><h3 class=\"event-list-item-title\">Term limits on Portuguese mayors: do they matter?<\/h3><p class=\"event-list-item-location\">Campus de Gualtar | EEG - Room 0.04<\/p><\/div><\/a><\/div><\/div><\/div><div class=\"publication-block event-block\"><div class=\"event-list-item\"><div class=\"event-list-item-image\"><img loading=\"lazy\" decoding=\"async\" width=\"150\" height=\"150\" src=\"https:\/\/nipe.eeg.uminho.pt\/wp-content\/uploads\/2020\/11\/D731-150x150.png\" class=\"project-list-item-image wp-post-image\" alt=\"\" srcset=\"https:\/\/nipe.eeg.uminho.pt\/wp-content\/uploads\/2020\/11\/D731-150x150.png 150w, https:\/\/nipe.eeg.uminho.pt\/wp-content\/uploads\/2020\/11\/D731.png 200w\" sizes=\"auto, (max-width: 150px) 100vw, 150px\" \/><\/div><div class=\"event-list-item-content\"><a class=\"event-list-item-link\" href=\"https:\/\/nipe.eeg.uminho.pt\/en\/event\/non-competition-covenants-in-acquisition-deals-and-employment-agreements\/\" title=\"Non-Competition Covenants in Acquisition Deals and Employment Agreements\"><div class=\"event-list-item-event\"><div class=\"event-list-item-agroup\"><div class=\"event-list-item-categories\"><span class=\"event-list-item-category brown-bag-seminars-en\">Brown Bag Seminars<\/span><\/div><span class=\"event-list-item-date\">16.03.2016 <bdi><\/bdi> 13:00<\/span><\/div><span class=\"event-plus brown-bag-seminars-en\"><\/span><\/div><div class=\"event-list-item-details\"><p class=\"event-list-item-speaker\">Artur Rodrigues (U. Minho - NIPE)<\/p><h3 class=\"event-list-item-title\">Non-Competition Covenants in Acquisition Deals and Employment Agreements<\/h3><p class=\"event-list-item-location\">Campus de Gualtar | EEG - Room 0.04<\/p><\/div><\/a><\/div><\/div><\/div><div class=\"publication-block event-block\"><div class=\"event-list-item\"><div class=\"event-list-item-image\"><img loading=\"lazy\" decoding=\"async\" width=\"150\" height=\"150\" src=\"https:\/\/nipe.eeg.uminho.pt\/wp-content\/uploads\/2020\/12\/SS-150x150.jpg\" class=\"project-list-item-image wp-post-image\" alt=\"\" srcset=\"https:\/\/nipe.eeg.uminho.pt\/wp-content\/uploads\/2020\/12\/SS-150x150.jpg 150w, https:\/\/nipe.eeg.uminho.pt\/wp-content\/uploads\/2020\/12\/SS.jpg 200w\" sizes=\"auto, (max-width: 150px) 100vw, 150px\" \/><\/div><div class=\"event-list-item-content\"><a class=\"event-list-item-link\" href=\"https:\/\/nipe.eeg.uminho.pt\/en\/event\/cross-delisting-financial-constraints-and-investment-sensitivities\/\" title=\"Cross-Delisting, Financial Constraints and Investment Sensitivities\"><div class=\"event-list-item-event\"><div class=\"event-list-item-agroup\"><div class=\"event-list-item-categories\"><span class=\"event-list-item-category brown-bag-seminars-en\">Brown Bag Seminars<\/span><\/div><span class=\"event-list-item-date\">02.03.2016 <bdi><\/bdi> 13:00<\/span><\/div><span class=\"event-plus brown-bag-seminars-en\"><\/span><\/div><div class=\"event-list-item-details\"><p class=\"event-list-item-speaker\">S\u00f3nia Silva (NIPE) com Gilberto Loureiro (NIPE)<\/p><h3 class=\"event-list-item-title\">Cross-Delisting, Financial Constraints and Investment Sensitivities<\/h3><p class=\"event-list-item-location\">Campus de Gualtar | EEG - Room 0.04<\/p><\/div><\/a><\/div><\/div><\/div><div class=\"publication-block event-block\"><div class=\"event-list-item\"><div class=\"event-list-item-image\"><img loading=\"lazy\" decoding=\"async\" width=\"150\" height=\"150\" src=\"https:\/\/nipe.eeg.uminho.pt\/wp-content\/uploads\/2020\/11\/Susana_Campos-Martins-150x150.png\" class=\"project-list-item-image wp-post-image\" alt=\"\" srcset=\"https:\/\/nipe.eeg.uminho.pt\/wp-content\/uploads\/2020\/11\/Susana_Campos-Martins-150x150.png 150w, https:\/\/nipe.eeg.uminho.pt\/wp-content\/uploads\/2020\/11\/Susana_Campos-Martins.png 200w\" sizes=\"auto, (max-width: 150px) 100vw, 150px\" \/><\/div><div class=\"event-list-item-content\"><a class=\"event-list-item-link\" href=\"https:\/\/nipe.eeg.uminho.pt\/en\/event\/volatility-interactions-in-multivariate-garch-models-with-multiplicative-decomposition-2\/\" title=\"Volatility Interactions in Multivariate GARCH Models with Multiplicative Decomposition\"><div class=\"event-list-item-event\"><div class=\"event-list-item-agroup\"><div class=\"event-list-item-categories\"><span class=\"event-list-item-category brown-bag-seminars-en\">Brown Bag Seminars<\/span><\/div><span class=\"event-list-item-date\">27.01.2016 <bdi><\/bdi> 13:00<\/span><\/div><span class=\"event-plus brown-bag-seminars-en\"><\/span><\/div><div class=\"event-list-item-details\"><p class=\"event-list-item-speaker\">Susana Campos Martins (U. Minho - NIPE)<\/p><h3 class=\"event-list-item-title\">Volatility Interactions in Multivariate GARCH Models with Multiplicative Decomposition<\/h3><p class=\"event-list-item-location\">Campus de Gualtar | EEG - Room 0.04<\/p><\/div><\/a><\/div><\/div><\/div><\/div><div id=\"events-brown-bag-seminars-en-2015\" role=\"tabpanel\" class=\"tabs-pane fade\"><div class=\"publication-block event-block\"><div class=\"event-list-item\"><div class=\"event-list-item-image\"><img loading=\"lazy\" decoding=\"async\" width=\"150\" height=\"150\" src=\"https:\/\/nipe.eeg.uminho.pt\/wp-content\/uploads\/2021\/05\/p-m-150x150.png\" class=\"project-list-item-image wp-post-image\" alt=\"\" \/><\/div><div class=\"event-list-item-content\"><a class=\"event-list-item-link\" href=\"https:\/\/nipe.eeg.uminho.pt\/en\/event\/discussing-the-post-hosting-evaluation-of-a-mega-sporting-event-the-perception-of-warsaw-residents-toward-uefa-euro-2012\/\" title=\"Discussing the Post-Hosting Evaluation of a Mega Sporting Event: The Perception of Warsaw Residents toward UEFA EURO 2012\"><div class=\"event-list-item-event\"><div class=\"event-list-item-agroup\"><div class=\"event-list-item-categories\"><span class=\"event-list-item-category brown-bag-seminars-en\">Brown Bag Seminars<\/span><\/div><span class=\"event-list-item-date\">25.03.2015 <bdi><\/bdi> 13:30<\/span><\/div><span class=\"event-plus brown-bag-seminars-en\"><\/span><\/div><div class=\"event-list-item-details\"><p class=\"event-list-item-speaker\">Paulo Mour\u00e3o (U.MINHO-NIPE)<\/p><h3 class=\"event-list-item-title\">Discussing the Post-Hosting Evaluation of a Mega Sporting Event: The Perception of Warsaw Residents toward UEFA EURO 2012<\/h3><p class=\"event-list-item-location\">Campus de Gualtar | EEG - Room 0.04<\/p><\/div><\/a><\/div><\/div><\/div><div class=\"publication-block event-block\"><div class=\"event-list-item\"><div class=\"event-list-item-image\"><img loading=\"lazy\" decoding=\"async\" width=\"150\" height=\"150\" src=\"https:\/\/nipe.eeg.uminho.pt\/wp-content\/uploads\/2021\/05\/luis-aguiar-150x150.png\" class=\"project-list-item-image wp-post-image\" alt=\"\" \/><\/div><div class=\"event-list-item-content\"><a class=\"event-list-item-link\" href=\"https:\/\/nipe.eeg.uminho.pt\/en\/event\/analyzing-the-taylor-rule-with-wavelet-lenses-with-manuel-m-f-martins-and-maria-joana-soares\/\" title=\"Analyzing the Taylor Rule with Wavelet Lenses (with Manuel M. F. Martins and Maria Joana Soares)\"><div class=\"event-list-item-event\"><div class=\"event-list-item-agroup\"><div class=\"event-list-item-categories\"><span class=\"event-list-item-category brown-bag-seminars-en\">Brown Bag Seminars<\/span><\/div><span class=\"event-list-item-date\">21.01.2015 <bdi><\/bdi> 13:30<\/span><\/div><span class=\"event-plus brown-bag-seminars-en\"><\/span><\/div><div class=\"event-list-item-details\"><p class=\"event-list-item-speaker\">Lu\u00eds Aguiar-Conraria (NIPE - U.MINHO)<\/p><h3 class=\"event-list-item-title\">Analyzing the Taylor Rule with Wavelet Lenses (with Manuel M. F. Martins and Maria Joana Soares)<\/h3><p class=\"event-list-item-location\">Campus de Gualtar | EEG - Room 0.04<\/p><\/div><\/a><\/div><\/div><\/div><div class=\"publication-block event-block\"><div class=\"event-list-item\"><div class=\"event-list-item-image\"><img loading=\"lazy\" decoding=\"async\" width=\"150\" height=\"150\" src=\"https:\/\/nipe.eeg.uminho.pt\/wp-content\/uploads\/2020\/11\/Alessandro_Marchesiani-150x150.png\" class=\"project-list-item-image wp-post-image\" alt=\"\" srcset=\"https:\/\/nipe.eeg.uminho.pt\/wp-content\/uploads\/2020\/11\/Alessandro_Marchesiani-150x150.png 150w, https:\/\/nipe.eeg.uminho.pt\/wp-content\/uploads\/2020\/11\/Alessandro_Marchesiani.png 200w\" sizes=\"auto, (max-width: 150px) 100vw, 150px\" \/><\/div><div class=\"event-list-item-content\"><a class=\"event-list-item-link\" href=\"https:\/\/nipe.eeg.uminho.pt\/en\/event\/the-societal-benefits-of-a-financial-transaction-tax-with-alekasander-berentsen-and-samuel-huber\/\" title=\"The Societal Benefits of a Financial Transaction Tax (with Alekasander Berentsen and Samuel Huber)\"><div class=\"event-list-item-event\"><div class=\"event-list-item-agroup\"><div class=\"event-list-item-categories\"><span class=\"event-list-item-category brown-bag-seminars-en\">Brown Bag Seminars<\/span><\/div><span class=\"event-list-item-date\">07.01.2015 <bdi><\/bdi> 13:30<\/span><\/div><span class=\"event-plus brown-bag-seminars-en\"><\/span><\/div><div class=\"event-list-item-details\"><p class=\"event-list-item-speaker\">Alessandro Marchesiani (U.BATH - NIPE)<\/p><h3 class=\"event-list-item-title\">The Societal Benefits of a Financial Transaction Tax (with Alekasander Berentsen and Samuel Huber)<\/h3><p class=\"event-list-item-location\">Campus de Gualtar | EEG - Room 0.04<\/p><\/div><\/a><\/div><\/div><\/div><\/div><div id=\"events-brown-bag-seminars-en-2014\" role=\"tabpanel\" class=\"tabs-pane fade\"><div class=\"publication-block event-block\"><div class=\"event-list-item\"><div class=\"event-list-item-image\"><img loading=\"lazy\" decoding=\"async\" width=\"150\" height=\"150\" src=\"https:\/\/nipe.eeg.uminho.pt\/wp-content\/uploads\/2021\/05\/RICARDO-150x150.jpg\" class=\"project-list-item-image wp-post-image\" alt=\"\" \/><\/div><div class=\"event-list-item-content\"><a class=\"event-list-item-link\" href=\"https:\/\/nipe.eeg.uminho.pt\/en\/event\/recursive-preferences-consumption-smoothing-and-risk-premium\/\" title=\"Recursive Preferences, Consumption Smoothing and Risk Premium\"><div class=\"event-list-item-event\"><div class=\"event-list-item-agroup\"><div class=\"event-list-item-categories\"><span class=\"event-list-item-category brown-bag-seminars-en\">Brown Bag Seminars<\/span><\/div><span class=\"event-list-item-date\">17.09.2014 <bdi><\/bdi> 13:30<\/span><\/div><span class=\"event-plus brown-bag-seminars-en\"><\/span><\/div><div class=\"event-list-item-details\"><p class=\"event-list-item-speaker\">Ricardo Sousa (NIPE)<\/p><h3 class=\"event-list-item-title\">Recursive Preferences, Consumption Smoothing and Risk Premium<\/h3><p class=\"event-list-item-location\">Campus de Gualtar | EEG - Room 0.04<\/p><\/div><\/a><\/div><\/div><\/div><div class=\"publication-block event-block\"><div class=\"event-list-item\"><div class=\"event-list-item-image\"><img loading=\"lazy\" decoding=\"async\" width=\"150\" height=\"150\" src=\"https:\/\/nipe.eeg.uminho.pt\/wp-content\/uploads\/2020\/11\/linda-veiga-150x150.png\" class=\"project-list-item-image wp-post-image\" alt=\"\" srcset=\"https:\/\/nipe.eeg.uminho.pt\/wp-content\/uploads\/2020\/11\/linda-veiga-150x150.png 150w, https:\/\/nipe.eeg.uminho.pt\/wp-content\/uploads\/2020\/11\/linda-veiga.png 200w\" sizes=\"auto, (max-width: 150px) 100vw, 150px\" \/><\/div><div class=\"event-list-item-content\"><a class=\"event-list-item-link\" href=\"https:\/\/nipe.eeg.uminho.pt\/en\/event\/determinants-of-local-governments-deficits-and-debt\/\" title=\"Determinants of local governments&#8217; deficits and debt\"><div class=\"event-list-item-event\"><div class=\"event-list-item-agroup\"><div class=\"event-list-item-categories\"><span class=\"event-list-item-category brown-bag-seminars-en\">Brown Bag Seminars<\/span><\/div><span class=\"event-list-item-date\">21.05.2014 <bdi><\/bdi> 13:30<\/span><\/div><span class=\"event-plus brown-bag-seminars-en\"><\/span><\/div><div class=\"event-list-item-details\"><p class=\"event-list-item-speaker\">Linda Veiga (U. Minho - NIPE) <\/p><h3 class=\"event-list-item-title\">Determinants of local governments&#8217; deficits and debt<\/h3><p class=\"event-list-item-location\">Campus de Gualtar | EEG - Room 0.04<\/p><\/div><\/a><\/div><\/div><\/div><div class=\"publication-block event-block\"><div class=\"event-list-item\"><div class=\"event-list-item-image\"><img loading=\"lazy\" decoding=\"async\" width=\"150\" height=\"150\" src=\"https:\/\/nipe.eeg.uminho.pt\/wp-content\/uploads\/2021\/05\/nipe-odd-straume-1-150x150.jpg\" class=\"project-list-item-image wp-post-image\" alt=\"\" \/><\/div><div class=\"event-list-item-content\"><a class=\"event-list-item-link\" href=\"https:\/\/nipe.eeg.uminho.pt\/en\/event\/price-regulation-and-parallel-imports-of-pharmaceuticals\/\" title=\"Price Regulation and Parallel Imports of Pharmaceuticals\"><div class=\"event-list-item-event\"><div class=\"event-list-item-agroup\"><div class=\"event-list-item-categories\"><span class=\"event-list-item-category brown-bag-seminars-en\">Brown Bag Seminars<\/span><\/div><span class=\"event-list-item-date\">05.02.2014 <bdi><\/bdi> 13:30<\/span><\/div><span class=\"event-plus brown-bag-seminars-en\"><\/span><\/div><div class=\"event-list-item-details\"><p class=\"event-list-item-speaker\">Odd Rune Straume (U. Minho - NIPE) with Kurt R. Brekke and Tor Helge Holm\u00e4s<\/p><h3 class=\"event-list-item-title\">Price Regulation and Parallel Imports of Pharmaceuticals<\/h3><p class=\"event-list-item-location\">Campus de Gualtar | EEG - Room 0.04<\/p><\/div><\/a><\/div><\/div><\/div><div class=\"publication-block event-block\"><div class=\"event-list-item\"><div class=\"event-list-item-image\"><img loading=\"lazy\" decoding=\"async\" width=\"150\" height=\"150\" src=\"https:\/\/nipe.eeg.uminho.pt\/wp-content\/uploads\/2014\/10\/2021-05-26-150x150.png\" class=\"project-list-item-image wp-post-image\" alt=\"\" \/><\/div><div class=\"event-list-item-content\"><a class=\"event-list-item-link\" href=\"https:\/\/nipe.eeg.uminho.pt\/en\/event\/political-cycles-and-governments-expenditures-evidence-from-portugal\/\" title=\"Political cycles and governments expenditures: Evidence from Portugal\"><div class=\"event-list-item-event\"><div class=\"event-list-item-agroup\"><div class=\"event-list-item-categories\"><span class=\"event-list-item-category brown-bag-seminars-en\">Brown Bag Seminars<\/span><\/div><span class=\"event-list-item-date\">22.01.2014 <bdi><\/bdi> 13:30<\/span><\/div><span class=\"event-plus brown-bag-seminars-en\"><\/span><\/div><div class=\"event-list-item-details\"><p class=\"event-list-item-speaker\">V\u00edtor Castro (U. Coimbra e NIPE-UMinho) with Rodrigo Martins<\/p><h3 class=\"event-list-item-title\">Political cycles and governments expenditures: Evidence from Portugal<\/h3><p class=\"event-list-item-location\">Campus de Gualtar | EEG - Room 0.04<\/p><\/div><\/a><\/div><\/div><\/div><\/div><\/div><\/div><\/div><div id=\"summer-school-en\" role=\"tabpanel\" class=\"tabs-pane fade\"><div class=\"tabs tabs tabs-nav-side tabs-nav-shadowed tabs-nav-publication\"><ul class=\"nav tabs-nav\" role=\"tablist\"><li role=\"presentation\" class=\"active\"><a href=\"#events-summer-school-en-2024\" aria-expanded=\"true\" aria-controls=\"events-summer-school-en-2024\" role=\"tab\" data-toggle=\"tab\">2024<\/a><\/li><li role=\"presentation\"><a href=\"#events-summer-school-en-2023\" aria-expanded=\"false\" aria-controls=\"events-summer-school-en-2023\" role=\"tab\" data-toggle=\"tab\">2023<\/a><\/li><li role=\"presentation\"><a href=\"#events-summer-school-en-2022\" aria-expanded=\"false\" aria-controls=\"events-summer-school-en-2022\" role=\"tab\" data-toggle=\"tab\">2022<\/a><\/li><li role=\"presentation\"><a href=\"#events-summer-school-en-2021\" aria-expanded=\"false\" aria-controls=\"events-summer-school-en-2021\" role=\"tab\" data-toggle=\"tab\">2021<\/a><\/li><li role=\"presentation\"><a href=\"#events-summer-school-en-2019\" aria-expanded=\"false\" aria-controls=\"events-summer-school-en-2019\" role=\"tab\" data-toggle=\"tab\">2019<\/a><\/li><li role=\"presentation\"><a href=\"#events-summer-school-en-2018\" aria-expanded=\"false\" aria-controls=\"events-summer-school-en-2018\" role=\"tab\" data-toggle=\"tab\">2018<\/a><\/li><li role=\"presentation\"><a href=\"#events-summer-school-en-2017\" aria-expanded=\"false\" aria-controls=\"events-summer-school-en-2017\" role=\"tab\" data-toggle=\"tab\">2017<\/a><\/li><li role=\"presentation\"><a href=\"#events-summer-school-en-2016\" aria-expanded=\"false\" aria-controls=\"events-summer-school-en-2016\" role=\"tab\" data-toggle=\"tab\">2016<\/a><\/li><li role=\"presentation\"><a href=\"#events-summer-school-en-2015\" aria-expanded=\"false\" aria-controls=\"events-summer-school-en-2015\" role=\"tab\" data-toggle=\"tab\">2015<\/a><\/li><li role=\"presentation\"><a href=\"#events-summer-school-en-2014\" aria-expanded=\"false\" aria-controls=\"events-summer-school-en-2014\" role=\"tab\" data-toggle=\"tab\">2014<\/a><\/li><li role=\"presentation\"><a href=\"#events-summer-school-en-2013\" aria-expanded=\"false\" aria-controls=\"events-summer-school-en-2013\" role=\"tab\" data-toggle=\"tab\">2013<\/a><\/li><li role=\"presentation\"><a href=\"#events-summer-school-en-2012\" aria-expanded=\"false\" aria-controls=\"events-summer-school-en-2012\" role=\"tab\" data-toggle=\"tab\">2012<\/a><\/li><li role=\"presentation\"><a href=\"#events-summer-school-en-2011\" aria-expanded=\"false\" aria-controls=\"events-summer-school-en-2011\" role=\"tab\" data-toggle=\"tab\">2011<\/a><\/li><li role=\"presentation\"><a href=\"#events-summer-school-en-2010\" aria-expanded=\"false\" aria-controls=\"events-summer-school-en-2010\" role=\"tab\" data-toggle=\"tab\">2010<\/a><\/li><li role=\"presentation\"><a href=\"#events-summer-school-en-2009\" aria-expanded=\"false\" aria-controls=\"events-summer-school-en-2009\" role=\"tab\" data-toggle=\"tab\">2009<\/a><\/li><li role=\"presentation\"><a href=\"#events-summer-school-en-2008\" aria-expanded=\"false\" aria-controls=\"events-summer-school-en-2008\" role=\"tab\" data-toggle=\"tab\">2008<\/a><\/li><li role=\"presentation\"><a href=\"#events-summer-school-en-2007\" aria-expanded=\"false\" aria-controls=\"events-summer-school-en-2007\" role=\"tab\" data-toggle=\"tab\">2007<\/a><\/li><li role=\"presentation\"><a href=\"#events-summer-school-en-2006\" aria-expanded=\"false\" aria-controls=\"events-summer-school-en-2006\" role=\"tab\" data-toggle=\"tab\">2006<\/a><\/li><li role=\"presentation\"><a href=\"#events-summer-school-en-2005\" aria-expanded=\"false\" aria-controls=\"events-summer-school-en-2005\" role=\"tab\" data-toggle=\"tab\">2005<\/a><\/li><li role=\"presentation\"><a href=\"#events-summer-school-en-2002\" aria-expanded=\"false\" aria-controls=\"events-summer-school-en-2002\" role=\"tab\" data-toggle=\"tab\">2002<\/a><\/li><\/ul><div class=\"tabs-content inner-tab\"><div id=\"events-summer-school-en-2024\" role=\"tabpanel\" class=\"tabs-pane fade active in\"><div class=\"publication-block event-block active\"><div class=\"event-list-item\"><div class=\"event-list-item-image\"><img loading=\"lazy\" decoding=\"async\" width=\"150\" height=\"150\" src=\"https:\/\/nipe.eeg.uminho.pt\/wp-content\/uploads\/2023\/12\/JW-150x150.png\" class=\"project-list-item-image wp-post-image\" alt=\"\" srcset=\"https:\/\/nipe.eeg.uminho.pt\/wp-content\/uploads\/2023\/12\/JW-150x150.png 150w, https:\/\/nipe.eeg.uminho.pt\/wp-content\/uploads\/2023\/12\/JW.png 225w\" sizes=\"auto, (max-width: 150px) 100vw, 150px\" \/><\/div><div class=\"event-list-item-content\"><a class=\"event-list-item-link\" href=\"https:\/\/nipe.eeg.uminho.pt\/nipe-summer-school-2024\" title=\"20th Edition of NIPE Summer School \u2013 Difference-in-Differences with Panel Data and Repeated Cross Sections\"><div class=\"event-list-item-event\"><div class=\"event-list-item-agroup\"><div class=\"event-list-item-categories\"><span class=\"event-list-item-category summer-school-en\">Summer School<\/span><\/div><span class=\"event-list-item-date\">15.07.2024 <bdi><\/bdi> 09:00<\/span><\/div><span class=\"event-plus summer-school-en\"><\/span><\/div><div class=\"event-list-item-details\"><p class=\"event-list-item-speaker\"><\/p><h3 class=\"event-list-item-title\">20th Edition of NIPE Summer School \u2013 Difference-in-Differences with Panel Data and Repeated Cross Sections<\/h3><p class=\"event-list-item-location\">Campus de Gualtar | EEG<\/p><\/div><\/a><\/div><\/div><\/div><\/div><div id=\"events-summer-school-en-2023\" role=\"tabpanel\" class=\"tabs-pane fade active in\"><div class=\"publication-block event-block active\"><div class=\"event-list-item\"><div class=\"event-list-item-image\"><img loading=\"lazy\" decoding=\"async\" width=\"150\" height=\"150\" src=\"https:\/\/nipe.eeg.uminho.pt\/wp-content\/uploads\/2023\/06\/Oliver-Linton-150x150.jpg\" class=\"project-list-item-image wp-post-image\" alt=\"\" \/><\/div><div class=\"event-list-item-content\"><a class=\"event-list-item-link\" href=\" https:\/\/nipe.eeg.uminho.pt\/en\/nipe-summer-school-2023\/ \" title=\"19th Edition of NIPE Summer School &#8211; Nonparametric and Semiparametric Methods in Economics and Finance\"><div class=\"event-list-item-event\"><div class=\"event-list-item-agroup\"><div class=\"event-list-item-categories\"><span class=\"event-list-item-category summer-school-en\">Summer School<\/span><\/div><span class=\"event-list-item-date\">10.07.2023 <bdi><\/bdi> 09:00<\/span><\/div><span class=\"event-plus summer-school-en\"><\/span><\/div><div class=\"event-list-item-details\"><p class=\"event-list-item-speaker\"><\/p><h3 class=\"event-list-item-title\">19th Edition of NIPE Summer School &#8211; Nonparametric and Semiparametric Methods in Economics and Finance<\/h3><p class=\"event-list-item-location\">Campus de Gualtar | EEG<\/p><\/div><\/a><\/div><\/div><\/div><\/div><div id=\"events-summer-school-en-2022\" role=\"tabpanel\" class=\"tabs-pane fade active in\"><div class=\"publication-block event-block active\"><div class=\"event-list-item\"><div class=\"event-list-item-image\"><img loading=\"lazy\" decoding=\"async\" width=\"150\" height=\"150\" src=\"https:\/\/nipe.eeg.uminho.pt\/wp-content\/uploads\/2021\/08\/hansen-150x150.jpg\" class=\"project-list-item-image wp-post-image\" alt=\"\" srcset=\"https:\/\/nipe.eeg.uminho.pt\/wp-content\/uploads\/2021\/08\/hansen-150x150.jpg 150w, https:\/\/nipe.eeg.uminho.pt\/wp-content\/uploads\/2021\/08\/hansen.jpg 300w\" sizes=\"auto, (max-width: 150px) 100vw, 150px\" \/><\/div><div class=\"event-list-item-content\"><a class=\"event-list-item-link\" href=\"https:\/\/nipe.eeg.uminho.pt\/en\/nipe-summer-school-2022\/\" title=\"18th Edition of NIPE Summer School &#8211; Econometrics of Big Data\"><div class=\"event-list-item-event\"><div class=\"event-list-item-agroup\"><div class=\"event-list-item-categories\"><span class=\"event-list-item-category summer-school-en\">Summer School<\/span><\/div><span class=\"event-list-item-date\">27.06.2022 <bdi><\/bdi> 09:00<\/span><\/div><span class=\"event-plus summer-school-en\"><\/span><\/div><div class=\"event-list-item-details\"><p class=\"event-list-item-speaker\"><\/p><h3 class=\"event-list-item-title\">18th Edition of NIPE Summer School &#8211; Econometrics of Big Data<\/h3><p class=\"event-list-item-location\">University of Minho, Braga<\/p><\/div><\/a><\/div><\/div><\/div><\/div><div id=\"events-summer-school-en-2021\" role=\"tabpanel\" class=\"tabs-pane fade active in\"><div class=\"publication-block event-block active\"><div class=\"event-list-item\"><div class=\"event-list-item-image\"><img loading=\"lazy\" decoding=\"async\" width=\"150\" height=\"150\" src=\"https:\/\/nipe.eeg.uminho.pt\/wp-content\/uploads\/2021\/05\/arellano-150x150.png\" class=\"project-list-item-image wp-post-image\" alt=\"\" \/><\/div><div class=\"event-list-item-content\"><a class=\"event-list-item-link\" href=\"https:\/\/nipe.eeg.uminho.pt\/en\/nipe-summer-school-2021\/\" title=\"Econometrics of Survey Data, Stratification, and Clustering\"><div class=\"event-list-item-event\"><div class=\"event-list-item-agroup\"><div class=\"event-list-item-categories\"><span class=\"event-list-item-category summer-school-en\">Summer School<\/span><\/div><span class=\"event-list-item-date\">15.06.2021 <bdi><\/bdi> 09:30<\/span><\/div><span class=\"event-plus summer-school-en\"><\/span><\/div><div class=\"event-list-item-details\"><p class=\"event-list-item-speaker\">Manuel Arellano (CEMFI)<\/p><h3 class=\"event-list-item-title\">Econometrics of Survey Data, Stratification, and Clustering<\/h3><p class=\"event-list-item-location\">EEG I Universidade do Minho<\/p><\/div><\/a><\/div><\/div><\/div><\/div><div id=\"events-summer-school-en-2019\" role=\"tabpanel\" class=\"tabs-pane fade active in\"><div class=\"publication-block event-block active\"><div class=\"event-list-item\"><div class=\"event-list-item-image\"><img loading=\"lazy\" decoding=\"async\" width=\"150\" height=\"150\" src=\"https:\/\/nipe.eeg.uminho.pt\/wp-content\/uploads\/2019\/06\/Matias-D.-Cattaneo-150x150.jpg\" class=\"project-list-item-image wp-post-image\" alt=\"\" \/><\/div><div class=\"event-list-item-content\"><a class=\"event-list-item-link\" href=\"https:\/\/nipe.eeg.uminho.pt\/en\/event\/regression-discontinuity-designs\/\" title=\"Regression Discontinuity Designs\"><div class=\"event-list-item-event\"><div class=\"event-list-item-agroup\"><div class=\"event-list-item-categories\"><span class=\"event-list-item-category summer-school-en\">Summer School<\/span><\/div><span class=\"event-list-item-date\">03.06.2019 <bdi><\/bdi> 09:30<\/span><\/div><span class=\"event-plus summer-school-en\"><\/span><\/div><div class=\"event-list-item-details\"><p class=\"event-list-item-speaker\">Matias D. Cattaneo (Princeton University)<\/p><h3 class=\"event-list-item-title\">Regression Discontinuity Designs<\/h3><p class=\"event-list-item-location\">EEG I University of Minho<\/p><\/div><\/a><\/div><\/div><\/div><\/div><div id=\"events-summer-school-en-2018\" role=\"tabpanel\" class=\"tabs-pane fade active in\"><div class=\"publication-block event-block active\"><div class=\"event-list-item\"><div class=\"event-list-item-image\"><img loading=\"lazy\" decoding=\"async\" width=\"120\" height=\"150\" src=\"https:\/\/nipe.eeg.uminho.pt\/wp-content\/uploads\/2018\/06\/Badi_Baltagi1-120x150.jpg\" class=\"project-list-item-image wp-post-image\" alt=\"\" \/><\/div><div class=\"event-list-item-content\"><a class=\"event-list-item-link\" href=\"https:\/\/nipe.eeg.uminho.pt\/en\/event\/panel-data-spatial-econometrics\/\" title=\"Panel Data Spatial Econometrics\"><div class=\"event-list-item-event\"><div class=\"event-list-item-agroup\"><div class=\"event-list-item-categories\"><span class=\"event-list-item-category summer-school-en\">Summer School<\/span><\/div><span class=\"event-list-item-date\">11.06.2018 <bdi><\/bdi> 09:30<\/span><\/div><span class=\"event-plus summer-school-en\"><\/span><\/div><div class=\"event-list-item-details\"><p class=\"event-list-item-speaker\">Badi H. Baltagi (Syracuse University)<\/p><h3 class=\"event-list-item-title\">Panel Data Spatial Econometrics<\/h3><p class=\"event-list-item-location\">EEG I University of Minho<\/p><\/div><\/a><\/div><\/div><\/div><\/div><div id=\"events-summer-school-en-2017\" role=\"tabpanel\" class=\"tabs-pane fade active in\"><div class=\"publication-block event-block active\"><div class=\"event-list-item\"><div class=\"event-list-item-image\"><img loading=\"lazy\" decoding=\"async\" width=\"150\" height=\"150\" src=\"https:\/\/nipe.eeg.uminho.pt\/wp-content\/uploads\/2021\/04\/Roger-Koenker-150x150.jpg\" class=\"project-list-item-image wp-post-image\" alt=\"\" \/><\/div><div class=\"event-list-item-content\"><a class=\"event-list-item-link\" href=\"https:\/\/nipe.eeg.uminho.pt\/en\/event\/advances-in-quantile-regression\/\" title=\"Advances in Quantile Regression\"><div class=\"event-list-item-event\"><div class=\"event-list-item-agroup\"><div class=\"event-list-item-categories\"><span class=\"event-list-item-category summer-school-en\">Summer School<\/span><\/div><span class=\"event-list-item-date\">12.06.2017 <bdi><\/bdi> 09:30<\/span><\/div><span class=\"event-plus summer-school-en\"><\/span><\/div><div class=\"event-list-item-details\"><p class=\"event-list-item-speaker\">Roger Koenker (University of Illinois)<\/p><h3 class=\"event-list-item-title\">Advances in Quantile Regression<\/h3><p class=\"event-list-item-location\">EEG I Universidade do Minho<\/p><\/div><\/a><\/div><\/div><\/div><\/div><div id=\"events-summer-school-en-2016\" role=\"tabpanel\" class=\"tabs-pane fade active in\"><div class=\"publication-block event-block active\"><div class=\"event-list-item\"><div class=\"event-list-item-image\"><img loading=\"lazy\" decoding=\"async\" width=\"150\" height=\"150\" src=\"https:\/\/nipe.eeg.uminho.pt\/wp-content\/uploads\/2021\/06\/SSXIII-150x150.jpg\" class=\"project-list-item-image wp-post-image\" alt=\"\" \/><\/div><div class=\"event-list-item-content\"><a class=\"event-list-item-link\" href=\"https:\/\/nipe.eeg.uminho.pt\/en\/event\/an-introduction-to-high-frequency-financial-econometrics-and-trading\/\" title=\"An Introduction to High Frequency Financial Econometrics and Trading\"><div class=\"event-list-item-event\"><div class=\"event-list-item-agroup\"><div class=\"event-list-item-categories\"><span class=\"event-list-item-category summer-school-en\">Summer School<\/span><\/div><span class=\"event-list-item-date\">13.06.2016 <bdi><\/bdi> 09:30<\/span><\/div><span class=\"event-plus summer-school-en\"><\/span><\/div><div class=\"event-list-item-details\"><p class=\"event-list-item-speaker\">Yacine Ait-Sahalia (Princeton University, USA)<\/p><h3 class=\"event-list-item-title\">An Introduction to High Frequency Financial Econometrics and Trading<\/h3><p class=\"event-list-item-location\">EEG I University of Minho<\/p><\/div><\/a><\/div><\/div><\/div><\/div><div id=\"events-summer-school-en-2015\" role=\"tabpanel\" class=\"tabs-pane fade active in\"><div class=\"publication-block event-block active\"><div class=\"event-list-item\"><div class=\"event-list-item-image\"><img loading=\"lazy\" decoding=\"async\" width=\"150\" height=\"148\" src=\"https:\/\/nipe.eeg.uminho.pt\/wp-content\/uploads\/2015\/06\/Francis-Diebold-150x148.jpg\" class=\"project-list-item-image wp-post-image\" alt=\"\" \/><\/div><div class=\"event-list-item-content\"><a class=\"event-list-item-link\" href=\"https:\/\/nipe.eeg.uminho.pt\/en\/event\/predictive-econometric-modeling-with-applications-to-financial-economics\/\" title=\"Predictive Econometric Modeling with Applications to Financial Economics\"><div class=\"event-list-item-event\"><div class=\"event-list-item-agroup\"><div class=\"event-list-item-categories\"><span class=\"event-list-item-category summer-school-en\">Summer School<\/span><\/div><span class=\"event-list-item-date\">15.06.2015 <bdi><\/bdi> 09:30<\/span><\/div><span class=\"event-plus summer-school-en\"><\/span><\/div><div class=\"event-list-item-details\"><p class=\"event-list-item-speaker\">Francis X. Diebold (University of Pennsylvania, USA)<\/p><h3 class=\"event-list-item-title\">Predictive Econometric Modeling with Applications to Financial Economics<\/h3><p class=\"event-list-item-location\">EEG I Universidade do Minho<\/p><\/div><\/a><\/div><\/div><\/div><\/div><div id=\"events-summer-school-en-2014\" role=\"tabpanel\" class=\"tabs-pane fade active in\"><div class=\"publication-block event-block active\"><div class=\"event-list-item\"><div class=\"event-list-item-image\"><img loading=\"lazy\" decoding=\"async\" width=\"150\" height=\"150\" src=\"https:\/\/nipe.eeg.uminho.pt\/wp-content\/uploads\/2014\/06\/Stephen-Brown-150x150.jpg\" class=\"project-list-item-image wp-post-image\" alt=\"\" \/><\/div><div class=\"event-list-item-content\"><a class=\"event-list-item-link\" href=\"https:\/\/nipe.eeg.uminho.pt\/en\/event\/empirical-financial-economics\/\" title=\"Empirical Financial Economics\"><div class=\"event-list-item-event\"><div class=\"event-list-item-agroup\"><div class=\"event-list-item-categories\"><span class=\"event-list-item-category summer-school-en\">Summer School<\/span><\/div><span class=\"event-list-item-date\">30.06.2014 <bdi><\/bdi> 09:30<\/span><\/div><span class=\"event-plus summer-school-en\"><\/span><\/div><div class=\"event-list-item-details\"><p class=\"event-list-item-speaker\">Stephen Brown (New York University, USA)<\/p><h3 class=\"event-list-item-title\">Empirical Financial Economics<\/h3><p class=\"event-list-item-location\">University of Minho<\/p><\/div><\/a><\/div><\/div><\/div><\/div><div id=\"events-summer-school-en-2013\" role=\"tabpanel\" class=\"tabs-pane fade active in\"><div class=\"publication-block event-block active\"><div class=\"event-list-item\"><div class=\"event-list-item-image\"><img loading=\"lazy\" decoding=\"async\" width=\"150\" height=\"150\" src=\"https:\/\/nipe.eeg.uminho.pt\/wp-content\/uploads\/2013\/06\/WG-150x150.jpg\" class=\"project-list-item-image wp-post-image\" alt=\"\" \/><\/div><div class=\"event-list-item-content\"><a class=\"event-list-item-link\" href=\"https:\/\/nipe.eeg.uminho.pt\/en\/event\/discrete-choice-models-for-cross-section-and-panel-data\/\" title=\"Discrete choice models for cross section and panel data\"><div class=\"event-list-item-event\"><div class=\"event-list-item-agroup\"><div class=\"event-list-item-categories\"><span class=\"event-list-item-category summer-school-en\">Summer School<\/span><\/div><span class=\"event-list-item-date\">26.06.2013 <bdi><\/bdi> 09:30<\/span><\/div><span class=\"event-plus summer-school-en\"><\/span><\/div><div class=\"event-list-item-details\"><p class=\"event-list-item-speaker\">William Greene (New York University, USA)<\/p><h3 class=\"event-list-item-title\">Discrete choice models for cross section and panel data<\/h3><p class=\"event-list-item-location\">EEG I Universidade do Minho<\/p><\/div><\/a><\/div><\/div><\/div><\/div><div id=\"events-summer-school-en-2012\" role=\"tabpanel\" class=\"tabs-pane fade active in\"><div class=\"publication-block event-block active\"><div class=\"event-list-item\"><div class=\"event-list-item-image\"><img loading=\"lazy\" decoding=\"async\" width=\"150\" height=\"128\" src=\"https:\/\/nipe.eeg.uminho.pt\/wp-content\/uploads\/2012\/06\/imgonline-com-ua-twotoone-l84aqaIixe8-150x128.jpg\" class=\"project-list-item-image wp-post-image\" alt=\"\" \/><\/div><div class=\"event-list-item-content\"><a class=\"event-list-item-link\" href=\"https:\/\/nipe.eeg.uminho.pt\/en\/event\/the-science-and-art-of-dsge-modelling-a-course-on-model-constrution-calibration-estimation-and-policy-analysis\/\" title=\"The Science and Art of DSGE Modelling: A Course on Model Constrution, Calibration, Estimation and Policy Analysis\"><div class=\"event-list-item-event\"><div class=\"event-list-item-agroup\"><div class=\"event-list-item-categories\"><span class=\"event-list-item-category summer-school-en\">Summer School<\/span><\/div><span class=\"event-list-item-date\">20.06.2012 <bdi><\/bdi> 09:30<\/span><\/div><span class=\"event-plus summer-school-en\"><\/span><\/div><div class=\"event-list-item-details\"><p class=\"event-list-item-speaker\">Paul Levine (University of Surrey) and Bo Yang (London Metropolitan University and University of Surrey)<\/p><h3 class=\"event-list-item-title\">The Science and Art of DSGE Modelling: A Course on Model Constrution, Calibration, Estimation and Policy Analysis<\/h3><p class=\"event-list-item-location\">EEG I Universidade do Minho<\/p><\/div><\/a><\/div><\/div><\/div><\/div><div id=\"events-summer-school-en-2011\" role=\"tabpanel\" class=\"tabs-pane fade active in\"><div class=\"publication-block event-block active\"><div class=\"event-list-item\"><div class=\"event-list-item-image\"><img loading=\"lazy\" decoding=\"async\" width=\"150\" height=\"150\" src=\"https:\/\/nipe.eeg.uminho.pt\/wp-content\/uploads\/2011\/06\/Nicholas-150x150.jpg\" class=\"project-list-item-image wp-post-image\" alt=\"\" \/><\/div><div class=\"event-list-item-content\"><a class=\"event-list-item-link\" href=\"https:\/\/nipe.eeg.uminho.pt\/en\/event\/duration-analysis\/\" title=\"Duration Analysis\"><div class=\"event-list-item-event\"><div class=\"event-list-item-agroup\"><div class=\"event-list-item-categories\"><span class=\"event-list-item-category summer-school-en\">Summer School<\/span><\/div><span class=\"event-list-item-date\">29.06.2011 <bdi><\/bdi> 09:30<\/span><\/div><span class=\"event-plus summer-school-en\"><\/span><\/div><div class=\"event-list-item-details\"><p class=\"event-list-item-speaker\">Nicholas M. Kiefer (Cornell University)<\/p><h3 class=\"event-list-item-title\">Duration Analysis<\/h3><p class=\"event-list-item-location\">EEG I Universidade do Minho<\/p><\/div><\/a><\/div><\/div><\/div><\/div><div id=\"events-summer-school-en-2010\" role=\"tabpanel\" class=\"tabs-pane fade active in\"><div class=\"publication-block event-block active\"><div class=\"event-list-item\"><div class=\"event-list-item-image\"><img loading=\"lazy\" decoding=\"async\" width=\"150\" height=\"150\" src=\"https:\/\/nipe.eeg.uminho.pt\/wp-content\/uploads\/2010\/06\/colin-150x150.jpg\" class=\"project-list-item-image wp-post-image\" alt=\"\" \/><\/div><div class=\"event-list-item-content\"><a class=\"event-list-item-link\" href=\"https:\/\/nipe.eeg.uminho.pt\/en\/event\/regression-analysis-with-discrete-and-censored-dependent-variables\/\" title=\"Regression Analysis with Discrete and Censored Dependent Variables\"><div class=\"event-list-item-event\"><div class=\"event-list-item-agroup\"><div class=\"event-list-item-categories\"><span class=\"event-list-item-category summer-school-en\">Summer School<\/span><\/div><span class=\"event-list-item-date\">16.06.2010 <bdi><\/bdi> 09:30<\/span><\/div><span class=\"event-plus summer-school-en\"><\/span><\/div><div class=\"event-list-item-details\"><p class=\"event-list-item-speaker\">Professor Colin Cameron (University of California - Davis)<\/p><h3 class=\"event-list-item-title\">Regression Analysis with Discrete and Censored Dependent Variables<\/h3><p class=\"event-list-item-location\">EEG I Universidade do Minho<\/p><\/div><\/a><\/div><\/div><\/div><\/div><div id=\"events-summer-school-en-2009\" role=\"tabpanel\" class=\"tabs-pane fade active in\"><div class=\"publication-block event-block active\"><div class=\"event-list-item\"><div class=\"event-list-item-image\"><img loading=\"lazy\" decoding=\"async\" width=\"105\" height=\"125\" src=\"https:\/\/nipe.eeg.uminho.pt\/wp-content\/uploads\/2009\/06\/Joshua.jpg\" class=\"project-list-item-image wp-post-image\" alt=\"\" \/><\/div><div class=\"event-list-item-content\"><a class=\"event-list-item-link\" href=\"https:\/\/nipe.eeg.uminho.pt\/en\/event\/empirical-strategies\/\" title=\"Empirical Strategies\"><div class=\"event-list-item-event\"><div class=\"event-list-item-agroup\"><div class=\"event-list-item-categories\"><span class=\"event-list-item-category summer-school-en\">Summer School<\/span><\/div><span class=\"event-list-item-date\">29.06.2009 <bdi><\/bdi> 09:30<\/span><\/div><span class=\"event-plus summer-school-en\"><\/span><\/div><div class=\"event-list-item-details\"><p class=\"event-list-item-speaker\">Joshua Angrist (MIT)<\/p><h3 class=\"event-list-item-title\">Empirical Strategies<\/h3><p class=\"event-list-item-location\">EEG I Universidade do Minho<\/p><\/div><\/a><\/div><\/div><\/div><\/div><div id=\"events-summer-school-en-2008\" role=\"tabpanel\" class=\"tabs-pane fade active in\"><div class=\"publication-block event-block active\"><div class=\"event-list-item\"><div class=\"event-list-item-image\"><img loading=\"lazy\" decoding=\"async\" width=\"139\" height=\"150\" src=\"https:\/\/nipe.eeg.uminho.pt\/wp-content\/uploads\/2008\/06\/hamilton-139x150.jpg\" class=\"project-list-item-image wp-post-image\" alt=\"\" \/><\/div><div class=\"event-list-item-content\"><a class=\"event-list-item-link\" href=\"https:\/\/nipe.eeg.uminho.pt\/en\/event\/econometria-bayesiana\/\" title=\"Econometria Bayesiana\"><div class=\"event-list-item-event\"><div class=\"event-list-item-agroup\"><div class=\"event-list-item-categories\"><span class=\"event-list-item-category summer-school-en\">Summer School<\/span><\/div><span class=\"event-list-item-date\">30.06.2008 <bdi><\/bdi> 09:30<\/span><\/div><span class=\"event-plus summer-school-en\"><\/span><\/div><div class=\"event-list-item-details\"><p class=\"event-list-item-speaker\">James Hamilton (University of California, San Diego, USA)<\/p><h3 class=\"event-list-item-title\">Econometria Bayesiana<\/h3><p class=\"event-list-item-location\">EEG I University of Minho<\/p><\/div><\/a><\/div><\/div><\/div><\/div><div id=\"events-summer-school-en-2007\" role=\"tabpanel\" class=\"tabs-pane fade active in\"><div class=\"publication-block event-block active\"><div class=\"event-list-item\"><div class=\"event-list-item-image\"><img loading=\"lazy\" decoding=\"async\" width=\"150\" height=\"150\" src=\"https:\/\/nipe.eeg.uminho.pt\/wp-content\/uploads\/2007\/07\/Ellen-150x150.jpg\" class=\"project-list-item-image wp-post-image\" alt=\"\" \/><\/div><div class=\"event-list-item-content\"><a class=\"event-list-item-link\" href=\"https:\/\/nipe.eeg.uminho.pt\/en\/event\/quantitative-methods-in-macroeconomics-and-policy-analysis\/\" title=\"Quantitative Methods in Macroeconomics and Policy Analysis\"><div class=\"event-list-item-event\"><div class=\"event-list-item-agroup\"><div class=\"event-list-item-categories\"><span class=\"event-list-item-category summer-school-en\">Summer School<\/span><\/div><span class=\"event-list-item-date\">02.07.2007 <bdi><\/bdi> 09:30<\/span><\/div><span class=\"event-plus summer-school-en\"><\/span><\/div><div class=\"event-list-item-details\"><p class=\"event-list-item-speaker\">Ellen McGrattan (University of Minnesota and Federal Reserve Bank of Minneapolis, USA)<\/p><h3 class=\"event-list-item-title\">Quantitative Methods in Macroeconomics and Policy Analysis<\/h3><p class=\"event-list-item-location\">EEG I Universidade do Minho<\/p><\/div><\/a><\/div><\/div><\/div><\/div><div id=\"events-summer-school-en-2006\" role=\"tabpanel\" class=\"tabs-pane fade active in\"><div class=\"publication-block event-block active\"><div class=\"event-list-item\"><div class=\"event-list-item-image\"><img loading=\"lazy\" decoding=\"async\" width=\"150\" height=\"150\" src=\"https:\/\/nipe.eeg.uminho.pt\/wp-content\/uploads\/2006\/06\/Jeffrey-150x150.jpg\" class=\"project-list-item-image wp-post-image\" alt=\"\" \/><\/div><div class=\"event-list-item-content\"><a class=\"event-list-item-link\" href=\"https:\/\/nipe.eeg.uminho.pt\/en\/event\/topics-in-program-evaluation\/\" title=\"Topics in Program Evaluation\"><div class=\"event-list-item-event\"><div class=\"event-list-item-agroup\"><div class=\"event-list-item-categories\"><span class=\"event-list-item-category summer-school-en\">Summer School<\/span><\/div><span class=\"event-list-item-date\">29.06.2006 <bdi><\/bdi> 09:30<\/span><\/div><span class=\"event-plus summer-school-en\"><\/span><\/div><div class=\"event-list-item-details\"><p class=\"event-list-item-speaker\">Jeffrey M. Wooldridge (Michigan State University, USA)<\/p><h3 class=\"event-list-item-title\">Topics in Program Evaluation<\/h3><p class=\"event-list-item-location\">EEG I University of Minho<\/p><\/div><\/a><\/div><\/div><\/div><\/div><div id=\"events-summer-school-en-2005\" role=\"tabpanel\" class=\"tabs-pane fade active in\"><div class=\"publication-block event-block active\"><div class=\"event-list-item\"><div class=\"event-list-item-image\"><img loading=\"lazy\" decoding=\"async\" width=\"121\" height=\"150\" src=\"https:\/\/nipe.eeg.uminho.pt\/wp-content\/uploads\/2005\/06\/frank_w-121x150.jpg\" class=\"project-list-item-image wp-post-image\" alt=\"\" \/><\/div><div class=\"event-list-item-content\"><a class=\"event-list-item-link\" href=\"https:\/\/nipe.eeg.uminho.pt\/en\/event\/dynamic-panel-data-analysis\/\" title=\"Dynamic Panel Data Analysis\"><div class=\"event-list-item-event\"><div class=\"event-list-item-agroup\"><div class=\"event-list-item-categories\"><span class=\"event-list-item-category summer-school-en\">Summer School<\/span><\/div><span class=\"event-list-item-date\">30.06.2005 <bdi><\/bdi> 09:30<\/span><\/div><span class=\"event-plus summer-school-en\"><\/span><\/div><div class=\"event-list-item-details\"><p class=\"event-list-item-speaker\">Frank Windmeijer (Institute for Fiscal Studies, London)<\/p><h3 class=\"event-list-item-title\">Dynamic Panel Data Analysis<\/h3><p class=\"event-list-item-location\">EEG I University of Minho<\/p><\/div><\/a><\/div><\/div><\/div><\/div><div id=\"events-summer-school-en-2002\" role=\"tabpanel\" class=\"tabs-pane fade active in\"><div class=\"publication-block event-block active\"><div class=\"event-list-item\"><div class=\"event-list-item-image\"><img loading=\"lazy\" decoding=\"async\" width=\"150\" height=\"150\" src=\"https:\/\/nipe.eeg.uminho.pt\/wp-content\/uploads\/2021\/11\/NIPE-logo_rper-150x150.png\" class=\"project-list-item-image wp-post-image\" alt=\"\" srcset=\"https:\/\/nipe.eeg.uminho.pt\/wp-content\/uploads\/2021\/11\/NIPE-logo_rper-150x150.png 150w, https:\/\/nipe.eeg.uminho.pt\/wp-content\/uploads\/2021\/11\/NIPE-logo_rper-300x300.png 300w, https:\/\/nipe.eeg.uminho.pt\/wp-content\/uploads\/2021\/11\/NIPE-logo_rper.png 400w\" sizes=\"auto, (max-width: 150px) 100vw, 150px\" \/><\/div><div class=\"event-list-item-content\"><a class=\"event-list-item-link\" href=\"https:\/\/nipe.eeg.uminho.pt\/en\/event\/mathematics-for-economists\/\" title=\"Mathematics for Economists\"><div class=\"event-list-item-event\"><div class=\"event-list-item-agroup\"><div class=\"event-list-item-categories\"><span class=\"event-list-item-category summer-school-en\">Summer School<\/span><\/div><span class=\"event-list-item-date\">01.07.2002 <bdi><\/bdi> 09:30<\/span><\/div><span class=\"event-plus summer-school-en\"><\/span><\/div><div class=\"event-list-item-details\"><p class=\"event-list-item-speaker\">Paul Schweinzer (Birkbeck College - London)<\/p><h3 class=\"event-list-item-title\">Mathematics for Economists<\/h3><p class=\"event-list-item-location\">EEG I Universidade do Minho<\/p><\/div><\/a><\/div><\/div><\/div><\/div><\/div><\/div><\/div><div id=\"research-training-en\" role=\"tabpanel\" class=\"tabs-pane fade\"><div class=\"tabs tabs tabs-nav-side tabs-nav-shadowed tabs-nav-publication\"><ul class=\"nav tabs-nav\" role=\"tablist\"><li role=\"presentation\" class=\"active\"><a href=\"#events-research-training-en-2022\" aria-expanded=\"true\" aria-controls=\"events-research-training-en-2022\" role=\"tab\" data-toggle=\"tab\">2022<\/a><\/li><li role=\"presentation\"><a href=\"#events-research-training-en-2021\" aria-expanded=\"false\" aria-controls=\"events-research-training-en-2021\" role=\"tab\" data-toggle=\"tab\">2021<\/a><\/li><li role=\"presentation\"><a href=\"#events-research-training-en-2020\" aria-expanded=\"false\" aria-controls=\"events-research-training-en-2020\" role=\"tab\" data-toggle=\"tab\">2020<\/a><\/li><\/ul><div class=\"tabs-content inner-tab\"><div id=\"events-research-training-en-2022\" role=\"tabpanel\" class=\"tabs-pane fade active in\"><div class=\"publication-block event-block\"><div class=\"event-list-item\"><div class=\"event-list-item-image\"><img loading=\"lazy\" decoding=\"async\" width=\"150\" height=\"150\" src=\"https:\/\/nipe.eeg.uminho.pt\/wp-content\/uploads\/2022\/03\/Andrew-Jones-New-150x150.jpg\" class=\"project-list-item-image wp-post-image\" alt=\"\" \/><\/div><div class=\"event-list-item-content\"><a class=\"event-list-item-link\" href=\"https:\/\/nipe.eeg.uminho.pt\/en\/event\/data-visualisation-for-econometric-policy-evaluation\/\" title=\"Data Visualisation for Econometric Policy Evaluation\"><div class=\"event-list-item-event\"><div class=\"event-list-item-agroup\"><div class=\"event-list-item-categories\"><span class=\"event-list-item-category research-training-en\">Research Training<\/span><\/div><span class=\"event-list-item-date\">20.09.2022 <bdi><\/bdi> 10:00<\/span><\/div><span class=\"event-plus research-training-en\"><\/span><\/div><div class=\"event-list-item-details\"><p class=\"event-list-item-speaker\">Andrew M. Jones (Full Professor, Department of Economics and Related Studies)<\/p><h3 class=\"event-list-item-title\">Data Visualisation for Econometric Policy Evaluation<\/h3><p class=\"event-list-item-location\">University of Minho: Campus de Gualtar <\/p><\/div><\/a><\/div><\/div><\/div><div class=\"publication-block event-block\"><div class=\"event-list-item\"><div class=\"event-list-item-image\"><img loading=\"lazy\" decoding=\"async\" width=\"150\" height=\"150\" src=\"https:\/\/nipe.eeg.uminho.pt\/wp-content\/uploads\/2022\/06\/127332289505_1-150x150.jpg\" class=\"project-list-item-image wp-post-image\" alt=\"\" \/><\/div><div class=\"event-list-item-content\"><a class=\"event-list-item-link\" href=\"https:\/\/nipe.eeg.uminho.pt\/en\/event\/scientific-writing\/\" title=\"Scientific Writing\"><div class=\"event-list-item-event\"><div class=\"event-list-item-agroup\"><div class=\"event-list-item-categories\"><span class=\"event-list-item-category research-training-en\">Research Training<\/span><\/div><span class=\"event-list-item-date\">13.09.2022 <bdi><\/bdi> 09:00<\/span><\/div><span class=\"event-plus research-training-en\"><\/span><\/div><div class=\"event-list-item-details\"><p class=\"event-list-item-speaker\">Dominika Langenmayr<\/p><h3 class=\"event-list-item-title\">Scientific Writing<\/h3><p class=\"event-list-item-location\">Online<\/p><\/div><\/a><\/div><\/div><\/div><div class=\"publication-block event-block\"><div class=\"event-list-item\"><div class=\"event-list-item-image\"><img loading=\"lazy\" decoding=\"async\" width=\"150\" height=\"150\" src=\"https:\/\/nipe.eeg.uminho.pt\/wp-content\/uploads\/2021\/05\/01.06.2022-150x150.jpg\" class=\"project-list-item-image wp-post-image\" alt=\"\" \/><\/div><div class=\"event-list-item-content\"><a class=\"event-list-item-link\" href=\"https:\/\/nipe.eeg.uminho.pt\/en\/event\/introduction-to-behavioural-economics\/\" title=\"Introduction to experimental\/behavioural economics\"><div class=\"event-list-item-event\"><div class=\"event-list-item-agroup\"><div class=\"event-list-item-categories\"><span class=\"event-list-item-category research-training-en\">Research Training<\/span><\/div><span class=\"event-list-item-date\">02.06.2022 <bdi><\/bdi> 10:00<\/span><\/div><span class=\"event-plus research-training-en\"><\/span><\/div><div class=\"event-list-item-details\"><p class=\"event-list-item-speaker\">Brit Grosskopf (University of Exeter)<\/p><h3 class=\"event-list-item-title\">Introduction to experimental\/behavioural economics<\/h3><p class=\"event-list-item-location\">Room -1.26 EEG<\/p><\/div><\/a><\/div><\/div><\/div><\/div><div id=\"events-research-training-en-2021\" role=\"tabpanel\" class=\"tabs-pane fade\"><div class=\"publication-block event-block\"><div class=\"event-list-item\"><div class=\"event-list-item-image\"><img loading=\"lazy\" decoding=\"async\" width=\"150\" height=\"150\" src=\"https:\/\/nipe.eeg.uminho.pt\/wp-content\/uploads\/2021\/11\/NIPE-logo_rper-150x150.png\" class=\"project-list-item-image wp-post-image\" alt=\"\" srcset=\"https:\/\/nipe.eeg.uminho.pt\/wp-content\/uploads\/2021\/11\/NIPE-logo_rper-150x150.png 150w, https:\/\/nipe.eeg.uminho.pt\/wp-content\/uploads\/2021\/11\/NIPE-logo_rper-300x300.png 300w, https:\/\/nipe.eeg.uminho.pt\/wp-content\/uploads\/2021\/11\/NIPE-logo_rper.png 400w\" sizes=\"auto, (max-width: 150px) 100vw, 150px\" \/><\/div><div class=\"event-list-item-content\"><a class=\"event-list-item-link\" href=\"https:\/\/nipe.eeg.uminho.pt\/en\/event\/sessao-formacao-orbis\/\" title=\"ORBIS Database\"><div class=\"event-list-item-event\"><div class=\"event-list-item-agroup\"><div class=\"event-list-item-categories\"><span class=\"event-list-item-category research-training-en\">Research Training<\/span><\/div><span class=\"event-list-item-date\">28.10.2021 <bdi><\/bdi> 11:00<\/span><\/div><span class=\"event-plus research-training-en\"><\/span><\/div><div class=\"event-list-item-details\"><p class=\"event-list-item-speaker\">Dr. Joaquim Henriques (Moodys Analytics)<\/p><h3 class=\"event-list-item-title\">ORBIS Database<\/h3><p class=\"event-list-item-location\">Online<\/p><\/div><\/a><\/div><\/div><\/div><div class=\"publication-block event-block\"><div class=\"event-list-item\"><div class=\"event-list-item-image\"><img loading=\"lazy\" decoding=\"async\" width=\"150\" height=\"150\" src=\"https:\/\/nipe.eeg.uminho.pt\/wp-content\/uploads\/2021\/05\/miguel-portela-150x150.png\" class=\"project-list-item-image wp-post-image\" alt=\"\" \/><\/div><div class=\"event-list-item-content\"><a class=\"event-list-item-link\" href=\"https:\/\/nipe.eeg.uminho.pt\/en\/event\/regression-analysis-using-r\/\" title=\"Regression Analysis Using R\"><div class=\"event-list-item-event\"><div class=\"event-list-item-agroup\"><div class=\"event-list-item-categories\"><span class=\"event-list-item-category research-training-en\">Research Training<\/span><\/div><span class=\"event-list-item-date\">28.06.2021 <bdi><\/bdi> 10:00<\/span><\/div><span class=\"event-plus research-training-en\"><\/span><\/div><div class=\"event-list-item-details\"><p class=\"event-list-item-speaker\">Miguel Portela (NIPE - UMinho)<\/p><h3 class=\"event-list-item-title\">Regression Analysis Using R<\/h3><p class=\"event-list-item-location\">Online<\/p><\/div><\/a><\/div><\/div><\/div><div class=\"publication-block event-block\"><div class=\"event-list-item\"><div class=\"event-list-item-image\"><img loading=\"lazy\" decoding=\"async\" width=\"150\" height=\"150\" src=\"https:\/\/nipe.eeg.uminho.pt\/wp-content\/uploads\/2020\/11\/D1928-1-150x150.png\" class=\"project-list-item-image wp-post-image\" alt=\"\" srcset=\"https:\/\/nipe.eeg.uminho.pt\/wp-content\/uploads\/2020\/11\/D1928-1-150x150.png 150w, https:\/\/nipe.eeg.uminho.pt\/wp-content\/uploads\/2020\/11\/D1928-1.png 200w\" sizes=\"auto, (max-width: 150px) 100vw, 150px\" \/><\/div><div class=\"event-list-item-content\"><a class=\"event-list-item-link\" href=\"https:\/\/nipe.eeg.uminho.pt\/en\/event\/data-visualization-with-r-2\/\" title=\"Data Visualization with R\"><div class=\"event-list-item-event\"><div class=\"event-list-item-agroup\"><div class=\"event-list-item-categories\"><span class=\"event-list-item-category research-training-en\">Research Training<\/span><\/div><span class=\"event-list-item-date\">29.03.2021 <bdi><\/bdi> 10:00<\/span><\/div><span class=\"event-plus research-training-en\"><\/span><\/div><div class=\"event-list-item-details\"><p class=\"event-list-item-speaker\">Nelson Areal (NIPE - UMinho)<\/p><h3 class=\"event-list-item-title\">Data Visualization with R<\/h3><p class=\"event-list-item-location\">Online<\/p><\/div><\/a><\/div><\/div><\/div><div class=\"publication-block event-block\"><div class=\"event-list-item\"><div class=\"event-list-item-image\"><img loading=\"lazy\" decoding=\"async\" width=\"150\" height=\"150\" src=\"https:\/\/nipe.eeg.uminho.pt\/wp-content\/uploads\/2020\/11\/D1928-1-150x150.png\" class=\"project-list-item-image wp-post-image\" alt=\"\" srcset=\"https:\/\/nipe.eeg.uminho.pt\/wp-content\/uploads\/2020\/11\/D1928-1-150x150.png 150w, https:\/\/nipe.eeg.uminho.pt\/wp-content\/uploads\/2020\/11\/D1928-1.png 200w\" sizes=\"auto, (max-width: 150px) 100vw, 150px\" \/><\/div><div class=\"event-list-item-content\"><a class=\"event-list-item-link\" href=\"https:\/\/nipe.eeg.uminho.pt\/en\/event\/introduction-to-r\/\" title=\"Introduction to R\"><div class=\"event-list-item-event\"><div class=\"event-list-item-agroup\"><div class=\"event-list-item-categories\"><span class=\"event-list-item-category research-training-en\">Research Training<\/span><\/div><span class=\"event-list-item-date\">28.01.2021 <bdi><\/bdi> 10:00<\/span><\/div><span class=\"event-plus research-training-en\"><\/span><\/div><div class=\"event-list-item-details\"><p class=\"event-list-item-speaker\">Nelson Areal (NIPE - UMinho)<\/p><h3 class=\"event-list-item-title\">Introduction to R<\/h3><p class=\"event-list-item-location\">Online<\/p><\/div><\/a><\/div><\/div><\/div><\/div><div id=\"events-research-training-en-2020\" role=\"tabpanel\" class=\"tabs-pane fade\"><div class=\"publication-block event-block\"><div class=\"event-list-item\"><div class=\"event-list-item-image\"><img loading=\"lazy\" decoding=\"async\" width=\"150\" height=\"150\" src=\"https:\/\/nipe.eeg.uminho.pt\/wp-content\/uploads\/2021\/03\/Research-Training-150x150.png\" class=\"project-list-item-image wp-post-image\" alt=\"\" \/><\/div><div class=\"event-list-item-content\"><a class=\"event-list-item-link\" href=\"https:\/\/nipe.eeg.uminho.pt\/en\/event\/creating-reproducible-research-outputs\/\" title=\"Creating Reproducible Research Outputs\"><div class=\"event-list-item-event\"><div class=\"event-list-item-agroup\"><div class=\"event-list-item-categories\"><span class=\"event-list-item-category research-training-en\">Research Training<\/span><\/div><span class=\"event-list-item-date\">13.11.2020 <bdi><\/bdi> 10:00<\/span><\/div><span class=\"event-plus research-training-en\"><\/span><\/div><div class=\"event-list-item-details\"><p class=\"event-list-item-speaker\">Julia Schulte-Cloos (LMU Munich)<\/p><h3 class=\"event-list-item-title\">Creating Reproducible Research Outputs<\/h3><p class=\"event-list-item-location\">Online<\/p><\/div><\/a><\/div><\/div><\/div><\/div><\/div><\/div><\/div><div id=\"conferences-and-workshops\" role=\"tabpanel\" class=\"tabs-pane fade\"><div class=\"tabs tabs tabs-nav-side tabs-nav-shadowed tabs-nav-publication\"><ul class=\"nav tabs-nav\" role=\"tablist\"><li role=\"presentation\" class=\"active\"><a href=\"#events-conferences-and-workshops-2025\" aria-expanded=\"true\" aria-controls=\"events-conferences-and-workshops-2025\" role=\"tab\" data-toggle=\"tab\">2025<\/a><\/li><li role=\"presentation\"><a href=\"#events-conferences-and-workshops-2024\" aria-expanded=\"false\" aria-controls=\"events-conferences-and-workshops-2024\" role=\"tab\" data-toggle=\"tab\">2024<\/a><\/li><li role=\"presentation\"><a href=\"#events-conferences-and-workshops-2023\" aria-expanded=\"false\" aria-controls=\"events-conferences-and-workshops-2023\" role=\"tab\" data-toggle=\"tab\">2023<\/a><\/li><li role=\"presentation\"><a href=\"#events-conferences-and-workshops-2022\" aria-expanded=\"false\" aria-controls=\"events-conferences-and-workshops-2022\" role=\"tab\" data-toggle=\"tab\">2022<\/a><\/li><li role=\"presentation\"><a href=\"#events-conferences-and-workshops-2021\" aria-expanded=\"false\" aria-controls=\"events-conferences-and-workshops-2021\" role=\"tab\" data-toggle=\"tab\">2021<\/a><\/li><li role=\"presentation\"><a href=\"#events-conferences-and-workshops-2019\" aria-expanded=\"false\" aria-controls=\"events-conferences-and-workshops-2019\" role=\"tab\" data-toggle=\"tab\">2019<\/a><\/li><li role=\"presentation\"><a href=\"#events-conferences-and-workshops-2018\" aria-expanded=\"false\" aria-controls=\"events-conferences-and-workshops-2018\" role=\"tab\" data-toggle=\"tab\">2018<\/a><\/li><li role=\"presentation\"><a href=\"#events-conferences-and-workshops-2017\" aria-expanded=\"false\" aria-controls=\"events-conferences-and-workshops-2017\" role=\"tab\" data-toggle=\"tab\">2017<\/a><\/li><li role=\"presentation\"><a href=\"#events-conferences-and-workshops-2016\" aria-expanded=\"false\" aria-controls=\"events-conferences-and-workshops-2016\" role=\"tab\" data-toggle=\"tab\">2016<\/a><\/li><li role=\"presentation\"><a href=\"#events-conferences-and-workshops-2015\" aria-expanded=\"false\" aria-controls=\"events-conferences-and-workshops-2015\" role=\"tab\" data-toggle=\"tab\">2015<\/a><\/li><li role=\"presentation\"><a href=\"#events-conferences-and-workshops-2014\" aria-expanded=\"false\" aria-controls=\"events-conferences-and-workshops-2014\" role=\"tab\" data-toggle=\"tab\">2014<\/a><\/li><li role=\"presentation\"><a href=\"#events-conferences-and-workshops-2013\" aria-expanded=\"false\" aria-controls=\"events-conferences-and-workshops-2013\" role=\"tab\" data-toggle=\"tab\">2013<\/a><\/li><li role=\"presentation\"><a href=\"#events-conferences-and-workshops-2012\" aria-expanded=\"false\" aria-controls=\"events-conferences-and-workshops-2012\" role=\"tab\" data-toggle=\"tab\">2012<\/a><\/li><li role=\"presentation\"><a href=\"#events-conferences-and-workshops-2011\" aria-expanded=\"false\" aria-controls=\"events-conferences-and-workshops-2011\" role=\"tab\" data-toggle=\"tab\">2011<\/a><\/li><li role=\"presentation\"><a href=\"#events-conferences-and-workshops-2010\" aria-expanded=\"false\" aria-controls=\"events-conferences-and-workshops-2010\" role=\"tab\" data-toggle=\"tab\">2010<\/a><\/li><li role=\"presentation\"><a href=\"#events-conferences-and-workshops-2009\" aria-expanded=\"false\" aria-controls=\"events-conferences-and-workshops-2009\" role=\"tab\" data-toggle=\"tab\">2009<\/a><\/li><li role=\"presentation\"><a href=\"#events-conferences-and-workshops-2006\" aria-expanded=\"false\" aria-controls=\"events-conferences-and-workshops-2006\" role=\"tab\" data-toggle=\"tab\">2006<\/a><\/li><li role=\"presentation\"><a href=\"#events-conferences-and-workshops-2005\" aria-expanded=\"false\" aria-controls=\"events-conferences-and-workshops-2005\" role=\"tab\" data-toggle=\"tab\">2005<\/a><\/li><li role=\"presentation\"><a href=\"#events-conferences-and-workshops-1999\" aria-expanded=\"false\" aria-controls=\"events-conferences-and-workshops-1999\" role=\"tab\" data-toggle=\"tab\">1999<\/a><\/li><li role=\"presentation\"><a href=\"#events-conferences-and-workshops-1998\" aria-expanded=\"false\" aria-controls=\"events-conferences-and-workshops-1998\" role=\"tab\" data-toggle=\"tab\">1998<\/a><\/li><\/ul><div class=\"tabs-content inner-tab\"><div id=\"events-conferences-and-workshops-2025\" role=\"tabpanel\" class=\"tabs-pane fade active in\"><div class=\"publication-block event-block\"><div class=\"event-list-item\"><div class=\"event-list-item-image\"><img loading=\"lazy\" decoding=\"async\" width=\"150\" height=\"150\" src=\"https:\/\/nipe.eeg.uminho.pt\/wp-content\/uploads\/2025\/09\/workshop-23_24_setembro_2025_site-150x150.png\" class=\"project-list-item-image wp-post-image\" alt=\"\" srcset=\"https:\/\/nipe.eeg.uminho.pt\/wp-content\/uploads\/2025\/09\/workshop-23_24_setembro_2025_site-150x150.png 150w, https:\/\/nipe.eeg.uminho.pt\/wp-content\/uploads\/2025\/09\/workshop-23_24_setembro_2025_site-300x300.png 300w, https:\/\/nipe.eeg.uminho.pt\/wp-content\/uploads\/2025\/09\/workshop-23_24_setembro_2025_site-1024x1024.png 1024w, https:\/\/nipe.eeg.uminho.pt\/wp-content\/uploads\/2025\/09\/workshop-23_24_setembro_2025_site.png 1080w\" sizes=\"auto, (max-width: 150px) 100vw, 150px\" \/><\/div><div class=\"event-list-item-content\"><a class=\"event-list-item-link\" href=\"https:\/\/nipe.eeg.uminho.pt\/en\/event\/conducting-a-systematic-literature-review-in-economics-and-management-from-research-question-to-answers\/\" title=\"Conducting a Systematic Literature Review in Economics and Management: From Research Question to Answers\"><div class=\"event-list-item-event\"><div class=\"event-list-item-agroup\"><div class=\"event-list-item-categories\"><span class=\"event-list-item-category conferences-and-workshops\">Conferences and Workshops<\/span><\/div><span class=\"event-list-item-date\">23.09.2025 <bdi><\/bdi> 14:00<\/span><\/div><span class=\"event-plus conferences-and-workshops\"><\/span><\/div><div class=\"event-list-item-details\"><p class=\"event-list-item-speaker\">Blanca Tena Estrada<\/p><h3 class=\"event-list-item-title\">Conducting a Systematic Literature Review in Economics and Management: From Research Question to Answers<\/h3><p class=\"event-list-item-location\">EEG | Room 1.33<\/p><\/div><\/a><\/div><\/div><\/div><div class=\"publication-block event-block\"><div class=\"event-list-item\"><div class=\"event-list-item-image\"><img loading=\"lazy\" decoding=\"async\" width=\"150\" height=\"150\" src=\"https:\/\/nipe.eeg.uminho.pt\/wp-content\/uploads\/2025\/02\/workshop_25_02_2025-150x150.jpg\" class=\"project-list-item-image wp-post-image\" alt=\"\" \/><\/div><div class=\"event-list-item-content\"><a class=\"event-list-item-link\" href=\"https:\/\/nipe.eeg.uminho.pt\/en\/event\/nudging-out-of-loneliness-ii\/\" title=\"Nudging out of loneliness &#8211; II\"><div class=\"event-list-item-event\"><div class=\"event-list-item-agroup\"><div class=\"event-list-item-categories\"><span class=\"event-list-item-category conferences-and-workshops\">Conferences and Workshops<\/span><\/div><span class=\"event-list-item-date\">25.02.2025 <bdi><\/bdi> 14:30<\/span><\/div><span class=\"event-plus conferences-and-workshops\"><\/span><\/div><div class=\"event-list-item-details\"><p class=\"event-list-item-speaker\"><\/p><h3 class=\"event-list-item-title\">Nudging out of loneliness &#8211; II<\/h3><p class=\"event-list-item-location\">Online<\/p><\/div><\/a><\/div><\/div><\/div><\/div><div id=\"events-conferences-and-workshops-2024\" role=\"tabpanel\" class=\"tabs-pane fade\"><div class=\"publication-block event-block\"><div class=\"event-list-item\"><div class=\"event-list-item-image\"><img loading=\"lazy\" decoding=\"async\" width=\"150\" height=\"150\" src=\"https:\/\/nipe.eeg.uminho.pt\/wp-content\/uploads\/2023\/08\/Captura-de-ecra-2024-11-14-164538-150x150.png\" class=\"project-list-item-image wp-post-image\" alt=\"\" \/><\/div><div class=\"event-list-item-content\"><a class=\"event-list-item-link\" href=\"https:\/\/nipe.eeg.uminho.pt\/en\/event\/nudging-out-of-loneliness\/\" title=\"Nudging out of loneliness\"><div class=\"event-list-item-event\"><div class=\"event-list-item-agroup\"><div class=\"event-list-item-categories\"><span class=\"event-list-item-category conferences-and-workshops\">Conferences and Workshops<\/span><\/div><span class=\"event-list-item-date\">18.11.2024 <bdi><\/bdi> 14:30<\/span><\/div><span class=\"event-plus conferences-and-workshops\"><\/span><\/div><div class=\"event-list-item-details\"><p class=\"event-list-item-speaker\"><\/p><h3 class=\"event-list-item-title\">Nudging out of loneliness<\/h3><p class=\"event-list-item-location\">Room 1.33 EEG UMinho & Online<\/p><\/div><\/a><\/div><\/div><\/div><\/div><div id=\"events-conferences-and-workshops-2023\" role=\"tabpanel\" class=\"tabs-pane fade\"><div class=\"publication-block event-block\"><div class=\"event-list-item\"><div class=\"event-list-item-image\"><img loading=\"lazy\" decoding=\"async\" width=\"150\" height=\"150\" src=\"https:\/\/nipe.eeg.uminho.pt\/wp-content\/uploads\/2023\/08\/post-workshop-nipe-150x150.png\" class=\"project-list-item-image wp-post-image\" alt=\"\" \/><\/div><div class=\"event-list-item-content\"><a class=\"event-list-item-link\" href=\"https:\/\/nipe.eeg.uminho.pt\/en\/event\/x-christmas-workshop-in-accounting-and-finance\/\" title=\"X Christmas Workshop in Accounting and Finance\"><div class=\"event-list-item-event\"><div class=\"event-list-item-agroup\"><div class=\"event-list-item-categories\"><span class=\"event-list-item-category conferences-and-workshops\">Conferences and Workshops<\/span><\/div><span class=\"event-list-item-date\">21.12.2023 <bdi><\/bdi> 09:00<\/span><\/div><span class=\"event-plus conferences-and-workshops\"><\/span><\/div><div class=\"event-list-item-details\"><p class=\"event-list-item-speaker\"><\/p><h3 class=\"event-list-item-title\">X Christmas Workshop in Accounting and Finance<\/h3><p class=\"event-list-item-location\">University of Minho, Braga<\/p><\/div><\/a><\/div><\/div><\/div><div class=\"publication-block event-block\"><div class=\"event-list-item\"><div class=\"event-list-item-image\"><img loading=\"lazy\" decoding=\"async\" width=\"150\" height=\"150\" src=\"https:\/\/nipe.eeg.uminho.pt\/wp-content\/uploads\/2023\/08\/NIPE_Evento-2-150x150.png\" class=\"project-list-item-image wp-post-image\" alt=\"\" \/><\/div><div class=\"event-list-item-content\"><a class=\"event-list-item-link\" href=\"https:\/\/nipe.eeg.uminho.pt\/en\/event\/v-meeting-of-reportha-2023\/\" title=\"V MEETING OF REPORT(H)A 2023\"><div class=\"event-list-item-event\"><div class=\"event-list-item-agroup\"><div class=\"event-list-item-categories\"><span class=\"event-list-item-category conferences-and-workshops\">Conferences and Workshops<\/span><\/div><span class=\"event-list-item-date\">19.10.2023 <bdi><\/bdi> 09:00<\/span><\/div><span class=\"event-plus conferences-and-workshops\"><\/span><\/div><div class=\"event-list-item-details\"><p class=\"event-list-item-speaker\"><\/p><h3 class=\"event-list-item-title\">V MEETING OF REPORT(H)A 2023<\/h3><p class=\"event-list-item-location\">University of Minho, Braga<\/p><\/div><\/a><\/div><\/div><\/div><div class=\"publication-block event-block\"><div class=\"event-list-item\"><div class=\"event-list-item-image\"><img loading=\"lazy\" decoding=\"async\" width=\"150\" height=\"150\" src=\"https:\/\/nipe.eeg.uminho.pt\/wp-content\/uploads\/2023\/01\/imagem-150x150.jpg\" class=\"project-list-item-image wp-post-image\" alt=\"\" \/><\/div><div class=\"event-list-item-content\"><a class=\"event-list-item-link\" href=\"https:\/\/nipe.eeg.uminho.pt\/en\/event\/16th-annual-meeting-of-the-portuguese-economic-journal\/\" title=\"16th Annual Meeting of The Portuguese Economic Journal\"><div class=\"event-list-item-event\"><div class=\"event-list-item-agroup\"><div class=\"event-list-item-categories\"><span class=\"event-list-item-category conferences-and-workshops\">Conferences and Workshops<\/span><\/div><span class=\"event-list-item-date\">07.07.2023 <bdi><\/bdi> 09:00<\/span><\/div><span class=\"event-plus conferences-and-workshops\"><\/span><\/div><div class=\"event-list-item-details\"><p class=\"event-list-item-speaker\"><\/p><h3 class=\"event-list-item-title\">16th Annual Meeting of The Portuguese Economic Journal<\/h3><p class=\"event-list-item-location\">Campus de Gualtar | EEG<\/p><\/div><\/a><\/div><\/div><\/div><div class=\"publication-block event-block\"><div class=\"event-list-item\"><div class=\"event-list-item-image\"><img loading=\"lazy\" decoding=\"async\" width=\"150\" height=\"150\" src=\"https:\/\/nipe.eeg.uminho.pt\/wp-content\/uploads\/2023\/06\/programa_final_EN_2-150x150.jpg\" class=\"project-list-item-image wp-post-image\" alt=\"\" \/><\/div><div class=\"event-list-item-content\"><a class=\"event-list-item-link\" href=\"https:\/\/nipe.eeg.uminho.pt\/en\/event\/clictour-climate-change-and-tourism-results-presentation-session\/\" title=\"CLICTOUR &#8211; Climate Change and Tourism: Results Presentation Session\"><div class=\"event-list-item-event\"><div class=\"event-list-item-agroup\"><div class=\"event-list-item-categories\"><span class=\"event-list-item-category conferences-and-workshops\">Conferences and Workshops<\/span><\/div><span class=\"event-list-item-date\">21.06.2023 <bdi><\/bdi> 10:00<\/span><\/div><span class=\"event-plus conferences-and-workshops\"><\/span><\/div><div class=\"event-list-item-details\"><p class=\"event-list-item-speaker\"><\/p><h3 class=\"event-list-item-title\">CLICTOUR &#8211; Climate Change and Tourism: Results Presentation Session<\/h3><p class=\"event-list-item-location\">Auditorium dst | Building 8 - EEG | Campus de Gualtar | Braga<\/p><\/div><\/a><\/div><\/div><\/div><\/div><div id=\"events-conferences-and-workshops-2022\" role=\"tabpanel\" class=\"tabs-pane fade\"><div class=\"publication-block event-block\"><div class=\"event-list-item\"><div class=\"event-list-item-image\"><img loading=\"lazy\" decoding=\"async\" width=\"150\" height=\"150\" src=\"https:\/\/nipe.eeg.uminho.pt\/wp-content\/uploads\/2021\/11\/Capturar-150x150.png\" class=\"project-list-item-image wp-post-image\" alt=\"\" \/><\/div><div class=\"event-list-item-content\"><a class=\"event-list-item-link\" href=\"https:\/\/nipe.eeg.uminho.pt\/en\/event\/29th-annual-global-finance-conference\/\" title=\"29th Annual Global Finance Conference\"><div class=\"event-list-item-event\"><div class=\"event-list-item-agroup\"><div class=\"event-list-item-categories\"><span class=\"event-list-item-category conferences-and-workshops\">Conferences and Workshops<\/span><\/div><span class=\"event-list-item-date\">20.06.2022 <bdi><\/bdi> 09:00<\/span><\/div><span class=\"event-plus conferences-and-workshops\"><\/span><\/div><div class=\"event-list-item-details\"><p class=\"event-list-item-speaker\"><\/p><h3 class=\"event-list-item-title\">29th Annual Global Finance Conference<\/h3><p class=\"event-list-item-location\">University of Minho, Braga<\/p><\/div><\/a><\/div><\/div><\/div><div class=\"publication-block event-block\"><div class=\"event-list-item\"><div class=\"event-list-item-image\"><img loading=\"lazy\" decoding=\"async\" width=\"150\" height=\"150\" src=\"https:\/\/nipe.eeg.uminho.pt\/wp-content\/uploads\/2019\/10\/logo-EPCS-2-150x150.png\" class=\"project-list-item-image wp-post-image\" alt=\"\" \/><\/div><div class=\"event-list-item-content\"><a class=\"event-list-item-link\" href=\"https:\/\/nipe.eeg.uminho.pt\/en\/event\/2022-meeting-of-the-european-public-choice-society\/\" title=\"2022 Meeting of the European Public Choice Society\"><div class=\"event-list-item-event\"><div class=\"event-list-item-agroup\"><div class=\"event-list-item-categories\"><span class=\"event-list-item-category conferences-and-workshops\">Conferences and Workshops<\/span><\/div><span class=\"event-list-item-date\">11.04.2022 <bdi><\/bdi> 14:00<\/span><\/div><span class=\"event-plus conferences-and-workshops\"><\/span><\/div><div class=\"event-list-item-details\"><p class=\"event-list-item-speaker\"><\/p><h3 class=\"event-list-item-title\">2022 Meeting of the European Public Choice Society<\/h3><p class=\"event-list-item-location\">University of Minho, Braga<\/p><\/div><\/a><\/div><\/div><\/div><\/div><div id=\"events-conferences-and-workshops-2021\" role=\"tabpanel\" class=\"tabs-pane fade\"><div class=\"publication-block event-block\"><div class=\"event-list-item\"><div class=\"event-list-item-image\"><img loading=\"lazy\" decoding=\"async\" width=\"150\" height=\"150\" src=\"https:\/\/nipe.eeg.uminho.pt\/wp-content\/uploads\/2021\/07\/Felicidades-meu-amo-11-150x150.png\" class=\"project-list-item-image wp-post-image\" alt=\"terranceodeand\" srcset=\"https:\/\/nipe.eeg.uminho.pt\/wp-content\/uploads\/2021\/07\/Felicidades-meu-amo-11-150x150.png 150w, https:\/\/nipe.eeg.uminho.pt\/wp-content\/uploads\/2021\/07\/Felicidades-meu-amo-11-300x300.png 300w, https:\/\/nipe.eeg.uminho.pt\/wp-content\/uploads\/2021\/07\/Felicidades-meu-amo-11-1024x1024.png 1024w, https:\/\/nipe.eeg.uminho.pt\/wp-content\/uploads\/2021\/07\/Felicidades-meu-amo-11.png 1080w\" sizes=\"auto, (max-width: 150px) 100vw, 150px\" \/><\/div><div class=\"event-list-item-content\"><a class=\"event-list-item-link\" href=\"https:\/\/nipe.eeg.uminho.pt\/en\/event\/11th-portuguese-finance-network-conference-braga\/\" title=\"11th Portuguese Finance Network Conference Braga\"><div class=\"event-list-item-event\"><div class=\"event-list-item-agroup\"><div class=\"event-list-item-categories\"><span class=\"event-list-item-category conferences-and-workshops\">Conferences and Workshops<\/span><\/div><span class=\"event-list-item-date\">05.07.2021 <bdi><\/bdi> 00:00<\/span><\/div><span class=\"event-plus conferences-and-workshops\"><\/span><\/div><div class=\"event-list-item-details\"><p class=\"event-list-item-speaker\">Terrance Odean<\/p><h3 class=\"event-list-item-title\">11th Portuguese Finance Network Conference Braga<\/h3><p class=\"event-list-item-location\">Braga<\/p><\/div><\/a><\/div><\/div><\/div><div class=\"publication-block event-block\"><div class=\"event-list-item\"><div class=\"event-list-item-image\"><img loading=\"lazy\" decoding=\"async\" width=\"150\" height=\"150\" src=\"https:\/\/nipe.eeg.uminho.pt\/wp-content\/uploads\/2019\/10\/Sem-Titulo-150x150.jpg\" class=\"project-list-item-image wp-post-image\" alt=\"\" \/><\/div><div class=\"event-list-item-content\"><a class=\"event-list-item-link\" href=\"https:\/\/nipe.eeg.uminho.pt\/en\/event\/2021-conference-cycle-specialization-and-diversification-of-the-portuguese-economy-what-perspectives-in-the-post-covid\/\" title=\"C2021 Conference Cycle | Specialization and diversification of the Portuguese economy: what perspectives in the post-COVID\"><div class=\"event-list-item-event\"><div class=\"event-list-item-agroup\"><div class=\"event-list-item-categories\"><span class=\"event-list-item-category conferences-and-workshops\">Conferences and Workshops<\/span><\/div><span class=\"event-list-item-date\">18.05.2021 <bdi><\/bdi> 15:00<\/span><\/div><span class=\"event-plus conferences-and-workshops\"><\/span><\/div><div class=\"event-list-item-details\"><p class=\"event-list-item-speaker\"><\/p><h3 class=\"event-list-item-title\">C2021 Conference Cycle | Specialization and diversification of the Portuguese economy: what perspectives in the post-COVID<\/h3><p class=\"event-list-item-location\">Gualtar<\/p><\/div><\/a><\/div><\/div><\/div><\/div><div id=\"events-conferences-and-workshops-2019\" role=\"tabpanel\" class=\"tabs-pane fade\"><div class=\"publication-block event-block\"><div class=\"event-list-item\"><div class=\"event-list-item-image\"><img loading=\"lazy\" decoding=\"async\" width=\"150\" height=\"150\" src=\"https:\/\/nipe.eeg.uminho.pt\/wp-content\/uploads\/2021\/04\/ImagemEvento-_5_-1-150x150.jpg\" class=\"project-list-item-image wp-post-image\" alt=\"\" \/><\/div><div class=\"event-list-item-content\"><a class=\"event-list-item-link\" href=\"https:\/\/nipe.eeg.uminho.pt\/en\/event\/8th-international-conference-on-social-responsibility-ethics-and-sustainable-business\/\" title=\"8th International Conference on Social Responsibility, Ethics and Sustainable Business\"><div class=\"event-list-item-event\"><div class=\"event-list-item-agroup\"><div class=\"event-list-item-categories\"><span class=\"event-list-item-category conferences-and-workshops\">Conferences and Workshops<\/span><\/div><span class=\"event-list-item-date\">24.10.2019 <bdi><\/bdi> 11:00<\/span><\/div><span class=\"event-plus conferences-and-workshops\"><\/span><\/div><div class=\"event-list-item-details\"><p class=\"event-list-item-speaker\"><\/p><h3 class=\"event-list-item-title\">8th International Conference on Social Responsibility, Ethics and Sustainable Business<\/h3><p class=\"event-list-item-location\">Gualtar Campus | CP II<\/p><\/div><\/a><\/div><\/div><\/div><div class=\"publication-block event-block\"><div class=\"event-list-item\"><div class=\"event-list-item-image\"><img loading=\"lazy\" decoding=\"async\" width=\"150\" height=\"150\" src=\"https:\/\/nipe.eeg.uminho.pt\/wp-content\/uploads\/2021\/03\/ImagemEvento-_6_-1-150x150.jpg\" class=\"project-list-item-image wp-post-image\" alt=\"\" \/><\/div><div class=\"event-list-item-content\"><a class=\"event-list-item-link\" href=\"https:\/\/nipe.eeg.uminho.pt\/en\/event\/international-fiscal-spillovers-an-empirical-reassessment\/\" title=\"17TH Media Economics Workshop\"><div class=\"event-list-item-event\"><div class=\"event-list-item-agroup\"><div class=\"event-list-item-categories\"><span class=\"event-list-item-category conferences-and-workshops\">Conferences and Workshops<\/span><\/div><span class=\"event-list-item-date\">11.10.2019 <bdi><\/bdi> 11:00<\/span><\/div><span class=\"event-plus conferences-and-workshops\"><\/span><\/div><div class=\"event-list-item-details\"><p class=\"event-list-item-speaker\"><\/p><h3 class=\"event-list-item-title\">17TH Media Economics Workshop<\/h3><p class=\"event-list-item-location\">Gualtar Campus<\/p><\/div><\/a><\/div><\/div><\/div><div class=\"publication-block event-block\"><div class=\"event-list-item\"><div class=\"event-list-item-image\"><img loading=\"lazy\" decoding=\"async\" width=\"150\" height=\"150\" src=\"https:\/\/nipe.eeg.uminho.pt\/wp-content\/uploads\/2019\/10\/6thLEEDfacebook7-150x150.png\" class=\"project-list-item-image wp-post-image\" alt=\"\" \/><\/div><div class=\"event-list-item-content\"><a class=\"event-list-item-link\" href=\"https:\/\/nipe.eeg.uminho.pt\/en\/event\/leed-2019\/\" title=\"LEED 2019\"><div class=\"event-list-item-event\"><div class=\"event-list-item-agroup\"><div class=\"event-list-item-categories\"><span class=\"event-list-item-category conferences-and-workshops\">Conferences and Workshops<\/span><\/div><span class=\"event-list-item-date\">03.10.2019 <bdi><\/bdi> 09:30<\/span><\/div><span class=\"event-plus conferences-and-workshops\"><\/span><\/div><div class=\"event-list-item-details\"><p class=\"event-list-item-speaker\"><\/p><h3 class=\"event-list-item-title\">LEED 2019<\/h3><p class=\"event-list-item-location\">Gualtar<\/p><\/div><\/a><\/div><\/div><\/div><\/div><div id=\"events-conferences-and-workshops-2018\" role=\"tabpanel\" class=\"tabs-pane fade\"><div class=\"publication-block event-block\"><div class=\"event-list-item\"><div class=\"event-list-item-image\"><img loading=\"lazy\" decoding=\"async\" width=\"150\" height=\"150\" src=\"https:\/\/nipe.eeg.uminho.pt\/wp-content\/uploads\/2021\/04\/ImagemEvento-5-150x150.png\" class=\"project-list-item-image wp-post-image\" alt=\"\" \/><\/div><div class=\"event-list-item-content\"><a class=\"event-list-item-link\" href=\"https:\/\/nipe.eeg.uminho.pt\/en\/event\/international-meeting-on-energy-and-environmental-economics-me3\/\" title=\"International Meeting on Energy and Environmental Economics \u2013 ME3\"><div class=\"event-list-item-event\"><div class=\"event-list-item-agroup\"><div class=\"event-list-item-categories\"><span class=\"event-list-item-category conferences-and-workshops\">Conferences and Workshops<\/span><\/div><span class=\"event-list-item-date\">18.10.2018 <bdi><\/bdi> 09:00<\/span><\/div><span class=\"event-plus conferences-and-workshops\"><\/span><\/div><div class=\"event-list-item-details\"><p class=\"event-list-item-speaker\"><\/p><h3 class=\"event-list-item-title\">International Meeting on Energy and Environmental Economics \u2013 ME3<\/h3><p class=\"event-list-item-location\">Gualtar Campus | EEG<\/p><\/div><\/a><\/div><\/div><\/div><div class=\"publication-block event-block\"><div class=\"event-list-item\"><div class=\"event-list-item-image\"><img loading=\"lazy\" decoding=\"async\" width=\"150\" height=\"150\" src=\"https:\/\/nipe.eeg.uminho.pt\/wp-content\/uploads\/2021\/04\/ImagemEvento-4-150x150.png\" class=\"project-list-item-image wp-post-image\" alt=\"\" \/><\/div><div class=\"event-list-item-content\"><a class=\"event-list-item-link\" href=\"https:\/\/nipe.eeg.uminho.pt\/en\/event\/nudging-and-paternalistic-societies-free-choice-and-subtle-determinism\/\" title=\"Nudging and Paternalistic Societies: Free Choice and Subtle Determinism\"><div class=\"event-list-item-event\"><div class=\"event-list-item-agroup\"><div class=\"event-list-item-categories\"><span class=\"event-list-item-category conferences-and-workshops\">Conferences and Workshops<\/span><\/div><span class=\"event-list-item-date\">21.06.2018 <bdi><\/bdi> 09:00<\/span><\/div><span class=\"event-plus conferences-and-workshops\"><\/span><\/div><div class=\"event-list-item-details\"><p class=\"event-list-item-speaker\"> Avanidhar Subrahmanyam (UCLA)<\/p><h3 class=\"event-list-item-title\">Nudging and Paternalistic Societies: Free Choice and Subtle Determinism<\/h3><p class=\"event-list-item-location\"> EEG | Room 0.03<\/p><\/div><\/a><\/div><\/div><\/div><div class=\"publication-block event-block\"><div class=\"event-list-item\"><div class=\"event-list-item-image\"><img loading=\"lazy\" decoding=\"async\" width=\"150\" height=\"150\" src=\"https:\/\/nipe.eeg.uminho.pt\/wp-content\/uploads\/2021\/04\/ImagemEvento-3-150x150.png\" class=\"project-list-item-image wp-post-image\" alt=\"\" \/><\/div><div class=\"event-list-item-content\"><a class=\"event-list-item-link\" href=\"https:\/\/nipe.eeg.uminho.pt\/en\/event\/economics-and-business-admnistration\/\" title=\"Economics and Business Admnistration\"><div class=\"event-list-item-event\"><div class=\"event-list-item-agroup\"><div class=\"event-list-item-categories\"><span class=\"event-list-item-category conferences-and-workshops\">Conferences and Workshops<\/span><\/div><span class=\"event-list-item-date\">15.06.2018 <bdi><\/bdi> 10:00<\/span><\/div><span class=\"event-plus conferences-and-workshops\"><\/span><\/div><div class=\"event-list-item-details\"><p class=\"event-list-item-speaker\"><\/p><h3 class=\"event-list-item-title\">Economics and Business Admnistration<\/h3><p class=\"event-list-item-location\">Campus de Gualtar - EEG<\/p><\/div><\/a><\/div><\/div><\/div><div class=\"publication-block event-block\"><div class=\"event-list-item\"><div class=\"event-list-item-image\"><img loading=\"lazy\" decoding=\"async\" width=\"150\" height=\"150\" src=\"https:\/\/nipe.eeg.uminho.pt\/wp-content\/uploads\/2021\/04\/ImagemEvento-2-150x150.png\" class=\"project-list-item-image wp-post-image\" alt=\"\" \/><\/div><div class=\"event-list-item-content\"><a class=\"event-list-item-link\" href=\"https:\/\/nipe.eeg.uminho.pt\/en\/event\/industrial-organization-and-microeconomics-workshop\/\" title=\"Industrial Organization and MicroEconomics Workshop\"><div class=\"event-list-item-event\"><div class=\"event-list-item-agroup\"><div class=\"event-list-item-categories\"><span class=\"event-list-item-category conferences-and-workshops\">Conferences and Workshops<\/span><\/div><span class=\"event-list-item-date\">25.01.2018 <bdi><\/bdi> 10:25<\/span><\/div><span class=\"event-plus conferences-and-workshops\"><\/span><\/div><div class=\"event-list-item-details\"><p class=\"event-list-item-speaker\">NIPE e CEGE<\/p><h3 class=\"event-list-item-title\">Industrial Organization and MicroEconomics Workshop<\/h3><p class=\"event-list-item-location\">EEG - Room 1.33<\/p><\/div><\/a><\/div><\/div><\/div><\/div><div id=\"events-conferences-and-workshops-2017\" role=\"tabpanel\" class=\"tabs-pane fade\"><div class=\"publication-block event-block\"><div class=\"event-list-item\"><div class=\"event-list-item-image\"><img loading=\"lazy\" decoding=\"async\" width=\"150\" height=\"150\" src=\"https:\/\/nipe.eeg.uminho.pt\/wp-content\/uploads\/2021\/11\/ImagemEvento-150x150.png\" class=\"project-list-item-image wp-post-image\" alt=\"\" \/><\/div><div class=\"event-list-item-content\"><a class=\"event-list-item-link\" href=\"https:\/\/nipe.eeg.uminho.pt\/en\/event\/conference-corporate-investment-and-the-growth-of-the-protuguese-economy\/\" title=\"CONFERENCE: CORPORATE INVESTMENT AND THE GROWTH OF THE PROTUGUESE ECONOMY\"><div class=\"event-list-item-event\"><div class=\"event-list-item-agroup\"><div class=\"event-list-item-categories\"><span class=\"event-list-item-category conferences-and-workshops\">Conferences and Workshops<\/span><\/div><span class=\"event-list-item-date\">15.12.2017 <bdi><\/bdi> 15:30<\/span><\/div><span class=\"event-plus conferences-and-workshops\"><\/span><\/div><div class=\"event-list-item-details\"><p class=\"event-list-item-speaker\"><\/p><h3 class=\"event-list-item-title\">CONFERENCE: CORPORATE INVESTMENT AND THE GROWTH OF THE PROTUGUESE ECONOMY<\/h3><p class=\"event-list-item-location\">Gualtar Campus | CP II<\/p><\/div><\/a><\/div><\/div><\/div><div class=\"publication-block event-block\"><div class=\"event-list-item\"><div class=\"event-list-item-image\"><img loading=\"lazy\" decoding=\"async\" width=\"150\" height=\"150\" src=\"https:\/\/nipe.eeg.uminho.pt\/wp-content\/uploads\/2021\/11\/14PearlWorkshop-150x150.png\" class=\"project-list-item-image wp-post-image\" alt=\"\" \/><\/div><div class=\"event-list-item-content\"><a class=\"event-list-item-link\" href=\"https:\/\/nipe.eeg.uminho.pt\/en\/event\/14th-pearl-workshop-public-economics-at-the-regional-and-local-level\/\" title=\"14TH PEARL WORKSHOP | PUBLIC ECONOMICS AT THE REGIONAL AND LOCAL LEVEL\"><div class=\"event-list-item-event\"><div class=\"event-list-item-agroup\"><div class=\"event-list-item-categories\"><span class=\"event-list-item-category conferences-and-workshops\">Conferences and Workshops<\/span><\/div><span class=\"event-list-item-date\">28.09.2017 <bdi><\/bdi> 08:30<\/span><\/div><span class=\"event-plus conferences-and-workshops\"><\/span><\/div><div class=\"event-list-item-details\"><p class=\"event-list-item-speaker\"><\/p><h3 class=\"event-list-item-title\">14TH PEARL WORKSHOP | PUBLIC ECONOMICS AT THE REGIONAL AND LOCAL LEVEL<\/h3><p class=\"event-list-item-location\">Gualtar Campus | EEG<\/p><\/div><\/a><\/div><\/div><\/div><div class=\"publication-block event-block\"><div class=\"event-list-item\"><div class=\"event-list-item-image\"><img loading=\"lazy\" decoding=\"async\" width=\"150\" height=\"150\" src=\"https:\/\/nipe.eeg.uminho.pt\/wp-content\/uploads\/2021\/11\/NIPE-logo_rper-150x150.png\" class=\"project-list-item-image wp-post-image\" alt=\"\" srcset=\"https:\/\/nipe.eeg.uminho.pt\/wp-content\/uploads\/2021\/11\/NIPE-logo_rper-150x150.png 150w, https:\/\/nipe.eeg.uminho.pt\/wp-content\/uploads\/2021\/11\/NIPE-logo_rper-300x300.png 300w, https:\/\/nipe.eeg.uminho.pt\/wp-content\/uploads\/2021\/11\/NIPE-logo_rper.png 400w\" sizes=\"auto, (max-width: 150px) 100vw, 150px\" \/><\/div><div class=\"event-list-item-content\"><a class=\"event-list-item-link\" href=\"https:\/\/nipe.eeg.uminho.pt\/en\/event\/workshop-i-phd-programme-in-economics-3\/\" title=\"WORKSHOP I PHD PROGRAMME IN ECONOMICS\"><div class=\"event-list-item-event\"><div class=\"event-list-item-agroup\"><div class=\"event-list-item-categories\"><span class=\"event-list-item-category conferences-and-workshops\">Conferences and Workshops<\/span><\/div><span class=\"event-list-item-date\">16.06.2017 <bdi><\/bdi> 09:00<\/span><\/div><span class=\"event-plus conferences-and-workshops\"><\/span><\/div><div class=\"event-list-item-details\"><p class=\"event-list-item-speaker\"><\/p><h3 class=\"event-list-item-title\">WORKSHOP I PHD PROGRAMME IN ECONOMICS<\/h3><p class=\"event-list-item-location\">Gualtar Campus | EEG<\/p><\/div><\/a><\/div><\/div><\/div><\/div><div id=\"events-conferences-and-workshops-2016\" role=\"tabpanel\" class=\"tabs-pane fade\"><div class=\"publication-block event-block\"><div class=\"event-list-item\"><div class=\"event-list-item-image\"><img loading=\"lazy\" decoding=\"async\" width=\"150\" height=\"150\" src=\"https:\/\/nipe.eeg.uminho.pt\/wp-content\/uploads\/2021\/11\/NIPE-logo_rper-150x150.png\" class=\"project-list-item-image wp-post-image\" alt=\"\" srcset=\"https:\/\/nipe.eeg.uminho.pt\/wp-content\/uploads\/2021\/11\/NIPE-logo_rper-150x150.png 150w, https:\/\/nipe.eeg.uminho.pt\/wp-content\/uploads\/2021\/11\/NIPE-logo_rper-300x300.png 300w, https:\/\/nipe.eeg.uminho.pt\/wp-content\/uploads\/2021\/11\/NIPE-logo_rper.png 400w\" sizes=\"auto, (max-width: 150px) 100vw, 150px\" \/><\/div><div class=\"event-list-item-content\"><a class=\"event-list-item-link\" href=\"https:\/\/nipe.eeg.uminho.pt\/en\/event\/christmas-workshop-in-accounting-and-finance-2016\/\" title=\"CHRISTMAS WORKSHOP IN ACCOUNTING AND FINANCE 2016\"><div class=\"event-list-item-event\"><div class=\"event-list-item-agroup\"><div class=\"event-list-item-categories\"><span class=\"event-list-item-category conferences-and-workshops\">Conferences and Workshops<\/span><\/div><span class=\"event-list-item-date\">22.12.2016 <bdi><\/bdi> 09:00<\/span><\/div><span class=\"event-plus conferences-and-workshops\"><\/span><\/div><div class=\"event-list-item-details\"><p class=\"event-list-item-speaker\"><\/p><h3 class=\"event-list-item-title\">CHRISTMAS WORKSHOP IN ACCOUNTING AND FINANCE 2016<\/h3><p class=\"event-list-item-location\"><\/p><\/div><\/a><\/div><\/div><\/div><div class=\"publication-block event-block\"><div class=\"event-list-item\"><div class=\"event-list-item-image\"><img loading=\"lazy\" decoding=\"async\" width=\"150\" height=\"150\" src=\"https:\/\/nipe.eeg.uminho.pt\/wp-content\/uploads\/2021\/11\/NIPE-logo_rper-150x150.png\" class=\"project-list-item-image wp-post-image\" alt=\"\" srcset=\"https:\/\/nipe.eeg.uminho.pt\/wp-content\/uploads\/2021\/11\/NIPE-logo_rper-150x150.png 150w, https:\/\/nipe.eeg.uminho.pt\/wp-content\/uploads\/2021\/11\/NIPE-logo_rper-300x300.png 300w, https:\/\/nipe.eeg.uminho.pt\/wp-content\/uploads\/2021\/11\/NIPE-logo_rper.png 400w\" sizes=\"auto, (max-width: 150px) 100vw, 150px\" \/><\/div><div class=\"event-list-item-content\"><a class=\"event-list-item-link\" href=\"https:\/\/nipe.eeg.uminho.pt\/en\/event\/workshop-i-phd-programme-in-economics-2\/\" title=\"WORKSHOP I PHD PROGRAMME IN ECONOMICS\"><div class=\"event-list-item-event\"><div class=\"event-list-item-agroup\"><div class=\"event-list-item-categories\"><span class=\"event-list-item-category conferences-and-workshops\">Conferences and Workshops<\/span><\/div><span class=\"event-list-item-date\">16.06.2016 <bdi><\/bdi> 09:00<\/span><\/div><span class=\"event-plus conferences-and-workshops\"><\/span><\/div><div class=\"event-list-item-details\"><p class=\"event-list-item-speaker\"><\/p><h3 class=\"event-list-item-title\">WORKSHOP I PHD PROGRAMME IN ECONOMICS<\/h3><p class=\"event-list-item-location\">Gualtar Campus | EEG<\/p><\/div><\/a><\/div><\/div><\/div><div class=\"publication-block event-block\"><div class=\"event-list-item\"><div class=\"event-list-item-image\"><img loading=\"lazy\" decoding=\"async\" width=\"150\" height=\"150\" src=\"https:\/\/nipe.eeg.uminho.pt\/wp-content\/uploads\/2021\/11\/APDRlogo-150x150.jpg\" class=\"project-list-item-image wp-post-image\" alt=\"\" \/><\/div><div class=\"event-list-item-content\"><a class=\"event-list-item-link\" href=\"https:\/\/nipe.eeg.uminho.pt\/en\/event\/23o-workshop-apdr-smart-specialization-in-portugal\/\" title=\"23\u00ba WORKSHOP APDR &#8211; SMART SPECIALIZATION IN PORTUGAL\"><div class=\"event-list-item-event\"><div class=\"event-list-item-agroup\"><div class=\"event-list-item-categories\"><span class=\"event-list-item-category conferences-and-workshops\">Conferences and Workshops<\/span><\/div><span class=\"event-list-item-date\">26.01.2016 <bdi><\/bdi> 09:00<\/span><\/div><span class=\"event-plus conferences-and-workshops\"><\/span><\/div><div class=\"event-list-item-details\"><p class=\"event-list-item-speaker\"><\/p><h3 class=\"event-list-item-title\">23\u00ba WORKSHOP APDR &#8211; SMART SPECIALIZATION IN PORTUGAL<\/h3><p class=\"event-list-item-location\">Gualtar Campus | EEG<\/p><\/div><\/a><\/div><\/div><\/div><\/div><div id=\"events-conferences-and-workshops-2015\" role=\"tabpanel\" class=\"tabs-pane fade\"><div class=\"publication-block event-block\"><div class=\"event-list-item\"><div class=\"event-list-item-image\"><img loading=\"lazy\" decoding=\"async\" width=\"150\" height=\"150\" src=\"https:\/\/nipe.eeg.uminho.pt\/wp-content\/uploads\/2021\/11\/NIPE-logo_rper-150x150.png\" class=\"project-list-item-image wp-post-image\" alt=\"\" srcset=\"https:\/\/nipe.eeg.uminho.pt\/wp-content\/uploads\/2021\/11\/NIPE-logo_rper-150x150.png 150w, https:\/\/nipe.eeg.uminho.pt\/wp-content\/uploads\/2021\/11\/NIPE-logo_rper-300x300.png 300w, https:\/\/nipe.eeg.uminho.pt\/wp-content\/uploads\/2021\/11\/NIPE-logo_rper.png 400w\" sizes=\"auto, (max-width: 150px) 100vw, 150px\" \/><\/div><div class=\"event-list-item-content\"><a class=\"event-list-item-link\" href=\"https:\/\/nipe.eeg.uminho.pt\/en\/event\/workshop-i-phd-programme-in-economics\/\" title=\"WORKSHOP I PHD PROGRAMME IN ECONOMICS\"><div class=\"event-list-item-event\"><div class=\"event-list-item-agroup\"><div class=\"event-list-item-categories\"><span class=\"event-list-item-category conferences-and-workshops\">Conferences and Workshops<\/span><\/div><span class=\"event-list-item-date\">17.06.2015 <bdi><\/bdi> 09:00<\/span><\/div><span class=\"event-plus conferences-and-workshops\"><\/span><\/div><div class=\"event-list-item-details\"><p class=\"event-list-item-speaker\"><\/p><h3 class=\"event-list-item-title\">WORKSHOP I PHD PROGRAMME IN ECONOMICS<\/h3><p class=\"event-list-item-location\">Gualtar Campus<\/p><\/div><\/a><\/div><\/div><\/div><\/div><div id=\"events-conferences-and-workshops-2014\" role=\"tabpanel\" class=\"tabs-pane fade\"><div class=\"publication-block event-block\"><div class=\"event-list-item\"><div class=\"event-list-item-image\"><img loading=\"lazy\" decoding=\"async\" width=\"150\" height=\"150\" src=\"https:\/\/nipe.eeg.uminho.pt\/wp-content\/uploads\/2021\/11\/EconomicJournal-150x150.png\" class=\"project-list-item-image wp-post-image\" alt=\"\" \/><\/div><div class=\"event-list-item-content\"><a class=\"event-list-item-link\" href=\"https:\/\/nipe.eeg.uminho.pt\/en\/event\/8th-annual-meeting-of-the-portuguese-economic-journal\/\" title=\"8TH ANNUAL MEETING OF THE PORTUGUESE ECONOMIC JOURNAL\"><div class=\"event-list-item-event\"><div class=\"event-list-item-agroup\"><div class=\"event-list-item-categories\"><span class=\"event-list-item-category conferences-and-workshops\">Conferences and Workshops<\/span><\/div><span class=\"event-list-item-date\">04.07.2014 <bdi><\/bdi> 08:30<\/span><\/div><span class=\"event-plus conferences-and-workshops\"><\/span><\/div><div class=\"event-list-item-details\"><p class=\"event-list-item-speaker\"><\/p><h3 class=\"event-list-item-title\">8TH ANNUAL MEETING OF THE PORTUGUESE ECONOMIC JOURNAL<\/h3><p class=\"event-list-item-location\">Gualtar Campus<\/p><\/div><\/a><\/div><\/div><\/div><div class=\"publication-block event-block\"><div class=\"event-list-item\"><div class=\"event-list-item-image\"><img loading=\"lazy\" decoding=\"async\" width=\"150\" height=\"150\" src=\"https:\/\/nipe.eeg.uminho.pt\/wp-content\/uploads\/2021\/11\/NIPE-logo_rper-150x150.png\" class=\"project-list-item-image wp-post-image\" alt=\"\" srcset=\"https:\/\/nipe.eeg.uminho.pt\/wp-content\/uploads\/2021\/11\/NIPE-logo_rper-150x150.png 150w, https:\/\/nipe.eeg.uminho.pt\/wp-content\/uploads\/2021\/11\/NIPE-logo_rper-300x300.png 300w, https:\/\/nipe.eeg.uminho.pt\/wp-content\/uploads\/2021\/11\/NIPE-logo_rper.png 400w\" sizes=\"auto, (max-width: 150px) 100vw, 150px\" \/><\/div><div class=\"event-list-item-content\"><a class=\"event-list-item-link\" href=\"https:\/\/nipe.eeg.uminho.pt\/en\/event\/phd-student-workshop-in-economics-eeg-um-2\/\" title=\"PHD STUDENT WORKSHOP IN ECONOMICS &#8211; EEG\/UM\"><div class=\"event-list-item-event\"><div class=\"event-list-item-agroup\"><div class=\"event-list-item-categories\"><span class=\"event-list-item-category conferences-and-workshops\">Conferences and Workshops<\/span><\/div><span class=\"event-list-item-date\">03.07.2014 <bdi><\/bdi> 09:00<\/span><\/div><span class=\"event-plus conferences-and-workshops\"><\/span><\/div><div class=\"event-list-item-details\"><p class=\"event-list-item-speaker\"><\/p><h3 class=\"event-list-item-title\">PHD STUDENT WORKSHOP IN ECONOMICS &#8211; EEG\/UM<\/h3><p class=\"event-list-item-location\">Gualtar Campus | EEG<\/p><\/div><\/a><\/div><\/div><\/div><div class=\"publication-block event-block\"><div class=\"event-list-item\"><div class=\"event-list-item-image\"><img loading=\"lazy\" decoding=\"async\" width=\"150\" height=\"150\" src=\"https:\/\/nipe.eeg.uminho.pt\/wp-content\/uploads\/2021\/11\/ESPE2014logo-150x150.png\" class=\"project-list-item-image wp-post-image\" alt=\"\" \/><\/div><div class=\"event-list-item-content\"><a class=\"event-list-item-link\" href=\"https:\/\/nipe.eeg.uminho.pt\/en\/event\/european-society-for-population-economics-conference\/\" title=\"EUROPEAN SOCIETY FOR POPULATION ECONOMICS CONFERENCE\"><div class=\"event-list-item-event\"><div class=\"event-list-item-agroup\"><div class=\"event-list-item-categories\"><span class=\"event-list-item-category conferences-and-workshops\">Conferences and Workshops<\/span><\/div><span class=\"event-list-item-date\">18.06.2014 <bdi><\/bdi> 08:30<\/span><\/div><span class=\"event-plus conferences-and-workshops\"><\/span><\/div><div class=\"event-list-item-details\"><p class=\"event-list-item-speaker\"><\/p><h3 class=\"event-list-item-title\">EUROPEAN SOCIETY FOR POPULATION ECONOMICS CONFERENCE<\/h3><p class=\"event-list-item-location\">Gualtar Campus<\/p><\/div><\/a><\/div><\/div><\/div><\/div><div id=\"events-conferences-and-workshops-2013\" role=\"tabpanel\" class=\"tabs-pane fade\"><div class=\"publication-block event-block\"><div class=\"event-list-item\"><div class=\"event-list-item-image\"><img loading=\"lazy\" decoding=\"async\" width=\"150\" height=\"150\" src=\"https:\/\/nipe.eeg.uminho.pt\/wp-content\/uploads\/2021\/11\/Encontro-150x150.png\" class=\"project-list-item-image wp-post-image\" alt=\"\" \/><\/div><div class=\"event-list-item-content\"><a class=\"event-list-item-link\" href=\"https:\/\/nipe.eeg.uminho.pt\/en\/event\/aphes-2013-xxxiii-conference-of-the-portuguese-economic-and-social-history-association\/\" title=\"APHES 2013 &#8211; XXXIII CONFERENCE OF THE PORTUGUESE ECONOMIC AND SOCIAL HISTORY ASSOCIATION\"><div class=\"event-list-item-event\"><div class=\"event-list-item-agroup\"><div class=\"event-list-item-categories\"><span class=\"event-list-item-category conferences-and-workshops\">Conferences and Workshops<\/span><\/div><span class=\"event-list-item-date\">15.11.2013 <bdi><\/bdi> 08:30<\/span><\/div><span class=\"event-plus conferences-and-workshops\"><\/span><\/div><div class=\"event-list-item-details\"><p class=\"event-list-item-speaker\"><\/p><h3 class=\"event-list-item-title\">APHES 2013 &#8211; XXXIII CONFERENCE OF THE PORTUGUESE ECONOMIC AND SOCIAL HISTORY ASSOCIATION<\/h3><p class=\"event-list-item-location\">Bom Jesus - Braga<\/p><\/div><\/a><\/div><\/div><\/div><div class=\"publication-block event-block\"><div class=\"event-list-item\"><div class=\"event-list-item-image\"><img loading=\"lazy\" decoding=\"async\" width=\"150\" height=\"150\" src=\"https:\/\/nipe.eeg.uminho.pt\/wp-content\/uploads\/2021\/11\/13CNESlogo-150x150.png\" class=\"project-list-item-image wp-post-image\" alt=\"\" \/><\/div><div class=\"event-list-item-content\"><a class=\"event-list-item-link\" href=\"https:\/\/nipe.eeg.uminho.pt\/en\/event\/13a-conferencia-nacional-de-economia-da-saude\/\" title=\"13TH NATIONAL CONFERENCE ON HEALTH ECONOMICS\"><div class=\"event-list-item-event\"><div class=\"event-list-item-agroup\"><div class=\"event-list-item-categories\"><span class=\"event-list-item-category conferences-and-workshops\">Conferences and Workshops<\/span><\/div><span class=\"event-list-item-date\">10.10.2013 <bdi><\/bdi> 09:00<\/span><\/div><span class=\"event-plus conferences-and-workshops\"><\/span><\/div><div class=\"event-list-item-details\"><p class=\"event-list-item-speaker\"><\/p><h3 class=\"event-list-item-title\">13TH NATIONAL CONFERENCE ON HEALTH ECONOMICS<\/h3><p class=\"event-list-item-location\">Gualtar Campus | CP II<\/p><\/div><\/a><\/div><\/div><\/div><div class=\"publication-block event-block\"><div class=\"event-list-item\"><div class=\"event-list-item-image\"><img loading=\"lazy\" decoding=\"async\" width=\"150\" height=\"150\" src=\"https:\/\/nipe.eeg.uminho.pt\/wp-content\/uploads\/2021\/11\/NIPE-logo_rper-150x150.png\" class=\"project-list-item-image wp-post-image\" alt=\"\" srcset=\"https:\/\/nipe.eeg.uminho.pt\/wp-content\/uploads\/2021\/11\/NIPE-logo_rper-150x150.png 150w, https:\/\/nipe.eeg.uminho.pt\/wp-content\/uploads\/2021\/11\/NIPE-logo_rper-300x300.png 300w, https:\/\/nipe.eeg.uminho.pt\/wp-content\/uploads\/2021\/11\/NIPE-logo_rper.png 400w\" sizes=\"auto, (max-width: 150px) 100vw, 150px\" \/><\/div><div class=\"event-list-item-content\"><a class=\"event-list-item-link\" href=\"https:\/\/nipe.eeg.uminho.pt\/en\/event\/9th-iberian-international-business-conference\/\" title=\"9TH IBERIAN INTERNATIONAL BUSINESS CONFERENCE\"><div class=\"event-list-item-event\"><div class=\"event-list-item-agroup\"><div class=\"event-list-item-categories\"><span class=\"event-list-item-category conferences-and-workshops\">Conferences and Workshops<\/span><\/div><span class=\"event-list-item-date\">04.10.2013 <bdi><\/bdi> 10:00<\/span><\/div><span class=\"event-plus conferences-and-workshops\"><\/span><\/div><div class=\"event-list-item-details\"><p class=\"event-list-item-speaker\"><\/p><h3 class=\"event-list-item-title\">9TH IBERIAN INTERNATIONAL BUSINESS CONFERENCE<\/h3><p class=\"event-list-item-location\">Gualtar Campus<\/p><\/div><\/a><\/div><\/div><\/div><div class=\"publication-block event-block\"><div class=\"event-list-item\"><div class=\"event-list-item-image\"><img loading=\"lazy\" decoding=\"async\" width=\"150\" height=\"150\" src=\"https:\/\/nipe.eeg.uminho.pt\/wp-content\/uploads\/2021\/11\/NIPE-logo_rper-150x150.png\" class=\"project-list-item-image wp-post-image\" alt=\"\" srcset=\"https:\/\/nipe.eeg.uminho.pt\/wp-content\/uploads\/2021\/11\/NIPE-logo_rper-150x150.png 150w, https:\/\/nipe.eeg.uminho.pt\/wp-content\/uploads\/2021\/11\/NIPE-logo_rper-300x300.png 300w, https:\/\/nipe.eeg.uminho.pt\/wp-content\/uploads\/2021\/11\/NIPE-logo_rper.png 400w\" sizes=\"auto, (max-width: 150px) 100vw, 150px\" \/><\/div><div class=\"event-list-item-content\"><a class=\"event-list-item-link\" href=\"https:\/\/nipe.eeg.uminho.pt\/en\/event\/phd-student-workshop-in-economics-eeg-um\/\" title=\"PHD STUDENT WORKSHOP IN ECONOMICS &#8211; EEG\/UM\"><div class=\"event-list-item-event\"><div class=\"event-list-item-agroup\"><div class=\"event-list-item-categories\"><span class=\"event-list-item-category conferences-and-workshops\">Conferences and Workshops<\/span><\/div><span class=\"event-list-item-date\">25.06.2013 <bdi><\/bdi> 09:00<\/span><\/div><span class=\"event-plus conferences-and-workshops\"><\/span><\/div><div class=\"event-list-item-details\"><p class=\"event-list-item-speaker\"><\/p><h3 class=\"event-list-item-title\">PHD STUDENT WORKSHOP IN ECONOMICS &#8211; EEG\/UM<\/h3><p class=\"event-list-item-location\">Gualtar Campus<\/p><\/div><\/a><\/div><\/div><\/div><div class=\"publication-block event-block\"><div class=\"event-list-item\"><div class=\"event-list-item-image\"><img loading=\"lazy\" decoding=\"async\" width=\"150\" height=\"150\" src=\"https:\/\/nipe.eeg.uminho.pt\/wp-content\/uploads\/2021\/11\/APDRlogo-150x150.jpg\" class=\"project-list-item-image wp-post-image\" alt=\"\" \/><\/div><div class=\"event-list-item-content\"><a class=\"event-list-item-link\" href=\"https:\/\/nipe.eeg.uminho.pt\/en\/event\/19th-apdr-congress\/\" title=\"19TH APDR CONGRESS\"><div class=\"event-list-item-event\"><div class=\"event-list-item-agroup\"><div class=\"event-list-item-categories\"><span class=\"event-list-item-category conferences-and-workshops\">Conferences and Workshops<\/span><\/div><span class=\"event-list-item-date\">20.06.2013 <bdi><\/bdi> 08:00<\/span><\/div><span class=\"event-plus conferences-and-workshops\"><\/span><\/div><div class=\"event-list-item-details\"><p class=\"event-list-item-speaker\"><\/p><h3 class=\"event-list-item-title\">19TH APDR CONGRESS<\/h3><p class=\"event-list-item-location\">Gualtar Campus | EEG and EDUM<\/p><\/div><\/a><\/div><\/div><\/div><div class=\"publication-block event-block\"><div class=\"event-list-item\"><div class=\"event-list-item-image\"><img loading=\"lazy\" decoding=\"async\" width=\"150\" height=\"150\" src=\"https:\/\/nipe.eeg.uminho.pt\/wp-content\/uploads\/2021\/11\/NIPE-logo_rper-150x150.png\" class=\"project-list-item-image wp-post-image\" alt=\"\" srcset=\"https:\/\/nipe.eeg.uminho.pt\/wp-content\/uploads\/2021\/11\/NIPE-logo_rper-150x150.png 150w, https:\/\/nipe.eeg.uminho.pt\/wp-content\/uploads\/2021\/11\/NIPE-logo_rper-300x300.png 300w, https:\/\/nipe.eeg.uminho.pt\/wp-content\/uploads\/2021\/11\/NIPE-logo_rper.png 400w\" sizes=\"auto, (max-width: 150px) 100vw, 150px\" \/><\/div><div class=\"event-list-item-content\"><a class=\"event-list-item-link\" href=\"https:\/\/nipe.eeg.uminho.pt\/en\/event\/workshop-on-innovation-dynamics\/\" title=\"WORKSHOP ON INNOVATION DYNAMICS\"><div class=\"event-list-item-event\"><div class=\"event-list-item-agroup\"><div class=\"event-list-item-categories\"><span class=\"event-list-item-category conferences-and-workshops\">Conferences and Workshops<\/span><\/div><span class=\"event-list-item-date\">09.05.2013 <bdi><\/bdi> 09:00<\/span><\/div><span class=\"event-plus conferences-and-workshops\"><\/span><\/div><div class=\"event-list-item-details\"><p class=\"event-list-item-speaker\"><\/p><h3 class=\"event-list-item-title\">WORKSHOP ON INNOVATION DYNAMICS<\/h3><p class=\"event-list-item-location\">Gualtar Campus<\/p><\/div><\/a><\/div><\/div><\/div><\/div><div id=\"events-conferences-and-workshops-2012\" role=\"tabpanel\" class=\"tabs-pane fade\"><div class=\"publication-block event-block\"><div class=\"event-list-item\"><div class=\"event-list-item-image\"><img loading=\"lazy\" decoding=\"async\" width=\"150\" height=\"150\" src=\"https:\/\/nipe.eeg.uminho.pt\/wp-content\/uploads\/2021\/11\/banner_novo4-150x150.jpg\" class=\"project-list-item-image wp-post-image\" alt=\"\" \/><\/div><div class=\"event-list-item-content\"><a class=\"event-list-item-link\" href=\"https:\/\/nipe.eeg.uminho.pt\/en\/event\/1986-2010-the-portuguese-economy-in-the-european-union\/\" title=\"1986-2010 THE PORTUGUESE ECONOMY IN THE EUROPEAN UNION\"><div class=\"event-list-item-event\"><div class=\"event-list-item-agroup\"><div class=\"event-list-item-categories\"><span class=\"event-list-item-category conferences-and-workshops\">Conferences and Workshops<\/span><\/div><span class=\"event-list-item-date\">04.07.2012 <bdi><\/bdi> 09:00<\/span><\/div><span class=\"event-plus conferences-and-workshops\"><\/span><\/div><div class=\"event-list-item-details\"><p class=\"event-list-item-speaker\"><\/p><h3 class=\"event-list-item-title\">1986-2010 THE PORTUGUESE ECONOMY IN THE EUROPEAN UNION<\/h3><p class=\"event-list-item-location\">Serralves Foundation<\/p><\/div><\/a><\/div><\/div><\/div><\/div><div id=\"events-conferences-and-workshops-2011\" role=\"tabpanel\" class=\"tabs-pane fade\"><div class=\"publication-block event-block\"><div class=\"event-list-item\"><div class=\"event-list-item-image\"><img loading=\"lazy\" decoding=\"async\" width=\"150\" height=\"150\" src=\"https:\/\/nipe.eeg.uminho.pt\/wp-content\/uploads\/2021\/11\/NIPE-logo_rper-150x150.png\" class=\"project-list-item-image wp-post-image\" alt=\"\" srcset=\"https:\/\/nipe.eeg.uminho.pt\/wp-content\/uploads\/2021\/11\/NIPE-logo_rper-150x150.png 150w, https:\/\/nipe.eeg.uminho.pt\/wp-content\/uploads\/2021\/11\/NIPE-logo_rper-300x300.png 300w, https:\/\/nipe.eeg.uminho.pt\/wp-content\/uploads\/2021\/11\/NIPE-logo_rper.png 400w\" sizes=\"auto, (max-width: 150px) 100vw, 150px\" \/><\/div><div class=\"event-list-item-content\"><a class=\"event-list-item-link\" href=\"https:\/\/nipe.eeg.uminho.pt\/en\/event\/2-day-stata-econometrics-course\/\" title=\"2-DAY STATA &amp; ECONOMETRICS COURSE\"><div class=\"event-list-item-event\"><div class=\"event-list-item-agroup\"><div class=\"event-list-item-categories\"><span class=\"event-list-item-category conferences-and-workshops\">Conferences and Workshops<\/span><\/div><span class=\"event-list-item-date\">01.09.2011 <bdi><\/bdi> 09:00<\/span><\/div><span class=\"event-plus conferences-and-workshops\"><\/span><\/div><div class=\"event-list-item-details\"><p class=\"event-list-item-speaker\"><\/p><h3 class=\"event-list-item-title\">2-DAY STATA &amp; ECONOMETRICS COURSE<\/h3><p class=\"event-list-item-location\">Gualtar Campus | EEG<\/p><\/div><\/a><\/div><\/div><\/div><\/div><div id=\"events-conferences-and-workshops-2010\" role=\"tabpanel\" class=\"tabs-pane fade\"><div class=\"publication-block event-block\"><div class=\"event-list-item\"><div class=\"event-list-item-image\"><img loading=\"lazy\" decoding=\"async\" width=\"150\" height=\"150\" src=\"https:\/\/nipe.eeg.uminho.pt\/wp-content\/uploads\/2021\/11\/NIPE-logo_rper-150x150.png\" class=\"project-list-item-image wp-post-image\" alt=\"\" srcset=\"https:\/\/nipe.eeg.uminho.pt\/wp-content\/uploads\/2021\/11\/NIPE-logo_rper-150x150.png 150w, https:\/\/nipe.eeg.uminho.pt\/wp-content\/uploads\/2021\/11\/NIPE-logo_rper-300x300.png 300w, https:\/\/nipe.eeg.uminho.pt\/wp-content\/uploads\/2021\/11\/NIPE-logo_rper.png 400w\" sizes=\"auto, (max-width: 150px) 100vw, 150px\" \/><\/div><div class=\"event-list-item-content\"><a class=\"event-list-item-link\" href=\"https:\/\/nipe.eeg.uminho.pt\/en\/event\/3rd-phd-workshop-in-economics\/\" title=\"3RD PHD WORKSHOP IN ECONOMICS\"><div class=\"event-list-item-event\"><div class=\"event-list-item-agroup\"><div class=\"event-list-item-categories\"><span class=\"event-list-item-category conferences-and-workshops\">Conferences and Workshops<\/span><\/div><span class=\"event-list-item-date\">04.11.2010 <bdi><\/bdi> 14:00<\/span><\/div><span class=\"event-plus conferences-and-workshops\"><\/span><\/div><div class=\"event-list-item-details\"><p class=\"event-list-item-speaker\"><\/p><h3 class=\"event-list-item-title\">3RD PHD WORKSHOP IN ECONOMICS<\/h3><p class=\"event-list-item-location\"><\/p><\/div><\/a><\/div><\/div><\/div><div class=\"publication-block event-block\"><div class=\"event-list-item\"><div class=\"event-list-item-image\"><img loading=\"lazy\" decoding=\"async\" width=\"150\" height=\"150\" src=\"https:\/\/nipe.eeg.uminho.pt\/wp-content\/uploads\/2021\/11\/bannerSTATA-scaled-e1636725104304-150x150.jpg\" class=\"project-list-item-image wp-post-image\" alt=\"\" srcset=\"https:\/\/nipe.eeg.uminho.pt\/wp-content\/uploads\/2021\/11\/bannerSTATA-scaled-e1636725104304-150x150.jpg 150w, https:\/\/nipe.eeg.uminho.pt\/wp-content\/uploads\/2021\/11\/bannerSTATA-scaled-e1636725104304-560x555.jpg 560w, https:\/\/nipe.eeg.uminho.pt\/wp-content\/uploads\/2021\/11\/bannerSTATA-scaled-e1636725104304-470x470.jpg 470w, https:\/\/nipe.eeg.uminho.pt\/wp-content\/uploads\/2021\/11\/bannerSTATA-scaled-e1636725104304-600x600.jpg 600w, https:\/\/nipe.eeg.uminho.pt\/wp-content\/uploads\/2021\/11\/bannerSTATA-scaled-e1636725104304-160x160.jpg 160w\" sizes=\"auto, (max-width: 150px) 100vw, 150px\" \/><\/div><div class=\"event-list-item-content\"><a class=\"event-list-item-link\" href=\"https:\/\/nipe.eeg.uminho.pt\/en\/event\/2010-portuguese-stata-users-group-meeting\/\" title=\"2010 PORTUGUESE STATA USERS GROUP MEETING\"><div class=\"event-list-item-event\"><div class=\"event-list-item-agroup\"><div class=\"event-list-item-categories\"><span class=\"event-list-item-category conferences-and-workshops\">Conferences and Workshops<\/span><\/div><span class=\"event-list-item-date\">17.09.2010 <bdi><\/bdi> 09:00<\/span><\/div><span class=\"event-plus conferences-and-workshops\"><\/span><\/div><div class=\"event-list-item-details\"><p class=\"event-list-item-speaker\"><\/p><h3 class=\"event-list-item-title\">2010 PORTUGUESE STATA USERS GROUP MEETING<\/h3><p class=\"event-list-item-location\">Gualtar Campus<\/p><\/div><\/a><\/div><\/div><\/div><div class=\"publication-block event-block\"><div class=\"event-list-item\"><div class=\"event-list-item-image\"><img loading=\"lazy\" decoding=\"async\" width=\"150\" height=\"150\" src=\"https:\/\/nipe.eeg.uminho.pt\/wp-content\/uploads\/2021\/11\/NIPE-logo_rper-150x150.png\" class=\"project-list-item-image wp-post-image\" alt=\"\" srcset=\"https:\/\/nipe.eeg.uminho.pt\/wp-content\/uploads\/2021\/11\/NIPE-logo_rper-150x150.png 150w, https:\/\/nipe.eeg.uminho.pt\/wp-content\/uploads\/2021\/11\/NIPE-logo_rper-300x300.png 300w, https:\/\/nipe.eeg.uminho.pt\/wp-content\/uploads\/2021\/11\/NIPE-logo_rper.png 400w\" sizes=\"auto, (max-width: 150px) 100vw, 150px\" \/><\/div><div class=\"event-list-item-content\"><a class=\"event-list-item-link\" href=\"https:\/\/nipe.eeg.uminho.pt\/en\/event\/measurement-and-evaluation-of-academic-research-performance-policy-implications\/\" title=\"MEASUREMENT AND EVALUATION OF ACADEMIC RESEARCH PERFORMANCE: POLICY IMPLICATIONS\"><div class=\"event-list-item-event\"><div class=\"event-list-item-agroup\"><div class=\"event-list-item-categories\"><span class=\"event-list-item-category conferences-and-workshops\">Conferences and Workshops<\/span><\/div><span class=\"event-list-item-date\">21.06.2010 <bdi><\/bdi> 08:30<\/span><\/div><span class=\"event-plus conferences-and-workshops\"><\/span><\/div><div class=\"event-list-item-details\"><p class=\"event-list-item-speaker\"><\/p><h3 class=\"event-list-item-title\">MEASUREMENT AND EVALUATION OF ACADEMIC RESEARCH PERFORMANCE: POLICY IMPLICATIONS<\/h3><p class=\"event-list-item-location\"><\/p><\/div><\/a><\/div><\/div><\/div><\/div><div id=\"events-conferences-and-workshops-2009\" role=\"tabpanel\" class=\"tabs-pane fade\"><div class=\"publication-block event-block\"><div class=\"event-list-item\"><div class=\"event-list-item-image\"><img loading=\"lazy\" decoding=\"async\" width=\"150\" height=\"150\" src=\"https:\/\/nipe.eeg.uminho.pt\/wp-content\/uploads\/2019\/10\/ImagemEvento-_7_-1-150x150.jpg\" class=\"project-list-item-image wp-post-image\" alt=\"\" \/><\/div><div class=\"event-list-item-content\"><a class=\"event-list-item-link\" href=\"https:\/\/nipe.eeg.uminho.pt\/en\/event\/leed-2009\/\" title=\"LEED 2009\"><div class=\"event-list-item-event\"><div class=\"event-list-item-agroup\"><div class=\"event-list-item-categories\"><span class=\"event-list-item-category conferences-and-workshops\">Conferences and Workshops<\/span><\/div><span class=\"event-list-item-date\">18.09.2009 <bdi><\/bdi> 09:30<\/span><\/div><span class=\"event-plus conferences-and-workshops\"><\/span><\/div><div class=\"event-list-item-details\"><p class=\"event-list-item-speaker\"><\/p><h3 class=\"event-list-item-title\">LEED 2009<\/h3><p class=\"event-list-item-location\">Gualtar<\/p><\/div><\/a><\/div><\/div><\/div><div class=\"publication-block event-block\"><div class=\"event-list-item\"><div class=\"event-list-item-image\"><img loading=\"lazy\" decoding=\"async\" width=\"150\" height=\"150\" src=\"https:\/\/nipe.eeg.uminho.pt\/wp-content\/uploads\/2021\/11\/NIPE-logo_rper-150x150.png\" class=\"project-list-item-image wp-post-image\" alt=\"\" srcset=\"https:\/\/nipe.eeg.uminho.pt\/wp-content\/uploads\/2021\/11\/NIPE-logo_rper-150x150.png 150w, https:\/\/nipe.eeg.uminho.pt\/wp-content\/uploads\/2021\/11\/NIPE-logo_rper-300x300.png 300w, https:\/\/nipe.eeg.uminho.pt\/wp-content\/uploads\/2021\/11\/NIPE-logo_rper.png 400w\" sizes=\"auto, (max-width: 150px) 100vw, 150px\" \/><\/div><div class=\"event-list-item-content\"><a class=\"event-list-item-link\" href=\"https:\/\/nipe.eeg.uminho.pt\/en\/event\/economic-analysis-using-linked-employer-and-employee-data\/\" title=\"ECONOMIC ANALYSIS USING: LINKED EMPLOYER AND EMPLOYEE DATA\"><div class=\"event-list-item-event\"><div class=\"event-list-item-agroup\"><div class=\"event-list-item-categories\"><span class=\"event-list-item-category conferences-and-workshops\">Conferences and Workshops<\/span><\/div><span class=\"event-list-item-date\">18.09.2009 <bdi><\/bdi> 09:00<\/span><\/div><span class=\"event-plus conferences-and-workshops\"><\/span><\/div><div class=\"event-list-item-details\"><p class=\"event-list-item-speaker\"><\/p><h3 class=\"event-list-item-title\">ECONOMIC ANALYSIS USING: LINKED EMPLOYER AND EMPLOYEE DATA<\/h3><p class=\"event-list-item-location\">Gualtar Campus | EEG - 1.01 e 1.02<\/p><\/div><\/a><\/div><\/div><\/div><div class=\"publication-block event-block\"><div class=\"event-list-item\"><div class=\"event-list-item-image\"><img loading=\"lazy\" decoding=\"async\" width=\"150\" height=\"150\" src=\"https:\/\/nipe.eeg.uminho.pt\/wp-content\/uploads\/2021\/11\/NIPE-logo_rper-150x150.png\" class=\"project-list-item-image wp-post-image\" alt=\"\" srcset=\"https:\/\/nipe.eeg.uminho.pt\/wp-content\/uploads\/2021\/11\/NIPE-logo_rper-150x150.png 150w, https:\/\/nipe.eeg.uminho.pt\/wp-content\/uploads\/2021\/11\/NIPE-logo_rper-300x300.png 300w, https:\/\/nipe.eeg.uminho.pt\/wp-content\/uploads\/2021\/11\/NIPE-logo_rper.png 400w\" sizes=\"auto, (max-width: 150px) 100vw, 150px\" \/><\/div><div class=\"event-list-item-content\"><a class=\"event-list-item-link\" href=\"https:\/\/nipe.eeg.uminho.pt\/en\/event\/2o-workshop-de-doutorandos-em-economia\/\" title=\"2ND PHD WORKSHOP IN ECONOMICS\"><div class=\"event-list-item-event\"><div class=\"event-list-item-agroup\"><div class=\"event-list-item-categories\"><span class=\"event-list-item-category conferences-and-workshops\">Conferences and Workshops<\/span><\/div><span class=\"event-list-item-date\">06.07.2009 <bdi><\/bdi> 10:00<\/span><\/div><span class=\"event-plus conferences-and-workshops\"><\/span><\/div><div class=\"event-list-item-details\"><p class=\"event-list-item-speaker\"><\/p><h3 class=\"event-list-item-title\">2ND PHD WORKSHOP IN ECONOMICS<\/h3><p class=\"event-list-item-location\">Gualtar Campus | EEG - Room 2.28<\/p><\/div><\/a><\/div><\/div><\/div><div class=\"publication-block event-block\"><div class=\"event-list-item\"><div class=\"event-list-item-image\"><img loading=\"lazy\" decoding=\"async\" width=\"150\" height=\"150\" src=\"https:\/\/nipe.eeg.uminho.pt\/wp-content\/uploads\/2021\/11\/NIPE-logo_rper-150x150.png\" class=\"project-list-item-image wp-post-image\" alt=\"\" srcset=\"https:\/\/nipe.eeg.uminho.pt\/wp-content\/uploads\/2021\/11\/NIPE-logo_rper-150x150.png 150w, https:\/\/nipe.eeg.uminho.pt\/wp-content\/uploads\/2021\/11\/NIPE-logo_rper-300x300.png 300w, https:\/\/nipe.eeg.uminho.pt\/wp-content\/uploads\/2021\/11\/NIPE-logo_rper.png 400w\" sizes=\"auto, (max-width: 150px) 100vw, 150px\" \/><\/div><div class=\"event-list-item-content\"><a class=\"event-list-item-link\" href=\"https:\/\/nipe.eeg.uminho.pt\/en\/event\/10-years-of-the-euro-adjustment-in-capital-and-labour-markets\/\" title=\"10 YEARS OF THE EURO: ADJUSTMENT IN CAPITAL AND LABOUR MARKETS\"><div class=\"event-list-item-event\"><div class=\"event-list-item-agroup\"><div class=\"event-list-item-categories\"><span class=\"event-list-item-category conferences-and-workshops\">Conferences and Workshops<\/span><\/div><span class=\"event-list-item-date\">07.05.2009 <bdi><\/bdi> 14:00<\/span><\/div><span class=\"event-plus conferences-and-workshops\"><\/span><\/div><div class=\"event-list-item-details\"><p class=\"event-list-item-speaker\"><\/p><h3 class=\"event-list-item-title\">10 YEARS OF THE EURO: ADJUSTMENT IN CAPITAL AND LABOUR MARKETS<\/h3><p class=\"event-list-item-location\">Gualtar Campus | CP II - Anf. B1<\/p><\/div><\/a><\/div><\/div><\/div><\/div><div id=\"events-conferences-and-workshops-2006\" role=\"tabpanel\" class=\"tabs-pane fade\"><div class=\"publication-block event-block\"><div class=\"event-list-item\"><div class=\"event-list-item-image\"><img loading=\"lazy\" decoding=\"async\" width=\"150\" height=\"150\" src=\"https:\/\/nipe.eeg.uminho.pt\/wp-content\/uploads\/2021\/11\/NIPE-logo_rper-150x150.png\" class=\"project-list-item-image wp-post-image\" alt=\"\" srcset=\"https:\/\/nipe.eeg.uminho.pt\/wp-content\/uploads\/2021\/11\/NIPE-logo_rper-150x150.png 150w, https:\/\/nipe.eeg.uminho.pt\/wp-content\/uploads\/2021\/11\/NIPE-logo_rper-300x300.png 300w, https:\/\/nipe.eeg.uminho.pt\/wp-content\/uploads\/2021\/11\/NIPE-logo_rper.png 400w\" sizes=\"auto, (max-width: 150px) 100vw, 150px\" \/><\/div><div class=\"event-list-item-content\"><a class=\"event-list-item-link\" href=\"https:\/\/nipe.eeg.uminho.pt\/en\/event\/xxxii-aecr-regional-study-meeting-development-of-regions-and-euroregions-the-challenge-of-rural-change\/\" title=\"XXXII AECR REGIONAL STUDY MEETING &#8220;DEVELOPMENT OF REGIONS AND EUROREGIONS. THE CHALLENGE OF RURAL CHANGE&#8221;\"><div class=\"event-list-item-event\"><div class=\"event-list-item-agroup\"><div class=\"event-list-item-categories\"><span class=\"event-list-item-category conferences-and-workshops\">Conferences and Workshops<\/span><\/div><span class=\"event-list-item-date\">11.11.2006 <bdi><\/bdi> 09:00<\/span><\/div><span class=\"event-plus conferences-and-workshops\"><\/span><\/div><div class=\"event-list-item-details\"><p class=\"event-list-item-speaker\"><\/p><h3 class=\"event-list-item-title\">XXXII AECR REGIONAL STUDY MEETING &#8220;DEVELOPMENT OF REGIONS AND EUROREGIONS. THE CHALLENGE OF RURAL CHANGE&#8221;<\/h3><p class=\"event-list-item-location\"><\/p><\/div><\/a><\/div><\/div><\/div><div class=\"publication-block event-block\"><div class=\"event-list-item\"><div class=\"event-list-item-image\"><img loading=\"lazy\" decoding=\"async\" width=\"150\" height=\"150\" src=\"https:\/\/nipe.eeg.uminho.pt\/wp-content\/uploads\/2021\/11\/NIPE-logo_rper-150x150.png\" class=\"project-list-item-image wp-post-image\" alt=\"\" srcset=\"https:\/\/nipe.eeg.uminho.pt\/wp-content\/uploads\/2021\/11\/NIPE-logo_rper-150x150.png 150w, https:\/\/nipe.eeg.uminho.pt\/wp-content\/uploads\/2021\/11\/NIPE-logo_rper-300x300.png 300w, https:\/\/nipe.eeg.uminho.pt\/wp-content\/uploads\/2021\/11\/NIPE-logo_rper.png 400w\" sizes=\"auto, (max-width: 150px) 100vw, 150px\" \/><\/div><div class=\"event-list-item-content\"><a class=\"event-list-item-link\" href=\"https:\/\/nipe.eeg.uminho.pt\/en\/event\/workshop-personnel-and-economy-research\/\" title=\"WORKSHOP: &#8220;PERSONNEL AND ECONOMY RESEARCH&#8221;\"><div class=\"event-list-item-event\"><div class=\"event-list-item-agroup\"><div class=\"event-list-item-categories\"><span class=\"event-list-item-category conferences-and-workshops\">Conferences and Workshops<\/span><\/div><span class=\"event-list-item-date\">15.09.2006 <bdi><\/bdi> 09:30<\/span><\/div><span class=\"event-plus conferences-and-workshops\"><\/span><\/div><div class=\"event-list-item-details\"><p class=\"event-list-item-speaker\"><\/p><h3 class=\"event-list-item-title\">WORKSHOP: &#8220;PERSONNEL AND ECONOMY RESEARCH&#8221;<\/h3><p class=\"event-list-item-location\">Gualtar Campus | EEG - 1.01 and 0.01<\/p><\/div><\/a><\/div><\/div><\/div><\/div><div id=\"events-conferences-and-workshops-2005\" role=\"tabpanel\" class=\"tabs-pane fade\"><div class=\"publication-block event-block\"><div class=\"event-list-item\"><div class=\"event-list-item-image\"><img loading=\"lazy\" decoding=\"async\" width=\"150\" height=\"150\" src=\"https:\/\/nipe.eeg.uminho.pt\/wp-content\/uploads\/2021\/11\/NIPE-logo_rper-150x150.png\" class=\"project-list-item-image wp-post-image\" alt=\"\" srcset=\"https:\/\/nipe.eeg.uminho.pt\/wp-content\/uploads\/2021\/11\/NIPE-logo_rper-150x150.png 150w, https:\/\/nipe.eeg.uminho.pt\/wp-content\/uploads\/2021\/11\/NIPE-logo_rper-300x300.png 300w, https:\/\/nipe.eeg.uminho.pt\/wp-content\/uploads\/2021\/11\/NIPE-logo_rper.png 400w\" sizes=\"auto, (max-width: 150px) 100vw, 150px\" \/><\/div><div class=\"event-list-item-content\"><a class=\"event-list-item-link\" href=\"https:\/\/nipe.eeg.uminho.pt\/en\/event\/university-staff-forum-tourism-and-regional-development\/\" title=\"UNIVERSITY STAFF FORUM &#8220;TOURISM AND REGIONAL DEVELOPMENT&#8221;\"><div class=\"event-list-item-event\"><div class=\"event-list-item-agroup\"><div class=\"event-list-item-categories\"><span class=\"event-list-item-category conferences-and-workshops\">Conferences and Workshops<\/span><\/div><span class=\"event-list-item-date\">25.11.2005 <bdi><\/bdi> 09:00<\/span><\/div><span class=\"event-plus conferences-and-workshops\"><\/span><\/div><div class=\"event-list-item-details\"><p class=\"event-list-item-speaker\"><\/p><h3 class=\"event-list-item-title\">UNIVERSITY STAFF FORUM &#8220;TOURISM AND REGIONAL DEVELOPMENT&#8221;<\/h3><p class=\"event-list-item-location\"><\/p><\/div><\/a><\/div><\/div><\/div><div class=\"publication-block event-block\"><div class=\"event-list-item\"><div class=\"event-list-item-image\"><img loading=\"lazy\" decoding=\"async\" width=\"150\" height=\"150\" src=\"https:\/\/nipe.eeg.uminho.pt\/wp-content\/uploads\/2021\/11\/NIPE-logo_rper-150x150.png\" class=\"project-list-item-image wp-post-image\" alt=\"\" srcset=\"https:\/\/nipe.eeg.uminho.pt\/wp-content\/uploads\/2021\/11\/NIPE-logo_rper-150x150.png 150w, https:\/\/nipe.eeg.uminho.pt\/wp-content\/uploads\/2021\/11\/NIPE-logo_rper-300x300.png 300w, https:\/\/nipe.eeg.uminho.pt\/wp-content\/uploads\/2021\/11\/NIPE-logo_rper.png 400w\" sizes=\"auto, (max-width: 150px) 100vw, 150px\" \/><\/div><div class=\"event-list-item-content\"><a class=\"event-list-item-link\" href=\"https:\/\/nipe.eeg.uminho.pt\/en\/event\/workshop-the-older-worker-in-the-labor-market-work-time-and-work-incentives\/\" title=\"WORKSHOP &#8220;THE OLDER WORKER IN THE LABOR MARKET: WORK TIME AND WORK INCENTIVES&#8221;\"><div class=\"event-list-item-event\"><div class=\"event-list-item-agroup\"><div class=\"event-list-item-categories\"><span class=\"event-list-item-category conferences-and-workshops\">Conferences and Workshops<\/span><\/div><span class=\"event-list-item-date\">16.05.2005 <bdi><\/bdi> 09:00<\/span><\/div><span class=\"event-plus conferences-and-workshops\"><\/span><\/div><div class=\"event-list-item-details\"><p class=\"event-list-item-speaker\"><\/p><h3 class=\"event-list-item-title\">WORKSHOP &#8220;THE OLDER WORKER IN THE LABOR MARKET: WORK TIME AND WORK INCENTIVES&#8221;<\/h3><p class=\"event-list-item-location\"><\/p><\/div><\/a><\/div><\/div><\/div><\/div><div id=\"events-conferences-and-workshops-1999\" role=\"tabpanel\" class=\"tabs-pane fade\"><div class=\"publication-block event-block\"><div class=\"event-list-item\"><div class=\"event-list-item-image\"><img loading=\"lazy\" decoding=\"async\" width=\"150\" height=\"150\" src=\"https:\/\/nipe.eeg.uminho.pt\/wp-content\/uploads\/2021\/11\/NIPE-logo_rper-150x150.png\" class=\"project-list-item-image wp-post-image\" alt=\"\" srcset=\"https:\/\/nipe.eeg.uminho.pt\/wp-content\/uploads\/2021\/11\/NIPE-logo_rper-150x150.png 150w, https:\/\/nipe.eeg.uminho.pt\/wp-content\/uploads\/2021\/11\/NIPE-logo_rper-300x300.png 300w, https:\/\/nipe.eeg.uminho.pt\/wp-content\/uploads\/2021\/11\/NIPE-logo_rper.png 400w\" sizes=\"auto, (max-width: 150px) 100vw, 150px\" \/><\/div><div class=\"event-list-item-content\"><a class=\"event-list-item-link\" href=\"https:\/\/nipe.eeg.uminho.pt\/en\/event\/v-national-encounter-of-apdr-portuguese-association-for-regional-development\/\" title=\"V NATIONAL ENCOUNTER OF APDR (PORTUGUESE ASSOCIATION FOR REGIONAL DEVELOPMENT)\"><div class=\"event-list-item-event\"><div class=\"event-list-item-agroup\"><div class=\"event-list-item-categories\"><span class=\"event-list-item-category conferences-and-workshops\">Conferences and Workshops<\/span><\/div><span class=\"event-list-item-date\">05.06.1999 <bdi><\/bdi> 09:00<\/span><\/div><span class=\"event-plus conferences-and-workshops\"><\/span><\/div><div class=\"event-list-item-details\"><p class=\"event-list-item-speaker\"><\/p><h3 class=\"event-list-item-title\">V NATIONAL ENCOUNTER OF APDR (PORTUGUESE ASSOCIATION FOR REGIONAL DEVELOPMENT)<\/h3><p class=\"event-list-item-location\"><\/p><\/div><\/a><\/div><\/div><\/div><div class=\"publication-block event-block\"><div class=\"event-list-item\"><div class=\"event-list-item-image\"><img loading=\"lazy\" decoding=\"async\" width=\"150\" height=\"150\" src=\"https:\/\/nipe.eeg.uminho.pt\/wp-content\/uploads\/2021\/11\/NIPE-logo_rper-150x150.png\" class=\"project-list-item-image wp-post-image\" alt=\"\" srcset=\"https:\/\/nipe.eeg.uminho.pt\/wp-content\/uploads\/2021\/11\/NIPE-logo_rper-150x150.png 150w, https:\/\/nipe.eeg.uminho.pt\/wp-content\/uploads\/2021\/11\/NIPE-logo_rper-300x300.png 300w, https:\/\/nipe.eeg.uminho.pt\/wp-content\/uploads\/2021\/11\/NIPE-logo_rper.png 400w\" sizes=\"auto, (max-width: 150px) 100vw, 150px\" \/><\/div><div class=\"event-list-item-content\"><a class=\"event-list-item-link\" href=\"https:\/\/nipe.eeg.uminho.pt\/en\/event\/seminar-child-labor-exploitation-knowing-and-intervening\/\" title=\"SEMINAR &#8220;CHILD LABOR EXPLOITATION \u2013 KNOWING AND INTERVENING&#8221;\"><div class=\"event-list-item-event\"><div class=\"event-list-item-agroup\"><div class=\"event-list-item-categories\"><span class=\"event-list-item-category conferences-and-workshops\">Conferences and Workshops<\/span><\/div><span class=\"event-list-item-date\">06.05.1999 <bdi><\/bdi> 09:00<\/span><\/div><span class=\"event-plus conferences-and-workshops\"><\/span><\/div><div class=\"event-list-item-details\"><p class=\"event-list-item-speaker\"><\/p><h3 class=\"event-list-item-title\">SEMINAR &#8220;CHILD LABOR EXPLOITATION \u2013 KNOWING AND INTERVENING&#8221;<\/h3><p class=\"event-list-item-location\">Braga and Porto<\/p><\/div><\/a><\/div><\/div><\/div><\/div><div id=\"events-conferences-and-workshops-1998\" role=\"tabpanel\" class=\"tabs-pane fade\"><div class=\"publication-block event-block\"><div class=\"event-list-item\"><div class=\"event-list-item-image\"><img loading=\"lazy\" decoding=\"async\" width=\"150\" height=\"150\" src=\"https:\/\/nipe.eeg.uminho.pt\/wp-content\/uploads\/2021\/11\/NIPE-logo_rper-150x150.png\" class=\"project-list-item-image wp-post-image\" alt=\"\" srcset=\"https:\/\/nipe.eeg.uminho.pt\/wp-content\/uploads\/2021\/11\/NIPE-logo_rper-150x150.png 150w, https:\/\/nipe.eeg.uminho.pt\/wp-content\/uploads\/2021\/11\/NIPE-logo_rper-300x300.png 300w, https:\/\/nipe.eeg.uminho.pt\/wp-content\/uploads\/2021\/11\/NIPE-logo_rper.png 400w\" sizes=\"auto, (max-width: 150px) 100vw, 150px\" \/><\/div><div class=\"event-list-item-content\"><a class=\"event-list-item-link\" href=\"https:\/\/nipe.eeg.uminho.pt\/en\/event\/international-workshop-on-regional-economic-indicator-models\/\" title=\"INTERNATIONAL WORKSHOP ON REGIONAL ECONOMIC INDICATOR MODELS\"><div class=\"event-list-item-event\"><div class=\"event-list-item-agroup\"><div class=\"event-list-item-categories\"><span class=\"event-list-item-category conferences-and-workshops\">Conferences and Workshops<\/span><\/div><span class=\"event-list-item-date\">08.06.1998 <bdi><\/bdi> 09:00<\/span><\/div><span class=\"event-plus conferences-and-workshops\"><\/span><\/div><div class=\"event-list-item-details\"><p class=\"event-list-item-speaker\"><\/p><h3 class=\"event-list-item-title\">INTERNATIONAL WORKSHOP ON REGIONAL ECONOMIC INDICATOR MODELS<\/h3><p class=\"event-list-item-location\">University of Minho<\/p><\/div><\/a><\/div><\/div><\/div><\/div><\/div><\/div><\/div>\n<p>[\/vc_column_text][\/vc_column][\/vc_row]<\/p>\n<p>&nbsp;<\/p>\n<p>&nbsp;<\/p>\n<p>&nbsp;<\/p>\n<\/div>","protected":false},"excerpt":{"rendered":"<p>[vc_row full_width=&#8221;stretch_row&#8221; gap=&#8221;0&#8243;][vc_column][vc_column_text] [\/vc_column_text][\/vc_column][\/vc_row][vc_row el_class=&#8221;events-featured-next-container&#8221; css=&#8221;.vc_custom_1620746273684{margin-top: 70px !important;}&#8221;][vc_column enable_overlay=&#8221;yes&#8221; bg_position=&#8221;center center&#8221; el_class=&#8221;events-page-features-list&#8221;][vc_column_text el_class=&#8221;events-list-box&#8221; css=&#8221;.vc_custom_1621010660808{margin-top: 40px&#8230;<\/p>\n","protected":false},"author":5,"featured_media":0,"parent":0,"menu_order":0,"comment_status":"closed","ping_status":"closed","template":"","meta":{"_acf_changed":false,"footnotes":""},"class_list":["post-7298","page","type-page","status-publish","hentry"],"acf":[],"yoast_head":"<!-- This site is optimized with the Yoast SEO plugin v25.8 - https:\/\/yoast.com\/wordpress\/plugins\/seo\/ -->\n<title>Events - N\u00facleo de Investiga\u00e7\u00e3o em Pol\u00ed\u200bticas Econ\u00f3micas e Empresariais<\/title>\n<meta name=\"robots\" content=\"index, follow, max-snippet:-1, max-image-preview:large, max-video-preview:-1\" \/>\n<link rel=\"canonical\" href=\"https:\/\/nipe.eeg.uminho.pt\/en\/events-en\/\" \/>\n<meta property=\"og:locale\" content=\"en_US\" \/>\n<meta property=\"og:type\" content=\"article\" \/>\n<meta property=\"og:title\" content=\"Events - N\u00facleo de Investiga\u00e7\u00e3o em Pol\u00ed\u200bticas Econ\u00f3micas e Empresariais\" \/>\n<meta property=\"og:description\" content=\"[vc_row full_width=&#8221;stretch_row&#8221; gap=&#8221;0&#8243;][vc_column][vc_column_text] [\/vc_column_text][\/vc_column][\/vc_row][vc_row el_class=&#8221;events-featured-next-container&#8221; css=&#8221;.vc_custom_1620746273684{margin-top: 70px !important;}&#8221;][vc_column enable_overlay=&#8221;yes&#8221; bg_position=&#8221;center center&#8221; el_class=&#8221;events-page-features-list&#8221;][vc_column_text el_class=&#8221;events-list-box&#8221; css=&#8221;.vc_custom_1621010660808{margin-top: 40px...\" \/>\n<meta property=\"og:url\" content=\"https:\/\/nipe.eeg.uminho.pt\/en\/events-en\/\" \/>\n<meta property=\"og:site_name\" content=\"N\u00facleo de Investiga\u00e7\u00e3o em Pol\u00ed\u200bticas Econ\u00f3micas e Empresariais\" \/>\n<meta property=\"article:modified_time\" content=\"2021-05-24T16:02:25+00:00\" \/>\n<meta name=\"twitter:card\" content=\"summary_large_image\" \/>\n<meta name=\"twitter:label1\" content=\"Est. reading time\" \/>\n\t<meta name=\"twitter:data1\" content=\"1 minute\" \/>\n<script type=\"application\/ld+json\" class=\"yoast-schema-graph\">{\"@context\":\"https:\/\/schema.org\",\"@graph\":[{\"@type\":\"WebPage\",\"@id\":\"https:\/\/nipe.eeg.uminho.pt\/en\/events-en\/\",\"url\":\"https:\/\/nipe.eeg.uminho.pt\/en\/events-en\/\",\"name\":\"Events - N\u00facleo de Investiga\u00e7\u00e3o em Pol\u00ed\u200bticas Econ\u00f3micas e Empresariais\",\"isPartOf\":{\"@id\":\"https:\/\/nipe.eeg.uminho.pt\/en\/#website\"},\"datePublished\":\"2020-11-16T12:13:09+00:00\",\"dateModified\":\"2021-05-24T16:02:25+00:00\",\"breadcrumb\":{\"@id\":\"https:\/\/nipe.eeg.uminho.pt\/en\/events-en\/#breadcrumb\"},\"inLanguage\":\"en-US\",\"potentialAction\":[{\"@type\":\"ReadAction\",\"target\":[\"https:\/\/nipe.eeg.uminho.pt\/en\/events-en\/\"]}]},{\"@type\":\"BreadcrumbList\",\"@id\":\"https:\/\/nipe.eeg.uminho.pt\/en\/events-en\/#breadcrumb\",\"itemListElement\":[{\"@type\":\"ListItem\",\"position\":1,\"name\":\"In\u00edcio\",\"item\":\"https:\/\/nipe.eeg.uminho.pt\/en\/\"},{\"@type\":\"ListItem\",\"position\":2,\"name\":\"Events\"}]},{\"@type\":\"WebSite\",\"@id\":\"https:\/\/nipe.eeg.uminho.pt\/en\/#website\",\"url\":\"https:\/\/nipe.eeg.uminho.pt\/en\/\",\"name\":\"N\u00facleo de Investiga\u00e7\u00e3o em Pol\u00ed\u200bticas Econ\u00f3micas e Empresariais\",\"description\":\"Escola de Economia e Gest\u00e3o da UMinho\",\"publisher\":{\"@id\":\"https:\/\/nipe.eeg.uminho.pt\/en\/#organization\"},\"potentialAction\":[{\"@type\":\"SearchAction\",\"target\":{\"@type\":\"EntryPoint\",\"urlTemplate\":\"https:\/\/nipe.eeg.uminho.pt\/en\/?s={search_term_string}\"},\"query-input\":{\"@type\":\"PropertyValueSpecification\",\"valueRequired\":true,\"valueName\":\"search_term_string\"}}],\"inLanguage\":\"en-US\"},{\"@type\":\"Organization\",\"@id\":\"https:\/\/nipe.eeg.uminho.pt\/en\/#organization\",\"name\":\"NIPE U.MINHO\",\"url\":\"https:\/\/nipe.eeg.uminho.pt\/en\/\",\"logo\":{\"@type\":\"ImageObject\",\"inLanguage\":\"en-US\",\"@id\":\"https:\/\/nipe.eeg.uminho.pt\/en\/#\/schema\/logo\/image\/\",\"url\":\"https:\/\/nipe.eeg.uminho.pt\/wp-content\/uploads\/2021\/02\/NIPE-logo-principal_hover_retina.jpg\",\"contentUrl\":\"https:\/\/nipe.eeg.uminho.pt\/wp-content\/uploads\/2021\/02\/NIPE-logo-principal_hover_retina.jpg\",\"width\":320,\"height\":320,\"caption\":\"NIPE U.MINHO\"},\"image\":{\"@id\":\"https:\/\/nipe.eeg.uminho.pt\/en\/#\/schema\/logo\/image\/\"}}]}<\/script>\n<!-- \/ Yoast SEO plugin. -->","yoast_head_json":{"title":"Events - N\u00facleo de Investiga\u00e7\u00e3o em Pol\u00ed\u200bticas Econ\u00f3micas e Empresariais","robots":{"index":"index","follow":"follow","max-snippet":"max-snippet:-1","max-image-preview":"max-image-preview:large","max-video-preview":"max-video-preview:-1"},"canonical":"https:\/\/nipe.eeg.uminho.pt\/en\/events-en\/","og_locale":"en_US","og_type":"article","og_title":"Events - N\u00facleo de Investiga\u00e7\u00e3o em Pol\u00ed\u200bticas Econ\u00f3micas e Empresariais","og_description":"[vc_row full_width=&#8221;stretch_row&#8221; gap=&#8221;0&#8243;][vc_column][vc_column_text] [\/vc_column_text][\/vc_column][\/vc_row][vc_row el_class=&#8221;events-featured-next-container&#8221; css=&#8221;.vc_custom_1620746273684{margin-top: 70px !important;}&#8221;][vc_column enable_overlay=&#8221;yes&#8221; bg_position=&#8221;center center&#8221; el_class=&#8221;events-page-features-list&#8221;][vc_column_text el_class=&#8221;events-list-box&#8221; css=&#8221;.vc_custom_1621010660808{margin-top: 40px...","og_url":"https:\/\/nipe.eeg.uminho.pt\/en\/events-en\/","og_site_name":"N\u00facleo de Investiga\u00e7\u00e3o em Pol\u00ed\u200bticas Econ\u00f3micas e Empresariais","article_modified_time":"2021-05-24T16:02:25+00:00","twitter_card":"summary_large_image","twitter_misc":{"Est. reading time":"1 minute"},"schema":{"@context":"https:\/\/schema.org","@graph":[{"@type":"WebPage","@id":"https:\/\/nipe.eeg.uminho.pt\/en\/events-en\/","url":"https:\/\/nipe.eeg.uminho.pt\/en\/events-en\/","name":"Events - N\u00facleo de Investiga\u00e7\u00e3o em Pol\u00ed\u200bticas Econ\u00f3micas e Empresariais","isPartOf":{"@id":"https:\/\/nipe.eeg.uminho.pt\/en\/#website"},"datePublished":"2020-11-16T12:13:09+00:00","dateModified":"2021-05-24T16:02:25+00:00","breadcrumb":{"@id":"https:\/\/nipe.eeg.uminho.pt\/en\/events-en\/#breadcrumb"},"inLanguage":"en-US","potentialAction":[{"@type":"ReadAction","target":["https:\/\/nipe.eeg.uminho.pt\/en\/events-en\/"]}]},{"@type":"BreadcrumbList","@id":"https:\/\/nipe.eeg.uminho.pt\/en\/events-en\/#breadcrumb","itemListElement":[{"@type":"ListItem","position":1,"name":"In\u00edcio","item":"https:\/\/nipe.eeg.uminho.pt\/en\/"},{"@type":"ListItem","position":2,"name":"Events"}]},{"@type":"WebSite","@id":"https:\/\/nipe.eeg.uminho.pt\/en\/#website","url":"https:\/\/nipe.eeg.uminho.pt\/en\/","name":"N\u00facleo de Investiga\u00e7\u00e3o em Pol\u00ed\u200bticas Econ\u00f3micas e Empresariais","description":"Escola de Economia e Gest\u00e3o da UMinho","publisher":{"@id":"https:\/\/nipe.eeg.uminho.pt\/en\/#organization"},"potentialAction":[{"@type":"SearchAction","target":{"@type":"EntryPoint","urlTemplate":"https:\/\/nipe.eeg.uminho.pt\/en\/?s={search_term_string}"},"query-input":{"@type":"PropertyValueSpecification","valueRequired":true,"valueName":"search_term_string"}}],"inLanguage":"en-US"},{"@type":"Organization","@id":"https:\/\/nipe.eeg.uminho.pt\/en\/#organization","name":"NIPE U.MINHO","url":"https:\/\/nipe.eeg.uminho.pt\/en\/","logo":{"@type":"ImageObject","inLanguage":"en-US","@id":"https:\/\/nipe.eeg.uminho.pt\/en\/#\/schema\/logo\/image\/","url":"https:\/\/nipe.eeg.uminho.pt\/wp-content\/uploads\/2021\/02\/NIPE-logo-principal_hover_retina.jpg","contentUrl":"https:\/\/nipe.eeg.uminho.pt\/wp-content\/uploads\/2021\/02\/NIPE-logo-principal_hover_retina.jpg","width":320,"height":320,"caption":"NIPE U.MINHO"},"image":{"@id":"https:\/\/nipe.eeg.uminho.pt\/en\/#\/schema\/logo\/image\/"}}]}},"_links":{"self":[{"href":"https:\/\/nipe.eeg.uminho.pt\/en\/wp-json\/wp\/v2\/pages\/7298","targetHints":{"allow":["GET"]}}],"collection":[{"href":"https:\/\/nipe.eeg.uminho.pt\/en\/wp-json\/wp\/v2\/pages"}],"about":[{"href":"https:\/\/nipe.eeg.uminho.pt\/en\/wp-json\/wp\/v2\/types\/page"}],"author":[{"embeddable":true,"href":"https:\/\/nipe.eeg.uminho.pt\/en\/wp-json\/wp\/v2\/users\/5"}],"replies":[{"embeddable":true,"href":"https:\/\/nipe.eeg.uminho.pt\/en\/wp-json\/wp\/v2\/comments?post=7298"}],"version-history":[{"count":20,"href":"https:\/\/nipe.eeg.uminho.pt\/en\/wp-json\/wp\/v2\/pages\/7298\/revisions"}],"predecessor-version":[{"id":10405,"href":"https:\/\/nipe.eeg.uminho.pt\/en\/wp-json\/wp\/v2\/pages\/7298\/revisions\/10405"}],"wp:attachment":[{"href":"https:\/\/nipe.eeg.uminho.pt\/en\/wp-json\/wp\/v2\/media?parent=7298"}],"curies":[{"name":"wp","href":"https:\/\/api.w.org\/{rel}","templated":true}]}}