{"id":23460,"date":"2021-11-15T15:14:03","date_gmt":"2021-11-15T14:14:03","guid":{"rendered":"https:\/\/nipe.eeg.uminho.pt\/?page_id=23460"},"modified":"2023-03-14T12:18:17","modified_gmt":"2023-03-14T11:18:17","slug":"nipe-summer-school-2023","status":"publish","type":"page","link":"https:\/\/nipe.eeg.uminho.pt\/en\/nipe-summer-school-2023\/","title":{"rendered":"NIPE Summer School 2023"},"content":{"rendered":"<div class=\"wpb-content-wrapper\"><p>[vc_row full_width=&#8221;stretch_row&#8221; gap=&#8221;0&#8243; equal_height=&#8221;yes&#8221; content_placement=&#8221;middle&#8221; bg_position=&#8221;center center&#8221; bg_attachment=&#8221;fixed&#8221; enable_overlay=&#8221;enable_overlay_value&#8221; overlay_color=&#8221;rgba(0,0,0,0.25)&#8221; css=&#8221;.vc_custom_1622654117880{padding-top: 80px !important;padding-right: 100px !important;padding-bottom: 0px !important;padding-left: 100px !important;background-image: url(https:\/\/nipe.eeg.uminho.pt\/wp-content\/uploads\/2021\/05\/banner.jpg?id=14157) !important;background-position: center !important;background-repeat: no-repeat !important;background-size: cover !important;}&#8221; el_class=&#8221;page-banner&#8221; overlay_bg=&#8221;rgba(0, 0, 0, 0.67)&#8221;][vc_column el_class=&#8221;container&#8221;]<div id=\"ultimate-heading-755169eec99b17c89\" class=\"uvc-heading ult-adjust-bottom-margin ultimate-heading-755169eec99b17c89 uvc-8109 page-banner-title\" data-hspacer=\"no_spacer\"  data-halign=\"left\" style=\"text-align:left\"><div class=\"uvc-heading-spacer no_spacer\" style=\"top\"><\/div><div class=\"uvc-main-heading ult-responsive\"  data-ultimate-target='.uvc-heading.ultimate-heading-755169eec99b17c89 span'  data-responsive-json-new='{\"font-size\":\"\",\"line-height\":\"\"}' ><span style=\"font-weight:normal;\">NIPE SUMMER SCHOOL | 19thEdition<\/span><\/div><\/div><div id=\"ultimate-heading-656469eec99b17cec\" class=\"uvc-heading ult-adjust-bottom-margin ultimate-heading-656469eec99b17cec uvc-1323 page-banner-main-title\" data-hspacer=\"no_spacer\"  data-halign=\"left\" style=\"text-align:left\"><div class=\"uvc-heading-spacer no_spacer\" style=\"top\"><\/div><div class=\"uvc-main-heading ult-responsive\"  data-ultimate-target='.uvc-heading.ultimate-heading-656469eec99b17cec h1'  data-responsive-json-new='{\"font-size\":\"\",\"line-height\":\"\"}' ><h1 style=\"font-weight:normal;\">Nonparametric and Semiparametric Methods in Economics and Finance<\/h1><\/div><div class=\"uvc-sub-heading ult-responsive\"  data-ultimate-target='.uvc-heading.ultimate-heading-656469eec99b17cec .uvc-sub-heading '  data-responsive-json-new='{\"font-size\":\"\",\"line-height\":\"\"}'  style=\"font-weight:normal;\">with Oliver Linton<\/div><\/div>[vc_column_text el_class=&#8221;page-banner-content&#8221;]10 TO 13 JULY 2023<br \/>\nUNIVERSITY OF MINHO | BRAGA &#8211; PORTUGAL[\/vc_column_text][vc_btn title=&#8221;NIPE Summer School Program&#8221; style=&#8221;classic&#8221; align=&#8221;right&#8221; i_type=&#8221;typicons&#8221; i_icon_typicons=&#8221;typcn typcn-download&#8221; css_animation=&#8221;none&#8221; add_icon=&#8221;true&#8221; link=&#8221;url:https%3A%2F%2Fnipe.eeg.uminho.pt%2Fwp-content%2Fuploads%2F2023%2F01%2Fsyllabusnipe.pdf|target:_blank|rel:nofollow&#8221; el_class=&#8221;button-see-more&#8221;][vc_btn title=&#8221;Registration and fees&#8221; style=&#8221;classic&#8221; align=&#8221;right&#8221; i_type=&#8221;typicons&#8221; i_icon_typicons=&#8221;typcn typcn-arrow-sorted-down&#8221; css_animation=&#8221;none&#8221; add_icon=&#8221;true&#8221; link=&#8221;url:%23registration-and-fees|&#8221; el_class=&#8221;button-see-more&#8221;][\/vc_column][\/vc_row][vc_row css=&#8221;.vc_custom_1622452233361{margin-top: 60px !important;}&#8221;][vc_column]<div id=\"ultimate-heading-880269eec99b17d32\" class=\"uvc-heading ult-adjust-bottom-margin ultimate-heading-880269eec99b17d32 uvc-9197 section-title\" data-hspacer=\"no_spacer\"  data-halign=\"left\" style=\"text-align:left\"><div class=\"uvc-heading-spacer no_spacer\" style=\"top\"><\/div><div class=\"uvc-main-heading ult-responsive\"  data-ultimate-target='.uvc-heading.ultimate-heading-880269eec99b17d32 h2'  data-responsive-json-new='{\"font-size\":\"\",\"line-height\":\"\"}' ><h2 style=\"font-weight:normal;\">Instruction<\/h2><\/div><\/div>[\/vc_column][\/vc_row][vc_row content_placement=&#8221;top&#8221;][vc_column width=&#8221;1\/4&#8243;][vc_single_image image=&#8221;23563&#8243; img_size=&#8221;full&#8221;][vc_btn title=&#8221;More information&#8221; style=&#8221;classic&#8221; link=&#8221;url:https%3A%2F%2Fobl20.com%2F|target:_blank|rel:nofollow&#8221; el_class=&#8221;button-see-more&#8221; css=&#8221;.vc_custom_1673971229668{margin-top: 10px !important;}&#8221;][\/vc_column][vc_column width=&#8221;3\/4&#8243;][vc_column_text]Oliver Bruce Linton is a Professor of Political Economy and Econometrics at Cambridge University and a Fellow of Trinity College.<\/p>\n<p>Professor Linton is an Associate Editor with Econometrica,a co-editor at Econometric Theory, and a joint editor of Royal Economic Society (RES) Econometrics Journal.[\/vc_column_text][\/vc_column][\/vc_row][vc_row css=&#8221;.vc_custom_1622452243345{margin-top: 60px !important;margin-bottom: 40px !important;}&#8221;][vc_column]<div id=\"ultimate-heading-976169eec99b17d72\" class=\"uvc-heading ult-adjust-bottom-margin ultimate-heading-976169eec99b17d72 uvc-723 section-title\" data-hspacer=\"no_spacer\"  data-halign=\"left\" style=\"text-align:left\"><div class=\"uvc-heading-spacer no_spacer\" style=\"top\"><\/div><div class=\"uvc-main-heading ult-responsive\"  data-ultimate-target='.uvc-heading.ultimate-heading-976169eec99b17d72 h2'  data-responsive-json-new='{\"font-size\":\"\",\"line-height\":\"\"}' ><h2 style=\"font-weight:normal;\">Course Outline and Programming Languages<\/h2><\/div><div class=\"uvc-sub-heading ult-responsive\"  data-ultimate-target='.uvc-heading.ultimate-heading-976169eec99b17d72 .uvc-sub-heading '  data-responsive-json-new='{\"font-size\":\"\",\"line-height\":\"\"}'  style=\"font-weight:normal;\"><img loading=\"lazy\" decoding=\"async\" class=\"alignnone size-medium wp-image-23812\" src=\"https:\/\/nipe.eeg.uminho.pt\/wp-content\/uploads\/2023\/01\/3-Banner-SS2023_04 (1)-300x123.png\" alt=\"\" width=\"300\" height=\"123\" srcset=\"https:\/\/nipe.eeg.uminho.pt\/wp-content\/uploads\/2023\/01\/3-Banner-SS2023_04%20(1)-300x123.png 300w, https:\/\/nipe.eeg.uminho.pt\/wp-content\/uploads\/2023\/01\/3-Banner-SS2023_04%20(1)-1024x420.png 1024w, https:\/\/nipe.eeg.uminho.pt\/wp-content\/uploads\/2023\/01\/3-Banner-SS2023_04%20(1).png 1500w\" sizes=\"auto, (max-width: 300px) 100vw, 300px\" \/><\/div><\/div>[vc_column_text]This course covers some major topics in nonparametric and semiparametric methods with applications in economics. The intuition behind smoothing methods, the strengths, and weaknesses. Applications to finance and economic inequality will be considered.<\/p>\n<p><strong>Course outline<\/strong><\/p>\n<ul>\n<li>Background and type of estimation, inference, and prediction problems<\/li>\n<li>Kernel smoothing for density and regression estimation<\/li>\n<li>Bandwidth choice and inference<\/li>\n<li>Other smoothing methods including local likelihood, nearest neighbours, series methods, splines, and neural networks<\/li>\n<li>Nonparametric volatility modelling and estimation<\/li>\n<li>Nonparametric modelling for panel data<\/li>\n<li>Inference problems for dependent data, long run variance estimation, subsampling, and bootstrap<\/li>\n<li>Nonparametric prediction and event studies<\/li>\n<li>Stochastic dominance testing for inequality measurement and finance<\/li>\n<li>Estimation and inference about tail thickness with application to VAR<\/li>\n<li>Additive models and other dimensionality reduction<\/li>\n<li>Large number of predictors, the selection problem<\/li>\n<li>High frequency data<\/li>\n<\/ul>\n<p>&nbsp;<\/p>\n<p><strong>The practical sessions will be taught using R and GAUSS.<br \/>\n<\/strong><strong>Participants are expected to bring their laptops with R installed; temporary GAUSS licences will be freely provided to participants during the summer school.<\/strong><\/p>\n<p>[\/vc_column_text]<div id=\"ultimate-heading-724469eec99b17db2\" class=\"uvc-heading ult-adjust-bottom-margin ultimate-heading-724469eec99b17db2 uvc-5322 section-title\" data-hspacer=\"no_spacer\"  data-halign=\"left\" style=\"text-align:left\"><div class=\"uvc-heading-spacer no_spacer\" style=\"top\"><\/div><div class=\"uvc-main-heading ult-responsive\"  data-ultimate-target='.uvc-heading.ultimate-heading-724469eec99b17db2 h2'  data-responsive-json-new='{\"font-size\":\"\",\"line-height\":\"\"}' ><h2 style=\"font-weight:normal;\">Entry Requirements<\/h2><\/div><div class=\"uvc-sub-heading ult-responsive\"  data-ultimate-target='.uvc-heading.ultimate-heading-724469eec99b17db2 .uvc-sub-heading '  data-responsive-json-new='{\"font-size\":\"\",\"line-height\":\"\"}'  style=\"font-weight:normal;\">A graduate degree (MSc or PhD) in Economics, Management, Finance, Mathematics, Statistics, or closely related fields. We also welcome applications from qualified MSc students in these fields.<\/p>\n<p>&nbsp;<\/p>\n<p>&nbsp;<\/p>\n<p><\/div><\/div><div id=\"ultimate-heading-338069eec99b17ded\" class=\"uvc-heading ult-adjust-bottom-margin ultimate-heading-338069eec99b17ded uvc-4043 section-title\" data-hspacer=\"no_spacer\"  data-halign=\"left\" style=\"text-align:left\"><div class=\"uvc-heading-spacer no_spacer\" style=\"top\"><\/div><div class=\"uvc-main-heading ult-responsive\"  data-ultimate-target='.uvc-heading.ultimate-heading-338069eec99b17ded h2'  data-responsive-json-new='{\"font-size\":\"\",\"line-height\":\"\"}' ><h2 style=\"font-weight:normal;\">Daily Schedule<\/h2><\/div><\/div>[vc_column_text]<strong>10-12 July<\/strong>\u00a0(Monday to Wednesday)<\/p>\n<ul>\n<li>9:00-10:30<\/li>\n<li>Coffee Break<\/li>\n<li>11:00-12:30<\/li>\n<li>Lunch Break<\/li>\n<li>14:00-15:30<\/li>\n<li>Coffee Break<\/li>\n<li>16:00-17:00<\/li>\n<\/ul>\n<p><strong>13 July<\/strong>\u00a0(Thursday)<\/p>\n<p>Professor Linton will give a research seminar in the morning (exact time TBA).[\/vc_column_text][\/vc_column][\/vc_row][vc_row css=&#8221;.vc_custom_1622654293914{margin-top: 60px !important;}&#8221; el_id=&#8221;registration-and-fees&#8221;][vc_column]<div id=\"ultimate-heading-531669eec99b17e2b\" class=\"uvc-heading ult-adjust-bottom-margin ultimate-heading-531669eec99b17e2b uvc-2177 section-title\" data-hspacer=\"no_spacer\"  data-halign=\"left\" style=\"text-align:left\"><div class=\"uvc-heading-spacer no_spacer\" style=\"top\"><\/div><div class=\"uvc-main-heading ult-responsive\"  data-ultimate-target='.uvc-heading.ultimate-heading-531669eec99b17e2b h2'  data-responsive-json-new='{\"font-size\":\"\",\"line-height\":\"\"}' ><h2 style=\"font-weight:normal;\">Registration and Fees<\/h2><\/div><\/div>[vc_tta_tabs active_section=&#8221;1&#8243; no_fill_content_area=&#8221;true&#8221;][vc_tta_section title=&#8221;Registration&#8221; tab_id=&#8221;ld-1622450800206-5eec8234-9e5d&#8221;][vc_column_text css=&#8221;.vc_custom_1623767166279{margin-bottom: 30px !important;}&#8221;]<div class=\"response-ajax\"><\/div><form class=\"summerschool-registration\"><div class=\"summerschool-registration-box\"><input type=\"hidden\" name=\"action\" value=\"mail_summerschool\"><input type=\"hidden\" name=\"ano_inscricao\" value=\"summer-school-2026\"><input required type=\"text\" placeholder=\"Full name\" name=\"nome\"><input required type=\"text\" placeholder=\"Education\" name=\"educacao\"><input required type=\"text\" placeholder=\"Ocupation and Organization\" name=\"ocupacao\"><input required type=\"text\" placeholder=\"Research interests\" name=\"interesses\"><input required type=\"text\" placeholder=\"Address\" name=\"morada\"><input required type=\"text\" placeholder=\"Telephone contact\" name=\"telefone\"><input required type=\"email\" placeholder=\"E-mail\" name=\"email\"><\/div><div class=\"agroup-type\"><h3>CV Upload<\/h3><input type=\"file\" accept=\"application\/pdf\" name=\"curriculo\" id=\"curriculo\" placeholder=\"Upload your file (pdf)\" class=\"input curriculo_recrutamento input-anexo\">\r\n            <label for=\"curriculo\" class=\"btn-tertiary\">\r\n            <span class=\"js-fileName\">Upload your file (pdf)<\/span>\r\n        <\/label><\/div><div class=\"agroup-type\"><h3>Registration type<\/h3><label><input type=\"radio\" class=\"normal-type\" name=\"registration\" value=\"Normal\">Normal<\/label><label><input class=\"student-type\" type=\"radio\" name=\"registration\" value=\"Student\">Student<\/label><\/div><div class=\"student-upload\"><div class=\"agroup-type\"><h3>Students need to provide a letter from their advisor confirming their student status.<\/h3><input type=\"file\" accept=\"application\/pdf\" name=\"student_file\" id=\"student_file\" placeholder=\"Students need to provide a letter from their advisor confirming their student status\" class=\"input student_file input-anexo\">\r\n            <label for=\"student_file\" class=\"btn-tertiary\">\r\n            <span class=\"js-fileName\">Upload your file (pdf)<\/span>\r\n        <\/label><\/div><\/div><div class=\"agroup-privacy\"><div class=\"checkbox-terms\">\r\n                    <input type=\"checkbox\" class=\"\" name=\"politicaprivacidade\" id=\"termospp_check\">\r\n                    <input type=\"text\" hidden=\"true\"  name=\"termos\" value=\"\" id=\"termos\">\r\n                    <label class=\"checkboxlabel\" for=\"termospp_check\">\r\n                        <span><\/span><p>I've read and accept <a target=\"_blank\" href=\"https:\/\/www.uminho.pt\/EN\/uminho\/data-protection\/Pages\/personal-data-protection-principles.aspx\">privacy policy<\/a>.<\/p><\/label><\/div><div class=\"checkbox-terms\">\r\n                    <input type=\"checkbox\" class=\"\" name=\"capturadeimagens\" id=\"termosimg_check\">\r\n                    <input type=\"text\" hidden=\"true\"  name=\"termos_images\" value=\"\" id=\"termosimages\">\r\n                    <label class=\"checkboxlabel\" for=\"termosimg_check\">\r\n                        <span><\/span><p>I authorize image capture for promotion.<\/p><\/label><\/div><div class=\"checkbox-terms\">\r\n                    <input type=\"checkbox\" class=\"\" name=\"eventossimilares\" id=\"termosev_check\">\r\n                    <input type=\"text\" hidden=\"true\"  name=\"termos_eventos\" value=\"\" id=\"termoseventos\">\r\n                    <label class=\"checkboxlabel\" for=\"termosev_check\">\r\n                        <span><\/span><p>I want to receive more information about similar events.<\/p><\/label><\/div><\/div><button type=\"submit\" class=\"btn-submit\">Send<\/button><\/form>[\/vc_column_text][vc_column_text]We will reply to your message with instructions on how to proceed with the payment of the registration fee.<\/p>\n<p>NIPE\/EEG informs that photographs and\/or video will be taken at this event for academic activity reporting purposes.<br \/>\n<a href=\"https:\/\/www.uminho.pt\/EN\/uminho\/data-protection\/Pages\/personal-data-protection-principles.aspx\">Personal data treatment and privacy policy<\/a><\/p>\n<p>&nbsp;<\/p>\n<p>[\/vc_column_text]<div id=\"ultimate-heading-471469eec99b180fd\" class=\"uvc-heading ult-adjust-bottom-margin ultimate-heading-471469eec99b180fd uvc-2062 section-title\" data-hspacer=\"no_spacer\"  data-halign=\"left\" style=\"text-align:left\"><div class=\"uvc-heading-spacer no_spacer\" style=\"top\"><\/div><div class=\"uvc-main-heading ult-responsive\"  data-ultimate-target='.uvc-heading.ultimate-heading-471469eec99b180fd h2'  data-responsive-json-new='{\"font-size\":\"\",\"line-height\":\"\"}' ><h2 style=\"font-weight:normal;\">Organizing Team<\/h2><\/div><\/div>[\/vc_tta_section][vc_tta_section title=&#8221;Important dates and course fees&#8221; tab_id=&#8221;ld-1622450800448-ea149210-ae70&#8243;][vc_column_text]<strong>Early registration<\/strong>: January 20th \u2013 May 12th, 2023<br \/>\n<strong>Late registration<\/strong>: May 13th \u2013 June 16th, 2023<\/p>\n<div class=\"table-responsive-page\">\n<table>\n<thead><\/thead>\n<tbody>\n<tr>\n<td><strong>Early registration<\/strong>: 650\u20ac<\/td>\n<td><strong>Late registration<\/strong>: 800\u20ac<\/td>\n<\/tr>\n<tr>\n<td><strong>Students* (PhD, Master) early registration<\/strong>: 500\u20ac<\/td>\n<td><strong>Students* (PhD, Master) late registration<\/strong>: 650\u20ac<\/td>\n<\/tr>\n<\/tbody>\n<tfoot><\/tfoot>\n<\/table>\n<\/div>\n<p>* Students need to provide a letter from their advisor confirming their student status<br \/>\n* Fees cover attendance, lunches and two refreshments from Monday to Wednesday (10 to 12 July), and a bus pass (provided upon registration) which allows you to use Braga\u2019s public transport (TUB) at no cost during the summer school.<\/p>\n<p>A cancellation fee of 100 EUR is charged for cancellations until 31 May 2023.\u00a0<strong>No reimbursements will be made for cancellations after this date.\u00a0<\/strong>[\/vc_column_text][\/vc_tta_section][\/vc_tta_tabs][\/vc_column][\/vc_row][vc_row el_class=&#8221;row-organization&#8221;][vc_column width=&#8221;1\/3&#8243;]<div id=\"ld_content_box_69eec99b181ee\" class=\"fancy-box fancy-box-classic ld_content_box_69eec99b181ee\">\r\n\t\r\n\t<div class=\"cb-img-container mb-4\">\r\n\r\n\t\t<figure class=\"fancy-box-image\"><img loading=\"lazy\" decoding=\"async\" width=\"438\" height=\"417\" src=\"https:\/\/nipe.eeg.uminho.pt\/wp-content\/uploads\/2021\/05\/Capturar-2.png\" class=\"attachment-full size-full\" alt=\"\" srcset=\"https:\/\/nipe.eeg.uminho.pt\/wp-content\/uploads\/2021\/05\/Capturar-2.png 438w, https:\/\/nipe.eeg.uminho.pt\/wp-content\/uploads\/2021\/05\/Capturar-2-300x286.png 300w\" sizes=\"auto, (max-width: 438px) 100vw, 438px\" \/><\/figure>\t\t\t\t\r\n\t\t\r\n\t<\/div><!-- \/.cb-img-container -->\r\n\r\n\t<div class=\"fancy-box-contents\">\r\n\t\t\r\n\t\t<div class=\"fancy-box-header\">\r\n\t\t\t\t\t\t<p><strong>Lu\u00eds S\u00e1<\/strong><\/p>\n<p><strong>E-mail:<\/strong> luis.sa@eeg.uminho.pt<\/p>\n\t\t<\/div><!-- \/.fancy-box-header -->\r\n\t\t\r\n\t\t\t\t\r\n\t<\/div><!-- \/.fancy-box-contents -->\r\n\t\r\n\t\t\r\n<\/div><!-- \/.fancy-box fancy-box-classes -->[vc_btn title=&#8221;More information&#8221; style=&#8221;classic&#8221; align=&#8221;left&#8221; link=&#8221;url:https%3A%2F%2Fnipe.eeg.uminho.pt%2Fen%2Fpeople%2Fluis-sa%2F|target:_blank|&#8221; el_class=&#8221;button-see-more&#8221;][\/vc_column][vc_column width=&#8221;1\/3&#8243;]<div id=\"ld_content_box_69eec99b18957\" class=\"fancy-box fancy-box-classic ld_content_box_69eec99b18957\">\r\n\t\r\n\t<div class=\"cb-img-container mb-4\">\r\n\r\n\t\t<figure class=\"fancy-box-image\"><img loading=\"lazy\" decoding=\"async\" width=\"250\" height=\"236\" src=\"https:\/\/nipe.eeg.uminho.pt\/wp-content\/uploads\/2021\/05\/priscila-ferreira.png\" class=\"attachment-full size-full\" alt=\"\" \/><\/figure>\t\t\t\t\r\n\t\t\r\n\t<\/div><!-- \/.cb-img-container -->\r\n\r\n\t<div class=\"fancy-box-contents\">\r\n\t\t\r\n\t\t<div class=\"fancy-box-header\">\r\n\t\t\t\t\t\t<p><strong>Priscila Ferreira<\/strong><\/p>\n\t\t<\/div><!-- \/.fancy-box-header -->\r\n\t\t\r\n\t\t\t\t\r\n\t<\/div><!-- \/.fancy-box-contents -->\r\n\t\r\n\t\t\r\n<\/div><!-- \/.fancy-box fancy-box-classes -->[vc_btn title=&#8221;More information&#8221; style=&#8221;classic&#8221; align=&#8221;left&#8221; link=&#8221;url:https%3A%2F%2Fnipe.eeg.uminho.pt%2Fen%2Fpeople%2Fpriscila-ferreira%2F|target:_blank|&#8221; el_class=&#8221;button-see-more&#8221;][\/vc_column][\/vc_row][vc_row el_class=&#8221;row-organization&#8221;][vc_column width=&#8221;1\/3&#8243;]<div id=\"ld_content_box_69eec99b191ed\" class=\"fancy-box fancy-box-classic ld_content_box_69eec99b191ed\">\r\n\t\r\n\t<div class=\"cb-img-container mb-4\">\r\n\r\n\t\t<figure class=\"fancy-box-image\"><img loading=\"lazy\" decoding=\"async\" width=\"250\" height=\"236\" src=\"https:\/\/nipe.eeg.uminho.pt\/wp-content\/uploads\/2021\/05\/n-a.png\" class=\"attachment-full size-full\" alt=\"\" \/><\/figure>\t\t\t\t\r\n\t\t\r\n\t<\/div><!-- \/.cb-img-container -->\r\n\r\n\t<div class=\"fancy-box-contents\">\r\n\t\t\r\n\t\t<div class=\"fancy-box-header\">\r\n\t\t\t\t\t\t<p><strong>Nelson Areal\u00a0<\/strong><\/p>\n<p><strong>E-mail:\u00a0<\/strong>nareal@eeg.uminho.pt<\/p>\n\t\t<\/div><!-- \/.fancy-box-header -->\r\n\t\t\r\n\t\t\t\t\r\n\t<\/div><!-- \/.fancy-box-contents -->\r\n\t\r\n\t\t\r\n<\/div><!-- \/.fancy-box fancy-box-classes -->[vc_btn title=&#8221;More information&#8221; style=&#8221;classic&#8221; align=&#8221;left&#8221; link=&#8221;url:https%3A%2F%2Fnipe.eeg.uminho.pt%2Fpeople%2Fnelson-areal%2F|target:_blank&#8221; el_class=&#8221;button-see-more&#8221;][\/vc_column][vc_column width=&#8221;1\/3&#8243;]<div id=\"ld_content_box_69eec99b197f6\" class=\"fancy-box fancy-box-classic ld_content_box_69eec99b197f6\">\r\n\t\r\n\t<div class=\"cb-img-container mb-4\">\r\n\r\n\t\t<figure class=\"fancy-box-image\"><img loading=\"lazy\" decoding=\"async\" width=\"200\" height=\"200\" src=\"https:\/\/nipe.eeg.uminho.pt\/wp-content\/uploads\/2020\/11\/F5947.png\" class=\"attachment-full size-full\" alt=\"\" srcset=\"https:\/\/nipe.eeg.uminho.pt\/wp-content\/uploads\/2020\/11\/F5947.png 200w, https:\/\/nipe.eeg.uminho.pt\/wp-content\/uploads\/2020\/11\/F5947-150x150.png 150w\" sizes=\"auto, (max-width: 200px) 100vw, 200px\" \/><\/figure>\t\t\t\t\r\n\t\t\r\n\t<\/div><!-- \/.cb-img-container -->\r\n\r\n\t<div class=\"fancy-box-contents\">\r\n\t\t\r\n\t\t<div class=\"fancy-box-header\">\r\n\t\t\t\t\t\t<p><strong>Susana Figueiredo<\/strong><\/p>\n<p><strong>E-mail:\u00a0<\/strong>nipe.summerschool@eeg.uminho.pt<br \/>\n<strong>Phone:<\/strong>\u00a0+351 253 604 518<\/p>\n\t\t<\/div><!-- \/.fancy-box-header -->\r\n\t\t\r\n\t\t\t\t\r\n\t<\/div><!-- \/.fancy-box-contents -->\r\n\t\r\n\t\t\r\n<\/div><!-- \/.fancy-box fancy-box-classes -->[vc_btn title=&#8221;More information&#8221; style=&#8221;classic&#8221; align=&#8221;left&#8221; link=&#8221;url:https%3A%2F%2Fnipe.eeg.uminho.pt%2Fpeople%2Fsusana-figueiredo%2F|target:_blank&#8221; el_class=&#8221;button-see-more&#8221;][\/vc_column][vc_column width=&#8221;1\/3&#8243;][\/vc_column][\/vc_row][vc_row responsive_css=&#8221;margin_top_large:60px|margin_bottom_large:60px&#8221; css=&#8221;.vc_custom_1622452270298{margin-top: 60px !important;}&#8221;][vc_column]<div id=\"ultimate-heading-904869eec99b19d81\" class=\"uvc-heading ult-adjust-bottom-margin ultimate-heading-904869eec99b19d81 uvc-9759 section-title\" data-hspacer=\"no_spacer\"  data-halign=\"left\" style=\"text-align:left\"><div class=\"uvc-heading-spacer no_spacer\" style=\"top\"><\/div><div class=\"uvc-main-heading ult-responsive\"  data-ultimate-target='.uvc-heading.ultimate-heading-904869eec99b19d81 h2'  data-responsive-json-new='{\"font-size\":\"\",\"line-height\":\"\"}' ><h2 style=\"font-weight:normal;\">Pratical Information<\/h2><\/div><\/div>[vc_tta_tabs active_section=&#8221;1&#8243; no_fill_content_area=&#8221;true&#8221;][vc_tta_section title=&#8221;How to Reach&#8221; tab_id=&#8221;1622216363384-8dd671f1-ce86&#8243;][vc_column_text css=&#8221;.vc_custom_1622453392918{margin-bottom: 40px !important;}&#8221;]The summer school will take place at the School of Economics and Management, University of Minho, Braga, Portugal. EEG-UMinho was founded on 10 March 1982. It is an organic unit of education, research and interaction with society.<\/p>\n<p>It focus on activities ranging from the sciences of economics to business administration and political science and international relations, and other related areas. It offers 8 Bachelor Programmes, 14 Master Programmes and 5 PhD Programmes, accounting for approximately 2500 students. The School is widely recognised for the quality of its research: it integrates 2 Research Units, one of which achieved a maximum rating of &#8220;Excellent&#8221; by the Portuguese Foundation for Science and Technology (FCT).[\/vc_column_text][vc_gmaps link=&#8221;#E-8_JTNDaWZyYW1lJTIwc3JjJTNEJTIyaHR0cHMlM0ElMkYlMkZ3d3cuZ29vZ2xlLmNvbSUyRm1hcHMlMkZlbWJlZCUzRnBiJTNEJTIxMW0xNCUyMTFtOCUyMTFtMyUyMTFkMjM4ODQuMzQxMzEzNDIzMjQzJTIxMmQtOC40MjczMTQ5JTIxM2Q0MS41NTc0OTg1JTIxM20yJTIxMWkxMDI0JTIxMmk3NjglMjE0ZjEzLjElMjEzbTMlMjExbTIlMjExczB4ZDI0ZmMyNzlkYjczMTY1JTI1M0EweDc1MzI5MGIwZDFiNzYzZjAlMjEyc1VuaXZlcnNpZGFkZSUyNTIwZG8lMjUyME1pbmhvJTI1MjAtJTI1MjBDYW1wdXMlMjUyMGRlJTI1MjBHdWFsdGFyJTIxNWUwJTIxM20yJTIxMXNwdC1QVCUyMTJzcHQlMjE0djE2MjI0NTAxNDkzMTglMjE1bTIlMjExc3B0LVBUJTIxMnNwdCUyMiUyMHdpZHRoJTNEJTIyNjAwJTIyJTIwaGVpZ2h0JTNEJTIyNDUwJTIyJTIwc3R5bGUlM0QlMjJib3JkZXIlM0EwJTNCJTIyJTIwYWxsb3dmdWxsc2NyZWVuJTNEJTIydHJ1ZSUyMiUyMGxvYWRpbmclM0QlMjJsYXp5JTIyJTNFJTNDJTJGaWZyYW1lJTNF&#8221;][\/vc_tta_section][vc_tta_section title=&#8221;Travel&#8221; tab_id=&#8221;1622216363474-5e3a44e3-abc5&#8243;][vc_column_text el_class=&#8221;page-about-content&#8221;]The closest airport to Braga is Francisco S\u00e1 Carneiro Airport, in Porto, which stands some 45 Km away from Braga. For GPS users, the coordinates to UMinho are (according to Google Earth): 41\u00b033&#8217;41.00&#8243;N and 8\u00b023&#8217;54.45&#8243;W.<\/p>\n<p>The easiest way to get to Braga is by using the \u201cget Bus\u201d, which does daily transfers from the Francisco S\u00e1 Carneiro Airport to Braga.<\/p>\n<p>Note that as an alternative, you can take the subway, Line Violeta to Campanh\u00e3 Station [about 33 minutes, between 6am and 1:30am]. From there you should get the train to Braga. Information on train prices and timetables can be found in the CP website. Braga train station is 5 minutes walking distance from the city centre.<\/p>\n<p>From Porto airport to Braga participants can also:<\/p>\n<ul>\n<li>rent a car<\/li>\n<li>take a taxi<\/li>\n<li>a bus service is also available from downtown Porto (Rua Alfredo Magalhaes)<\/li>\n<\/ul>\n<p>[\/vc_column_text][\/vc_tta_section][vc_tta_section title=&#8221;About Braga&#8221; tab_id=&#8221;1622216510476-ef43970f-8f07&#8243;][vc_btn title=&#8221;Visit Braga&#8221; style=&#8221;classic&#8221; link=&#8221;url:https%3A%2F%2Fvisitbraga.travel%2F|target:_blank|rel:nofollow|&#8221; el_class=&#8221;button-see-more&#8221;][\/vc_tta_section][vc_tta_section title=&#8221;Hotels&#8221; tab_id=&#8221;1622216482638-6e48f861-678d&#8221;][vc_column_text]These are the hotels with which we negotiated special prices for Summer School participants.[\/vc_column_text][vc_row_inner el_class=&#8221;row-hotels&#8221; css=&#8221;.vc_custom_1626166125204{margin-top: 40px !important;}&#8221;][vc_column_inner width=&#8221;1\/5&#8243;][vc_single_image image=&#8221;14357&#8243; img_size=&#8221;full&#8221;][vc_column_text]<\/p>\n<table class=\"hotels-table\">\n<thead>\n<tr>\n<th colspan=\"2\">*****<\/th>\n<\/tr>\n<\/thead>\n<tbody>\n<tr>\n<th>SINGLE<\/th>\n<td>\u20ac81<\/td>\n<\/tr>\n<tr>\n<th>DOUBLE<\/th>\n<td>\u20ac91<\/td>\n<\/tr>\n<tr>\n<th>LOCATION<\/th>\n<td>Near University (5 min walking distance)<\/td>\n<\/tr>\n<tr>\n<th colspan=\"2\">NOTES<\/th>\n<\/tr>\n<tr>\n<td colspan=\"2\">Including breakfast.<\/td>\n<\/tr>\n<\/tbody>\n<\/table>\n<p>[\/vc_column_text][vc_btn title=&#8221;More information&#8221; style=&#8221;classic&#8221; link=&#8221;url:https%3A%2F%2Fwww.meliabraga.com%2Fpt-pt%2F|target:_blank|rel:nofollow|&#8221; el_class=&#8221;button-see-more&#8221;][\/vc_column_inner][vc_column_inner width=&#8221;1\/5&#8243;][vc_single_image image=&#8221;14359&#8243; img_size=&#8221;full&#8221;][vc_column_text]<\/p>\n<table class=\"hotels-table\">\n<thead>\n<tr>\n<th colspan=\"2\">****<\/th>\n<\/tr>\n<\/thead>\n<tbody>\n<tr>\n<th>SINGLE<\/th>\n<td>\u20ac69<\/td>\n<\/tr>\n<tr>\n<th>DOUBLE<\/th>\n<td>\u20ac89<\/td>\n<\/tr>\n<tr>\n<th>LOCATION<\/th>\n<td>City centre<\/td>\n<\/tr>\n<tr>\n<th colspan=\"2\">NOTES<\/th>\n<\/tr>\n<tr>\n<td colspan=\"2\">Including breakfast.<br \/>\nParking only available in the evening.<\/td>\n<\/tr>\n<\/tbody>\n<\/table>\n<p>[\/vc_column_text][vc_btn title=&#8221;More information&#8221; style=&#8221;classic&#8221; link=&#8221;url:http%3A%2F%2Fwww.bracaraaugusta.com%2F|target:_blank|rel:nofollow|&#8221; el_class=&#8221;button-see-more&#8221;][\/vc_column_inner][vc_column_inner width=&#8221;1\/5&#8243;][vc_single_image image=&#8221;14361&#8243; img_size=&#8221;full&#8221;][vc_column_text]<\/p>\n<table class=\"hotels-table\">\n<thead>\n<tr>\n<th colspan=\"2\">***<\/th>\n<\/tr>\n<\/thead>\n<tbody>\n<tr>\n<th>SINGLE<\/th>\n<td>\u20ac43,50<\/td>\n<\/tr>\n<tr>\n<th>DOUBLE<\/th>\n<td>\u20ac56,00<\/td>\n<\/tr>\n<tr>\n<th>LOCATION<\/th>\n<td>City centre<\/td>\n<\/tr>\n<tr>\n<th colspan=\"2\">NOTES<\/th>\n<\/tr>\n<tr>\n<td colspan=\"2\">Including breakfast.<\/td>\n<\/tr>\n<\/tbody>\n<\/table>\n<p>[\/vc_column_text][vc_btn title=&#8221;More information&#8221; style=&#8221;classic&#8221; link=&#8221;url:https%3A%2F%2Fhoteldonasofia.com%2Fhotelds%2F|target:_blank|rel:nofollow|&#8221; el_class=&#8221;button-see-more&#8221;][\/vc_column_inner][vc_column_inner width=&#8221;1\/5&#8243;][vc_single_image image=&#8221;14363&#8243; img_size=&#8221;full&#8221;][vc_column_text]<\/p>\n<table class=\"hotels-table\">\n<thead>\n<tr>\n<th colspan=\"2\">****<\/th>\n<\/tr>\n<tr>\n<td colspan=\"2\">Hotel do Parque, Hotel do Elevador<br \/>\nand Hotel do Templo<\/td>\n<\/tr>\n<\/thead>\n<tbody>\n<tr>\n<th>SINGLE<\/th>\n<td>\u20ac56<\/td>\n<\/tr>\n<tr>\n<th>DOUBLE<\/th>\n<td>\u20ac68<\/td>\n<\/tr>\n<tr>\n<th>LOCATION<\/th>\n<td>Bom Jesus<br \/>\nMountain<br \/>\n(10 min by car)<\/td>\n<\/tr>\n<tr>\n<th colspan=\"2\">NOTES<\/th>\n<\/tr>\n<tr>\n<td colspan=\"2\">Including breakfast.<br \/>\nTourist tax 1.50\u20ac, per day.<\/td>\n<\/tr>\n<\/tbody>\n<\/table>\n<p>[\/vc_column_text][vc_btn title=&#8221;More information&#8221; style=&#8221;classic&#8221; link=&#8221;url:https%3A%2F%2Fwww.hoteisbomjesus.pt%2F|target:_blank|rel:nofollow|&#8221; el_class=&#8221;button-see-more&#8221;][\/vc_column_inner][vc_column_inner width=&#8221;1\/5&#8243;][vc_single_image image=&#8221;14365&#8243; img_size=&#8221;full&#8221;][vc_column_text]<\/p>\n<table class=\"hotels-table\">\n<thead>\n<tr>\n<th colspan=\"2\">***<\/th>\n<\/tr>\n<tr>\n<td colspan=\"2\">Hotel do Lago and Hotel Jo\u00e3o Paulo II<\/td>\n<\/tr>\n<\/thead>\n<tbody>\n<tr>\n<th>SINGLE<\/th>\n<td>\u20ac40<\/td>\n<\/tr>\n<tr>\n<th>DOUBLE<\/th>\n<td>\u20ac48<\/td>\n<\/tr>\n<tr>\n<th>LOCATION<\/th>\n<td>Bom Jesus<br \/>\nMountain<br \/>\n(10 min by car)<\/td>\n<\/tr>\n<tr>\n<th colspan=\"2\">NOTES<\/th>\n<\/tr>\n<tr>\n<td colspan=\"2\">Including breakfast.<br \/>\nTourist tax 1.50\u20ac, per day.<\/td>\n<\/tr>\n<\/tbody>\n<\/table>\n<p>[\/vc_column_text][vc_btn title=&#8221;More information&#8221; style=&#8221;classic&#8221; link=&#8221;url:https%3A%2F%2Fwww.hoteisbomjesus.pt%2Fhotel-do-lago-em-braga%2F|target:_blank|rel:nofollow|&#8221; el_class=&#8221;button-see-more&#8221;][\/vc_column_inner][vc_column_inner width=&#8221;1\/5&#8243;][vc_single_image image=&#8221;14915&#8243; img_size=&#8221;full&#8221;][vc_column_text]<\/p>\n<table class=\"hotels-table\">\n<thead>\n<tr>\n<th colspan=\"2\">***<\/th>\n<\/tr>\n<\/thead>\n<tbody>\n<tr>\n<th>SINGLE<\/th>\n<td>\u20ac-<\/td>\n<\/tr>\n<tr>\n<th>DOUBLE<\/th>\n<td>\u20ac-<\/td>\n<\/tr>\n<tr>\n<th>LOCATION<\/th>\n<td>Near University (10 min walking distance)<\/td>\n<\/tr>\n<tr>\n<th colspan=\"2\">NOTES<\/th>\n<\/tr>\n<tr>\n<td colspan=\"2\">10% discount on all the prices marked on their website.<br \/>\nIn order to benefit from this discount, participants should mention that they are attending NIPE\u2019s Summer School.<\/td>\n<\/tr>\n<\/tbody>\n<\/table>\n<p>[\/vc_column_text][vc_btn title=&#8221;More information&#8221; style=&#8221;classic&#8221; link=&#8221;url:https%3A%2F%2Fwww.hotel-bb.com%2Fes%2Fhotel%2Fbraga-lamacaes|target:_blank|rel:nofollow|&#8221; el_class=&#8221;button-see-more&#8221;][\/vc_column_inner][vc_column_inner width=&#8221;1\/5&#8243;][vc_single_image image=&#8221;14917&#8243; img_size=&#8221;full&#8221;][vc_column_text]<\/p>\n<table class=\"hotels-table\">\n<thead>\n<tr>\n<th colspan=\"2\">****<\/th>\n<\/tr>\n<\/thead>\n<tbody>\n<tr>\n<th>SINGLE<\/th>\n<td>\u20ac36<\/td>\n<\/tr>\n<tr>\n<th>DOUBLE<\/th>\n<td>\u20ac50<\/td>\n<\/tr>\n<tr>\n<th>LOCATION<\/th>\n<td>City center<\/td>\n<\/tr>\n<tr>\n<th colspan=\"2\">NOTES<\/th>\n<\/tr>\n<tr>\n<td colspan=\"2\">Including breakfast.<br \/>\nTourist tax 1.50\u20ac, per day.<\/td>\n<\/tr>\n<\/tbody>\n<\/table>\n<p>[\/vc_column_text][vc_btn title=&#8221;More information&#8221; style=&#8221;classic&#8221; link=&#8221;url:http%3A%2F%2Fhotelsrabranca.pt%2Fhotel%2F|target:_blank|rel:nofollow|&#8221; el_class=&#8221;button-see-more&#8221;][\/vc_column_inner][vc_column_inner width=&#8221;1\/5&#8243;][vc_single_image image=&#8221;14919&#8243; img_size=&#8221;full&#8221;][vc_column_text]<\/p>\n<table class=\"hotels-table\">\n<thead>\n<tr>\n<th colspan=\"2\">***<\/th>\n<\/tr>\n<\/thead>\n<tbody>\n<tr>\n<th>SINGLE<\/th>\n<td>\u20ac38<\/td>\n<\/tr>\n<tr>\n<th>DOUBLE<\/th>\n<td>\u20ac48<\/td>\n<\/tr>\n<tr>\n<th>LOCATION<\/th>\n<td>\u00a0Braga train station (buses running to and from the university of Minho every 15 minutes).<\/td>\n<\/tr>\n<tr>\n<th colspan=\"2\">NOTES<\/th>\n<\/tr>\n<tr>\n<td colspan=\"2\">48\u20ac for a twin bedroom and 70\u20ac for a triple bedroom (including breakfast).<br \/>\nIn order to benefit from this discount, participants should mention that they are attending a NIPE\u2019s Summer School.<br \/>\nTourist tax 1.50\u20ac per day.<br \/>\nReservations: <a href=\"mailto:reservas@basichotelbraga.com\">reservas@basichotelbraga.com<\/a><\/td>\n<\/tr>\n<\/tbody>\n<\/table>\n<p>[\/vc_column_text][vc_btn title=&#8221;More information&#8221; style=&#8221;classic&#8221; link=&#8221;url:https%3A%2F%2Fwww.axishoteis.com%2Fpt%2FAxis-Hoteis%2FHoteis%2FBasic-Braga-by-Axis%2FO-Hotel.aspx|target:_blank|rel:nofollow|&#8221; el_class=&#8221;button-see-more&#8221;][\/vc_column_inner][vc_column_inner width=&#8221;1\/5&#8243;][vc_single_image image=&#8221;14921&#8243; img_size=&#8221;full&#8221;][vc_column_text]<\/p>\n<table class=\"hotels-table\">\n<thead>\n<tr>\n<th colspan=\"2\"><\/th>\n<\/tr>\n<\/thead>\n<tbody>\n<tr>\n<th>SINGLE<\/th>\n<td>\u20ac69<\/td>\n<\/tr>\n<tr>\n<th>DOUBLE<\/th>\n<td>\u20ac78<\/td>\n<\/tr>\n<tr>\n<th>LOCATION<\/th>\n<td>City centre<\/td>\n<\/tr>\n<tr>\n<th colspan=\"2\">NOTES<\/th>\n<\/tr>\n<tr>\n<td colspan=\"2\">\u00a0Including breakfast.<br \/>\nTourist tax 1.50\u20ac, per day.<\/td>\n<\/tr>\n<\/tbody>\n<\/table>\n<p>[\/vc_column_text][vc_btn title=&#8221;More information&#8221; style=&#8221;classic&#8221; link=&#8221;url:https%3A%2F%2Fmercure.accor.com%2Fpt%2Fportugal%2Findex.shtml|target:_blank|rel:nofollow|&#8221; el_class=&#8221;button-see-more&#8221;][\/vc_column_inner][vc_column_inner width=&#8221;1\/5&#8243;][vc_single_image image=&#8221;14923&#8243; img_size=&#8221;full&#8221;][vc_column_text]<\/p>\n<table class=\"hotels-table\">\n<thead>\n<tr>\n<th colspan=\"2\"><\/th>\n<\/tr>\n<\/thead>\n<tbody>\n<tr>\n<th>SINGLE<\/th>\n<td>\u20ac-<\/td>\n<\/tr>\n<tr>\n<th>DOUBLE<\/th>\n<td>\u20ac-<\/td>\n<\/tr>\n<tr>\n<th>LOCATION<\/th>\n<td>City centre<\/td>\n<\/tr>\n<tr>\n<th colspan=\"2\">NOTES<\/th>\n<\/tr>\n<tr>\n<td colspan=\"2\">10% discount on all the prices marked on their website<br \/>\nIn order to benefit from this discount, participants should mention that they are attending NIPE\u2019s Summer School<br \/>\nReservations: <a href=\"mailto:oldcitygh@gmail.com\">oldcitygh@gmail.com<\/a><\/td>\n<\/tr>\n<\/tbody>\n<\/table>\n<p>[\/vc_column_text][vc_btn title=&#8221;More information&#8221; style=&#8221;classic&#8221; link=&#8221;url:http%3A%2F%2Fwww.oldcitygh.com%2F%3Ffbclid%3DIwAR244q_3UQaRgRt84MC6ekAzAF1tT9rIkU8Lx-pAu3abgl4V1nmh3r9QVfY|target:_blank|rel:nofollow|&#8221; el_class=&#8221;button-see-more&#8221;][\/vc_column_inner][\/vc_row_inner][\/vc_tta_section][\/vc_tta_tabs][\/vc_column][\/vc_row][vc_row css=&#8221;.vc_custom_1622452253243{margin-top: 60px !important;}&#8221;][vc_column]<div id=\"ultimate-heading-133469eec99b19de2\" class=\"uvc-heading ult-adjust-bottom-margin ultimate-heading-133469eec99b19de2 uvc-9523 section-title\" data-hspacer=\"no_spacer\"  data-halign=\"left\" style=\"text-align:left\"><div class=\"uvc-heading-spacer no_spacer\" style=\"top\"><\/div><div class=\"uvc-main-heading ult-responsive\"  data-ultimate-target='.uvc-heading.ultimate-heading-133469eec99b19de2 h2'  data-responsive-json-new='{\"font-size\":\"\",\"line-height\":\"\"}' ><h2 style=\"font-weight:normal;\">Previous Editions<\/h2><\/div><\/div>[\/vc_column][\/vc_row][vc_row el_class=&#8221;row-previous-summer-school&#8221;][vc_column width=&#8221;1\/5&#8243;][vc_single_image image=&#8221;14889&#8243;]\r\n<div id=\"ld_content_box_69eec99b19eab\" class=\"fancy-box border-radius-3 scheme-light fancy-box-overlay text-center previous-edition-box ld_content_box_69eec99b19eab\">\r\n\t\r\n\t<div class=\"cb-img-container border-radius-3\">\r\n\t\t\t<\/div><!-- \/.cb-img-container -->\r\n\r\n\t<span class=\"cb-overlay\"><\/span><!-- \/.cb-overlay -->\r\n\r\n\t<div class=\"fancy-box-contents border-radius-3\">\r\n\t\t\r\n\t\t<div class=\"fancy-box-header\">\r\n\t\t\t<span class=\"cb-subtitle text-uppercase ltr-sp-2 border-radius-3\"><p>Manuel Arellano<\/p>\n<\/span>\t\t\t<h3>17th NIPE Summer School<\/h3>\t\t\t<p>Econometrics of Survey Data, Stratification, and Clustering<\/p>\n\t\t<\/div><!-- \/.fancy-box-header -->\r\n\t\t\r\n\t\t\r\n\t<\/div><!-- \/.fancy-box-contents -->\r\n\r\n\t<a href=\"https:\/\/nipe.eeg.uminho.pt\/nipe-summer-school-2021\/\" target=\"_blank\" class=\"liquid-overlay-link\"><\/a>\t\r\n<\/div><!-- \/.fancy-box fancy-box-classes -->[vc_column_text el_class=&#8221;guest-uni&#8221;]Princeton University.[\/vc_column_text][\/vc_column][vc_column width=&#8221;1\/5&#8243; css=&#8221;.vc_custom_1623073098438{background-image: url(https:\/\/nipe.eeg.uminho.pt\/wp-content\/uploads\/2021\/05\/projeto-default-1.jpg?id=14211) !important;}&#8221;][vc_single_image image=&#8221;13683&#8243;]\r\n<div id=\"ld_content_box_69eec99b1a02b\" class=\"fancy-box border-radius-3 scheme-light fancy-box-overlay text-center previous-edition-box ld_content_box_69eec99b1a02b\">\r\n\t\r\n\t<div class=\"cb-img-container border-radius-3\">\r\n\t\t\t<\/div><!-- \/.cb-img-container -->\r\n\r\n\t<span class=\"cb-overlay\"><\/span><!-- \/.cb-overlay -->\r\n\r\n\t<div class=\"fancy-box-contents border-radius-3\">\r\n\t\t\r\n\t\t<div class=\"fancy-box-header\">\r\n\t\t\t<span class=\"cb-subtitle text-uppercase ltr-sp-2 border-radius-3\"><p>Matias D. Cattaneo<\/p>\n<\/span>\t\t\t<h3>16th NIPE Summer School<\/h3>\t\t\t<p>Regression Discontinuity Designs<\/p>\n\t\t<\/div><!-- \/.fancy-box-header -->\r\n\t\t\r\n\t\t\r\n\t<\/div><!-- \/.fancy-box-contents -->\r\n\r\n\t<a href=\"http:\/\/www3.eeg.uminho.pt\/economia\/nipe\/summerschool2019\/index.htm\" target=\"_blank\" class=\"liquid-overlay-link\"><\/a>\t\r\n<\/div><!-- \/.fancy-box fancy-box-classes -->[vc_column_text el_class=&#8221;guest-uni&#8221;]Princeton University[\/vc_column_text][\/vc_column][vc_column width=&#8221;1\/5&#8243;][vc_single_image image=&#8221;13692&#8243;]\r\n<div id=\"ld_content_box_69eec99b1a176\" class=\"fancy-box border-radius-3 scheme-light fancy-box-overlay text-center previous-edition-box ld_content_box_69eec99b1a176\">\r\n\t\r\n\t<div class=\"cb-img-container border-radius-3\">\r\n\t\t\t<\/div><!-- \/.cb-img-container -->\r\n\r\n\t<span class=\"cb-overlay\"><\/span><!-- \/.cb-overlay -->\r\n\r\n\t<div class=\"fancy-box-contents border-radius-3\">\r\n\t\t\r\n\t\t<div class=\"fancy-box-header\">\r\n\t\t\t<span class=\"cb-subtitle text-uppercase ltr-sp-2 border-radius-3\"><p>Badi H. Baltagi<\/p>\n<\/span>\t\t\t<h3>15th NIPE Summer School<\/h3>\t\t\t<p>Panel Data Spatial Econometrics<\/p>\n\t\t<\/div><!-- \/.fancy-box-header -->\r\n\t\t\r\n\t\t\r\n\t<\/div><!-- \/.fancy-box-contents -->\r\n\r\n\t<a href=\"http:\/\/www3.eeg.uminho.pt\/economia\/nipe\/summerschool2018\/index.htm\" target=\"_blank\" class=\"liquid-overlay-link\"><\/a>\t\r\n<\/div><!-- \/.fancy-box fancy-box-classes -->[vc_column_text el_class=&#8221;guest-uni&#8221;]Syracuse University[\/vc_column_text][\/vc_column][vc_column width=&#8221;1\/5&#8243;][vc_single_image image=&#8221;10543&#8243;]\r\n<div id=\"ld_content_box_69eec99b1a2b5\" class=\"fancy-box border-radius-3 scheme-light fancy-box-overlay text-center previous-edition-box ld_content_box_69eec99b1a2b5\">\r\n\t\r\n\t<div class=\"cb-img-container border-radius-3\">\r\n\t\t\t<\/div><!-- \/.cb-img-container -->\r\n\r\n\t<span class=\"cb-overlay\"><\/span><!-- \/.cb-overlay -->\r\n\r\n\t<div class=\"fancy-box-contents border-radius-3\">\r\n\t\t\r\n\t\t<div class=\"fancy-box-header\">\r\n\t\t\t<span class=\"cb-subtitle text-uppercase ltr-sp-2 border-radius-3\"><p>Roger Koenker<\/p>\n<\/span>\t\t\t<h3>14th NIPE Summer School<\/h3>\t\t\t<p>Advances in Quantile Regression<\/p>\n\t\t<\/div><!-- \/.fancy-box-header -->\r\n\t\t\r\n\t\t\r\n\t<\/div><!-- \/.fancy-box-contents -->\r\n\r\n\t<a href=\"http:\/\/www3.eeg.uminho.pt\/economia\/nipe\/summerschool2017\/index.htm\" target=\"_blank\" class=\"liquid-overlay-link\"><\/a>\t\r\n<\/div><!-- \/.fancy-box fancy-box-classes -->[vc_column_text el_class=&#8221;guest-uni&#8221;]University of Illinois[\/vc_column_text][\/vc_column][vc_column width=&#8221;1\/5&#8243;][vc_single_image image=&#8221;9201&#8243;]\r\n<div id=\"ld_content_box_69eec99b1a3eb\" class=\"fancy-box border-radius-3 scheme-light fancy-box-overlay text-center previous-edition-box ld_content_box_69eec99b1a3eb\">\r\n\t\r\n\t<div class=\"cb-img-container border-radius-3\">\r\n\t\t\t<\/div><!-- \/.cb-img-container -->\r\n\r\n\t<span class=\"cb-overlay\"><\/span><!-- \/.cb-overlay -->\r\n\r\n\t<div class=\"fancy-box-contents border-radius-3\">\r\n\t\t\r\n\t\t<div class=\"fancy-box-header\">\r\n\t\t\t<span class=\"cb-subtitle text-uppercase ltr-sp-2 border-radius-3\"><p>Yacine Ait-Sahalia<\/p>\n<\/span>\t\t\t<h3>13th NIPE Summer School<\/h3>\t\t\t<p>An Introduction to High Frequency Financial Econometrics and Trading<\/p>\n\t\t<\/div><!-- \/.fancy-box-header -->\r\n\t\t\r\n\t\t\r\n\t<\/div><!-- \/.fancy-box-contents -->\r\n\r\n\t<a href=\"http:\/\/www3.eeg.uminho.pt\/economia\/nipe\/summerschool2016\/\" target=\"_blank\" class=\"liquid-overlay-link\"><\/a>\t\r\n<\/div><!-- \/.fancy-box fancy-box-classes -->[vc_column_text el_class=&#8221;guest-uni&#8221;]Universidade de Princeton, EUA[\/vc_column_text][\/vc_column][vc_column width=&#8221;1\/5&#8243;][vc_single_image image=&#8221;13709&#8243;]\r\n<div id=\"ld_content_box_69eec99b1a527\" class=\"fancy-box border-radius-3 scheme-light fancy-box-overlay text-center previous-edition-box ld_content_box_69eec99b1a527\">\r\n\t\r\n\t<div class=\"cb-img-container border-radius-3\">\r\n\t\t\t<\/div><!-- \/.cb-img-container -->\r\n\r\n\t<span class=\"cb-overlay\"><\/span><!-- \/.cb-overlay -->\r\n\r\n\t<div class=\"fancy-box-contents border-radius-3\">\r\n\t\t\r\n\t\t<div class=\"fancy-box-header\">\r\n\t\t\t<span class=\"cb-subtitle text-uppercase ltr-sp-2 border-radius-3\"><p>Francis X. Diebold<\/p>\n<\/span>\t\t\t<h3>12th NIPE Summer School<\/h3>\t\t\t<p>New Directions in Macro-Econometric and Financial-Econometric Predictive Modeling<\/p>\n\t\t<\/div><!-- \/.fancy-box-header -->\r\n\t\t\r\n\t\t\r\n\t<\/div><!-- \/.fancy-box-contents -->\r\n\r\n\t<a href=\"http:\/\/www3.eeg.uminho.pt\/economia\/nipe\/summerschool2015\/\" target=\"_blank\" class=\"liquid-overlay-link\"><\/a>\t\r\n<\/div><!-- \/.fancy-box fancy-box-classes -->[vc_column_text el_class=&#8221;guest-uni&#8221;]Universidade da Pensilv\u00e2nia, EUA[\/vc_column_text][\/vc_column][vc_column width=&#8221;1\/5&#8243;][vc_single_image image=&#8221;13715&#8243;]\r\n<div id=\"ld_content_box_69eec99b1a661\" class=\"fancy-box border-radius-3 scheme-light fancy-box-overlay text-center previous-edition-box ld_content_box_69eec99b1a661\">\r\n\t\r\n\t<div class=\"cb-img-container border-radius-3\">\r\n\t\t\t<\/div><!-- \/.cb-img-container -->\r\n\r\n\t<span class=\"cb-overlay\"><\/span><!-- \/.cb-overlay -->\r\n\r\n\t<div class=\"fancy-box-contents border-radius-3\">\r\n\t\t\r\n\t\t<div class=\"fancy-box-header\">\r\n\t\t\t<span class=\"cb-subtitle text-uppercase ltr-sp-2 border-radius-3\"><p>Stephen Brown<\/p>\n<\/span>\t\t\t<h3>11th NIPE Summer School<\/h3>\t\t\t<p>Empirical Financial Economics<\/p>\n\t\t<\/div><!-- \/.fancy-box-header -->\r\n\t\t\r\n\t\t\r\n\t<\/div><!-- \/.fancy-box-contents -->\r\n\r\n\t<a href=\"http:\/\/www3.eeg.uminho.pt\/economia\/nipe\/summerschool2014\/\" target=\"_blank\" class=\"liquid-overlay-link\"><\/a>\t\r\n<\/div><!-- \/.fancy-box fancy-box-classes -->[vc_column_text el_class=&#8221;guest-uni&#8221;]New York University, EUA[\/vc_column_text][\/vc_column][vc_column width=&#8221;1\/5&#8243;][vc_single_image image=&#8221;13720&#8243;]\r\n<div id=\"ld_content_box_69eec99b1a798\" class=\"fancy-box border-radius-3 scheme-light fancy-box-overlay text-center previous-edition-box ld_content_box_69eec99b1a798\">\r\n\t\r\n\t<div class=\"cb-img-container border-radius-3\">\r\n\t\t\t<\/div><!-- \/.cb-img-container -->\r\n\r\n\t<span class=\"cb-overlay\"><\/span><!-- \/.cb-overlay -->\r\n\r\n\t<div class=\"fancy-box-contents border-radius-3\">\r\n\t\t\r\n\t\t<div class=\"fancy-box-header\">\r\n\t\t\t<span class=\"cb-subtitle text-uppercase ltr-sp-2 border-radius-3\"><p>William Greene<\/p>\n<\/span>\t\t\t<h3>10th NIPE Summer School<\/h3>\t\t\t<p>Discrete choice models for cross section and panel data<\/p>\n\t\t<\/div><!-- \/.fancy-box-header -->\r\n\t\t\r\n\t\t\r\n\t<\/div><!-- \/.fancy-box-contents -->\r\n\r\n\t<a href=\"http:\/\/www3.eeg.uminho.pt\/economia\/nipe\/summerschool2013\/index.htm\" target=\"_blank\" class=\"liquid-overlay-link\"><\/a>\t\r\n<\/div><!-- \/.fancy-box fancy-box-classes -->[vc_column_text el_class=&#8221;guest-uni&#8221;]Universidade de Nova Iorque, EUA[\/vc_column_text][\/vc_column][vc_column width=&#8221;1\/5&#8243;][vc_single_image image=&#8221;13775&#8243;]\r\n<div id=\"ld_content_box_69eec99b1a8ce\" class=\"fancy-box border-radius-3 scheme-light fancy-box-overlay text-center previous-edition-box ld_content_box_69eec99b1a8ce\">\r\n\t\r\n\t<div class=\"cb-img-container border-radius-3\">\r\n\t\t\t<\/div><!-- \/.cb-img-container -->\r\n\r\n\t<span class=\"cb-overlay\"><\/span><!-- \/.cb-overlay -->\r\n\r\n\t<div class=\"fancy-box-contents border-radius-3\">\r\n\t\t\r\n\t\t<div class=\"fancy-box-header\">\r\n\t\t\t<span class=\"cb-subtitle text-uppercase ltr-sp-2 border-radius-3\"><p>Paul Levine and Bo Yang<\/p>\n<\/span>\t\t\t<h3>9th NIPE Summer School<\/h3>\t\t\t<p>The Science and Art of DSGE Modelling: A Course on Model Construction, Calibration, Estimation and Policy Analysis<\/p>\n\t\t<\/div><!-- \/.fancy-box-header -->\r\n\t\t\r\n\t\t\r\n\t<\/div><!-- \/.fancy-box-contents -->\r\n\r\n\t<a href=\"http:\/\/www3.eeg.uminho.pt\/economia\/nipe\/summerschool2012\/\" target=\"_blank\" class=\"liquid-overlay-link\"><\/a>\t\r\n<\/div><!-- \/.fancy-box fancy-box-classes -->[vc_column_text el_class=&#8221;guest-uni&#8221;]Universitu of Surrey<br \/>\nLondon Metropolitan University and University of Surrey[\/vc_column_text][\/vc_column][vc_column width=&#8221;1\/5&#8243;][vc_single_image image=&#8221;13733&#8243;]\r\n<div id=\"ld_content_box_69eec99b1aa0b\" class=\"fancy-box border-radius-3 scheme-light fancy-box-overlay text-center previous-edition-box ld_content_box_69eec99b1aa0b\">\r\n\t\r\n\t<div class=\"cb-img-container border-radius-3\">\r\n\t\t\t<\/div><!-- \/.cb-img-container -->\r\n\r\n\t<span class=\"cb-overlay\"><\/span><!-- \/.cb-overlay -->\r\n\r\n\t<div class=\"fancy-box-contents border-radius-3\">\r\n\t\t\r\n\t\t<div class=\"fancy-box-header\">\r\n\t\t\t<span class=\"cb-subtitle text-uppercase ltr-sp-2 border-radius-3\"><p>Nicholas M. Kiefer<\/p>\n<\/span>\t\t\t<h3>8th NIPE Summer School<\/h3>\t\t\t<p>Duration Analysis<\/p>\n\t\t<\/div><!-- \/.fancy-box-header -->\r\n\t\t\r\n\t\t\r\n\t<\/div><!-- \/.fancy-box-contents -->\r\n\r\n\t<a href=\"http:\/\/www3.eeg.uminho.pt\/economia\/nipe\/summerschool2011\/\" target=\"_blank\" class=\"liquid-overlay-link\"><\/a>\t\r\n<\/div><!-- \/.fancy-box fancy-box-classes -->[vc_column_text el_class=&#8221;guest-uni&#8221;]Cornell University[\/vc_column_text][\/vc_column][vc_column width=&#8221;1\/5&#8243;][vc_single_image image=&#8221;13738&#8243;]\r\n<div id=\"ld_content_box_69eec99b1ab3e\" class=\"fancy-box border-radius-3 scheme-light fancy-box-overlay text-center previous-edition-box ld_content_box_69eec99b1ab3e\">\r\n\t\r\n\t<div class=\"cb-img-container border-radius-3\">\r\n\t\t\t<\/div><!-- \/.cb-img-container -->\r\n\r\n\t<span class=\"cb-overlay\"><\/span><!-- \/.cb-overlay -->\r\n\r\n\t<div class=\"fancy-box-contents border-radius-3\">\r\n\t\t\r\n\t\t<div class=\"fancy-box-header\">\r\n\t\t\t<span class=\"cb-subtitle text-uppercase ltr-sp-2 border-radius-3\"><p>Colin Cameron<\/p>\n<\/span>\t\t\t<h3>7th NIPE Summer School<\/h3>\t\t\t<p>Regression Analysis with Discrete and Censored Dependent Variables<\/p>\n\t\t<\/div><!-- \/.fancy-box-header -->\r\n\t\t\r\n\t\t\r\n\t<\/div><!-- \/.fancy-box-contents -->\r\n\r\n\t<a href=\"http:\/\/www3.eeg.uminho.pt\/economia\/nipe\/summerschool2010\/\" target=\"_blank\" class=\"liquid-overlay-link\"><\/a>\t\r\n<\/div><!-- \/.fancy-box fancy-box-classes -->[vc_column_text el_class=&#8221;guest-uni&#8221;]University of California &#8211; Davis[\/vc_column_text][\/vc_column][vc_column width=&#8221;1\/5&#8243;][vc_single_image image=&#8221;13743&#8243;]\r\n<div id=\"ld_content_box_69eec99b1ac75\" class=\"fancy-box border-radius-3 scheme-light fancy-box-overlay text-center previous-edition-box ld_content_box_69eec99b1ac75\">\r\n\t\r\n\t<div class=\"cb-img-container border-radius-3\">\r\n\t\t\t<\/div><!-- \/.cb-img-container -->\r\n\r\n\t<span class=\"cb-overlay\"><\/span><!-- \/.cb-overlay -->\r\n\r\n\t<div class=\"fancy-box-contents border-radius-3\">\r\n\t\t\r\n\t\t<div class=\"fancy-box-header\">\r\n\t\t\t<span class=\"cb-subtitle text-uppercase ltr-sp-2 border-radius-3\"><p>Joshua Angrist<\/p>\n<\/span>\t\t\t<h3>6th NIPE Summer School<\/h3>\t\t\t<p>Empirical Strategies<\/p>\n\t\t<\/div><!-- \/.fancy-box-header -->\r\n\t\t\r\n\t\t\r\n\t<\/div><!-- \/.fancy-box-contents -->\r\n\r\n\t<a href=\"http:\/\/www3.eeg.uminho.pt\/economia\/nipe\/summerschool2009\/\" target=\"_blank\" class=\"liquid-overlay-link\"><\/a>\t\r\n<\/div><!-- \/.fancy-box fancy-box-classes -->[vc_column_text el_class=&#8221;guest-uni&#8221;]MTI[\/vc_column_text][\/vc_column][vc_column width=&#8221;1\/5&#8243;][vc_single_image image=&#8221;13749&#8243;]\r\n<div id=\"ld_content_box_69eec99b1adb3\" class=\"fancy-box border-radius-3 scheme-light fancy-box-overlay text-center previous-edition-box ld_content_box_69eec99b1adb3\">\r\n\t\r\n\t<div class=\"cb-img-container border-radius-3\">\r\n\t\t\t<\/div><!-- \/.cb-img-container -->\r\n\r\n\t<span class=\"cb-overlay\"><\/span><!-- \/.cb-overlay -->\r\n\r\n\t<div class=\"fancy-box-contents border-radius-3\">\r\n\t\t\r\n\t\t<div class=\"fancy-box-header\">\r\n\t\t\t<span class=\"cb-subtitle text-uppercase ltr-sp-2 border-radius-3\"><p>James Hamilton<\/p>\n<\/span>\t\t\t<h3>5th NIPE Summer School<\/h3>\t\t\t<p>Bayesian Econometrics<\/p>\n\t\t<\/div><!-- \/.fancy-box-header -->\r\n\t\t\r\n\t\t\r\n\t<\/div><!-- \/.fancy-box-contents -->\r\n\r\n\t<a href=\"http:\/\/www3.eeg.uminho.pt\/economia\/nipe\/summerschool2008\/index.htm\" target=\"_blank\" class=\"liquid-overlay-link\"><\/a>\t\r\n<\/div><!-- \/.fancy-box fancy-box-classes -->[vc_column_text el_class=&#8221;guest-uni&#8221;]University of California, San Diego, EUA[\/vc_column_text][\/vc_column][vc_column width=&#8221;1\/5&#8243;][vc_single_image image=&#8221;13756&#8243;]\r\n<div id=\"ld_content_box_69eec99b1aeeb\" class=\"fancy-box border-radius-3 scheme-light fancy-box-overlay text-center previous-edition-box ld_content_box_69eec99b1aeeb\">\r\n\t\r\n\t<div class=\"cb-img-container border-radius-3\">\r\n\t\t\t<\/div><!-- \/.cb-img-container -->\r\n\r\n\t<span class=\"cb-overlay\"><\/span><!-- \/.cb-overlay -->\r\n\r\n\t<div class=\"fancy-box-contents border-radius-3\">\r\n\t\t\r\n\t\t<div class=\"fancy-box-header\">\r\n\t\t\t<span class=\"cb-subtitle text-uppercase ltr-sp-2 border-radius-3\"><p>Ellen McGrattan<\/p>\n<\/span>\t\t\t<h3>4th NIPE Summer School<\/h3>\t\t\t<p>Quantitative Methods in Macroeconomics and Policy Analysis<\/p>\n\t\t<\/div><!-- \/.fancy-box-header -->\r\n\t\t\r\n\t\t\r\n\t<\/div><!-- \/.fancy-box-contents -->\r\n\r\n\t<a href=\"http:\/\/www3.eeg.uminho.pt\/economia\/nipe\/summerschool2007\/index.htm\" target=\"_blank\" class=\"liquid-overlay-link\"><\/a>\t\r\n<\/div><!-- \/.fancy-box fancy-box-classes -->[vc_column_text el_class=&#8221;guest-uni&#8221;]University of Minnesota and Federal Reserve Bank of Minneapolis, USA[\/vc_column_text][\/vc_column][vc_column width=&#8221;1\/5&#8243;][vc_single_image image=&#8221;13763&#8243;]\r\n<div id=\"ld_content_box_69eec99b1b021\" class=\"fancy-box border-radius-3 scheme-light fancy-box-overlay text-center previous-edition-box ld_content_box_69eec99b1b021\">\r\n\t\r\n\t<div class=\"cb-img-container border-radius-3\">\r\n\t\t\t<\/div><!-- \/.cb-img-container -->\r\n\r\n\t<span class=\"cb-overlay\"><\/span><!-- \/.cb-overlay -->\r\n\r\n\t<div class=\"fancy-box-contents border-radius-3\">\r\n\t\t\r\n\t\t<div class=\"fancy-box-header\">\r\n\t\t\t<span class=\"cb-subtitle text-uppercase ltr-sp-2 border-radius-3\"><p>Jeffrey M. Wooldridge<\/p>\n<\/span>\t\t\t<h3>3rd NIPE Summer School<\/h3>\t\t\t<p>Topics in Program Evaluation<\/p>\n\t\t<\/div><!-- \/.fancy-box-header -->\r\n\t\t\r\n\t\t\r\n\t<\/div><!-- \/.fancy-box-contents -->\r\n\r\n\t<a href=\"https:\/\/nipe.eeg.uminho.pt\/en\/event\/topics-in-program-evaluation\/\" target=\"_blank\" class=\"liquid-overlay-link\"><\/a>\t\r\n<\/div><!-- \/.fancy-box fancy-box-classes -->[vc_column_text el_class=&#8221;guest-uni&#8221;]Michigan State University, USA[\/vc_column_text][\/vc_column][vc_column width=&#8221;1\/5&#8243;][vc_single_image image=&#8221;13769&#8243;]\r\n<div id=\"ld_content_box_69eec99b1b158\" class=\"fancy-box border-radius-3 scheme-light fancy-box-overlay text-center previous-edition-box ld_content_box_69eec99b1b158\">\r\n\t\r\n\t<div class=\"cb-img-container border-radius-3\">\r\n\t\t\t<\/div><!-- \/.cb-img-container -->\r\n\r\n\t<span class=\"cb-overlay\"><\/span><!-- \/.cb-overlay -->\r\n\r\n\t<div class=\"fancy-box-contents border-radius-3\">\r\n\t\t\r\n\t\t<div class=\"fancy-box-header\">\r\n\t\t\t<span class=\"cb-subtitle text-uppercase ltr-sp-2 border-radius-3\"><p>Frank Windmeijer<\/p>\n<\/span>\t\t\t<h3>2nd NIPE Summer School<\/h3>\t\t\t<p>Dynamic Panel Data Analysis<\/p>\n\t\t<\/div><!-- \/.fancy-box-header -->\r\n\t\t\r\n\t\t\r\n\t<\/div><!-- \/.fancy-box-contents -->\r\n\r\n\t<a href=\"https:\/\/nipe.eeg.uminho.pt\/en\/event\/dynamic-panel-data-analysis\/\" target=\"_blank\" class=\"liquid-overlay-link\"><\/a>\t\r\n<\/div><!-- \/.fancy-box fancy-box-classes -->[vc_column_text el_class=&#8221;guest-uni&#8221;]Institute for Fiscal Studies, London[\/vc_column_text][\/vc_column][vc_column width=&#8221;1\/5&#8243;][vc_single_image image=&#8221;13775&#8243;]\r\n<div id=\"ld_content_box_69eec99b1b28c\" class=\"fancy-box border-radius-3 scheme-light fancy-box-overlay text-center previous-edition-box ld_content_box_69eec99b1b28c\">\r\n\t\r\n\t<div class=\"cb-img-container border-radius-3\">\r\n\t\t\t<\/div><!-- \/.cb-img-container -->\r\n\r\n\t<span class=\"cb-overlay\"><\/span><!-- \/.cb-overlay -->\r\n\r\n\t<div class=\"fancy-box-contents border-radius-3\">\r\n\t\t\r\n\t\t<div class=\"fancy-box-header\">\r\n\t\t\t<span class=\"cb-subtitle text-uppercase ltr-sp-2 border-radius-3\"><p>Paul Schweinzer<\/p>\n<\/span>\t\t\t<h3>1st NIPE Summer School<\/h3>\t\t\t<p>Mathematics for Economists<\/p>\n\t\t<\/div><!-- \/.fancy-box-header -->\r\n\t\t\r\n\t\t\r\n\t<\/div><!-- \/.fancy-box-contents -->\r\n\r\n\t<a href=\"https:\/\/nipe.eeg.uminho.pt\/en\/event\/mathematics-for-economists\/\" target=\"_blank\" class=\"liquid-overlay-link\"><\/a>\t\r\n<\/div><!-- \/.fancy-box fancy-box-classes -->[vc_column_text el_class=&#8221;guest-uni&#8221;]Birkbeck College &#8211; London[\/vc_column_text][\/vc_column][\/vc_row]<\/p>\n<\/div>","protected":false},"excerpt":{"rendered":"<p>[vc_row full_width=&#8221;stretch_row&#8221; gap=&#8221;0&#8243; equal_height=&#8221;yes&#8221; content_placement=&#8221;middle&#8221; bg_position=&#8221;center center&#8221; bg_attachment=&#8221;fixed&#8221; enable_overlay=&#8221;enable_overlay_value&#8221; overlay_color=&#8221;rgba(0,0,0,0.25)&#8221; css=&#8221;.vc_custom_1622654117880{padding-top: 80px !important;padding-right: 100px !important;padding-bottom:&#8230;<\/p>\n","protected":false},"author":17,"featured_media":0,"parent":0,"menu_order":0,"comment_status":"closed","ping_status":"closed","template":"","meta":{"_acf_changed":false,"footnotes":""},"class_list":["post-23460","page","type-page","status-publish","hentry"],"acf":[],"yoast_head":"<!-- This site is optimized with the Yoast SEO plugin v25.8 - https:\/\/yoast.com\/wordpress\/plugins\/seo\/ -->\n<title>NIPE Summer School 2023 - N\u00facleo de Investiga\u00e7\u00e3o em Pol\u00ed\u200bticas Econ\u00f3micas e Empresariais<\/title>\n<meta name=\"robots\" content=\"index, follow, max-snippet:-1, max-image-preview:large, max-video-preview:-1\" \/>\n<link rel=\"canonical\" href=\"https:\/\/nipe.eeg.uminho.pt\/en\/nipe-summer-school-2023\/\" \/>\n<meta property=\"og:locale\" content=\"en_US\" \/>\n<meta property=\"og:type\" content=\"article\" \/>\n<meta property=\"og:title\" content=\"NIPE Summer School 2023 - N\u00facleo de Investiga\u00e7\u00e3o em Pol\u00ed\u200bticas Econ\u00f3micas e Empresariais\" \/>\n<meta property=\"og:description\" content=\"[vc_row full_width=&#8221;stretch_row&#8221; gap=&#8221;0&#8243; equal_height=&#8221;yes&#8221; content_placement=&#8221;middle&#8221; bg_position=&#8221;center center&#8221; bg_attachment=&#8221;fixed&#8221; enable_overlay=&#8221;enable_overlay_value&#8221; overlay_color=&#8221;rgba(0,0,0,0.25)&#8221; css=&#8221;.vc_custom_1622654117880{padding-top: 80px !important;padding-right: 100px !important;padding-bottom:...\" \/>\n<meta property=\"og:url\" content=\"https:\/\/nipe.eeg.uminho.pt\/en\/nipe-summer-school-2023\/\" \/>\n<meta property=\"og:site_name\" content=\"N\u00facleo de Investiga\u00e7\u00e3o em Pol\u00ed\u200bticas Econ\u00f3micas e Empresariais\" \/>\n<meta property=\"article:modified_time\" content=\"2023-03-14T11:18:17+00:00\" \/>\n<meta property=\"og:image\" content=\"https:\/\/nipe.eeg.uminho.pt\/wp-content\/uploads\/2021\/05\/site1.jpg\" \/>\n<meta name=\"twitter:card\" content=\"summary_large_image\" \/>\n<meta name=\"twitter:image\" content=\"https:\/\/nipe.eeg.uminho.pt\/wp-content\/uploads\/2021\/05\/site1.jpg\" \/>\n<meta name=\"twitter:label1\" content=\"Est. reading time\" \/>\n\t<meta name=\"twitter:data1\" content=\"10 minutes\" \/>\n<script type=\"application\/ld+json\" class=\"yoast-schema-graph\">{\"@context\":\"https:\/\/schema.org\",\"@graph\":[{\"@type\":\"WebPage\",\"@id\":\"https:\/\/nipe.eeg.uminho.pt\/en\/nipe-summer-school-2023\/\",\"url\":\"https:\/\/nipe.eeg.uminho.pt\/en\/nipe-summer-school-2023\/\",\"name\":\"NIPE Summer School 2023 - N\u00facleo de Investiga\u00e7\u00e3o em Pol\u00ed\u200bticas Econ\u00f3micas e Empresariais\",\"isPartOf\":{\"@id\":\"https:\/\/nipe.eeg.uminho.pt\/en\/#website\"},\"datePublished\":\"2021-11-15T14:14:03+00:00\",\"dateModified\":\"2023-03-14T11:18:17+00:00\",\"breadcrumb\":{\"@id\":\"https:\/\/nipe.eeg.uminho.pt\/en\/nipe-summer-school-2023\/#breadcrumb\"},\"inLanguage\":\"en-US\",\"potentialAction\":[{\"@type\":\"ReadAction\",\"target\":[\"https:\/\/nipe.eeg.uminho.pt\/en\/nipe-summer-school-2023\/\"]}]},{\"@type\":\"BreadcrumbList\",\"@id\":\"https:\/\/nipe.eeg.uminho.pt\/en\/nipe-summer-school-2023\/#breadcrumb\",\"itemListElement\":[{\"@type\":\"ListItem\",\"position\":1,\"name\":\"In\u00edcio\",\"item\":\"https:\/\/nipe.eeg.uminho.pt\/en\/\"},{\"@type\":\"ListItem\",\"position\":2,\"name\":\"NIPE Summer School 2023\"}]},{\"@type\":\"WebSite\",\"@id\":\"https:\/\/nipe.eeg.uminho.pt\/en\/#website\",\"url\":\"https:\/\/nipe.eeg.uminho.pt\/en\/\",\"name\":\"N\u00facleo de Investiga\u00e7\u00e3o em Pol\u00ed\u200bticas Econ\u00f3micas e Empresariais\",\"description\":\"Escola de Economia e Gest\u00e3o da UMinho\",\"publisher\":{\"@id\":\"https:\/\/nipe.eeg.uminho.pt\/en\/#organization\"},\"potentialAction\":[{\"@type\":\"SearchAction\",\"target\":{\"@type\":\"EntryPoint\",\"urlTemplate\":\"https:\/\/nipe.eeg.uminho.pt\/en\/?s={search_term_string}\"},\"query-input\":{\"@type\":\"PropertyValueSpecification\",\"valueRequired\":true,\"valueName\":\"search_term_string\"}}],\"inLanguage\":\"en-US\"},{\"@type\":\"Organization\",\"@id\":\"https:\/\/nipe.eeg.uminho.pt\/en\/#organization\",\"name\":\"NIPE U.MINHO\",\"url\":\"https:\/\/nipe.eeg.uminho.pt\/en\/\",\"logo\":{\"@type\":\"ImageObject\",\"inLanguage\":\"en-US\",\"@id\":\"https:\/\/nipe.eeg.uminho.pt\/en\/#\/schema\/logo\/image\/\",\"url\":\"https:\/\/nipe.eeg.uminho.pt\/wp-content\/uploads\/2021\/02\/NIPE-logo-principal_hover_retina.jpg\",\"contentUrl\":\"https:\/\/nipe.eeg.uminho.pt\/wp-content\/uploads\/2021\/02\/NIPE-logo-principal_hover_retina.jpg\",\"width\":320,\"height\":320,\"caption\":\"NIPE U.MINHO\"},\"image\":{\"@id\":\"https:\/\/nipe.eeg.uminho.pt\/en\/#\/schema\/logo\/image\/\"}}]}<\/script>\n<!-- \/ Yoast SEO plugin. -->","yoast_head_json":{"title":"NIPE Summer School 2023 - N\u00facleo de Investiga\u00e7\u00e3o em Pol\u00ed\u200bticas Econ\u00f3micas e Empresariais","robots":{"index":"index","follow":"follow","max-snippet":"max-snippet:-1","max-image-preview":"max-image-preview:large","max-video-preview":"max-video-preview:-1"},"canonical":"https:\/\/nipe.eeg.uminho.pt\/en\/nipe-summer-school-2023\/","og_locale":"en_US","og_type":"article","og_title":"NIPE Summer School 2023 - N\u00facleo de Investiga\u00e7\u00e3o em Pol\u00ed\u200bticas Econ\u00f3micas e Empresariais","og_description":"[vc_row full_width=&#8221;stretch_row&#8221; gap=&#8221;0&#8243; equal_height=&#8221;yes&#8221; content_placement=&#8221;middle&#8221; bg_position=&#8221;center center&#8221; bg_attachment=&#8221;fixed&#8221; enable_overlay=&#8221;enable_overlay_value&#8221; overlay_color=&#8221;rgba(0,0,0,0.25)&#8221; css=&#8221;.vc_custom_1622654117880{padding-top: 80px !important;padding-right: 100px !important;padding-bottom:...","og_url":"https:\/\/nipe.eeg.uminho.pt\/en\/nipe-summer-school-2023\/","og_site_name":"N\u00facleo de Investiga\u00e7\u00e3o em Pol\u00ed\u200bticas Econ\u00f3micas e Empresariais","article_modified_time":"2023-03-14T11:18:17+00:00","og_image":[{"url":"https:\/\/nipe.eeg.uminho.pt\/wp-content\/uploads\/2021\/05\/site1.jpg","type":"","width":"","height":""}],"twitter_card":"summary_large_image","twitter_image":"https:\/\/nipe.eeg.uminho.pt\/wp-content\/uploads\/2021\/05\/site1.jpg","twitter_misc":{"Est. reading time":"10 minutes"},"schema":{"@context":"https:\/\/schema.org","@graph":[{"@type":"WebPage","@id":"https:\/\/nipe.eeg.uminho.pt\/en\/nipe-summer-school-2023\/","url":"https:\/\/nipe.eeg.uminho.pt\/en\/nipe-summer-school-2023\/","name":"NIPE Summer School 2023 - N\u00facleo de Investiga\u00e7\u00e3o em Pol\u00ed\u200bticas Econ\u00f3micas e Empresariais","isPartOf":{"@id":"https:\/\/nipe.eeg.uminho.pt\/en\/#website"},"datePublished":"2021-11-15T14:14:03+00:00","dateModified":"2023-03-14T11:18:17+00:00","breadcrumb":{"@id":"https:\/\/nipe.eeg.uminho.pt\/en\/nipe-summer-school-2023\/#breadcrumb"},"inLanguage":"en-US","potentialAction":[{"@type":"ReadAction","target":["https:\/\/nipe.eeg.uminho.pt\/en\/nipe-summer-school-2023\/"]}]},{"@type":"BreadcrumbList","@id":"https:\/\/nipe.eeg.uminho.pt\/en\/nipe-summer-school-2023\/#breadcrumb","itemListElement":[{"@type":"ListItem","position":1,"name":"In\u00edcio","item":"https:\/\/nipe.eeg.uminho.pt\/en\/"},{"@type":"ListItem","position":2,"name":"NIPE Summer School 2023"}]},{"@type":"WebSite","@id":"https:\/\/nipe.eeg.uminho.pt\/en\/#website","url":"https:\/\/nipe.eeg.uminho.pt\/en\/","name":"N\u00facleo de Investiga\u00e7\u00e3o em Pol\u00ed\u200bticas Econ\u00f3micas e Empresariais","description":"Escola de Economia e Gest\u00e3o da UMinho","publisher":{"@id":"https:\/\/nipe.eeg.uminho.pt\/en\/#organization"},"potentialAction":[{"@type":"SearchAction","target":{"@type":"EntryPoint","urlTemplate":"https:\/\/nipe.eeg.uminho.pt\/en\/?s={search_term_string}"},"query-input":{"@type":"PropertyValueSpecification","valueRequired":true,"valueName":"search_term_string"}}],"inLanguage":"en-US"},{"@type":"Organization","@id":"https:\/\/nipe.eeg.uminho.pt\/en\/#organization","name":"NIPE U.MINHO","url":"https:\/\/nipe.eeg.uminho.pt\/en\/","logo":{"@type":"ImageObject","inLanguage":"en-US","@id":"https:\/\/nipe.eeg.uminho.pt\/en\/#\/schema\/logo\/image\/","url":"https:\/\/nipe.eeg.uminho.pt\/wp-content\/uploads\/2021\/02\/NIPE-logo-principal_hover_retina.jpg","contentUrl":"https:\/\/nipe.eeg.uminho.pt\/wp-content\/uploads\/2021\/02\/NIPE-logo-principal_hover_retina.jpg","width":320,"height":320,"caption":"NIPE U.MINHO"},"image":{"@id":"https:\/\/nipe.eeg.uminho.pt\/en\/#\/schema\/logo\/image\/"}}]}},"_links":{"self":[{"href":"https:\/\/nipe.eeg.uminho.pt\/en\/wp-json\/wp\/v2\/pages\/23460","targetHints":{"allow":["GET"]}}],"collection":[{"href":"https:\/\/nipe.eeg.uminho.pt\/en\/wp-json\/wp\/v2\/pages"}],"about":[{"href":"https:\/\/nipe.eeg.uminho.pt\/en\/wp-json\/wp\/v2\/types\/page"}],"author":[{"embeddable":true,"href":"https:\/\/nipe.eeg.uminho.pt\/en\/wp-json\/wp\/v2\/users\/17"}],"replies":[{"embeddable":true,"href":"https:\/\/nipe.eeg.uminho.pt\/en\/wp-json\/wp\/v2\/comments?post=23460"}],"version-history":[{"count":11,"href":"https:\/\/nipe.eeg.uminho.pt\/en\/wp-json\/wp\/v2\/pages\/23460\/revisions"}],"predecessor-version":[{"id":24314,"href":"https:\/\/nipe.eeg.uminho.pt\/en\/wp-json\/wp\/v2\/pages\/23460\/revisions\/24314"}],"wp:attachment":[{"href":"https:\/\/nipe.eeg.uminho.pt\/en\/wp-json\/wp\/v2\/media?parent=23460"}],"curies":[{"name":"wp","href":"https:\/\/api.w.org\/{rel}","templated":true}]}}