{"id":17055,"date":"2021-11-15T15:00:30","date_gmt":"2021-11-15T14:00:30","guid":{"rendered":"https:\/\/nipe.eeg.uminho.pt\/?page_id=17055"},"modified":"2021-11-15T15:00:31","modified_gmt":"2021-11-15T14:00:31","slug":"nipe-summer-school-2021","status":"publish","type":"page","link":"https:\/\/nipe.eeg.uminho.pt\/en\/nipe-summer-school-2021\/","title":{"rendered":"NIPE Summer School 2021"},"content":{"rendered":"<div class=\"wpb-content-wrapper\"><p>[vc_row full_width=&#8221;stretch_row&#8221; gap=&#8221;0&#8243; equal_height=&#8221;yes&#8221; content_placement=&#8221;middle&#8221; bg_position=&#8221;center center&#8221; bg_attachment=&#8221;fixed&#8221; enable_overlay=&#8221;enable_overlay_value&#8221; overlay_color=&#8221;rgba(0,0,0,0.25)&#8221; css=&#8221;.vc_custom_1622654117880{padding-top: 80px !important;padding-right: 100px !important;padding-bottom: 0px !important;padding-left: 100px !important;background-image: url(https:\/\/nipe.eeg.uminho.pt\/wp-content\/uploads\/2021\/05\/banner.jpg?id=14157) !important;background-position: center !important;background-repeat: no-repeat !important;background-size: cover !important;}&#8221; el_class=&#8221;page-banner&#8221; overlay_bg=&#8221;rgba(0, 0, 0, 0.67)&#8221;][vc_column el_class=&#8221;container&#8221;]<div id=\"ultimate-heading-72126a99a38e121dc\" class=\"uvc-heading ult-adjust-bottom-margin ultimate-heading-72126a99a38e121dc uvc-4443 page-banner-title\" data-hspacer=\"no_spacer\"  data-halign=\"left\" style=\"text-align:left\"><div class=\"uvc-heading-spacer no_spacer\" style=\"top\"><\/div><div class=\"uvc-main-heading ult-responsive\"  data-ultimate-target='.uvc-heading.ultimate-heading-72126a99a38e121dc span'  data-responsive-json-new='{\"font-size\":\"\",\"line-height\":\"\"}' ><span style=\"font-weight:normal;\">NIPE SUMMER SCHOOL | 17thEdition<\/span><\/div><\/div><div id=\"ultimate-heading-67296a99a38e12248\" class=\"uvc-heading ult-adjust-bottom-margin ultimate-heading-67296a99a38e12248 uvc-8537 page-banner-main-title\" data-hspacer=\"no_spacer\"  data-halign=\"left\" style=\"text-align:left\"><div class=\"uvc-heading-spacer no_spacer\" style=\"top\"><\/div><div class=\"uvc-main-heading ult-responsive\"  data-ultimate-target='.uvc-heading.ultimate-heading-67296a99a38e12248 h1'  data-responsive-json-new='{\"font-size\":\"\",\"line-height\":\"\"}' ><h1 style=\"font-weight:normal;\">Econometrics of Survey Data, Stratification, and Clustering<\/h1><\/div><div class=\"uvc-sub-heading ult-responsive\"  data-ultimate-target='.uvc-heading.ultimate-heading-67296a99a38e12248 .uvc-sub-heading '  data-responsive-json-new='{\"font-size\":\"\",\"line-height\":\"\"}'  style=\"font-weight:normal;\">with Manuel Arellano<\/p>\n<p><\/div><\/div>[vc_column_text el_class=&#8221;page-banner-content&#8221;]16 TO 19 JUNE 2021<br \/>\nUNIVERSITY OF MINHO | BRAGA &#8211; PORTUGAL<\/p>\n<p>[\/vc_column_text][vc_btn title=&#8221;NIPE Summer School Program&#8221; style=&#8221;classic&#8221; align=&#8221;right&#8221; i_type=&#8221;typicons&#8221; i_icon_typicons=&#8221;typcn typcn-download&#8221; css_animation=&#8221;none&#8221; add_icon=&#8221;true&#8221; link=&#8221;url:http%3A%2F%2Fwww3.eeg.uminho.pt%2Feconomia%2Fnipe%2Fsummerschool2021%2FNIPE-Summer-School-Arellano-2021-outline.pdf|target:_blank|rel:nofollow&#8221; el_class=&#8221;button-see-more&#8221;][vc_btn title=&#8221;Registration and fees&#8221; style=&#8221;classic&#8221; align=&#8221;right&#8221; i_type=&#8221;typicons&#8221; i_icon_typicons=&#8221;typcn typcn-arrow-sorted-down&#8221; css_animation=&#8221;none&#8221; add_icon=&#8221;true&#8221; link=&#8221;url:%23registration-and-fees&#8221; el_class=&#8221;button-see-more&#8221;][\/vc_column][\/vc_row][vc_row css=&#8221;.vc_custom_1622452233361{margin-top: 60px !important;}&#8221;][vc_column]<div id=\"ultimate-heading-63866a99a38e1228f\" class=\"uvc-heading ult-adjust-bottom-margin ultimate-heading-63866a99a38e1228f uvc-1039 section-title\" data-hspacer=\"no_spacer\"  data-halign=\"left\" style=\"text-align:left\"><div class=\"uvc-heading-spacer no_spacer\" style=\"top\"><\/div><div class=\"uvc-main-heading ult-responsive\"  data-ultimate-target='.uvc-heading.ultimate-heading-63866a99a38e1228f h2'  data-responsive-json-new='{\"font-size\":\"\",\"line-height\":\"\"}' ><h2 style=\"font-weight:normal;\">About Manuel Arellano<\/h2><\/div><\/div>[\/vc_column][\/vc_row][vc_row content_placement=&#8221;top&#8221;][vc_column width=&#8221;1\/4&#8243;][vc_single_image image=&#8221;14889&#8243; img_size=&#8221;full&#8221;][vc_btn title=&#8221;More information&#8221; style=&#8221;classic&#8221; link=&#8221;url:https%3A%2F%2Fwww.cemfi.es%2F~arellano%2F|target:_blank|rel:nofollow&#8221; el_class=&#8221;button-see-more&#8221; css=&#8221;.vc_custom_1622455184260{margin-top: 10px !important;}&#8221;][\/vc_column][vc_column width=&#8221;3\/4&#8243;][vc_column_text]Manuel Arellano (Elda, Spain 1957) has been a Professor of Economics at CEMFI in Madrid since 1991. Prior to that, he held appointments at the University of Oxford and the London School of Economics.<\/p>\n<p>He is a graduate from the University of Barcelona and holds a Ph.D. from the London School of Economics.<br \/>\nHe has served as Editor of the Review of Economic Studies, Co-Editor of the Journal of Applied Econometrics, and Co-Chair of the World Congress of the Econometric Society.<br \/>\nHe currently serves as a member of the ERC Scientific Council.<\/p>\n<p>He is a Fellow of the Econometric Society and a Foreign Honorary Member of the American Academy of Arts and Sciences.<br \/>\nHe has been President of the Econometric Society (2014), President of the European Economic Association (2013), and President of the Spanish Economic Association (2003).<\/p>\n<p>He has published many research papers on topics in econometrics and labour economics, in particular on the analysis of panel data, being named a Clarivate Citation Laureate in Economics (2018).<br \/>\nHe is the author of Panel Data Econometrics (Oxford University Press 2003). He has received the Rey Jaime I Prize in Economics (2012).[\/vc_column_text][\/vc_column][\/vc_row][vc_row css=&#8221;.vc_custom_1622452243345{margin-top: 60px !important;margin-bottom: 40px !important;}&#8221;][vc_column]<div id=\"ultimate-heading-86746a99a38e122d0\" class=\"uvc-heading ult-adjust-bottom-margin ultimate-heading-86746a99a38e122d0 uvc-6583 section-title\" data-hspacer=\"no_spacer\"  data-halign=\"left\" style=\"text-align:left\"><div class=\"uvc-heading-spacer no_spacer\" style=\"top\"><\/div><div class=\"uvc-main-heading ult-responsive\"  data-ultimate-target='.uvc-heading.ultimate-heading-86746a99a38e122d0 h2'  data-responsive-json-new='{\"font-size\":\"\",\"line-height\":\"\"}' ><h2 style=\"font-weight:normal;\">About the course<\/h2><\/div><\/div>[vc_single_image image=&#8221;14154&#8243; img_size=&#8221;full&#8221; image_max_width=&#8221;100%&#8221; el_class=&#8221;image-nipe-summer-school-banner&#8221;][vc_column_text]<\/p>\n<p align=\"justify\">The 17th Edition of the NIPE Summer School in Econometrics will run between June 16 to June 19, 2021. &#8220;Econometrics of Survey Data, Stratification, and Clustering&#8221; is the selected topic for this edition, and the course will be taught by Manuel Arellano, from the Center for Monetary and Financial Studies (CEMFI) &#8211; Madrid.<\/p>\n<p align=\"justify\">Stratification and clustering are central themes in survey methodology, but in reinterpreted form they are also important for other types of data sets, such as administrative records, group-level and spatial data, experimental data, and subjective expectations. The course will review established methods in the econometrics of stratification and clustering, together with some recent advances in the analysis of clustered and panel survey data sets.<\/p>\n<p align=\"justify\">Given the heterogeneous epidemiological circumstances across countries, and the uncertainty associated with it, this year our course will be online.<\/p>\n<p align=\"justify\">The course has a duration of approximately 20hours and runs over 3 days 16, 17, and 18 June morning and afternoon (9am-5pm [BST], with time to chat with the instructor, and breaks for coffee and lunch). On the 19th of June, Professor Manuel Arellano will give a seminar in the morning.<\/p>\n<p>We look forward to welcoming you in Braga![\/vc_column_text][\/vc_column][\/vc_row][vc_row el_class=&#8221;row-organization&#8221;][vc_column width=&#8221;1\/3&#8243;]<div id=\"ld_content_box_6a99a38e123b3\" class=\"fancy-box fancy-box-classic ld_content_box_6a99a38e123b3\">\r\n\t\r\n\t<div class=\"cb-img-container mb-4\">\r\n\r\n\t\t<figure class=\"fancy-box-image\"><img loading=\"lazy\" decoding=\"async\" width=\"250\" height=\"236\" src=\"https:\/\/nipe.eeg.uminho.pt\/wp-content\/uploads\/2021\/05\/priscila-ferreira.png\" class=\"attachment-full size-full\" alt=\"\" \/><\/figure>\t\t\t\t\r\n\t\t\r\n\t<\/div><!-- \/.cb-img-container -->\r\n\r\n\t<div class=\"fancy-box-contents\">\r\n\t\t\r\n\t\t<div class=\"fancy-box-header\">\r\n\t\t\t<h3>Organizer<\/h3>\t\t\t<p>Priscila Ferreira<\/p>\n<p><strong>E-mail:<\/strong> priscila@eeg.uminho.pt<br \/>\n<strong>Phone:<\/strong> +351 253 601 938<\/p>\n\t\t<\/div><!-- \/.fancy-box-header -->\r\n\t\t\r\n\t\t\t\t\r\n\t<\/div><!-- \/.fancy-box-contents -->\r\n\t\r\n\t\t\r\n<\/div><!-- \/.fancy-box fancy-box-classes -->[vc_btn title=&#8221;More information&#8221; style=&#8221;classic&#8221; align=&#8221;left&#8221; link=&#8221;url:https%3A%2F%2Fnipe.eeg.uminho.pt%2Fpeople%2Fpriscila-ferreira%2F|target:_blank&#8221; el_class=&#8221;button-see-more&#8221;][\/vc_column][vc_column width=&#8221;1\/3&#8243;]<div id=\"ld_content_box_6a99a38e12ba5\" class=\"fancy-box fancy-box-classic ld_content_box_6a99a38e12ba5\">\r\n\t\r\n\t<div class=\"cb-img-container mb-4\">\r\n\r\n\t\t<figure class=\"fancy-box-image\"><img loading=\"lazy\" decoding=\"async\" width=\"235\" height=\"222\" src=\"https:\/\/nipe.eeg.uminho.pt\/wp-content\/uploads\/2021\/05\/susana-figueiredo-1.png\" class=\"attachment-full size-full\" alt=\"\" \/><\/figure>\t\t\t\t\r\n\t\t\r\n\t<\/div><!-- \/.cb-img-container -->\r\n\r\n\t<div class=\"fancy-box-contents\">\r\n\t\t\r\n\t\t<div class=\"fancy-box-header\">\r\n\t\t\t<h3>Staff<\/h3>\t\t\t<p>Susana Figueiredo<\/p>\n<p><strong>E-mail:<\/strong> nipe@eeg.uminho.pt<br \/>\n<strong>Phone:<\/strong> +351 253 604 518<\/p>\n\t\t<\/div><!-- \/.fancy-box-header -->\r\n\t\t\r\n\t\t\t\t\r\n\t<\/div><!-- \/.fancy-box-contents -->\r\n\t\r\n\t\t\r\n<\/div><!-- \/.fancy-box fancy-box-classes -->[vc_btn title=&#8221;More information&#8221; style=&#8221;classic&#8221; align=&#8221;left&#8221; link=&#8221;url:https%3A%2F%2Fnipe.eeg.uminho.pt%2Fpeople%2Fsusana-figueiredo%2F|target:_blank&#8221; el_class=&#8221;button-see-more&#8221;][\/vc_column][\/vc_row][vc_row css=&#8221;.vc_custom_1622654293914{margin-top: 60px !important;}&#8221; el_id=&#8221;registration-and-fees&#8221;][vc_column]<div id=\"ultimate-heading-34766a99a38e12f7b\" class=\"uvc-heading ult-adjust-bottom-margin ultimate-heading-34766a99a38e12f7b uvc-9804 section-title\" data-hspacer=\"no_spacer\"  data-halign=\"left\" style=\"text-align:left\"><div class=\"uvc-heading-spacer no_spacer\" style=\"top\"><\/div><div class=\"uvc-main-heading ult-responsive\"  data-ultimate-target='.uvc-heading.ultimate-heading-34766a99a38e12f7b h2'  data-responsive-json-new='{\"font-size\":\"\",\"line-height\":\"\"}' ><h2 style=\"font-weight:normal;\">Registration and Fees<\/h2><\/div><\/div>[vc_tta_tabs active_section=&#8221;1&#8243; no_fill_content_area=&#8221;true&#8221;][vc_tta_section title=&#8221;Registration&#8221; tab_id=&#8221;ld-1622450800206-5eec8234-9e5d&#8221;][vc_column_text css=&#8221;.vc_custom_1623767166279{margin-bottom: 30px !important;}&#8221;]<div class=\"response-ajax\"><\/div><form class=\"summerschool-registration\"><div class=\"summerschool-registration-box\"><input type=\"hidden\" name=\"action\" value=\"mail_summerschool\"><input type=\"hidden\" name=\"ano_inscricao\" value=\"summer-school-2026\"><input required type=\"text\" placeholder=\"Full name\" name=\"nome\"><input required type=\"text\" placeholder=\"Education\" name=\"educacao\"><input required type=\"text\" placeholder=\"Ocupation and Organization\" name=\"ocupacao\"><input required type=\"text\" placeholder=\"Research interests\" name=\"interesses\"><input required type=\"text\" placeholder=\"Address\" name=\"morada\"><input required type=\"text\" placeholder=\"Telephone contact\" name=\"telefone\"><input required type=\"email\" placeholder=\"E-mail\" name=\"email\"><\/div><div class=\"agroup-type\"><h3>CV Upload<\/h3><input type=\"file\" accept=\"application\/pdf\" name=\"curriculo\" id=\"curriculo\" placeholder=\"Upload your file (pdf)\" class=\"input curriculo_recrutamento input-anexo\">\r\n            <label for=\"curriculo\" class=\"btn-tertiary\">\r\n            <span class=\"js-fileName\">Upload your file (pdf)<\/span>\r\n        <\/label><\/div><div class=\"agroup-type\"><h3>Registration type<\/h3><label><input type=\"radio\" class=\"normal-type\" name=\"registration\" value=\"Normal\">Normal<\/label><label><input class=\"student-type\" type=\"radio\" name=\"registration\" value=\"Student\">Student<\/label><\/div><div class=\"student-upload\"><div class=\"agroup-type\"><h3>Students need to provide a letter from their advisor confirming their student status.<\/h3><input type=\"file\" accept=\"application\/pdf\" name=\"student_file\" id=\"student_file\" placeholder=\"Students need to provide a letter from their advisor confirming their student status\" class=\"input student_file input-anexo\">\r\n            <label for=\"student_file\" class=\"btn-tertiary\">\r\n            <span class=\"js-fileName\">Upload your file (pdf)<\/span>\r\n        <\/label><\/div><\/div><div class=\"agroup-privacy\"><div class=\"checkbox-terms\">\r\n                    <input type=\"checkbox\" class=\"\" name=\"politicaprivacidade\" id=\"termospp_check\">\r\n                    <input type=\"text\" hidden=\"true\"  name=\"termos\" value=\"\" id=\"termos\">\r\n                    <label class=\"checkboxlabel\" for=\"termospp_check\">\r\n                        <span><\/span><p>I've read and accept <a target=\"_blank\" href=\"https:\/\/www.uminho.pt\/EN\/uminho\/data-protection\/Pages\/personal-data-protection-principles.aspx\">privacy policy<\/a>.<\/p><\/label><\/div><div class=\"checkbox-terms\">\r\n                    <input type=\"checkbox\" class=\"\" name=\"capturadeimagens\" id=\"termosimg_check\">\r\n                    <input type=\"text\" hidden=\"true\"  name=\"termos_images\" value=\"\" id=\"termosimages\">\r\n                    <label class=\"checkboxlabel\" for=\"termosimg_check\">\r\n                        <span><\/span><p>I authorize image capture for promotion.<\/p><\/label><\/div><div class=\"checkbox-terms\">\r\n                    <input type=\"checkbox\" class=\"\" name=\"eventossimilares\" id=\"termosev_check\">\r\n                    <input type=\"text\" hidden=\"true\"  name=\"termos_eventos\" value=\"\" id=\"termoseventos\">\r\n                    <label class=\"checkboxlabel\" for=\"termosev_check\">\r\n                        <span><\/span><p>I want to receive more information about similar events.<\/p><\/label><\/div><\/div><button type=\"submit\" class=\"btn-submit\">Send<\/button><\/form>[\/vc_column_text][vc_column_text]We will reply to your message with instructions on how to proceed with the payment of the registration fee.<\/p>\n<p>NIPE\/EEG informs that photographs and\/or video will be taken at this event for academic activity reporting purposes.<br \/>\n<a href=\"https:\/\/www.uminho.pt\/EN\/uminho\/data-protection\/Pages\/personal-data-protection-principles.aspx\">Personal data treatment and privacy policy<\/a>[\/vc_column_text][\/vc_tta_section][vc_tta_section title=&#8221;Important dates&#8221; tab_id=&#8221;ld-1622450800448-ea149210-ae70&#8243;][vc_column_text]<strong>Early registration<\/strong>: January 20th &#8211; May 14th, 2021<br \/>\n<strong>Late registration<\/strong>: May 15th &#8211; June 5th, 2021[\/vc_column_text][\/vc_tta_section][vc_tta_section title=&#8221;Online course fees&#8221; tab_id=&#8221;ld-1622450803321-f54459e5-9459&#8243;][vc_column_text el_class=&#8221;page-about-content&#8221;]<\/p>\n<div class=\"table-responsive-page\">\n<table>\n<thead><\/thead>\n<tbody>\n<tr>\n<td><strong>Early registration<\/strong>: 475\u20ac<\/td>\n<td><strong>Late registration<\/strong>: 525\u20ac<\/td>\n<\/tr>\n<tr>\n<td><strong>Students* (PhD, Master) early registration<\/strong>: 400\u20ac<\/td>\n<td><strong>Students* (PhD, Master) late registration<\/strong>: 450\u20ac<\/td>\n<\/tr>\n<\/tbody>\n<tfoot><\/tfoot>\n<\/table>\n<\/div>\n<p>* Students need to provide a letter from their advisor confirming their student status<br \/>\n* The registration fee includes the course materials<\/p>\n<p>Cancelation fee: 50\u20ac, only until 27th May, 2021<\/p>\n<p>[\/vc_column_text][\/vc_tta_section][\/vc_tta_tabs][\/vc_column][\/vc_row][vc_row responsive_css=&#8221;margin_top_large:60px|margin_bottom_large:60px&#8221; css=&#8221;.vc_custom_1622452270298{margin-top: 60px !important;}&#8221;][vc_column]<div id=\"ultimate-heading-52226a99a38e1326e\" class=\"uvc-heading ult-adjust-bottom-margin ultimate-heading-52226a99a38e1326e uvc-9850 section-title\" data-hspacer=\"no_spacer\"  data-halign=\"left\" style=\"text-align:left\"><div class=\"uvc-heading-spacer no_spacer\" style=\"top\"><\/div><div class=\"uvc-main-heading ult-responsive\"  data-ultimate-target='.uvc-heading.ultimate-heading-52226a99a38e1326e h2'  data-responsive-json-new='{\"font-size\":\"\",\"line-height\":\"\"}' ><h2 style=\"font-weight:normal;\">Pratical Information<\/h2><\/div><\/div>[vc_tta_tabs active_section=&#8221;1&#8243; no_fill_content_area=&#8221;true&#8221;][vc_tta_section title=&#8221;How to Reach&#8221; tab_id=&#8221;1622216363384-8dd671f1-ce86&#8243;][vc_column_text css=&#8221;.vc_custom_1622453392918{margin-bottom: 40px !important;}&#8221;]The summer school will take place at the School of Economics and Management, University of Minho, Braga, Portugal. EEG-UMinho was founded on 10 March 1982. It is an organic unit of education, research and interaction with society.<\/p>\n<p>It focus on activities ranging from the sciences of economics to business administration and political science and international relations, and other related areas. It offers 8 Bachelor Programmes, 14 Master Programmes and 5 PhD Programmes, accounting for approximately 2500 students. The School is widely recognised for the quality of its research: it integrates 2 Research Units, one of which achieved a maximum rating of &#8220;Excellent&#8221; by the Portuguese Foundation for Science and Technology (FCT).<\/p>\n<p>[\/vc_column_text][vc_gmaps link=&#8221;#E-8_JTNDaWZyYW1lJTIwc3JjJTNEJTIyaHR0cHMlM0ElMkYlMkZ3d3cuZ29vZ2xlLmNvbSUyRm1hcHMlMkZlbWJlZCUzRnBiJTNEJTIxMW0xNCUyMTFtOCUyMTFtMyUyMTFkMjM4ODQuMzQxMzEzNDIzMjQzJTIxMmQtOC40MjczMTQ5JTIxM2Q0MS41NTc0OTg1JTIxM20yJTIxMWkxMDI0JTIxMmk3NjglMjE0ZjEzLjElMjEzbTMlMjExbTIlMjExczB4ZDI0ZmMyNzlkYjczMTY1JTI1M0EweDc1MzI5MGIwZDFiNzYzZjAlMjEyc1VuaXZlcnNpZGFkZSUyNTIwZG8lMjUyME1pbmhvJTI1MjAtJTI1MjBDYW1wdXMlMjUyMGRlJTI1MjBHdWFsdGFyJTIxNWUwJTIxM20yJTIxMXNwdC1QVCUyMTJzcHQlMjE0djE2MjI0NTAxNDkzMTglMjE1bTIlMjExc3B0LVBUJTIxMnNwdCUyMiUyMHdpZHRoJTNEJTIyNjAwJTIyJTIwaGVpZ2h0JTNEJTIyNDUwJTIyJTIwc3R5bGUlM0QlMjJib3JkZXIlM0EwJTNCJTIyJTIwYWxsb3dmdWxsc2NyZWVuJTNEJTIydHJ1ZSUyMiUyMGxvYWRpbmclM0QlMjJsYXp5JTIyJTNFJTNDJTJGaWZyYW1lJTNF&#8221;][\/vc_tta_section][vc_tta_section title=&#8221;Hotels&#8221; tab_id=&#8221;1622216482638-6e48f861-678d&#8221;][vc_row_inner el_class=&#8221;row-hotels&#8221;][vc_column_inner width=&#8221;1\/5&#8243;][vc_single_image image=&#8221;14357&#8243; img_size=&#8221;full&#8221;][vc_btn title=&#8221;More information&#8221; style=&#8221;classic&#8221; link=&#8221;url:https%3A%2F%2Fwww.meliabraga.com%2Fpt-pt%2F|target:_blank|rel:nofollow&#8221; el_class=&#8221;button-see-more&#8221;][\/vc_column_inner][vc_column_inner width=&#8221;1\/5&#8243;][vc_single_image image=&#8221;14359&#8243; img_size=&#8221;full&#8221;][vc_btn title=&#8221;More information&#8221; style=&#8221;classic&#8221; link=&#8221;url:http%3A%2F%2Fwww.bracaraaugusta.com%2F|target:_blank|rel:nofollow&#8221; el_class=&#8221;button-see-more&#8221;][\/vc_column_inner][vc_column_inner width=&#8221;1\/5&#8243;][vc_single_image image=&#8221;14361&#8243; img_size=&#8221;full&#8221;][vc_btn title=&#8221;More information&#8221; style=&#8221;classic&#8221; link=&#8221;url:https%3A%2F%2Fhoteldonasofia.com%2Fhotelds%2F|target:_blank|rel:nofollow&#8221; el_class=&#8221;button-see-more&#8221;][\/vc_column_inner][vc_column_inner width=&#8221;1\/5&#8243;][vc_single_image image=&#8221;14363&#8243; img_size=&#8221;full&#8221;][vc_btn title=&#8221;More information&#8221; style=&#8221;classic&#8221; link=&#8221;url:https%3A%2F%2Fwww.hoteisbomjesus.pt%2F|target:_blank|rel:nofollow&#8221; el_class=&#8221;button-see-more&#8221;][\/vc_column_inner][vc_column_inner width=&#8221;1\/5&#8243;][vc_single_image image=&#8221;14365&#8243; img_size=&#8221;full&#8221;][vc_btn title=&#8221;More information&#8221; style=&#8221;classic&#8221; link=&#8221;url:https%3A%2F%2Fwww.hoteisbomjesus.pt%2Fhotel-do-lago-em-braga%2F|target:_blank|rel:nofollow&#8221; el_class=&#8221;button-see-more&#8221;][\/vc_column_inner][vc_column_inner width=&#8221;1\/5&#8243;][vc_single_image image=&#8221;14915&#8243; img_size=&#8221;full&#8221;][vc_btn title=&#8221;More information&#8221; style=&#8221;classic&#8221; link=&#8221;url:https%3A%2F%2Fwww.hotel-bb.com%2Fes%2Fhotel%2Fbraga-lamacaes|target:_blank|rel:nofollow&#8221; el_class=&#8221;button-see-more&#8221;][\/vc_column_inner][vc_column_inner width=&#8221;1\/5&#8243;][vc_single_image image=&#8221;14917&#8243; img_size=&#8221;full&#8221;][vc_btn title=&#8221;More information&#8221; style=&#8221;classic&#8221; link=&#8221;url:http%3A%2F%2Fhotelsrabranca.pt%2Fhotel%2F|target:_blank|rel:nofollow&#8221; el_class=&#8221;button-see-more&#8221;][\/vc_column_inner][vc_column_inner width=&#8221;1\/5&#8243;][vc_single_image image=&#8221;14919&#8243; img_size=&#8221;full&#8221;][vc_btn title=&#8221;More information&#8221; style=&#8221;classic&#8221; link=&#8221;url:https%3A%2F%2Fwww.axishoteis.com%2Fpt%2FAxis-Hoteis%2FHoteis%2FBasic-Braga-by-Axis%2FO-Hotel.aspx|target:_blank|rel:nofollow&#8221; el_class=&#8221;button-see-more&#8221;][\/vc_column_inner][vc_column_inner width=&#8221;1\/5&#8243;][vc_single_image image=&#8221;14921&#8243; img_size=&#8221;full&#8221;][vc_btn title=&#8221;More information&#8221; style=&#8221;classic&#8221; link=&#8221;url:https%3A%2F%2Fmercure.accor.com%2Fpt%2Fportugal%2Findex.shtml|target:_blank|rel:nofollow&#8221; el_class=&#8221;button-see-more&#8221;][\/vc_column_inner][vc_column_inner width=&#8221;1\/5&#8243;][vc_single_image image=&#8221;14923&#8243; img_size=&#8221;full&#8221;][vc_btn title=&#8221;More information&#8221; style=&#8221;classic&#8221; link=&#8221;url:http%3A%2F%2Fwww.oldcitygh.com%2F%3Ffbclid%3DIwAR244q_3UQaRgRt84MC6ekAzAF1tT9rIkU8Lx-pAu3abgl4V1nmh3r9QVfY|target:_blank|rel:nofollow&#8221; el_class=&#8221;button-see-more&#8221;][\/vc_column_inner][\/vc_row_inner][\/vc_tta_section][vc_tta_section title=&#8221;Travel&#8221; tab_id=&#8221;1622216363474-5e3a44e3-abc5&#8243;][vc_column_text el_class=&#8221;page-about-content&#8221;]The closest airport to Braga is Francisco S\u00e1 Carneiro Airport, in Porto, which stands some 45 Km away from Braga. For GPS users, the coordinates to UMinho are (according to Google Earth): 41\u00b033&#8217;41.00&#8243;N and 8\u00b023&#8217;54.45&#8243;W.<\/p>\n<p>The easiest way to get to Braga is by using the \u201cget Bus\u201d, which does daily transfers from the Francisco S\u00e1 Carneiro Airport to Braga.<\/p>\n<p>Note that as an alternative, you can take the subway, Line Violeta to Campanh\u00e3 Station [about 33 minutes, between 6am and 1:30am]. From there you should get the train to Braga. Information on train prices and timetables can be found in the CP website. Braga train station is 5 minutes walking distance from the city centre.<\/p>\n<p>From Porto airport to Braga participants can also:<\/p>\n<ul>\n<li>rent a car<\/li>\n<li>take a taxi<\/li>\n<li>a bus service is also available from downtown Porto (Rua Alfredo Magalhaes)<\/li>\n<\/ul>\n<p>[\/vc_column_text][\/vc_tta_section][vc_tta_section title=&#8221;About Braga&#8221; tab_id=&#8221;1622216510476-ef43970f-8f07&#8243;][vc_btn title=&#8221;Visit Braga&#8221; style=&#8221;classic&#8221; link=&#8221;url:https%3A%2F%2Fvisitbraga.travel%2F|target:_blank|rel:nofollow&#8221; el_class=&#8221;button-see-more&#8221;][\/vc_tta_section][vc_tta_section title=&#8221;Accommodations&#8221; tab_id=&#8221;1622221174834-091a5e7f-0d80&#8243;][vc_column_text]We have negotiated rates with several hotels in Braga.<\/p>\n<p>In order to benefit from these special prices, participants should analyse the table below and contact the hotels directly and book the room until May 15th, mentioning that they are attending NIPE\u2019s Summer School at the University of Minho.[\/vc_column_text][vc_column_text]<\/p>\n<div class=\"table-responsive-page\">\n<table class=\"alt\">\n<thead>\n<tr>\n<th>Hotel Name<\/th>\n<th>Single<\/th>\n<th>Double<\/th>\n<th>Location<\/th>\n<th>Notes<\/th>\n<\/tr>\n<\/thead>\n<tbody>\n<tr>\n<td>Hotel Meli\u00e3*****<\/td>\n<td>\u20ac81<\/td>\n<td>\u20ac 91<\/td>\n<td>Near University (5 min walking distance)<\/td>\n<td>Including breakfast.<\/td>\n<\/tr>\n<tr>\n<td>Albergaria Bracara Augusta****<\/td>\n<td>\u20ac 69<\/td>\n<td>\u20ac 89<\/td>\n<td>City centre<\/td>\n<td>Including breakfast. Parking only available in the evening.<\/td>\n<\/tr>\n<tr>\n<td>Hotel Dona Sofia***<\/td>\n<td>\u20ac 43<\/td>\n<td>\u20ac 55<\/td>\n<td>City centre<\/td>\n<td>Including breakfast.<\/td>\n<\/tr>\n<tr>\n<td>Hotel do Bom Jesus**** (Hotel do Parque, Hotel do Elevador and Hotel do Templo)<\/td>\n<td>\u20ac 56<\/td>\n<td>\u20ac 68<\/td>\n<td>Bom Jesus Mountain (10 min by car)<\/td>\n<td>Including breakfast. Tourist tax 1.50\u20ac, per day.<\/td>\n<\/tr>\n<tr>\n<td>Hotel do Lago and Hotel Jo\u00e3o Paulo II ***<\/td>\n<td>\u20ac 39<\/td>\n<td>\u20ac 46<\/td>\n<td>Bom Jesus Mountain (10 min by car)<\/td>\n<td>Including breakfast. Tourist tax 1.50\u20ac, per day.<\/td>\n<\/tr>\n<tr>\n<td>B&amp;B Hotel Braga Lama\u00e7\u00e3es ***<\/td>\n<td>\u20ac-<\/td>\n<td>\u20ac-<\/td>\n<td>Near University (10 min walking distance)<\/td>\n<td>10% discount on all the prices marked on their website. In order to benefit from this discount, participants should mention that they are attending NIPE\u2019s Summer School.<\/td>\n<\/tr>\n<tr>\n<td>Hotel Senhora-a-Branca***<\/td>\n<td>\u20ac 36<\/td>\n<td>\u20ac 50<\/td>\n<td>City centre<\/td>\n<td>Including breakfast. Tourist tax 1.50\u20ac, per day.<\/td>\n<\/tr>\n<tr>\n<td>Basic Braga by Axis***<\/td>\n<td>\u20ac 35<\/td>\n<td>\u20ac 45<\/td>\n<td>Braga train station (buses running to and from the university of Minho every 15 minutes).<\/td>\n<td>45 \u20ac for a twin bedroom and 65 \u20ac for a triple bedroom (including breakfast). In order to benefit from this discount, participants should mention that they are attending a NIPE\u2019s Summer School. Tourist tax 1.50\u20ac per day. Reservations:<a href=\"mailto:reservas@basichotelbraga.com\">reservas@basichotelbraga.com<\/a><\/td>\n<\/tr>\n<tr>\n<td>Mercure Braga Centro<\/td>\n<td>\u20ac 69<\/td>\n<td>\u20ac 78<\/td>\n<td>City centre<\/td>\n<td>Including breakfast. Tourist tax 1.50\u20ac, per day.<\/td>\n<\/tr>\n<tr>\n<td>Old City Guest House<\/td>\n<td>\u20ac &#8211;<\/td>\n<td>\u20ac-<\/td>\n<td>City centre<\/td>\n<td>10% discount on all the prices marked on their website<br \/>\nIn order to benefit from this discount, participants should mention that they are attending NIPE\u2019s Summer School<br \/>\nReservations:<a href=\"mailto:oldcitygh@gmail.com\">oldcitygh@gmail.com<\/a><\/td>\n<\/tr>\n<\/tbody>\n<\/table>\n<\/div>\n<p>[\/vc_column_text][\/vc_tta_section][\/vc_tta_tabs][\/vc_column][\/vc_row][vc_row css=&#8221;.vc_custom_1622452253243{margin-top: 60px !important;}&#8221;][vc_column]<div id=\"ultimate-heading-53146a99a38e132cb\" class=\"uvc-heading ult-adjust-bottom-margin ultimate-heading-53146a99a38e132cb uvc-2136 section-title\" data-hspacer=\"no_spacer\"  data-halign=\"left\" style=\"text-align:left\"><div class=\"uvc-heading-spacer no_spacer\" style=\"top\"><\/div><div class=\"uvc-main-heading ult-responsive\"  data-ultimate-target='.uvc-heading.ultimate-heading-53146a99a38e132cb h2'  data-responsive-json-new='{\"font-size\":\"\",\"line-height\":\"\"}' ><h2 style=\"font-weight:normal;\">Previous Editions<\/h2><\/div><\/div>[\/vc_column][\/vc_row][vc_row el_class=&#8221;row-previous-summer-school&#8221;][vc_column width=&#8221;1\/5&#8243; css=&#8221;.vc_custom_1623073098438{background-image: url(https:\/\/nipe.eeg.uminho.pt\/wp-content\/uploads\/2021\/05\/projeto-default-1.jpg?id=14211) !important;}&#8221;][vc_single_image image=&#8221;13683&#8243;]\r\n<div id=\"ld_content_box_6a99a38e133aa\" class=\"fancy-box border-radius-3 scheme-light fancy-box-overlay text-center previous-edition-box ld_content_box_6a99a38e133aa\">\r\n\t\r\n\t<div class=\"cb-img-container border-radius-3\">\r\n\t\t\t<\/div><!-- \/.cb-img-container -->\r\n\r\n\t<span class=\"cb-overlay\"><\/span><!-- \/.cb-overlay -->\r\n\r\n\t<div class=\"fancy-box-contents border-radius-3\">\r\n\t\t\r\n\t\t<div class=\"fancy-box-header\">\r\n\t\t\t<span class=\"cb-subtitle text-uppercase ltr-sp-2 border-radius-3\"><p>Matias D. Cattaneo<\/p>\n<\/span>\t\t\t<h3>16th NIPE Summer School<\/h3>\t\t\t<p>Regression Discontinuity Designs<\/p>\n\t\t<\/div><!-- \/.fancy-box-header -->\r\n\t\t\r\n\t\t\r\n\t<\/div><!-- \/.fancy-box-contents -->\r\n\r\n\t<a href=\"http:\/\/www3.eeg.uminho.pt\/economia\/nipe\/summerschool2019\/index.htm\" target=\"_blank\" class=\"liquid-overlay-link\"><\/a>\t\r\n<\/div><!-- \/.fancy-box fancy-box-classes -->[vc_column_text el_class=&#8221;guest-uni&#8221;]Princeton University[\/vc_column_text][\/vc_column][vc_column width=&#8221;1\/5&#8243;][vc_single_image image=&#8221;13692&#8243;]\r\n<div id=\"ld_content_box_6a99a38e13521\" class=\"fancy-box border-radius-3 scheme-light fancy-box-overlay text-center previous-edition-box ld_content_box_6a99a38e13521\">\r\n\t\r\n\t<div class=\"cb-img-container border-radius-3\">\r\n\t\t\t<\/div><!-- \/.cb-img-container -->\r\n\r\n\t<span class=\"cb-overlay\"><\/span><!-- \/.cb-overlay -->\r\n\r\n\t<div class=\"fancy-box-contents border-radius-3\">\r\n\t\t\r\n\t\t<div class=\"fancy-box-header\">\r\n\t\t\t<span class=\"cb-subtitle text-uppercase ltr-sp-2 border-radius-3\"><p>Badi H. Baltagi<\/p>\n<\/span>\t\t\t<h3>15th NIPE Summer School<\/h3>\t\t\t<p>Panel Data Spatial Econometrics<\/p>\n\t\t<\/div><!-- \/.fancy-box-header -->\r\n\t\t\r\n\t\t\r\n\t<\/div><!-- \/.fancy-box-contents -->\r\n\r\n\t<a href=\"http:\/\/www3.eeg.uminho.pt\/economia\/nipe\/summerschool2018\/index.htm\" target=\"_blank\" class=\"liquid-overlay-link\"><\/a>\t\r\n<\/div><!-- \/.fancy-box fancy-box-classes -->[vc_column_text el_class=&#8221;guest-uni&#8221;]Syracuse University[\/vc_column_text][\/vc_column][vc_column width=&#8221;1\/5&#8243;][vc_single_image image=&#8221;10543&#8243;]\r\n<div id=\"ld_content_box_6a99a38e13678\" class=\"fancy-box border-radius-3 scheme-light fancy-box-overlay text-center previous-edition-box ld_content_box_6a99a38e13678\">\r\n\t\r\n\t<div class=\"cb-img-container border-radius-3\">\r\n\t\t\t<\/div><!-- \/.cb-img-container -->\r\n\r\n\t<span class=\"cb-overlay\"><\/span><!-- \/.cb-overlay -->\r\n\r\n\t<div class=\"fancy-box-contents border-radius-3\">\r\n\t\t\r\n\t\t<div class=\"fancy-box-header\">\r\n\t\t\t<span class=\"cb-subtitle text-uppercase ltr-sp-2 border-radius-3\"><p>Roger Koenker<\/p>\n<\/span>\t\t\t<h3>14th NIPE Summer School<\/h3>\t\t\t<p>Advances in Quantile Regression<\/p>\n\t\t<\/div><!-- \/.fancy-box-header -->\r\n\t\t\r\n\t\t\r\n\t<\/div><!-- \/.fancy-box-contents -->\r\n\r\n\t<a href=\"http:\/\/www3.eeg.uminho.pt\/economia\/nipe\/summerschool2017\/index.htm\" target=\"_blank\" class=\"liquid-overlay-link\"><\/a>\t\r\n<\/div><!-- \/.fancy-box fancy-box-classes -->[vc_column_text el_class=&#8221;guest-uni&#8221;]University of Illinois[\/vc_column_text][\/vc_column][vc_column width=&#8221;1\/5&#8243;][vc_single_image image=&#8221;9201&#8243;]\r\n<div id=\"ld_content_box_6a99a38e137ba\" class=\"fancy-box border-radius-3 scheme-light fancy-box-overlay text-center previous-edition-box ld_content_box_6a99a38e137ba\">\r\n\t\r\n\t<div class=\"cb-img-container border-radius-3\">\r\n\t\t\t<\/div><!-- \/.cb-img-container -->\r\n\r\n\t<span class=\"cb-overlay\"><\/span><!-- \/.cb-overlay -->\r\n\r\n\t<div class=\"fancy-box-contents border-radius-3\">\r\n\t\t\r\n\t\t<div class=\"fancy-box-header\">\r\n\t\t\t<span class=\"cb-subtitle text-uppercase ltr-sp-2 border-radius-3\"><p>Yacine Ait-Sahalia<\/p>\n<\/span>\t\t\t<h3>13th NIPE Summer School<\/h3>\t\t\t<p>An Introduction to High Frequency Financial Econometrics and Trading<\/p>\n\t\t<\/div><!-- \/.fancy-box-header -->\r\n\t\t\r\n\t\t\r\n\t<\/div><!-- \/.fancy-box-contents -->\r\n\r\n\t<a href=\"http:\/\/www3.eeg.uminho.pt\/economia\/nipe\/summerschool2016\/\" target=\"_blank\" class=\"liquid-overlay-link\"><\/a>\t\r\n<\/div><!-- \/.fancy-box fancy-box-classes -->[vc_column_text el_class=&#8221;guest-uni&#8221;]Universidade de Princeton, EUA[\/vc_column_text][\/vc_column][vc_column width=&#8221;1\/5&#8243;][vc_single_image image=&#8221;13709&#8243;]\r\n<div id=\"ld_content_box_6a99a38e138f5\" class=\"fancy-box border-radius-3 scheme-light fancy-box-overlay text-center previous-edition-box ld_content_box_6a99a38e138f5\">\r\n\t\r\n\t<div class=\"cb-img-container border-radius-3\">\r\n\t\t\t<\/div><!-- \/.cb-img-container -->\r\n\r\n\t<span class=\"cb-overlay\"><\/span><!-- \/.cb-overlay -->\r\n\r\n\t<div class=\"fancy-box-contents border-radius-3\">\r\n\t\t\r\n\t\t<div class=\"fancy-box-header\">\r\n\t\t\t<span class=\"cb-subtitle text-uppercase ltr-sp-2 border-radius-3\"><p>Francis X. Diebold<\/p>\n<\/span>\t\t\t<h3>12th NIPE Summer School<\/h3>\t\t\t<p>New Directions in Macro-Econometric and Financial-Econometric Predictive Modeling<\/p>\n\t\t<\/div><!-- \/.fancy-box-header -->\r\n\t\t\r\n\t\t\r\n\t<\/div><!-- \/.fancy-box-contents -->\r\n\r\n\t<a href=\"http:\/\/www3.eeg.uminho.pt\/economia\/nipe\/summerschool2015\/\" target=\"_blank\" class=\"liquid-overlay-link\"><\/a>\t\r\n<\/div><!-- \/.fancy-box fancy-box-classes -->[vc_column_text el_class=&#8221;guest-uni&#8221;]Universidade da Pensilv\u00e2nia, EUA[\/vc_column_text][\/vc_column][vc_column width=&#8221;1\/5&#8243;][vc_single_image image=&#8221;13715&#8243;]\r\n<div id=\"ld_content_box_6a99a38e13a36\" class=\"fancy-box border-radius-3 scheme-light fancy-box-overlay text-center previous-edition-box ld_content_box_6a99a38e13a36\">\r\n\t\r\n\t<div class=\"cb-img-container border-radius-3\">\r\n\t\t\t<\/div><!-- \/.cb-img-container -->\r\n\r\n\t<span class=\"cb-overlay\"><\/span><!-- \/.cb-overlay -->\r\n\r\n\t<div class=\"fancy-box-contents border-radius-3\">\r\n\t\t\r\n\t\t<div class=\"fancy-box-header\">\r\n\t\t\t<span class=\"cb-subtitle text-uppercase ltr-sp-2 border-radius-3\"><p>Stephen Brown<\/p>\n<\/span>\t\t\t<h3>11th NIPE Summer School<\/h3>\t\t\t<p>Empirical Financial Economics<\/p>\n\t\t<\/div><!-- \/.fancy-box-header -->\r\n\t\t\r\n\t\t\r\n\t<\/div><!-- \/.fancy-box-contents -->\r\n\r\n\t<a href=\"http:\/\/www3.eeg.uminho.pt\/economia\/nipe\/summerschool2014\/\" target=\"_blank\" class=\"liquid-overlay-link\"><\/a>\t\r\n<\/div><!-- \/.fancy-box fancy-box-classes -->[vc_column_text el_class=&#8221;guest-uni&#8221;]New York University, EUA[\/vc_column_text][\/vc_column][vc_column width=&#8221;1\/5&#8243;][vc_single_image image=&#8221;13720&#8243;]\r\n<div id=\"ld_content_box_6a99a38e13b73\" class=\"fancy-box border-radius-3 scheme-light fancy-box-overlay text-center previous-edition-box ld_content_box_6a99a38e13b73\">\r\n\t\r\n\t<div class=\"cb-img-container border-radius-3\">\r\n\t\t\t<\/div><!-- \/.cb-img-container -->\r\n\r\n\t<span class=\"cb-overlay\"><\/span><!-- \/.cb-overlay -->\r\n\r\n\t<div class=\"fancy-box-contents border-radius-3\">\r\n\t\t\r\n\t\t<div class=\"fancy-box-header\">\r\n\t\t\t<span class=\"cb-subtitle text-uppercase ltr-sp-2 border-radius-3\"><p>William Greene<\/p>\n<\/span>\t\t\t<h3>10th NIPE Summer School<\/h3>\t\t\t<p>Discrete choice models for cross section and panel data<\/p>\n\t\t<\/div><!-- \/.fancy-box-header -->\r\n\t\t\r\n\t\t\r\n\t<\/div><!-- \/.fancy-box-contents -->\r\n\r\n\t<a href=\"http:\/\/www3.eeg.uminho.pt\/economia\/nipe\/summerschool2013\/index.htm\" target=\"_blank\" class=\"liquid-overlay-link\"><\/a>\t\r\n<\/div><!-- \/.fancy-box fancy-box-classes -->[vc_column_text el_class=&#8221;guest-uni&#8221;]Universidade de Nova Iorque, EUA[\/vc_column_text][\/vc_column][vc_column width=&#8221;1\/5&#8243;][vc_single_image image=&#8221;13775&#8243;]\r\n<div id=\"ld_content_box_6a99a38e13cab\" class=\"fancy-box border-radius-3 scheme-light fancy-box-overlay text-center previous-edition-box ld_content_box_6a99a38e13cab\">\r\n\t\r\n\t<div class=\"cb-img-container border-radius-3\">\r\n\t\t\t<\/div><!-- \/.cb-img-container -->\r\n\r\n\t<span class=\"cb-overlay\"><\/span><!-- \/.cb-overlay -->\r\n\r\n\t<div class=\"fancy-box-contents border-radius-3\">\r\n\t\t\r\n\t\t<div class=\"fancy-box-header\">\r\n\t\t\t<span class=\"cb-subtitle text-uppercase ltr-sp-2 border-radius-3\"><p>Paul Levine and Bo Yang<\/p>\n<\/span>\t\t\t<h3>9th NIPE Summer School<\/h3>\t\t\t<p>The Science and Art of DSGE Modelling: A Course on Model Construction, Calibration, Estimation and Policy Analysis<\/p>\n\t\t<\/div><!-- \/.fancy-box-header -->\r\n\t\t\r\n\t\t\r\n\t<\/div><!-- \/.fancy-box-contents -->\r\n\r\n\t<a href=\"http:\/\/www3.eeg.uminho.pt\/economia\/nipe\/summerschool2012\/\" target=\"_blank\" class=\"liquid-overlay-link\"><\/a>\t\r\n<\/div><!-- \/.fancy-box fancy-box-classes -->[vc_column_text el_class=&#8221;guest-uni&#8221;]Universitu of Surrey<br \/>\nLondon Metropolitan University and University of Surrey[\/vc_column_text][\/vc_column][vc_column width=&#8221;1\/5&#8243;][vc_single_image image=&#8221;13733&#8243;]\r\n<div id=\"ld_content_box_6a99a38e13deb\" class=\"fancy-box border-radius-3 scheme-light fancy-box-overlay text-center previous-edition-box ld_content_box_6a99a38e13deb\">\r\n\t\r\n\t<div class=\"cb-img-container border-radius-3\">\r\n\t\t\t<\/div><!-- \/.cb-img-container -->\r\n\r\n\t<span class=\"cb-overlay\"><\/span><!-- \/.cb-overlay -->\r\n\r\n\t<div class=\"fancy-box-contents border-radius-3\">\r\n\t\t\r\n\t\t<div class=\"fancy-box-header\">\r\n\t\t\t<span class=\"cb-subtitle text-uppercase ltr-sp-2 border-radius-3\"><p>Nicholas M. Kiefer<\/p>\n<\/span>\t\t\t<h3>8th NIPE Summer School<\/h3>\t\t\t<p>Duration Analysis<\/p>\n\t\t<\/div><!-- \/.fancy-box-header -->\r\n\t\t\r\n\t\t\r\n\t<\/div><!-- \/.fancy-box-contents -->\r\n\r\n\t<a href=\"http:\/\/www3.eeg.uminho.pt\/economia\/nipe\/summerschool2011\/\" target=\"_blank\" class=\"liquid-overlay-link\"><\/a>\t\r\n<\/div><!-- \/.fancy-box fancy-box-classes -->[vc_column_text el_class=&#8221;guest-uni&#8221;]Cornell University[\/vc_column_text][\/vc_column][vc_column width=&#8221;1\/5&#8243;][vc_single_image image=&#8221;13738&#8243;]\r\n<div id=\"ld_content_box_6a99a38e13f24\" class=\"fancy-box border-radius-3 scheme-light fancy-box-overlay text-center previous-edition-box ld_content_box_6a99a38e13f24\">\r\n\t\r\n\t<div class=\"cb-img-container border-radius-3\">\r\n\t\t\t<\/div><!-- \/.cb-img-container -->\r\n\r\n\t<span class=\"cb-overlay\"><\/span><!-- \/.cb-overlay -->\r\n\r\n\t<div class=\"fancy-box-contents border-radius-3\">\r\n\t\t\r\n\t\t<div class=\"fancy-box-header\">\r\n\t\t\t<span class=\"cb-subtitle text-uppercase ltr-sp-2 border-radius-3\"><p>Colin Cameron<\/p>\n<\/span>\t\t\t<h3>7th NIPE Summer School<\/h3>\t\t\t<p>Regression Analysis with Discrete and Censored Dependent Variables<\/p>\n\t\t<\/div><!-- \/.fancy-box-header -->\r\n\t\t\r\n\t\t\r\n\t<\/div><!-- \/.fancy-box-contents -->\r\n\r\n\t<a href=\"http:\/\/www3.eeg.uminho.pt\/economia\/nipe\/summerschool2010\/\" target=\"_blank\" class=\"liquid-overlay-link\"><\/a>\t\r\n<\/div><!-- \/.fancy-box fancy-box-classes -->[vc_column_text el_class=&#8221;guest-uni&#8221;]University of California &#8211; Davis[\/vc_column_text][\/vc_column][vc_column width=&#8221;1\/5&#8243;][vc_single_image image=&#8221;13743&#8243;]\r\n<div id=\"ld_content_box_6a99a38e14063\" class=\"fancy-box border-radius-3 scheme-light fancy-box-overlay text-center previous-edition-box ld_content_box_6a99a38e14063\">\r\n\t\r\n\t<div class=\"cb-img-container border-radius-3\">\r\n\t\t\t<\/div><!-- \/.cb-img-container -->\r\n\r\n\t<span class=\"cb-overlay\"><\/span><!-- \/.cb-overlay -->\r\n\r\n\t<div class=\"fancy-box-contents border-radius-3\">\r\n\t\t\r\n\t\t<div class=\"fancy-box-header\">\r\n\t\t\t<span class=\"cb-subtitle text-uppercase ltr-sp-2 border-radius-3\"><p>Joshua Angrist<\/p>\n<\/span>\t\t\t<h3>6th NIPE Summer School<\/h3>\t\t\t<p>Empirical Strategies<\/p>\n\t\t<\/div><!-- \/.fancy-box-header -->\r\n\t\t\r\n\t\t\r\n\t<\/div><!-- \/.fancy-box-contents -->\r\n\r\n\t<a href=\"http:\/\/www3.eeg.uminho.pt\/economia\/nipe\/summerschool2009\/\" target=\"_blank\" class=\"liquid-overlay-link\"><\/a>\t\r\n<\/div><!-- \/.fancy-box fancy-box-classes -->[vc_column_text el_class=&#8221;guest-uni&#8221;]MTI[\/vc_column_text][\/vc_column][vc_column width=&#8221;1\/5&#8243;][vc_single_image image=&#8221;13749&#8243;]\r\n<div id=\"ld_content_box_6a99a38e141a2\" class=\"fancy-box border-radius-3 scheme-light fancy-box-overlay text-center previous-edition-box ld_content_box_6a99a38e141a2\">\r\n\t\r\n\t<div class=\"cb-img-container border-radius-3\">\r\n\t\t\t<\/div><!-- \/.cb-img-container -->\r\n\r\n\t<span class=\"cb-overlay\"><\/span><!-- \/.cb-overlay -->\r\n\r\n\t<div class=\"fancy-box-contents border-radius-3\">\r\n\t\t\r\n\t\t<div class=\"fancy-box-header\">\r\n\t\t\t<span class=\"cb-subtitle text-uppercase ltr-sp-2 border-radius-3\"><p>James Hamilton<\/p>\n<\/span>\t\t\t<h3>5th NIPE Summer School<\/h3>\t\t\t<p>Bayesian Econometrics<\/p>\n\t\t<\/div><!-- \/.fancy-box-header -->\r\n\t\t\r\n\t\t\r\n\t<\/div><!-- \/.fancy-box-contents -->\r\n\r\n\t<a href=\"http:\/\/www3.eeg.uminho.pt\/economia\/nipe\/summerschool2008\/index.htm\" target=\"_blank\" class=\"liquid-overlay-link\"><\/a>\t\r\n<\/div><!-- \/.fancy-box fancy-box-classes -->[vc_column_text el_class=&#8221;guest-uni&#8221;]University of California, San Diego, EUA[\/vc_column_text][\/vc_column][vc_column width=&#8221;1\/5&#8243;][vc_single_image image=&#8221;13756&#8243;]\r\n<div id=\"ld_content_box_6a99a38e142db\" class=\"fancy-box border-radius-3 scheme-light fancy-box-overlay text-center previous-edition-box ld_content_box_6a99a38e142db\">\r\n\t\r\n\t<div class=\"cb-img-container border-radius-3\">\r\n\t\t\t<\/div><!-- \/.cb-img-container -->\r\n\r\n\t<span class=\"cb-overlay\"><\/span><!-- \/.cb-overlay -->\r\n\r\n\t<div class=\"fancy-box-contents border-radius-3\">\r\n\t\t\r\n\t\t<div class=\"fancy-box-header\">\r\n\t\t\t<span class=\"cb-subtitle text-uppercase ltr-sp-2 border-radius-3\"><p>Ellen McGrattan<\/p>\n<\/span>\t\t\t<h3>4th NIPE Summer School<\/h3>\t\t\t<p>Quantitative Methods in Macroeconomics and Policy Analysis<\/p>\n\t\t<\/div><!-- \/.fancy-box-header -->\r\n\t\t\r\n\t\t\r\n\t<\/div><!-- \/.fancy-box-contents -->\r\n\r\n\t<a href=\"http:\/\/www3.eeg.uminho.pt\/economia\/nipe\/summerschool2007\/index.htm\" target=\"_blank\" class=\"liquid-overlay-link\"><\/a>\t\r\n<\/div><!-- \/.fancy-box fancy-box-classes -->[vc_column_text el_class=&#8221;guest-uni&#8221;]University of Minnesota and Federal Reserve Bank of Minneapolis, USA[\/vc_column_text][\/vc_column][vc_column width=&#8221;1\/5&#8243;][vc_single_image image=&#8221;13763&#8243;]\r\n<div id=\"ld_content_box_6a99a38e14411\" class=\"fancy-box border-radius-3 scheme-light fancy-box-overlay text-center previous-edition-box ld_content_box_6a99a38e14411\">\r\n\t\r\n\t<div class=\"cb-img-container border-radius-3\">\r\n\t\t\t<\/div><!-- \/.cb-img-container -->\r\n\r\n\t<span class=\"cb-overlay\"><\/span><!-- \/.cb-overlay -->\r\n\r\n\t<div class=\"fancy-box-contents border-radius-3\">\r\n\t\t\r\n\t\t<div class=\"fancy-box-header\">\r\n\t\t\t<span class=\"cb-subtitle text-uppercase ltr-sp-2 border-radius-3\"><p>Jeffrey M. Wooldridge<\/p>\n<\/span>\t\t\t<h3>3rd NIPE Summer School<\/h3>\t\t\t<p>Topics in Program Evaluation<\/p>\n\t\t<\/div><!-- \/.fancy-box-header -->\r\n\t\t\r\n\t\t\r\n\t<\/div><!-- \/.fancy-box-contents -->\r\n\r\n\t<a href=\"https:\/\/nipe.eeg.uminho.pt\/en\/event\/topics-in-program-evaluation\/\" target=\"_blank\" class=\"liquid-overlay-link\"><\/a>\t\r\n<\/div><!-- \/.fancy-box fancy-box-classes -->[vc_column_text el_class=&#8221;guest-uni&#8221;]Michigan State University, USA[\/vc_column_text][\/vc_column][vc_column width=&#8221;1\/5&#8243;][vc_single_image image=&#8221;13769&#8243;]\r\n<div id=\"ld_content_box_6a99a38e14552\" class=\"fancy-box border-radius-3 scheme-light fancy-box-overlay text-center previous-edition-box ld_content_box_6a99a38e14552\">\r\n\t\r\n\t<div class=\"cb-img-container border-radius-3\">\r\n\t\t\t<\/div><!-- \/.cb-img-container -->\r\n\r\n\t<span class=\"cb-overlay\"><\/span><!-- \/.cb-overlay -->\r\n\r\n\t<div class=\"fancy-box-contents border-radius-3\">\r\n\t\t\r\n\t\t<div class=\"fancy-box-header\">\r\n\t\t\t<span class=\"cb-subtitle text-uppercase ltr-sp-2 border-radius-3\"><p>Frank Windmeijer<\/p>\n<\/span>\t\t\t<h3>2nd NIPE Summer School<\/h3>\t\t\t<p>Dynamic Panel Data Analysis<\/p>\n\t\t<\/div><!-- \/.fancy-box-header -->\r\n\t\t\r\n\t\t\r\n\t<\/div><!-- \/.fancy-box-contents -->\r\n\r\n\t<a href=\"https:\/\/nipe.eeg.uminho.pt\/en\/event\/dynamic-panel-data-analysis\/\" target=\"_blank\" class=\"liquid-overlay-link\"><\/a>\t\r\n<\/div><!-- \/.fancy-box fancy-box-classes -->[vc_column_text el_class=&#8221;guest-uni&#8221;]Institute for Fiscal Studies, London[\/vc_column_text][\/vc_column][vc_column width=&#8221;1\/5&#8243;][vc_single_image image=&#8221;13775&#8243;]\r\n<div id=\"ld_content_box_6a99a38e1468d\" class=\"fancy-box border-radius-3 scheme-light fancy-box-overlay text-center previous-edition-box ld_content_box_6a99a38e1468d\">\r\n\t\r\n\t<div class=\"cb-img-container border-radius-3\">\r\n\t\t\t<\/div><!-- \/.cb-img-container -->\r\n\r\n\t<span class=\"cb-overlay\"><\/span><!-- \/.cb-overlay -->\r\n\r\n\t<div class=\"fancy-box-contents border-radius-3\">\r\n\t\t\r\n\t\t<div class=\"fancy-box-header\">\r\n\t\t\t<span class=\"cb-subtitle text-uppercase ltr-sp-2 border-radius-3\"><p>Paul Schweinzer<\/p>\n<\/span>\t\t\t<h3>1st NIPE Summer School<\/h3>\t\t\t<p>Mathematics for Economists<\/p>\n\t\t<\/div><!-- \/.fancy-box-header -->\r\n\t\t\r\n\t\t\r\n\t<\/div><!-- \/.fancy-box-contents -->\r\n\r\n\t<a href=\"https:\/\/nipe.eeg.uminho.pt\/en\/event\/mathematics-for-economists\/\" target=\"_blank\" class=\"liquid-overlay-link\"><\/a>\t\r\n<\/div><!-- \/.fancy-box fancy-box-classes -->[vc_column_text el_class=&#8221;guest-uni&#8221;]Birkbeck College &#8211; London[\/vc_column_text][\/vc_column][\/vc_row]<\/p>\n<\/div>","protected":false},"excerpt":{"rendered":"<p>[vc_row full_width=&#8221;stretch_row&#8221; gap=&#8221;0&#8243; equal_height=&#8221;yes&#8221; content_placement=&#8221;middle&#8221; bg_position=&#8221;center center&#8221; bg_attachment=&#8221;fixed&#8221; enable_overlay=&#8221;enable_overlay_value&#8221; overlay_color=&#8221;rgba(0,0,0,0.25)&#8221; css=&#8221;.vc_custom_1622654117880{padding-top: 80px !important;padding-right: 100px !important;padding-bottom:&#8230;<\/p>\n","protected":false},"author":17,"featured_media":0,"parent":0,"menu_order":0,"comment_status":"closed","ping_status":"closed","template":"","meta":{"_acf_changed":false,"footnotes":""},"class_list":["post-17055","page","type-page","status-publish","hentry"],"acf":[],"yoast_head":"<!-- This site is optimized with the Yoast SEO plugin v25.8 - https:\/\/yoast.com\/wordpress\/plugins\/seo\/ -->\n<title>NIPE Summer School 2021 - N\u00facleo de Investiga\u00e7\u00e3o em Pol\u00ed\u200bticas Econ\u00f3micas e Empresariais<\/title>\n<meta name=\"robots\" content=\"index, follow, max-snippet:-1, max-image-preview:large, max-video-preview:-1\" \/>\n<link rel=\"canonical\" href=\"https:\/\/nipe.eeg.uminho.pt\/en\/nipe-summer-school-2021\/\" \/>\n<meta property=\"og:locale\" content=\"en_US\" \/>\n<meta property=\"og:type\" content=\"article\" \/>\n<meta property=\"og:title\" content=\"NIPE Summer School 2021 - N\u00facleo de Investiga\u00e7\u00e3o em Pol\u00ed\u200bticas Econ\u00f3micas e Empresariais\" \/>\n<meta property=\"og:description\" content=\"[vc_row full_width=&#8221;stretch_row&#8221; gap=&#8221;0&#8243; equal_height=&#8221;yes&#8221; content_placement=&#8221;middle&#8221; bg_position=&#8221;center center&#8221; bg_attachment=&#8221;fixed&#8221; enable_overlay=&#8221;enable_overlay_value&#8221; overlay_color=&#8221;rgba(0,0,0,0.25)&#8221; css=&#8221;.vc_custom_1622654117880{padding-top: 80px !important;padding-right: 100px !important;padding-bottom:...\" \/>\n<meta property=\"og:url\" content=\"https:\/\/nipe.eeg.uminho.pt\/en\/nipe-summer-school-2021\/\" \/>\n<meta property=\"og:site_name\" content=\"N\u00facleo de Investiga\u00e7\u00e3o em Pol\u00ed\u200bticas Econ\u00f3micas e Empresariais\" \/>\n<meta property=\"article:modified_time\" content=\"2021-11-15T14:00:31+00:00\" \/>\n<meta name=\"twitter:card\" content=\"summary_large_image\" \/>\n<meta name=\"twitter:label1\" content=\"Est. reading time\" \/>\n\t<meta name=\"twitter:data1\" content=\"8 minutes\" \/>\n<script type=\"application\/ld+json\" class=\"yoast-schema-graph\">{\"@context\":\"https:\/\/schema.org\",\"@graph\":[{\"@type\":\"WebPage\",\"@id\":\"https:\/\/nipe.eeg.uminho.pt\/en\/nipe-summer-school-2021\/\",\"url\":\"https:\/\/nipe.eeg.uminho.pt\/en\/nipe-summer-school-2021\/\",\"name\":\"NIPE Summer School 2021 - N\u00facleo de Investiga\u00e7\u00e3o em Pol\u00ed\u200bticas Econ\u00f3micas e Empresariais\",\"isPartOf\":{\"@id\":\"https:\/\/nipe.eeg.uminho.pt\/en\/#website\"},\"datePublished\":\"2021-11-15T14:00:30+00:00\",\"dateModified\":\"2021-11-15T14:00:31+00:00\",\"breadcrumb\":{\"@id\":\"https:\/\/nipe.eeg.uminho.pt\/en\/nipe-summer-school-2021\/#breadcrumb\"},\"inLanguage\":\"en-US\",\"potentialAction\":[{\"@type\":\"ReadAction\",\"target\":[\"https:\/\/nipe.eeg.uminho.pt\/en\/nipe-summer-school-2021\/\"]}]},{\"@type\":\"BreadcrumbList\",\"@id\":\"https:\/\/nipe.eeg.uminho.pt\/en\/nipe-summer-school-2021\/#breadcrumb\",\"itemListElement\":[{\"@type\":\"ListItem\",\"position\":1,\"name\":\"In\u00edcio\",\"item\":\"https:\/\/nipe.eeg.uminho.pt\/en\/\"},{\"@type\":\"ListItem\",\"position\":2,\"name\":\"NIPE Summer School 2021\"}]},{\"@type\":\"WebSite\",\"@id\":\"https:\/\/nipe.eeg.uminho.pt\/en\/#website\",\"url\":\"https:\/\/nipe.eeg.uminho.pt\/en\/\",\"name\":\"N\u00facleo de Investiga\u00e7\u00e3o em Pol\u00ed\u200bticas Econ\u00f3micas e Empresariais\",\"description\":\"Escola de Economia e Gest\u00e3o da UMinho\",\"publisher\":{\"@id\":\"https:\/\/nipe.eeg.uminho.pt\/en\/#organization\"},\"potentialAction\":[{\"@type\":\"SearchAction\",\"target\":{\"@type\":\"EntryPoint\",\"urlTemplate\":\"https:\/\/nipe.eeg.uminho.pt\/en\/?s={search_term_string}\"},\"query-input\":{\"@type\":\"PropertyValueSpecification\",\"valueRequired\":true,\"valueName\":\"search_term_string\"}}],\"inLanguage\":\"en-US\"},{\"@type\":\"Organization\",\"@id\":\"https:\/\/nipe.eeg.uminho.pt\/en\/#organization\",\"name\":\"NIPE U.MINHO\",\"url\":\"https:\/\/nipe.eeg.uminho.pt\/en\/\",\"logo\":{\"@type\":\"ImageObject\",\"inLanguage\":\"en-US\",\"@id\":\"https:\/\/nipe.eeg.uminho.pt\/en\/#\/schema\/logo\/image\/\",\"url\":\"https:\/\/nipe.eeg.uminho.pt\/wp-content\/uploads\/2021\/02\/NIPE-logo-principal_hover_retina.jpg\",\"contentUrl\":\"https:\/\/nipe.eeg.uminho.pt\/wp-content\/uploads\/2021\/02\/NIPE-logo-principal_hover_retina.jpg\",\"width\":320,\"height\":320,\"caption\":\"NIPE U.MINHO\"},\"image\":{\"@id\":\"https:\/\/nipe.eeg.uminho.pt\/en\/#\/schema\/logo\/image\/\"}}]}<\/script>\n<!-- \/ Yoast SEO plugin. -->","yoast_head_json":{"title":"NIPE Summer School 2021 - N\u00facleo de Investiga\u00e7\u00e3o em Pol\u00ed\u200bticas Econ\u00f3micas e Empresariais","robots":{"index":"index","follow":"follow","max-snippet":"max-snippet:-1","max-image-preview":"max-image-preview:large","max-video-preview":"max-video-preview:-1"},"canonical":"https:\/\/nipe.eeg.uminho.pt\/en\/nipe-summer-school-2021\/","og_locale":"en_US","og_type":"article","og_title":"NIPE Summer School 2021 - N\u00facleo de Investiga\u00e7\u00e3o em Pol\u00ed\u200bticas Econ\u00f3micas e Empresariais","og_description":"[vc_row full_width=&#8221;stretch_row&#8221; gap=&#8221;0&#8243; equal_height=&#8221;yes&#8221; content_placement=&#8221;middle&#8221; bg_position=&#8221;center center&#8221; bg_attachment=&#8221;fixed&#8221; enable_overlay=&#8221;enable_overlay_value&#8221; overlay_color=&#8221;rgba(0,0,0,0.25)&#8221; css=&#8221;.vc_custom_1622654117880{padding-top: 80px !important;padding-right: 100px !important;padding-bottom:...","og_url":"https:\/\/nipe.eeg.uminho.pt\/en\/nipe-summer-school-2021\/","og_site_name":"N\u00facleo de Investiga\u00e7\u00e3o em Pol\u00ed\u200bticas Econ\u00f3micas e Empresariais","article_modified_time":"2021-11-15T14:00:31+00:00","twitter_card":"summary_large_image","twitter_misc":{"Est. reading time":"8 minutes"},"schema":{"@context":"https:\/\/schema.org","@graph":[{"@type":"WebPage","@id":"https:\/\/nipe.eeg.uminho.pt\/en\/nipe-summer-school-2021\/","url":"https:\/\/nipe.eeg.uminho.pt\/en\/nipe-summer-school-2021\/","name":"NIPE Summer School 2021 - N\u00facleo de Investiga\u00e7\u00e3o em Pol\u00ed\u200bticas Econ\u00f3micas e Empresariais","isPartOf":{"@id":"https:\/\/nipe.eeg.uminho.pt\/en\/#website"},"datePublished":"2021-11-15T14:00:30+00:00","dateModified":"2021-11-15T14:00:31+00:00","breadcrumb":{"@id":"https:\/\/nipe.eeg.uminho.pt\/en\/nipe-summer-school-2021\/#breadcrumb"},"inLanguage":"en-US","potentialAction":[{"@type":"ReadAction","target":["https:\/\/nipe.eeg.uminho.pt\/en\/nipe-summer-school-2021\/"]}]},{"@type":"BreadcrumbList","@id":"https:\/\/nipe.eeg.uminho.pt\/en\/nipe-summer-school-2021\/#breadcrumb","itemListElement":[{"@type":"ListItem","position":1,"name":"In\u00edcio","item":"https:\/\/nipe.eeg.uminho.pt\/en\/"},{"@type":"ListItem","position":2,"name":"NIPE Summer School 2021"}]},{"@type":"WebSite","@id":"https:\/\/nipe.eeg.uminho.pt\/en\/#website","url":"https:\/\/nipe.eeg.uminho.pt\/en\/","name":"N\u00facleo de Investiga\u00e7\u00e3o em Pol\u00ed\u200bticas Econ\u00f3micas e Empresariais","description":"Escola de Economia e Gest\u00e3o da UMinho","publisher":{"@id":"https:\/\/nipe.eeg.uminho.pt\/en\/#organization"},"potentialAction":[{"@type":"SearchAction","target":{"@type":"EntryPoint","urlTemplate":"https:\/\/nipe.eeg.uminho.pt\/en\/?s={search_term_string}"},"query-input":{"@type":"PropertyValueSpecification","valueRequired":true,"valueName":"search_term_string"}}],"inLanguage":"en-US"},{"@type":"Organization","@id":"https:\/\/nipe.eeg.uminho.pt\/en\/#organization","name":"NIPE U.MINHO","url":"https:\/\/nipe.eeg.uminho.pt\/en\/","logo":{"@type":"ImageObject","inLanguage":"en-US","@id":"https:\/\/nipe.eeg.uminho.pt\/en\/#\/schema\/logo\/image\/","url":"https:\/\/nipe.eeg.uminho.pt\/wp-content\/uploads\/2021\/02\/NIPE-logo-principal_hover_retina.jpg","contentUrl":"https:\/\/nipe.eeg.uminho.pt\/wp-content\/uploads\/2021\/02\/NIPE-logo-principal_hover_retina.jpg","width":320,"height":320,"caption":"NIPE U.MINHO"},"image":{"@id":"https:\/\/nipe.eeg.uminho.pt\/en\/#\/schema\/logo\/image\/"}}]}},"_links":{"self":[{"href":"https:\/\/nipe.eeg.uminho.pt\/en\/wp-json\/wp\/v2\/pages\/17055","targetHints":{"allow":["GET"]}}],"collection":[{"href":"https:\/\/nipe.eeg.uminho.pt\/en\/wp-json\/wp\/v2\/pages"}],"about":[{"href":"https:\/\/nipe.eeg.uminho.pt\/en\/wp-json\/wp\/v2\/types\/page"}],"author":[{"embeddable":true,"href":"https:\/\/nipe.eeg.uminho.pt\/en\/wp-json\/wp\/v2\/users\/17"}],"replies":[{"embeddable":true,"href":"https:\/\/nipe.eeg.uminho.pt\/en\/wp-json\/wp\/v2\/comments?post=17055"}],"version-history":[{"count":4,"href":"https:\/\/nipe.eeg.uminho.pt\/en\/wp-json\/wp\/v2\/pages\/17055\/revisions"}],"predecessor-version":[{"id":17059,"href":"https:\/\/nipe.eeg.uminho.pt\/en\/wp-json\/wp\/v2\/pages\/17055\/revisions\/17059"}],"wp:attachment":[{"href":"https:\/\/nipe.eeg.uminho.pt\/en\/wp-json\/wp\/v2\/media?parent=17055"}],"curies":[{"name":"wp","href":"https:\/\/api.w.org\/{rel}","templated":true}]}}